{"id":19786,"date":"2020-11-18T15:28:48","date_gmt":"2020-11-18T13:28:48","guid":{"rendered":"https:\/\/www.estudidelmoble.com\/tienda\/categoria-revistas\/"},"modified":"2022-01-19T21:42:53","modified_gmt":"2022-01-19T19:42:53","slug":"categoria-revistas","status":"publish","type":"page","link":"https:\/\/www.estudidelmoble.com\/es\/tienda\/categoria-revistas\/","title":{"rendered":"Categor\u00eda > Revistas"},"content":{"rendered":"\t\t<div data-elementor-type=\"wp-page\" data-elementor-id=\"19786\" class=\"elementor elementor-19786 elementor-19476\" data-elementor-post-type=\"page\">\n\t\t\t\t\t\t<section class=\"elementor-section elementor-top-section elementor-element elementor-element-3cfee8c elementor-section-boxed elementor-section-height-default elementor-section-height-default\" data-id=\"3cfee8c\" data-element_type=\"section\" data-e-type=\"section\">\n\t\t\t\t\t\t<div class=\"elementor-container elementor-column-gap-default\">\n\t\t\t\t\t<div class=\"elementor-column elementor-col-25 elementor-top-column elementor-element elementor-element-1c177d3\" data-id=\"1c177d3\" data-element_type=\"column\" data-e-type=\"column\">\n\t\t\t<div class=\"elementor-widget-wrap elementor-element-populated\">\n\t\t\t\t\t\t<div class=\"elementor-element elementor-element-41a04cd elementor-widget elementor-widget-spacer\" data-id=\"41a04cd\" data-element_type=\"widget\" data-e-type=\"widget\" data-widget_type=\"spacer.default\">\n\t\t\t\t\t\t\t<div class=\"elementor-spacer\">\n\t\t\t<div class=\"elementor-spacer-inner\"><\/div>\n\t\t<\/div>\n\t\t\t\t\t\t<\/div>\n\t\t\t\t<div class=\"elementor-element elementor-element-0dbe3e9 elementor-widget elementor-widget-heading\" data-id=\"0dbe3e9\" data-element_type=\"widget\" data-e-type=\"widget\" data-widget_type=\"heading.default\">\n\t\t\t\t\t<h2 class=\"elementor-heading-title elementor-size-default\">Botiga<\/h2>\t\t\t\t<\/div>\n\t\t\t\t<div class=\"elementor-element elementor-element-5b02701 elementor-widget elementor-widget-woocommerce-breadcrumb\" data-id=\"5b02701\" data-element_type=\"widget\" data-e-type=\"widget\" data-widget_type=\"woocommerce-breadcrumb.default\">\n\t\t\t\t\t<nav class=\"woocommerce-breadcrumb\" aria-label=\"Breadcrumb\">Inicio<\/nav>\t\t\t\t<\/div>\n\t\t\t\t\t<\/div>\n\t\t<\/div>\n\t\t\t\t<div class=\"elementor-column elementor-col-25 elementor-top-column elementor-element elementor-element-5d975ac\" data-id=\"5d975ac\" data-element_type=\"column\" data-e-type=\"column\">\n\t\t\t<div class=\"elementor-widget-wrap elementor-element-populated\">\n\t\t\t\t\t\t<div class=\"elementor-element elementor-element-38ce8a2 elementor-align-right elementor-mobile-align-left elementor-widget elementor-widget-global elementor-global-38637 elementor-widget-button\" data-id=\"38ce8a2\" data-element_type=\"widget\" data-e-type=\"widget\" data-widget_type=\"button.default\">\n\t\t\t\t\t\t\t\t\t\t<a class=\"elementor-button elementor-button-link elementor-size-sm\" href=\"https:\/\/www.estudidelmoble.com\/mi-cuenta\/\">\n\t\t\t\t\t\t<span class=\"elementor-button-content-wrapper\">\n\t\t\t\t\t\t\t\t\t<span class=\"elementor-button-text\">El meu compte<\/span>\n\t\t\t\t\t<\/span>\n\t\t\t\t\t<\/a>\n\t\t\t\t\t\t\t\t<\/div>\n\t\t\t\t\t<\/div>\n\t\t<\/div>\n\t\t\t\t<div class=\"elementor-column elementor-col-25 elementor-top-column elementor-element elementor-element-ff490a4\" data-id=\"ff490a4\" data-element_type=\"column\" data-e-type=\"column\">\n\t\t\t<div class=\"elementor-widget-wrap elementor-element-populated\">\n\t\t\t\t\t\t<div class=\"elementor-element elementor-element-b1ce0d3 toggle-icon--basket-medium elementor-menu-cart--items-indicator-bubble elementor-menu-cart--show-subtotal-yes elementor-menu-cart--cart-type-side-cart elementor-menu-cart--show-remove-button-yes elementor-widget elementor-widget-global elementor-global-15844 elementor-widget-woocommerce-menu-cart\" data-id=\"b1ce0d3\" data-element_type=\"widget\" data-e-type=\"widget\" data-settings=\"{&quot;cart_type&quot;:&quot;side-cart&quot;,&quot;open_cart&quot;:&quot;click&quot;,&quot;automatically_open_cart&quot;:&quot;no&quot;}\" data-widget_type=\"woocommerce-menu-cart.default\">\n\t\t\t\t\t\t\t<div class=\"elementor-menu-cart__wrapper\">\n\t\t\t\t\t\t\t<div class=\"elementor-menu-cart__toggle_wrapper\">\n\t\t\t\t\t<div class=\"elementor-menu-cart__container elementor-lightbox\" aria-hidden=\"true\">\n\t\t\t\t\t\t<div class=\"elementor-menu-cart__main\" aria-hidden=\"true\">\n\t\t\t\t\t\t\t\t\t<div class=\"elementor-menu-cart__close-button\">\n\t\t\t\t\t<\/div>\n\t\t\t\t\t\t\t\t\t<div class=\"widget_shopping_cart_content\">\n\t\t\t\t\t\t\t\t\t\t\t\t\t\t\t<\/div>\n\t\t\t\t\t\t<\/div>\n\t\t\t\t\t<\/div>\n\t\t\t\t\t\t\t<div class=\"elementor-menu-cart__toggle elementor-button-wrapper\">\n\t\t\t<a id=\"elementor-menu-cart__toggle_button\" href=\"#\" class=\"elementor-menu-cart__toggle_button elementor-button elementor-size-sm\" aria-expanded=\"false\">\n\t\t\t\t<span class=\"elementor-button-text\"><span class=\"woocommerce-Price-amount amount\"><bdi>0,00&nbsp;<span class=\"woocommerce-Price-currencySymbol\">&euro;<\/span><\/bdi><\/span><\/span>\n\t\t\t\t<span class=\"elementor-button-icon\">\n\t\t\t\t\t<span class=\"elementor-button-icon-qty\" data-counter=\"0\">0<\/span>\n\t\t\t\t\t<svg class=\"e-font-icon-svg e-eicon-basket-medium\" viewBox=\"0 0 1000 1000\" xmlns=\"http:\/\/www.w3.org\/2000\/svg\"><path d=\"M104 365C104 365 105 365 105 365H208L279 168C288 137 320 115 355 115H646C681 115 713 137 723 170L793 365H896C896 365 897 365 897 365H958C975 365 990 379 990 396S975 427 958 427H923L862 801C848 851 803 885 752 885H249C198 885 152 851 138 798L78 427H42C25 427 10 413 10 396S25 365 42 365H104ZM141 427L199 785C205 807 225 823 249 823H752C775 823 796 807 801 788L860 427H141ZM726 365L663 189C660 182 654 177 645 177H355C346 177 340 182 338 187L274 365H726ZM469 521C469 504 483 490 500 490S531 504 531 521V729C531 746 517 760 500 760S469 746 469 729V521ZM677 734C674 751 658 762 641 760 624 758 613 742 615 725L644 519C647 502 663 490 680 492S708 510 706 527L677 734ZM385 725C388 742 375 757 358 760 341 762 325 750 323 733L293 527C291 510 303 494 320 492 337 489 353 501 355 518L385 725Z\"><\/path><\/svg>\t\t\t\t\t<span class=\"elementor-screen-only\">Carrito<\/span>\n\t\t\t\t<\/span>\n\t\t\t<\/a>\n\t\t<\/div>\n\t\t\t\t\t\t<\/div>\n\t\t\t\t\t<\/div> <!-- close elementor-menu-cart__wrapper -->\n\t\t\t\t\t\t<\/div>\n\t\t\t\t\t<\/div>\n\t\t<\/div>\n\t\t\t\t<div class=\"elementor-column elementor-col-25 elementor-top-column elementor-element elementor-element-0de194d\" data-id=\"0de194d\" data-element_type=\"column\" data-e-type=\"column\">\n\t\t\t<div class=\"elementor-widget-wrap\">\n\t\t\t\t\t\t\t<\/div>\n\t\t<\/div>\n\t\t\t\t\t<\/div>\n\t\t<\/section>\n\t\t\t\t<section class=\"elementor-section elementor-top-section elementor-element elementor-element-cecbe3d elementor-section-boxed elementor-section-height-default elementor-section-height-default\" data-id=\"cecbe3d\" data-element_type=\"section\" data-e-type=\"section\">\n\t\t\t\t\t\t<div class=\"elementor-container elementor-column-gap-default\">\n\t\t\t\t\t<div class=\"elementor-column elementor-col-100 elementor-top-column elementor-element elementor-element-6bad8b3\" data-id=\"6bad8b3\" data-element_type=\"column\" data-e-type=\"column\">\n\t\t\t<div class=\"elementor-widget-wrap elementor-element-populated\">\n\t\t\t\t\t\t<div class=\"elementor-element elementor-element-3d0fcd6 elementor-widget elementor-widget-spacer\" data-id=\"3d0fcd6\" data-element_type=\"widget\" data-e-type=\"widget\" data-widget_type=\"spacer.default\">\n\t\t\t\t\t\t\t<div class=\"elementor-spacer\">\n\t\t\t<div class=\"elementor-spacer-inner\"><\/div>\n\t\t<\/div>\n\t\t\t\t\t\t<\/div>\n\t\t\t\t\t<\/div>\n\t\t<\/div>\n\t\t\t\t\t<\/div>\n\t\t<\/section>\n\t\t\t\t<section class=\"elementor-section elementor-top-section elementor-element elementor-element-a0ccf0b elementor-section-boxed elementor-section-height-default elementor-section-height-default\" data-id=\"a0ccf0b\" data-element_type=\"section\" data-e-type=\"section\">\n\t\t\t\t\t\t<div class=\"elementor-container elementor-column-gap-default\">\n\t\t\t\t\t<div class=\"elementor-column elementor-col-100 elementor-top-column elementor-element elementor-element-eef90ef\" data-id=\"eef90ef\" data-element_type=\"column\" data-e-type=\"column\">\n\t\t\t<div class=\"elementor-widget-wrap elementor-element-populated\">\n\t\t\t\t\t\t<div class=\"elementor-element elementor-element-1eb0c14 elementor-grid-6 elementor-product-loop-item--align-center elementor-grid-tablet-4 elementor-grid-mobile-1 elementor-products-grid elementor-wc-products elementor-show-pagination-border-yes elementor-widget elementor-widget-woocommerce-products\" data-id=\"1eb0c14\" data-element_type=\"widget\" data-e-type=\"widget\" data-widget_type=\"woocommerce-products.default\">\n\t\t\t\t<div class=\"elementor-widget-container\">\n\t\t\t\t\t<div class=\"woocommerce columns-6 \"><div class=\"woocommerce-notices-wrapper\"><\/div><ul class=\"products elementor-grid columns-6\">\n<li class=\"product type-product post-19981 status-publish first outofstock product_cat-revista-es has-post-thumbnail taxable shipping-taxable purchasable product-type-variable\">\n\t<a href=\"https:\/\/www.estudidelmoble.com\/es\/producto\/revista-n29-noviembre-2019\/\" class=\"woocommerce-LoopProduct-link woocommerce-loop-product__link\"><img fetchpriority=\"high\" decoding=\"async\" width=\"300\" height=\"300\" src=\"https:\/\/www.estudidelmoble.com\/wp-content\/uploads\/2020\/07\/Coberta29-quadrada--300x300.jpg\" class=\"attachment-woocommerce_thumbnail size-woocommerce_thumbnail\" alt=\"Revista N\u00ba29, nov. 2019\" srcset=\"https:\/\/www.estudidelmoble.com\/wp-content\/uploads\/2020\/07\/Coberta29-quadrada--300x300.jpg 300w, https:\/\/www.estudidelmoble.com\/wp-content\/uploads\/2020\/07\/Coberta29-quadrada--100x100.jpg 100w, https:\/\/www.estudidelmoble.com\/wp-content\/uploads\/2020\/07\/Coberta29-quadrada--600x600.jpg 600w, https:\/\/www.estudidelmoble.com\/wp-content\/uploads\/2020\/07\/Coberta29-quadrada--150x150.jpg 150w, https:\/\/www.estudidelmoble.com\/wp-content\/uploads\/2020\/07\/Coberta29-quadrada--768x768.jpg 768w, https:\/\/www.estudidelmoble.com\/wp-content\/uploads\/2020\/07\/Coberta29-quadrada-.jpg 848w\" sizes=\"(max-width: 300px) 100vw, 300px\" \/><h2 class=\"woocommerce-loop-product__title\">Revista N\u00ba29, nov. 2019<\/h2>\n\t<span class=\"price\"><span class='ywcrbp_regular_price'>Precio Normal <span class=\"woocommerce-Price-amount amount\"><bdi>6,00&nbsp;<span class=\"woocommerce-Price-currencySymbol\">&euro;<\/span><\/bdi><\/span> <small class=\"woocommerce-price-suffix\">incl.VAT<\/small> <span aria-hidden=\"true\">-<\/span> <span class=\"woocommerce-Price-amount amount\"><bdi>8,00&nbsp;<span class=\"woocommerce-Price-currencySymbol\">&euro;<\/span><\/bdi><\/span> <small class=\"woocommerce-price-suffix\">incl.VAT<\/small><span class=\"screen-reader-text\">Rango de precios: desde Precio Normal 6,00&nbsp;&euro; incl.VAT hasta 8,00&nbsp;&euro; incl.VAT<\/span><\/span><\/span>\n<\/a><a href=\"https:\/\/www.estudidelmoble.com\/es\/producto\/revista-n29-noviembre-2019\/\" aria-describedby=\"woocommerce_loop_add_to_cart_link_describedby_19981\" data-quantity=\"1\" class=\"button product_type_variable\" data-product_id=\"19981\" data-product_sku=\"REV0029\" aria-label=\"Elige las opciones para &ldquo;Revista N\u00ba29, nov. 2019&rdquo;\" rel=\"nofollow\">Seleccionar opciones<\/a>\t<span id=\"woocommerce_loop_add_to_cart_link_describedby_19981\" class=\"screen-reader-text\">\n\t\tEste producto tiene m\u00faltiples variantes. Las opciones se pueden elegir en la p\u00e1gina de producto\t<\/span>\n<\/li>\n<li class=\"product type-product post-20992 status-publish instock product_cat-revista-es has-post-thumbnail taxable shipping-taxable purchasable product-type-variable\">\n\t<a href=\"https:\/\/www.estudidelmoble.com\/es\/producto\/revista-n-28-my-2019\/\" class=\"woocommerce-LoopProduct-link woocommerce-loop-product__link\"><img decoding=\"async\" width=\"300\" height=\"300\" src=\"https:\/\/www.estudidelmoble.com\/wp-content\/uploads\/2020\/12\/portada-rev-28-quadrada-300x300.jpg\" class=\"attachment-woocommerce_thumbnail size-woocommerce_thumbnail\" alt=\"Revista N\u00ba28, my. 2019\" srcset=\"https:\/\/www.estudidelmoble.com\/wp-content\/uploads\/2020\/12\/portada-rev-28-quadrada-300x300.jpg 300w, https:\/\/www.estudidelmoble.com\/wp-content\/uploads\/2020\/12\/portada-rev-28-quadrada-100x100.jpg 100w, https:\/\/www.estudidelmoble.com\/wp-content\/uploads\/2020\/12\/portada-rev-28-quadrada-600x600.jpg 600w, https:\/\/www.estudidelmoble.com\/wp-content\/uploads\/2020\/12\/portada-rev-28-quadrada-1024x1024.jpg 1024w, https:\/\/www.estudidelmoble.com\/wp-content\/uploads\/2020\/12\/portada-rev-28-quadrada-150x150.jpg 150w, https:\/\/www.estudidelmoble.com\/wp-content\/uploads\/2020\/12\/portada-rev-28-quadrada-768x768.jpg 768w, https:\/\/www.estudidelmoble.com\/wp-content\/uploads\/2020\/12\/portada-rev-28-quadrada.jpg 1181w\" sizes=\"(max-width: 300px) 100vw, 300px\" \/><h2 class=\"woocommerce-loop-product__title\">Revista N\u00ba28, my. 2019<\/h2>\n\t<span class=\"price\"><span class='ywcrbp_regular_price'>Precio Normal <span class=\"woocommerce-Price-amount amount\"><bdi>6,00&nbsp;<span class=\"woocommerce-Price-currencySymbol\">&euro;<\/span><\/bdi><\/span> <small class=\"woocommerce-price-suffix\">incl.VAT<\/small> <span aria-hidden=\"true\">-<\/span> <span class=\"woocommerce-Price-amount amount\"><bdi>8,00&nbsp;<span class=\"woocommerce-Price-currencySymbol\">&euro;<\/span><\/bdi><\/span> <small class=\"woocommerce-price-suffix\">incl.VAT<\/small><span class=\"screen-reader-text\">Rango de precios: desde Precio Normal 6,00&nbsp;&euro; incl.VAT hasta 8,00&nbsp;&euro; incl.VAT<\/span><\/span><\/span>\n<\/a><a href=\"https:\/\/www.estudidelmoble.com\/es\/producto\/revista-n-28-my-2019\/\" aria-describedby=\"woocommerce_loop_add_to_cart_link_describedby_20992\" data-quantity=\"1\" class=\"button product_type_variable add_to_cart_button\" data-product_id=\"20992\" data-product_sku=\"REV0028\" aria-label=\"Elige las opciones para &ldquo;Revista N\u00ba28, my. 2019&rdquo;\" rel=\"nofollow\">Seleccionar opciones<\/a>\t<span id=\"woocommerce_loop_add_to_cart_link_describedby_20992\" class=\"screen-reader-text\">\n\t\tEste producto tiene m\u00faltiples variantes. Las opciones se pueden elegir en la p\u00e1gina de producto\t<\/span>\n<\/li>\n<li class=\"product type-product post-20974 status-publish instock product_cat-revista-es has-post-thumbnail taxable shipping-taxable purchasable product-type-variable\">\n\t<a href=\"https:\/\/www.estudidelmoble.com\/es\/producto\/revista-n-27-nov-2018\/\" class=\"woocommerce-LoopProduct-link woocommerce-loop-product__link\"><img decoding=\"async\" width=\"300\" height=\"300\" src=\"https:\/\/www.estudidelmoble.com\/wp-content\/uploads\/2020\/12\/portada-rev-27-quadrada-300x300.jpg\" class=\"attachment-woocommerce_thumbnail size-woocommerce_thumbnail\" alt=\"Revista N\u00ba27, nov. 2018\" srcset=\"https:\/\/www.estudidelmoble.com\/wp-content\/uploads\/2020\/12\/portada-rev-27-quadrada-300x300.jpg 300w, https:\/\/www.estudidelmoble.com\/wp-content\/uploads\/2020\/12\/portada-rev-27-quadrada-100x100.jpg 100w, https:\/\/www.estudidelmoble.com\/wp-content\/uploads\/2020\/12\/portada-rev-27-quadrada-600x600.jpg 600w, https:\/\/www.estudidelmoble.com\/wp-content\/uploads\/2020\/12\/portada-rev-27-quadrada-1024x1024.jpg 1024w, https:\/\/www.estudidelmoble.com\/wp-content\/uploads\/2020\/12\/portada-rev-27-quadrada-150x150.jpg 150w, https:\/\/www.estudidelmoble.com\/wp-content\/uploads\/2020\/12\/portada-rev-27-quadrada-768x768.jpg 768w, https:\/\/www.estudidelmoble.com\/wp-content\/uploads\/2020\/12\/portada-rev-27-quadrada.jpg 1181w\" sizes=\"(max-width: 300px) 100vw, 300px\" \/><h2 class=\"woocommerce-loop-product__title\">Revista N\u00ba27, nov. 2018<\/h2>\n\t<span class=\"price\"><span class='ywcrbp_regular_price'>Precio Normal <span class=\"woocommerce-Price-amount amount\"><bdi>6,00&nbsp;<span class=\"woocommerce-Price-currencySymbol\">&euro;<\/span><\/bdi><\/span> <small class=\"woocommerce-price-suffix\">incl.VAT<\/small> <span aria-hidden=\"true\">-<\/span> <span class=\"woocommerce-Price-amount amount\"><bdi>8,00&nbsp;<span class=\"woocommerce-Price-currencySymbol\">&euro;<\/span><\/bdi><\/span> <small class=\"woocommerce-price-suffix\">incl.VAT<\/small><span class=\"screen-reader-text\">Rango de precios: desde Precio Normal 6,00&nbsp;&euro; incl.VAT hasta 8,00&nbsp;&euro; incl.VAT<\/span><\/span><\/span>\n<\/a><a href=\"https:\/\/www.estudidelmoble.com\/es\/producto\/revista-n-27-nov-2018\/\" aria-describedby=\"woocommerce_loop_add_to_cart_link_describedby_20974\" data-quantity=\"1\" class=\"button product_type_variable add_to_cart_button\" data-product_id=\"20974\" data-product_sku=\"REV0027\" aria-label=\"Elige las opciones para &ldquo;Revista N\u00ba27, nov. 2018&rdquo;\" rel=\"nofollow\">Seleccionar opciones<\/a>\t<span id=\"woocommerce_loop_add_to_cart_link_describedby_20974\" class=\"screen-reader-text\">\n\t\tEste producto tiene m\u00faltiples variantes. Las opciones se pueden elegir en la p\u00e1gina de producto\t<\/span>\n<\/li>\n<li class=\"product type-product post-21004 status-publish instock product_cat-revista-es has-post-thumbnail taxable shipping-taxable purchasable product-type-variable\">\n\t<a href=\"https:\/\/www.estudidelmoble.com\/es\/producto\/revista-n-26-my-2018\/\" class=\"woocommerce-LoopProduct-link woocommerce-loop-product__link\"><img loading=\"lazy\" decoding=\"async\" width=\"300\" height=\"300\" src=\"https:\/\/www.estudidelmoble.com\/wp-content\/uploads\/2020\/12\/portada-rev-26_page-0001-quadrada-300x300.jpg\" class=\"attachment-woocommerce_thumbnail size-woocommerce_thumbnail\" alt=\"Revista N\u00ba26, my. 2018\" srcset=\"https:\/\/www.estudidelmoble.com\/wp-content\/uploads\/2020\/12\/portada-rev-26_page-0001-quadrada-300x300.jpg 300w, https:\/\/www.estudidelmoble.com\/wp-content\/uploads\/2020\/12\/portada-rev-26_page-0001-quadrada-100x100.jpg 100w, https:\/\/www.estudidelmoble.com\/wp-content\/uploads\/2020\/12\/portada-rev-26_page-0001-quadrada-600x600.jpg 600w, https:\/\/www.estudidelmoble.com\/wp-content\/uploads\/2020\/12\/portada-rev-26_page-0001-quadrada-1024x1024.jpg 1024w, https:\/\/www.estudidelmoble.com\/wp-content\/uploads\/2020\/12\/portada-rev-26_page-0001-quadrada-150x150.jpg 150w, https:\/\/www.estudidelmoble.com\/wp-content\/uploads\/2020\/12\/portada-rev-26_page-0001-quadrada-768x768.jpg 768w, https:\/\/www.estudidelmoble.com\/wp-content\/uploads\/2020\/12\/portada-rev-26_page-0001-quadrada.jpg 1181w\" sizes=\"(max-width: 300px) 100vw, 300px\" \/><h2 class=\"woocommerce-loop-product__title\">Revista N\u00ba26, my. 2018<\/h2>\n\t<span class=\"price\"><span class='ywcrbp_regular_price'>Precio Normal <span class=\"woocommerce-Price-amount amount\"><bdi>6,00&nbsp;<span class=\"woocommerce-Price-currencySymbol\">&euro;<\/span><\/bdi><\/span> <small class=\"woocommerce-price-suffix\">incl.VAT<\/small> <span aria-hidden=\"true\">-<\/span> <span class=\"woocommerce-Price-amount amount\"><bdi>8,00&nbsp;<span class=\"woocommerce-Price-currencySymbol\">&euro;<\/span><\/bdi><\/span> <small class=\"woocommerce-price-suffix\">incl.VAT<\/small><span class=\"screen-reader-text\">Rango de precios: desde Precio Normal 6,00&nbsp;&euro; incl.VAT hasta 8,00&nbsp;&euro; incl.VAT<\/span><\/span><\/span>\n<\/a><a href=\"https:\/\/www.estudidelmoble.com\/es\/producto\/revista-n-26-my-2018\/\" aria-describedby=\"woocommerce_loop_add_to_cart_link_describedby_21004\" data-quantity=\"1\" class=\"button product_type_variable add_to_cart_button\" data-product_id=\"21004\" data-product_sku=\"REV0026\" aria-label=\"Elige las opciones para &ldquo;Revista N\u00ba26, my. 2018&rdquo;\" rel=\"nofollow\">Seleccionar opciones<\/a>\t<span id=\"woocommerce_loop_add_to_cart_link_describedby_21004\" class=\"screen-reader-text\">\n\t\tEste producto tiene m\u00faltiples variantes. Las opciones se pueden elegir en la p\u00e1gina de producto\t<\/span>\n<\/li>\n<li class=\"product type-product post-21018 status-publish instock product_cat-revista-es has-post-thumbnail taxable shipping-taxable purchasable product-type-variable\">\n\t<a href=\"https:\/\/www.estudidelmoble.com\/es\/producto\/revista-n-25-nov-2017\/\" class=\"woocommerce-LoopProduct-link woocommerce-loop-product__link\"><img loading=\"lazy\" decoding=\"async\" width=\"300\" height=\"300\" src=\"https:\/\/www.estudidelmoble.com\/wp-content\/uploads\/2020\/12\/portada-rev-25_page-0001-quadrada-300x300.jpg\" class=\"attachment-woocommerce_thumbnail size-woocommerce_thumbnail\" alt=\"Revista N\u00ba25, nov. 2017\" srcset=\"https:\/\/www.estudidelmoble.com\/wp-content\/uploads\/2020\/12\/portada-rev-25_page-0001-quadrada-300x300.jpg 300w, https:\/\/www.estudidelmoble.com\/wp-content\/uploads\/2020\/12\/portada-rev-25_page-0001-quadrada-100x100.jpg 100w, https:\/\/www.estudidelmoble.com\/wp-content\/uploads\/2020\/12\/portada-rev-25_page-0001-quadrada-600x600.jpg 600w, https:\/\/www.estudidelmoble.com\/wp-content\/uploads\/2020\/12\/portada-rev-25_page-0001-quadrada-1024x1024.jpg 1024w, https:\/\/www.estudidelmoble.com\/wp-content\/uploads\/2020\/12\/portada-rev-25_page-0001-quadrada-150x150.jpg 150w, https:\/\/www.estudidelmoble.com\/wp-content\/uploads\/2020\/12\/portada-rev-25_page-0001-quadrada-768x768.jpg 768w, https:\/\/www.estudidelmoble.com\/wp-content\/uploads\/2020\/12\/portada-rev-25_page-0001-quadrada.jpg 1181w\" sizes=\"(max-width: 300px) 100vw, 300px\" \/><h2 class=\"woocommerce-loop-product__title\">Revista N\u00ba25, nov. 2017<\/h2>\n\t<span class=\"price\"><span class='ywcrbp_regular_price'>Precio Normal <span class=\"woocommerce-Price-amount amount\"><bdi>6,00&nbsp;<span class=\"woocommerce-Price-currencySymbol\">&euro;<\/span><\/bdi><\/span> <small class=\"woocommerce-price-suffix\">incl.VAT<\/small> <span aria-hidden=\"true\">-<\/span> <span class=\"woocommerce-Price-amount amount\"><bdi>8,00&nbsp;<span class=\"woocommerce-Price-currencySymbol\">&euro;<\/span><\/bdi><\/span> <small class=\"woocommerce-price-suffix\">incl.VAT<\/small><span class=\"screen-reader-text\">Rango de precios: desde Precio Normal 6,00&nbsp;&euro; incl.VAT hasta 8,00&nbsp;&euro; incl.VAT<\/span><\/span><\/span>\n<\/a><a href=\"https:\/\/www.estudidelmoble.com\/es\/producto\/revista-n-25-nov-2017\/\" aria-describedby=\"woocommerce_loop_add_to_cart_link_describedby_21018\" data-quantity=\"1\" class=\"button product_type_variable add_to_cart_button\" data-product_id=\"21018\" data-product_sku=\"REV0025\" aria-label=\"Elige las opciones para &ldquo;Revista N\u00ba25, nov. 2017&rdquo;\" rel=\"nofollow\">Seleccionar opciones<\/a>\t<span id=\"woocommerce_loop_add_to_cart_link_describedby_21018\" class=\"screen-reader-text\">\n\t\tEste producto tiene m\u00faltiples variantes. Las opciones se pueden elegir en la p\u00e1gina de producto\t<\/span>\n<\/li>\n<li class=\"product type-product post-21035 status-publish last instock product_cat-revista-es has-post-thumbnail taxable shipping-taxable purchasable product-type-variable\">\n\t<a href=\"https:\/\/www.estudidelmoble.com\/es\/producto\/revista-n-24-jun-2017\/\" class=\"woocommerce-LoopProduct-link woocommerce-loop-product__link\"><img loading=\"lazy\" decoding=\"async\" width=\"300\" height=\"300\" src=\"https:\/\/www.estudidelmoble.com\/wp-content\/uploads\/2020\/12\/portada-rev-24-quadrada-300x300.jpg\" class=\"attachment-woocommerce_thumbnail size-woocommerce_thumbnail\" alt=\"Revista N\u00ba24, jun. 2017\" srcset=\"https:\/\/www.estudidelmoble.com\/wp-content\/uploads\/2020\/12\/portada-rev-24-quadrada-300x300.jpg 300w, https:\/\/www.estudidelmoble.com\/wp-content\/uploads\/2020\/12\/portada-rev-24-quadrada-100x100.jpg 100w, https:\/\/www.estudidelmoble.com\/wp-content\/uploads\/2020\/12\/portada-rev-24-quadrada-600x600.jpg 600w, https:\/\/www.estudidelmoble.com\/wp-content\/uploads\/2020\/12\/portada-rev-24-quadrada-1024x1024.jpg 1024w, https:\/\/www.estudidelmoble.com\/wp-content\/uploads\/2020\/12\/portada-rev-24-quadrada-150x150.jpg 150w, https:\/\/www.estudidelmoble.com\/wp-content\/uploads\/2020\/12\/portada-rev-24-quadrada-768x768.jpg 768w, https:\/\/www.estudidelmoble.com\/wp-content\/uploads\/2020\/12\/portada-rev-24-quadrada.jpg 1181w\" sizes=\"(max-width: 300px) 100vw, 300px\" \/><h2 class=\"woocommerce-loop-product__title\">Revista N\u00ba24, jun. 2017<\/h2>\n\t<span class=\"price\"><span class='ywcrbp_regular_price'>Precio Normal <span class=\"woocommerce-Price-amount amount\"><bdi>6,00&nbsp;<span class=\"woocommerce-Price-currencySymbol\">&euro;<\/span><\/bdi><\/span> <small class=\"woocommerce-price-suffix\">incl.VAT<\/small> <span aria-hidden=\"true\">-<\/span> <span class=\"woocommerce-Price-amount amount\"><bdi>8,00&nbsp;<span class=\"woocommerce-Price-currencySymbol\">&euro;<\/span><\/bdi><\/span> <small class=\"woocommerce-price-suffix\">incl.VAT<\/small><span class=\"screen-reader-text\">Rango de precios: desde Precio Normal 6,00&nbsp;&euro; incl.VAT hasta 8,00&nbsp;&euro; incl.VAT<\/span><\/span><\/span>\n<\/a><a href=\"https:\/\/www.estudidelmoble.com\/es\/producto\/revista-n-24-jun-2017\/\" aria-describedby=\"woocommerce_loop_add_to_cart_link_describedby_21035\" data-quantity=\"1\" class=\"button product_type_variable add_to_cart_button\" data-product_id=\"21035\" data-product_sku=\"REV0024\" aria-label=\"Elige las opciones para &ldquo;Revista N\u00ba24, jun. 2017&rdquo;\" rel=\"nofollow\">Seleccionar opciones<\/a>\t<span id=\"woocommerce_loop_add_to_cart_link_describedby_21035\" class=\"screen-reader-text\">\n\t\tEste producto tiene m\u00faltiples variantes. Las opciones se pueden elegir en la p\u00e1gina de producto\t<\/span>\n<\/li>\n<li class=\"product type-product post-21049 status-publish first instock product_cat-revista-es has-post-thumbnail taxable shipping-taxable purchasable product-type-variable\">\n\t<a href=\"https:\/\/www.estudidelmoble.com\/es\/producto\/revista-n-23-dic-2016\/\" class=\"woocommerce-LoopProduct-link woocommerce-loop-product__link\"><img loading=\"lazy\" decoding=\"async\" width=\"300\" height=\"300\" src=\"https:\/\/www.estudidelmoble.com\/wp-content\/uploads\/2020\/12\/portada-rev-23-quadrada-300x300.jpg\" class=\"attachment-woocommerce_thumbnail size-woocommerce_thumbnail\" alt=\"Revista N\u00ba23, dic. 2016\" srcset=\"https:\/\/www.estudidelmoble.com\/wp-content\/uploads\/2020\/12\/portada-rev-23-quadrada-300x300.jpg 300w, https:\/\/www.estudidelmoble.com\/wp-content\/uploads\/2020\/12\/portada-rev-23-quadrada-100x100.jpg 100w, https:\/\/www.estudidelmoble.com\/wp-content\/uploads\/2020\/12\/portada-rev-23-quadrada-600x600.jpg 600w, https:\/\/www.estudidelmoble.com\/wp-content\/uploads\/2020\/12\/portada-rev-23-quadrada-1024x1024.jpg 1024w, https:\/\/www.estudidelmoble.com\/wp-content\/uploads\/2020\/12\/portada-rev-23-quadrada-150x150.jpg 150w, https:\/\/www.estudidelmoble.com\/wp-content\/uploads\/2020\/12\/portada-rev-23-quadrada-768x768.jpg 768w, https:\/\/www.estudidelmoble.com\/wp-content\/uploads\/2020\/12\/portada-rev-23-quadrada.jpg 1181w\" sizes=\"(max-width: 300px) 100vw, 300px\" \/><h2 class=\"woocommerce-loop-product__title\">Revista N\u00ba23, dic. 2016<\/h2>\n\t<span class=\"price\"><span class='ywcrbp_regular_price'>Precio Normal <span class=\"woocommerce-Price-amount amount\"><bdi>6,00&nbsp;<span class=\"woocommerce-Price-currencySymbol\">&euro;<\/span><\/bdi><\/span> <small class=\"woocommerce-price-suffix\">incl.VAT<\/small> <span aria-hidden=\"true\">-<\/span> <span class=\"woocommerce-Price-amount amount\"><bdi>8,00&nbsp;<span class=\"woocommerce-Price-currencySymbol\">&euro;<\/span><\/bdi><\/span> <small class=\"woocommerce-price-suffix\">incl.VAT<\/small><span class=\"screen-reader-text\">Rango de precios: desde Precio Normal 6,00&nbsp;&euro; incl.VAT hasta 8,00&nbsp;&euro; incl.VAT<\/span><\/span><\/span>\n<\/a><a href=\"https:\/\/www.estudidelmoble.com\/es\/producto\/revista-n-23-dic-2016\/\" aria-describedby=\"woocommerce_loop_add_to_cart_link_describedby_21049\" data-quantity=\"1\" class=\"button product_type_variable add_to_cart_button\" data-product_id=\"21049\" data-product_sku=\"REV0023\" aria-label=\"Elige las opciones para &ldquo;Revista N\u00ba23, dic. 2016&rdquo;\" rel=\"nofollow\">Seleccionar opciones<\/a>\t<span id=\"woocommerce_loop_add_to_cart_link_describedby_21049\" class=\"screen-reader-text\">\n\t\tEste producto tiene m\u00faltiples variantes. Las opciones se pueden elegir en la p\u00e1gina de producto\t<\/span>\n<\/li>\n<li class=\"product type-product post-21063 status-publish instock product_cat-revista-es has-post-thumbnail taxable shipping-taxable purchasable product-type-variable\">\n\t<a href=\"https:\/\/www.estudidelmoble.com\/es\/producto\/revista-n-22-my-2016\/\" class=\"woocommerce-LoopProduct-link woocommerce-loop-product__link\"><img loading=\"lazy\" decoding=\"async\" width=\"300\" height=\"300\" src=\"https:\/\/www.estudidelmoble.com\/wp-content\/uploads\/2020\/12\/portada-rev-22-quadrada-300x300.jpg\" class=\"attachment-woocommerce_thumbnail size-woocommerce_thumbnail\" alt=\"Revista N\u00ba22, my. 2016\" srcset=\"https:\/\/www.estudidelmoble.com\/wp-content\/uploads\/2020\/12\/portada-rev-22-quadrada-300x300.jpg 300w, https:\/\/www.estudidelmoble.com\/wp-content\/uploads\/2020\/12\/portada-rev-22-quadrada-100x100.jpg 100w, https:\/\/www.estudidelmoble.com\/wp-content\/uploads\/2020\/12\/portada-rev-22-quadrada-600x600.jpg 600w, https:\/\/www.estudidelmoble.com\/wp-content\/uploads\/2020\/12\/portada-rev-22-quadrada-1024x1024.jpg 1024w, https:\/\/www.estudidelmoble.com\/wp-content\/uploads\/2020\/12\/portada-rev-22-quadrada-150x150.jpg 150w, https:\/\/www.estudidelmoble.com\/wp-content\/uploads\/2020\/12\/portada-rev-22-quadrada-768x768.jpg 768w, https:\/\/www.estudidelmoble.com\/wp-content\/uploads\/2020\/12\/portada-rev-22-quadrada.jpg 1181w\" sizes=\"(max-width: 300px) 100vw, 300px\" \/><h2 class=\"woocommerce-loop-product__title\">Revista N\u00ba22, my. 2016<\/h2>\n\t<span class=\"price\"><span class='ywcrbp_regular_price'>Precio Normal <span class=\"woocommerce-Price-amount amount\"><bdi>6,00&nbsp;<span class=\"woocommerce-Price-currencySymbol\">&euro;<\/span><\/bdi><\/span> <small class=\"woocommerce-price-suffix\">incl.VAT<\/small> <span aria-hidden=\"true\">-<\/span> <span class=\"woocommerce-Price-amount amount\"><bdi>8,00&nbsp;<span class=\"woocommerce-Price-currencySymbol\">&euro;<\/span><\/bdi><\/span> <small class=\"woocommerce-price-suffix\">incl.VAT<\/small><span class=\"screen-reader-text\">Rango de precios: desde Precio Normal 6,00&nbsp;&euro; incl.VAT hasta 8,00&nbsp;&euro; incl.VAT<\/span><\/span><\/span>\n<\/a><a href=\"https:\/\/www.estudidelmoble.com\/es\/producto\/revista-n-22-my-2016\/\" aria-describedby=\"woocommerce_loop_add_to_cart_link_describedby_21063\" data-quantity=\"1\" class=\"button product_type_variable add_to_cart_button\" data-product_id=\"21063\" data-product_sku=\"REV0022\" aria-label=\"Elige las opciones para &ldquo;Revista N\u00ba22, my. 2016&rdquo;\" rel=\"nofollow\">Seleccionar opciones<\/a>\t<span id=\"woocommerce_loop_add_to_cart_link_describedby_21063\" class=\"screen-reader-text\">\n\t\tEste producto tiene m\u00faltiples variantes. Las opciones se pueden elegir en la p\u00e1gina de producto\t<\/span>\n<\/li>\n<li class=\"product type-product post-21077 status-publish instock product_cat-revista-es has-post-thumbnail taxable shipping-taxable purchasable product-type-variable\">\n\t<a href=\"https:\/\/www.estudidelmoble.com\/es\/producto\/revista-n-21-oct-2015\/\" class=\"woocommerce-LoopProduct-link woocommerce-loop-product__link\"><img loading=\"lazy\" decoding=\"async\" width=\"300\" height=\"300\" src=\"https:\/\/www.estudidelmoble.com\/wp-content\/uploads\/2020\/12\/portada-rev-21-quadrada-300x300.jpg\" class=\"attachment-woocommerce_thumbnail size-woocommerce_thumbnail\" alt=\"Revista N\u00ba21, oct. 2015\" srcset=\"https:\/\/www.estudidelmoble.com\/wp-content\/uploads\/2020\/12\/portada-rev-21-quadrada-300x300.jpg 300w, https:\/\/www.estudidelmoble.com\/wp-content\/uploads\/2020\/12\/portada-rev-21-quadrada-100x100.jpg 100w, https:\/\/www.estudidelmoble.com\/wp-content\/uploads\/2020\/12\/portada-rev-21-quadrada-600x600.jpg 600w, https:\/\/www.estudidelmoble.com\/wp-content\/uploads\/2020\/12\/portada-rev-21-quadrada-1024x1024.jpg 1024w, https:\/\/www.estudidelmoble.com\/wp-content\/uploads\/2020\/12\/portada-rev-21-quadrada-150x150.jpg 150w, https:\/\/www.estudidelmoble.com\/wp-content\/uploads\/2020\/12\/portada-rev-21-quadrada-768x768.jpg 768w, https:\/\/www.estudidelmoble.com\/wp-content\/uploads\/2020\/12\/portada-rev-21-quadrada.jpg 1181w\" sizes=\"(max-width: 300px) 100vw, 300px\" \/><h2 class=\"woocommerce-loop-product__title\">Revista N\u00ba21, oct. 2015<\/h2>\n\t<span class=\"price\"><span class='ywcrbp_regular_price'>Precio Normal <span class=\"woocommerce-Price-amount amount\"><bdi>6,00&nbsp;<span class=\"woocommerce-Price-currencySymbol\">&euro;<\/span><\/bdi><\/span> <small class=\"woocommerce-price-suffix\">incl.VAT<\/small> <span aria-hidden=\"true\">-<\/span> <span class=\"woocommerce-Price-amount amount\"><bdi>8,00&nbsp;<span class=\"woocommerce-Price-currencySymbol\">&euro;<\/span><\/bdi><\/span> <small class=\"woocommerce-price-suffix\">incl.VAT<\/small><span class=\"screen-reader-text\">Rango de precios: desde Precio Normal 6,00&nbsp;&euro; incl.VAT hasta 8,00&nbsp;&euro; incl.VAT<\/span><\/span><\/span>\n<\/a><a href=\"https:\/\/www.estudidelmoble.com\/es\/producto\/revista-n-21-oct-2015\/\" aria-describedby=\"woocommerce_loop_add_to_cart_link_describedby_21077\" data-quantity=\"1\" class=\"button product_type_variable add_to_cart_button\" data-product_id=\"21077\" data-product_sku=\"REV0021\" aria-label=\"Elige las opciones para &ldquo;Revista N\u00ba21, oct. 2015&rdquo;\" rel=\"nofollow\">Seleccionar opciones<\/a>\t<span id=\"woocommerce_loop_add_to_cart_link_describedby_21077\" class=\"screen-reader-text\">\n\t\tEste producto tiene m\u00faltiples variantes. Las opciones se pueden elegir en la p\u00e1gina de producto\t<\/span>\n<\/li>\n<li class=\"product type-product post-21091 status-publish instock product_cat-revista-es has-post-thumbnail taxable shipping-taxable purchasable product-type-variable\">\n\t<a href=\"https:\/\/www.estudidelmoble.com\/es\/producto\/revista-n-20-nov-2014\/\" class=\"woocommerce-LoopProduct-link woocommerce-loop-product__link\"><img loading=\"lazy\" decoding=\"async\" width=\"300\" height=\"300\" src=\"https:\/\/www.estudidelmoble.com\/wp-content\/uploads\/2020\/12\/portada-rev-20_page-0001-quadrada-300x300.jpg\" class=\"attachment-woocommerce_thumbnail size-woocommerce_thumbnail\" alt=\"Revista N\u00ba20, nov. 2014\" srcset=\"https:\/\/www.estudidelmoble.com\/wp-content\/uploads\/2020\/12\/portada-rev-20_page-0001-quadrada-300x300.jpg 300w, https:\/\/www.estudidelmoble.com\/wp-content\/uploads\/2020\/12\/portada-rev-20_page-0001-quadrada-100x100.jpg 100w, https:\/\/www.estudidelmoble.com\/wp-content\/uploads\/2020\/12\/portada-rev-20_page-0001-quadrada-600x600.jpg 600w, https:\/\/www.estudidelmoble.com\/wp-content\/uploads\/2020\/12\/portada-rev-20_page-0001-quadrada-1024x1024.jpg 1024w, https:\/\/www.estudidelmoble.com\/wp-content\/uploads\/2020\/12\/portada-rev-20_page-0001-quadrada-150x150.jpg 150w, https:\/\/www.estudidelmoble.com\/wp-content\/uploads\/2020\/12\/portada-rev-20_page-0001-quadrada-768x768.jpg 768w, https:\/\/www.estudidelmoble.com\/wp-content\/uploads\/2020\/12\/portada-rev-20_page-0001-quadrada.jpg 1181w\" sizes=\"(max-width: 300px) 100vw, 300px\" \/><h2 class=\"woocommerce-loop-product__title\">Revista N\u00ba20, nov. 2014<\/h2>\n\t<span class=\"price\"><span class='ywcrbp_regular_price'>Precio Normal <span class=\"woocommerce-Price-amount amount\"><bdi>6,00&nbsp;<span class=\"woocommerce-Price-currencySymbol\">&euro;<\/span><\/bdi><\/span> <small class=\"woocommerce-price-suffix\">incl.VAT<\/small> <span aria-hidden=\"true\">-<\/span> <span class=\"woocommerce-Price-amount amount\"><bdi>8,00&nbsp;<span class=\"woocommerce-Price-currencySymbol\">&euro;<\/span><\/bdi><\/span> <small class=\"woocommerce-price-suffix\">incl.VAT<\/small><span class=\"screen-reader-text\">Rango de precios: desde Precio Normal 6,00&nbsp;&euro; incl.VAT hasta 8,00&nbsp;&euro; incl.VAT<\/span><\/span><\/span>\n<\/a><a href=\"https:\/\/www.estudidelmoble.com\/es\/producto\/revista-n-20-nov-2014\/\" aria-describedby=\"woocommerce_loop_add_to_cart_link_describedby_21091\" data-quantity=\"1\" class=\"button product_type_variable add_to_cart_button\" data-product_id=\"21091\" data-product_sku=\"REV0020\" aria-label=\"Elige las opciones para &ldquo;Revista N\u00ba20, nov. 2014&rdquo;\" rel=\"nofollow\">Seleccionar opciones<\/a>\t<span id=\"woocommerce_loop_add_to_cart_link_describedby_21091\" class=\"screen-reader-text\">\n\t\tEste producto tiene m\u00faltiples variantes. Las opciones se pueden elegir en la p\u00e1gina de producto\t<\/span>\n<\/li>\n<li class=\"product type-product post-21114 status-publish instock product_cat-revista-es has-post-thumbnail taxable shipping-taxable purchasable product-type-variable\">\n\t<a href=\"https:\/\/www.estudidelmoble.com\/es\/producto\/revista-n-19-my-2014\/\" class=\"woocommerce-LoopProduct-link woocommerce-loop-product__link\"><img loading=\"lazy\" decoding=\"async\" width=\"300\" height=\"300\" src=\"https:\/\/www.estudidelmoble.com\/wp-content\/uploads\/2020\/12\/portada-rev-19-quadrada-300x300.jpg\" class=\"attachment-woocommerce_thumbnail size-woocommerce_thumbnail\" alt=\"Revista N\u00ba19, my. 2014\" srcset=\"https:\/\/www.estudidelmoble.com\/wp-content\/uploads\/2020\/12\/portada-rev-19-quadrada-300x300.jpg 300w, https:\/\/www.estudidelmoble.com\/wp-content\/uploads\/2020\/12\/portada-rev-19-quadrada-100x100.jpg 100w, https:\/\/www.estudidelmoble.com\/wp-content\/uploads\/2020\/12\/portada-rev-19-quadrada-600x600.jpg 600w, https:\/\/www.estudidelmoble.com\/wp-content\/uploads\/2020\/12\/portada-rev-19-quadrada-1024x1024.jpg 1024w, https:\/\/www.estudidelmoble.com\/wp-content\/uploads\/2020\/12\/portada-rev-19-quadrada-150x150.jpg 150w, https:\/\/www.estudidelmoble.com\/wp-content\/uploads\/2020\/12\/portada-rev-19-quadrada-768x768.jpg 768w, https:\/\/www.estudidelmoble.com\/wp-content\/uploads\/2020\/12\/portada-rev-19-quadrada.jpg 1181w\" sizes=\"(max-width: 300px) 100vw, 300px\" \/><h2 class=\"woocommerce-loop-product__title\">Revista N\u00ba19, my. 2014<\/h2>\n\t<span class=\"price\"><span class='ywcrbp_regular_price'>Precio Normal <span class=\"woocommerce-Price-amount amount\"><bdi>6,00&nbsp;<span class=\"woocommerce-Price-currencySymbol\">&euro;<\/span><\/bdi><\/span> <small class=\"woocommerce-price-suffix\">incl.VAT<\/small> <span aria-hidden=\"true\">-<\/span> <span class=\"woocommerce-Price-amount amount\"><bdi>8,00&nbsp;<span class=\"woocommerce-Price-currencySymbol\">&euro;<\/span><\/bdi><\/span> <small class=\"woocommerce-price-suffix\">incl.VAT<\/small><span class=\"screen-reader-text\">Rango de precios: desde Precio Normal 6,00&nbsp;&euro; incl.VAT hasta 8,00&nbsp;&euro; incl.VAT<\/span><\/span><\/span>\n<\/a><a href=\"https:\/\/www.estudidelmoble.com\/es\/producto\/revista-n-19-my-2014\/\" aria-describedby=\"woocommerce_loop_add_to_cart_link_describedby_21114\" data-quantity=\"1\" class=\"button product_type_variable add_to_cart_button\" data-product_id=\"21114\" data-product_sku=\"REV0019\" aria-label=\"Elige las opciones para &ldquo;Revista N\u00ba19, my. 2014&rdquo;\" rel=\"nofollow\">Seleccionar opciones<\/a>\t<span id=\"woocommerce_loop_add_to_cart_link_describedby_21114\" class=\"screen-reader-text\">\n\t\tEste producto tiene m\u00faltiples variantes. Las opciones se pueden elegir en la p\u00e1gina de producto\t<\/span>\n<\/li>\n<li class=\"product type-product post-21131 status-publish last instock product_cat-revista-es has-post-thumbnail taxable shipping-taxable purchasable product-type-variable\">\n\t<a href=\"https:\/\/www.estudidelmoble.com\/es\/producto\/revista-n-18-nov-2013\/\" class=\"woocommerce-LoopProduct-link woocommerce-loop-product__link\"><img loading=\"lazy\" decoding=\"async\" width=\"300\" height=\"300\" src=\"https:\/\/www.estudidelmoble.com\/wp-content\/uploads\/2020\/12\/portada-rev-18_page-0001-quadrada-300x300.jpg\" class=\"attachment-woocommerce_thumbnail size-woocommerce_thumbnail\" alt=\"Revista N\u00ba18, nov. 2013\" srcset=\"https:\/\/www.estudidelmoble.com\/wp-content\/uploads\/2020\/12\/portada-rev-18_page-0001-quadrada-300x300.jpg 300w, https:\/\/www.estudidelmoble.com\/wp-content\/uploads\/2020\/12\/portada-rev-18_page-0001-quadrada-100x100.jpg 100w, https:\/\/www.estudidelmoble.com\/wp-content\/uploads\/2020\/12\/portada-rev-18_page-0001-quadrada-600x600.jpg 600w, https:\/\/www.estudidelmoble.com\/wp-content\/uploads\/2020\/12\/portada-rev-18_page-0001-quadrada-1024x1024.jpg 1024w, https:\/\/www.estudidelmoble.com\/wp-content\/uploads\/2020\/12\/portada-rev-18_page-0001-quadrada-150x150.jpg 150w, https:\/\/www.estudidelmoble.com\/wp-content\/uploads\/2020\/12\/portada-rev-18_page-0001-quadrada-768x768.jpg 768w, https:\/\/www.estudidelmoble.com\/wp-content\/uploads\/2020\/12\/portada-rev-18_page-0001-quadrada.jpg 1181w\" sizes=\"(max-width: 300px) 100vw, 300px\" \/><h2 class=\"woocommerce-loop-product__title\">Revista N\u00ba18, nov. 2013<\/h2>\n\t<span class=\"price\"><span class='ywcrbp_regular_price'>Precio Normal <span class=\"woocommerce-Price-amount amount\"><bdi>6,00&nbsp;<span class=\"woocommerce-Price-currencySymbol\">&euro;<\/span><\/bdi><\/span> <small class=\"woocommerce-price-suffix\">incl.VAT<\/small> <span aria-hidden=\"true\">-<\/span> <span class=\"woocommerce-Price-amount amount\"><bdi>8,00&nbsp;<span class=\"woocommerce-Price-currencySymbol\">&euro;<\/span><\/bdi><\/span> <small class=\"woocommerce-price-suffix\">incl.VAT<\/small><span class=\"screen-reader-text\">Rango de precios: desde Precio Normal 6,00&nbsp;&euro; incl.VAT hasta 8,00&nbsp;&euro; incl.VAT<\/span><\/span><\/span>\n<\/a><a href=\"https:\/\/www.estudidelmoble.com\/es\/producto\/revista-n-18-nov-2013\/\" aria-describedby=\"woocommerce_loop_add_to_cart_link_describedby_21131\" data-quantity=\"1\" class=\"button product_type_variable add_to_cart_button\" data-product_id=\"21131\" data-product_sku=\"REV0018\" aria-label=\"Elige las opciones para &ldquo;Revista N\u00ba18, nov. 2013&rdquo;\" rel=\"nofollow\">Seleccionar opciones<\/a>\t<span id=\"woocommerce_loop_add_to_cart_link_describedby_21131\" class=\"screen-reader-text\">\n\t\tEste producto tiene m\u00faltiples variantes. Las opciones se pueden elegir en la p\u00e1gina de producto\t<\/span>\n<\/li>\n<li class=\"product type-product post-21147 status-publish first instock product_cat-revista-es has-post-thumbnail taxable shipping-taxable purchasable product-type-variable\">\n\t<a href=\"https:\/\/www.estudidelmoble.com\/es\/producto\/revista-n-17-my-2013\/\" class=\"woocommerce-LoopProduct-link woocommerce-loop-product__link\"><img loading=\"lazy\" decoding=\"async\" width=\"300\" height=\"300\" src=\"https:\/\/www.estudidelmoble.com\/wp-content\/uploads\/2020\/12\/portada-rev-17_page-0001-quadrada-300x300.jpg\" class=\"attachment-woocommerce_thumbnail size-woocommerce_thumbnail\" alt=\"Revista N\u00ba17, my. 2013\" srcset=\"https:\/\/www.estudidelmoble.com\/wp-content\/uploads\/2020\/12\/portada-rev-17_page-0001-quadrada-300x300.jpg 300w, https:\/\/www.estudidelmoble.com\/wp-content\/uploads\/2020\/12\/portada-rev-17_page-0001-quadrada-100x100.jpg 100w, https:\/\/www.estudidelmoble.com\/wp-content\/uploads\/2020\/12\/portada-rev-17_page-0001-quadrada-600x600.jpg 600w, https:\/\/www.estudidelmoble.com\/wp-content\/uploads\/2020\/12\/portada-rev-17_page-0001-quadrada-1024x1024.jpg 1024w, https:\/\/www.estudidelmoble.com\/wp-content\/uploads\/2020\/12\/portada-rev-17_page-0001-quadrada-150x150.jpg 150w, https:\/\/www.estudidelmoble.com\/wp-content\/uploads\/2020\/12\/portada-rev-17_page-0001-quadrada-768x768.jpg 768w, https:\/\/www.estudidelmoble.com\/wp-content\/uploads\/2020\/12\/portada-rev-17_page-0001-quadrada.jpg 1181w\" sizes=\"(max-width: 300px) 100vw, 300px\" \/><h2 class=\"woocommerce-loop-product__title\">Revista N\u00ba17, my. 2013<\/h2>\n\t<span class=\"price\"><span class='ywcrbp_regular_price'>Precio Normal <span class=\"woocommerce-Price-amount amount\"><bdi>6,00&nbsp;<span class=\"woocommerce-Price-currencySymbol\">&euro;<\/span><\/bdi><\/span> <small class=\"woocommerce-price-suffix\">incl.VAT<\/small> <span aria-hidden=\"true\">-<\/span> <span class=\"woocommerce-Price-amount amount\"><bdi>8,00&nbsp;<span class=\"woocommerce-Price-currencySymbol\">&euro;<\/span><\/bdi><\/span> <small class=\"woocommerce-price-suffix\">incl.VAT<\/small><span class=\"screen-reader-text\">Rango de precios: desde Precio Normal 6,00&nbsp;&euro; incl.VAT hasta 8,00&nbsp;&euro; incl.VAT<\/span><\/span><\/span>\n<\/a><a href=\"https:\/\/www.estudidelmoble.com\/es\/producto\/revista-n-17-my-2013\/\" aria-describedby=\"woocommerce_loop_add_to_cart_link_describedby_21147\" data-quantity=\"1\" class=\"button product_type_variable add_to_cart_button\" data-product_id=\"21147\" data-product_sku=\"REV0017\" aria-label=\"Elige las opciones para &ldquo;Revista N\u00ba17, my. 2013&rdquo;\" rel=\"nofollow\">Seleccionar opciones<\/a>\t<span id=\"woocommerce_loop_add_to_cart_link_describedby_21147\" class=\"screen-reader-text\">\n\t\tEste producto tiene m\u00faltiples variantes. Las opciones se pueden elegir en la p\u00e1gina de producto\t<\/span>\n<\/li>\n<li class=\"product type-product post-21161 status-publish instock product_cat-revista-es has-post-thumbnail taxable shipping-taxable purchasable product-type-variable\">\n\t<a href=\"https:\/\/www.estudidelmoble.com\/es\/producto\/revista-n-16-nov-2012\/\" class=\"woocommerce-LoopProduct-link woocommerce-loop-product__link\"><img loading=\"lazy\" decoding=\"async\" width=\"300\" height=\"300\" src=\"https:\/\/www.estudidelmoble.com\/wp-content\/uploads\/2020\/12\/portada-rev-16-quadrada-300x300.jpg\" class=\"attachment-woocommerce_thumbnail size-woocommerce_thumbnail\" alt=\"Revista N\u00ba16, nov. 2012\" srcset=\"https:\/\/www.estudidelmoble.com\/wp-content\/uploads\/2020\/12\/portada-rev-16-quadrada-300x300.jpg 300w, https:\/\/www.estudidelmoble.com\/wp-content\/uploads\/2020\/12\/portada-rev-16-quadrada-100x100.jpg 100w, https:\/\/www.estudidelmoble.com\/wp-content\/uploads\/2020\/12\/portada-rev-16-quadrada-600x600.jpg 600w, https:\/\/www.estudidelmoble.com\/wp-content\/uploads\/2020\/12\/portada-rev-16-quadrada-1024x1024.jpg 1024w, https:\/\/www.estudidelmoble.com\/wp-content\/uploads\/2020\/12\/portada-rev-16-quadrada-150x150.jpg 150w, https:\/\/www.estudidelmoble.com\/wp-content\/uploads\/2020\/12\/portada-rev-16-quadrada-768x768.jpg 768w, https:\/\/www.estudidelmoble.com\/wp-content\/uploads\/2020\/12\/portada-rev-16-quadrada.jpg 1181w\" sizes=\"(max-width: 300px) 100vw, 300px\" \/><h2 class=\"woocommerce-loop-product__title\">Revista N\u00ba16, nov. 2012<\/h2>\n\t<span class=\"price\"><span class='ywcrbp_regular_price'>Precio Normal <span class=\"woocommerce-Price-amount amount\"><bdi>4,00&nbsp;<span class=\"woocommerce-Price-currencySymbol\">&euro;<\/span><\/bdi><\/span> <small class=\"woocommerce-price-suffix\">incl.VAT<\/small> <span aria-hidden=\"true\">-<\/span> <span class=\"woocommerce-Price-amount amount\"><bdi>6,00&nbsp;<span class=\"woocommerce-Price-currencySymbol\">&euro;<\/span><\/bdi><\/span> <small class=\"woocommerce-price-suffix\">incl.VAT<\/small><span class=\"screen-reader-text\">Rango de precios: desde Precio Normal 4,00&nbsp;&euro; incl.VAT hasta 6,00&nbsp;&euro; incl.VAT<\/span><\/span><\/span>\n<\/a><a href=\"https:\/\/www.estudidelmoble.com\/es\/producto\/revista-n-16-nov-2012\/\" aria-describedby=\"woocommerce_loop_add_to_cart_link_describedby_21161\" data-quantity=\"1\" class=\"button product_type_variable add_to_cart_button\" data-product_id=\"21161\" data-product_sku=\"REV0016\" aria-label=\"Elige las opciones para &ldquo;Revista N\u00ba16, nov. 2012&rdquo;\" rel=\"nofollow\">Seleccionar opciones<\/a>\t<span id=\"woocommerce_loop_add_to_cart_link_describedby_21161\" class=\"screen-reader-text\">\n\t\tEste producto tiene m\u00faltiples variantes. Las opciones se pueden elegir en la p\u00e1gina de producto\t<\/span>\n<\/li>\n<li class=\"product type-product post-21175 status-publish instock product_cat-revista-es has-post-thumbnail taxable shipping-taxable purchasable product-type-variable\">\n\t<a href=\"https:\/\/www.estudidelmoble.com\/es\/producto\/revista-n-15-my-2012\/\" class=\"woocommerce-LoopProduct-link woocommerce-loop-product__link\"><img loading=\"lazy\" decoding=\"async\" width=\"300\" height=\"300\" src=\"https:\/\/www.estudidelmoble.com\/wp-content\/uploads\/2020\/12\/portada-rev-15_page-0001-quadrada-300x300.jpg\" class=\"attachment-woocommerce_thumbnail size-woocommerce_thumbnail\" alt=\"Revista N\u00ba15, my. 2012\" srcset=\"https:\/\/www.estudidelmoble.com\/wp-content\/uploads\/2020\/12\/portada-rev-15_page-0001-quadrada-300x300.jpg 300w, https:\/\/www.estudidelmoble.com\/wp-content\/uploads\/2020\/12\/portada-rev-15_page-0001-quadrada-100x100.jpg 100w, https:\/\/www.estudidelmoble.com\/wp-content\/uploads\/2020\/12\/portada-rev-15_page-0001-quadrada-600x600.jpg 600w, https:\/\/www.estudidelmoble.com\/wp-content\/uploads\/2020\/12\/portada-rev-15_page-0001-quadrada-1024x1024.jpg 1024w, https:\/\/www.estudidelmoble.com\/wp-content\/uploads\/2020\/12\/portada-rev-15_page-0001-quadrada-150x150.jpg 150w, https:\/\/www.estudidelmoble.com\/wp-content\/uploads\/2020\/12\/portada-rev-15_page-0001-quadrada-768x768.jpg 768w, https:\/\/www.estudidelmoble.com\/wp-content\/uploads\/2020\/12\/portada-rev-15_page-0001-quadrada.jpg 1181w\" sizes=\"(max-width: 300px) 100vw, 300px\" \/><h2 class=\"woocommerce-loop-product__title\">Revista N\u00ba15, my. 2012<\/h2>\n\t<span class=\"price\"><span class='ywcrbp_regular_price'>Precio Normal <span class=\"woocommerce-Price-amount amount\"><bdi>4,00&nbsp;<span class=\"woocommerce-Price-currencySymbol\">&euro;<\/span><\/bdi><\/span> <small class=\"woocommerce-price-suffix\">incl.VAT<\/small> <span aria-hidden=\"true\">-<\/span> <span class=\"woocommerce-Price-amount amount\"><bdi>6,00&nbsp;<span class=\"woocommerce-Price-currencySymbol\">&euro;<\/span><\/bdi><\/span> <small class=\"woocommerce-price-suffix\">incl.VAT<\/small><span class=\"screen-reader-text\">Rango de precios: desde Precio Normal 4,00&nbsp;&euro; incl.VAT hasta 6,00&nbsp;&euro; incl.VAT<\/span><\/span><\/span>\n<\/a><a href=\"https:\/\/www.estudidelmoble.com\/es\/producto\/revista-n-15-my-2012\/\" aria-describedby=\"woocommerce_loop_add_to_cart_link_describedby_21175\" data-quantity=\"1\" class=\"button product_type_variable add_to_cart_button\" data-product_id=\"21175\" data-product_sku=\"REV0015\" aria-label=\"Elige las opciones para &ldquo;Revista N\u00ba15, my. 2012&rdquo;\" rel=\"nofollow\">Seleccionar opciones<\/a>\t<span id=\"woocommerce_loop_add_to_cart_link_describedby_21175\" class=\"screen-reader-text\">\n\t\tEste producto tiene m\u00faltiples variantes. Las opciones se pueden elegir en la p\u00e1gina de producto\t<\/span>\n<\/li>\n<li class=\"product type-product post-21189 status-publish instock product_cat-revista-es has-post-thumbnail taxable shipping-taxable purchasable product-type-variable\">\n\t<a href=\"https:\/\/www.estudidelmoble.com\/es\/producto\/revista-n-14-nov-2011\/\" class=\"woocommerce-LoopProduct-link woocommerce-loop-product__link\"><img loading=\"lazy\" decoding=\"async\" width=\"300\" height=\"300\" src=\"https:\/\/www.estudidelmoble.com\/wp-content\/uploads\/2020\/12\/portada-rev-14_page-0001-quadrada-300x300.jpg\" class=\"attachment-woocommerce_thumbnail size-woocommerce_thumbnail\" alt=\"Revista N\u00ba14, nov. 2011\" srcset=\"https:\/\/www.estudidelmoble.com\/wp-content\/uploads\/2020\/12\/portada-rev-14_page-0001-quadrada-300x300.jpg 300w, https:\/\/www.estudidelmoble.com\/wp-content\/uploads\/2020\/12\/portada-rev-14_page-0001-quadrada-100x100.jpg 100w, https:\/\/www.estudidelmoble.com\/wp-content\/uploads\/2020\/12\/portada-rev-14_page-0001-quadrada-600x600.jpg 600w, https:\/\/www.estudidelmoble.com\/wp-content\/uploads\/2020\/12\/portada-rev-14_page-0001-quadrada-1024x1024.jpg 1024w, https:\/\/www.estudidelmoble.com\/wp-content\/uploads\/2020\/12\/portada-rev-14_page-0001-quadrada-150x150.jpg 150w, https:\/\/www.estudidelmoble.com\/wp-content\/uploads\/2020\/12\/portada-rev-14_page-0001-quadrada-768x768.jpg 768w, https:\/\/www.estudidelmoble.com\/wp-content\/uploads\/2020\/12\/portada-rev-14_page-0001-quadrada.jpg 1181w\" sizes=\"(max-width: 300px) 100vw, 300px\" \/><h2 class=\"woocommerce-loop-product__title\">Revista N\u00ba14, nov. 2011<\/h2>\n\t<span class=\"price\"><span class='ywcrbp_regular_price'>Precio Normal <span class=\"woocommerce-Price-amount amount\"><bdi>4,00&nbsp;<span class=\"woocommerce-Price-currencySymbol\">&euro;<\/span><\/bdi><\/span> <small class=\"woocommerce-price-suffix\">incl.VAT<\/small> <span aria-hidden=\"true\">-<\/span> <span class=\"woocommerce-Price-amount amount\"><bdi>6,00&nbsp;<span class=\"woocommerce-Price-currencySymbol\">&euro;<\/span><\/bdi><\/span> <small class=\"woocommerce-price-suffix\">incl.VAT<\/small><span class=\"screen-reader-text\">Rango de precios: desde Precio Normal 4,00&nbsp;&euro; incl.VAT hasta 6,00&nbsp;&euro; incl.VAT<\/span><\/span><\/span>\n<\/a><a href=\"https:\/\/www.estudidelmoble.com\/es\/producto\/revista-n-14-nov-2011\/\" aria-describedby=\"woocommerce_loop_add_to_cart_link_describedby_21189\" data-quantity=\"1\" class=\"button product_type_variable add_to_cart_button\" data-product_id=\"21189\" data-product_sku=\"REV0014\" aria-label=\"Elige las opciones para &ldquo;Revista N\u00ba14, nov. 2011&rdquo;\" rel=\"nofollow\">Seleccionar opciones<\/a>\t<span id=\"woocommerce_loop_add_to_cart_link_describedby_21189\" class=\"screen-reader-text\">\n\t\tEste producto tiene m\u00faltiples variantes. Las opciones se pueden elegir en la p\u00e1gina de producto\t<\/span>\n<\/li>\n<li class=\"product type-product post-21203 status-publish instock product_cat-revista-es has-post-thumbnail taxable shipping-taxable purchasable product-type-variable\">\n\t<a href=\"https:\/\/www.estudidelmoble.com\/es\/producto\/revista-n-13-my-2011\/\" class=\"woocommerce-LoopProduct-link woocommerce-loop-product__link\"><img loading=\"lazy\" decoding=\"async\" width=\"300\" height=\"300\" src=\"https:\/\/www.estudidelmoble.com\/wp-content\/uploads\/2020\/12\/portada-rev-13_page-0001-quadrada-300x300.jpg\" class=\"attachment-woocommerce_thumbnail size-woocommerce_thumbnail\" alt=\"Revista N\u00ba13, my. 2011\" srcset=\"https:\/\/www.estudidelmoble.com\/wp-content\/uploads\/2020\/12\/portada-rev-13_page-0001-quadrada-300x300.jpg 300w, https:\/\/www.estudidelmoble.com\/wp-content\/uploads\/2020\/12\/portada-rev-13_page-0001-quadrada-100x100.jpg 100w, https:\/\/www.estudidelmoble.com\/wp-content\/uploads\/2020\/12\/portada-rev-13_page-0001-quadrada-600x600.jpg 600w, https:\/\/www.estudidelmoble.com\/wp-content\/uploads\/2020\/12\/portada-rev-13_page-0001-quadrada-1024x1024.jpg 1024w, https:\/\/www.estudidelmoble.com\/wp-content\/uploads\/2020\/12\/portada-rev-13_page-0001-quadrada-150x150.jpg 150w, https:\/\/www.estudidelmoble.com\/wp-content\/uploads\/2020\/12\/portada-rev-13_page-0001-quadrada-768x768.jpg 768w, https:\/\/www.estudidelmoble.com\/wp-content\/uploads\/2020\/12\/portada-rev-13_page-0001-quadrada.jpg 1181w\" sizes=\"(max-width: 300px) 100vw, 300px\" \/><h2 class=\"woocommerce-loop-product__title\">Revista N\u00ba13, my. 2011<\/h2>\n\t<span class=\"price\"><span class='ywcrbp_regular_price'>Precio Normal <span class=\"woocommerce-Price-amount amount\"><bdi>4,00&nbsp;<span class=\"woocommerce-Price-currencySymbol\">&euro;<\/span><\/bdi><\/span> <small class=\"woocommerce-price-suffix\">incl.VAT<\/small> <span aria-hidden=\"true\">-<\/span> <span class=\"woocommerce-Price-amount amount\"><bdi>6,00&nbsp;<span class=\"woocommerce-Price-currencySymbol\">&euro;<\/span><\/bdi><\/span> <small class=\"woocommerce-price-suffix\">incl.VAT<\/small><span class=\"screen-reader-text\">Rango de precios: desde Precio Normal 4,00&nbsp;&euro; incl.VAT hasta 6,00&nbsp;&euro; incl.VAT<\/span><\/span><\/span>\n<\/a><a href=\"https:\/\/www.estudidelmoble.com\/es\/producto\/revista-n-13-my-2011\/\" aria-describedby=\"woocommerce_loop_add_to_cart_link_describedby_21203\" data-quantity=\"1\" class=\"button product_type_variable add_to_cart_button\" data-product_id=\"21203\" data-product_sku=\"REV0013\" aria-label=\"Elige las opciones para &ldquo;Revista N\u00ba13, my. 2011&rdquo;\" rel=\"nofollow\">Seleccionar opciones<\/a>\t<span id=\"woocommerce_loop_add_to_cart_link_describedby_21203\" class=\"screen-reader-text\">\n\t\tEste producto tiene m\u00faltiples variantes. Las opciones se pueden elegir en la p\u00e1gina de producto\t<\/span>\n<\/li>\n<li class=\"product type-product post-21217 status-publish last instock product_cat-revista-es has-post-thumbnail taxable shipping-taxable purchasable product-type-variable\">\n\t<a href=\"https:\/\/www.estudidelmoble.com\/es\/producto\/revista-n-12-catalan-nov-2010\/\" class=\"woocommerce-LoopProduct-link woocommerce-loop-product__link\"><img loading=\"lazy\" decoding=\"async\" width=\"300\" height=\"300\" src=\"https:\/\/www.estudidelmoble.com\/wp-content\/uploads\/2020\/12\/portada-rev-12_page-0001-quadrada-300x300.jpg\" class=\"attachment-woocommerce_thumbnail size-woocommerce_thumbnail\" alt=\"Revista N\u00ba12 catal\u00e1n, nov. 2010\" srcset=\"https:\/\/www.estudidelmoble.com\/wp-content\/uploads\/2020\/12\/portada-rev-12_page-0001-quadrada-300x300.jpg 300w, https:\/\/www.estudidelmoble.com\/wp-content\/uploads\/2020\/12\/portada-rev-12_page-0001-quadrada-100x100.jpg 100w, https:\/\/www.estudidelmoble.com\/wp-content\/uploads\/2020\/12\/portada-rev-12_page-0001-quadrada-600x600.jpg 600w, https:\/\/www.estudidelmoble.com\/wp-content\/uploads\/2020\/12\/portada-rev-12_page-0001-quadrada-1024x1024.jpg 1024w, https:\/\/www.estudidelmoble.com\/wp-content\/uploads\/2020\/12\/portada-rev-12_page-0001-quadrada-150x150.jpg 150w, https:\/\/www.estudidelmoble.com\/wp-content\/uploads\/2020\/12\/portada-rev-12_page-0001-quadrada-768x768.jpg 768w, https:\/\/www.estudidelmoble.com\/wp-content\/uploads\/2020\/12\/portada-rev-12_page-0001-quadrada.jpg 1181w\" sizes=\"(max-width: 300px) 100vw, 300px\" \/><h2 class=\"woocommerce-loop-product__title\">Revista N\u00ba12 catal\u00e1n, nov. 2010<\/h2>\n\t<span class=\"price\"><span class='ywcrbp_regular_price'>Precio Normal <span class=\"woocommerce-Price-amount amount\"><bdi>4,00&nbsp;<span class=\"woocommerce-Price-currencySymbol\">&euro;<\/span><\/bdi><\/span> <small class=\"woocommerce-price-suffix\">incl.VAT<\/small> <span aria-hidden=\"true\">-<\/span> <span class=\"woocommerce-Price-amount amount\"><bdi>6,00&nbsp;<span class=\"woocommerce-Price-currencySymbol\">&euro;<\/span><\/bdi><\/span> <small class=\"woocommerce-price-suffix\">incl.VAT<\/small><span class=\"screen-reader-text\">Rango de precios: desde Precio Normal 4,00&nbsp;&euro; incl.VAT hasta 6,00&nbsp;&euro; incl.VAT<\/span><\/span><\/span>\n<\/a><a href=\"https:\/\/www.estudidelmoble.com\/es\/producto\/revista-n-12-catalan-nov-2010\/\" aria-describedby=\"woocommerce_loop_add_to_cart_link_describedby_21217\" data-quantity=\"1\" class=\"button product_type_variable add_to_cart_button\" data-product_id=\"21217\" data-product_sku=\"REV0012\" aria-label=\"Elige las opciones para &ldquo;Revista N\u00ba12 catal\u00e1n, nov. 2010&rdquo;\" rel=\"nofollow\">Seleccionar opciones<\/a>\t<span id=\"woocommerce_loop_add_to_cart_link_describedby_21217\" class=\"screen-reader-text\">\n\t\tEste producto tiene m\u00faltiples variantes. Las opciones se pueden elegir en la p\u00e1gina de producto\t<\/span>\n<\/li>\n<\/ul>\n<nav class=\"woocommerce-pagination\" aria-label=\"Paginaci\u00f3n de producto\">\n\t<ul class='page-numbers'>\n\t<li><span aria-label=\"P\u00e1gina 1\" aria-current=\"page\" class=\"page-numbers current\">1<\/span><\/li>\n\t<li><a aria-label=\"P\u00e1gina 2\" class=\"page-numbers\" href=\"\/es\/wp-json\/wp\/v2\/pages\/19786?product-page=2\">2<\/a><\/li>\n\t<li><a aria-label=\"P\u00e1gina 3\" class=\"page-numbers\" href=\"\/es\/wp-json\/wp\/v2\/pages\/19786?product-page=3\">3<\/a><\/li>\n\t<li><a class=\"next page-numbers\" href=\"\/es\/wp-json\/wp\/v2\/pages\/19786?product-page=2\">&rarr;<\/a><\/li>\n<\/ul>\n<\/nav>\n<\/div>\t\t\t\t<\/div>\n\t\t\t\t<\/div>\n\t\t\t\t\t<\/div>\n\t\t<\/div>\n\t\t\t\t\t<\/div>\n\t\t<\/section>\n\t\t\t\t<section class=\"elementor-section elementor-top-section elementor-element elementor-element-4718b4e2 elementor-section-boxed elementor-section-height-default elementor-section-height-default\" data-id=\"4718b4e2\" data-element_type=\"section\" data-e-type=\"section\">\n\t\t\t\t\t\t\t<div class=\"elementor-background-overlay\"><\/div>\n\t\t\t\t\t\t\t<div class=\"elementor-container elementor-column-gap-default\">\n\t\t\t\t\t<div class=\"elementor-column elementor-col-100 elementor-top-column elementor-element elementor-element-21dba729\" data-id=\"21dba729\" data-element_type=\"column\" data-e-type=\"column\">\n\t\t\t<div class=\"elementor-widget-wrap elementor-element-populated\">\n\t\t\t\t\t\t<div class=\"elementor-element elementor-element-1251f12f elementor-widget elementor-widget-spacer\" data-id=\"1251f12f\" data-element_type=\"widget\" data-e-type=\"widget\" data-widget_type=\"spacer.default\">\n\t\t\t\t\t\t\t<div class=\"elementor-spacer\">\n\t\t\t<div class=\"elementor-spacer-inner\"><\/div>\n\t\t<\/div>\n\t\t\t\t\t\t<\/div>\n\t\t\t\t<div class=\"elementor-element elementor-element-41e3124f elementor-widget-divider--view-line elementor-widget elementor-widget-divider\" data-id=\"41e3124f\" data-element_type=\"widget\" data-e-type=\"widget\" data-widget_type=\"divider.default\">\n\t\t\t\t\t\t\t<div class=\"elementor-divider\">\n\t\t\t<span class=\"elementor-divider-separator\">\n\t\t\t\t\t\t<\/span>\n\t\t<\/div>\n\t\t\t\t\t\t<\/div>\n\t\t\t\t<div class=\"elementor-element elementor-element-11e260c5 elementor-position-inline-start elementor-view-default elementor-mobile-position-block-start elementor-widget elementor-widget-icon-box\" data-id=\"11e260c5\" data-element_type=\"widget\" data-e-type=\"widget\" data-widget_type=\"icon-box.default\">\n\t\t\t\t\t\t\t<div class=\"elementor-icon-box-wrapper\">\n\n\t\t\t\t\t\t<div class=\"elementor-icon-box-icon\">\n\t\t\t\t<span  class=\"elementor-icon\">\n\t\t\t\t<svg aria-hidden=\"true\" class=\"e-font-icon-svg e-fas-star\" viewBox=\"0 0 576 512\" xmlns=\"http:\/\/www.w3.org\/2000\/svg\"><path d=\"M259.3 17.8L194 150.2 47.9 171.5c-26.2 3.8-36.7 36.1-17.7 54.6l105.7 103-25 145.5c-4.5 26.3 23.2 46 46.4 33.7L288 439.6l130.7 68.7c23.2 12.2 50.9-7.4 46.4-33.7l-25-145.5 105.7-103c19-18.5 8.5-50.8-17.7-54.6L382 150.2 316.7 17.8c-11.7-23.6-45.6-23.9-57.4 0z\"><\/path><\/svg>\t\t\t\t<\/span>\n\t\t\t<\/div>\n\t\t\t\n\t\t\t\t\t\t<div class=\"elementor-icon-box-content\">\n\n\t\t\t\t\t\t\t\t\t<h3 class=\"elementor-icon-box-title\">\n\t\t\t\t\t\t<span  >\n\t\t\t\t\t\t\tDestacat\t\t\t\t\t\t<\/span>\n\t\t\t\t\t<\/h3>\n\t\t\t\t\n\t\t\t\t\n\t\t\t<\/div>\n\t\t\t\n\t\t<\/div>\n\t\t\t\t\t\t<\/div>\n\t\t\t\t<div class=\"elementor-element elementor-element-6293d058 elementor-grid-6 elementor-grid-tablet-3 elementor-grid-mobile-2 elementor-products-grid elementor-wc-products elementor-widget elementor-widget-global elementor-global-38720 elementor-widget-woocommerce-products\" data-id=\"6293d058\" data-element_type=\"widget\" data-e-type=\"widget\" data-widget_type=\"woocommerce-products.default\">\n\t\t\t\t<div class=\"elementor-widget-container\">\n\t\t\t\t\t<div class=\"woocommerce columns-6 \"><ul class=\"products elementor-grid columns-6\">\n<li class=\"product type-product post-20145 status-publish first instock product_cat-libros-y-otros product_tag-ingles product_tag-monica-piera-es has-post-thumbnail featured taxable shipping-taxable purchasable product-type-variable\">\n\t<a href=\"https:\/\/www.estudidelmoble.com\/es\/producto\/rooted-in-the-earth\/\" class=\"woocommerce-LoopProduct-link woocommerce-loop-product__link\"><img loading=\"lazy\" decoding=\"async\" width=\"300\" height=\"300\" src=\"https:\/\/www.estudidelmoble.com\/wp-content\/uploads\/2020\/07\/Cover-Rooted-square-300x300.jpg\" class=\"attachment-woocommerce_thumbnail size-woocommerce_thumbnail\" alt=\"Rooted in the Earth\" srcset=\"https:\/\/www.estudidelmoble.com\/wp-content\/uploads\/2020\/07\/Cover-Rooted-square-300x300.jpg 300w, https:\/\/www.estudidelmoble.com\/wp-content\/uploads\/2020\/07\/Cover-Rooted-square-100x100.jpg 100w, https:\/\/www.estudidelmoble.com\/wp-content\/uploads\/2020\/07\/Cover-Rooted-square-600x600.jpg 600w, https:\/\/www.estudidelmoble.com\/wp-content\/uploads\/2020\/07\/Cover-Rooted-square-1024x1024.jpg 1024w, https:\/\/www.estudidelmoble.com\/wp-content\/uploads\/2020\/07\/Cover-Rooted-square-150x150.jpg 150w, https:\/\/www.estudidelmoble.com\/wp-content\/uploads\/2020\/07\/Cover-Rooted-square-768x768.jpg 768w, https:\/\/www.estudidelmoble.com\/wp-content\/uploads\/2020\/07\/Cover-Rooted-square.jpg 1536w\" sizes=\"(max-width: 300px) 100vw, 300px\" \/><h2 class=\"woocommerce-loop-product__title\">Rooted in the Earth<\/h2>\n\t<span class=\"price\"><span class='ywcrbp_regular_price'>Precio Normal <span class=\"woocommerce-Price-amount amount\"><bdi>20,00&nbsp;<span class=\"woocommerce-Price-currencySymbol\">&euro;<\/span><\/bdi><\/span> <small class=\"woocommerce-price-suffix\">incl.VAT<\/small> <span aria-hidden=\"true\">-<\/span> <span class=\"woocommerce-Price-amount amount\"><bdi>25,00&nbsp;<span class=\"woocommerce-Price-currencySymbol\">&euro;<\/span><\/bdi><\/span> <small class=\"woocommerce-price-suffix\">incl.VAT<\/small><span class=\"screen-reader-text\">Rango de precios: desde Precio Normal 20,00&nbsp;&euro; incl.VAT hasta 25,00&nbsp;&euro; incl.VAT<\/span><\/span><\/span>\n<\/a><a href=\"https:\/\/www.estudidelmoble.com\/es\/producto\/rooted-in-the-earth\/\" aria-describedby=\"woocommerce_loop_add_to_cart_link_describedby_20145\" data-quantity=\"1\" class=\"button product_type_variable add_to_cart_button\" data-product_id=\"20145\" data-product_sku=\"ARR20ENG\" aria-label=\"Elige las opciones para &ldquo;Rooted in the Earth&rdquo;\" rel=\"nofollow\">Seleccionar opciones<\/a>\t<span id=\"woocommerce_loop_add_to_cart_link_describedby_20145\" class=\"screen-reader-text\">\n\t\tEste producto tiene m\u00faltiples variantes. Las opciones se pueden elegir en la p\u00e1gina de producto\t<\/span>\n<\/li>\n<li class=\"product type-product post-71868 status-publish instock product_cat-publicaciones has-post-thumbnail featured taxable shipping-taxable purchasable product-type-variable has-default-attributes\">\n\t<a href=\"https:\/\/www.estudidelmoble.com\/es\/producto\/se-abre-el-telon-aem\/\" class=\"woocommerce-LoopProduct-link woocommerce-loop-product__link\"><img loading=\"lazy\" decoding=\"async\" width=\"300\" height=\"300\" src=\"https:\/\/www.estudidelmoble.com\/wp-content\/uploads\/2025\/10\/Proyecto-nuevo-38-300x300.png\" class=\"attachment-woocommerce_thumbnail size-woocommerce_thumbnail\" alt=\"Se abre el tel\u00f3n. El mueble en las artes esc\u00e9nicas\" srcset=\"https:\/\/www.estudidelmoble.com\/wp-content\/uploads\/2025\/10\/Proyecto-nuevo-38-300x300.png 300w, https:\/\/www.estudidelmoble.com\/wp-content\/uploads\/2025\/10\/Proyecto-nuevo-38-1024x1024.png 1024w, https:\/\/www.estudidelmoble.com\/wp-content\/uploads\/2025\/10\/Proyecto-nuevo-38-150x150.png 150w, https:\/\/www.estudidelmoble.com\/wp-content\/uploads\/2025\/10\/Proyecto-nuevo-38-768x768.png 768w, https:\/\/www.estudidelmoble.com\/wp-content\/uploads\/2025\/10\/Proyecto-nuevo-38-600x600.png 600w, https:\/\/www.estudidelmoble.com\/wp-content\/uploads\/2025\/10\/Proyecto-nuevo-38-100x100.png 100w, https:\/\/www.estudidelmoble.com\/wp-content\/uploads\/2025\/10\/Proyecto-nuevo-38.png 1080w\" sizes=\"(max-width: 300px) 100vw, 300px\" \/><h2 class=\"woocommerce-loop-product__title\">Se abre el tel\u00f3n. El mueble en las artes esc\u00e9nicas<\/h2>\n\t<span class=\"price\"><span class='ywcrbp_regular_price'>Precio Normal <span class=\"woocommerce-Price-amount amount\"><bdi>16,00&nbsp;<span class=\"woocommerce-Price-currencySymbol\">&euro;<\/span><\/bdi><\/span> <small class=\"woocommerce-price-suffix\">incl.VAT<\/small> <span aria-hidden=\"true\">-<\/span> <span class=\"woocommerce-Price-amount amount\"><bdi>20,00&nbsp;<span class=\"woocommerce-Price-currencySymbol\">&euro;<\/span><\/bdi><\/span> <small class=\"woocommerce-price-suffix\">incl.VAT<\/small><span class=\"screen-reader-text\">Rango de precios: desde Precio Normal 16,00&nbsp;&euro; incl.VAT hasta 20,00&nbsp;&euro; incl.VAT<\/span><\/span><\/span>\n<\/a><a href=\"https:\/\/www.estudidelmoble.com\/es\/producto\/se-abre-el-telon-aem\/\" aria-describedby=\"woocommerce_loop_add_to_cart_link_describedby_71868\" data-quantity=\"1\" class=\"button product_type_variable add_to_cart_button\" data-product_id=\"71868\" data-product_sku=\"PUB2025\" aria-label=\"Elige las opciones para &ldquo;Se abre el tel\u00f3n. El mueble en las artes esc\u00e9nicas&rdquo;\" rel=\"nofollow\">Seleccionar opciones<\/a>\t<span id=\"woocommerce_loop_add_to_cart_link_describedby_71868\" class=\"screen-reader-text\">\n\t\tEste producto tiene m\u00faltiples variantes. Las opciones se pueden elegir en la p\u00e1gina de producto\t<\/span>\n<\/li>\n<li class=\"product type-product post-49302 status-publish instock product_cat-publicaciones product_tag-articulos product_tag-expertos product_tag-mujeres has-post-thumbnail featured taxable shipping-taxable purchasable product-type-variable\">\n\t<a href=\"https:\/\/www.estudidelmoble.com\/es\/producto\/publicacion-17-2022\/\" class=\"woocommerce-LoopProduct-link woocommerce-loop-product__link\"><img loading=\"lazy\" decoding=\"async\" width=\"300\" height=\"300\" src=\"https:\/\/www.estudidelmoble.com\/wp-content\/uploads\/2022\/07\/portada-cuadrada-300x300.jpg\" class=\"attachment-woocommerce_thumbnail size-woocommerce_thumbnail\" alt=\"El moble, tamb\u00e9 q\u00fcesti\u00f3 de dones publicaci\u00f3\" srcset=\"https:\/\/www.estudidelmoble.com\/wp-content\/uploads\/2022\/07\/portada-cuadrada-300x300.jpg 300w, https:\/\/www.estudidelmoble.com\/wp-content\/uploads\/2022\/07\/portada-cuadrada-1024x1024.jpg 1024w, https:\/\/www.estudidelmoble.com\/wp-content\/uploads\/2022\/07\/portada-cuadrada-150x150.jpg 150w, https:\/\/www.estudidelmoble.com\/wp-content\/uploads\/2022\/07\/portada-cuadrada-768x768.jpg 768w, https:\/\/www.estudidelmoble.com\/wp-content\/uploads\/2022\/07\/portada-cuadrada-1536x1536.jpg 1536w, https:\/\/www.estudidelmoble.com\/wp-content\/uploads\/2022\/07\/portada-cuadrada-2048x2048.jpg 2048w, https:\/\/www.estudidelmoble.com\/wp-content\/uploads\/2022\/07\/portada-cuadrada-600x600.jpg 600w, https:\/\/www.estudidelmoble.com\/wp-content\/uploads\/2022\/07\/portada-cuadrada-100x100.jpg 100w\" sizes=\"(max-width: 300px) 100vw, 300px\" \/><h2 class=\"woocommerce-loop-product__title\">El mueble, tambi\u00e9n cuesti\u00f3n de mujeres<\/h2>\n\t<span class=\"price\"><span class='ywcrbp_regular_price'>Precio Normal <span class=\"woocommerce-Price-amount amount\"><bdi>15,00&nbsp;<span class=\"woocommerce-Price-currencySymbol\">&euro;<\/span><\/bdi><\/span> <small class=\"woocommerce-price-suffix\">incl.VAT<\/small> <span aria-hidden=\"true\">-<\/span> <span class=\"woocommerce-Price-amount amount\"><bdi>18,00&nbsp;<span class=\"woocommerce-Price-currencySymbol\">&euro;<\/span><\/bdi><\/span> <small class=\"woocommerce-price-suffix\">incl.VAT<\/small><span class=\"screen-reader-text\">Rango de precios: desde Precio Normal 15,00&nbsp;&euro; incl.VAT hasta 18,00&nbsp;&euro; incl.VAT<\/span><\/span><\/span>\n<\/a><a href=\"https:\/\/www.estudidelmoble.com\/es\/producto\/publicacion-17-2022\/\" aria-describedby=\"woocommerce_loop_add_to_cart_link_describedby_49302\" data-quantity=\"1\" class=\"button product_type_variable add_to_cart_button\" data-product_id=\"49302\" data-product_sku=\"PUB2022\" aria-label=\"Elige las opciones para &ldquo;El mueble, tambi\u00e9n cuesti\u00f3n de mujeres&rdquo;\" rel=\"nofollow\">Seleccionar opciones<\/a>\t<span id=\"woocommerce_loop_add_to_cart_link_describedby_49302\" class=\"screen-reader-text\">\n\t\tEste producto tiene m\u00faltiples variantes. Las opciones se pueden elegir en la p\u00e1gina de producto\t<\/span>\n<\/li>\n<li class=\"product type-product post-73584 status-publish instock product_cat-dossier-aem-es has-post-thumbnail featured taxable shipping-taxable purchasable product-type-variable\">\n\t<a href=\"https:\/\/www.estudidelmoble.com\/es\/producto\/dossier-aem-num-6-impreso\/\" class=\"woocommerce-LoopProduct-link woocommerce-loop-product__link\"><img loading=\"lazy\" decoding=\"async\" width=\"300\" height=\"300\" src=\"https:\/\/www.estudidelmoble.com\/wp-content\/uploads\/2025\/12\/portada-300x300.png\" class=\"attachment-woocommerce_thumbnail size-woocommerce_thumbnail\" alt=\"Dossier AEM N\u00fam. 6 IMPRESO\" srcset=\"https:\/\/www.estudidelmoble.com\/wp-content\/uploads\/2025\/12\/portada-300x300.png 300w, https:\/\/www.estudidelmoble.com\/wp-content\/uploads\/2025\/12\/portada-150x150.png 150w, https:\/\/www.estudidelmoble.com\/wp-content\/uploads\/2025\/12\/portada-100x100.png 100w\" sizes=\"(max-width: 300px) 100vw, 300px\" \/><h2 class=\"woocommerce-loop-product__title\">Dossier AEM N\u00fam. 6 IMPRESO<\/h2>\n\t<span class=\"price\"><span class='ywcrbp_regular_price'>Precio Normal <span class=\"woocommerce-Price-amount amount\"><bdi>26,00&nbsp;<span class=\"woocommerce-Price-currencySymbol\">&euro;<\/span><\/bdi><\/span> <small class=\"woocommerce-price-suffix\">incl.VAT<\/small> <span aria-hidden=\"true\">-<\/span> <span class=\"woocommerce-Price-amount amount\"><bdi>29,00&nbsp;<span class=\"woocommerce-Price-currencySymbol\">&euro;<\/span><\/bdi><\/span> <small class=\"woocommerce-price-suffix\">incl.VAT<\/small><span class=\"screen-reader-text\">Rango de precios: desde Precio Normal 26,00&nbsp;&euro; incl.VAT hasta 29,00&nbsp;&euro; incl.VAT<\/span><\/span><\/span>\n<\/a><a href=\"https:\/\/www.estudidelmoble.com\/es\/producto\/dossier-aem-num-6-impreso\/\" aria-describedby=\"woocommerce_loop_add_to_cart_link_describedby_73584\" data-quantity=\"1\" class=\"button product_type_variable add_to_cart_button\" data-product_id=\"73584\" data-product_sku=\"DOS0006I\" aria-label=\"Elige las opciones para &ldquo;Dossier AEM N\u00fam. 6 IMPRESO&rdquo;\" rel=\"nofollow\">Seleccionar opciones<\/a>\t<span id=\"woocommerce_loop_add_to_cart_link_describedby_73584\" class=\"screen-reader-text\">\n\t\tEste producto tiene m\u00faltiples variantes. Las opciones se pueden elegir en la p\u00e1gina de producto\t<\/span>\n<\/li>\n<li class=\"product type-product post-64227 status-publish instock product_cat-publicaciones has-post-thumbnail featured taxable shipping-taxable purchasable product-type-variable\">\n\t<a href=\"https:\/\/www.estudidelmoble.com\/es\/producto\/moble-territori-tradicio-i-nova-artesania\/\" class=\"woocommerce-LoopProduct-link woocommerce-loop-product__link\"><img loading=\"lazy\" decoding=\"async\" width=\"300\" height=\"300\" src=\"https:\/\/www.estudidelmoble.com\/wp-content\/uploads\/2024\/07\/Proyecto-nuevo-1-300x300.png\" class=\"attachment-woocommerce_thumbnail size-woocommerce_thumbnail\" alt=\"Mueble. Territorio, tradici\u00f3n y Nueva Artesania\" srcset=\"https:\/\/www.estudidelmoble.com\/wp-content\/uploads\/2024\/07\/Proyecto-nuevo-1-300x300.png 300w, https:\/\/www.estudidelmoble.com\/wp-content\/uploads\/2024\/07\/Proyecto-nuevo-1-1024x1024.png 1024w, https:\/\/www.estudidelmoble.com\/wp-content\/uploads\/2024\/07\/Proyecto-nuevo-1-150x150.png 150w, https:\/\/www.estudidelmoble.com\/wp-content\/uploads\/2024\/07\/Proyecto-nuevo-1-768x768.png 768w, https:\/\/www.estudidelmoble.com\/wp-content\/uploads\/2024\/07\/Proyecto-nuevo-1-600x600.png 600w, https:\/\/www.estudidelmoble.com\/wp-content\/uploads\/2024\/07\/Proyecto-nuevo-1-100x100.png 100w, https:\/\/www.estudidelmoble.com\/wp-content\/uploads\/2024\/07\/Proyecto-nuevo-1.png 1080w\" sizes=\"(max-width: 300px) 100vw, 300px\" \/><h2 class=\"woocommerce-loop-product__title\">Mueble. Territorio, tradici\u00f3n y Nueva Artesania<\/h2>\n\t<span class=\"price\"><span class='ywcrbp_regular_price'>Precio Normal <span class=\"woocommerce-Price-amount amount\"><bdi>16,00&nbsp;<span class=\"woocommerce-Price-currencySymbol\">&euro;<\/span><\/bdi><\/span> <small class=\"woocommerce-price-suffix\">incl.VAT<\/small> <span aria-hidden=\"true\">-<\/span> <span class=\"woocommerce-Price-amount amount\"><bdi>20,00&nbsp;<span class=\"woocommerce-Price-currencySymbol\">&euro;<\/span><\/bdi><\/span> <small class=\"woocommerce-price-suffix\">incl.VAT<\/small><span class=\"screen-reader-text\">Rango de precios: desde Precio Normal 16,00&nbsp;&euro; incl.VAT hasta 20,00&nbsp;&euro; incl.VAT<\/span><\/span><\/span>\n<\/a><a href=\"https:\/\/www.estudidelmoble.com\/es\/producto\/moble-territori-tradicio-i-nova-artesania\/\" aria-describedby=\"woocommerce_loop_add_to_cart_link_describedby_64227\" data-quantity=\"1\" class=\"button product_type_variable add_to_cart_button\" data-product_id=\"64227\" data-product_sku=\"PUB2024-1\" aria-label=\"Elige las opciones para &ldquo;Mueble. Territorio, tradici\u00f3n y Nueva Artesania&rdquo;\" rel=\"nofollow\">Seleccionar opciones<\/a>\t<span id=\"woocommerce_loop_add_to_cart_link_describedby_64227\" class=\"screen-reader-text\">\n\t\tEste producto tiene m\u00faltiples variantes. Las opciones se pueden elegir en la p\u00e1gina de producto\t<\/span>\n<\/li>\n<li class=\"product type-product post-60389 status-publish last instock product_cat-publicaciones has-post-thumbnail featured taxable shipping-taxable purchasable product-type-variable\">\n\t<a href=\"https:\/\/www.estudidelmoble.com\/es\/producto\/el-moble-de-fusta-les-fustes-del-moble\/\" class=\"woocommerce-LoopProduct-link woocommerce-loop-product__link\"><img loading=\"lazy\" decoding=\"async\" width=\"300\" height=\"300\" src=\"https:\/\/www.estudidelmoble.com\/wp-content\/uploads\/2023\/11\/El-moble-de-fusta.-Les-fustes-del-moble.-Publicacion-18-1-300x300.jpg\" class=\"attachment-woocommerce_thumbnail size-woocommerce_thumbnail\" alt=\"El mueble de madera. Las maderas del mueble\" srcset=\"https:\/\/www.estudidelmoble.com\/wp-content\/uploads\/2023\/11\/El-moble-de-fusta.-Les-fustes-del-moble.-Publicacion-18-1-300x300.jpg 300w, https:\/\/www.estudidelmoble.com\/wp-content\/uploads\/2023\/11\/El-moble-de-fusta.-Les-fustes-del-moble.-Publicacion-18-1-1024x1024.jpg 1024w, https:\/\/www.estudidelmoble.com\/wp-content\/uploads\/2023\/11\/El-moble-de-fusta.-Les-fustes-del-moble.-Publicacion-18-1-150x150.jpg 150w, https:\/\/www.estudidelmoble.com\/wp-content\/uploads\/2023\/11\/El-moble-de-fusta.-Les-fustes-del-moble.-Publicacion-18-1-768x768.jpg 768w, https:\/\/www.estudidelmoble.com\/wp-content\/uploads\/2023\/11\/El-moble-de-fusta.-Les-fustes-del-moble.-Publicacion-18-1-1536x1536.jpg 1536w, https:\/\/www.estudidelmoble.com\/wp-content\/uploads\/2023\/11\/El-moble-de-fusta.-Les-fustes-del-moble.-Publicacion-18-1-600x600.jpg 600w, https:\/\/www.estudidelmoble.com\/wp-content\/uploads\/2023\/11\/El-moble-de-fusta.-Les-fustes-del-moble.-Publicacion-18-1-100x100.jpg 100w, https:\/\/www.estudidelmoble.com\/wp-content\/uploads\/2023\/11\/El-moble-de-fusta.-Les-fustes-del-moble.-Publicacion-18-1.jpg 1765w\" sizes=\"(max-width: 300px) 100vw, 300px\" \/><h2 class=\"woocommerce-loop-product__title\">El mueble de madera. Las maderas del mueble<\/h2>\n\t<span class=\"price\"><span class='ywcrbp_regular_price'>Precio Normal <span class=\"woocommerce-Price-amount amount\"><bdi>16,00&nbsp;<span class=\"woocommerce-Price-currencySymbol\">&euro;<\/span><\/bdi><\/span> <small class=\"woocommerce-price-suffix\">incl.VAT<\/small> <span aria-hidden=\"true\">-<\/span> <span class=\"woocommerce-Price-amount amount\"><bdi>20,00&nbsp;<span class=\"woocommerce-Price-currencySymbol\">&euro;<\/span><\/bdi><\/span> <small class=\"woocommerce-price-suffix\">incl.VAT<\/small><span class=\"screen-reader-text\">Rango de precios: desde Precio Normal 16,00&nbsp;&euro; incl.VAT hasta 20,00&nbsp;&euro; incl.VAT<\/span><\/span><\/span>\n<\/a><a href=\"https:\/\/www.estudidelmoble.com\/es\/producto\/el-moble-de-fusta-les-fustes-del-moble\/\" aria-describedby=\"woocommerce_loop_add_to_cart_link_describedby_60389\" data-quantity=\"1\" class=\"button product_type_variable add_to_cart_button\" data-product_id=\"60389\" data-product_sku=\"\" aria-label=\"Elige las opciones para &ldquo;El mueble de madera. Las maderas del mueble&rdquo;\" rel=\"nofollow\">Seleccionar opciones<\/a>\t<span id=\"woocommerce_loop_add_to_cart_link_describedby_60389\" class=\"screen-reader-text\">\n\t\tEste producto tiene m\u00faltiples variantes. Las opciones se pueden elegir en la p\u00e1gina de producto\t<\/span>\n<\/li>\n<\/ul>\n<\/div>\t\t\t\t<\/div>\n\t\t\t\t<\/div>\n\t\t\t\t\t<\/div>\n\t\t<\/div>\n\t\t\t\t\t<\/div>\n\t\t<\/section>\n\t\t\t\t<section class=\"elementor-section elementor-top-section elementor-element elementor-element-24930bb4 elementor-section-boxed elementor-section-height-default elementor-section-height-default\" data-id=\"24930bb4\" data-element_type=\"section\" data-e-type=\"section\">\n\t\t\t\t\t\t<div class=\"elementor-container elementor-column-gap-default\">\n\t\t\t\t\t<div class=\"elementor-column elementor-col-100 elementor-top-column elementor-element elementor-element-3665888b\" data-id=\"3665888b\" data-element_type=\"column\" data-e-type=\"column\">\n\t\t\t<div class=\"elementor-widget-wrap elementor-element-populated\">\n\t\t\t\t\t\t<div class=\"elementor-element elementor-element-3575b732 elementor-widget-divider--view-line elementor-widget elementor-widget-divider\" data-id=\"3575b732\" data-element_type=\"widget\" data-e-type=\"widget\" data-widget_type=\"divider.default\">\n\t\t\t\t\t\t\t<div class=\"elementor-divider\">\n\t\t\t<span class=\"elementor-divider-separator\">\n\t\t\t\t\t\t<\/span>\n\t\t<\/div>\n\t\t\t\t\t\t<\/div>\n\t\t\t\t<div class=\"elementor-element elementor-element-4a301d82 elementor-widget elementor-widget-spacer\" data-id=\"4a301d82\" data-element_type=\"widget\" data-e-type=\"widget\" data-widget_type=\"spacer.default\">\n\t\t\t\t\t\t\t<div class=\"elementor-spacer\">\n\t\t\t<div class=\"elementor-spacer-inner\"><\/div>\n\t\t<\/div>\n\t\t\t\t\t\t<\/div>\n\t\t\t\t<div class=\"elementor-element elementor-element-77d11f72 elementor-widget elementor-widget-heading\" data-id=\"77d11f72\" data-element_type=\"widget\" data-e-type=\"widget\" data-widget_type=\"heading.default\">\n\t\t\t\t\t<h3 class=\"elementor-heading-title elementor-size-default\">Mi cuenta<\/h3>\t\t\t\t<\/div>\n\t\t\t\t<div class=\"elementor-element elementor-element-298a848d elementor-widget elementor-widget-global elementor-global-19512 elementor-widget-wc-elements\" data-id=\"298a848d\" data-element_type=\"widget\" data-e-type=\"widget\" data-widget_type=\"wc-elements.default\">\n\t\t\t\t<div class=\"elementor-widget-container\">\n\t\t\t\t\t<div class=\"woocommerce\"><div class=\"woocommerce-notices-wrapper\"><\/div>\n\n<div class=\"u-columns col2-set\" id=\"customer_login\">\n\n\t<div class=\"u-column1 col-1\">\n\n\n\t\t<h2>Acceder<\/h2>\n\n\t\t<form class=\"woocommerce-form woocommerce-form-login login\" method=\"post\" novalidate>\n\n\t\t\t\n\t\t\t<p class=\"woocommerce-form-row woocommerce-form-row--wide form-row form-row-wide\">\n\t\t\t\t<label for=\"username\">Nombre de usuario o correo electr\u00f3nico&nbsp;<span class=\"required\" aria-hidden=\"true\">*<\/span><span class=\"screen-reader-text\">Obligatorio<\/span><\/label>\n\t\t\t\t<input type=\"text\" class=\"woocommerce-Input woocommerce-Input--text input-text\" name=\"username\" id=\"username\" autocomplete=\"username\" value=\"\" required aria-required=\"true\" \/>\t\t\t<\/p>\n\t\t\t<p class=\"woocommerce-form-row woocommerce-form-row--wide form-row form-row-wide\">\n\t\t\t\t<label for=\"password\">Contrase\u00f1a&nbsp;<span class=\"required\" aria-hidden=\"true\">*<\/span><span class=\"screen-reader-text\">Obligatorio<\/span><\/label>\n\t\t\t\t<input class=\"woocommerce-Input woocommerce-Input--text input-text\" type=\"password\" name=\"password\" id=\"password\" autocomplete=\"current-password\" required aria-required=\"true\" \/>\n\t\t\t<\/p>\n\n\t\t\t\n\t\t\t<p class=\"form-row\">\n\t\t\t\t<label class=\"woocommerce-form__label woocommerce-form__label-for-checkbox woocommerce-form-login__rememberme\">\n\t\t\t\t\t<input class=\"woocommerce-form__input woocommerce-form__input-checkbox\" name=\"rememberme\" type=\"checkbox\" id=\"rememberme\" value=\"forever\" \/> <span>Recu\u00e9rdame<\/span>\n\t\t\t\t<\/label>\n\t\t\t\t<input type=\"hidden\" id=\"woocommerce-login-nonce\" name=\"woocommerce-login-nonce\" value=\"f2aa43c0b5\" \/><input type=\"hidden\" name=\"_wp_http_referer\" value=\"\/es\/wp-json\/wp\/v2\/pages\/19786\" \/>\t\t\t\t<button type=\"submit\" class=\"woocommerce-button button woocommerce-form-login__submit\" name=\"login\" value=\"Acceso\">Acceso<\/button>\n\t\t\t<\/p>\n\t\t\t<p class=\"woocommerce-LostPassword lost_password\">\n\t\t\t\t<a href=\"https:\/\/www.estudidelmoble.com\/es\/mi-cuenta\/lost-password\/\">\u00bfOlvidaste la contrase\u00f1a?<\/a>\n\t\t\t<\/p>\n\n\t\t\t\n\t\t<\/form>\n\n\n\t<\/div>\n\n\t<div class=\"u-column2 col-2\">\n\n\t\t<h2>Registrarse<\/h2>\n\n\t\t<form method=\"post\" class=\"woocommerce-form woocommerce-form-register register\"  >\n\n\t\t\t\n\t\t\t\n\t\t\t<p class=\"woocommerce-form-row woocommerce-form-row--wide form-row form-row-wide\">\n\t\t\t\t<label for=\"reg_email\">Direcci\u00f3n de correo electr\u00f3nico&nbsp;<span class=\"required\" aria-hidden=\"true\">*<\/span><span class=\"screen-reader-text\">Obligatorio<\/span><\/label>\n\t\t\t\t<input type=\"email\" class=\"woocommerce-Input woocommerce-Input--text input-text\" name=\"email\" id=\"reg_email\" autocomplete=\"email\" value=\"\" required aria-required=\"true\" \/>\t\t\t<\/p>\n\n\t\t\t\n\t\t\t\t<p>Se enviar\u00e1 un enlace a tu direcci\u00f3n de correo electr\u00f3nico para establecer una nueva contrase\u00f1a.<\/p>\n\n\t\t\t\n\t\t\t<wc-order-attribution-inputs><\/wc-order-attribution-inputs><div class=\"woocommerce-privacy-policy-text\"><p>Les dades personals s'utilitzaran per millorar l'experi\u00e8ncia d'usuari en tot aquest lloc web, per gestionar l'acc\u00e9s al compte, i per altres prop\u00f2sits descrits a la <a href=\"https:\/\/www.estudidelmoble.com\/politica-de-privacitat\/\" class=\"woocommerce-privacy-policy-link\" target=\"_blank\">pol\u00edtica de privacidad<\/a>.<\/p>\n<\/div>\n\t\t\t<p class=\"woocommerce-form-row form-row\">\n\t\t\t\t<input type=\"hidden\" id=\"woocommerce-register-nonce\" name=\"woocommerce-register-nonce\" value=\"a12369e50b\" \/><input type=\"hidden\" name=\"_wp_http_referer\" value=\"\/es\/wp-json\/wp\/v2\/pages\/19786\" \/>\t\t\t\t<button type=\"submit\" class=\"woocommerce-Button woocommerce-button button woocommerce-form-register__submit\" name=\"register\" value=\"Registrarse\">Registrarse<\/button>\n\t\t\t<\/p>\n\n\t\t\t\n\t\t<\/form>\n\n\t<\/div>\n\n<\/div>\n\n<\/div>\t\t\t\t<\/div>\n\t\t\t\t<\/div>\n\t\t\t\t\t<\/div>\n\t\t<\/div>\n\t\t\t\t\t<\/div>\n\t\t<\/section>\n\t\t\t\t<\/div>\n\t\t","protected":false},"excerpt":{"rendered":"<p>Botiga El meu compte Destacat Mi cuenta<\/p>\n","protected":false},"author":1,"featured_media":0,"parent":39396,"menu_order":0,"comment_status":"closed","ping_status":"closed","template":"","meta":{"_acf_changed":false,"footnotes":""},"class_list":["post-19786","page","type-page","status-publish","hentry"],"acf":[],"_links":{"self":[{"href":"https:\/\/www.estudidelmoble.com\/es\/wp-json\/wp\/v2\/pages\/19786","targetHints":{"allow":["GET"]}}],"collection":[{"href":"https:\/\/www.estudidelmoble.com\/es\/wp-json\/wp\/v2\/pages"}],"about":[{"href":"https:\/\/www.estudidelmoble.com\/es\/wp-json\/wp\/v2\/types\/page"}],"author":[{"embeddable":true,"href":"https:\/\/www.estudidelmoble.com\/es\/wp-json\/wp\/v2\/users\/1"}],"replies":[{"embeddable":true,"href":"https:\/\/www.estudidelmoble.com\/es\/wp-json\/wp\/v2\/comments?post=19786"}],"version-history":[{"count":0,"href":"https:\/\/www.estudidelmoble.com\/es\/wp-json\/wp\/v2\/pages\/19786\/revisions"}],"up":[{"embeddable":true,"href":"https:\/\/www.estudidelmoble.com\/es\/wp-json\/wp\/v2\/pages\/39396"}],"wp:attachment":[{"href":"https:\/\/www.estudidelmoble.com\/es\/wp-json\/wp\/v2\/media?parent=19786"}],"curies":[{"name":"wp","href":"https:\/\/api.w.org\/{rel}","templated":true}]}}