{"id":38096,"date":"2019-10-01T09:17:08","date_gmt":"2019-10-01T07:17:08","guid":{"rendered":"https:\/\/www.estudidelmoble.com\/quienes-somos\/equipo\/"},"modified":"2025-09-01T14:43:11","modified_gmt":"2025-09-01T12:43:11","slug":"equipo","status":"publish","type":"page","link":"https:\/\/www.estudidelmoble.com\/es\/quienes-somos\/equipo\/","title":{"rendered":"Equipo"},"content":{"rendered":"\t\t<div data-elementor-type=\"wp-post\" data-elementor-id=\"38096\" class=\"elementor elementor-38096 elementor-2865\" data-elementor-post-type=\"page\">\n\t\t\t\t\t\t<section class=\"elementor-section elementor-top-section elementor-element elementor-element-675cc9b elementor-section-boxed elementor-section-height-default elementor-section-height-default\" data-id=\"675cc9b\" data-element_type=\"section\" data-e-type=\"section\">\n\t\t\t\t\t\t<div class=\"elementor-container elementor-column-gap-default\">\n\t\t\t\t\t<div class=\"elementor-column elementor-col-100 elementor-top-column elementor-element elementor-element-abc8ebd\" data-id=\"abc8ebd\" data-element_type=\"column\" data-e-type=\"column\">\n\t\t\t<div class=\"elementor-widget-wrap elementor-element-populated\">\n\t\t\t\t\t\t<div class=\"elementor-element elementor-element-9a19583 elementor-widget elementor-widget-spacer\" data-id=\"9a19583\" data-element_type=\"widget\" data-e-type=\"widget\" data-widget_type=\"spacer.default\">\n\t\t\t\t\t\t\t<div class=\"elementor-spacer\">\n\t\t\t<div class=\"elementor-spacer-inner\"><\/div>\n\t\t<\/div>\n\t\t\t\t\t\t<\/div>\n\t\t\t\t<div class=\"elementor-element elementor-element-82a65f1 elementor-widget elementor-widget-heading\" data-id=\"82a65f1\" data-element_type=\"widget\" data-e-type=\"widget\" data-widget_type=\"heading.default\">\n\t\t\t\t\t<h1 class=\"elementor-heading-title elementor-size-default\">Equipo humano<\/h1>\t\t\t\t<\/div>\n\t\t\t\t<div class=\"elementor-element elementor-element-9393e26 elementor-widget elementor-widget-spacer\" data-id=\"9393e26\" data-element_type=\"widget\" data-e-type=\"widget\" data-widget_type=\"spacer.default\">\n\t\t\t\t\t\t\t<div class=\"elementor-spacer\">\n\t\t\t<div class=\"elementor-spacer-inner\"><\/div>\n\t\t<\/div>\n\t\t\t\t\t\t<\/div>\n\t\t\t\t\t<\/div>\n\t\t<\/div>\n\t\t\t\t\t<\/div>\n\t\t<\/section>\n\t\t\t\t<section class=\"elementor-section elementor-top-section elementor-element elementor-element-c5da0c6 elementor-section-boxed elementor-section-height-default elementor-section-height-default\" data-id=\"c5da0c6\" data-element_type=\"section\" data-e-type=\"section\">\n\t\t\t\t\t\t<div class=\"elementor-container elementor-column-gap-default\">\n\t\t\t\t\t<div class=\"elementor-column elementor-col-11 elementor-top-column elementor-element elementor-element-a8bd652\" data-id=\"a8bd652\" data-element_type=\"column\" data-e-type=\"column\">\n\t\t\t<div class=\"elementor-widget-wrap elementor-element-populated\">\n\t\t\t\t\t\t\t<\/div>\n\t\t<\/div>\n\t\t\t\t<div class=\"elementor-column elementor-col-11 elementor-top-column elementor-element elementor-element-fe42310\" data-id=\"fe42310\" data-element_type=\"column\" data-e-type=\"column\">\n\t\t\t<div class=\"elementor-widget-wrap elementor-element-populated\">\n\t\t\t\t\t\t<div class=\"elementor-element elementor-element-46156b7 elementor-widget elementor-widget-image\" data-id=\"46156b7\" data-element_type=\"widget\" data-e-type=\"widget\" data-settings=\"{&quot;_animation&quot;:&quot;none&quot;}\" data-widget_type=\"image.default\">\n\t\t\t\t\t\t\t\t\t\t\t\t\t\t\t\t<a href=\"https:\/\/ub.academia.edu\/M%C3%B3nicaPiera\" target=\"_blank\" rel=\"noopener\">\n\t\t\t\t\t\t\t<img fetchpriority=\"high\" decoding=\"async\" width=\"768\" height=\"768\" src=\"https:\/\/www.estudidelmoble.com\/wp-content\/uploads\/2019\/09\/PieraMiquelMonica-1024x768-2-1-768x768.jpg\" class=\"attachment-medium_large size-medium_large wp-image-3864\" alt=\"\" srcset=\"https:\/\/www.estudidelmoble.com\/wp-content\/uploads\/2019\/09\/PieraMiquelMonica-1024x768-2-1.jpg 768w, https:\/\/www.estudidelmoble.com\/wp-content\/uploads\/2019\/09\/PieraMiquelMonica-1024x768-2-1-300x300.jpg 300w, https:\/\/www.estudidelmoble.com\/wp-content\/uploads\/2019\/09\/PieraMiquelMonica-1024x768-2-1-100x100.jpg 100w, https:\/\/www.estudidelmoble.com\/wp-content\/uploads\/2019\/09\/PieraMiquelMonica-1024x768-2-1-600x600.jpg 600w, https:\/\/www.estudidelmoble.com\/wp-content\/uploads\/2019\/09\/PieraMiquelMonica-1024x768-2-1-150x150.jpg 150w\" sizes=\"(max-width: 768px) 100vw, 768px\" \/>\t\t\t\t\t\t\t\t<\/a>\n\t\t\t\t\t\t\t\t\t\t\t\t\t\t\t<\/div>\n\t\t\t\t<div class=\"elementor-element elementor-element-ad230a6 elementor-widget elementor-widget-heading\" data-id=\"ad230a6\" data-element_type=\"widget\" data-e-type=\"widget\" data-widget_type=\"heading.default\">\n\t\t\t\t\t<h3 class=\"elementor-heading-title elementor-size-default\"><a href=\"https:\/\/ub.academia.edu\/M%C3%B3nicaPiera\" target=\"_blank\" rel=\"noopener\">M\u00f3nica Piera<\/a><\/h3>\t\t\t\t<\/div>\n\t\t\t\t<div class=\"elementor-element elementor-element-ed91eaf elementor-widget elementor-widget-spacer\" data-id=\"ed91eaf\" data-element_type=\"widget\" data-e-type=\"widget\" data-widget_type=\"spacer.default\">\n\t\t\t\t\t\t\t<div class=\"elementor-spacer\">\n\t\t\t<div class=\"elementor-spacer-inner\"><\/div>\n\t\t<\/div>\n\t\t\t\t\t\t<\/div>\n\t\t\t\t<div class=\"elementor-element elementor-element-75e6515 elementor-widget elementor-widget-text-editor\" data-id=\"75e6515\" data-element_type=\"widget\" data-e-type=\"widget\" data-widget_type=\"text-editor.default\">\n\t\t\t\t\t\t\t\t\t<p>Presidenta de la AEM. Doctora en Historia del Arte por la UB y diplomada en Sothebys, Londres. Miembro del Comit\u00e9 internacional de selecci\u00f3n de piezas de TEFAF, Maastricht y Acad\u00e9mica de la Real Academia Catalana de Bellas Artes de Sant Jordi. Es especialista en historia del mueble y ejerce como profesional aut\u00f3noma como investigadora, asesora de colecciones, comisaria de exposiciones y conferenciante. Destacan sus aportaciones en revistas cient\u00edficas y libros monogr\u00e1ficos, en especial las referentes al mueble catal\u00e1n. Como asesora trabaja para el Centro de Restauraci\u00f3n de Bienes Muebles de Catalu\u00f1a, el Museo del Dise\u00f1o de Barcelona y la Fundaci\u00f3n Ram\u00f3n Pla Armengol.<\/p>\n\t\t\t\t\t\t\t\t<\/div>\n\t\t\t\t<div class=\"elementor-element elementor-element-c86b3ba elementor-widget elementor-widget-text-editor\" data-id=\"c86b3ba\" data-element_type=\"widget\" data-e-type=\"widget\" data-widget_type=\"text-editor.default\">\n\t\t\t\t\t\t\t\t\t<p style=\"text-align: right;\" data-mce-style=\"text-align: right;\"><a href=\"https:\/\/ub.academia.edu\/M%C3%B3nicaPiera\" data-mce-href=\"https:\/\/ub.academia.edu\/M%C3%B3nicaPiera\" data-mce- target=\"_blank\" rel=\"noopener\">Publicacions AQU\u00cd<\/a><\/p>\n<div id=\"s3gt_translate_tooltip_mini\" class=\"s3gt_translate_tooltip_mini_box\" style=\"background: initial !important; border: initial !important; border-radius: initial !important; border-spacing: initial !important; border-collapse: initial !important; direction: ltr !important; flex-direction: initial !important; font-weight: initial !important; height: initial !important; letter-spacing: initial !important; min-width: initial !important; max-width: initial !important; min-height: initial !important; max-height: initial !important; margin: auto !important; outline: initial !important; padding: initial !important; position: absolute; table-layout: initial !important; text-align: initial !important; text-shadow: initial !important; width: initial !important; word-break: initial !important; word-spacing: initial !important; overflow-wrap: initial !important; box-sizing: initial !important; display: initial !important; color: inherit !important; font-size: 13px !important; font-family: X-LocaleSpecific, sans-serif, Tahoma, Helvetica !important; line-height: 13px !important; vertical-align: top !important; white-space: inherit !important; left: 179px; top: 35px; opacity: 0.65;\" data-mce-style=\"background: initial !important; border: initial !important; border-radius: initial !important; border-spacing: initial !important; border-collapse: initial !important; direction: ltr !important; flex-direction: initial !important; font-weight: initial !important; height: initial !important; letter-spacing: initial !important; min-width: initial !important; max-width: initial !important; min-height: initial !important; max-height: initial !important; margin: auto !important; outline: initial !important; padding: initial !important; position: absolute; table-layout: initial !important; text-align: initial !important; text-shadow: initial !important; width: initial !important; word-break: initial !important; word-spacing: initial !important; overflow-wrap: initial !important; box-sizing: initial !important; display: initial !important; color: inherit !important; font-size: 13px !important; font-family: X-LocaleSpecific, sans-serif, Tahoma, Helvetica !important; line-height: 13px !important; vertical-align: top !important; white-space: inherit !important; left: 179px; top: 35px; opacity: 0.65;\">\n<div id=\"s3gt_translate_tooltip_mini_logo\" class=\"s3gt_translate_tooltip_mini\" title=\"Tradueix el text seleccionat\"><\/div>\n<div id=\"s3gt_translate_tooltip_mini_sound\" class=\"s3gt_translate_tooltip_mini\" title=\"Reprodueix\"><\/div>\n<div id=\"s3gt_translate_tooltip_mini_copy\" class=\"s3gt_translate_tooltip_mini\" title=\"Copia el text al porta-retalls\"><\/div>\n<\/div>\n\t\t\t\t\t\t\t\t<\/div>\n\t\t\t\t\t<\/div>\n\t\t<\/div>\n\t\t\t\t<div class=\"elementor-column elementor-col-11 elementor-top-column elementor-element elementor-element-fa467ac\" data-id=\"fa467ac\" data-element_type=\"column\" data-e-type=\"column\">\n\t\t\t<div class=\"elementor-widget-wrap elementor-element-populated\">\n\t\t\t\t\t\t<div class=\"elementor-element elementor-element-5facb36 elementor-widget elementor-widget-image\" data-id=\"5facb36\" data-element_type=\"widget\" data-e-type=\"widget\" data-settings=\"{&quot;_animation&quot;:&quot;none&quot;}\" data-widget_type=\"image.default\">\n\t\t\t\t\t\t\t\t\t\t\t\t\t\t\t<img decoding=\"async\" width=\"765\" height=\"765\" src=\"https:\/\/www.estudidelmoble.com\/wp-content\/uploads\/2024\/01\/ivette-Vilalta.jpg\" class=\"attachment-medium_large size-medium_large wp-image-60502\" alt=\"\" srcset=\"https:\/\/www.estudidelmoble.com\/wp-content\/uploads\/2024\/01\/ivette-Vilalta.jpg 765w, https:\/\/www.estudidelmoble.com\/wp-content\/uploads\/2024\/01\/ivette-Vilalta-300x300.jpg 300w, https:\/\/www.estudidelmoble.com\/wp-content\/uploads\/2024\/01\/ivette-Vilalta-150x150.jpg 150w, https:\/\/www.estudidelmoble.com\/wp-content\/uploads\/2024\/01\/ivette-Vilalta-600x600.jpg 600w, https:\/\/www.estudidelmoble.com\/wp-content\/uploads\/2024\/01\/ivette-Vilalta-100x100.jpg 100w\" sizes=\"(max-width: 765px) 100vw, 765px\" \/>\t\t\t\t\t\t\t\t\t\t\t\t\t\t\t<\/div>\n\t\t\t\t<div class=\"elementor-element elementor-element-b5fff7c elementor-widget elementor-widget-heading\" data-id=\"b5fff7c\" data-element_type=\"widget\" data-e-type=\"widget\" data-widget_type=\"heading.default\">\n\t\t\t\t\t<h3 class=\"elementor-heading-title elementor-size-default\">Ivette Vilalta<\/h3>\t\t\t\t<\/div>\n\t\t\t\t<div class=\"elementor-element elementor-element-63cee6f elementor-widget elementor-widget-spacer\" data-id=\"63cee6f\" data-element_type=\"widget\" data-e-type=\"widget\" data-widget_type=\"spacer.default\">\n\t\t\t\t\t\t\t<div class=\"elementor-spacer\">\n\t\t\t<div class=\"elementor-spacer-inner\"><\/div>\n\t\t<\/div>\n\t\t\t\t\t\t<\/div>\n\t\t\t\t<div class=\"elementor-element elementor-element-3bdb91d elementor-widget elementor-widget-text-editor\" data-id=\"3bdb91d\" data-element_type=\"widget\" data-e-type=\"widget\" data-widget_type=\"text-editor.default\">\n\t\t\t\t\t\t\t\t\t<p>Vocal de la junta.<br \/>Llicenciada en Publicitat a l&#8217;Universidad APEC a Santo Domingo, Rep. Dominicana; postgrau en Marketing (INTEC), master en periodismo digital (IUP, Universidad Aut\u00f3noma de Madrid) i MBA &nbsp;en EAE.<br \/>Amant del moble antic i les hist\u00f2ries que expliquen.<br \/>Va estudiar restauraci\u00f3 i conservaci\u00f3 de mobles i material etnogr\u00e0fic a Ecore.<br \/>Restaura i recupera mobles per preservar la seva hist\u00f2ria i donar-los una nova vida en Lo Moble Antic.<\/p>\n\t\t\t\t\t\t\t\t<\/div>\n\t\t\t\t\t<\/div>\n\t\t<\/div>\n\t\t\t\t<div class=\"elementor-column elementor-col-11 elementor-top-column elementor-element elementor-element-7868162\" data-id=\"7868162\" data-element_type=\"column\" data-e-type=\"column\">\n\t\t\t<div class=\"elementor-widget-wrap elementor-element-populated\">\n\t\t\t\t\t\t<div class=\"elementor-element elementor-element-24bd266 elementor-widget elementor-widget-image\" data-id=\"24bd266\" data-element_type=\"widget\" data-e-type=\"widget\" data-settings=\"{&quot;_animation&quot;:&quot;none&quot;}\" data-widget_type=\"image.default\">\n\t\t\t\t\t\t\t\t\t\t\t\t\t\t\t<img decoding=\"async\" width=\"193\" height=\"200\" src=\"https:\/\/www.estudidelmoble.com\/wp-content\/uploads\/2025\/09\/Captura-de-pantalla-2025-09-01-133658-2.png\" class=\"attachment-medium_large size-medium_large wp-image-70622\" alt=\"\" \/>\t\t\t\t\t\t\t\t\t\t\t\t\t\t\t<\/div>\n\t\t\t\t<div class=\"elementor-element elementor-element-c747a73 elementor-widget elementor-widget-heading\" data-id=\"c747a73\" data-element_type=\"widget\" data-e-type=\"widget\" data-widget_type=\"heading.default\">\n\t\t\t\t\t<h3 class=\"elementor-heading-title elementor-size-default\">Montse Morgades<\/h3>\t\t\t\t<\/div>\n\t\t\t\t<div class=\"elementor-element elementor-element-aee9ffb elementor-widget elementor-widget-spacer\" data-id=\"aee9ffb\" data-element_type=\"widget\" data-e-type=\"widget\" data-widget_type=\"spacer.default\">\n\t\t\t\t\t\t\t<div class=\"elementor-spacer\">\n\t\t\t<div class=\"elementor-spacer-inner\"><\/div>\n\t\t<\/div>\n\t\t\t\t\t\t<\/div>\n\t\t\t\t<div class=\"elementor-element elementor-element-ef22ac1 elementor-widget elementor-widget-text-editor\" data-id=\"ef22ac1\" data-element_type=\"widget\" data-e-type=\"widget\" data-widget_type=\"text-editor.default\">\n\t\t\t\t\t\t\t\t\t<p>Tesorera de la AEM. Forma parte de la Asociaci\u00f3n para el Estudio del Mueble desde sus inicios. Ha dedicado su vida al arte y las antig\u00fcedades, y asesora a coleccionistas. Trabaj\u00f3 en la casa de subastas y ha sido socia de Clavell &amp; Morgades, anticuario situado en Barcelona, especializado en alta \u00e9poca y pintura catalana. Le interesan especialmente la cer\u00e1mica, el vidrio y los tejidos.<\/p>\n\t\t\t\t\t\t\t\t<\/div>\n\t\t\t\t\t<\/div>\n\t\t<\/div>\n\t\t\t\t<div class=\"elementor-column elementor-col-11 elementor-top-column elementor-element elementor-element-365aa4c\" data-id=\"365aa4c\" data-element_type=\"column\" data-e-type=\"column\">\n\t\t\t<div class=\"elementor-widget-wrap elementor-element-populated\">\n\t\t\t\t\t\t<div class=\"elementor-element elementor-element-1460eac elementor-widget elementor-widget-image\" data-id=\"1460eac\" data-element_type=\"widget\" data-e-type=\"widget\" data-settings=\"{&quot;_animation&quot;:&quot;none&quot;}\" data-widget_type=\"image.default\">\n\t\t\t\t\t\t\t\t\t\t\t\t\t\t\t<img loading=\"lazy\" decoding=\"async\" width=\"579\" height=\"579\" src=\"https:\/\/www.estudidelmoble.com\/wp-content\/uploads\/2019\/10\/N\u00faria-2.jpg\" class=\"attachment-medium_large size-medium_large wp-image-3673\" alt=\"\" srcset=\"https:\/\/www.estudidelmoble.com\/wp-content\/uploads\/2019\/10\/N\u00faria-2.jpg 579w, https:\/\/www.estudidelmoble.com\/wp-content\/uploads\/2019\/10\/N\u00faria-2-300x300.jpg 300w, https:\/\/www.estudidelmoble.com\/wp-content\/uploads\/2019\/10\/N\u00faria-2-100x100.jpg 100w, https:\/\/www.estudidelmoble.com\/wp-content\/uploads\/2019\/10\/N\u00faria-2-350x350.jpg 350w, https:\/\/www.estudidelmoble.com\/wp-content\/uploads\/2019\/10\/N\u00faria-2-150x150.jpg 150w\" sizes=\"(max-width: 579px) 100vw, 579px\" \/>\t\t\t\t\t\t\t\t\t\t\t\t\t\t\t<\/div>\n\t\t\t\t<div class=\"elementor-element elementor-element-ec2392c elementor-widget elementor-widget-heading\" data-id=\"ec2392c\" data-element_type=\"widget\" data-e-type=\"widget\" data-widget_type=\"heading.default\">\n\t\t\t\t\t<h3 class=\"elementor-heading-title elementor-size-default\">N\u00faria Ruiz<\/h3>\t\t\t\t<\/div>\n\t\t\t\t<div class=\"elementor-element elementor-element-b1d337c elementor-widget elementor-widget-spacer\" data-id=\"b1d337c\" data-element_type=\"widget\" data-e-type=\"widget\" data-widget_type=\"spacer.default\">\n\t\t\t\t\t\t\t<div class=\"elementor-spacer\">\n\t\t\t<div class=\"elementor-spacer-inner\"><\/div>\n\t\t<\/div>\n\t\t\t\t\t\t<\/div>\n\t\t\t\t<div class=\"elementor-element elementor-element-ac372dd elementor-widget elementor-widget-text-editor\" data-id=\"ac372dd\" data-element_type=\"widget\" data-e-type=\"widget\" data-widget_type=\"text-editor.default\">\n\t\t\t\t\t\t\t\t\t<p>Vocal de la junta. Historiadora del arte. M\u00e0ster de Estudios Avanzados en Hist\u00f3ria del Arte en la UB.<\/p>\n<p>Est\u00e1 al frente de los viajes y salidas de la AEM, controlando de manera impecable cada detalle para ofrecer una experiencia \u00fanica: riqueza de contenidos, aprovechamiento del tiempo y seriedad en la organizaci\u00f3n.<\/p>\n<p>Tiene como finalidad acercarnos a aquellas buenas colecciones de arte, en especial de artes decorativas que habitualmente no est\u00e1n al alcance del gran p\u00fablico y se asegura que las personas que nos las explican sean expertas en el tema.<\/p>\n\t\t\t\t\t\t\t\t<\/div>\n\t\t\t\t\t<\/div>\n\t\t<\/div>\n\t\t\t\t<div class=\"elementor-column elementor-col-11 elementor-top-column elementor-element elementor-element-e5ac126\" data-id=\"e5ac126\" data-element_type=\"column\" data-e-type=\"column\">\n\t\t\t<div class=\"elementor-widget-wrap elementor-element-populated\">\n\t\t\t\t\t\t<div class=\"elementor-element elementor-element-366b046 elementor-widget elementor-widget-image\" data-id=\"366b046\" data-element_type=\"widget\" data-e-type=\"widget\" data-settings=\"{&quot;_animation&quot;:&quot;none&quot;}\" data-widget_type=\"image.default\">\n\t\t\t\t\t\t\t\t\t\t\t\t\t\t\t<img loading=\"lazy\" decoding=\"async\" width=\"768\" height=\"768\" src=\"https:\/\/www.estudidelmoble.com\/wp-content\/uploads\/2019\/10\/joan-guell-768x768.jpg\" class=\"attachment-medium_large size-medium_large wp-image-4188\" alt=\"\" srcset=\"https:\/\/www.estudidelmoble.com\/wp-content\/uploads\/2019\/10\/joan-guell-768x768.jpg 768w, https:\/\/www.estudidelmoble.com\/wp-content\/uploads\/2019\/10\/joan-guell-300x300.jpg 300w, https:\/\/www.estudidelmoble.com\/wp-content\/uploads\/2019\/10\/joan-guell-100x100.jpg 100w, https:\/\/www.estudidelmoble.com\/wp-content\/uploads\/2019\/10\/joan-guell-600x600.jpg 600w, https:\/\/www.estudidelmoble.com\/wp-content\/uploads\/2019\/10\/joan-guell-150x150.jpg 150w, https:\/\/www.estudidelmoble.com\/wp-content\/uploads\/2019\/10\/joan-guell.jpg 1024w\" sizes=\"(max-width: 768px) 100vw, 768px\" \/>\t\t\t\t\t\t\t\t\t\t\t\t\t\t\t<\/div>\n\t\t\t\t<div class=\"elementor-element elementor-element-1d09019 elementor-widget elementor-widget-heading\" data-id=\"1d09019\" data-element_type=\"widget\" data-e-type=\"widget\" data-widget_type=\"heading.default\">\n\t\t\t\t\t<h3 class=\"elementor-heading-title elementor-size-default\">Joan G\u00fcell<\/h3>\t\t\t\t<\/div>\n\t\t\t\t<div class=\"elementor-element elementor-element-18a3165 elementor-widget elementor-widget-spacer\" data-id=\"18a3165\" data-element_type=\"widget\" data-e-type=\"widget\" data-widget_type=\"spacer.default\">\n\t\t\t\t\t\t\t<div class=\"elementor-spacer\">\n\t\t\t<div class=\"elementor-spacer-inner\"><\/div>\n\t\t<\/div>\n\t\t\t\t\t\t<\/div>\n\t\t\t\t<div class=\"elementor-element elementor-element-ffc9e3d elementor-widget elementor-widget-text-editor\" data-id=\"ffc9e3d\" data-element_type=\"widget\" data-e-type=\"widget\" data-widget_type=\"text-editor.default\">\n\t\t\t\t\t\t\t\t\t<p>Vocal de la junta. Licenciado en Historia del Arte y DEA (diploma de estudios avanzados) por la Universitat de Barcelona. Diplomatura en Restauraci\u00f3n de mobiliario y pintura decorativa en EPSAR. Restaurador de muebles y pintor decorador profesional.<\/p>\n<p>Realizaci\u00f3n de cursos, monogr\u00e1ficos, conferencias de historia del mueble en EPSAR, Associaci\u00f3 d\u2019Amics de les Antiguitats ERA, Escola d\u2019 Antiquaris de Barcelona y Associaci\u00f3 per a l\u2019Estudi del Moble.<\/p>\n<p>Trabajo de catalogaci\u00f3n de mobiliario en las casas de subastas de Subarna y Balclis de Barcelona. Publicaci\u00f3n de diferentes art\u00edculos especializados en Historia del mueble.<\/p>\n\t\t\t\t\t\t\t\t<\/div>\n\t\t\t\t\t<\/div>\n\t\t<\/div>\n\t\t\t\t<div class=\"elementor-column elementor-col-11 elementor-top-column elementor-element elementor-element-911f6cb\" data-id=\"911f6cb\" data-element_type=\"column\" data-e-type=\"column\">\n\t\t\t<div class=\"elementor-widget-wrap elementor-element-populated\">\n\t\t\t\t\t\t<div class=\"elementor-element elementor-element-617f4ca elementor-widget elementor-widget-image\" data-id=\"617f4ca\" data-element_type=\"widget\" data-e-type=\"widget\" data-settings=\"{&quot;_animation&quot;:&quot;none&quot;}\" data-widget_type=\"image.default\">\n\t\t\t\t\t\t\t\t\t\t\t\t\t\t\t<img loading=\"lazy\" decoding=\"async\" width=\"240\" height=\"270\" src=\"https:\/\/www.estudidelmoble.com\/wp-content\/uploads\/2023\/06\/Foto-Angels-Pares-e1690535190820.jpeg\" class=\"attachment-medium_large size-medium_large wp-image-57499\" alt=\"\" \/>\t\t\t\t\t\t\t\t\t\t\t\t\t\t\t<\/div>\n\t\t\t\t<div class=\"elementor-element elementor-element-333bdab elementor-widget elementor-widget-heading\" data-id=\"333bdab\" data-element_type=\"widget\" data-e-type=\"widget\" data-widget_type=\"heading.default\">\n\t\t\t\t\t<h3 class=\"elementor-heading-title elementor-size-default\">\u00c0ngels Par\u00e9s<\/h3>\t\t\t\t<\/div>\n\t\t\t\t<div class=\"elementor-element elementor-element-b50bb77 elementor-widget elementor-widget-spacer\" data-id=\"b50bb77\" data-element_type=\"widget\" data-e-type=\"widget\" data-widget_type=\"spacer.default\">\n\t\t\t\t\t\t\t<div class=\"elementor-spacer\">\n\t\t\t<div class=\"elementor-spacer-inner\"><\/div>\n\t\t<\/div>\n\t\t\t\t\t\t<\/div>\n\t\t\t\t<div class=\"elementor-element elementor-element-448cdf1 elementor-widget elementor-widget-text-editor\" data-id=\"448cdf1\" data-element_type=\"widget\" data-e-type=\"widget\" data-widget_type=\"text-editor.default\">\n\t\t\t\t\t\t\t\t\t<p>Vocal de la junta. Llicenciada en Hist\u00f2ria de l\u2019art i Diplomada en Biblioteconomia i Documentaci\u00f3 per la UB. M\u00e0ster \u2018Museum and Gallery Management\u2019, City University, Londres.<\/p>\n<p>Ha treballat en cases de subhastes d\u2019art a Barcelona i Londres i en projectes del Centre de Documentaci\u00f3 del Museu del Disseny, tamb\u00e9 ha col\u00b7laborat amb el V&amp;A Museum de Londres en el Departament de Mobles.<\/p>\n\t\t\t\t\t\t\t\t<\/div>\n\t\t\t\t\t<\/div>\n\t\t<\/div>\n\t\t\t\t<div class=\"elementor-column elementor-col-11 elementor-top-column elementor-element elementor-element-0cd53d2\" data-id=\"0cd53d2\" data-element_type=\"column\" data-e-type=\"column\">\n\t\t\t<div class=\"elementor-widget-wrap elementor-element-populated\">\n\t\t\t\t\t\t<div class=\"elementor-element elementor-element-6619fed elementor-widget elementor-widget-image\" data-id=\"6619fed\" data-element_type=\"widget\" data-e-type=\"widget\" data-settings=\"{&quot;_animation&quot;:&quot;none&quot;}\" data-widget_type=\"image.default\">\n\t\t\t\t\t\t\t\t\t\t\t\t\t\t\t<img loading=\"lazy\" decoding=\"async\" width=\"539\" height=\"539\" src=\"https:\/\/www.estudidelmoble.com\/wp-content\/uploads\/2021\/07\/tomas-sevillano.png\" class=\"attachment-medium_large size-medium_large wp-image-31392\" alt=\"\" srcset=\"https:\/\/www.estudidelmoble.com\/wp-content\/uploads\/2021\/07\/tomas-sevillano.png 539w, https:\/\/www.estudidelmoble.com\/wp-content\/uploads\/2021\/07\/tomas-sevillano-300x300.png 300w, https:\/\/www.estudidelmoble.com\/wp-content\/uploads\/2021\/07\/tomas-sevillano-100x100.png 100w, https:\/\/www.estudidelmoble.com\/wp-content\/uploads\/2021\/07\/tomas-sevillano-150x150.png 150w, https:\/\/www.estudidelmoble.com\/wp-content\/uploads\/2021\/07\/tomas-sevillano-350x350.png 350w\" sizes=\"(max-width: 539px) 100vw, 539px\" \/>\t\t\t\t\t\t\t\t\t\t\t\t\t\t\t<\/div>\n\t\t\t\t<div class=\"elementor-element elementor-element-1eb354e elementor-widget elementor-widget-heading\" data-id=\"1eb354e\" data-element_type=\"widget\" data-e-type=\"widget\" data-widget_type=\"heading.default\">\n\t\t\t\t\t<h3 class=\"elementor-heading-title elementor-size-default\">Tom\u00e1s Sevillano<\/h3>\t\t\t\t<\/div>\n\t\t\t\t<div class=\"elementor-element elementor-element-453b726 elementor-widget elementor-widget-spacer\" data-id=\"453b726\" data-element_type=\"widget\" data-e-type=\"widget\" data-widget_type=\"spacer.default\">\n\t\t\t\t\t\t\t<div class=\"elementor-spacer\">\n\t\t\t<div class=\"elementor-spacer-inner\"><\/div>\n\t\t<\/div>\n\t\t\t\t\t\t<\/div>\n\t\t\t\t<div class=\"elementor-element elementor-element-1cfaa8c elementor-widget elementor-widget-text-editor\" data-id=\"1cfaa8c\" data-element_type=\"widget\" data-e-type=\"widget\" data-widget_type=\"text-editor.default\">\n\t\t\t\t\t\t\t\t\t<p>Vocal de la junta. Apassionat pel moble i soci de fa anys de la nostre Associaci\u00f3 recentment incorporat a la Junta.<\/p>\n<p>Alumne durant 4 anys a l&#8217;Escola Ecore dels Cursos de Conservaci\u00f3 i Restauraci\u00f3 de mobles.<\/p>\n<p>Persona sensible a les arts en general, acaba de publicar el seu segon llibre de poemes a l&#8217;any 2020, Pedra seca.<\/p>\n\t\t\t\t\t\t\t\t<\/div>\n\t\t\t\t\t<\/div>\n\t\t<\/div>\n\t\t\t\t<div class=\"elementor-column elementor-col-11 elementor-top-column elementor-element elementor-element-cc0eb26\" data-id=\"cc0eb26\" data-element_type=\"column\" data-e-type=\"column\">\n\t\t\t<div class=\"elementor-widget-wrap elementor-element-populated\">\n\t\t\t\t\t\t\t<\/div>\n\t\t<\/div>\n\t\t\t\t\t<\/div>\n\t\t<\/section>\n\t\t\t\t<section class=\"elementor-section elementor-top-section elementor-element elementor-element-e5e2f87 elementor-section-boxed elementor-section-height-default elementor-section-height-default\" data-id=\"e5e2f87\" data-element_type=\"section\" data-e-type=\"section\">\n\t\t\t\t\t\t<div class=\"elementor-container elementor-column-gap-default\">\n\t\t\t\t\t<div class=\"elementor-column elementor-col-11 elementor-top-column elementor-element elementor-element-ceef5ab\" data-id=\"ceef5ab\" data-element_type=\"column\" data-e-type=\"column\">\n\t\t\t<div class=\"elementor-widget-wrap elementor-element-populated\">\n\t\t\t\t\t\t\t<\/div>\n\t\t<\/div>\n\t\t\t\t<div class=\"elementor-column elementor-col-11 elementor-top-column elementor-element elementor-element-40a056c\" data-id=\"40a056c\" data-element_type=\"column\" data-e-type=\"column\">\n\t\t\t<div class=\"elementor-widget-wrap elementor-element-populated\">\n\t\t\t\t\t\t<div class=\"elementor-element elementor-element-e0303e2 elementor-widget elementor-widget-image\" data-id=\"e0303e2\" data-element_type=\"widget\" data-e-type=\"widget\" data-settings=\"{&quot;_animation&quot;:&quot;none&quot;}\" data-widget_type=\"image.default\">\n\t\t\t\t\t\t\t\t\t\t\t\t\t\t\t<img loading=\"lazy\" decoding=\"async\" width=\"768\" height=\"768\" src=\"https:\/\/www.estudidelmoble.com\/wp-content\/uploads\/2023\/10\/Miriam-Scollo-768x768.jpg\" class=\"attachment-medium_large size-medium_large wp-image-59393\" alt=\"\" srcset=\"https:\/\/www.estudidelmoble.com\/wp-content\/uploads\/2023\/10\/Miriam-Scollo-768x768.jpg 768w, https:\/\/www.estudidelmoble.com\/wp-content\/uploads\/2023\/10\/Miriam-Scollo-300x300.jpg 300w, https:\/\/www.estudidelmoble.com\/wp-content\/uploads\/2023\/10\/Miriam-Scollo-150x150.jpg 150w, https:\/\/www.estudidelmoble.com\/wp-content\/uploads\/2023\/10\/Miriam-Scollo-600x600.jpg 600w, https:\/\/www.estudidelmoble.com\/wp-content\/uploads\/2023\/10\/Miriam-Scollo-100x100.jpg 100w, https:\/\/www.estudidelmoble.com\/wp-content\/uploads\/2023\/10\/Miriam-Scollo.jpg 770w\" sizes=\"(max-width: 768px) 100vw, 768px\" \/>\t\t\t\t\t\t\t\t\t\t\t\t\t\t\t<\/div>\n\t\t\t\t<div class=\"elementor-element elementor-element-e6bfb48 elementor-widget elementor-widget-heading\" data-id=\"e6bfb48\" data-element_type=\"widget\" data-e-type=\"widget\" data-widget_type=\"heading.default\">\n\t\t\t\t\t<h3 class=\"elementor-heading-title elementor-size-default\">Miriam Scollo<\/h3>\t\t\t\t<\/div>\n\t\t\t\t<div class=\"elementor-element elementor-element-07da223 elementor-widget elementor-widget-text-editor\" data-id=\"07da223\" data-element_type=\"widget\" data-e-type=\"widget\" data-widget_type=\"text-editor.default\">\n\t\t\t\t\t\t\t\t\t<p>Vocal de la junta. Licenciada en Dise\u00f1o Gr\u00e1fico por la Universidad Nacional de&nbsp;Cuyo, Argentina.<br \/>Marketing&nbsp;Strategist&nbsp; por el&nbsp;EAEBusiness&nbsp;School&nbsp;Spain.&nbsp;Copywriter.<\/p>\n<p>Ha desarrollado su carrera profesional entre Argentina y Espa\u00f1a. en torno al dise\u00f1o gr\u00e1fico, del&nbsp;branding&nbsp;y de la creaci\u00f3n de estrategias.<\/p>\n<p>Ha dictado clases en Argentina como profesora de Tipograf\u00eda, Dise\u00f1o Editorial y Comunicaci\u00f3n Visual.<\/p>\n<p>La pasi\u00f3n por la historia del arte y la curiosidad la llevaron a Europa y, cuando lleg\u00f3 a Barcelona, decidi\u00f3 que era el lugar donde quer\u00eda vivir. Es aqu\u00ed donde reside hace m\u00e1s de 20 a\u00f1os.<\/p>\n<p>El amor por el mueble, la tapicer\u00eda y los estilos le vienen desde peque\u00f1a puesto que su padre fue un gran artesano tapicero que trabajaba con las t\u00e9cnicas tradicionales y del cual aprendi\u00f3 mucho.<\/p>\n<p>Hace unos cu\u00e1ntos a\u00f1os descubri\u00f3 la Asociaci\u00f3n para el Estudio del Mueble; no pod\u00eda creer que existiera un centro de esta envergadura donde poder investigar y formarse con clases te\u00f3ricas y pr\u00e1cticas adem\u00e1s de innumerables visitas y viajes donde aprender de mobiliario y estilos in situ.<\/p>\n\t\t\t\t\t\t\t\t<\/div>\n\t\t\t\t\t<\/div>\n\t\t<\/div>\n\t\t\t\t<div class=\"elementor-column elementor-col-11 elementor-top-column elementor-element elementor-element-2ed1afe\" data-id=\"2ed1afe\" data-element_type=\"column\" data-e-type=\"column\">\n\t\t\t<div class=\"elementor-widget-wrap elementor-element-populated\">\n\t\t\t\t\t\t<div class=\"elementor-element elementor-element-d341d85 elementor-widget elementor-widget-image\" data-id=\"d341d85\" data-element_type=\"widget\" data-e-type=\"widget\" data-settings=\"{&quot;_animation&quot;:&quot;none&quot;}\" data-widget_type=\"image.default\">\n\t\t\t\t\t\t\t\t\t\t\t\t\t\t\t<img loading=\"lazy\" decoding=\"async\" width=\"650\" height=\"650\" src=\"https:\/\/www.estudidelmoble.com\/wp-content\/uploads\/2025\/09\/vicente-de-la-fuente.png\" class=\"attachment-medium_large size-medium_large wp-image-70571\" alt=\"\" srcset=\"https:\/\/www.estudidelmoble.com\/wp-content\/uploads\/2025\/09\/vicente-de-la-fuente.png 650w, https:\/\/www.estudidelmoble.com\/wp-content\/uploads\/2025\/09\/vicente-de-la-fuente-300x300.png 300w, https:\/\/www.estudidelmoble.com\/wp-content\/uploads\/2025\/09\/vicente-de-la-fuente-150x150.png 150w, https:\/\/www.estudidelmoble.com\/wp-content\/uploads\/2025\/09\/vicente-de-la-fuente-600x600.png 600w, https:\/\/www.estudidelmoble.com\/wp-content\/uploads\/2025\/09\/vicente-de-la-fuente-100x100.png 100w\" sizes=\"(max-width: 650px) 100vw, 650px\" \/>\t\t\t\t\t\t\t\t\t\t\t\t\t\t\t<\/div>\n\t\t\t\t<div class=\"elementor-element elementor-element-4a7dd16 elementor-widget elementor-widget-heading\" data-id=\"4a7dd16\" data-element_type=\"widget\" data-e-type=\"widget\" data-widget_type=\"heading.default\">\n\t\t\t\t\t<h3 class=\"elementor-heading-title elementor-size-default\">Vicente de la Fuente<\/h3>\t\t\t\t<\/div>\n\t\t\t\t<div class=\"elementor-element elementor-element-9c60260 elementor-widget elementor-widget-text-editor\" data-id=\"9c60260\" data-element_type=\"widget\" data-e-type=\"widget\" data-widget_type=\"text-editor.default\">\n\t\t\t\t\t\t\t\t\t<p>Vocal de la Junta. Historiador del Arte interesado en la conservaci\u00f3n y difusi\u00f3n del patrimonio hist\u00f3rico y art\u00edstico; especialmente en la historia del coleccionismo, las Artes Decorativas (cer\u00e1mica, mueble) y el Modernismo\/Art Nouveau.<\/p>\n<p>En la AEM le ver\u00e9is muchas veces como coordinador del <a href=\"\/?page_id=18866\" data-mce-href=\"https:\/\/www.estudidelmoble.com\/es\/actividades\/estudio-360o\/\">Estudio 360\u00ba<\/a>.<\/p>\n\t\t\t\t\t\t\t\t<\/div>\n\t\t\t\t\t<\/div>\n\t\t<\/div>\n\t\t\t\t<div class=\"elementor-column elementor-col-11 elementor-top-column elementor-element elementor-element-550f27b\" data-id=\"550f27b\" data-element_type=\"column\" data-e-type=\"column\">\n\t\t\t<div class=\"elementor-widget-wrap elementor-element-populated\">\n\t\t\t\t\t\t<div class=\"elementor-element elementor-element-3c0d8f8 elementor-widget elementor-widget-image\" data-id=\"3c0d8f8\" data-element_type=\"widget\" data-e-type=\"widget\" data-settings=\"{&quot;_animation&quot;:&quot;none&quot;}\" data-widget_type=\"image.default\">\n\t\t\t\t\t\t\t\t\t\t\t\t\t\t\t<img loading=\"lazy\" decoding=\"async\" width=\"584\" height=\"584\" src=\"https:\/\/www.estudidelmoble.com\/wp-content\/uploads\/2025\/04\/Nuria-Gil-AEM.jpg\" class=\"attachment-medium_large size-medium_large wp-image-68415\" alt=\"\" srcset=\"https:\/\/www.estudidelmoble.com\/wp-content\/uploads\/2025\/04\/Nuria-Gil-AEM.jpg 584w, https:\/\/www.estudidelmoble.com\/wp-content\/uploads\/2025\/04\/Nuria-Gil-AEM-300x300.jpg 300w, https:\/\/www.estudidelmoble.com\/wp-content\/uploads\/2025\/04\/Nuria-Gil-AEM-150x150.jpg 150w, https:\/\/www.estudidelmoble.com\/wp-content\/uploads\/2025\/04\/Nuria-Gil-AEM-100x100.jpg 100w\" sizes=\"(max-width: 584px) 100vw, 584px\" \/>\t\t\t\t\t\t\t\t\t\t\t\t\t\t\t<\/div>\n\t\t\t\t<div class=\"elementor-element elementor-element-b0789db elementor-widget elementor-widget-heading\" data-id=\"b0789db\" data-element_type=\"widget\" data-e-type=\"widget\" data-widget_type=\"heading.default\">\n\t\t\t\t\t<h3 class=\"elementor-heading-title elementor-size-default\">N\u00faria Gil<\/h3>\t\t\t\t<\/div>\n\t\t\t\t<div class=\"elementor-element elementor-element-0c7c590 elementor-widget elementor-widget-text-editor\" data-id=\"0c7c590\" data-element_type=\"widget\" data-e-type=\"widget\" data-widget_type=\"text-editor.default\">\n\t\t\t\t\t\t\t\t\t<p>Vocal de la Junta. Doctora en Geograf\u00eda e historia, especialidad de Historia de l\u2019art per la Universitat de Barcelona. Miembro colaboradora del Grupo de Investigaci\u00f3n en Historia del Arte y del Dise\u00f1o Contempor\u00e1neos (GRACMON) de la Universitat de Barcelona y miembro del Corpus Vitrearum Medii Aevi de Catalunya. Codirectora cient\u00edfica del Inventari dels Vitralls Catalans (Generalitat de Catalunya e Institut d\u2019Estudis Catalans).<\/p>\n<p>Ha realizado diversas catalogaciones y estudios hist\u00f3ricos sobre vidrieras, como la del Fondo Rigalt del Centre de Documentaci\u00f3 del Museu del Disseny de Barcelona (2015-2016), el estudio historico-art\u00edstico y la catalogaci\u00f3n de las vidrieras de la casa Mu\u00f1oz Ramonet (2016), de las vidrieras de la Escola Bruguera de Girona (2016) i de las vidrieras del Palau G\u00fcell (2013).<\/p>\n\t\t\t\t\t\t\t\t<\/div>\n\t\t\t\t\t<\/div>\n\t\t<\/div>\n\t\t\t\t<div class=\"elementor-column elementor-col-11 elementor-top-column elementor-element elementor-element-78b9f0c\" data-id=\"78b9f0c\" data-element_type=\"column\" data-e-type=\"column\">\n\t\t\t<div class=\"elementor-widget-wrap elementor-element-populated\">\n\t\t\t\t\t\t<div class=\"elementor-element elementor-element-3436190 elementor-widget elementor-widget-image\" data-id=\"3436190\" data-element_type=\"widget\" data-e-type=\"widget\" data-settings=\"{&quot;_animation&quot;:&quot;none&quot;}\" data-widget_type=\"image.default\">\n\t\t\t\t\t\t\t\t\t\t\t\t\t\t\t<img loading=\"lazy\" decoding=\"async\" width=\"768\" height=\"768\" src=\"https:\/\/www.estudidelmoble.com\/wp-content\/uploads\/2020\/01\/Silvia-4-768x768.jpg\" class=\"attachment-medium_large size-medium_large wp-image-8965\" alt=\"\" srcset=\"https:\/\/www.estudidelmoble.com\/wp-content\/uploads\/2020\/01\/Silvia-4-768x768.jpg 768w, https:\/\/www.estudidelmoble.com\/wp-content\/uploads\/2020\/01\/Silvia-4-300x300.jpg 300w, https:\/\/www.estudidelmoble.com\/wp-content\/uploads\/2020\/01\/Silvia-4-100x100.jpg 100w, https:\/\/www.estudidelmoble.com\/wp-content\/uploads\/2020\/01\/Silvia-4-600x600.jpg 600w, https:\/\/www.estudidelmoble.com\/wp-content\/uploads\/2020\/01\/Silvia-4-150x150.jpg 150w, https:\/\/www.estudidelmoble.com\/wp-content\/uploads\/2020\/01\/Silvia-4.jpg 1024w\" sizes=\"(max-width: 768px) 100vw, 768px\" \/>\t\t\t\t\t\t\t\t\t\t\t\t\t\t\t<\/div>\n\t\t\t\t<div class=\"elementor-element elementor-element-be0f86f elementor-widget elementor-widget-heading\" data-id=\"be0f86f\" data-element_type=\"widget\" data-e-type=\"widget\" data-widget_type=\"heading.default\">\n\t\t\t\t\t<h3 class=\"elementor-heading-title elementor-size-default\">Silvia Mateos<\/h3>\t\t\t\t<\/div>\n\t\t\t\t<div class=\"elementor-element elementor-element-4cd2c52 elementor-widget elementor-widget-text-editor\" data-id=\"4cd2c52\" data-element_type=\"widget\" data-e-type=\"widget\" data-widget_type=\"text-editor.default\">\n\t\t\t\t\t\t\t\t\t<p>Office manager. Licenciada en Publicidad y Relaciones P\u00fablicas por la UB y M\u00e1ster en Direcci\u00f3n de Comunicaci\u00f3n Corporativa e Institucional por la UAB.<\/p>\n<p>Posee una dilatada experiencia en el sector de la comunicaci\u00f3n.<\/p>\n\t\t\t\t\t\t\t\t<\/div>\n\t\t\t\t\t<\/div>\n\t\t<\/div>\n\t\t\t\t<div class=\"elementor-column elementor-col-11 elementor-top-column elementor-element elementor-element-4d015de\" data-id=\"4d015de\" data-element_type=\"column\" data-e-type=\"column\">\n\t\t\t<div class=\"elementor-widget-wrap elementor-element-populated\">\n\t\t\t\t\t\t<div class=\"elementor-element elementor-element-34716c2 elementor-widget elementor-widget-image\" data-id=\"34716c2\" data-element_type=\"widget\" data-e-type=\"widget\" data-settings=\"{&quot;_animation&quot;:&quot;none&quot;}\" data-widget_type=\"image.default\">\n\t\t\t\t\t\t\t\t\t\t\t\t\t\t\t<img loading=\"lazy\" decoding=\"async\" width=\"768\" height=\"768\" src=\"https:\/\/www.estudidelmoble.com\/wp-content\/uploads\/2019\/09\/Foto-Albert-2-768x768.jpg\" class=\"attachment-medium_large size-medium_large wp-image-4177\" alt=\"\" srcset=\"https:\/\/www.estudidelmoble.com\/wp-content\/uploads\/2019\/09\/Foto-Albert-2-768x768.jpg 768w, https:\/\/www.estudidelmoble.com\/wp-content\/uploads\/2019\/09\/Foto-Albert-2-300x300.jpg 300w, https:\/\/www.estudidelmoble.com\/wp-content\/uploads\/2019\/09\/Foto-Albert-2-100x100.jpg 100w, https:\/\/www.estudidelmoble.com\/wp-content\/uploads\/2019\/09\/Foto-Albert-2-600x600.jpg 600w, https:\/\/www.estudidelmoble.com\/wp-content\/uploads\/2019\/09\/Foto-Albert-2-150x150.jpg 150w, https:\/\/www.estudidelmoble.com\/wp-content\/uploads\/2019\/09\/Foto-Albert-2.jpg 1024w\" sizes=\"(max-width: 768px) 100vw, 768px\" \/>\t\t\t\t\t\t\t\t\t\t\t\t\t\t\t<\/div>\n\t\t\t\t<div class=\"elementor-element elementor-element-53cc30a elementor-widget elementor-widget-heading\" data-id=\"53cc30a\" data-element_type=\"widget\" data-e-type=\"widget\" data-widget_type=\"heading.default\">\n\t\t\t\t\t<h3 class=\"elementor-heading-title elementor-size-default\">Albert Sarob\u00e9<\/h3>\t\t\t\t<\/div>\n\t\t\t\t<div class=\"elementor-element elementor-element-2e8376c elementor-widget elementor-widget-text-editor\" data-id=\"2e8376c\" data-element_type=\"widget\" data-e-type=\"widget\" data-widget_type=\"text-editor.default\">\n\t\t\t\t\t\t\t\t\t<p>Responsable financiero-contable de la Asociaci\u00f3n para el Estudio del Mueble, junto con otras empresas de los sectores de formaci\u00f3n y franquicias.<\/p>\n\t\t\t\t\t\t\t\t<\/div>\n\t\t\t\t\t<\/div>\n\t\t<\/div>\n\t\t\t\t<div class=\"elementor-column elementor-col-11 elementor-top-column elementor-element elementor-element-e389f35\" data-id=\"e389f35\" data-element_type=\"column\" data-e-type=\"column\">\n\t\t\t<div class=\"elementor-widget-wrap elementor-element-populated\">\n\t\t\t\t\t\t<div class=\"elementor-element elementor-element-dab643b elementor-widget elementor-widget-image\" data-id=\"dab643b\" data-element_type=\"widget\" data-e-type=\"widget\" data-settings=\"{&quot;_animation&quot;:&quot;none&quot;}\" data-widget_type=\"image.default\">\n\t\t\t\t\t\t\t\t\t\t\t\t\t\t\t<img loading=\"lazy\" decoding=\"async\" width=\"768\" height=\"759\" src=\"https:\/\/www.estudidelmoble.com\/wp-content\/uploads\/2025\/09\/WhatsApp-Image-2025-09-01-at-11.22.48-768x759.jpeg\" class=\"attachment-medium_large size-medium_large wp-image-70573\" alt=\"\" srcset=\"https:\/\/www.estudidelmoble.com\/wp-content\/uploads\/2025\/09\/WhatsApp-Image-2025-09-01-at-11.22.48-768x759.jpeg 768w, https:\/\/www.estudidelmoble.com\/wp-content\/uploads\/2025\/09\/WhatsApp-Image-2025-09-01-at-11.22.48-300x297.jpeg 300w, https:\/\/www.estudidelmoble.com\/wp-content\/uploads\/2025\/09\/WhatsApp-Image-2025-09-01-at-11.22.48-1024x1013.jpeg 1024w, https:\/\/www.estudidelmoble.com\/wp-content\/uploads\/2025\/09\/WhatsApp-Image-2025-09-01-at-11.22.48-1536x1519.jpeg 1536w, https:\/\/www.estudidelmoble.com\/wp-content\/uploads\/2025\/09\/WhatsApp-Image-2025-09-01-at-11.22.48-600x593.jpeg 600w, https:\/\/www.estudidelmoble.com\/wp-content\/uploads\/2025\/09\/WhatsApp-Image-2025-09-01-at-11.22.48-100x100.jpeg 100w, https:\/\/www.estudidelmoble.com\/wp-content\/uploads\/2025\/09\/WhatsApp-Image-2025-09-01-at-11.22.48.jpeg 1705w\" sizes=\"(max-width: 768px) 100vw, 768px\" \/>\t\t\t\t\t\t\t\t\t\t\t\t\t\t\t<\/div>\n\t\t\t\t<div class=\"elementor-element elementor-element-5db94ee elementor-widget elementor-widget-heading\" data-id=\"5db94ee\" data-element_type=\"widget\" data-e-type=\"widget\" data-widget_type=\"heading.default\">\n\t\t\t\t\t<h3 class=\"elementor-heading-title elementor-size-default\">J\u00falia Subirats<\/h3>\t\t\t\t<\/div>\n\t\t\t\t<div class=\"elementor-element elementor-element-dcede69 elementor-widget__width-initial elementor-widget elementor-widget-text-editor\" data-id=\"dcede69\" data-element_type=\"widget\" data-e-type=\"widget\" data-widget_type=\"text-editor.default\">\n\t\t\t\t\t\t\t\t\t<p>Responsable de administraci\u00f3n. Licenciada en Criminolog\u00eda por la Universidad de Barcelona y m\u00e1ster en Marketing Digital por la Universitat Oberta de Catalunya.<\/p>\n<p>Ha desarrollado su trayectoria profesional en el \u00e1mbito del arte y la comunicaci\u00f3n digital.<\/p>\n\t\t\t\t\t\t\t\t<\/div>\n\t\t\t\t\t<\/div>\n\t\t<\/div>\n\t\t\t\t<div class=\"elementor-column elementor-col-11 elementor-top-column elementor-element elementor-element-d904da8\" data-id=\"d904da8\" data-element_type=\"column\" data-e-type=\"column\">\n\t\t\t<div class=\"elementor-widget-wrap elementor-element-populated\">\n\t\t\t\t\t\t<div class=\"elementor-element elementor-element-25f8fc4 elementor-widget elementor-widget-image\" data-id=\"25f8fc4\" data-element_type=\"widget\" data-e-type=\"widget\" data-settings=\"{&quot;_animation&quot;:&quot;none&quot;}\" data-widget_type=\"image.default\">\n\t\t\t\t\t\t\t\t\t\t\t\t\t\t\t<img loading=\"lazy\" decoding=\"async\" width=\"512\" height=\"512\" src=\"https:\/\/www.estudidelmoble.com\/wp-content\/uploads\/2021\/12\/unnamed.jpg\" class=\"attachment-medium_large size-medium_large wp-image-36821\" alt=\"\" srcset=\"https:\/\/www.estudidelmoble.com\/wp-content\/uploads\/2021\/12\/unnamed.jpg 512w, https:\/\/www.estudidelmoble.com\/wp-content\/uploads\/2021\/12\/unnamed-300x300.jpg 300w, https:\/\/www.estudidelmoble.com\/wp-content\/uploads\/2021\/12\/unnamed-150x150.jpg 150w, https:\/\/www.estudidelmoble.com\/wp-content\/uploads\/2021\/12\/unnamed-100x100.jpg 100w\" sizes=\"(max-width: 512px) 100vw, 512px\" \/>\t\t\t\t\t\t\t\t\t\t\t\t\t\t\t<\/div>\n\t\t\t\t<div class=\"elementor-element elementor-element-22847df elementor-widget elementor-widget-heading\" data-id=\"22847df\" data-element_type=\"widget\" data-e-type=\"widget\" data-widget_type=\"heading.default\">\n\t\t\t\t\t<h3 class=\"elementor-heading-title elementor-size-default\">\u00bfQuieres formar parte de nuestro equipo?<\/h3>\t\t\t\t<\/div>\n\t\t\t\t<div class=\"elementor-element elementor-element-362acbf elementor-widget elementor-widget-text-editor\" data-id=\"362acbf\" data-element_type=\"widget\" data-e-type=\"widget\" data-widget_type=\"text-editor.default\">\n\t\t\t\t\t\t\t\t\t<p>Tenemos proyectos maravillosos y toda la ilusi\u00f3n del mundo para llevarlos a cabo. No siempre nuestros recursos nos permiten realizarlos cuando nos gustar\u00eda.<br \/>As\u00ed que estaremos felices si decides echarnos una mano, ya sea en tareas administrativas, de dise\u00f1o gr\u00e1fico, traducci\u00f3n o en redes sociales&#8230; Seguro que juntos llegaremos mucho m\u00e1s lejos.<br \/>Escr\u00edbenos explicando tu perfil e intereses, y buscaremos el mejor lugar para ti. Si eres estudiante y te interesa, podemos ofrecerte un convenio de pr\u00e1cticas.<\/p>\n\t\t\t\t\t\t\t\t<\/div>\n\t\t\t\t\t<\/div>\n\t\t<\/div>\n\t\t\t\t<div class=\"elementor-column elementor-col-11 elementor-top-column elementor-element elementor-element-c5f3f9d\" data-id=\"c5f3f9d\" data-element_type=\"column\" data-e-type=\"column\">\n\t\t\t<div class=\"elementor-widget-wrap elementor-element-populated\">\n\t\t\t\t\t\t\t<\/div>\n\t\t<\/div>\n\t\t\t\t\t<\/div>\n\t\t<\/section>\n\t\t\t\t<section class=\"elementor-section elementor-top-section elementor-element elementor-element-98b2903 elementor-section-full_width elementor-hidden-desktop elementor-hidden-tablet elementor-hidden-mobile elementor-section-height-default elementor-section-height-default\" data-id=\"98b2903\" data-element_type=\"section\" data-e-type=\"section\">\n\t\t\t\t\t\t<div class=\"elementor-container elementor-column-gap-default\">\n\t\t\t\t\t<div class=\"elementor-column elementor-col-12 elementor-top-column elementor-element elementor-element-b2521d8\" data-id=\"b2521d8\" data-element_type=\"column\" data-e-type=\"column\">\n\t\t\t<div class=\"elementor-widget-wrap elementor-element-populated\">\n\t\t\t\t\t\t\t<\/div>\n\t\t<\/div>\n\t\t\t\t<div class=\"elementor-column elementor-col-12 elementor-top-column elementor-element elementor-element-6d46eb8\" data-id=\"6d46eb8\" data-element_type=\"column\" data-e-type=\"column\">\n\t\t\t<div class=\"elementor-widget-wrap elementor-element-populated\">\n\t\t\t\t\t\t<div class=\"elementor-element elementor-element-a1fd288 elementor-widget elementor-widget-image\" data-id=\"a1fd288\" data-element_type=\"widget\" data-e-type=\"widget\" data-settings=\"{&quot;_animation&quot;:&quot;none&quot;}\" data-widget_type=\"image.default\">\n\t\t\t\t\t\t\t\t\t\t\t\t\t\t\t<img loading=\"lazy\" decoding=\"async\" width=\"768\" height=\"768\" src=\"https:\/\/www.estudidelmoble.com\/wp-content\/uploads\/2019\/09\/FotoVeroAEM-2-768x768.jpg\" class=\"attachment-medium_large size-medium_large wp-image-4176\" alt=\"\" srcset=\"https:\/\/www.estudidelmoble.com\/wp-content\/uploads\/2019\/09\/FotoVeroAEM-2-768x768.jpg 768w, https:\/\/www.estudidelmoble.com\/wp-content\/uploads\/2019\/09\/FotoVeroAEM-2-300x300.jpg 300w, https:\/\/www.estudidelmoble.com\/wp-content\/uploads\/2019\/09\/FotoVeroAEM-2-100x100.jpg 100w, https:\/\/www.estudidelmoble.com\/wp-content\/uploads\/2019\/09\/FotoVeroAEM-2-600x600.jpg 600w, https:\/\/www.estudidelmoble.com\/wp-content\/uploads\/2019\/09\/FotoVeroAEM-2-150x150.jpg 150w, https:\/\/www.estudidelmoble.com\/wp-content\/uploads\/2019\/09\/FotoVeroAEM-2.jpg 1024w\" sizes=\"(max-width: 768px) 100vw, 768px\" \/>\t\t\t\t\t\t\t\t\t\t\t\t\t\t\t<\/div>\n\t\t\t\t<div class=\"elementor-element elementor-element-4b0ec70 elementor-widget elementor-widget-heading\" data-id=\"4b0ec70\" data-element_type=\"widget\" data-e-type=\"widget\" data-widget_type=\"heading.default\">\n\t\t\t\t\t<h3 class=\"elementor-heading-title elementor-size-default\">Ver\u00f3nica Rej\u00f3n<\/h3>\t\t\t\t<\/div>\n\t\t\t\t<div class=\"elementor-element elementor-element-dda1326 elementor-widget elementor-widget-text-editor\" data-id=\"dda1326\" data-element_type=\"widget\" data-e-type=\"widget\" data-widget_type=\"text-editor.default\">\n\t\t\t\t\t\t\t\t\t<p>Responsable d\u2019administraci\u00f3. Llicenciada en Hist\u00f2ria de l\u2019Art per la Universidad Complutense de Madrid.<\/p>\n<p>Ha desenvolupat la seva carrera professional en el m\u00f3n del mercat de l\u2019art, on ha treballat en diferents galeries i cases de subhastes.<\/p>\n\t\t\t\t\t\t\t\t<\/div>\n\t\t\t\t\t<\/div>\n\t\t<\/div>\n\t\t\t\t<div class=\"elementor-column elementor-col-12 elementor-top-column elementor-element elementor-element-bc6753f\" data-id=\"bc6753f\" data-element_type=\"column\" data-e-type=\"column\">\n\t\t\t<div class=\"elementor-widget-wrap elementor-element-populated\">\n\t\t\t\t\t\t<div class=\"elementor-element elementor-element-483274b elementor-widget elementor-widget-image\" data-id=\"483274b\" data-element_type=\"widget\" data-e-type=\"widget\" data-settings=\"{&quot;_animation&quot;:&quot;none&quot;}\" data-widget_type=\"image.default\">\n\t\t\t\t\t\t\t\t\t\t\t\t\t\t\t<img loading=\"lazy\" decoding=\"async\" width=\"768\" height=\"768\" src=\"https:\/\/www.estudidelmoble.com\/wp-content\/uploads\/2022\/01\/Retrat-Merce-Benavent-768x768.jpg\" class=\"attachment-medium_large size-medium_large wp-image-40617\" alt=\"\" srcset=\"https:\/\/www.estudidelmoble.com\/wp-content\/uploads\/2022\/01\/Retrat-Merce-Benavent-768x768.jpg 768w, https:\/\/www.estudidelmoble.com\/wp-content\/uploads\/2022\/01\/Retrat-Merce-Benavent-300x300.jpg 300w, https:\/\/www.estudidelmoble.com\/wp-content\/uploads\/2022\/01\/Retrat-Merce-Benavent-1024x1024.jpg 1024w, https:\/\/www.estudidelmoble.com\/wp-content\/uploads\/2022\/01\/Retrat-Merce-Benavent-150x150.jpg 150w, https:\/\/www.estudidelmoble.com\/wp-content\/uploads\/2022\/01\/Retrat-Merce-Benavent-1536x1536.jpg 1536w, https:\/\/www.estudidelmoble.com\/wp-content\/uploads\/2022\/01\/Retrat-Merce-Benavent-2048x2048.jpg 2048w, https:\/\/www.estudidelmoble.com\/wp-content\/uploads\/2022\/01\/Retrat-Merce-Benavent-600x600.jpg 600w, https:\/\/www.estudidelmoble.com\/wp-content\/uploads\/2022\/01\/Retrat-Merce-Benavent-100x100.jpg 100w\" sizes=\"(max-width: 768px) 100vw, 768px\" \/>\t\t\t\t\t\t\t\t\t\t\t\t\t\t\t<\/div>\n\t\t\t\t<div class=\"elementor-element elementor-element-0c344fe elementor-widget elementor-widget-heading\" data-id=\"0c344fe\" data-element_type=\"widget\" data-e-type=\"widget\" data-widget_type=\"heading.default\">\n\t\t\t\t\t<h3 class=\"elementor-heading-title elementor-size-default\">Merc\u00e8 Benavent<\/h3>\t\t\t\t<\/div>\n\t\t\t\t<div class=\"elementor-element elementor-element-e0f7014 elementor-widget elementor-widget-spacer\" data-id=\"e0f7014\" data-element_type=\"widget\" data-e-type=\"widget\" data-widget_type=\"spacer.default\">\n\t\t\t\t\t\t\t<div class=\"elementor-spacer\">\n\t\t\t<div class=\"elementor-spacer-inner\"><\/div>\n\t\t<\/div>\n\t\t\t\t\t\t<\/div>\n\t\t\t\t<div class=\"elementor-element elementor-element-20a64fe elementor-widget elementor-widget-text-editor\" data-id=\"20a64fe\" data-element_type=\"widget\" data-e-type=\"widget\" data-widget_type=\"text-editor.default\">\n\t\t\t\t\t\t\t\t\t<p>Vocal de la junta. Diplomada en Conservaci\u00f3n y Restauraci\u00f3n de mobiliario antiguo en EPSAR. Amante del mundo artesanal y digital, da clases de restauraci\u00f3n de mueble antiguo al mismo tiempo que defiende la sostenibilidad de la recuperaci\u00f3n y transformaci\u00f3n de muebles viejos. Es la art\u00edfice de la creaci\u00f3n y dise\u00f1o de la web de la AEM y del Congreso, as\u00ed como de nuestra incorporaci\u00f3n al mundo digital.<\/p>\n\t\t\t\t\t\t\t\t<\/div>\n\t\t\t\t\t<\/div>\n\t\t<\/div>\n\t\t\t\t<div class=\"elementor-column elementor-col-12 elementor-top-column elementor-element elementor-element-79f1ad6 elementor-hidden-desktop elementor-hidden-tablet elementor-hidden-mobile\" data-id=\"79f1ad6\" data-element_type=\"column\" data-e-type=\"column\">\n\t\t\t<div class=\"elementor-widget-wrap elementor-element-populated\">\n\t\t\t\t\t\t<div class=\"elementor-element elementor-element-5c13534 elementor-widget elementor-widget-image\" data-id=\"5c13534\" data-element_type=\"widget\" data-e-type=\"widget\" data-settings=\"{&quot;_animation&quot;:&quot;none&quot;}\" data-widget_type=\"image.default\">\n\t\t\t\t\t\t\t\t\t\t\t\t\t\t\t<img loading=\"lazy\" decoding=\"async\" width=\"656\" height=\"655\" src=\"https:\/\/www.estudidelmoble.com\/wp-content\/uploads\/2019\/09\/Foto-Ester-2.jpg\" class=\"attachment-medium_large size-medium_large wp-image-4175\" alt=\"\" srcset=\"https:\/\/www.estudidelmoble.com\/wp-content\/uploads\/2019\/09\/Foto-Ester-2.jpg 656w, https:\/\/www.estudidelmoble.com\/wp-content\/uploads\/2019\/09\/Foto-Ester-2-300x300.jpg 300w, https:\/\/www.estudidelmoble.com\/wp-content\/uploads\/2019\/09\/Foto-Ester-2-100x100.jpg 100w, https:\/\/www.estudidelmoble.com\/wp-content\/uploads\/2019\/09\/Foto-Ester-2-600x599.jpg 600w, https:\/\/www.estudidelmoble.com\/wp-content\/uploads\/2019\/09\/Foto-Ester-2-150x150.jpg 150w\" sizes=\"(max-width: 656px) 100vw, 656px\" \/>\t\t\t\t\t\t\t\t\t\t\t\t\t\t\t<\/div>\n\t\t\t\t<div class=\"elementor-element elementor-element-5345afa elementor-widget elementor-widget-heading\" data-id=\"5345afa\" data-element_type=\"widget\" data-e-type=\"widget\" data-widget_type=\"heading.default\">\n\t\t\t\t\t<h3 class=\"elementor-heading-title elementor-size-default\">Ester Grau<\/h3>\t\t\t\t<\/div>\n\t\t\t\t<div class=\"elementor-element elementor-element-c23053e elementor-widget elementor-widget-spacer\" data-id=\"c23053e\" data-element_type=\"widget\" data-e-type=\"widget\" data-widget_type=\"spacer.default\">\n\t\t\t\t\t\t\t<div class=\"elementor-spacer\">\n\t\t\t<div class=\"elementor-spacer-inner\"><\/div>\n\t\t<\/div>\n\t\t\t\t\t\t<\/div>\n\t\t\t\t<div class=\"elementor-element elementor-element-6fd0fdd elementor-widget elementor-widget-text-editor\" data-id=\"6fd0fdd\" data-element_type=\"widget\" data-e-type=\"widget\" data-widget_type=\"text-editor.default\">\n\t\t\t\t\t\t\t\t\t<p>Vocal de la junta. Licenciada en econom\u00eda de la Empresa por la UAB y m\u00e1ster en Marketing por EADA. Posee una amplia experiencia en marketing e investigaci\u00f3n de mercados. Actualmente trabaja como responsable de marketing y comunicaci\u00f3n para la Asociaci\u00f3n.<\/p>\n\t\t\t\t\t\t\t\t<\/div>\n\t\t\t\t\t<\/div>\n\t\t<\/div>\n\t\t\t\t<div class=\"elementor-column elementor-col-12 elementor-top-column elementor-element elementor-element-02a2ce2 elementor-hidden-desktop elementor-hidden-tablet elementor-hidden-mobile\" data-id=\"02a2ce2\" data-element_type=\"column\" data-e-type=\"column\">\n\t\t\t<div class=\"elementor-widget-wrap elementor-element-populated\">\n\t\t\t\t\t\t<div class=\"elementor-element elementor-element-9b0f6fd elementor-widget elementor-widget-image\" data-id=\"9b0f6fd\" data-element_type=\"widget\" data-e-type=\"widget\" data-settings=\"{&quot;_animation&quot;:&quot;none&quot;}\" data-widget_type=\"image.default\">\n\t\t\t\t\t\t\t\t\t\t\t\t\t\t\t<img loading=\"lazy\" decoding=\"async\" width=\"414\" height=\"414\" src=\"https:\/\/www.estudidelmoble.com\/wp-content\/uploads\/2021\/12\/Laura-Palacios-2Q.jpg\" class=\"attachment-medium_large size-medium_large wp-image-36029\" alt=\"\" srcset=\"https:\/\/www.estudidelmoble.com\/wp-content\/uploads\/2021\/12\/Laura-Palacios-2Q.jpg 414w, https:\/\/www.estudidelmoble.com\/wp-content\/uploads\/2021\/12\/Laura-Palacios-2Q-300x300.jpg 300w, https:\/\/www.estudidelmoble.com\/wp-content\/uploads\/2021\/12\/Laura-Palacios-2Q-150x150.jpg 150w, https:\/\/www.estudidelmoble.com\/wp-content\/uploads\/2021\/12\/Laura-Palacios-2Q-100x100.jpg 100w\" sizes=\"(max-width: 414px) 100vw, 414px\" \/>\t\t\t\t\t\t\t\t\t\t\t\t\t\t\t<\/div>\n\t\t\t\t<div class=\"elementor-element elementor-element-f6b1f0f elementor-widget elementor-widget-heading\" data-id=\"f6b1f0f\" data-element_type=\"widget\" data-e-type=\"widget\" data-widget_type=\"heading.default\">\n\t\t\t\t\t<h3 class=\"elementor-heading-title elementor-size-default\">Laura Palacios<\/h3>\t\t\t\t<\/div>\n\t\t\t\t<div class=\"elementor-element elementor-element-4745f78 elementor-widget elementor-widget-text-editor\" data-id=\"4745f78\" data-element_type=\"widget\" data-e-type=\"widget\" data-widget_type=\"text-editor.default\">\n\t\t\t\t\t\t\t\t\t<p>Col\u00b7laboradora.<\/p>\n<p>Graduada en Disseny de producte i hist\u00f2ria del disseny i Master d\u2019Estudis Avan\u00e7ats en Hist\u00f2ria de l\u2019Art, a la UB.<\/p>\n<p>Docent col\u00b7laboradora en estudis sobre mobiliari a l\u2019AEM, al Museu Municipal Rom\u00e0ntic de Can Papiol i a ESNE. Redactora, traductora i maquetadora a La Roldana.<\/p>\n\t\t\t\t\t\t\t\t<\/div>\n\t\t\t\t\t<\/div>\n\t\t<\/div>\n\t\t\t\t<div class=\"elementor-column elementor-col-12 elementor-top-column elementor-element elementor-element-8389d80 elementor-hidden-desktop elementor-hidden-tablet elementor-hidden-mobile\" data-id=\"8389d80\" data-element_type=\"column\" data-e-type=\"column\">\n\t\t\t<div class=\"elementor-widget-wrap elementor-element-populated\">\n\t\t\t\t\t\t<div class=\"elementor-element elementor-element-1fdc479 elementor-widget elementor-widget-image\" data-id=\"1fdc479\" data-element_type=\"widget\" data-e-type=\"widget\" data-settings=\"{&quot;_animation&quot;:&quot;none&quot;}\" data-widget_type=\"image.default\">\n\t\t\t\t\t\t\t\t\t\t\t\t\t\t\t<img loading=\"lazy\" decoding=\"async\" width=\"526\" height=\"526\" src=\"https:\/\/www.estudidelmoble.com\/wp-content\/uploads\/2021\/12\/IMG_5359-2.png\" class=\"attachment-medium_large size-medium_large wp-image-36669\" alt=\"\" srcset=\"https:\/\/www.estudidelmoble.com\/wp-content\/uploads\/2021\/12\/IMG_5359-2.png 526w, https:\/\/www.estudidelmoble.com\/wp-content\/uploads\/2021\/12\/IMG_5359-2-300x300.png 300w, https:\/\/www.estudidelmoble.com\/wp-content\/uploads\/2021\/12\/IMG_5359-2-150x150.png 150w, https:\/\/www.estudidelmoble.com\/wp-content\/uploads\/2021\/12\/IMG_5359-2-100x100.png 100w\" sizes=\"(max-width: 526px) 100vw, 526px\" \/>\t\t\t\t\t\t\t\t\t\t\t\t\t\t\t<\/div>\n\t\t\t\t<div class=\"elementor-element elementor-element-1c8cf90 elementor-widget elementor-widget-heading\" data-id=\"1c8cf90\" data-element_type=\"widget\" data-e-type=\"widget\" data-widget_type=\"heading.default\">\n\t\t\t\t\t<h3 class=\"elementor-heading-title elementor-size-default\">Gemma Rovirosa<\/h3>\t\t\t\t<\/div>\n\t\t\t\t<div class=\"elementor-element elementor-element-b5dcf56 elementor-widget elementor-widget-text-editor\" data-id=\"b5dcf56\" data-element_type=\"widget\" data-e-type=\"widget\" data-widget_type=\"text-editor.default\">\n\t\t\t\t\t\t\t\t\t<p>Col\u00b7laboradora. Llicenciada en Dret per la UNED.<\/p>\n<p>Entre altres responsabilitats, destaca la seva relaci\u00f3 amb les institucions i entitats del sector.<\/p>\n\t\t\t\t\t\t\t\t<\/div>\n\t\t\t\t\t<\/div>\n\t\t<\/div>\n\t\t\t\t<div class=\"elementor-column elementor-col-12 elementor-top-column elementor-element elementor-element-d6c61db\" data-id=\"d6c61db\" data-element_type=\"column\" data-e-type=\"column\">\n\t\t\t<div class=\"elementor-widget-wrap elementor-element-populated\">\n\t\t\t\t\t\t<div class=\"elementor-element elementor-element-95b19d9 elementor-widget elementor-widget-image\" data-id=\"95b19d9\" data-element_type=\"widget\" data-e-type=\"widget\" data-settings=\"{&quot;_animation&quot;:&quot;none&quot;}\" data-widget_type=\"image.default\">\n\t\t\t\t\t\t\t\t\t\t\t\t\t\t\t<img loading=\"lazy\" decoding=\"async\" width=\"512\" height=\"512\" src=\"https:\/\/www.estudidelmoble.com\/wp-content\/uploads\/2021\/12\/unnamed.jpg\" class=\"attachment-medium_large size-medium_large wp-image-36821\" alt=\"\" srcset=\"https:\/\/www.estudidelmoble.com\/wp-content\/uploads\/2021\/12\/unnamed.jpg 512w, https:\/\/www.estudidelmoble.com\/wp-content\/uploads\/2021\/12\/unnamed-300x300.jpg 300w, https:\/\/www.estudidelmoble.com\/wp-content\/uploads\/2021\/12\/unnamed-150x150.jpg 150w, https:\/\/www.estudidelmoble.com\/wp-content\/uploads\/2021\/12\/unnamed-100x100.jpg 100w\" sizes=\"(max-width: 512px) 100vw, 512px\" \/>\t\t\t\t\t\t\t\t\t\t\t\t\t\t\t<\/div>\n\t\t\t\t<div class=\"elementor-element elementor-element-7a12927 elementor-widget elementor-widget-heading\" data-id=\"7a12927\" data-element_type=\"widget\" data-e-type=\"widget\" data-widget_type=\"heading.default\">\n\t\t\t\t\t<h3 class=\"elementor-heading-title elementor-size-default\">\u00bfQuieres formar parte de nuestro equipo?<\/h3>\t\t\t\t<\/div>\n\t\t\t\t<div class=\"elementor-element elementor-element-186e47e elementor-widget elementor-widget-text-editor\" data-id=\"186e47e\" data-element_type=\"widget\" data-e-type=\"widget\" data-widget_type=\"text-editor.default\">\n\t\t\t\t\t\t\t\t\t<p>Tenemos proyectos maravillosos y toda la ilusi\u00f3n del mundo para llevarlos a cabo. No siempre nuestros recursos nos permiten realizarlos cuando nos gustar\u00eda.<br \/>As\u00ed que estaremos felices si decides echarnos una mano, ya sea en tareas administrativas, de dise\u00f1o gr\u00e1fico, traducci\u00f3n o en redes sociales&#8230; Seguro que juntos llegaremos mucho m\u00e1s lejos.<br \/>Escr\u00edbenos explicando tu perfil e intereses, y buscaremos el mejor lugar para ti. Si eres estudiante y te interesa, podemos ofrecerte un convenio de pr\u00e1cticas.<\/p>\n\t\t\t\t\t\t\t\t<\/div>\n\t\t\t\t\t<\/div>\n\t\t<\/div>\n\t\t\t\t<div class=\"elementor-column elementor-col-12 elementor-top-column elementor-element elementor-element-e98e491\" data-id=\"e98e491\" data-element_type=\"column\" data-e-type=\"column\">\n\t\t\t<div class=\"elementor-widget-wrap elementor-element-populated\">\n\t\t\t\t\t\t\t<\/div>\n\t\t<\/div>\n\t\t\t\t\t<\/div>\n\t\t<\/section>\n\t\t\t\t<\/div>\n\t\t","protected":false},"excerpt":{"rendered":"<p>Equipo humano M\u00f3nica Piera Presidenta de la AEM. Doctora en Historia del Arte por la UB y diplomada en Sothebys, Londres. Miembro del Comit\u00e9 internacional de selecci\u00f3n de piezas de TEFAF, Maastricht y Acad\u00e9mica de la Real Academia Catalana de Bellas Artes de Sant Jordi. Es especialista en historia del mueble y ejerce como profesional [&hellip;]<\/p>\n","protected":false},"author":1,"featured_media":0,"parent":4171,"menu_order":1,"comment_status":"closed","ping_status":"closed","template":"elementor_header_footer","meta":{"_acf_changed":false,"footnotes":""},"class_list":["post-38096","page","type-page","status-publish","hentry"],"acf":[],"_links":{"self":[{"href":"https:\/\/www.estudidelmoble.com\/es\/wp-json\/wp\/v2\/pages\/38096","targetHints":{"allow":["GET"]}}],"collection":[{"href":"https:\/\/www.estudidelmoble.com\/es\/wp-json\/wp\/v2\/pages"}],"about":[{"href":"https:\/\/www.estudidelmoble.com\/es\/wp-json\/wp\/v2\/types\/page"}],"author":[{"embeddable":true,"href":"https:\/\/www.estudidelmoble.com\/es\/wp-json\/wp\/v2\/users\/1"}],"replies":[{"embeddable":true,"href":"https:\/\/www.estudidelmoble.com\/es\/wp-json\/wp\/v2\/comments?post=38096"}],"version-history":[{"count":0,"href":"https:\/\/www.estudidelmoble.com\/es\/wp-json\/wp\/v2\/pages\/38096\/revisions"}],"up":[{"embeddable":true,"href":"https:\/\/www.estudidelmoble.com\/es\/wp-json\/wp\/v2\/pages\/4171"}],"wp:attachment":[{"href":"https:\/\/www.estudidelmoble.com\/es\/wp-json\/wp\/v2\/media?parent=38096"}],"curies":[{"name":"wp","href":"https:\/\/api.w.org\/{rel}","templated":true}]}}