{"id":38807,"date":"2019-10-25T11:55:25","date_gmt":"2019-10-25T09:55:25","guid":{"rendered":"https:\/\/www.estudidelmoble.com\/libros-y-otros\/"},"modified":"2026-01-26T12:30:18","modified_gmt":"2026-01-26T10:30:18","slug":"libros-y-otros","status":"publish","type":"page","link":"https:\/\/www.estudidelmoble.com\/es\/ediciones\/libros-y-otros\/","title":{"rendered":"Libros y otros"},"content":{"rendered":"\t\t<div data-elementor-type=\"wp-page\" data-elementor-id=\"38807\" class=\"elementor elementor-38807 elementor-3583\" data-elementor-post-type=\"page\">\n\t\t\t\t\t\t<section class=\"elementor-section elementor-top-section elementor-element elementor-element-d06c902 elementor-section-boxed elementor-section-height-default elementor-section-height-default\" data-id=\"d06c902\" data-element_type=\"section\" data-e-type=\"section\">\n\t\t\t\t\t\t<div class=\"elementor-container elementor-column-gap-default\">\n\t\t\t\t\t<div class=\"elementor-column elementor-col-100 elementor-top-column elementor-element elementor-element-f3ff8e7\" data-id=\"f3ff8e7\" data-element_type=\"column\" data-e-type=\"column\">\n\t\t\t<div class=\"elementor-widget-wrap elementor-element-populated\">\n\t\t\t\t\t\t<div class=\"elementor-element elementor-element-fa2b91c elementor-hidden-mobile elementor-widget elementor-widget-spacer\" data-id=\"fa2b91c\" data-element_type=\"widget\" data-e-type=\"widget\" data-widget_type=\"spacer.default\">\n\t\t\t\t\t\t\t<div class=\"elementor-spacer\">\n\t\t\t<div class=\"elementor-spacer-inner\"><\/div>\n\t\t<\/div>\n\t\t\t\t\t\t<\/div>\n\t\t\t\t<div class=\"elementor-element elementor-element-bdf4cdb elementor-widget elementor-widget-heading\" data-id=\"bdf4cdb\" data-element_type=\"widget\" data-e-type=\"widget\" data-widget_type=\"heading.default\">\n\t\t\t\t\t<h1 class=\"elementor-heading-title elementor-size-default\">Libros y otros<\/h1>\t\t\t\t<\/div>\n\t\t\t\t<div class=\"elementor-element elementor-element-cb6ac8e elementor-hidden-mobile elementor-widget elementor-widget-spacer\" data-id=\"cb6ac8e\" data-element_type=\"widget\" data-e-type=\"widget\" data-widget_type=\"spacer.default\">\n\t\t\t\t\t\t\t<div class=\"elementor-spacer\">\n\t\t\t<div class=\"elementor-spacer-inner\"><\/div>\n\t\t<\/div>\n\t\t\t\t\t\t<\/div>\n\t\t\t\t\t<\/div>\n\t\t<\/div>\n\t\t\t\t\t<\/div>\n\t\t<\/section>\n\t\t\t\t<section class=\"elementor-section elementor-top-section elementor-element elementor-element-9b57714 elementor-section-boxed elementor-section-height-default elementor-section-height-default\" data-id=\"9b57714\" data-element_type=\"section\" data-e-type=\"section\">\n\t\t\t\t\t\t<div class=\"elementor-container elementor-column-gap-default\">\n\t\t\t\t\t<div class=\"elementor-column elementor-col-100 elementor-top-column elementor-element elementor-element-ffe1367\" data-id=\"ffe1367\" data-element_type=\"column\" data-e-type=\"column\">\n\t\t\t<div class=\"elementor-widget-wrap elementor-element-populated\">\n\t\t\t\t\t\t<div class=\"elementor-element elementor-element-be6658f elementor-drop-cap-yes elementor-drop-cap-view-default elementor-widget elementor-widget-text-editor\" data-id=\"be6658f\" data-element_type=\"widget\" data-e-type=\"widget\" data-settings=\"{&quot;drop_cap&quot;:&quot;yes&quot;}\" data-widget_type=\"text-editor.default\">\n\t\t\t\t\t\t\t\t\t<p>L\u2019&nbsp; <span class=\"gmail_default\">\u200b<\/span>AEM publica <span class=\"gmail-m_7683854565125875315SpellE\">libros<\/span> y participa en publicaciones editadas por otras entidades, ya sea como autora de textos o como colaboradora t\u00e9cnica La \u00faltima lleva como t\u00edtulo <em>Arraigados en la tierra. 30 muebles seleccionados de una colecci\u00f3n privada. <\/em><\/p>\n\t\t\t\t\t\t\t\t<\/div>\n\t\t\t\t\t<\/div>\n\t\t<\/div>\n\t\t\t\t\t<\/div>\n\t\t<\/section>\n\t\t\t\t<section class=\"elementor-section elementor-top-section elementor-element elementor-element-148d3a2 elementor-section-boxed elementor-section-height-default elementor-section-height-default\" data-id=\"148d3a2\" data-element_type=\"section\" data-e-type=\"section\">\n\t\t\t\t\t\t<div class=\"elementor-container elementor-column-gap-default\">\n\t\t\t\t\t<div class=\"elementor-column elementor-col-50 elementor-top-column elementor-element elementor-element-4bfa61b\" data-id=\"4bfa61b\" data-element_type=\"column\" data-e-type=\"column\">\n\t\t\t<div class=\"elementor-widget-wrap elementor-element-populated\">\n\t\t\t\t\t\t<div class=\"elementor-element elementor-element-4e1d0b6 elementor-widget elementor-widget-image\" data-id=\"4e1d0b6\" data-element_type=\"widget\" data-e-type=\"widget\" data-widget_type=\"image.default\">\n\t\t\t\t\t\t\t\t\t\t\t\t\t\t\t<img fetchpriority=\"high\" decoding=\"async\" width=\"800\" height=\"800\" src=\"https:\/\/www.estudidelmoble.com\/wp-content\/uploads\/2025\/12\/Proyecto-nuevo-14-1024x1024.jpg\" class=\"attachment-large size-large wp-image-72807\" alt=\"\" srcset=\"https:\/\/www.estudidelmoble.com\/wp-content\/uploads\/2025\/12\/Proyecto-nuevo-14-1024x1024.jpg 1024w, https:\/\/www.estudidelmoble.com\/wp-content\/uploads\/2025\/12\/Proyecto-nuevo-14-300x300.jpg 300w, https:\/\/www.estudidelmoble.com\/wp-content\/uploads\/2025\/12\/Proyecto-nuevo-14-150x150.jpg 150w, https:\/\/www.estudidelmoble.com\/wp-content\/uploads\/2025\/12\/Proyecto-nuevo-14-768x768.jpg 768w, https:\/\/www.estudidelmoble.com\/wp-content\/uploads\/2025\/12\/Proyecto-nuevo-14-600x600.jpg 600w, https:\/\/www.estudidelmoble.com\/wp-content\/uploads\/2025\/12\/Proyecto-nuevo-14-100x100.jpg 100w, https:\/\/www.estudidelmoble.com\/wp-content\/uploads\/2025\/12\/Proyecto-nuevo-14.jpg 1080w\" sizes=\"(max-width: 800px) 100vw, 800px\" \/>\t\t\t\t\t\t\t\t\t\t\t\t\t\t\t<\/div>\n\t\t\t\t<div class=\"elementor-element elementor-element-b51d0ba elementor-widget elementor-widget-image\" data-id=\"b51d0ba\" data-element_type=\"widget\" data-e-type=\"widget\" data-widget_type=\"image.default\">\n\t\t\t\t\t\t\t\t\t\t\t\t\t\t\t<img decoding=\"async\" width=\"300\" height=\"300\" src=\"https:\/\/www.estudidelmoble.com\/wp-content\/uploads\/2025\/12\/Proyecto-nuevo-15-300x300.jpg\" class=\"attachment-medium size-medium wp-image-72808\" alt=\"\" srcset=\"https:\/\/www.estudidelmoble.com\/wp-content\/uploads\/2025\/12\/Proyecto-nuevo-15-300x300.jpg 300w, https:\/\/www.estudidelmoble.com\/wp-content\/uploads\/2025\/12\/Proyecto-nuevo-15-1024x1024.jpg 1024w, https:\/\/www.estudidelmoble.com\/wp-content\/uploads\/2025\/12\/Proyecto-nuevo-15-150x150.jpg 150w, https:\/\/www.estudidelmoble.com\/wp-content\/uploads\/2025\/12\/Proyecto-nuevo-15-768x768.jpg 768w, https:\/\/www.estudidelmoble.com\/wp-content\/uploads\/2025\/12\/Proyecto-nuevo-15-600x600.jpg 600w, https:\/\/www.estudidelmoble.com\/wp-content\/uploads\/2025\/12\/Proyecto-nuevo-15-100x100.jpg 100w, https:\/\/www.estudidelmoble.com\/wp-content\/uploads\/2025\/12\/Proyecto-nuevo-15.jpg 1080w\" sizes=\"(max-width: 300px) 100vw, 300px\" \/>\t\t\t\t\t\t\t\t\t\t\t\t\t\t\t<\/div>\n\t\t\t\t<div class=\"elementor-element elementor-element-1f95921 elementor-widget elementor-widget-image\" data-id=\"1f95921\" data-element_type=\"widget\" data-e-type=\"widget\" data-widget_type=\"image.default\">\n\t\t\t\t\t\t\t\t\t\t\t\t\t\t\t<img decoding=\"async\" width=\"300\" height=\"300\" src=\"https:\/\/www.estudidelmoble.com\/wp-content\/uploads\/2025\/12\/Proyecto-nuevo-17-300x300.jpg\" class=\"attachment-medium size-medium wp-image-72809\" alt=\"\" srcset=\"https:\/\/www.estudidelmoble.com\/wp-content\/uploads\/2025\/12\/Proyecto-nuevo-17-300x300.jpg 300w, https:\/\/www.estudidelmoble.com\/wp-content\/uploads\/2025\/12\/Proyecto-nuevo-17-1024x1024.jpg 1024w, https:\/\/www.estudidelmoble.com\/wp-content\/uploads\/2025\/12\/Proyecto-nuevo-17-150x150.jpg 150w, https:\/\/www.estudidelmoble.com\/wp-content\/uploads\/2025\/12\/Proyecto-nuevo-17-768x768.jpg 768w, https:\/\/www.estudidelmoble.com\/wp-content\/uploads\/2025\/12\/Proyecto-nuevo-17-600x600.jpg 600w, https:\/\/www.estudidelmoble.com\/wp-content\/uploads\/2025\/12\/Proyecto-nuevo-17-100x100.jpg 100w, https:\/\/www.estudidelmoble.com\/wp-content\/uploads\/2025\/12\/Proyecto-nuevo-17.jpg 1080w\" sizes=\"(max-width: 300px) 100vw, 300px\" \/>\t\t\t\t\t\t\t\t\t\t\t\t\t\t\t<\/div>\n\t\t\t\t\t<\/div>\n\t\t<\/div>\n\t\t\t\t<div class=\"elementor-column elementor-col-50 elementor-top-column elementor-element elementor-element-39f211a\" data-id=\"39f211a\" data-element_type=\"column\" data-e-type=\"column\">\n\t\t\t<div class=\"elementor-widget-wrap elementor-element-populated\">\n\t\t\t\t\t\t<div class=\"elementor-element elementor-element-11387d3 elementor-widget elementor-widget-heading\" data-id=\"11387d3\" data-element_type=\"widget\" data-e-type=\"widget\" data-widget_type=\"heading.default\">\n\t\t\t\t\t<p class=\"elementor-heading-title elementor-size-default\">El arte de pintar con madera. El escritorio del conde del Asalto <\/p>\t\t\t\t<\/div>\n\t\t\t\t<div class=\"elementor-element elementor-element-1affc66 elementor-widget elementor-widget-text-editor\" data-id=\"1affc66\" data-element_type=\"widget\" data-e-type=\"widget\" data-widget_type=\"text-editor.default\">\n\t\t\t\t\t\t\t\t\t<p data-start=\"29\" data-end=\"111\"><em><strong>Autora: M\u00f3nica Piera Miquel. Fotograf\u00edas: Pere Roura Malagelada.<br \/>Edici\u00f3n: Angel Surroca. Associaci\u00f3 per a l&#8217;Estudi del Moble<br \/><\/strong><\/em><\/p>\n<p data-start=\"113\" data-end=\"461\">Acercar la mirada a un mueble extraordinario, captar la emoci\u00f3n que transmite y descubrir c\u00f3mo los artesanos transformaban la madera en superficie pict\u00f3rica son los principales objetivos de&nbsp;<em data-start=\"303\" data-end=\"333\">El arte de pintar con madera<\/em>, una monograf\u00eda dedicada al escritorio del Conde del Asalto, pieza recientemente incorporada a la colecci\u00f3n de \u00c0ngel Surroca.<\/p>\n<p data-start=\"463\" data-end=\"851\">M\u00f3nica Piera, especialista en historia del mueble, y Pere Roura, fot\u00f3grafo, nos gu\u00edan a trav\u00e9s de este escritorio de tambor destinado a representar el poder y el prestigio de su primer propietario. Su rica decoraci\u00f3n en taracea y la calidad de las maderas seleccionadas nos abren la puerta a un per\u00edodo fascinante pero poco documentado del mobiliario catal\u00e1n de finales del siglo XVIII.<\/p>\n<p data-start=\"853\" data-end=\"1224\">El libro es un placer visual e intelectual. La investigaci\u00f3n rigurosa de la autora permite entender el contexto hist\u00f3rico, los s\u00edmbolos que impregnan la pieza y el trabajo meticuloso de los artesanos que la crearon. El an\u00e1lisis en profundidad muestra la singularidad de este mueble y lo relaciona con otras producciones que ayudan a definir mejor este momento creativo.<\/p>\n<p data-start=\"1226\" data-end=\"1500\"><em data-start=\"1226\" data-end=\"1256\">El arte de pintar con madera<\/em>&nbsp;subraya la importancia de los \u00e1rboles como materia prima y rinde homenaje a los carpinteros y ebanistas que transformaban la madera en arte. Al mismo tiempo, reivindica la capacidad de dise\u00f1o de los muebles anteriores a la industrializaci\u00f3n.<\/p>\n<p data-start=\"1502\" data-end=\"1651\" data-is-last-node=\"\" data-is-only-node=\"\">Mucho m\u00e1s que una monograf\u00eda, este libro es una invitaci\u00f3n a apreciar la belleza, el significado y la sabidur\u00eda constructiva de los muebles antiguos.<\/p>\n\t\t\t\t\t\t\t\t<\/div>\n\t\t\t\t\t<\/div>\n\t\t<\/div>\n\t\t\t\t\t<\/div>\n\t\t<\/section>\n\t\t\t\t<section class=\"elementor-section elementor-top-section elementor-element elementor-element-d3a2745 elementor-reverse-mobile elementor-section-boxed elementor-section-height-default elementor-section-height-default\" data-id=\"d3a2745\" data-element_type=\"section\" data-e-type=\"section\">\n\t\t\t\t\t\t<div class=\"elementor-container elementor-column-gap-default\">\n\t\t\t\t\t<div class=\"elementor-column elementor-col-25 elementor-top-column elementor-element elementor-element-36cf457\" data-id=\"36cf457\" data-element_type=\"column\" data-e-type=\"column\">\n\t\t\t<div class=\"elementor-widget-wrap elementor-element-populated\">\n\t\t\t\t\t\t<div class=\"elementor-element elementor-element-729b49a elementor-widget-divider--view-line elementor-widget elementor-widget-divider\" data-id=\"729b49a\" data-element_type=\"widget\" data-e-type=\"widget\" data-widget_type=\"divider.default\">\n\t\t\t\t\t\t\t<div class=\"elementor-divider\">\n\t\t\t<span class=\"elementor-divider-separator\">\n\t\t\t\t\t\t<\/span>\n\t\t<\/div>\n\t\t\t\t\t\t<\/div>\n\t\t\t\t\t<\/div>\n\t\t<\/div>\n\t\t\t\t<div class=\"elementor-column elementor-col-25 elementor-top-column elementor-element elementor-element-848a70d\" data-id=\"848a70d\" data-element_type=\"column\" data-e-type=\"column\">\n\t\t\t<div class=\"elementor-widget-wrap elementor-element-populated\">\n\t\t\t\t\t\t<div class=\"elementor-element elementor-element-7155c3e elementor-position-inline-start elementor-view-default elementor-mobile-position-block-start elementor-widget elementor-widget-icon-box\" data-id=\"7155c3e\" data-element_type=\"widget\" data-e-type=\"widget\" data-widget_type=\"icon-box.default\">\n\t\t\t\t\t\t\t<div class=\"elementor-icon-box-wrapper\">\n\n\t\t\t\t\t\t<div class=\"elementor-icon-box-icon\">\n\t\t\t\t<a href=\"https:\/\/www.estudidelmoble.com\/es\/producto\/lart-de-pintar-amb-fusta\/\" target=\"_blank\" class=\"elementor-icon elementor-animation-shrink\" tabindex=\"-1\" aria-label=\"Comprar (catal\u00e1n)\">\n\t\t\t\t<svg aria-hidden=\"true\" class=\"e-font-icon-svg e-fas-shopping-basket\" viewBox=\"0 0 576 512\" xmlns=\"http:\/\/www.w3.org\/2000\/svg\"><path d=\"M576 216v16c0 13.255-10.745 24-24 24h-8l-26.113 182.788C514.509 462.435 494.257 480 470.37 480H105.63c-23.887 0-44.139-17.565-47.518-41.212L32 256h-8c-13.255 0-24-10.745-24-24v-16c0-13.255 10.745-24 24-24h67.341l106.78-146.821c10.395-14.292 30.407-17.453 44.701-7.058 14.293 10.395 17.453 30.408 7.058 44.701L170.477 192h235.046L326.12 82.821c-10.395-14.292-7.234-34.306 7.059-44.701 14.291-10.395 34.306-7.235 44.701 7.058L484.659 192H552c13.255 0 24 10.745 24 24zM312 392V280c0-13.255-10.745-24-24-24s-24 10.745-24 24v112c0 13.255 10.745 24 24 24s24-10.745 24-24zm112 0V280c0-13.255-10.745-24-24-24s-24 10.745-24 24v112c0 13.255 10.745 24 24 24s24-10.745 24-24zm-224 0V280c0-13.255-10.745-24-24-24s-24 10.745-24 24v112c0 13.255 10.745 24 24 24s24-10.745 24-24z\"><\/path><\/svg>\t\t\t\t<\/a>\n\t\t\t<\/div>\n\t\t\t\n\t\t\t\t\t\t<div class=\"elementor-icon-box-content\">\n\n\t\t\t\t\t\t\t\t\t<p class=\"elementor-icon-box-title\">\n\t\t\t\t\t\t<a href=\"https:\/\/www.estudidelmoble.com\/es\/producto\/lart-de-pintar-amb-fusta\/\" target=\"_blank\" >\n\t\t\t\t\t\t\tComprar (catal\u00e1n)\t\t\t\t\t\t<\/a>\n\t\t\t\t\t<\/p>\n\t\t\t\t\n\t\t\t\t\n\t\t\t<\/div>\n\t\t\t\n\t\t<\/div>\n\t\t\t\t\t\t<\/div>\n\t\t\t\t\t<\/div>\n\t\t<\/div>\n\t\t\t\t<div class=\"elementor-column elementor-col-25 elementor-top-column elementor-element elementor-element-92767ce\" data-id=\"92767ce\" data-element_type=\"column\" data-e-type=\"column\">\n\t\t\t<div class=\"elementor-widget-wrap elementor-element-populated\">\n\t\t\t\t\t\t<div class=\"elementor-element elementor-element-28bcda9 elementor-position-inline-start elementor-view-default elementor-mobile-position-block-start elementor-widget elementor-widget-icon-box\" data-id=\"28bcda9\" data-element_type=\"widget\" data-e-type=\"widget\" data-widget_type=\"icon-box.default\">\n\t\t\t\t\t\t\t<div class=\"elementor-icon-box-wrapper\">\n\n\t\t\t\t\t\t<div class=\"elementor-icon-box-icon\">\n\t\t\t\t<a href=\"https:\/\/www.estudidelmoble.com\/es\/producto\/el-arte-de-pintar-con-madera\/\" target=\"_blank\" class=\"elementor-icon elementor-animation-shrink\" tabindex=\"-1\" aria-label=\"Comprar \">\n\t\t\t\t<svg aria-hidden=\"true\" class=\"e-font-icon-svg e-fas-shopping-basket\" viewBox=\"0 0 576 512\" xmlns=\"http:\/\/www.w3.org\/2000\/svg\"><path d=\"M576 216v16c0 13.255-10.745 24-24 24h-8l-26.113 182.788C514.509 462.435 494.257 480 470.37 480H105.63c-23.887 0-44.139-17.565-47.518-41.212L32 256h-8c-13.255 0-24-10.745-24-24v-16c0-13.255 10.745-24 24-24h67.341l106.78-146.821c10.395-14.292 30.407-17.453 44.701-7.058 14.293 10.395 17.453 30.408 7.058 44.701L170.477 192h235.046L326.12 82.821c-10.395-14.292-7.234-34.306 7.059-44.701 14.291-10.395 34.306-7.235 44.701 7.058L484.659 192H552c13.255 0 24 10.745 24 24zM312 392V280c0-13.255-10.745-24-24-24s-24 10.745-24 24v112c0 13.255 10.745 24 24 24s24-10.745 24-24zm112 0V280c0-13.255-10.745-24-24-24s-24 10.745-24 24v112c0 13.255 10.745 24 24 24s24-10.745 24-24zm-224 0V280c0-13.255-10.745-24-24-24s-24 10.745-24 24v112c0 13.255 10.745 24 24 24s24-10.745 24-24z\"><\/path><\/svg>\t\t\t\t<\/a>\n\t\t\t<\/div>\n\t\t\t\n\t\t\t\t\t\t<div class=\"elementor-icon-box-content\">\n\n\t\t\t\t\t\t\t\t\t<p class=\"elementor-icon-box-title\">\n\t\t\t\t\t\t<a href=\"https:\/\/www.estudidelmoble.com\/es\/producto\/el-arte-de-pintar-con-madera\/\" target=\"_blank\" >\n\t\t\t\t\t\t\tComprar \t\t\t\t\t\t<\/a>\n\t\t\t\t\t<\/p>\n\t\t\t\t\n\t\t\t\t\n\t\t\t<\/div>\n\t\t\t\n\t\t<\/div>\n\t\t\t\t\t\t<\/div>\n\t\t\t\t\t<\/div>\n\t\t<\/div>\n\t\t\t\t<div class=\"elementor-column elementor-col-25 elementor-top-column elementor-element elementor-element-12640cf\" data-id=\"12640cf\" data-element_type=\"column\" data-e-type=\"column\">\n\t\t\t<div class=\"elementor-widget-wrap elementor-element-populated\">\n\t\t\t\t\t\t<div class=\"elementor-element elementor-element-ffbdf9a elementor-position-inline-start elementor-view-default elementor-mobile-position-block-start elementor-widget elementor-widget-icon-box\" data-id=\"ffbdf9a\" data-element_type=\"widget\" data-e-type=\"widget\" data-widget_type=\"icon-box.default\">\n\t\t\t\t\t\t\t<div class=\"elementor-icon-box-wrapper\">\n\n\t\t\t\t\t\t<div class=\"elementor-icon-box-icon\">\n\t\t\t\t<a href=\"https:\/\/www.estudidelmoble.com\/es\/producto\/the-art-of-painting-with-wood\/\" target=\"_blank\" class=\"elementor-icon elementor-animation-shrink\" tabindex=\"-1\" aria-label=\"Comprar (ingl\u00e9s)\">\n\t\t\t\t<svg aria-hidden=\"true\" class=\"e-font-icon-svg e-fas-shopping-basket\" viewBox=\"0 0 576 512\" xmlns=\"http:\/\/www.w3.org\/2000\/svg\"><path d=\"M576 216v16c0 13.255-10.745 24-24 24h-8l-26.113 182.788C514.509 462.435 494.257 480 470.37 480H105.63c-23.887 0-44.139-17.565-47.518-41.212L32 256h-8c-13.255 0-24-10.745-24-24v-16c0-13.255 10.745-24 24-24h67.341l106.78-146.821c10.395-14.292 30.407-17.453 44.701-7.058 14.293 10.395 17.453 30.408 7.058 44.701L170.477 192h235.046L326.12 82.821c-10.395-14.292-7.234-34.306 7.059-44.701 14.291-10.395 34.306-7.235 44.701 7.058L484.659 192H552c13.255 0 24 10.745 24 24zM312 392V280c0-13.255-10.745-24-24-24s-24 10.745-24 24v112c0 13.255 10.745 24 24 24s24-10.745 24-24zm112 0V280c0-13.255-10.745-24-24-24s-24 10.745-24 24v112c0 13.255 10.745 24 24 24s24-10.745 24-24zm-224 0V280c0-13.255-10.745-24-24-24s-24 10.745-24 24v112c0 13.255 10.745 24 24 24s24-10.745 24-24z\"><\/path><\/svg>\t\t\t\t<\/a>\n\t\t\t<\/div>\n\t\t\t\n\t\t\t\t\t\t<div class=\"elementor-icon-box-content\">\n\n\t\t\t\t\t\t\t\t\t<p class=\"elementor-icon-box-title\">\n\t\t\t\t\t\t<a href=\"https:\/\/www.estudidelmoble.com\/es\/producto\/the-art-of-painting-with-wood\/\" target=\"_blank\" >\n\t\t\t\t\t\t\tComprar (ingl\u00e9s)\t\t\t\t\t\t<\/a>\n\t\t\t\t\t<\/p>\n\t\t\t\t\n\t\t\t\t\n\t\t\t<\/div>\n\t\t\t\n\t\t<\/div>\n\t\t\t\t\t\t<\/div>\n\t\t\t\t\t<\/div>\n\t\t<\/div>\n\t\t\t\t\t<\/div>\n\t\t<\/section>\n\t\t\t\t<section class=\"elementor-section elementor-top-section elementor-element elementor-element-5d332a2 elementor-section-boxed elementor-section-height-default elementor-section-height-default\" data-id=\"5d332a2\" data-element_type=\"section\" data-e-type=\"section\">\n\t\t\t\t\t\t<div class=\"elementor-container elementor-column-gap-default\">\n\t\t\t\t\t<div class=\"elementor-column elementor-col-50 elementor-top-column elementor-element elementor-element-c563487\" data-id=\"c563487\" data-element_type=\"column\" data-e-type=\"column\">\n\t\t\t<div class=\"elementor-widget-wrap elementor-element-populated\">\n\t\t\t\t\t\t<div class=\"elementor-element elementor-element-191de10 elementor-widget elementor-widget-image\" data-id=\"191de10\" data-element_type=\"widget\" data-e-type=\"widget\" data-widget_type=\"image.default\">\n\t\t\t\t\t\t\t\t\t\t\t\t\t\t\t<img loading=\"lazy\" decoding=\"async\" width=\"300\" height=\"300\" src=\"https:\/\/www.estudidelmoble.com\/wp-content\/uploads\/2020\/07\/PORTADA-QUADRADA-1-1-300x300.jpg\" class=\"attachment-medium size-medium wp-image-15711\" alt=\"\" srcset=\"https:\/\/www.estudidelmoble.com\/wp-content\/uploads\/2020\/07\/PORTADA-QUADRADA-1-1-300x300.jpg 300w, https:\/\/www.estudidelmoble.com\/wp-content\/uploads\/2020\/07\/PORTADA-QUADRADA-1-1-100x100.jpg 100w, https:\/\/www.estudidelmoble.com\/wp-content\/uploads\/2020\/07\/PORTADA-QUADRADA-1-1-600x600.jpg 600w, https:\/\/www.estudidelmoble.com\/wp-content\/uploads\/2020\/07\/PORTADA-QUADRADA-1-1-1024x1024.jpg 1024w, https:\/\/www.estudidelmoble.com\/wp-content\/uploads\/2020\/07\/PORTADA-QUADRADA-1-1-150x150.jpg 150w, https:\/\/www.estudidelmoble.com\/wp-content\/uploads\/2020\/07\/PORTADA-QUADRADA-1-1-768x768.jpg 768w, https:\/\/www.estudidelmoble.com\/wp-content\/uploads\/2020\/07\/PORTADA-QUADRADA-1-1-1536x1536.jpg 1536w, https:\/\/www.estudidelmoble.com\/wp-content\/uploads\/2020\/07\/PORTADA-QUADRADA-1-1.jpg 1552w\" sizes=\"(max-width: 300px) 100vw, 300px\" \/>\t\t\t\t\t\t\t\t\t\t\t\t\t\t\t<\/div>\n\t\t\t\t<div class=\"elementor-element elementor-element-7e6b1f4 elementor-widget elementor-widget-image\" data-id=\"7e6b1f4\" data-element_type=\"widget\" data-e-type=\"widget\" data-widget_type=\"image.default\">\n\t\t\t\t\t\t\t\t\t\t\t\t\t\t\t<img loading=\"lazy\" decoding=\"async\" width=\"300\" height=\"300\" src=\"https:\/\/www.estudidelmoble.com\/wp-content\/uploads\/2020\/07\/portada-arraigados-cuadrada-300x300.jpg\" class=\"attachment-medium size-medium wp-image-15756\" alt=\"\" srcset=\"https:\/\/www.estudidelmoble.com\/wp-content\/uploads\/2020\/07\/portada-arraigados-cuadrada-300x300.jpg 300w, https:\/\/www.estudidelmoble.com\/wp-content\/uploads\/2020\/07\/portada-arraigados-cuadrada-100x100.jpg 100w, https:\/\/www.estudidelmoble.com\/wp-content\/uploads\/2020\/07\/portada-arraigados-cuadrada-600x600.jpg 600w, https:\/\/www.estudidelmoble.com\/wp-content\/uploads\/2020\/07\/portada-arraigados-cuadrada-1024x1024.jpg 1024w, https:\/\/www.estudidelmoble.com\/wp-content\/uploads\/2020\/07\/portada-arraigados-cuadrada-150x150.jpg 150w, https:\/\/www.estudidelmoble.com\/wp-content\/uploads\/2020\/07\/portada-arraigados-cuadrada-768x768.jpg 768w, https:\/\/www.estudidelmoble.com\/wp-content\/uploads\/2020\/07\/portada-arraigados-cuadrada.jpg 1536w\" sizes=\"(max-width: 300px) 100vw, 300px\" \/>\t\t\t\t\t\t\t\t\t\t\t\t\t\t\t<\/div>\n\t\t\t\t<div class=\"elementor-element elementor-element-8892c1d elementor-widget elementor-widget-image\" data-id=\"8892c1d\" data-element_type=\"widget\" data-e-type=\"widget\" data-widget_type=\"image.default\">\n\t\t\t\t\t\t\t\t\t\t\t\t\t\t\t<img loading=\"lazy\" decoding=\"async\" width=\"300\" height=\"300\" src=\"https:\/\/www.estudidelmoble.com\/wp-content\/uploads\/2020\/07\/Cover-Rooted-square-300x300.jpg\" class=\"attachment-medium size-medium wp-image-15762\" alt=\"\" srcset=\"https:\/\/www.estudidelmoble.com\/wp-content\/uploads\/2020\/07\/Cover-Rooted-square-300x300.jpg 300w, https:\/\/www.estudidelmoble.com\/wp-content\/uploads\/2020\/07\/Cover-Rooted-square-100x100.jpg 100w, https:\/\/www.estudidelmoble.com\/wp-content\/uploads\/2020\/07\/Cover-Rooted-square-600x600.jpg 600w, https:\/\/www.estudidelmoble.com\/wp-content\/uploads\/2020\/07\/Cover-Rooted-square-1024x1024.jpg 1024w, https:\/\/www.estudidelmoble.com\/wp-content\/uploads\/2020\/07\/Cover-Rooted-square-150x150.jpg 150w, https:\/\/www.estudidelmoble.com\/wp-content\/uploads\/2020\/07\/Cover-Rooted-square-768x768.jpg 768w, https:\/\/www.estudidelmoble.com\/wp-content\/uploads\/2020\/07\/Cover-Rooted-square.jpg 1536w\" sizes=\"(max-width: 300px) 100vw, 300px\" \/>\t\t\t\t\t\t\t\t\t\t\t\t\t\t\t<\/div>\n\t\t\t\t\t<\/div>\n\t\t<\/div>\n\t\t\t\t<div class=\"elementor-column elementor-col-50 elementor-top-column elementor-element elementor-element-b706d88\" data-id=\"b706d88\" data-element_type=\"column\" data-e-type=\"column\">\n\t\t\t<div class=\"elementor-widget-wrap elementor-element-populated\">\n\t\t\t\t\t\t<div class=\"elementor-element elementor-element-98e1763 elementor-widget elementor-widget-heading\" data-id=\"98e1763\" data-element_type=\"widget\" data-e-type=\"widget\" data-widget_type=\"heading.default\">\n\t\t\t\t\t<p class=\"elementor-heading-title elementor-size-default\">Arrelats a la Terra. 30 mobles seleccionats d'una col\u00b7lecci\u00f3 privada<\/p>\t\t\t\t<\/div>\n\t\t\t\t<div class=\"elementor-element elementor-element-a77f5cc elementor-widget elementor-widget-text-editor\" data-id=\"a77f5cc\" data-element_type=\"widget\" data-e-type=\"widget\" data-widget_type=\"text-editor.default\">\n\t\t\t\t\t\t\t\t\t<p data-start=\"31\" data-end=\"129\"><em><strong>Autora: M\u00f3nica Piera. Fotograf\u00edas de Llu\u00eds Casals.<\/strong><\/em><br data-start=\"81\" data-end=\"84\"><em><strong>Edici\u00f3n: Associaci\u00f3 per a l&#8217;Estudi del Moble.<\/strong><\/em><\/p>\n<p data-start=\"131\" data-end=\"466\">Acercar la mirada a los muebles antiguos, transmitir las emociones que producen cuando observamos y tocamos estas \u201cesculturas \u00fatiles\u201d y explicar c\u00f3mo se las ingeniaban los artesanos para convertir los troncos en obras art\u00edsticas son los principales objetivos de <em data-start=\"393\" data-end=\"414\">Arrelats a la terra<\/em>. 30 muebles seleccionados de una colecci\u00f3n privada.<\/p>\n<p data-start=\"468\" data-end=\"865\">M\u00f3nica Piera, especialista en historia del mueble, y Llu\u00eds Casals, fot\u00f3grafo, nos gu\u00edan por la colecci\u00f3n, nos permiten disfrutar de las sutilezas de cada uno de los muebles y nos desvelan sus secretos. Las piezas, en su mayor\u00eda catalanas o italianas, se construyeron para dar soluci\u00f3n a unas necesidades en tiempos pasados y se han reencarnado en objetos de colecci\u00f3n de una familia del siglo XXI.<\/p>\n<p data-start=\"867\" data-end=\"1533\">El libro es un deleite para la vista y la lectura amena invita a la reflexi\u00f3n. Los t\u00edtulos de los seis cap\u00edtulos y de los treinta textos ya nos informan de que el acercamiento a los muebles se aleja del concepto de ficha t\u00e9cnica para convertirse en relatos cortos y \u00e1giles en los que la aproximaci\u00f3n subjetiva es tan importante como los datos constructivos y art\u00edsticos. Descubrimos los muebles con funci\u00f3n simb\u00f3lica y aprendemos c\u00f3mo viv\u00edan la casa otras sociedades. Adem\u00e1s, la lectura nos permite entender el bienestar psicol\u00f3gico que aportan los muebles antiguos a un hogar actual, especialmente cuando se trata de obras de calidad como las recogidas en el libro.<\/p>\n<p data-start=\"1535\" data-end=\"1925\"><em data-start=\"1535\" data-end=\"1556\">Arrelats a la terra<\/em> subraya el papel esencial de los \u00e1rboles, seres vivos que proporcionan la materia prima con la que se construyen estas obras de arte, y rinde homenaje a los carpinteros y ebanistas an\u00f3nimos que proyectaron estas proezas. En este sentido, en contra de lo que se ha escrito, el texto reivindica la capacidad de dise\u00f1o de los mueblistas anteriores a la industrializaci\u00f3n.<\/p>\n<p data-start=\"1927\" data-end=\"2069\" data-is-last-node=\"\" data-is-only-node=\"\">Mucho m\u00e1s que un libro de regalo, <em data-start=\"1961\" data-end=\"1982\">Arrelats a la terra<\/em> es la luz necesaria para entender c\u00f3mo disfrutan quienes coleccionan muebles antiguos.<\/p>\n\t\t\t\t\t\t\t\t<\/div>\n\t\t\t\t\t<\/div>\n\t\t<\/div>\n\t\t\t\t\t<\/div>\n\t\t<\/section>\n\t\t\t\t<section class=\"elementor-section elementor-top-section elementor-element elementor-element-d085ef7 elementor-reverse-mobile elementor-section-boxed elementor-section-height-default elementor-section-height-default\" data-id=\"d085ef7\" data-element_type=\"section\" data-e-type=\"section\">\n\t\t\t\t\t\t<div class=\"elementor-container elementor-column-gap-default\">\n\t\t\t\t\t<div class=\"elementor-column elementor-col-25 elementor-top-column elementor-element elementor-element-07311ab\" data-id=\"07311ab\" data-element_type=\"column\" data-e-type=\"column\">\n\t\t\t<div class=\"elementor-widget-wrap elementor-element-populated\">\n\t\t\t\t\t\t<div class=\"elementor-element elementor-element-70f2db4 elementor-widget-divider--view-line elementor-widget elementor-widget-divider\" data-id=\"70f2db4\" data-element_type=\"widget\" data-e-type=\"widget\" data-widget_type=\"divider.default\">\n\t\t\t\t\t\t\t<div class=\"elementor-divider\">\n\t\t\t<span class=\"elementor-divider-separator\">\n\t\t\t\t\t\t<\/span>\n\t\t<\/div>\n\t\t\t\t\t\t<\/div>\n\t\t\t\t\t<\/div>\n\t\t<\/div>\n\t\t\t\t<div class=\"elementor-column elementor-col-25 elementor-top-column elementor-element elementor-element-24e480a\" data-id=\"24e480a\" data-element_type=\"column\" data-e-type=\"column\">\n\t\t\t<div class=\"elementor-widget-wrap elementor-element-populated\">\n\t\t\t\t\t\t<div class=\"elementor-element elementor-element-0ced24b elementor-position-inline-start elementor-view-default elementor-mobile-position-block-start elementor-widget elementor-widget-icon-box\" data-id=\"0ced24b\" data-element_type=\"widget\" data-e-type=\"widget\" data-widget_type=\"icon-box.default\">\n\t\t\t\t\t\t\t<div class=\"elementor-icon-box-wrapper\">\n\n\t\t\t\t\t\t<div class=\"elementor-icon-box-icon\">\n\t\t\t\t<a href=\"https:\/\/www.estudidelmoble.com\/es\/producto\/arrelats-a-la-terra-es\/\" target=\"_blank\" class=\"elementor-icon elementor-animation-shrink\" tabindex=\"-1\" aria-label=\"Comprar (catal\u00e0)\">\n\t\t\t\t<svg aria-hidden=\"true\" class=\"e-font-icon-svg e-fas-shopping-basket\" viewBox=\"0 0 576 512\" xmlns=\"http:\/\/www.w3.org\/2000\/svg\"><path d=\"M576 216v16c0 13.255-10.745 24-24 24h-8l-26.113 182.788C514.509 462.435 494.257 480 470.37 480H105.63c-23.887 0-44.139-17.565-47.518-41.212L32 256h-8c-13.255 0-24-10.745-24-24v-16c0-13.255 10.745-24 24-24h67.341l106.78-146.821c10.395-14.292 30.407-17.453 44.701-7.058 14.293 10.395 17.453 30.408 7.058 44.701L170.477 192h235.046L326.12 82.821c-10.395-14.292-7.234-34.306 7.059-44.701 14.291-10.395 34.306-7.235 44.701 7.058L484.659 192H552c13.255 0 24 10.745 24 24zM312 392V280c0-13.255-10.745-24-24-24s-24 10.745-24 24v112c0 13.255 10.745 24 24 24s24-10.745 24-24zm112 0V280c0-13.255-10.745-24-24-24s-24 10.745-24 24v112c0 13.255 10.745 24 24 24s24-10.745 24-24zm-224 0V280c0-13.255-10.745-24-24-24s-24 10.745-24 24v112c0 13.255 10.745 24 24 24s24-10.745 24-24z\"><\/path><\/svg>\t\t\t\t<\/a>\n\t\t\t<\/div>\n\t\t\t\n\t\t\t\t\t\t<div class=\"elementor-icon-box-content\">\n\n\t\t\t\t\t\t\t\t\t<p class=\"elementor-icon-box-title\">\n\t\t\t\t\t\t<a href=\"https:\/\/www.estudidelmoble.com\/es\/producto\/arrelats-a-la-terra-es\/\" target=\"_blank\" >\n\t\t\t\t\t\t\tComprar (catal\u00e0)\t\t\t\t\t\t<\/a>\n\t\t\t\t\t<\/p>\n\t\t\t\t\n\t\t\t\t\n\t\t\t<\/div>\n\t\t\t\n\t\t<\/div>\n\t\t\t\t\t\t<\/div>\n\t\t\t\t\t<\/div>\n\t\t<\/div>\n\t\t\t\t<div class=\"elementor-column elementor-col-25 elementor-top-column elementor-element elementor-element-9849ff6\" data-id=\"9849ff6\" data-element_type=\"column\" data-e-type=\"column\">\n\t\t\t<div class=\"elementor-widget-wrap elementor-element-populated\">\n\t\t\t\t\t\t<div class=\"elementor-element elementor-element-005e9d2 elementor-position-inline-start elementor-view-default elementor-mobile-position-block-start elementor-widget elementor-widget-icon-box\" data-id=\"005e9d2\" data-element_type=\"widget\" data-e-type=\"widget\" data-widget_type=\"icon-box.default\">\n\t\t\t\t\t\t\t<div class=\"elementor-icon-box-wrapper\">\n\n\t\t\t\t\t\t<div class=\"elementor-icon-box-icon\">\n\t\t\t\t<a href=\"https:\/\/www.estudidelmoble.com\/producte\/arraigados-en-la-tierra\/\" target=\"_blank\" class=\"elementor-icon elementor-animation-shrink\" tabindex=\"-1\" aria-label=\"Comprar (castellano)\">\n\t\t\t\t<svg aria-hidden=\"true\" class=\"e-font-icon-svg e-fas-shopping-basket\" viewBox=\"0 0 576 512\" xmlns=\"http:\/\/www.w3.org\/2000\/svg\"><path d=\"M576 216v16c0 13.255-10.745 24-24 24h-8l-26.113 182.788C514.509 462.435 494.257 480 470.37 480H105.63c-23.887 0-44.139-17.565-47.518-41.212L32 256h-8c-13.255 0-24-10.745-24-24v-16c0-13.255 10.745-24 24-24h67.341l106.78-146.821c10.395-14.292 30.407-17.453 44.701-7.058 14.293 10.395 17.453 30.408 7.058 44.701L170.477 192h235.046L326.12 82.821c-10.395-14.292-7.234-34.306 7.059-44.701 14.291-10.395 34.306-7.235 44.701 7.058L484.659 192H552c13.255 0 24 10.745 24 24zM312 392V280c0-13.255-10.745-24-24-24s-24 10.745-24 24v112c0 13.255 10.745 24 24 24s24-10.745 24-24zm112 0V280c0-13.255-10.745-24-24-24s-24 10.745-24 24v112c0 13.255 10.745 24 24 24s24-10.745 24-24zm-224 0V280c0-13.255-10.745-24-24-24s-24 10.745-24 24v112c0 13.255 10.745 24 24 24s24-10.745 24-24z\"><\/path><\/svg>\t\t\t\t<\/a>\n\t\t\t<\/div>\n\t\t\t\n\t\t\t\t\t\t<div class=\"elementor-icon-box-content\">\n\n\t\t\t\t\t\t\t\t\t<p class=\"elementor-icon-box-title\">\n\t\t\t\t\t\t<a href=\"https:\/\/www.estudidelmoble.com\/producte\/arraigados-en-la-tierra\/\" target=\"_blank\" >\n\t\t\t\t\t\t\tComprar (castellano)\t\t\t\t\t\t<\/a>\n\t\t\t\t\t<\/p>\n\t\t\t\t\n\t\t\t\t\n\t\t\t<\/div>\n\t\t\t\n\t\t<\/div>\n\t\t\t\t\t\t<\/div>\n\t\t\t\t\t<\/div>\n\t\t<\/div>\n\t\t\t\t<div class=\"elementor-column elementor-col-25 elementor-top-column elementor-element elementor-element-cb73eea\" data-id=\"cb73eea\" data-element_type=\"column\" data-e-type=\"column\">\n\t\t\t<div class=\"elementor-widget-wrap elementor-element-populated\">\n\t\t\t\t\t\t<div class=\"elementor-element elementor-element-6dc8ed4 elementor-position-inline-start elementor-view-default elementor-mobile-position-block-start elementor-widget elementor-widget-icon-box\" data-id=\"6dc8ed4\" data-element_type=\"widget\" data-e-type=\"widget\" data-widget_type=\"icon-box.default\">\n\t\t\t\t\t\t\t<div class=\"elementor-icon-box-wrapper\">\n\n\t\t\t\t\t\t<div class=\"elementor-icon-box-icon\">\n\t\t\t\t<a href=\"https:\/\/www.estudidelmoble.com\/producte\/rooted-in-the-earth\/\" target=\"_blank\" class=\"elementor-icon elementor-animation-shrink\" tabindex=\"-1\" aria-label=\"Comprar (ingl\u00e9s)\">\n\t\t\t\t<svg aria-hidden=\"true\" class=\"e-font-icon-svg e-fas-shopping-basket\" viewBox=\"0 0 576 512\" xmlns=\"http:\/\/www.w3.org\/2000\/svg\"><path d=\"M576 216v16c0 13.255-10.745 24-24 24h-8l-26.113 182.788C514.509 462.435 494.257 480 470.37 480H105.63c-23.887 0-44.139-17.565-47.518-41.212L32 256h-8c-13.255 0-24-10.745-24-24v-16c0-13.255 10.745-24 24-24h67.341l106.78-146.821c10.395-14.292 30.407-17.453 44.701-7.058 14.293 10.395 17.453 30.408 7.058 44.701L170.477 192h235.046L326.12 82.821c-10.395-14.292-7.234-34.306 7.059-44.701 14.291-10.395 34.306-7.235 44.701 7.058L484.659 192H552c13.255 0 24 10.745 24 24zM312 392V280c0-13.255-10.745-24-24-24s-24 10.745-24 24v112c0 13.255 10.745 24 24 24s24-10.745 24-24zm112 0V280c0-13.255-10.745-24-24-24s-24 10.745-24 24v112c0 13.255 10.745 24 24 24s24-10.745 24-24zm-224 0V280c0-13.255-10.745-24-24-24s-24 10.745-24 24v112c0 13.255 10.745 24 24 24s24-10.745 24-24z\"><\/path><\/svg>\t\t\t\t<\/a>\n\t\t\t<\/div>\n\t\t\t\n\t\t\t\t\t\t<div class=\"elementor-icon-box-content\">\n\n\t\t\t\t\t\t\t\t\t<p class=\"elementor-icon-box-title\">\n\t\t\t\t\t\t<a href=\"https:\/\/www.estudidelmoble.com\/producte\/rooted-in-the-earth\/\" target=\"_blank\" >\n\t\t\t\t\t\t\tComprar (ingl\u00e9s)\t\t\t\t\t\t<\/a>\n\t\t\t\t\t<\/p>\n\t\t\t\t\n\t\t\t\t\n\t\t\t<\/div>\n\t\t\t\n\t\t<\/div>\n\t\t\t\t\t\t<\/div>\n\t\t\t\t\t<\/div>\n\t\t<\/div>\n\t\t\t\t\t<\/div>\n\t\t<\/section>\n\t\t\t\t<section class=\"elementor-section elementor-top-section elementor-element elementor-element-2e49f3e elementor-section-boxed elementor-section-height-default elementor-section-height-default\" data-id=\"2e49f3e\" data-element_type=\"section\" data-e-type=\"section\">\n\t\t\t\t\t\t<div class=\"elementor-container elementor-column-gap-default\">\n\t\t\t\t\t<div class=\"elementor-column elementor-col-50 elementor-top-column elementor-element elementor-element-70cf5af\" data-id=\"70cf5af\" data-element_type=\"column\" data-e-type=\"column\">\n\t\t\t<div class=\"elementor-widget-wrap elementor-element-populated\">\n\t\t\t\t\t\t<div class=\"elementor-element elementor-element-6343c89 elementor-widget elementor-widget-image\" data-id=\"6343c89\" data-element_type=\"widget\" data-e-type=\"widget\" data-widget_type=\"image.default\">\n\t\t\t\t\t\t\t\t\t\t\t\t\t\t\t<img loading=\"lazy\" decoding=\"async\" width=\"231\" height=\"300\" src=\"https:\/\/www.estudidelmoble.com\/wp-content\/uploads\/2021\/09\/portada-decorum-231x300.jpg\" class=\"attachment-medium size-medium wp-image-31710\" alt=\"Cat\u00e1logo Dec\u00f2rum del Museu T\u00e8xtil\" srcset=\"https:\/\/www.estudidelmoble.com\/wp-content\/uploads\/2021\/09\/portada-decorum-231x300.jpg 231w, https:\/\/www.estudidelmoble.com\/wp-content\/uploads\/2021\/09\/portada-decorum-scaled-600x780.jpg 600w, https:\/\/www.estudidelmoble.com\/wp-content\/uploads\/2021\/09\/portada-decorum-787x1024.jpg 787w, https:\/\/www.estudidelmoble.com\/wp-content\/uploads\/2021\/09\/portada-decorum-768x999.jpg 768w, https:\/\/www.estudidelmoble.com\/wp-content\/uploads\/2021\/09\/portada-decorum-1181x1536.jpg 1181w, https:\/\/www.estudidelmoble.com\/wp-content\/uploads\/2021\/09\/portada-decorum-1574x2048.jpg 1574w, https:\/\/www.estudidelmoble.com\/wp-content\/uploads\/2021\/09\/portada-decorum-scaled.jpg 1968w\" sizes=\"(max-width: 231px) 100vw, 231px\" \/>\t\t\t\t\t\t\t\t\t\t\t\t\t\t\t<\/div>\n\t\t\t\t\t<\/div>\n\t\t<\/div>\n\t\t\t\t<div class=\"elementor-column elementor-col-50 elementor-top-column elementor-element elementor-element-70a74f9\" data-id=\"70a74f9\" data-element_type=\"column\" data-e-type=\"column\">\n\t\t\t<div class=\"elementor-widget-wrap elementor-element-populated\">\n\t\t\t\t\t\t<div class=\"elementor-element elementor-element-459d025 elementor-widget elementor-widget-text-editor\" data-id=\"459d025\" data-element_type=\"widget\" data-e-type=\"widget\" data-widget_type=\"text-editor.default\">\n\t\t\t\t\t\t\t\t\t<h3 class=\"MsoNormal\"><span style=\"color: #7f2629;\" data-mce-style=\"color: #7f2629;\">Dec\u00f2rum. vestir la casa para la ocasi\u00f3n<\/span><strong><span style=\"color: #7f2629;\" data-mce-style=\"color: #7f2629;\"><span lang=\"CA\"><br \/><\/span><\/span><\/strong><\/h3>\n\t\t\t\t\t\t\t\t<\/div>\n\t\t\t\t<div class=\"elementor-element elementor-element-ab92bcc elementor-widget elementor-widget-text-editor\" data-id=\"ab92bcc\" data-element_type=\"widget\" data-e-type=\"widget\" data-widget_type=\"text-editor.default\">\n\t\t\t\t\t\t\t\t\t<p>Exposici\u00f3n del 19 de abril de 2020 al 28 de febrero de 2021<span id=\"dnn_ctr7082_dnnTITLE1_lblTitle\" class=\"Head1\"><\/span><\/p>\n\t\t\t\t\t\t\t\t<\/div>\n\t\t\t\t<div class=\"elementor-element elementor-element-912a4ba elementor-widget elementor-widget-text-editor\" data-id=\"912a4ba\" data-element_type=\"widget\" data-e-type=\"widget\" data-widget_type=\"text-editor.default\">\n\t\t\t\t\t\t\t\t\t<p class=\"MsoNormal\"><span lang=\"CA\">Desde hace unos a\u00f1os, el Museo T\u00e9xtil colabora con la Asociaci\u00f3n para el Estudio del Mueble en el asesoramiento de los textiles que forman parte del mobiliario y la decoraci\u00f3n del hogar, sea documentando piezas o haciendo formaci\u00f3n. A ra\u00edz de esta colaboraci\u00f3n vimos que val\u00eda la pena poner en com\u00fan los conocimientos y la experiencia, tanto de la Asociaci\u00f3n como del Museo, y comunicarlos a un amplio abanico de p\u00fablico. <\/span><\/p>\n\t\t\t\t\t\t\t\t<\/div>\n\t\t\t\t\t<\/div>\n\t\t<\/div>\n\t\t\t\t\t<\/div>\n\t\t<\/section>\n\t\t\t\t<section class=\"elementor-section elementor-top-section elementor-element elementor-element-cee63ca elementor-reverse-mobile elementor-section-boxed elementor-section-height-default elementor-section-height-default\" data-id=\"cee63ca\" data-element_type=\"section\" data-e-type=\"section\">\n\t\t\t\t\t\t<div class=\"elementor-container elementor-column-gap-default\">\n\t\t\t\t\t<div class=\"elementor-column elementor-col-50 elementor-top-column elementor-element elementor-element-b578699\" data-id=\"b578699\" data-element_type=\"column\" data-e-type=\"column\">\n\t\t\t<div class=\"elementor-widget-wrap elementor-element-populated\">\n\t\t\t\t\t\t<div class=\"elementor-element elementor-element-3b30ec9 elementor-widget-divider--view-line elementor-widget elementor-widget-divider\" data-id=\"3b30ec9\" data-element_type=\"widget\" data-e-type=\"widget\" data-widget_type=\"divider.default\">\n\t\t\t\t\t\t\t<div class=\"elementor-divider\">\n\t\t\t<span class=\"elementor-divider-separator\">\n\t\t\t\t\t\t<\/span>\n\t\t<\/div>\n\t\t\t\t\t\t<\/div>\n\t\t\t\t\t<\/div>\n\t\t<\/div>\n\t\t\t\t<div class=\"elementor-column elementor-col-50 elementor-top-column elementor-element elementor-element-51e909a\" data-id=\"51e909a\" data-element_type=\"column\" data-e-type=\"column\">\n\t\t\t<div class=\"elementor-widget-wrap elementor-element-populated\">\n\t\t\t\t\t\t<div class=\"elementor-element elementor-element-689128a elementor-position-inline-start elementor-view-default elementor-mobile-position-block-start elementor-widget elementor-widget-icon-box\" data-id=\"689128a\" data-element_type=\"widget\" data-e-type=\"widget\" data-widget_type=\"icon-box.default\">\n\t\t\t\t\t\t\t<div class=\"elementor-icon-box-wrapper\">\n\n\t\t\t\t\t\t<div class=\"elementor-icon-box-icon\">\n\t\t\t\t<a href=\"https:\/\/www.estudidelmoble.com\/es\/producto\/decorum-vestir-la-casa-para-la-ocasion\/\" target=\"_blank\" class=\"elementor-icon elementor-animation-shrink\" tabindex=\"-1\" aria-label=\"Comprar\">\n\t\t\t\t<svg aria-hidden=\"true\" class=\"e-font-icon-svg e-fas-shopping-basket\" viewBox=\"0 0 576 512\" xmlns=\"http:\/\/www.w3.org\/2000\/svg\"><path d=\"M576 216v16c0 13.255-10.745 24-24 24h-8l-26.113 182.788C514.509 462.435 494.257 480 470.37 480H105.63c-23.887 0-44.139-17.565-47.518-41.212L32 256h-8c-13.255 0-24-10.745-24-24v-16c0-13.255 10.745-24 24-24h67.341l106.78-146.821c10.395-14.292 30.407-17.453 44.701-7.058 14.293 10.395 17.453 30.408 7.058 44.701L170.477 192h235.046L326.12 82.821c-10.395-14.292-7.234-34.306 7.059-44.701 14.291-10.395 34.306-7.235 44.701 7.058L484.659 192H552c13.255 0 24 10.745 24 24zM312 392V280c0-13.255-10.745-24-24-24s-24 10.745-24 24v112c0 13.255 10.745 24 24 24s24-10.745 24-24zm112 0V280c0-13.255-10.745-24-24-24s-24 10.745-24 24v112c0 13.255 10.745 24 24 24s24-10.745 24-24zm-224 0V280c0-13.255-10.745-24-24-24s-24 10.745-24 24v112c0 13.255 10.745 24 24 24s24-10.745 24-24z\"><\/path><\/svg>\t\t\t\t<\/a>\n\t\t\t<\/div>\n\t\t\t\n\t\t\t\t\t\t<div class=\"elementor-icon-box-content\">\n\n\t\t\t\t\t\t\t\t\t<p class=\"elementor-icon-box-title\">\n\t\t\t\t\t\t<a href=\"https:\/\/www.estudidelmoble.com\/es\/producto\/decorum-vestir-la-casa-para-la-ocasion\/\" target=\"_blank\" >\n\t\t\t\t\t\t\tComprar\t\t\t\t\t\t<\/a>\n\t\t\t\t\t<\/p>\n\t\t\t\t\n\t\t\t\t\n\t\t\t<\/div>\n\t\t\t\n\t\t<\/div>\n\t\t\t\t\t\t<\/div>\n\t\t\t\t\t<\/div>\n\t\t<\/div>\n\t\t\t\t\t<\/div>\n\t\t<\/section>\n\t\t\t\t<section class=\"elementor-section elementor-top-section elementor-element elementor-element-1bdf7de elementor-section-boxed elementor-section-height-default elementor-section-height-default\" data-id=\"1bdf7de\" data-element_type=\"section\" data-e-type=\"section\">\n\t\t\t\t\t\t<div class=\"elementor-container elementor-column-gap-default\">\n\t\t\t\t\t<div class=\"elementor-column elementor-col-50 elementor-top-column elementor-element elementor-element-df7ce2d\" data-id=\"df7ce2d\" data-element_type=\"column\" data-e-type=\"column\">\n\t\t\t<div class=\"elementor-widget-wrap elementor-element-populated\">\n\t\t\t\t\t\t<div class=\"elementor-element elementor-element-0b7bd9f elementor-widget elementor-widget-image\" data-id=\"0b7bd9f\" data-element_type=\"widget\" data-e-type=\"widget\" data-widget_type=\"image.default\">\n\t\t\t\t\t\t\t\t\t\t\t\t\t\t\t<img loading=\"lazy\" decoding=\"async\" width=\"266\" height=\"300\" src=\"https:\/\/www.estudidelmoble.com\/wp-content\/uploads\/2020\/11\/el-moble-popular-a-Catalunya-266x300.png\" class=\"attachment-medium size-medium wp-image-19157\" alt=\"\" srcset=\"https:\/\/www.estudidelmoble.com\/wp-content\/uploads\/2020\/11\/el-moble-popular-a-Catalunya-266x300.png 266w, https:\/\/www.estudidelmoble.com\/wp-content\/uploads\/2020\/11\/el-moble-popular-a-Catalunya-600x678.png 600w, https:\/\/www.estudidelmoble.com\/wp-content\/uploads\/2020\/11\/el-moble-popular-a-Catalunya.png 701w\" sizes=\"(max-width: 266px) 100vw, 266px\" \/>\t\t\t\t\t\t\t\t\t\t\t\t\t\t\t<\/div>\n\t\t\t\t\t<\/div>\n\t\t<\/div>\n\t\t\t\t<div class=\"elementor-column elementor-col-50 elementor-top-column elementor-element elementor-element-4d44a9a\" data-id=\"4d44a9a\" data-element_type=\"column\" data-e-type=\"column\">\n\t\t\t<div class=\"elementor-widget-wrap elementor-element-populated\">\n\t\t\t\t\t\t<div class=\"elementor-element elementor-element-2eddc49 elementor-widget elementor-widget-text-editor\" data-id=\"2eddc49\" data-element_type=\"widget\" data-e-type=\"widget\" data-widget_type=\"text-editor.default\">\n\t\t\t\t\t\t\t\t\t<p class=\"MsoNormal\"><span style=\"color: #7f2629;\" data-mce-style=\"color: #7f2629;\">El moble popular a Catalunya<\/span><strong><span style=\"color: #7f2629;\" data-mce-style=\"color: #7f2629;\"><span lang=\"CA\"><br \/><\/span><\/span><\/strong><\/p>\n\t\t\t\t\t\t\t\t<\/div>\n\t\t\t\t<div class=\"elementor-element elementor-element-d151aed elementor-widget elementor-widget-text-editor\" data-id=\"d151aed\" data-element_type=\"widget\" data-e-type=\"widget\" data-widget_type=\"text-editor.default\">\n\t\t\t\t\t\t\t\t\t<p><em><strong>Autora: Mar\u00eda del Agua Cort\u00e9s El\u00eda<\/strong><\/em><\/p>\n<p>Ten\u00e9is en las manos un excelente libro para introduciros en el mundo del mueble tradicional. Guiados por la autora, Mar\u00eda del Agua Cort\u00e9s El\u00eda, conocer\u00e9is las t\u00e9cnicas de construcci\u00f3n, las funciones y los diferentes estilos, en una did\u00e1ctica combinaci\u00f3n de texto y dibujo, complementadas con im\u00e1genes de piezas representativas.<\/p>\n<p>Se trata de una documentada y apasionada reivindicaci\u00f3n de un mueble a menudo humilde pero siempre singular, que es legatario de un tiempo y de un lugar. Su conocimiento nos ayuda a apreciarlo y nos invita a preservarlo y a darle sentido en el momento actual, de la manera que creemos m\u00e1s apropiada pero siempre con el respeto que se merece.<\/p>\n\t\t\t\t\t\t\t\t<\/div>\n\t\t\t\t\t<\/div>\n\t\t<\/div>\n\t\t\t\t\t<\/div>\n\t\t<\/section>\n\t\t\t\t<section class=\"elementor-section elementor-top-section elementor-element elementor-element-c325e54 elementor-reverse-mobile elementor-section-boxed elementor-section-height-default elementor-section-height-default\" data-id=\"c325e54\" data-element_type=\"section\" data-e-type=\"section\">\n\t\t\t\t\t\t<div class=\"elementor-container elementor-column-gap-default\">\n\t\t\t\t\t<div class=\"elementor-column elementor-col-50 elementor-top-column elementor-element elementor-element-9a89dbd\" data-id=\"9a89dbd\" data-element_type=\"column\" data-e-type=\"column\">\n\t\t\t<div class=\"elementor-widget-wrap elementor-element-populated\">\n\t\t\t\t\t\t<div class=\"elementor-element elementor-element-7cb8086 elementor-widget-divider--view-line elementor-widget elementor-widget-divider\" data-id=\"7cb8086\" data-element_type=\"widget\" data-e-type=\"widget\" data-widget_type=\"divider.default\">\n\t\t\t\t\t\t\t<div class=\"elementor-divider\">\n\t\t\t<span class=\"elementor-divider-separator\">\n\t\t\t\t\t\t<\/span>\n\t\t<\/div>\n\t\t\t\t\t\t<\/div>\n\t\t\t\t\t<\/div>\n\t\t<\/div>\n\t\t\t\t<div class=\"elementor-column elementor-col-50 elementor-top-column elementor-element elementor-element-f2a56ae\" data-id=\"f2a56ae\" data-element_type=\"column\" data-e-type=\"column\">\n\t\t\t<div class=\"elementor-widget-wrap elementor-element-populated\">\n\t\t\t\t\t\t<div class=\"elementor-element elementor-element-62698b5 elementor-position-inline-start elementor-view-default elementor-mobile-position-block-start elementor-widget elementor-widget-icon-box\" data-id=\"62698b5\" data-element_type=\"widget\" data-e-type=\"widget\" data-widget_type=\"icon-box.default\">\n\t\t\t\t\t\t\t<div class=\"elementor-icon-box-wrapper\">\n\n\t\t\t\t\t\t<div class=\"elementor-icon-box-icon\">\n\t\t\t\t<a href=\"https:\/\/www.estudidelmoble.com\/es\/producte\/el-moble-popular-a-catalunya\/\" target=\"_blank\" class=\"elementor-icon elementor-animation-shrink\" tabindex=\"-1\" aria-label=\"Comprar\">\n\t\t\t\t<svg aria-hidden=\"true\" class=\"e-font-icon-svg e-fas-shopping-basket\" viewBox=\"0 0 576 512\" xmlns=\"http:\/\/www.w3.org\/2000\/svg\"><path d=\"M576 216v16c0 13.255-10.745 24-24 24h-8l-26.113 182.788C514.509 462.435 494.257 480 470.37 480H105.63c-23.887 0-44.139-17.565-47.518-41.212L32 256h-8c-13.255 0-24-10.745-24-24v-16c0-13.255 10.745-24 24-24h67.341l106.78-146.821c10.395-14.292 30.407-17.453 44.701-7.058 14.293 10.395 17.453 30.408 7.058 44.701L170.477 192h235.046L326.12 82.821c-10.395-14.292-7.234-34.306 7.059-44.701 14.291-10.395 34.306-7.235 44.701 7.058L484.659 192H552c13.255 0 24 10.745 24 24zM312 392V280c0-13.255-10.745-24-24-24s-24 10.745-24 24v112c0 13.255 10.745 24 24 24s24-10.745 24-24zm112 0V280c0-13.255-10.745-24-24-24s-24 10.745-24 24v112c0 13.255 10.745 24 24 24s24-10.745 24-24zm-224 0V280c0-13.255-10.745-24-24-24s-24 10.745-24 24v112c0 13.255 10.745 24 24 24s24-10.745 24-24z\"><\/path><\/svg>\t\t\t\t<\/a>\n\t\t\t<\/div>\n\t\t\t\n\t\t\t\t\t\t<div class=\"elementor-icon-box-content\">\n\n\t\t\t\t\t\t\t\t\t<p class=\"elementor-icon-box-title\">\n\t\t\t\t\t\t<a href=\"https:\/\/www.estudidelmoble.com\/es\/producte\/el-moble-popular-a-catalunya\/\" target=\"_blank\" >\n\t\t\t\t\t\t\tComprar\t\t\t\t\t\t<\/a>\n\t\t\t\t\t<\/p>\n\t\t\t\t\n\t\t\t\t\n\t\t\t<\/div>\n\t\t\t\n\t\t<\/div>\n\t\t\t\t\t\t<\/div>\n\t\t\t\t\t<\/div>\n\t\t<\/div>\n\t\t\t\t\t<\/div>\n\t\t<\/section>\n\t\t\t\t<section class=\"elementor-section elementor-top-section elementor-element elementor-element-70a0c64 elementor-section-boxed elementor-section-height-default elementor-section-height-default\" data-id=\"70a0c64\" data-element_type=\"section\" data-e-type=\"section\">\n\t\t\t\t\t\t<div class=\"elementor-container elementor-column-gap-default\">\n\t\t\t\t\t<div class=\"elementor-column elementor-col-50 elementor-top-column elementor-element elementor-element-8dead76\" data-id=\"8dead76\" data-element_type=\"column\" data-e-type=\"column\">\n\t\t\t<div class=\"elementor-widget-wrap elementor-element-populated\">\n\t\t\t\t\t\t<div class=\"elementor-element elementor-element-419cf0b elementor-widget elementor-widget-image\" data-id=\"419cf0b\" data-element_type=\"widget\" data-e-type=\"widget\" data-widget_type=\"image.default\">\n\t\t\t\t\t\t\t\t\t\t\t\t\t\t\t<img loading=\"lazy\" decoding=\"async\" width=\"223\" height=\"300\" src=\"https:\/\/www.estudidelmoble.com\/wp-content\/uploads\/2019\/11\/LlibrePassantiesFusters-3-223x300.jpg\" class=\"attachment-medium size-medium wp-image-4077\" alt=\"\" srcset=\"https:\/\/www.estudidelmoble.com\/wp-content\/uploads\/2019\/11\/LlibrePassantiesFusters-3-223x300.jpg 223w, https:\/\/www.estudidelmoble.com\/wp-content\/uploads\/2019\/11\/LlibrePassantiesFusters-3-600x807.jpg 600w, https:\/\/www.estudidelmoble.com\/wp-content\/uploads\/2019\/11\/LlibrePassantiesFusters-3.jpg 714w\" sizes=\"(max-width: 223px) 100vw, 223px\" \/>\t\t\t\t\t\t\t\t\t\t\t\t\t\t\t<\/div>\n\t\t\t\t\t<\/div>\n\t\t<\/div>\n\t\t\t\t<div class=\"elementor-column elementor-col-50 elementor-top-column elementor-element elementor-element-c5e89a2\" data-id=\"c5e89a2\" data-element_type=\"column\" data-e-type=\"column\">\n\t\t\t<div class=\"elementor-widget-wrap elementor-element-populated\">\n\t\t\t\t\t\t<div class=\"elementor-element elementor-element-ab1f317 elementor-widget elementor-widget-text-editor\" data-id=\"ab1f317\" data-element_type=\"widget\" data-e-type=\"widget\" data-widget_type=\"text-editor.default\">\n\t\t\t\t\t\t\t\t\t<p class=\"MsoNormal\">El llibre de Passanties dels fusters<strong><span style=\"color: #7f2629;\" data-mce-style=\"color: #7f2629;\"><span lang=\"CA\"><br \/><\/span><\/span><\/strong><\/p>\n\t\t\t\t\t\t\t\t<\/div>\n\t\t\t\t<div class=\"elementor-element elementor-element-14f77b2 elementor-widget elementor-widget-text-editor\" data-id=\"14f77b2\" data-element_type=\"widget\" data-e-type=\"widget\" data-widget_type=\"text-editor.default\">\n\t\t\t\t\t\t\t\t\t<p>Exposici\u00f3n del 25 de octubre del 2018 al 24 de febrero del 2019<span id=\"dnn_ctr7082_dnnTITLE1_lblTitle\" class=\"Head1\"><\/span><\/p>\n\t\t\t\t\t\t\t\t<\/div>\n\t\t\t\t<div class=\"elementor-element elementor-element-4448c6d elementor-widget elementor-widget-text-editor\" data-id=\"4448c6d\" data-element_type=\"widget\" data-e-type=\"widget\" data-widget_type=\"text-editor.default\">\n\t\t\t\t\t\t\t\t\t<p class=\"MsoNormal\"><span lang=\"CA\">La curiosidad y el azar permitieron descubrir a M\u00f3nica Piera, comisaria de la exposici\u00f3n, el <i>Llibre de passanties dels mestres fusters comen\u00e7ant en lo any 1778<\/i>, en su t\u00edtulo original en catal\u00e1n, que han conservado durante generaciones los cofrades maestros carpinteros de Barcelona.<\/span><\/p><p>Se encontr\u00f3 en uno de los cajones de la sacrist\u00eda de la capilla de San Jos\u00e9 y de San Juan de la Cofrad\u00eda de Carpinteros, situada en la girola de la catedral de Barcelona, donde los cofrades lo hab\u00edan trasladado junto con otros libros y la documentaci\u00f3n que se pudo rescatar del bombardeo que sufri\u00f3 la sede del gremio en 1938, en la calle de Bot, n\u00famero 8.<\/p>\t\t\t\t\t\t\t\t<\/div>\n\t\t\t\t\t<\/div>\n\t\t<\/div>\n\t\t\t\t\t<\/div>\n\t\t<\/section>\n\t\t\t\t<section class=\"elementor-section elementor-top-section elementor-element elementor-element-61ef828 elementor-reverse-mobile elementor-section-boxed elementor-section-height-default elementor-section-height-default\" data-id=\"61ef828\" data-element_type=\"section\" data-e-type=\"section\">\n\t\t\t\t\t\t<div class=\"elementor-container elementor-column-gap-default\">\n\t\t\t\t\t<div class=\"elementor-column elementor-col-50 elementor-top-column elementor-element elementor-element-dd7aa3f\" data-id=\"dd7aa3f\" data-element_type=\"column\" data-e-type=\"column\">\n\t\t\t<div class=\"elementor-widget-wrap elementor-element-populated\">\n\t\t\t\t\t\t<div class=\"elementor-element elementor-element-3ff0981 elementor-widget-divider--view-line elementor-widget elementor-widget-divider\" data-id=\"3ff0981\" data-element_type=\"widget\" data-e-type=\"widget\" data-widget_type=\"divider.default\">\n\t\t\t\t\t\t\t<div class=\"elementor-divider\">\n\t\t\t<span class=\"elementor-divider-separator\">\n\t\t\t\t\t\t<\/span>\n\t\t<\/div>\n\t\t\t\t\t\t<\/div>\n\t\t\t\t\t<\/div>\n\t\t<\/div>\n\t\t\t\t<div class=\"elementor-column elementor-col-50 elementor-top-column elementor-element elementor-element-67dfe46\" data-id=\"67dfe46\" data-element_type=\"column\" data-e-type=\"column\">\n\t\t\t<div class=\"elementor-widget-wrap elementor-element-populated\">\n\t\t\t\t\t\t<div class=\"elementor-element elementor-element-17f8182 elementor-position-inline-start elementor-view-default elementor-mobile-position-block-start elementor-widget elementor-widget-icon-box\" data-id=\"17f8182\" data-element_type=\"widget\" data-e-type=\"widget\" data-widget_type=\"icon-box.default\">\n\t\t\t\t\t\t\t<div class=\"elementor-icon-box-wrapper\">\n\n\t\t\t\t\t\t<div class=\"elementor-icon-box-icon\">\n\t\t\t\t<a href=\"https:\/\/www.estudidelmoble.com\/wp-content\/uploads\/2021\/06\/El-llibre-de-Passanties-dels-Fusters-Booklet.pdf\" target=\"_blank\" class=\"elementor-icon elementor-animation-shrink\" tabindex=\"-1\" aria-label=\"Descargar op\u00fasculo (gratu\u00edto)\">\n\t\t\t\t<svg aria-hidden=\"true\" class=\"e-font-icon-svg e-fas-file-download\" viewBox=\"0 0 384 512\" xmlns=\"http:\/\/www.w3.org\/2000\/svg\"><path d=\"M224 136V0H24C10.7 0 0 10.7 0 24v464c0 13.3 10.7 24 24 24h336c13.3 0 24-10.7 24-24V160H248c-13.2 0-24-10.8-24-24zm76.45 211.36l-96.42 95.7c-6.65 6.61-17.39 6.61-24.04 0l-96.42-95.7C73.42 337.29 80.54 320 94.82 320H160v-80c0-8.84 7.16-16 16-16h32c8.84 0 16 7.16 16 16v80h65.18c14.28 0 21.4 17.29 11.27 27.36zM377 105L279.1 7c-4.5-4.5-10.6-7-17-7H256v128h128v-6.1c0-6.3-2.5-12.4-7-16.9z\"><\/path><\/svg>\t\t\t\t<\/a>\n\t\t\t<\/div>\n\t\t\t\n\t\t\t\t\t\t<div class=\"elementor-icon-box-content\">\n\n\t\t\t\t\t\t\t\t\t<p class=\"elementor-icon-box-title\">\n\t\t\t\t\t\t<a href=\"https:\/\/www.estudidelmoble.com\/wp-content\/uploads\/2021\/06\/El-llibre-de-Passanties-dels-Fusters-Booklet.pdf\" target=\"_blank\" >\n\t\t\t\t\t\t\tDescargar op\u00fasculo (gratu\u00edto)\t\t\t\t\t\t<\/a>\n\t\t\t\t\t<\/p>\n\t\t\t\t\n\t\t\t\t\n\t\t\t<\/div>\n\t\t\t\n\t\t<\/div>\n\t\t\t\t\t\t<\/div>\n\t\t\t\t\t<\/div>\n\t\t<\/div>\n\t\t\t\t\t<\/div>\n\t\t<\/section>\n\t\t\t\t<section class=\"elementor-section elementor-top-section elementor-element elementor-element-f34421c elementor-section-boxed elementor-section-height-default elementor-section-height-default\" data-id=\"f34421c\" data-element_type=\"section\" data-e-type=\"section\">\n\t\t\t\t\t\t<div class=\"elementor-container elementor-column-gap-default\">\n\t\t\t\t\t<div class=\"elementor-column elementor-col-50 elementor-top-column elementor-element elementor-element-b43b53d\" data-id=\"b43b53d\" data-element_type=\"column\" data-e-type=\"column\">\n\t\t\t<div class=\"elementor-widget-wrap elementor-element-populated\">\n\t\t\t\t\t\t<div class=\"elementor-element elementor-element-57fbd12 elementor-widget elementor-widget-image\" data-id=\"57fbd12\" data-element_type=\"widget\" data-e-type=\"widget\" data-widget_type=\"image.default\">\n\t\t\t\t\t\t\t\t\t\t\t\t\t\t\t<img loading=\"lazy\" decoding=\"async\" width=\"300\" height=\"300\" src=\"https:\/\/www.estudidelmoble.com\/wp-content\/uploads\/2019\/12\/portada-La-Casa-Duran.jpg\" class=\"attachment-medium size-medium wp-image-6727\" alt=\"\" srcset=\"https:\/\/www.estudidelmoble.com\/wp-content\/uploads\/2019\/12\/portada-La-Casa-Duran.jpg 300w, https:\/\/www.estudidelmoble.com\/wp-content\/uploads\/2019\/12\/portada-La-Casa-Duran-100x100.jpg 100w, https:\/\/www.estudidelmoble.com\/wp-content\/uploads\/2019\/12\/portada-La-Casa-Duran-150x150.jpg 150w\" sizes=\"(max-width: 300px) 100vw, 300px\" \/>\t\t\t\t\t\t\t\t\t\t\t\t\t\t\t<\/div>\n\t\t\t\t\t<\/div>\n\t\t<\/div>\n\t\t\t\t<div class=\"elementor-column elementor-col-50 elementor-top-column elementor-element elementor-element-a42721e\" data-id=\"a42721e\" data-element_type=\"column\" data-e-type=\"column\">\n\t\t\t<div class=\"elementor-widget-wrap elementor-element-populated\">\n\t\t\t\t\t\t<div class=\"elementor-element elementor-element-7caf6b8 elementor-widget elementor-widget-text-editor\" data-id=\"7caf6b8\" data-element_type=\"widget\" data-e-type=\"widget\" data-widget_type=\"text-editor.default\">\n\t\t\t\t\t\t\t\t\t<p class=\"MsoNormal\">La casa Duran i Sanpere<strong><span style=\"color: #7f2629;\" data-mce-style=\"color: #7f2629;\"><span lang=\"CA\"><br \/><\/span><\/span><\/strong><\/p>\n\t\t\t\t\t\t\t\t<\/div>\n\t\t\t\t<div class=\"elementor-element elementor-element-245f909 elementor-widget elementor-widget-text-editor\" data-id=\"245f909\" data-element_type=\"widget\" data-e-type=\"widget\" data-widget_type=\"text-editor.default\">\n\t\t\t\t\t\t\t\t\t<p>Espais Interiors, representaci\u00f3 i Vida Quotidiana<\/p>\n\t\t\t\t\t\t\t\t<\/div>\n\t\t\t\t<div class=\"elementor-element elementor-element-557be66 elementor-widget elementor-widget-text-editor\" data-id=\"557be66\" data-element_type=\"widget\" data-e-type=\"widget\" data-widget_type=\"text-editor.default\">\n\t\t\t\t\t\t\t\t\t<p>La casa de Agust\u00ed Duran i Sanpere (Cervera, Catalu\u00f1a) conserva espacios interiores de finales del siglo XIX en perfecto estado de conservaci\u00f3n, construidos en \u00e9poca de su padre, A. Duran i Ferreres. El libro, con cap\u00edtulos firmados por renombrados especialistas, sit\u00faa la casa en el contexto de la \u00e9poca y fija especial atenci\u00f3n a la decoraci\u00f3n y los muebles. Los textos atienden a los suelos hidr\u00e1ulicos, papeles pintados, yeser\u00edas, tejidos y dem\u00e1s componentes de estos interiores, lo que permite entender el mueble en relaci\u00f3n con el espacio para el que fue creado.<\/p>\n<p>Por otro lado la publicaci\u00f3n se adentra en aspectos de la vida cotidiana de la primera mitad del siglo XX a partir de los objetos que se introdujeron en la casa en este periodo, entre ellos los primeros electrodom\u00e9sticos, radios y aparatos de m\u00fasica.<\/p>\n<p>Las fotograf\u00edas a color y la elegante maquetaci\u00f3n ayudan a conseguir el objetivo principal de la obra que es dar a conocer un interior acomodado de provincias de finales del siglo XIX y poner en valor la casa museo Duran i Sanpere.<\/p>\n<p>La Asociaci\u00f3n para el Estudio del Mueble colabora en los escritos dedicados a la decoraci\u00f3n y el mobiliario.<\/p>\n\t\t\t\t\t\t\t\t<\/div>\n\t\t\t\t\t<\/div>\n\t\t<\/div>\n\t\t\t\t\t<\/div>\n\t\t<\/section>\n\t\t\t\t<section class=\"elementor-section elementor-top-section elementor-element elementor-element-ff2bdc3 elementor-reverse-mobile elementor-section-boxed elementor-section-height-default elementor-section-height-default\" data-id=\"ff2bdc3\" data-element_type=\"section\" data-e-type=\"section\">\n\t\t\t\t\t\t<div class=\"elementor-container elementor-column-gap-default\">\n\t\t\t\t\t<div class=\"elementor-column elementor-col-50 elementor-top-column elementor-element elementor-element-190dace\" data-id=\"190dace\" data-element_type=\"column\" data-e-type=\"column\">\n\t\t\t<div class=\"elementor-widget-wrap elementor-element-populated\">\n\t\t\t\t\t\t<div class=\"elementor-element elementor-element-4bd8a0b elementor-widget-divider--view-line elementor-widget elementor-widget-divider\" data-id=\"4bd8a0b\" data-element_type=\"widget\" data-e-type=\"widget\" data-widget_type=\"divider.default\">\n\t\t\t\t\t\t\t<div class=\"elementor-divider\">\n\t\t\t<span class=\"elementor-divider-separator\">\n\t\t\t\t\t\t<\/span>\n\t\t<\/div>\n\t\t\t\t\t\t<\/div>\n\t\t\t\t\t<\/div>\n\t\t<\/div>\n\t\t\t\t<div class=\"elementor-column elementor-col-50 elementor-top-column elementor-element elementor-element-a0d19b6\" data-id=\"a0d19b6\" data-element_type=\"column\" data-e-type=\"column\">\n\t\t\t<div class=\"elementor-widget-wrap elementor-element-populated\">\n\t\t\t\t\t\t<div class=\"elementor-element elementor-element-b34d42d elementor-position-inline-start elementor-view-default elementor-mobile-position-block-start elementor-widget elementor-widget-icon-box\" data-id=\"b34d42d\" data-element_type=\"widget\" data-e-type=\"widget\" data-widget_type=\"icon-box.default\">\n\t\t\t\t\t\t\t<div class=\"elementor-icon-box-wrapper\">\n\n\t\t\t\t\t\t<div class=\"elementor-icon-box-icon\">\n\t\t\t\t<a href=\"https:\/\/www.estudidelmoble.com\/es\/producte\/la-casa-duran-i-sanpere\/\" target=\"_blank\" class=\"elementor-icon elementor-animation-shrink\" tabindex=\"-1\" aria-label=\"Comprar\">\n\t\t\t\t<svg aria-hidden=\"true\" class=\"e-font-icon-svg e-fas-shopping-basket\" viewBox=\"0 0 576 512\" xmlns=\"http:\/\/www.w3.org\/2000\/svg\"><path d=\"M576 216v16c0 13.255-10.745 24-24 24h-8l-26.113 182.788C514.509 462.435 494.257 480 470.37 480H105.63c-23.887 0-44.139-17.565-47.518-41.212L32 256h-8c-13.255 0-24-10.745-24-24v-16c0-13.255 10.745-24 24-24h67.341l106.78-146.821c10.395-14.292 30.407-17.453 44.701-7.058 14.293 10.395 17.453 30.408 7.058 44.701L170.477 192h235.046L326.12 82.821c-10.395-14.292-7.234-34.306 7.059-44.701 14.291-10.395 34.306-7.235 44.701 7.058L484.659 192H552c13.255 0 24 10.745 24 24zM312 392V280c0-13.255-10.745-24-24-24s-24 10.745-24 24v112c0 13.255 10.745 24 24 24s24-10.745 24-24zm112 0V280c0-13.255-10.745-24-24-24s-24 10.745-24 24v112c0 13.255 10.745 24 24 24s24-10.745 24-24zm-224 0V280c0-13.255-10.745-24-24-24s-24 10.745-24 24v112c0 13.255 10.745 24 24 24s24-10.745 24-24z\"><\/path><\/svg>\t\t\t\t<\/a>\n\t\t\t<\/div>\n\t\t\t\n\t\t\t\t\t\t<div class=\"elementor-icon-box-content\">\n\n\t\t\t\t\t\t\t\t\t<p class=\"elementor-icon-box-title\">\n\t\t\t\t\t\t<a href=\"https:\/\/www.estudidelmoble.com\/es\/producte\/la-casa-duran-i-sanpere\/\" target=\"_blank\" >\n\t\t\t\t\t\t\tComprar\t\t\t\t\t\t<\/a>\n\t\t\t\t\t<\/p>\n\t\t\t\t\n\t\t\t\t\n\t\t\t<\/div>\n\t\t\t\n\t\t<\/div>\n\t\t\t\t\t\t<\/div>\n\t\t\t\t\t<\/div>\n\t\t<\/div>\n\t\t\t\t\t<\/div>\n\t\t<\/section>\n\t\t\t\t<section class=\"elementor-section elementor-top-section elementor-element elementor-element-d4be758 elementor-section-boxed elementor-section-height-default elementor-section-height-default\" data-id=\"d4be758\" data-element_type=\"section\" data-e-type=\"section\">\n\t\t\t\t\t\t<div class=\"elementor-container elementor-column-gap-default\">\n\t\t\t\t\t<div class=\"elementor-column elementor-col-50 elementor-top-column elementor-element elementor-element-67db3f6\" data-id=\"67db3f6\" data-element_type=\"column\" data-e-type=\"column\">\n\t\t\t<div class=\"elementor-widget-wrap elementor-element-populated\">\n\t\t\t\t\t\t<div class=\"elementor-element elementor-element-17bfeb9 elementor-widget elementor-widget-image\" data-id=\"17bfeb9\" data-element_type=\"widget\" data-e-type=\"widget\" data-widget_type=\"image.default\">\n\t\t\t\t\t\t\t\t\t\t\t\t\t\t\t<img loading=\"lazy\" decoding=\"async\" width=\"271\" height=\"300\" src=\"https:\/\/www.estudidelmoble.com\/wp-content\/uploads\/2019\/11\/de-la-exquisitez-a-lo-cotidiano-271x300.jpg\" class=\"attachment-medium size-medium wp-image-4669\" alt=\"\" srcset=\"https:\/\/www.estudidelmoble.com\/wp-content\/uploads\/2019\/11\/de-la-exquisitez-a-lo-cotidiano-271x300.jpg 271w, https:\/\/www.estudidelmoble.com\/wp-content\/uploads\/2019\/11\/de-la-exquisitez-a-lo-cotidiano-350x388.jpg 350w, https:\/\/www.estudidelmoble.com\/wp-content\/uploads\/2019\/11\/de-la-exquisitez-a-lo-cotidiano.jpg 415w\" sizes=\"(max-width: 271px) 100vw, 271px\" \/>\t\t\t\t\t\t\t\t\t\t\t\t\t\t\t<\/div>\n\t\t\t\t\t<\/div>\n\t\t<\/div>\n\t\t\t\t<div class=\"elementor-column elementor-col-50 elementor-top-column elementor-element elementor-element-5fe5fe6\" data-id=\"5fe5fe6\" data-element_type=\"column\" data-e-type=\"column\">\n\t\t\t<div class=\"elementor-widget-wrap elementor-element-populated\">\n\t\t\t\t\t\t<div class=\"elementor-element elementor-element-eb8fac0 elementor-widget elementor-widget-text-editor\" data-id=\"eb8fac0\" data-element_type=\"widget\" data-e-type=\"widget\" data-widget_type=\"text-editor.default\">\n\t\t\t\t\t\t\t\t\t<p>De la exquisitez a lo cotidiano<\/p>\n\t\t\t\t\t\t\t\t<\/div>\n\t\t\t\t<div class=\"elementor-element elementor-element-0a7448c elementor-widget elementor-widget-text-editor\" data-id=\"0a7448c\" data-element_type=\"widget\" data-e-type=\"widget\" data-widget_type=\"text-editor.default\">\n\t\t\t\t\t\t\t\t\t<p>Di\u00e1logos entre obres de la Colecci\u00f3n Mascort y estudios t\u00e9cnicos de la Asociaci\u00f3n para el Estudio del Mueble<\/p>\n\t\t\t\t\t\t\t\t<\/div>\n\t\t\t\t<div class=\"elementor-element elementor-element-cd93d4a elementor-widget elementor-widget-text-editor\" data-id=\"cd93d4a\" data-element_type=\"widget\" data-e-type=\"widget\" data-widget_type=\"text-editor.default\">\n\t\t\t\t\t\t\t\t\t<p><span lang=\"CA\">La publicaci\u00f3n presenta cincuenta estudios de muebles y los pone en relaci\u00f3n con el an\u00e1lisis de diez obras de arte de la Colecci\u00f3n Mascort. Los cap\u00edtulos se encabezan por textos de reconocidos expertos que enlazan las obras y sirven de eje conductor del discurso de los muebles. \u00c9ste ofrece relevante informaci\u00f3n hist\u00f3rica y t\u00e9cnica de las obras.<\/span><\/p>\n<p><span lang=\"CA\">Adem\u00e1s, se adjuntan esquemas terminol\u00f3gicos de las distintas tipolog\u00edas de muebles, lo que convierte el libro en una obra indispensable para profesionales del sector. <\/span><span lang=\"CA\">Esquemas en castellano y catal\u00e1n.<\/span><\/p>\n<p><span lang=\"CA\">Las fotograf\u00edas a color y la elegante maquetaci\u00f3n ayudan a conseguir el objetivo principal de la obra que es dar a conocer el valor hist\u00f3rico del mueble, destacando sus materiales y las t\u00e9cnicas aplicadas.<\/span><\/p>\n\t\t\t\t\t\t\t\t<\/div>\n\t\t\t\t\t<\/div>\n\t\t<\/div>\n\t\t\t\t\t<\/div>\n\t\t<\/section>\n\t\t\t\t<section class=\"elementor-section elementor-top-section elementor-element elementor-element-474124e elementor-reverse-mobile elementor-section-boxed elementor-section-height-default elementor-section-height-default\" data-id=\"474124e\" data-element_type=\"section\" data-e-type=\"section\">\n\t\t\t\t\t\t<div class=\"elementor-container elementor-column-gap-default\">\n\t\t\t\t\t<div class=\"elementor-column elementor-col-50 elementor-top-column elementor-element elementor-element-1663c0e\" data-id=\"1663c0e\" data-element_type=\"column\" data-e-type=\"column\">\n\t\t\t<div class=\"elementor-widget-wrap elementor-element-populated\">\n\t\t\t\t\t\t<div class=\"elementor-element elementor-element-3f3466f elementor-widget-divider--view-line elementor-widget elementor-widget-divider\" data-id=\"3f3466f\" data-element_type=\"widget\" data-e-type=\"widget\" data-widget_type=\"divider.default\">\n\t\t\t\t\t\t\t<div class=\"elementor-divider\">\n\t\t\t<span class=\"elementor-divider-separator\">\n\t\t\t\t\t\t<\/span>\n\t\t<\/div>\n\t\t\t\t\t\t<\/div>\n\t\t\t\t\t<\/div>\n\t\t<\/div>\n\t\t\t\t<div class=\"elementor-column elementor-col-50 elementor-top-column elementor-element elementor-element-b20862b\" data-id=\"b20862b\" data-element_type=\"column\" data-e-type=\"column\">\n\t\t\t<div class=\"elementor-widget-wrap elementor-element-populated\">\n\t\t\t\t\t\t<div class=\"elementor-element elementor-element-ef07fda elementor-position-inline-start elementor-view-default elementor-mobile-position-block-start elementor-widget elementor-widget-icon-box\" data-id=\"ef07fda\" data-element_type=\"widget\" data-e-type=\"widget\" data-widget_type=\"icon-box.default\">\n\t\t\t\t\t\t\t<div class=\"elementor-icon-box-wrapper\">\n\n\t\t\t\t\t\t<div class=\"elementor-icon-box-icon\">\n\t\t\t\t<a href=\"https:\/\/www.estudidelmoble.com\/es\/producte\/de-la-exquisitez-a-lo-cotidiano\/\" target=\"_blank\" class=\"elementor-icon elementor-animation-shrink\" tabindex=\"-1\" aria-label=\"Comprar\">\n\t\t\t\t<svg aria-hidden=\"true\" class=\"e-font-icon-svg e-fas-shopping-basket\" viewBox=\"0 0 576 512\" xmlns=\"http:\/\/www.w3.org\/2000\/svg\"><path d=\"M576 216v16c0 13.255-10.745 24-24 24h-8l-26.113 182.788C514.509 462.435 494.257 480 470.37 480H105.63c-23.887 0-44.139-17.565-47.518-41.212L32 256h-8c-13.255 0-24-10.745-24-24v-16c0-13.255 10.745-24 24-24h67.341l106.78-146.821c10.395-14.292 30.407-17.453 44.701-7.058 14.293 10.395 17.453 30.408 7.058 44.701L170.477 192h235.046L326.12 82.821c-10.395-14.292-7.234-34.306 7.059-44.701 14.291-10.395 34.306-7.235 44.701 7.058L484.659 192H552c13.255 0 24 10.745 24 24zM312 392V280c0-13.255-10.745-24-24-24s-24 10.745-24 24v112c0 13.255 10.745 24 24 24s24-10.745 24-24zm112 0V280c0-13.255-10.745-24-24-24s-24 10.745-24 24v112c0 13.255 10.745 24 24 24s24-10.745 24-24zm-224 0V280c0-13.255-10.745-24-24-24s-24 10.745-24 24v112c0 13.255 10.745 24 24 24s24-10.745 24-24z\"><\/path><\/svg>\t\t\t\t<\/a>\n\t\t\t<\/div>\n\t\t\t\n\t\t\t\t\t\t<div class=\"elementor-icon-box-content\">\n\n\t\t\t\t\t\t\t\t\t<p class=\"elementor-icon-box-title\">\n\t\t\t\t\t\t<a href=\"https:\/\/www.estudidelmoble.com\/es\/producte\/de-la-exquisitez-a-lo-cotidiano\/\" target=\"_blank\" >\n\t\t\t\t\t\t\tComprar\t\t\t\t\t\t<\/a>\n\t\t\t\t\t<\/p>\n\t\t\t\t\n\t\t\t\t\n\t\t\t<\/div>\n\t\t\t\n\t\t<\/div>\n\t\t\t\t\t\t<\/div>\n\t\t\t\t\t<\/div>\n\t\t<\/div>\n\t\t\t\t\t<\/div>\n\t\t<\/section>\n\t\t\t\t<section class=\"elementor-section elementor-top-section elementor-element elementor-element-8c11a5a elementor-section-boxed elementor-section-height-default elementor-section-height-default\" data-id=\"8c11a5a\" data-element_type=\"section\" data-e-type=\"section\">\n\t\t\t\t\t\t<div class=\"elementor-container elementor-column-gap-default\">\n\t\t\t\t\t<div class=\"elementor-column elementor-col-50 elementor-top-column elementor-element elementor-element-ea72840\" data-id=\"ea72840\" data-element_type=\"column\" data-e-type=\"column\">\n\t\t\t<div class=\"elementor-widget-wrap elementor-element-populated\">\n\t\t\t\t\t\t<div class=\"elementor-element elementor-element-8d4fa59 elementor-widget elementor-widget-image\" data-id=\"8d4fa59\" data-element_type=\"widget\" data-e-type=\"widget\" data-widget_type=\"image.default\">\n\t\t\t\t\t\t\t\t\t\t\t\t\t\t\t<img loading=\"lazy\" decoding=\"async\" width=\"1024\" height=\"717\" src=\"https:\/\/www.estudidelmoble.com\/wp-content\/uploads\/2019\/11\/casa-BLOC-catal\u00e0jpg.jpg\" class=\"attachment-full size-full wp-image-4705\" alt=\"\" srcset=\"https:\/\/www.estudidelmoble.com\/wp-content\/uploads\/2019\/11\/casa-BLOC-catal\u00e0jpg.jpg 1024w, https:\/\/www.estudidelmoble.com\/wp-content\/uploads\/2019\/11\/casa-BLOC-catal\u00e0jpg-600x420.jpg 600w, https:\/\/www.estudidelmoble.com\/wp-content\/uploads\/2019\/11\/casa-BLOC-catal\u00e0jpg-300x210.jpg 300w, https:\/\/www.estudidelmoble.com\/wp-content\/uploads\/2019\/11\/casa-BLOC-catal\u00e0jpg-768x538.jpg 768w\" sizes=\"(max-width: 1024px) 100vw, 1024px\" \/>\t\t\t\t\t\t\t\t\t\t\t\t\t\t\t<\/div>\n\t\t\t\t\t<\/div>\n\t\t<\/div>\n\t\t\t\t<div class=\"elementor-column elementor-col-50 elementor-top-column elementor-element elementor-element-4b3fc9e\" data-id=\"4b3fc9e\" data-element_type=\"column\" data-e-type=\"column\">\n\t\t\t<div class=\"elementor-widget-wrap elementor-element-populated\">\n\t\t\t\t\t\t<div class=\"elementor-element elementor-element-88dd010 elementor-widget elementor-widget-text-editor\" data-id=\"88dd010\" data-element_type=\"widget\" data-e-type=\"widget\" data-widget_type=\"text-editor.default\">\n\t\t\t\t\t\t\t\t\t<p>La Casa Bloc<\/p>\n\t\t\t\t\t\t\t\t<\/div>\n\t\t\t\t<div class=\"elementor-element elementor-element-cd685ba elementor-widget elementor-widget-text-editor\" data-id=\"cd685ba\" data-element_type=\"widget\" data-e-type=\"widget\" data-widget_type=\"text-editor.default\">\n\t\t\t\t\t\t\t\t\t<p style=\"text-align: left;\" data-mce-style=\"text-align: left;\">La Casa Bloc (1932-1939) es un edificio de viviendas para obreros impulsado por la administraci\u00f3n catalana en \u00e9poca de la Segunda Rep\u00fablica (1931- 1939).<\/p><p style=\"text-align: left;\" data-mce-style=\"text-align: left;\">Considerado hoy un s\u00edmbolo de la arquitectura racionalista en Barcelona, represent\u00f3 una nueva forma de pensar la vivienda para los m\u00e1s necesitados, y tambi\u00e9n de entender en clave local los planteamientos que entonces, a nivel internacional, estaban rompiendo con la vieja tradici\u00f3n y apostaban por nuevas soluciones.<\/p>\t\t\t\t\t\t\t\t<\/div>\n\t\t\t\t\t<\/div>\n\t\t<\/div>\n\t\t\t\t\t<\/div>\n\t\t<\/section>\n\t\t\t\t<section class=\"elementor-section elementor-top-section elementor-element elementor-element-0d2dd84 elementor-reverse-mobile elementor-section-boxed elementor-section-height-default elementor-section-height-default\" data-id=\"0d2dd84\" data-element_type=\"section\" data-e-type=\"section\">\n\t\t\t\t\t\t<div class=\"elementor-container elementor-column-gap-default\">\n\t\t\t\t\t<div class=\"elementor-column elementor-col-50 elementor-top-column elementor-element elementor-element-d21e271\" data-id=\"d21e271\" data-element_type=\"column\" data-e-type=\"column\">\n\t\t\t<div class=\"elementor-widget-wrap elementor-element-populated\">\n\t\t\t\t\t\t<div class=\"elementor-element elementor-element-a207b15 elementor-widget-divider--view-line elementor-widget elementor-widget-divider\" data-id=\"a207b15\" data-element_type=\"widget\" data-e-type=\"widget\" data-widget_type=\"divider.default\">\n\t\t\t\t\t\t\t<div class=\"elementor-divider\">\n\t\t\t<span class=\"elementor-divider-separator\">\n\t\t\t\t\t\t<\/span>\n\t\t<\/div>\n\t\t\t\t\t\t<\/div>\n\t\t\t\t\t<\/div>\n\t\t<\/div>\n\t\t\t\t<div class=\"elementor-column elementor-col-50 elementor-top-column elementor-element elementor-element-8387e9e\" data-id=\"8387e9e\" data-element_type=\"column\" data-e-type=\"column\">\n\t\t\t<div class=\"elementor-widget-wrap elementor-element-populated\">\n\t\t\t\t\t\t<div class=\"elementor-element elementor-element-3734ef4 elementor-position-inline-start elementor-view-default elementor-mobile-position-block-start elementor-widget elementor-widget-icon-box\" data-id=\"3734ef4\" data-element_type=\"widget\" data-e-type=\"widget\" data-widget_type=\"icon-box.default\">\n\t\t\t\t\t\t\t<div class=\"elementor-icon-box-wrapper\">\n\n\t\t\t\t\t\t<div class=\"elementor-icon-box-icon\">\n\t\t\t\t<a href=\"https:\/\/www.estudidelmoble.com\/wp-content\/uploads\/2019\/11\/FULLET\u00d3-CASA-BLOC_COMPLERT-4.11.14-CATALA\u2560\u00c7-V8-baixa-Casa-Bloc.pdf\" target=\"_blank\" class=\"elementor-icon elementor-animation-shrink\" tabindex=\"-1\" aria-label=\"Descargar op\u00fasculo (gratu\u00edto)\">\n\t\t\t\t<svg aria-hidden=\"true\" class=\"e-font-icon-svg e-fas-file-download\" viewBox=\"0 0 384 512\" xmlns=\"http:\/\/www.w3.org\/2000\/svg\"><path d=\"M224 136V0H24C10.7 0 0 10.7 0 24v464c0 13.3 10.7 24 24 24h336c13.3 0 24-10.7 24-24V160H248c-13.2 0-24-10.8-24-24zm76.45 211.36l-96.42 95.7c-6.65 6.61-17.39 6.61-24.04 0l-96.42-95.7C73.42 337.29 80.54 320 94.82 320H160v-80c0-8.84 7.16-16 16-16h32c8.84 0 16 7.16 16 16v80h65.18c14.28 0 21.4 17.29 11.27 27.36zM377 105L279.1 7c-4.5-4.5-10.6-7-17-7H256v128h128v-6.1c0-6.3-2.5-12.4-7-16.9z\"><\/path><\/svg>\t\t\t\t<\/a>\n\t\t\t<\/div>\n\t\t\t\n\t\t\t\t\t\t<div class=\"elementor-icon-box-content\">\n\n\t\t\t\t\t\t\t\t\t<p class=\"elementor-icon-box-title\">\n\t\t\t\t\t\t<a href=\"https:\/\/www.estudidelmoble.com\/wp-content\/uploads\/2019\/11\/FULLET\u00d3-CASA-BLOC_COMPLERT-4.11.14-CATALA\u2560\u00c7-V8-baixa-Casa-Bloc.pdf\" target=\"_blank\" >\n\t\t\t\t\t\t\tDescargar op\u00fasculo (gratu\u00edto)\t\t\t\t\t\t<\/a>\n\t\t\t\t\t<\/p>\n\t\t\t\t\n\t\t\t\t\n\t\t\t<\/div>\n\t\t\t\n\t\t<\/div>\n\t\t\t\t\t\t<\/div>\n\t\t\t\t\t<\/div>\n\t\t<\/div>\n\t\t\t\t\t<\/div>\n\t\t<\/section>\n\t\t\t\t<section class=\"elementor-section elementor-top-section elementor-element elementor-element-1b509cb elementor-section-boxed elementor-section-height-default elementor-section-height-default\" data-id=\"1b509cb\" data-element_type=\"section\" data-e-type=\"section\">\n\t\t\t\t\t\t<div class=\"elementor-container elementor-column-gap-default\">\n\t\t\t\t\t<div class=\"elementor-column elementor-col-50 elementor-top-column elementor-element elementor-element-6aacae1\" data-id=\"6aacae1\" data-element_type=\"column\" data-e-type=\"column\">\n\t\t\t<div class=\"elementor-widget-wrap elementor-element-populated\">\n\t\t\t\t\t\t<div class=\"elementor-element elementor-element-4e5e456 elementor-widget elementor-widget-image\" data-id=\"4e5e456\" data-element_type=\"widget\" data-e-type=\"widget\" data-widget_type=\"image.default\">\n\t\t\t\t\t\t\t\t\t\t\t\t\t\t\t<img loading=\"lazy\" decoding=\"async\" width=\"300\" height=\"300\" src=\"https:\/\/www.estudidelmoble.com\/wp-content\/uploads\/2019\/10\/audacia-i-delicadesa-el-moble-de-torroella-de-montgri-i-lemporda-1700-1800-300x300.jpg\" class=\"attachment-medium size-medium wp-image-4381\" alt=\"Ptada\" srcset=\"https:\/\/www.estudidelmoble.com\/wp-content\/uploads\/2019\/10\/audacia-i-delicadesa-el-moble-de-torroella-de-montgri-i-lemporda-1700-1800-300x300.jpg 300w, https:\/\/www.estudidelmoble.com\/wp-content\/uploads\/2019\/10\/audacia-i-delicadesa-el-moble-de-torroella-de-montgri-i-lemporda-1700-1800-100x100.jpg 100w, https:\/\/www.estudidelmoble.com\/wp-content\/uploads\/2019\/10\/audacia-i-delicadesa-el-moble-de-torroella-de-montgri-i-lemporda-1700-1800-350x350.jpg 350w, https:\/\/www.estudidelmoble.com\/wp-content\/uploads\/2019\/10\/audacia-i-delicadesa-el-moble-de-torroella-de-montgri-i-lemporda-1700-1800-150x150.jpg 150w, https:\/\/www.estudidelmoble.com\/wp-content\/uploads\/2019\/10\/audacia-i-delicadesa-el-moble-de-torroella-de-montgri-i-lemporda-1700-1800.jpg 460w\" sizes=\"(max-width: 300px) 100vw, 300px\" \/>\t\t\t\t\t\t\t\t\t\t\t\t\t\t\t<\/div>\n\t\t\t\t\t<\/div>\n\t\t<\/div>\n\t\t\t\t<div class=\"elementor-column elementor-col-50 elementor-top-column elementor-element elementor-element-b1672ed\" data-id=\"b1672ed\" data-element_type=\"column\" data-e-type=\"column\">\n\t\t\t<div class=\"elementor-widget-wrap elementor-element-populated\">\n\t\t\t\t\t\t<div class=\"elementor-element elementor-element-749396d elementor-widget elementor-widget-text-editor\" data-id=\"749396d\" data-element_type=\"widget\" data-e-type=\"widget\" data-widget_type=\"text-editor.default\">\n\t\t\t\t\t\t\t\t\t<p>Aud\u00e0cia i Delicadesa. El moble de Torroella de Montgr\u00ed i l\u2019Empord\u00e0 (1700-1800)<\/p>\n\t\t\t\t\t\t\t\t<\/div>\n\t\t\t\t<div class=\"elementor-element elementor-element-699bc44 elementor-widget elementor-widget-text-editor\" data-id=\"699bc44\" data-element_type=\"widget\" data-e-type=\"widget\" data-widget_type=\"text-editor.default\">\n\t\t\t\t\t\t\t\t\t<p class=\"MsoNormal\"><span lang=\"CA\"><em><strong>Autora: M\u00f3nica Piera Miquel<br \/><\/strong><\/em><br \/>La Asociaci\u00f3n para el Estudio del Mueble llev\u00f3 a cabo una investigaci\u00f3n exhaustiva sobre el mobiliario de las comarcas del Alto y Bajo Empord\u00e0 en el siglo XVIII dirigida por la doctora en historia del arte M\u00f3nica Piera, y en la que participaron tambi\u00e9n Kel Dom\u00e8nech, ebanista y restaurador y Dolors Ferrer, restauradora de muebles.<\/span><\/p>\n<p class=\"MsoNormal\"><span lang=\"CA\">El trabajo cont\u00f3 tambi\u00e9n con la colaboraci\u00f3n de muchas otras personas que aportaron informaci\u00f3n de todo tipo, desde historiadores locales a carpinteros y propietarios. Se analizaron m\u00e1s de 200 muebles, la gran mayor\u00eda en manos privadas y la informaci\u00f3n se contrast\u00f3 con la procedente de documentos y fotograf\u00edas antiguas.<\/span><\/p>\n\t\t\t\t\t\t\t\t<\/div>\n\t\t\t\t\t<\/div>\n\t\t<\/div>\n\t\t\t\t\t<\/div>\n\t\t<\/section>\n\t\t\t\t<section class=\"elementor-section elementor-top-section elementor-element elementor-element-287c207 elementor-reverse-mobile elementor-section-boxed elementor-section-height-default elementor-section-height-default\" data-id=\"287c207\" data-element_type=\"section\" data-e-type=\"section\">\n\t\t\t\t\t\t<div class=\"elementor-container elementor-column-gap-default\">\n\t\t\t\t\t<div class=\"elementor-column elementor-col-50 elementor-top-column elementor-element elementor-element-a963a61\" data-id=\"a963a61\" data-element_type=\"column\" data-e-type=\"column\">\n\t\t\t<div class=\"elementor-widget-wrap elementor-element-populated\">\n\t\t\t\t\t\t<div class=\"elementor-element elementor-element-cd968a5 elementor-widget-divider--view-line elementor-widget elementor-widget-divider\" data-id=\"cd968a5\" data-element_type=\"widget\" data-e-type=\"widget\" data-widget_type=\"divider.default\">\n\t\t\t\t\t\t\t<div class=\"elementor-divider\">\n\t\t\t<span class=\"elementor-divider-separator\">\n\t\t\t\t\t\t<\/span>\n\t\t<\/div>\n\t\t\t\t\t\t<\/div>\n\t\t\t\t\t<\/div>\n\t\t<\/div>\n\t\t\t\t<div class=\"elementor-column elementor-col-50 elementor-top-column elementor-element elementor-element-3876b21\" data-id=\"3876b21\" data-element_type=\"column\" data-e-type=\"column\">\n\t\t\t<div class=\"elementor-widget-wrap elementor-element-populated\">\n\t\t\t\t\t\t<div class=\"elementor-element elementor-element-0f522c3 elementor-position-inline-start elementor-view-default elementor-mobile-position-block-start elementor-widget elementor-widget-icon-box\" data-id=\"0f522c3\" data-element_type=\"widget\" data-e-type=\"widget\" data-widget_type=\"icon-box.default\">\n\t\t\t\t\t\t\t<div class=\"elementor-icon-box-wrapper\">\n\n\t\t\t\t\t\t<div class=\"elementor-icon-box-icon\">\n\t\t\t\t<a href=\"https:\/\/www.estudidelmoble.com\/es\/producte\/audacia-i-delicadesa\/\" target=\"_blank\" class=\"elementor-icon elementor-animation-shrink\" tabindex=\"-1\" aria-label=\"Comprar\">\n\t\t\t\t<svg aria-hidden=\"true\" class=\"e-font-icon-svg e-fas-shopping-basket\" viewBox=\"0 0 576 512\" xmlns=\"http:\/\/www.w3.org\/2000\/svg\"><path d=\"M576 216v16c0 13.255-10.745 24-24 24h-8l-26.113 182.788C514.509 462.435 494.257 480 470.37 480H105.63c-23.887 0-44.139-17.565-47.518-41.212L32 256h-8c-13.255 0-24-10.745-24-24v-16c0-13.255 10.745-24 24-24h67.341l106.78-146.821c10.395-14.292 30.407-17.453 44.701-7.058 14.293 10.395 17.453 30.408 7.058 44.701L170.477 192h235.046L326.12 82.821c-10.395-14.292-7.234-34.306 7.059-44.701 14.291-10.395 34.306-7.235 44.701 7.058L484.659 192H552c13.255 0 24 10.745 24 24zM312 392V280c0-13.255-10.745-24-24-24s-24 10.745-24 24v112c0 13.255 10.745 24 24 24s24-10.745 24-24zm112 0V280c0-13.255-10.745-24-24-24s-24 10.745-24 24v112c0 13.255 10.745 24 24 24s24-10.745 24-24zm-224 0V280c0-13.255-10.745-24-24-24s-24 10.745-24 24v112c0 13.255 10.745 24 24 24s24-10.745 24-24z\"><\/path><\/svg>\t\t\t\t<\/a>\n\t\t\t<\/div>\n\t\t\t\n\t\t\t\t\t\t<div class=\"elementor-icon-box-content\">\n\n\t\t\t\t\t\t\t\t\t<p class=\"elementor-icon-box-title\">\n\t\t\t\t\t\t<a href=\"https:\/\/www.estudidelmoble.com\/es\/producte\/audacia-i-delicadesa\/\" target=\"_blank\" >\n\t\t\t\t\t\t\tComprar\t\t\t\t\t\t<\/a>\n\t\t\t\t\t<\/p>\n\t\t\t\t\n\t\t\t\t\n\t\t\t<\/div>\n\t\t\t\n\t\t<\/div>\n\t\t\t\t\t\t<\/div>\n\t\t\t\t\t<\/div>\n\t\t<\/div>\n\t\t\t\t\t<\/div>\n\t\t<\/section>\n\t\t\t\t<section class=\"elementor-section elementor-top-section elementor-element elementor-element-bb4301e elementor-section-boxed elementor-section-height-default elementor-section-height-default\" data-id=\"bb4301e\" data-element_type=\"section\" data-e-type=\"section\">\n\t\t\t\t\t\t<div class=\"elementor-container elementor-column-gap-default\">\n\t\t\t\t\t<div class=\"elementor-column elementor-col-50 elementor-top-column elementor-element elementor-element-4ce1655\" data-id=\"4ce1655\" data-element_type=\"column\" data-e-type=\"column\">\n\t\t\t<div class=\"elementor-widget-wrap elementor-element-populated\">\n\t\t\t\t\t\t<div class=\"elementor-element elementor-element-f1dd56f elementor-widget elementor-widget-image\" data-id=\"f1dd56f\" data-element_type=\"widget\" data-e-type=\"widget\" data-widget_type=\"image.default\">\n\t\t\t\t\t\t\t\t\t\t\t\t\t\t\t<img loading=\"lazy\" decoding=\"async\" width=\"297\" height=\"300\" src=\"https:\/\/www.estudidelmoble.com\/wp-content\/uploads\/2019\/11\/Tocadors-2009-297x300.jpg\" class=\"attachment-medium size-medium wp-image-4673\" alt=\"\" srcset=\"https:\/\/www.estudidelmoble.com\/wp-content\/uploads\/2019\/11\/Tocadors-2009-297x300.jpg 297w, https:\/\/www.estudidelmoble.com\/wp-content\/uploads\/2019\/11\/Tocadors-2009-100x100.jpg 100w, https:\/\/www.estudidelmoble.com\/wp-content\/uploads\/2019\/11\/Tocadors-2009-600x606.jpg 600w, https:\/\/www.estudidelmoble.com\/wp-content\/uploads\/2019\/11\/Tocadors-2009-1014x1024.jpg 1014w, https:\/\/www.estudidelmoble.com\/wp-content\/uploads\/2019\/11\/Tocadors-2009-768x776.jpg 768w, https:\/\/www.estudidelmoble.com\/wp-content\/uploads\/2019\/11\/Tocadors-2009.jpg 1024w\" sizes=\"(max-width: 297px) 100vw, 297px\" \/>\t\t\t\t\t\t\t\t\t\t\t\t\t\t\t<\/div>\n\t\t\t\t<div class=\"elementor-element elementor-element-c695f5c elementor-view-framed elementor-position-inline-start elementor-shape-circle elementor-mobile-position-block-start elementor-widget elementor-widget-icon-box\" data-id=\"c695f5c\" data-element_type=\"widget\" data-e-type=\"widget\" data-widget_type=\"icon-box.default\">\n\t\t\t\t\t\t\t<div class=\"elementor-icon-box-wrapper\">\n\n\t\t\t\t\t\t<div class=\"elementor-icon-box-icon\">\n\t\t\t\t<a href=\"https:\/\/www.estudidelmoble.com\/es\/contacto\/\" class=\"elementor-icon\" tabindex=\"-1\" aria-label=\"Contactar AEM\">\n\t\t\t\t<svg aria-hidden=\"true\" class=\"e-font-icon-svg e-fas-info\" viewBox=\"0 0 192 512\" xmlns=\"http:\/\/www.w3.org\/2000\/svg\"><path d=\"M20 424.229h20V279.771H20c-11.046 0-20-8.954-20-20V212c0-11.046 8.954-20 20-20h112c11.046 0 20 8.954 20 20v212.229h20c11.046 0 20 8.954 20 20V492c0 11.046-8.954 20-20 20H20c-11.046 0-20-8.954-20-20v-47.771c0-11.046 8.954-20 20-20zM96 0C56.235 0 24 32.235 24 72s32.235 72 72 72 72-32.235 72-72S135.764 0 96 0z\"><\/path><\/svg>\t\t\t\t<\/a>\n\t\t\t<\/div>\n\t\t\t\n\t\t\t\t\t\t<div class=\"elementor-icon-box-content\">\n\n\t\t\t\t\t\t\t\t\t<h3 class=\"elementor-icon-box-title\">\n\t\t\t\t\t\t<a href=\"https:\/\/www.estudidelmoble.com\/es\/contacto\/\" >\n\t\t\t\t\t\t\tContactar AEM\t\t\t\t\t\t<\/a>\n\t\t\t\t\t<\/h3>\n\t\t\t\t\n\t\t\t\t\n\t\t\t<\/div>\n\t\t\t\n\t\t<\/div>\n\t\t\t\t\t\t<\/div>\n\t\t\t\t\t<\/div>\n\t\t<\/div>\n\t\t\t\t<div class=\"elementor-column elementor-col-50 elementor-top-column elementor-element elementor-element-b300989\" data-id=\"b300989\" data-element_type=\"column\" data-e-type=\"column\">\n\t\t\t<div class=\"elementor-widget-wrap elementor-element-populated\">\n\t\t\t\t\t\t<div class=\"elementor-element elementor-element-cf4e347 elementor-widget elementor-widget-text-editor\" data-id=\"cf4e347\" data-element_type=\"widget\" data-e-type=\"widget\" data-widget_type=\"text-editor.default\">\n\t\t\t\t\t\t\t\t\t<p>Cat\u00e0leg \u200bTocadors: Col\u00b7lecci\u00f3 del Museu de les Arts Decoratives.<\/p>\n\t\t\t\t\t\t\t\t<\/div>\n\t\t\t\t<div class=\"elementor-element elementor-element-0a8b8d0 elementor-widget elementor-widget-text-editor\" data-id=\"0a8b8d0\" data-element_type=\"widget\" data-e-type=\"widget\" data-widget_type=\"text-editor.default\">\n\t\t\t\t\t\t\t\t\t<p>La Asociaci\u00f3n para el Estudio del Mueble colabor\u00f3 con el Museo de las Artes Decorativas de Barcelona en la elaboraci\u00f3n de la galer\u00eda de estudio Tocadors, abierta al p\u00fablico desde el 29 de julio al 1 de noviembre de 2009 en el espacio Disseny Hub Barcelona, calle Montcada, 12, comisariada por M\u00f3nica Piera.<\/p>\n<p>Dicha exposici\u00f3n mostr\u00f3 por primera vez los tocadores de la colecci\u00f3n del Museo, todos de producci\u00f3n catalana de entre los siglos XVIII a XXI, pudiendo comprobar la variedad de formas y estructuras que estos muebles han presentado a lo largo del tiempo.<\/p>\n<p>En un principio, el tocador estaba pensado para peinarse y embellecerse, aunque a menudo ha asumido a su vez un alto valor como objeto de representaci\u00f3n social. Este mueble dom\u00e9stico suele estar compuesto, como m\u00ednimo, por un espejo y cajones o compartimentos para los afeites. Como es l\u00f3gico, el t\u00e9rmino \u201ctocador\u201d deriva del castellano \u201ctocado\u201d de la misma forma que el t\u00e9rmino catal\u00e1n m\u00e1s antiguo para designar el mueble \u201clligador\u201d, procede de \u201clligadura\u201d, la pieza de ropa con que se cubr\u00eda antiguamente la cabeza.<\/p>\n\t\t\t\t\t\t\t\t<\/div>\n\t\t\t\t\t<\/div>\n\t\t<\/div>\n\t\t\t\t\t<\/div>\n\t\t<\/section>\n\t\t\t\t<section class=\"elementor-section elementor-top-section elementor-element elementor-element-314d4ad elementor-section-full_width elementor-section-stretched elementor-section-height-default elementor-section-height-default\" data-id=\"314d4ad\" data-element_type=\"section\" data-e-type=\"section\" data-settings=\"{&quot;stretch_section&quot;:&quot;section-stretched&quot;}\">\n\t\t\t\t\t\t<div class=\"elementor-container elementor-column-gap-default\">\n\t\t\t\t\t<div class=\"elementor-column elementor-col-100 elementor-top-column elementor-element elementor-element-86d62b2\" data-id=\"86d62b2\" data-element_type=\"column\" data-e-type=\"column\">\n\t\t\t<div class=\"elementor-widget-wrap elementor-element-populated\">\n\t\t\t\t\t\t<div class=\"elementor-element elementor-element-13b611a elementor-widget-divider--view-line elementor-widget elementor-widget-divider\" data-id=\"13b611a\" data-element_type=\"widget\" data-e-type=\"widget\" data-widget_type=\"divider.default\">\n\t\t\t\t\t\t\t<div class=\"elementor-divider\">\n\t\t\t<span class=\"elementor-divider-separator\">\n\t\t\t\t\t\t<\/span>\n\t\t<\/div>\n\t\t\t\t\t\t<\/div>\n\t\t\t\t\t<\/div>\n\t\t<\/div>\n\t\t\t\t\t<\/div>\n\t\t<\/section>\n\t\t\t\t<section class=\"elementor-section elementor-top-section elementor-element elementor-element-af5291c elementor-section-boxed elementor-section-height-default elementor-section-height-default\" data-id=\"af5291c\" data-element_type=\"section\" data-e-type=\"section\">\n\t\t\t\t\t\t<div class=\"elementor-container elementor-column-gap-default\">\n\t\t\t\t\t<div class=\"elementor-column elementor-col-50 elementor-top-column elementor-element elementor-element-cb491a3\" data-id=\"cb491a3\" data-element_type=\"column\" data-e-type=\"column\">\n\t\t\t<div class=\"elementor-widget-wrap elementor-element-populated\">\n\t\t\t\t\t\t<div class=\"elementor-element elementor-element-fc4545c elementor-widget elementor-widget-image\" data-id=\"fc4545c\" data-element_type=\"widget\" data-e-type=\"widget\" data-widget_type=\"image.default\">\n\t\t\t\t\t\t\t\t\t\t\t\t\t\t\t<img loading=\"lazy\" decoding=\"async\" width=\"350\" height=\"492\" src=\"https:\/\/www.estudidelmoble.com\/wp-content\/uploads\/2020\/11\/Moble-Emporda-llibre.jpg\" class=\"attachment-medium_large size-medium_large wp-image-18953\" alt=\"\" srcset=\"https:\/\/www.estudidelmoble.com\/wp-content\/uploads\/2020\/11\/Moble-Emporda-llibre.jpg 350w, https:\/\/www.estudidelmoble.com\/wp-content\/uploads\/2020\/11\/Moble-Emporda-llibre-213x300.jpg 213w\" sizes=\"(max-width: 350px) 100vw, 350px\" \/>\t\t\t\t\t\t\t\t\t\t\t\t\t\t\t<\/div>\n\t\t\t\t<div class=\"elementor-element elementor-element-82813fe elementor-position-inline-start elementor-view-default elementor-mobile-position-block-start elementor-widget elementor-widget-icon-box\" data-id=\"82813fe\" data-element_type=\"widget\" data-e-type=\"widget\" data-widget_type=\"icon-box.default\">\n\t\t\t\t\t\t\t<div class=\"elementor-icon-box-wrapper\">\n\n\t\t\t\t\t\t<div class=\"elementor-icon-box-icon\">\n\t\t\t\t<span  class=\"elementor-icon\">\n\t\t\t\t<svg aria-hidden=\"true\" class=\"e-font-icon-svg e-far-times-circle\" viewBox=\"0 0 512 512\" xmlns=\"http:\/\/www.w3.org\/2000\/svg\"><path d=\"M256 8C119 8 8 119 8 256s111 248 248 248 248-111 248-248S393 8 256 8zm0 448c-110.5 0-200-89.5-200-200S145.5 56 256 56s200 89.5 200 200-89.5 200-200 200zm101.8-262.2L295.6 256l62.2 62.2c4.7 4.7 4.7 12.3 0 17l-22.6 22.6c-4.7 4.7-12.3 4.7-17 0L256 295.6l-62.2 62.2c-4.7 4.7-12.3 4.7-17 0l-22.6-22.6c-4.7-4.7-4.7-12.3 0-17l62.2-62.2-62.2-62.2c-4.7-4.7-4.7-12.3 0-17l22.6-22.6c4.7-4.7 12.3-4.7 17 0l62.2 62.2 62.2-62.2c4.7-4.7 12.3-4.7 17 0l22.6 22.6c4.7 4.7 4.7 12.3 0 17z\"><\/path><\/svg>\t\t\t\t<\/span>\n\t\t\t<\/div>\n\t\t\t\n\t\t\t\t\t\t<div class=\"elementor-icon-box-content\">\n\n\t\t\t\t\t\t\t\t\t<p class=\"elementor-icon-box-title\">\n\t\t\t\t\t\t<span  >\n\t\t\t\t\t\t\tDescatalogado!\t\t\t\t\t\t<\/span>\n\t\t\t\t\t<\/p>\n\t\t\t\t\n\t\t\t\t\n\t\t\t<\/div>\n\t\t\t\n\t\t<\/div>\n\t\t\t\t\t\t<\/div>\n\t\t\t\t\t<\/div>\n\t\t<\/div>\n\t\t\t\t<div class=\"elementor-column elementor-col-50 elementor-top-column elementor-element elementor-element-f7f7753\" data-id=\"f7f7753\" data-element_type=\"column\" data-e-type=\"column\">\n\t\t\t<div class=\"elementor-widget-wrap elementor-element-populated\">\n\t\t\t\t\t\t<div class=\"elementor-element elementor-element-a5a3257 elementor-widget elementor-widget-text-editor\" data-id=\"a5a3257\" data-element_type=\"widget\" data-e-type=\"widget\" data-widget_type=\"text-editor.default\">\n\t\t\t\t\t\t\t\t\t<p><span id=\"dnn_ctr7082_dnnTITLE1_lblTitle\" class=\"Head1\">El moble de l\u2019Empord\u00e0&nbsp; en el s.XVIII<\/span><\/p>\n\t\t\t\t\t\t\t\t<\/div>\n\t\t\t\t<div class=\"elementor-element elementor-element-d266f9e elementor-widget elementor-widget-text-editor\" data-id=\"d266f9e\" data-element_type=\"widget\" data-e-type=\"widget\" data-widget_type=\"text-editor.default\">\n\t\t\t\t\t\t\t\t\t<p>\u201cEl moble de l\u2019Empord\u00e0 en el segle XVIII\u201d es el cat\u00e1logo de la exposici\u00f3n dedicada al mobiliario de esta famosa \u00e1rea de producci\u00f3n gerundense. El trabajo, desarrollado por la Asociaci\u00f3n para el Estudio del Mueble, recoge ejemplos de piezas que ocupaban los principales espacios dom\u00e9sticos en el Ampurd\u00e1n durante aquella centuria.<\/p>\n<p>La publicaci\u00f3n desvela las tipolog\u00edas m\u00e1s emblem\u00e1ticas, aquellas que disfrutaban de merecido prestigio: mesas, camas, asientos y especialmente c\u00f3modas, escritorios y armarios roperos. El escrito introductorio, firmado por M\u00f3nica Piera, repasa el papel que jugaban estos muebles en las casas de pueblos, villas y tambi\u00e9n en las mas\u00edas diseminadas por el territorio. Especialmente relevantes son las producciones de Torroella de Montgr\u00ed y Ma\u00e7anet de Cabrenys.<\/p>\n<p>La publicaci\u00f3n se cierra con un cat\u00e1logo de 100 ejemplares recogidos por casas particulares, colecciones, museos y entidades de la zona.<\/p>\n\t\t\t\t\t\t\t\t<\/div>\n\t\t\t\t\t<\/div>\n\t\t<\/div>\n\t\t\t\t\t<\/div>\n\t\t<\/section>\n\t\t\t\t<section class=\"elementor-section elementor-top-section elementor-element elementor-element-1da5a09 elementor-reverse-mobile elementor-section-boxed elementor-section-height-default elementor-section-height-default\" data-id=\"1da5a09\" data-element_type=\"section\" data-e-type=\"section\">\n\t\t\t\t\t\t<div class=\"elementor-container elementor-column-gap-default\">\n\t\t\t\t\t<div class=\"elementor-column elementor-col-50 elementor-top-column elementor-element elementor-element-9cae71f\" data-id=\"9cae71f\" data-element_type=\"column\" data-e-type=\"column\">\n\t\t\t<div class=\"elementor-widget-wrap elementor-element-populated\">\n\t\t\t\t\t\t<div class=\"elementor-element elementor-element-6dc7aff elementor-widget-divider--view-line elementor-widget elementor-widget-divider\" data-id=\"6dc7aff\" data-element_type=\"widget\" data-e-type=\"widget\" data-widget_type=\"divider.default\">\n\t\t\t\t\t\t\t<div class=\"elementor-divider\">\n\t\t\t<span class=\"elementor-divider-separator\">\n\t\t\t\t\t\t<\/span>\n\t\t<\/div>\n\t\t\t\t\t\t<\/div>\n\t\t\t\t\t<\/div>\n\t\t<\/div>\n\t\t\t\t<div class=\"elementor-column elementor-col-50 elementor-top-column elementor-element elementor-element-cc4dce1\" data-id=\"cc4dce1\" data-element_type=\"column\" data-e-type=\"column\">\n\t\t\t<div class=\"elementor-widget-wrap elementor-element-populated\">\n\t\t\t\t\t\t<div class=\"elementor-element elementor-element-5d952eb elementor-position-inline-start elementor-view-default elementor-mobile-position-block-start elementor-widget elementor-widget-icon-box\" data-id=\"5d952eb\" data-element_type=\"widget\" data-e-type=\"widget\" data-widget_type=\"icon-box.default\">\n\t\t\t\t\t\t\t<div class=\"elementor-icon-box-wrapper\">\n\n\t\t\t\t\t\t<div class=\"elementor-icon-box-icon\">\n\t\t\t\t<a href=\"https:\/\/www.estudidelmoble.com\/wp-content\/uploads\/2019\/11\/FULLET\u00d3-CASA-BLOC_COMPLERT-4.11.14-CATALA\u2560\u00c7-V8-baixa-Casa-Bloc.pdf\" target=\"_blank\" class=\"elementor-icon elementor-animation-shrink\" tabindex=\"-1\" aria-label=\"Descargar el cat\u00e1logo de la exposici\u00f3n (gratuito)\">\n\t\t\t\t<svg aria-hidden=\"true\" class=\"e-font-icon-svg e-fas-file-download\" viewBox=\"0 0 384 512\" xmlns=\"http:\/\/www.w3.org\/2000\/svg\"><path d=\"M224 136V0H24C10.7 0 0 10.7 0 24v464c0 13.3 10.7 24 24 24h336c13.3 0 24-10.7 24-24V160H248c-13.2 0-24-10.8-24-24zm76.45 211.36l-96.42 95.7c-6.65 6.61-17.39 6.61-24.04 0l-96.42-95.7C73.42 337.29 80.54 320 94.82 320H160v-80c0-8.84 7.16-16 16-16h32c8.84 0 16 7.16 16 16v80h65.18c14.28 0 21.4 17.29 11.27 27.36zM377 105L279.1 7c-4.5-4.5-10.6-7-17-7H256v128h128v-6.1c0-6.3-2.5-12.4-7-16.9z\"><\/path><\/svg>\t\t\t\t<\/a>\n\t\t\t<\/div>\n\t\t\t\n\t\t\t\t\t\t<div class=\"elementor-icon-box-content\">\n\n\t\t\t\t\t\t\t\t\t<p class=\"elementor-icon-box-title\">\n\t\t\t\t\t\t<a href=\"https:\/\/www.estudidelmoble.com\/wp-content\/uploads\/2019\/11\/FULLET\u00d3-CASA-BLOC_COMPLERT-4.11.14-CATALA\u2560\u00c7-V8-baixa-Casa-Bloc.pdf\" target=\"_blank\" >\n\t\t\t\t\t\t\tDescargar el cat\u00e1logo de la exposici\u00f3n (gratuito)\t\t\t\t\t\t<\/a>\n\t\t\t\t\t<\/p>\n\t\t\t\t\n\t\t\t\t\n\t\t\t<\/div>\n\t\t\t\n\t\t<\/div>\n\t\t\t\t\t\t<\/div>\n\t\t\t\t\t<\/div>\n\t\t<\/div>\n\t\t\t\t\t<\/div>\n\t\t<\/section>\n\t\t\t\t<\/div>\n\t\t","protected":false},"excerpt":{"rendered":"<p>Libros y otros L\u2019&nbsp; \u200bAEM publica libros y participa en publicaciones editadas por otras entidades, ya sea como autora de textos o como colaboradora t\u00e9cnica La \u00faltima lleva como t\u00edtulo Arraigados en la tierra. 30 muebles seleccionados de una colecci\u00f3n privada. El arte de pintar con madera. El escritorio del conde del Asalto Autora: M\u00f3nica [&hellip;]<\/p>\n","protected":false},"author":1,"featured_media":0,"parent":4374,"menu_order":0,"comment_status":"closed","ping_status":"closed","template":"elementor_header_footer","meta":{"_acf_changed":false,"footnotes":""},"class_list":["post-38807","page","type-page","status-publish","hentry"],"acf":[],"_links":{"self":[{"href":"https:\/\/www.estudidelmoble.com\/es\/wp-json\/wp\/v2\/pages\/38807","targetHints":{"allow":["GET"]}}],"collection":[{"href":"https:\/\/www.estudidelmoble.com\/es\/wp-json\/wp\/v2\/pages"}],"about":[{"href":"https:\/\/www.estudidelmoble.com\/es\/wp-json\/wp\/v2\/types\/page"}],"author":[{"embeddable":true,"href":"https:\/\/www.estudidelmoble.com\/es\/wp-json\/wp\/v2\/users\/1"}],"replies":[{"embeddable":true,"href":"https:\/\/www.estudidelmoble.com\/es\/wp-json\/wp\/v2\/comments?post=38807"}],"version-history":[{"count":0,"href":"https:\/\/www.estudidelmoble.com\/es\/wp-json\/wp\/v2\/pages\/38807\/revisions"}],"up":[{"embeddable":true,"href":"https:\/\/www.estudidelmoble.com\/es\/wp-json\/wp\/v2\/pages\/4374"}],"wp:attachment":[{"href":"https:\/\/www.estudidelmoble.com\/es\/wp-json\/wp\/v2\/media?parent=38807"}],"curies":[{"name":"wp","href":"https:\/\/api.w.org\/{rel}","templated":true}]}}