{"id":38830,"date":"2019-07-04T13:12:04","date_gmt":"2019-07-04T11:12:04","guid":{"rendered":"https:\/\/www.estudidelmoble.com\/ediciones\/publicaciones\/"},"modified":"2025-11-17T11:56:04","modified_gmt":"2025-11-17T09:56:04","slug":"publicaciones","status":"publish","type":"page","link":"https:\/\/www.estudidelmoble.com\/es\/ediciones\/publicaciones\/","title":{"rendered":"Publicaciones"},"content":{"rendered":"\t\t<div data-elementor-type=\"wp-post\" data-elementor-id=\"38830\" class=\"elementor elementor-38830 elementor-1203\" data-elementor-post-type=\"page\">\n\t\t\t\t\t\t<section class=\"elementor-section elementor-top-section elementor-element elementor-element-fbd58b8 elementor-section-boxed elementor-section-height-default elementor-section-height-default\" data-id=\"fbd58b8\" data-element_type=\"section\" data-e-type=\"section\">\n\t\t\t\t\t\t<div class=\"elementor-container elementor-column-gap-default\">\n\t\t\t\t\t<div class=\"elementor-column elementor-col-100 elementor-top-column elementor-element elementor-element-d35fa71\" data-id=\"d35fa71\" data-element_type=\"column\" data-e-type=\"column\">\n\t\t\t<div class=\"elementor-widget-wrap elementor-element-populated\">\n\t\t\t\t\t\t<div class=\"elementor-element elementor-element-1ddea50 elementor-hidden-mobile elementor-widget elementor-widget-spacer\" data-id=\"1ddea50\" data-element_type=\"widget\" data-e-type=\"widget\" data-widget_type=\"spacer.default\">\n\t\t\t\t\t\t\t<div class=\"elementor-spacer\">\n\t\t\t<div class=\"elementor-spacer-inner\"><\/div>\n\t\t<\/div>\n\t\t\t\t\t\t<\/div>\n\t\t\t\t<div class=\"elementor-element elementor-element-b8b5f98 elementor-widget elementor-widget-heading\" data-id=\"b8b5f98\" data-element_type=\"widget\" data-e-type=\"widget\" data-widget_type=\"heading.default\">\n\t\t\t\t\t<h1 class=\"elementor-heading-title elementor-size-default\">Publicaciones<\/h1>\t\t\t\t<\/div>\n\t\t\t\t<div class=\"elementor-element elementor-element-0298a65 elementor-hidden-mobile elementor-widget elementor-widget-spacer\" data-id=\"0298a65\" data-element_type=\"widget\" data-e-type=\"widget\" data-widget_type=\"spacer.default\">\n\t\t\t\t\t\t\t<div class=\"elementor-spacer\">\n\t\t\t<div class=\"elementor-spacer-inner\"><\/div>\n\t\t<\/div>\n\t\t\t\t\t\t<\/div>\n\t\t\t\t\t<\/div>\n\t\t<\/div>\n\t\t\t\t\t<\/div>\n\t\t<\/section>\n\t\t\t\t<section class=\"elementor-section elementor-top-section elementor-element elementor-element-45f3fd0 elementor-section-boxed elementor-section-height-default elementor-section-height-default\" data-id=\"45f3fd0\" data-element_type=\"section\" data-e-type=\"section\">\n\t\t\t\t\t\t<div class=\"elementor-container elementor-column-gap-default\">\n\t\t\t\t\t<div class=\"elementor-column elementor-col-100 elementor-top-column elementor-element elementor-element-9d3478d\" data-id=\"9d3478d\" data-element_type=\"column\" data-e-type=\"column\">\n\t\t\t<div class=\"elementor-widget-wrap elementor-element-populated\">\n\t\t\t\t\t\t<div class=\"elementor-element elementor-element-32ef251 elementor-drop-cap-yes elementor-drop-cap-view-default elementor-widget elementor-widget-text-editor\" data-id=\"32ef251\" data-element_type=\"widget\" data-e-type=\"widget\" data-settings=\"{&quot;drop_cap&quot;:&quot;yes&quot;}\" data-widget_type=\"text-editor.default\">\n\t\t\t\t\t\t\t\t\t<div>\n<div data-id=\"6553238\" data-element_type=\"widget\" data-model-cid=\"c30821\" data-widget_type=\"text-editor.default\">\n<div data-elementor-setting-key=\"editor\" data-elementor-inline-editing-toolbar=\"advanced\">Desde el a\u00f1o 2005, la Asociaci\u00f3n para el Estudio del Mueble publica regularmente obras en colaboraci\u00f3n con el Museo de las Artes Decorativas de Barcelona (hasta el a\u00f1o 2014) y el Museo del Dise\u00f1o de Barcelona (desde el a\u00f1o 2015) \u00a0donde se transcriben las conferencias del curso que organizamos anualmente.Estas publicaciones recogen las \u00faltimas investigaciones sobre diversos temas vinculados al mueble y est\u00e1n firmadas por reconocidos especialistas. Los textos se acompa\u00f1an de abundantes fotograf\u00edas y frecuentemente incluyen un anexo con fichas t\u00e9cnicas de muebles<\/div>\n<\/div>\n<\/div>\n<div style=\"background: initial !important; border: initial !important; border-radius: initial !important; border-spacing: initial !important; border-collapse: initial !important; direction: ltr !important; flex-direction: initial !important; font-weight: initial !important; height: initial !important; letter-spacing: initial !important; min-width: initial !important; max-width: initial !important; min-height: initial !important; max-height: initial !important; margin: auto !important; outline: initial !important; padding: initial !important; position: absolute; table-layout: initial !important; text-align: initial !important; text-shadow: initial !important; width: initial !important; word-break: initial !important; word-spacing: initial !important; overflow-wrap: initial !important; box-sizing: initial !important; display: initial !important; color: inherit !important; font-size: 13px !important; font-family: X-LocaleSpecific, sans-serif, Tahoma, Helvetica !important; line-height: 13px !important; vertical-align: top !important; white-space: inherit !important; left: 39px; top: 81px; opacity: 0.2;\">\n<div title=\"Copia el text al porta-retalls\"><\/div>\n<style type=\"text\/css\" media=\"print\">#s3gt_translate_tooltip_mini { display: none !important; }<\/style>\n<\/div>\n<div style=\"background: initial !important; border: initial !important; border-radius: initial !important; border-spacing: initial !important; border-collapse: initial !important; direction: ltr !important; flex-direction: initial !important; font-weight: initial !important; height: initial !important; letter-spacing: initial !important; min-width: initial !important; max-width: initial !important; min-height: initial !important; max-height: initial !important; margin: auto !important; outline: initial !important; padding: initial !important; position: absolute; table-layout: initial !important; text-align: initial !important; text-shadow: initial !important; width: initial !important; word-break: initial !important; word-spacing: initial !important; overflow-wrap: initial !important; box-sizing: initial !important; display: initial !important; color: inherit !important; font-size: 13px !important; font-family: X-LocaleSpecific, sans-serif, Tahoma, Helvetica !important; line-height: 13px !important; vertical-align: top !important; white-space: inherit !important; left: 36px; top: 909px; opacity: 0.45;\">\n<div title=\"Tradueix el text seleccionat\"><\/div>\n<div title=\"Reprodueix\"><\/div>\n<div title=\"Copia el text al porta-retalls\"><\/div>\n<\/div>\n\t\t\t\t\t\t\t\t<\/div>\n\t\t\t\t\t<\/div>\n\t\t<\/div>\n\t\t\t\t\t<\/div>\n\t\t<\/section>\n\t\t\t\t<section class=\"elementor-section elementor-top-section elementor-element elementor-element-ad3a927 elementor-section-boxed elementor-section-height-default elementor-section-height-default\" data-id=\"ad3a927\" data-element_type=\"section\" data-e-type=\"section\">\n\t\t\t\t\t\t<div class=\"elementor-container elementor-column-gap-default\">\n\t\t\t\t\t<div class=\"elementor-column elementor-col-100 elementor-top-column elementor-element elementor-element-43023f1\" data-id=\"43023f1\" data-element_type=\"column\" data-e-type=\"column\">\n\t\t\t<div class=\"elementor-widget-wrap elementor-element-populated\">\n\t\t\t\t\t\t<div class=\"elementor-element elementor-element-1a0a836 elementor-position-left elementor-vertical-align-middle elementor-widget elementor-widget-image-box\" data-id=\"1a0a836\" data-element_type=\"widget\" data-e-type=\"widget\" data-widget_type=\"image-box.default\">\n\t\t\t\t\t<div class=\"elementor-image-box-wrapper\"><figure class=\"elementor-image-box-img\"><a href=\"https:\/\/www.estudidelmoble.com\/es\/producto\/se-abre-el-telon-aem\/\" tabindex=\"-1\"><img fetchpriority=\"high\" decoding=\"async\" width=\"1080\" height=\"1080\" src=\"https:\/\/www.estudidelmoble.com\/wp-content\/uploads\/2025\/10\/Proyecto-nuevo-38.png\" class=\"attachment-full size-full wp-image-71881\" alt=\"\" srcset=\"https:\/\/www.estudidelmoble.com\/wp-content\/uploads\/2025\/10\/Proyecto-nuevo-38.png 1080w, https:\/\/www.estudidelmoble.com\/wp-content\/uploads\/2025\/10\/Proyecto-nuevo-38-300x300.png 300w, https:\/\/www.estudidelmoble.com\/wp-content\/uploads\/2025\/10\/Proyecto-nuevo-38-1024x1024.png 1024w, https:\/\/www.estudidelmoble.com\/wp-content\/uploads\/2025\/10\/Proyecto-nuevo-38-150x150.png 150w, https:\/\/www.estudidelmoble.com\/wp-content\/uploads\/2025\/10\/Proyecto-nuevo-38-768x768.png 768w, https:\/\/www.estudidelmoble.com\/wp-content\/uploads\/2025\/10\/Proyecto-nuevo-38-600x600.png 600w, https:\/\/www.estudidelmoble.com\/wp-content\/uploads\/2025\/10\/Proyecto-nuevo-38-100x100.png 100w\" sizes=\"(max-width: 1080px) 100vw, 1080px\" \/><\/a><\/figure><div class=\"elementor-image-box-content\"><h3 class=\"elementor-image-box-title\"><a href=\"https:\/\/www.estudidelmoble.com\/es\/producto\/se-abre-el-telon-aem\/\">PUBLICACI\u00d3N 20, \"Se abre el tel\u00f3n. El mueble en las artes esc\u00e9nicas\"<\/a><\/h3><p class=\"elementor-image-box-description\">La publicaci\u00f3n \u201cSe abre el tel\u00f3n. El mueble en las artes esc\u00e9nicas\u201d, editada por la Asociaci\u00f3n para el Estudio del Mueble con motivo de su 20\u00ba aniversario, recoge las aportaciones m\u00e1s relevantes de las sesiones celebradas en mayo de 2024 en colaboraci\u00f3n con el Disseny Hub Barcelona. El libro explora la relaci\u00f3n entre el mobiliario y las artes esc\u00e9nicas, e invita a descubrir el mueble como elemento expresivo, narrativo y simb\u00f3lico en el espacio teatral. <br><br>Los textos ofrecen una mirada coral sobre la historia, el patrimonio, la conservaci\u00f3n y la escenograf\u00eda, con la participaci\u00f3n de instituciones y especialistas destacados. Una obra que invita a reflexionar sobre el papel del mueble en la cultura material y en la magia que se despliega cuando se levanta el tel\u00f3n.<\/p><\/div><\/div>\t\t\t\t<\/div>\n\t\t\t\t<div class=\"elementor-element elementor-element-8f3e0dd elementor-widget elementor-widget-spacer\" data-id=\"8f3e0dd\" data-element_type=\"widget\" data-e-type=\"widget\" data-widget_type=\"spacer.default\">\n\t\t\t\t\t\t\t<div class=\"elementor-spacer\">\n\t\t\t<div class=\"elementor-spacer-inner\"><\/div>\n\t\t<\/div>\n\t\t\t\t\t\t<\/div>\n\t\t\t\t\t<\/div>\n\t\t<\/div>\n\t\t\t\t\t<\/div>\n\t\t<\/section>\n\t\t\t\t<section class=\"elementor-section elementor-top-section elementor-element elementor-element-22df37b elementor-section-boxed elementor-section-height-default elementor-section-height-default\" data-id=\"22df37b\" data-element_type=\"section\" data-e-type=\"section\" data-settings=\"{&quot;background_background&quot;:&quot;classic&quot;}\">\n\t\t\t\t\t\t<div class=\"elementor-container elementor-column-gap-default\">\n\t\t\t\t\t<div class=\"elementor-column elementor-col-50 elementor-top-column elementor-element elementor-element-2c2cd06\" data-id=\"2c2cd06\" data-element_type=\"column\" data-e-type=\"column\">\n\t\t\t<div class=\"elementor-widget-wrap elementor-element-populated\">\n\t\t\t\t\t\t<div class=\"elementor-element elementor-element-b5e92b7 elementor-arrows-position-outside elementor-pagination-position-outside elementor-widget elementor-widget-image-carousel\" data-id=\"b5e92b7\" data-element_type=\"widget\" data-e-type=\"widget\" data-settings=\"{&quot;slides_to_show&quot;:&quot;5&quot;,&quot;image_spacing_custom&quot;:{&quot;unit&quot;:&quot;px&quot;,&quot;size&quot;:5,&quot;sizes&quot;:[]},&quot;navigation&quot;:&quot;both&quot;,&quot;autoplay&quot;:&quot;yes&quot;,&quot;pause_on_hover&quot;:&quot;yes&quot;,&quot;pause_on_interaction&quot;:&quot;yes&quot;,&quot;autoplay_speed&quot;:5000,&quot;infinite&quot;:&quot;yes&quot;,&quot;speed&quot;:500,&quot;image_spacing_custom_tablet&quot;:{&quot;unit&quot;:&quot;px&quot;,&quot;size&quot;:&quot;&quot;,&quot;sizes&quot;:[]},&quot;image_spacing_custom_mobile&quot;:{&quot;unit&quot;:&quot;px&quot;,&quot;size&quot;:&quot;&quot;,&quot;sizes&quot;:[]}}\" data-widget_type=\"image-carousel.default\">\n\t\t\t\t\t\t\t<div class=\"elementor-image-carousel-wrapper swiper\" role=\"region\" aria-roledescription=\"carousel\" aria-label=\"Carrusel de im\u00e1genes\" dir=\"ltr\">\n\t\t\t<div class=\"elementor-image-carousel swiper-wrapper\" aria-live=\"off\">\n\t\t\t\t\t\t\t\t<div class=\"swiper-slide\" role=\"group\" aria-roledescription=\"slide\" aria-label=\"1 de 5\"><a data-elementor-open-lightbox=\"yes\" data-elementor-lightbox-slideshow=\"b5e92b7\" data-elementor-lightbox-title=\"Captura-de-pantalla-2025-10-24-114125.png\" data-e-action-hash=\"#elementor-action%3Aaction%3Dlightbox%26settings%3DeyJpZCI6NzIyMjYsInVybCI6Imh0dHBzOlwvXC93d3cuZXN0dWRpZGVsbW9ibGUuY29tXC93cC1jb250ZW50XC91cGxvYWRzXC8yMDI1XC8xMVwvQ2FwdHVyYS1kZS1wYW50YWxsYS0yMDI1LTEwLTI0LTExNDEyNS5wbmciLCJzbGlkZXNob3ciOiJiNWU5MmI3In0%3D\" href=\"https:\/\/www.estudidelmoble.com\/wp-content\/uploads\/2025\/11\/Captura-de-pantalla-2025-10-24-114125.png\"><figure class=\"swiper-slide-inner\"><img decoding=\"async\" class=\"swiper-slide-image\" src=\"https:\/\/www.estudidelmoble.com\/wp-content\/uploads\/2025\/11\/Captura-de-pantalla-2025-10-24-114125-768x542.png\" alt=\"Captura-de-pantalla-2025-10-24-114125.png\" \/><\/figure><\/a><\/div><div class=\"swiper-slide\" role=\"group\" aria-roledescription=\"slide\" aria-label=\"2 de 5\"><a data-elementor-open-lightbox=\"yes\" data-elementor-lightbox-slideshow=\"b5e92b7\" data-elementor-lightbox-title=\"Captura-de-pantalla-2025-10-24-114207.png\" data-e-action-hash=\"#elementor-action%3Aaction%3Dlightbox%26settings%3DeyJpZCI6NzIyMjgsInVybCI6Imh0dHBzOlwvXC93d3cuZXN0dWRpZGVsbW9ibGUuY29tXC93cC1jb250ZW50XC91cGxvYWRzXC8yMDI1XC8xMVwvQ2FwdHVyYS1kZS1wYW50YWxsYS0yMDI1LTEwLTI0LTExNDIwNy5wbmciLCJzbGlkZXNob3ciOiJiNWU5MmI3In0%3D\" href=\"https:\/\/www.estudidelmoble.com\/wp-content\/uploads\/2025\/11\/Captura-de-pantalla-2025-10-24-114207.png\"><figure class=\"swiper-slide-inner\"><img decoding=\"async\" class=\"swiper-slide-image\" src=\"https:\/\/www.estudidelmoble.com\/wp-content\/uploads\/2025\/11\/Captura-de-pantalla-2025-10-24-114207-768x541.png\" alt=\"Captura-de-pantalla-2025-10-24-114207.png\" \/><\/figure><\/a><\/div><div class=\"swiper-slide\" role=\"group\" aria-roledescription=\"slide\" aria-label=\"3 de 5\"><a data-elementor-open-lightbox=\"yes\" data-elementor-lightbox-slideshow=\"b5e92b7\" data-elementor-lightbox-title=\"Captura-de-pantalla-2025-10-24-114935.png\" data-e-action-hash=\"#elementor-action%3Aaction%3Dlightbox%26settings%3DeyJpZCI6NzIyMzAsInVybCI6Imh0dHBzOlwvXC93d3cuZXN0dWRpZGVsbW9ibGUuY29tXC93cC1jb250ZW50XC91cGxvYWRzXC8yMDI1XC8xMVwvQ2FwdHVyYS1kZS1wYW50YWxsYS0yMDI1LTEwLTI0LTExNDkzNS5wbmciLCJzbGlkZXNob3ciOiJiNWU5MmI3In0%3D\" href=\"https:\/\/www.estudidelmoble.com\/wp-content\/uploads\/2025\/11\/Captura-de-pantalla-2025-10-24-114935.png\"><figure class=\"swiper-slide-inner\"><img decoding=\"async\" class=\"swiper-slide-image\" src=\"https:\/\/www.estudidelmoble.com\/wp-content\/uploads\/2025\/11\/Captura-de-pantalla-2025-10-24-114935-768x540.png\" alt=\"Captura-de-pantalla-2025-10-24-114935.png\" \/><\/figure><\/a><\/div><div class=\"swiper-slide\" role=\"group\" aria-roledescription=\"slide\" aria-label=\"4 de 5\"><a data-elementor-open-lightbox=\"yes\" data-elementor-lightbox-slideshow=\"b5e92b7\" data-elementor-lightbox-title=\"Captura-de-pantalla-2025-10-24-115006.png\" data-e-action-hash=\"#elementor-action%3Aaction%3Dlightbox%26settings%3DeyJpZCI6NzIyMzIsInVybCI6Imh0dHBzOlwvXC93d3cuZXN0dWRpZGVsbW9ibGUuY29tXC93cC1jb250ZW50XC91cGxvYWRzXC8yMDI1XC8xMVwvQ2FwdHVyYS1kZS1wYW50YWxsYS0yMDI1LTEwLTI0LTExNTAwNi5wbmciLCJzbGlkZXNob3ciOiJiNWU5MmI3In0%3D\" href=\"https:\/\/www.estudidelmoble.com\/wp-content\/uploads\/2025\/11\/Captura-de-pantalla-2025-10-24-115006.png\"><figure class=\"swiper-slide-inner\"><img decoding=\"async\" class=\"swiper-slide-image\" src=\"https:\/\/www.estudidelmoble.com\/wp-content\/uploads\/2025\/11\/Captura-de-pantalla-2025-10-24-115006-768x541.png\" alt=\"Captura-de-pantalla-2025-10-24-115006.png\" \/><\/figure><\/a><\/div><div class=\"swiper-slide\" role=\"group\" aria-roledescription=\"slide\" aria-label=\"5 de 5\"><a data-elementor-open-lightbox=\"yes\" data-elementor-lightbox-slideshow=\"b5e92b7\" data-elementor-lightbox-title=\"Captura-de-pantalla-2025-10-24-115043.png\" data-e-action-hash=\"#elementor-action%3Aaction%3Dlightbox%26settings%3DeyJpZCI6NzIyMzQsInVybCI6Imh0dHBzOlwvXC93d3cuZXN0dWRpZGVsbW9ibGUuY29tXC93cC1jb250ZW50XC91cGxvYWRzXC8yMDI1XC8xMVwvQ2FwdHVyYS1kZS1wYW50YWxsYS0yMDI1LTEwLTI0LTExNTA0My5wbmciLCJzbGlkZXNob3ciOiJiNWU5MmI3In0%3D\" href=\"https:\/\/www.estudidelmoble.com\/wp-content\/uploads\/2025\/11\/Captura-de-pantalla-2025-10-24-115043.png\"><figure class=\"swiper-slide-inner\"><img decoding=\"async\" class=\"swiper-slide-image\" src=\"https:\/\/www.estudidelmoble.com\/wp-content\/uploads\/2025\/11\/Captura-de-pantalla-2025-10-24-115043-768x539.png\" alt=\"Captura-de-pantalla-2025-10-24-115043.png\" \/><\/figure><\/a><\/div>\t\t\t<\/div>\n\t\t\t\t\t\t\t\t\t\t\t\t<div class=\"elementor-swiper-button elementor-swiper-button-prev\" role=\"button\" tabindex=\"0\">\n\t\t\t\t\t\t<svg aria-hidden=\"true\" class=\"e-font-icon-svg e-eicon-chevron-left\" viewBox=\"0 0 1000 1000\" xmlns=\"http:\/\/www.w3.org\/2000\/svg\"><path d=\"M646 125C629 125 613 133 604 142L308 442C296 454 292 471 292 487 292 504 296 521 308 533L604 854C617 867 629 875 646 875 663 875 679 871 692 858 704 846 713 829 713 812 713 796 708 779 692 767L438 487 692 225C700 217 708 204 708 187 708 171 704 154 692 142 675 129 663 125 646 125Z\"><\/path><\/svg>\t\t\t\t\t<\/div>\n\t\t\t\t\t<div class=\"elementor-swiper-button elementor-swiper-button-next\" role=\"button\" tabindex=\"0\">\n\t\t\t\t\t\t<svg aria-hidden=\"true\" class=\"e-font-icon-svg e-eicon-chevron-right\" viewBox=\"0 0 1000 1000\" xmlns=\"http:\/\/www.w3.org\/2000\/svg\"><path d=\"M696 533C708 521 713 504 713 487 713 471 708 454 696 446L400 146C388 133 375 125 354 125 338 125 325 129 313 142 300 154 292 171 292 187 292 204 296 221 308 233L563 492 304 771C292 783 288 800 288 817 288 833 296 850 308 863 321 871 338 875 354 875 371 875 388 867 400 854L696 533Z\"><\/path><\/svg>\t\t\t\t\t<\/div>\n\t\t\t\t\n\t\t\t\t\t\t\t\t\t<div class=\"swiper-pagination\"><\/div>\n\t\t\t\t\t\t\t\t\t<\/div>\n\t\t\t\t\t\t<\/div>\n\t\t\t\t\t<\/div>\n\t\t<\/div>\n\t\t\t\t<div class=\"elementor-column elementor-col-50 elementor-top-column elementor-element elementor-element-63bd53f\" data-id=\"63bd53f\" data-element_type=\"column\" data-e-type=\"column\">\n\t\t\t<div class=\"elementor-widget-wrap elementor-element-populated\">\n\t\t\t\t\t\t<div class=\"elementor-element elementor-element-cc453a3 elementor-widget elementor-widget-spacer\" data-id=\"cc453a3\" data-element_type=\"widget\" data-e-type=\"widget\" data-widget_type=\"spacer.default\">\n\t\t\t\t\t\t\t<div class=\"elementor-spacer\">\n\t\t\t<div class=\"elementor-spacer-inner\"><\/div>\n\t\t<\/div>\n\t\t\t\t\t\t<\/div>\n\t\t\t\t<div class=\"elementor-element elementor-element-227b971 elementor-align-right elementor-widget elementor-widget-button\" data-id=\"227b971\" data-element_type=\"widget\" data-e-type=\"widget\" data-widget_type=\"button.default\">\n\t\t\t\t\t\t\t\t\t\t<a class=\"elementor-button elementor-button-link elementor-size-sm\" href=\"https:\/\/www.estudidelmoble.com\/es\/producto\/se-abre-el-telon-aem\/\">\n\t\t\t\t\t\t<span class=\"elementor-button-content-wrapper\">\n\t\t\t\t\t\t<span class=\"elementor-button-icon\">\n\t\t\t\t<svg aria-hidden=\"true\" class=\"e-font-icon-svg e-fas-shopping-basket\" viewBox=\"0 0 576 512\" xmlns=\"http:\/\/www.w3.org\/2000\/svg\"><path d=\"M576 216v16c0 13.255-10.745 24-24 24h-8l-26.113 182.788C514.509 462.435 494.257 480 470.37 480H105.63c-23.887 0-44.139-17.565-47.518-41.212L32 256h-8c-13.255 0-24-10.745-24-24v-16c0-13.255 10.745-24 24-24h67.341l106.78-146.821c10.395-14.292 30.407-17.453 44.701-7.058 14.293 10.395 17.453 30.408 7.058 44.701L170.477 192h235.046L326.12 82.821c-10.395-14.292-7.234-34.306 7.059-44.701 14.291-10.395 34.306-7.235 44.701 7.058L484.659 192H552c13.255 0 24 10.745 24 24zM312 392V280c0-13.255-10.745-24-24-24s-24 10.745-24 24v112c0 13.255 10.745 24 24 24s24-10.745 24-24zm112 0V280c0-13.255-10.745-24-24-24s-24 10.745-24 24v112c0 13.255 10.745 24 24 24s24-10.745 24-24zm-224 0V280c0-13.255-10.745-24-24-24s-24 10.745-24 24v112c0 13.255 10.745 24 24 24s24-10.745 24-24z\"><\/path><\/svg>\t\t\t<\/span>\n\t\t\t\t\t\t\t\t\t<span class=\"elementor-button-text\">Comprar<\/span>\n\t\t\t\t\t<\/span>\n\t\t\t\t\t<\/a>\n\t\t\t\t\t\t\t\t<\/div>\n\t\t\t\t\t<\/div>\n\t\t<\/div>\n\t\t\t\t\t<\/div>\n\t\t<\/section>\n\t\t\t\t<section class=\"elementor-section elementor-top-section elementor-element elementor-element-54aadb7 elementor-section-boxed elementor-section-height-default elementor-section-height-default\" data-id=\"54aadb7\" data-element_type=\"section\" data-e-type=\"section\">\n\t\t\t\t\t\t<div class=\"elementor-container elementor-column-gap-default\">\n\t\t\t\t\t<div class=\"elementor-column elementor-col-100 elementor-top-column elementor-element elementor-element-4a2bc24\" data-id=\"4a2bc24\" data-element_type=\"column\" data-e-type=\"column\">\n\t\t\t<div class=\"elementor-widget-wrap\">\n\t\t\t\t\t\t\t<\/div>\n\t\t<\/div>\n\t\t\t\t\t<\/div>\n\t\t<\/section>\n\t\t\t\t<section class=\"elementor-section elementor-top-section elementor-element elementor-element-8955b08 elementor-section-boxed elementor-section-height-default elementor-section-height-default\" data-id=\"8955b08\" data-element_type=\"section\" data-e-type=\"section\">\n\t\t\t\t\t\t<div class=\"elementor-container elementor-column-gap-default\">\n\t\t\t\t\t<div class=\"elementor-column elementor-col-100 elementor-top-column elementor-element elementor-element-09d44fe\" data-id=\"09d44fe\" data-element_type=\"column\" data-e-type=\"column\">\n\t\t\t<div class=\"elementor-widget-wrap elementor-element-populated\">\n\t\t\t\t\t\t<div class=\"elementor-element elementor-element-45f3899 elementor-widget elementor-widget-heading\" data-id=\"45f3899\" data-element_type=\"widget\" data-e-type=\"widget\" data-widget_type=\"heading.default\">\n\t\t\t\t\t<h2 class=\"elementor-heading-title elementor-size-default\">\u00cdndice (edici\u00f3n en castellano i catal\u00e1n)<\/h2>\t\t\t\t<\/div>\n\t\t\t\t\t<\/div>\n\t\t<\/div>\n\t\t\t\t\t<\/div>\n\t\t<\/section>\n\t\t\t\t<section class=\"elementor-section elementor-top-section elementor-element elementor-element-b2db338 elementor-section-boxed elementor-section-height-default elementor-section-height-default\" data-id=\"b2db338\" data-element_type=\"section\" data-e-type=\"section\">\n\t\t\t\t\t\t<div class=\"elementor-container elementor-column-gap-default\">\n\t\t\t\t\t<div class=\"elementor-column elementor-col-100 elementor-top-column elementor-element elementor-element-f3d6bc6\" data-id=\"f3d6bc6\" data-element_type=\"column\" data-e-type=\"column\">\n\t\t\t<div class=\"elementor-widget-wrap elementor-element-populated\">\n\t\t\t\t\t\t<section class=\"elementor-section elementor-inner-section elementor-element elementor-element-b41c2fc elementor-section-boxed elementor-section-height-default elementor-section-height-default\" data-id=\"b41c2fc\" data-element_type=\"section\" data-e-type=\"section\" data-settings=\"{&quot;background_background&quot;:&quot;classic&quot;}\">\n\t\t\t\t\t\t<div class=\"elementor-container elementor-column-gap-default\">\n\t\t\t\t\t<div class=\"elementor-column elementor-col-100 elementor-inner-column elementor-element elementor-element-4224620\" data-id=\"4224620\" data-element_type=\"column\" data-e-type=\"column\">\n\t\t\t<div class=\"elementor-widget-wrap elementor-element-populated\">\n\t\t\t\t\t\t<div class=\"elementor-element elementor-element-8bd62af elementor-widget__width-initial elementor-widget elementor-widget-text-editor\" data-id=\"8bd62af\" data-element_type=\"widget\" data-e-type=\"widget\" data-widget_type=\"text-editor.default\">\n\t\t\t\t\t\t\t\t\t<p data-start=\"547\" data-end=\"703\"><strong>Presentaci\u00f3 \/ Presentaci\u00f3n<\/strong>&#8230;&#8230;&#8230;&#8230;&#8230;&#8230;&#8230;&#8230;&#8230;&#8230;&#8230;&#8230;&#8230;&#8230;&#8230;&#8230;&#8230;&#8230;&#8230;&#8230;&#8230;&#8230;&#8230;&#8230;&#8230;&#8230;&#8230;&#8230;&#8230;&#8230;&#8230;&#8230;&#8230;&#8230;&#8230;&#8230;&#8230;&#8230;&#8230;. 5<\/p><p data-start=\"705\" data-end=\"852\"><strong>Pr\u00f2leg \/ Pr\u00f3logo<\/strong>&#8230;&#8230;&#8230;&#8230;&#8230;&#8230;&#8230;&#8230;&#8230;&#8230;&#8230;&#8230;&#8230;&#8230;&#8230;&#8230;&#8230;&#8230;&#8230;&#8230;&#8230;&#8230;&#8230;&#8230;&#8230;&#8230;&#8230;&#8230;&#8230;&#8230;&#8230;&#8230;&#8230;&#8230;&#8230;&#8230;&#8230;&#8230;&#8230;&#8230;&#8230;&#8230;&#8230;&#8230;&#8230;. 10<\/p><p data-start=\"854\" data-end=\"1024\"><strong>Mobilis. All\u00f2 que es mou<\/strong><br data-start=\"878\" data-end=\"881\" \/>Max Glaenzel&#8230;&#8230;&#8230;&#8230;&#8230;&#8230;&#8230;&#8230;&#8230;&#8230;&#8230;&#8230;&#8230;&#8230;&#8230;&#8230;&#8230;&#8230;&#8230;&#8230;&#8230;&#8230;&#8230;&#8230;&#8230;&#8230;&#8230;&#8230;&#8230;&#8230;&#8230;&#8230;&#8230;&#8230;&#8230;&#8230;&#8230;&#8230;&#8230;&#8230;&#8230;&#8230;&#8230;&#8230;&#8230;&#8230;&#8230;. 15<\/p><p data-start=\"1026\" data-end=\"1230\"><strong>Teatre de sala i alcova a la Barcelona del segle XVIII<\/strong><br data-start=\"1080\" data-end=\"1083\" \/>Nuria Ruiz Comin&#8230;&#8230;&#8230;&#8230;&#8230;&#8230;&#8230;&#8230;&#8230;&#8230;&#8230;&#8230;&#8230;&#8230;&#8230;&#8230;&#8230;&#8230;&#8230;&#8230;&#8230;&#8230;&#8230;&#8230;&#8230;&#8230;&#8230;&#8230;&#8230;&#8230;&#8230;&#8230;&#8230;&#8230;&#8230;&#8230;&#8230;&#8230;&#8230;&#8230;&#8230;&#8230;&#8230;&#8230;&#8230;. 19<\/p><p data-start=\"1232\" data-end=\"1462\"><strong>Mobiliario y atrezo en la escenograf\u00eda realista: el caso de Oleguer Junyent<\/strong><br data-start=\"1307\" data-end=\"1310\" \/>Clara Beltr\u00e1n Catal\u00e1n&#8230;&#8230;&#8230;&#8230;&#8230;&#8230;&#8230;&#8230;&#8230;&#8230;&#8230;&#8230;&#8230;&#8230;&#8230;&#8230;&#8230;&#8230;&#8230;&#8230;&#8230;&#8230;&#8230;&#8230;&#8230;&#8230;&#8230;&#8230;&#8230;&#8230;&#8230;&#8230;&#8230;&#8230;&#8230;&#8230;&#8230;&#8230;&#8230;&#8230;&#8230;&#8230;&#8230;. 33<\/p><p data-start=\"1464\" data-end=\"1668\"><b>Escenografia barroca. Teatre i arquitectures ef\u00edmeres<\/b><br data-start=\"1517\" data-end=\"1520\" \/>Joan Ramon Triad\u00f3&#8230;&#8230;&#8230;&#8230;&#8230;&#8230;&#8230;&#8230;&#8230;&#8230;&#8230;&#8230;&#8230;&#8230;&#8230;&#8230;&#8230;&#8230;&#8230;&#8230;&#8230;&#8230;&#8230;&#8230;&#8230;&#8230;&#8230;&#8230;&#8230;&#8230;&#8230;&#8230;&#8230;&#8230;&#8230;&#8230;&#8230;&#8230;&#8230;&#8230;&#8230;&#8230;&#8230;&#8230;. 49<\/p><p data-start=\"1670\" data-end=\"1894\"><b>El teatre d\u2019estiueig de la fam\u00edlia Gar\u00ed a la Torre del Cros (Argentona)<\/b><br data-start=\"1741\" data-end=\"1744\" \/>M\u00f3nica Piera Miquel&#8230;&#8230;&#8230;&#8230;&#8230;&#8230;&#8230;&#8230;&#8230;&#8230;&#8230;&#8230;&#8230;&#8230;&#8230;&#8230;&#8230;&#8230;&#8230;&#8230;&#8230;&#8230;&#8230;&#8230;&#8230;&#8230;&#8230;&#8230;&#8230;&#8230;&#8230;&#8230;&#8230;&#8230;&#8230;&#8230;&#8230;&#8230;&#8230;&#8230;&#8230;&#8230;&#8230;&#8230; 59<\/p><p data-start=\"1896\" data-end=\"2091\"><b>El teatre de les Llars Ana Gironella de Mundet<\/b><br data-start=\"1942\" data-end=\"1945\" \/>N\u00faria Gil Farr\u00e9&#8230;&#8230;&#8230;&#8230;&#8230;&#8230;&#8230;&#8230;&#8230;&#8230;&#8230;&#8230;&#8230;&#8230;&#8230;&#8230;&#8230;&#8230;&#8230;&#8230;&#8230;&#8230;&#8230;&#8230;&#8230;&#8230;&#8230;&#8230;&#8230;&#8230;&#8230;&#8230;&#8230;&#8230;&#8230;&#8230;&#8230;&#8230;&#8230;&#8230;&#8230;&#8230;&#8230;&#8230;&#8230;&#8230;&#8230;. 73<\/p><p data-start=\"2093\" data-end=\"2289\"><b>Mobles trencats: <em data-start=\"2110\" data-end=\"2123\">El casament<\/em>, de Bertolt Brecht<\/b><br data-start=\"2142\" data-end=\"2145\" \/>Enric Ciurans&#8230;&#8230;&#8230;&#8230;&#8230;&#8230;&#8230;&#8230;&#8230;&#8230;&#8230;&#8230;&#8230;&#8230;&#8230;&#8230;&#8230;&#8230;&#8230;&#8230;&#8230;&#8230;&#8230;&#8230;&#8230;&#8230;&#8230;&#8230;&#8230;&#8230;&#8230;&#8230;&#8230;&#8230;&#8230;&#8230;&#8230;&#8230;&#8230;&#8230;&#8230;&#8230;&#8230;&#8230;&#8230;&#8230;&#8230;.. 83<\/p><p data-start=\"2291\" data-end=\"2555\"><strong>E<\/strong><b>l cadirat de cor en l\u2019arquitectura religiosa. Graderia, escenari i prosceni de la lit\u00fargia dramatitzada<br data-start=\"2395\" data-end=\"2398\" \/><\/b>Eduardo Carrero Santamar\u00eda&#8230;&#8230;&#8230;&#8230;&#8230;&#8230;&#8230;&#8230;&#8230;&#8230;&#8230;&#8230;&#8230;&#8230;&#8230;&#8230;&#8230;&#8230;&#8230;&#8230;&#8230;&#8230;&#8230;&#8230;&#8230;&#8230;&#8230;&#8230;&#8230;&#8230;&#8230;&#8230;&#8230;&#8230;&#8230;&#8230;&#8230;&#8230;&#8230;. 93<\/p><p data-start=\"2557\" data-end=\"2770\"><strong>Protagonisme del moble en l\u2019escena contempor\u00e0nia. Alguns exemples<\/strong><br data-start=\"2622\" data-end=\"2625\" \/>Merc\u00e8 Saumell&#8230;&#8230;&#8230;&#8230;&#8230;&#8230;&#8230;&#8230;&#8230;&#8230;&#8230;&#8230;&#8230;&#8230;&#8230;&#8230;&#8230;&#8230;&#8230;&#8230;&#8230;&#8230;&#8230;&#8230;&#8230;&#8230;&#8230;&#8230;&#8230;&#8230;&#8230;&#8230;&#8230;&#8230;&#8230;&#8230;&#8230;&#8230;&#8230;&#8230;&#8230;&#8230;&#8230;&#8230;&#8230;&#8230;&#8230; 103<\/p><p data-start=\"2772\" data-end=\"2961\"><strong>I<\/strong><b> a la didasc\u00e0lia hi diu: Seu<\/b><br data-start=\"2801\" data-end=\"2804\" \/>Elisabet Castells i Negre&#8230;&#8230;&#8230;&#8230;&#8230;&#8230;&#8230;&#8230;&#8230;&#8230;&#8230;&#8230;&#8230;&#8230;&#8230;&#8230;&#8230;&#8230;&#8230;&#8230;&#8230;&#8230;&#8230;&#8230;&#8230;&#8230;&#8230;&#8230;&#8230;&#8230;&#8230;&#8230;&#8230;&#8230;&#8230;&#8230;&#8230;&#8230;&#8230;&#8230;&#8230;&#8230; 109<\/p><p data-start=\"2963\" data-end=\"3210\"><strong>Teatre de butxaca. Rehabilitaci\u00f3 i construcci\u00f3 de teatres en espais de dimensions redu\u00efdes<\/strong><br data-start=\"3053\" data-end=\"3056\" \/>Francesc Gu\u00e0rdia Riera&#8230;&#8230;&#8230;&#8230;&#8230;&#8230;&#8230;&#8230;&#8230;&#8230;&#8230;&#8230;&#8230;&#8230;&#8230;&#8230;&#8230;&#8230;&#8230;&#8230;&#8230;&#8230;&#8230;&#8230;&#8230;&#8230;&#8230;&#8230;&#8230;&#8230;&#8230;&#8230;&#8230;&#8230;&#8230;&#8230;&#8230;&#8230;&#8230;&#8230;&#8230;&#8230;.. 117<\/p><p data-start=\"3212\" data-end=\"3436\"><b>Recuperaci\u00f3 de la Sala Od\u00e8on de Girona. Restauraci\u00f3 de les pintures murals<\/b><br data-start=\"3286\" data-end=\"3289\" \/>Joan G\u00fcell Sol\u00e0&#8230;&#8230;&#8230;&#8230;&#8230;&#8230;&#8230;&#8230;&#8230;&#8230;&#8230;&#8230;&#8230;&#8230;&#8230;&#8230;&#8230;&#8230;&#8230;&#8230;&#8230;&#8230;&#8230;&#8230;&#8230;&#8230;&#8230;&#8230;&#8230;&#8230;&#8230;&#8230;&#8230;&#8230;&#8230;&#8230;&#8230;&#8230;&#8230;&#8230;&#8230;&#8230;&#8230;&#8230;&#8230;&#8230;&#8230; 125<\/p><p data-start=\"3438\" data-end=\"3611\"><strong>S\u2019aixeca l\u2019Studium<\/strong><br data-start=\"3456\" data-end=\"3459\" \/>Antoni Ramon Graells&#8230;&#8230;&#8230;&#8230;&#8230;&#8230;&#8230;&#8230;&#8230;&#8230;&#8230;&#8230;&#8230;&#8230;&#8230;&#8230;&#8230;&#8230;&#8230;&#8230;&#8230;&#8230;&#8230;&#8230;&#8230;&#8230;&#8230;&#8230;&#8230;&#8230;&#8230;&#8230;&#8230;&#8230;&#8230;&#8230;&#8230;&#8230;&#8230;&#8230;&#8230;&#8230;&#8230;.. 135<\/p>\t\t\t\t\t\t\t\t<\/div>\n\t\t\t\t\t<\/div>\n\t\t<\/div>\n\t\t\t\t\t<\/div>\n\t\t<\/section>\n\t\t\t\t\t<\/div>\n\t\t<\/div>\n\t\t\t\t\t<\/div>\n\t\t<\/section>\n\t\t\t\t<section class=\"elementor-section elementor-top-section elementor-element elementor-element-2f87b72 elementor-section-boxed elementor-section-height-default elementor-section-height-default\" data-id=\"2f87b72\" data-element_type=\"section\" data-e-type=\"section\">\n\t\t\t\t\t\t<div class=\"elementor-container elementor-column-gap-default\">\n\t\t\t\t\t<div class=\"elementor-column elementor-col-100 elementor-top-column elementor-element elementor-element-1934ac7\" data-id=\"1934ac7\" data-element_type=\"column\" data-e-type=\"column\">\n\t\t\t<div class=\"elementor-widget-wrap\">\n\t\t\t\t\t\t\t<\/div>\n\t\t<\/div>\n\t\t\t\t\t<\/div>\n\t\t<\/section>\n\t\t\t\t<section class=\"elementor-section elementor-top-section elementor-element elementor-element-52ab053 elementor-section-boxed elementor-section-height-default elementor-section-height-default\" data-id=\"52ab053\" data-element_type=\"section\" data-e-type=\"section\">\n\t\t\t\t\t\t<div class=\"elementor-container elementor-column-gap-default\">\n\t\t\t\t\t<div class=\"elementor-column elementor-col-100 elementor-top-column elementor-element elementor-element-8d0a353\" data-id=\"8d0a353\" data-element_type=\"column\" data-e-type=\"column\">\n\t\t\t<div class=\"elementor-widget-wrap elementor-element-populated\">\n\t\t\t\t\t\t<section class=\"elementor-section elementor-inner-section elementor-element elementor-element-0576c05 elementor-reverse-mobile elementor-section-boxed elementor-section-height-default elementor-section-height-default\" data-id=\"0576c05\" data-element_type=\"section\" data-e-type=\"section\">\n\t\t\t\t\t\t<div class=\"elementor-container elementor-column-gap-default\">\n\t\t\t\t\t<div class=\"elementor-column elementor-col-100 elementor-inner-column elementor-element elementor-element-91f86ac\" data-id=\"91f86ac\" data-element_type=\"column\" data-e-type=\"column\">\n\t\t\t<div class=\"elementor-widget-wrap elementor-element-populated\">\n\t\t\t\t\t\t<div class=\"elementor-element elementor-element-1e3f856 elementor-widget elementor-widget-spacer\" data-id=\"1e3f856\" data-element_type=\"widget\" data-e-type=\"widget\" data-widget_type=\"spacer.default\">\n\t\t\t\t\t\t\t<div class=\"elementor-spacer\">\n\t\t\t<div class=\"elementor-spacer-inner\"><\/div>\n\t\t<\/div>\n\t\t\t\t\t\t<\/div>\n\t\t\t\t<div class=\"elementor-element elementor-element-652c96b elementor-widget elementor-widget-text-editor\" data-id=\"652c96b\" data-element_type=\"widget\" data-e-type=\"widget\" data-widget_type=\"text-editor.default\">\n\t\t\t\t\t\t\t\t\t<pre id=\"tw-target-text\" class=\"tw-data-text tw-text-large tw-ta\" dir=\"ltr\" data-placeholder=\"Traducci\u00f3n\" data-ved=\"2ahUKEwiAh_jx5uqJAxV2UaQEHZaeLc4Q3ewLegQICxAU\" aria-label=\"Texto traducido: Tienes todas las publicaciones a tu disposici\u00f3n en la nuestra\"><span class=\"Y2IQFc\" lang=\"es\">Tienes todas las publicaciones a tu disposici\u00f3n en la nuestra <\/span><a href=\"https:\/\/www.estudidelmoble.com\/es\/tienda\/categoria-publicaciones\/\">e-botiga<\/a> y de consulta  en nuestra <a href=\"https:\/\/www.estudidelmoble.com\/es\/biblio-xiloteca\/biblioteca\/\" target=\"_blank\" rel=\"noopener\">biblioteca<\/a>.<\/pre>\n\t\t\t\t\t\t\t\t<\/div>\n\t\t\t\t\t<\/div>\n\t\t<\/div>\n\t\t\t\t\t<\/div>\n\t\t<\/section>\n\t\t\t\t<div class=\"elementor-element elementor-element-1bba6cd elementor-widget elementor-widget-heading\" data-id=\"1bba6cd\" data-element_type=\"widget\" data-e-type=\"widget\" data-widget_type=\"heading.default\">\n\t\t\t\t\t<h2 class=\"elementor-heading-title elementor-size-default\">Todas las publicaciones en la e-tienda:<\/h2>\t\t\t\t<\/div>\n\t\t\t\t<div class=\"elementor-element elementor-element-23d7f4d elementor-widget elementor-widget-spacer\" data-id=\"23d7f4d\" data-element_type=\"widget\" data-e-type=\"widget\" data-widget_type=\"spacer.default\">\n\t\t\t\t\t\t\t<div class=\"elementor-spacer\">\n\t\t\t<div class=\"elementor-spacer-inner\"><\/div>\n\t\t<\/div>\n\t\t\t\t\t\t<\/div>\n\t\t\t\t<div class=\"elementor-element elementor-element-b3c3227 elementor-product-loop-item--align-center elementor-grid-6 elementor-grid-mobile-1 elementor-grid-tablet-4 elementor-products-grid elementor-wc-products elementor-show-pagination-border-yes elementor-widget elementor-widget-woocommerce-products\" data-id=\"b3c3227\" data-element_type=\"widget\" data-e-type=\"widget\" data-widget_type=\"woocommerce-products.default\">\n\t\t\t\t<div class=\"elementor-widget-container\">\n\t\t\t\t\t<div class=\"woocommerce columns-6 \"><div class=\"woocommerce-notices-wrapper\"><\/div><ul class=\"products elementor-grid columns-6\">\n<li class=\"product type-product post-64227 status-publish first instock product_cat-publicaciones has-post-thumbnail featured taxable shipping-taxable purchasable product-type-variable\">\n\t<a href=\"https:\/\/www.estudidelmoble.com\/es\/producto\/moble-territori-tradicio-i-nova-artesania\/\" class=\"woocommerce-LoopProduct-link woocommerce-loop-product__link\"><img decoding=\"async\" width=\"300\" height=\"300\" src=\"https:\/\/www.estudidelmoble.com\/wp-content\/uploads\/2024\/07\/Proyecto-nuevo-1-300x300.png\" class=\"attachment-woocommerce_thumbnail size-woocommerce_thumbnail\" alt=\"Mueble. Territorio, tradici\u00f3n y Nueva Artesania\" srcset=\"https:\/\/www.estudidelmoble.com\/wp-content\/uploads\/2024\/07\/Proyecto-nuevo-1-300x300.png 300w, https:\/\/www.estudidelmoble.com\/wp-content\/uploads\/2024\/07\/Proyecto-nuevo-1-1024x1024.png 1024w, https:\/\/www.estudidelmoble.com\/wp-content\/uploads\/2024\/07\/Proyecto-nuevo-1-150x150.png 150w, https:\/\/www.estudidelmoble.com\/wp-content\/uploads\/2024\/07\/Proyecto-nuevo-1-768x768.png 768w, https:\/\/www.estudidelmoble.com\/wp-content\/uploads\/2024\/07\/Proyecto-nuevo-1-600x600.png 600w, https:\/\/www.estudidelmoble.com\/wp-content\/uploads\/2024\/07\/Proyecto-nuevo-1-100x100.png 100w, https:\/\/www.estudidelmoble.com\/wp-content\/uploads\/2024\/07\/Proyecto-nuevo-1.png 1080w\" sizes=\"(max-width: 300px) 100vw, 300px\" \/><h2 class=\"woocommerce-loop-product__title\">Mueble. Territorio, tradici\u00f3n y Nueva Artesania<\/h2>\n\t<span class=\"price\"><span class='ywcrbp_regular_price'>Precio Normal <span class=\"woocommerce-Price-amount amount\"><bdi>16,00&nbsp;<span class=\"woocommerce-Price-currencySymbol\">&euro;<\/span><\/bdi><\/span> <small class=\"woocommerce-price-suffix\">incl.VAT<\/small> <span aria-hidden=\"true\">-<\/span> <span class=\"woocommerce-Price-amount amount\"><bdi>20,00&nbsp;<span class=\"woocommerce-Price-currencySymbol\">&euro;<\/span><\/bdi><\/span> <small class=\"woocommerce-price-suffix\">incl.VAT<\/small><span class=\"screen-reader-text\">Rango de precios: desde Precio Normal 16,00&nbsp;&euro; incl.VAT hasta 20,00&nbsp;&euro; incl.VAT<\/span><\/span><\/span>\n<\/a><a href=\"https:\/\/www.estudidelmoble.com\/es\/producto\/moble-territori-tradicio-i-nova-artesania\/\" aria-describedby=\"woocommerce_loop_add_to_cart_link_describedby_64227\" data-quantity=\"1\" class=\"button product_type_variable add_to_cart_button\" data-product_id=\"64227\" data-product_sku=\"PUB2024-1\" aria-label=\"Elige las opciones para &ldquo;Mueble. Territorio, tradici\u00f3n y Nueva Artesania&rdquo;\" rel=\"nofollow\">Seleccionar opciones<\/a>\t<span id=\"woocommerce_loop_add_to_cart_link_describedby_64227\" class=\"screen-reader-text\">\n\t\tEste producto tiene m\u00faltiples variantes. Las opciones se pueden elegir en la p\u00e1gina de producto\t<\/span>\n<\/li>\n<li class=\"product type-product post-60389 status-publish instock product_cat-publicaciones has-post-thumbnail featured taxable shipping-taxable purchasable product-type-variable\">\n\t<a href=\"https:\/\/www.estudidelmoble.com\/es\/producto\/el-moble-de-fusta-les-fustes-del-moble\/\" class=\"woocommerce-LoopProduct-link woocommerce-loop-product__link\"><img decoding=\"async\" width=\"300\" height=\"300\" src=\"https:\/\/www.estudidelmoble.com\/wp-content\/uploads\/2023\/11\/El-moble-de-fusta.-Les-fustes-del-moble.-Publicacion-18-1-300x300.jpg\" class=\"attachment-woocommerce_thumbnail size-woocommerce_thumbnail\" alt=\"El mueble de madera. Las maderas del mueble\" srcset=\"https:\/\/www.estudidelmoble.com\/wp-content\/uploads\/2023\/11\/El-moble-de-fusta.-Les-fustes-del-moble.-Publicacion-18-1-300x300.jpg 300w, https:\/\/www.estudidelmoble.com\/wp-content\/uploads\/2023\/11\/El-moble-de-fusta.-Les-fustes-del-moble.-Publicacion-18-1-1024x1024.jpg 1024w, https:\/\/www.estudidelmoble.com\/wp-content\/uploads\/2023\/11\/El-moble-de-fusta.-Les-fustes-del-moble.-Publicacion-18-1-150x150.jpg 150w, https:\/\/www.estudidelmoble.com\/wp-content\/uploads\/2023\/11\/El-moble-de-fusta.-Les-fustes-del-moble.-Publicacion-18-1-768x768.jpg 768w, https:\/\/www.estudidelmoble.com\/wp-content\/uploads\/2023\/11\/El-moble-de-fusta.-Les-fustes-del-moble.-Publicacion-18-1-1536x1536.jpg 1536w, https:\/\/www.estudidelmoble.com\/wp-content\/uploads\/2023\/11\/El-moble-de-fusta.-Les-fustes-del-moble.-Publicacion-18-1-600x600.jpg 600w, https:\/\/www.estudidelmoble.com\/wp-content\/uploads\/2023\/11\/El-moble-de-fusta.-Les-fustes-del-moble.-Publicacion-18-1-100x100.jpg 100w, https:\/\/www.estudidelmoble.com\/wp-content\/uploads\/2023\/11\/El-moble-de-fusta.-Les-fustes-del-moble.-Publicacion-18-1.jpg 1765w\" sizes=\"(max-width: 300px) 100vw, 300px\" \/><h2 class=\"woocommerce-loop-product__title\">El mueble de madera. Las maderas del mueble<\/h2>\n\t<span class=\"price\"><span class='ywcrbp_regular_price'>Precio Normal <span class=\"woocommerce-Price-amount amount\"><bdi>16,00&nbsp;<span class=\"woocommerce-Price-currencySymbol\">&euro;<\/span><\/bdi><\/span> <small class=\"woocommerce-price-suffix\">incl.VAT<\/small> <span aria-hidden=\"true\">-<\/span> <span class=\"woocommerce-Price-amount amount\"><bdi>20,00&nbsp;<span class=\"woocommerce-Price-currencySymbol\">&euro;<\/span><\/bdi><\/span> <small class=\"woocommerce-price-suffix\">incl.VAT<\/small><span class=\"screen-reader-text\">Rango de precios: desde Precio Normal 16,00&nbsp;&euro; incl.VAT hasta 20,00&nbsp;&euro; incl.VAT<\/span><\/span><\/span>\n<\/a><a href=\"https:\/\/www.estudidelmoble.com\/es\/producto\/el-moble-de-fusta-les-fustes-del-moble\/\" aria-describedby=\"woocommerce_loop_add_to_cart_link_describedby_60389\" data-quantity=\"1\" class=\"button product_type_variable add_to_cart_button\" data-product_id=\"60389\" data-product_sku=\"\" aria-label=\"Elige las opciones para &ldquo;El mueble de madera. Las maderas del mueble&rdquo;\" rel=\"nofollow\">Seleccionar opciones<\/a>\t<span id=\"woocommerce_loop_add_to_cart_link_describedby_60389\" class=\"screen-reader-text\">\n\t\tEste producto tiene m\u00faltiples variantes. Las opciones se pueden elegir en la p\u00e1gina de producto\t<\/span>\n<\/li>\n<li class=\"product type-product post-49302 status-publish instock product_cat-publicaciones product_tag-articulos product_tag-expertos product_tag-mujeres has-post-thumbnail featured taxable shipping-taxable purchasable product-type-variable\">\n\t<a href=\"https:\/\/www.estudidelmoble.com\/es\/producto\/publicacion-17-2022\/\" class=\"woocommerce-LoopProduct-link woocommerce-loop-product__link\"><img loading=\"lazy\" decoding=\"async\" width=\"300\" height=\"300\" src=\"https:\/\/www.estudidelmoble.com\/wp-content\/uploads\/2022\/07\/portada-cuadrada-300x300.jpg\" class=\"attachment-woocommerce_thumbnail size-woocommerce_thumbnail\" alt=\"El moble, tamb\u00e9 q\u00fcesti\u00f3 de dones publicaci\u00f3\" srcset=\"https:\/\/www.estudidelmoble.com\/wp-content\/uploads\/2022\/07\/portada-cuadrada-300x300.jpg 300w, https:\/\/www.estudidelmoble.com\/wp-content\/uploads\/2022\/07\/portada-cuadrada-1024x1024.jpg 1024w, https:\/\/www.estudidelmoble.com\/wp-content\/uploads\/2022\/07\/portada-cuadrada-150x150.jpg 150w, https:\/\/www.estudidelmoble.com\/wp-content\/uploads\/2022\/07\/portada-cuadrada-768x768.jpg 768w, https:\/\/www.estudidelmoble.com\/wp-content\/uploads\/2022\/07\/portada-cuadrada-1536x1536.jpg 1536w, https:\/\/www.estudidelmoble.com\/wp-content\/uploads\/2022\/07\/portada-cuadrada-2048x2048.jpg 2048w, https:\/\/www.estudidelmoble.com\/wp-content\/uploads\/2022\/07\/portada-cuadrada-600x600.jpg 600w, https:\/\/www.estudidelmoble.com\/wp-content\/uploads\/2022\/07\/portada-cuadrada-100x100.jpg 100w\" sizes=\"(max-width: 300px) 100vw, 300px\" \/><h2 class=\"woocommerce-loop-product__title\">El mueble, tambi\u00e9n cuesti\u00f3n de mujeres<\/h2>\n\t<span class=\"price\"><span class='ywcrbp_regular_price'>Precio Normal <span class=\"woocommerce-Price-amount amount\"><bdi>15,00&nbsp;<span class=\"woocommerce-Price-currencySymbol\">&euro;<\/span><\/bdi><\/span> <small class=\"woocommerce-price-suffix\">incl.VAT<\/small> <span aria-hidden=\"true\">-<\/span> <span class=\"woocommerce-Price-amount amount\"><bdi>18,00&nbsp;<span class=\"woocommerce-Price-currencySymbol\">&euro;<\/span><\/bdi><\/span> <small class=\"woocommerce-price-suffix\">incl.VAT<\/small><span class=\"screen-reader-text\">Rango de precios: desde Precio Normal 15,00&nbsp;&euro; incl.VAT hasta 18,00&nbsp;&euro; incl.VAT<\/span><\/span><\/span>\n<\/a><a href=\"https:\/\/www.estudidelmoble.com\/es\/producto\/publicacion-17-2022\/\" aria-describedby=\"woocommerce_loop_add_to_cart_link_describedby_49302\" data-quantity=\"1\" class=\"button product_type_variable add_to_cart_button\" data-product_id=\"49302\" data-product_sku=\"PUB2022\" aria-label=\"Elige las opciones para &ldquo;El mueble, tambi\u00e9n cuesti\u00f3n de mujeres&rdquo;\" rel=\"nofollow\">Seleccionar opciones<\/a>\t<span id=\"woocommerce_loop_add_to_cart_link_describedby_49302\" class=\"screen-reader-text\">\n\t\tEste producto tiene m\u00faltiples variantes. Las opciones se pueden elegir en la p\u00e1gina de producto\t<\/span>\n<\/li>\n<li class=\"product type-product post-33743 status-publish instock product_cat-publicaciones has-post-thumbnail taxable shipping-taxable purchasable product-type-variable\">\n\t<a href=\"https:\/\/www.estudidelmoble.com\/es\/producto\/publicacion-16\/\" class=\"woocommerce-LoopProduct-link woocommerce-loop-product__link\"><img loading=\"lazy\" decoding=\"async\" width=\"300\" height=\"300\" src=\"https:\/\/www.estudidelmoble.com\/wp-content\/uploads\/2021\/11\/coberta-quadrada-amb-filet-300x300.jpg\" class=\"attachment-woocommerce_thumbnail size-woocommerce_thumbnail\" alt=\"Publicaci\u00f3 Moblant Vinyetes. El disseny contemporani vist des del c\u00f2mic i viceversa\" srcset=\"https:\/\/www.estudidelmoble.com\/wp-content\/uploads\/2021\/11\/coberta-quadrada-amb-filet-300x300.jpg 300w, https:\/\/www.estudidelmoble.com\/wp-content\/uploads\/2021\/11\/coberta-quadrada-amb-filet-100x100.jpg 100w, https:\/\/www.estudidelmoble.com\/wp-content\/uploads\/2021\/11\/coberta-quadrada-amb-filet-600x600.jpg 600w, https:\/\/www.estudidelmoble.com\/wp-content\/uploads\/2021\/11\/coberta-quadrada-amb-filet-1024x1024.jpg 1024w, https:\/\/www.estudidelmoble.com\/wp-content\/uploads\/2021\/11\/coberta-quadrada-amb-filet-150x150.jpg 150w, https:\/\/www.estudidelmoble.com\/wp-content\/uploads\/2021\/11\/coberta-quadrada-amb-filet-768x768.jpg 768w, https:\/\/www.estudidelmoble.com\/wp-content\/uploads\/2021\/11\/coberta-quadrada-amb-filet-1536x1536.jpg 1536w, https:\/\/www.estudidelmoble.com\/wp-content\/uploads\/2021\/11\/coberta-quadrada-amb-filet.jpg 1731w\" sizes=\"(max-width: 300px) 100vw, 300px\" \/><h2 class=\"woocommerce-loop-product__title\">PUBLICACI\u00d3N 16<\/h2>\n\t<span class=\"price\"><span class='ywcrbp_regular_price'>Precio Normal <span class=\"woocommerce-Price-amount amount\"><bdi>15,00&nbsp;<span class=\"woocommerce-Price-currencySymbol\">&euro;<\/span><\/bdi><\/span> <small class=\"woocommerce-price-suffix\">incl.VAT<\/small> <span aria-hidden=\"true\">-<\/span> <span class=\"woocommerce-Price-amount amount\"><bdi>18,00&nbsp;<span class=\"woocommerce-Price-currencySymbol\">&euro;<\/span><\/bdi><\/span> <small class=\"woocommerce-price-suffix\">incl.VAT<\/small><span class=\"screen-reader-text\">Rango de precios: desde Precio Normal 15,00&nbsp;&euro; incl.VAT hasta 18,00&nbsp;&euro; incl.VAT<\/span><\/span><\/span>\n<\/a><a href=\"https:\/\/www.estudidelmoble.com\/es\/producto\/publicacion-16\/\" aria-describedby=\"woocommerce_loop_add_to_cart_link_describedby_33743\" data-quantity=\"1\" class=\"button product_type_variable add_to_cart_button\" data-product_id=\"33743\" data-product_sku=\"PUB2021\" aria-label=\"Elige las opciones para &ldquo;PUBLICACI\u00d3N 16&rdquo;\" rel=\"nofollow\">Seleccionar opciones<\/a>\t<span id=\"woocommerce_loop_add_to_cart_link_describedby_33743\" class=\"screen-reader-text\">\n\t\tEste producto tiene m\u00faltiples variantes. Las opciones se pueden elegir en la p\u00e1gina de producto\t<\/span>\n<\/li>\n<li class=\"product type-product post-18144 status-publish instock product_cat-publicaciones has-post-thumbnail taxable shipping-taxable purchasable product-type-variable\">\n\t<a href=\"https:\/\/www.estudidelmoble.com\/es\/producto\/publicacion-15-2020\/\" class=\"woocommerce-LoopProduct-link woocommerce-loop-product__link\"><img loading=\"lazy\" decoding=\"async\" width=\"300\" height=\"300\" src=\"https:\/\/www.estudidelmoble.com\/wp-content\/uploads\/2020\/07\/Portada-publi-15-Conservacio\u0301-quadrada-300x300.jpg\" class=\"attachment-woocommerce_thumbnail size-woocommerce_thumbnail\" alt=\"Publicaci\u00f3 Conservaci\u00f3 Restauraci\u00f3 del Moble i de la Fusta. L&#039;experi\u00e8ncia dels Experts\" srcset=\"https:\/\/www.estudidelmoble.com\/wp-content\/uploads\/2020\/07\/Portada-publi-15-Conservacio\u0301-quadrada-300x300.jpg 300w, https:\/\/www.estudidelmoble.com\/wp-content\/uploads\/2020\/07\/Portada-publi-15-Conservacio\u0301-quadrada-100x100.jpg 100w, https:\/\/www.estudidelmoble.com\/wp-content\/uploads\/2020\/07\/Portada-publi-15-Conservacio\u0301-quadrada-600x600.jpg 600w, https:\/\/www.estudidelmoble.com\/wp-content\/uploads\/2020\/07\/Portada-publi-15-Conservacio\u0301-quadrada-1024x1024.jpg 1024w, https:\/\/www.estudidelmoble.com\/wp-content\/uploads\/2020\/07\/Portada-publi-15-Conservacio\u0301-quadrada-150x150.jpg 150w, https:\/\/www.estudidelmoble.com\/wp-content\/uploads\/2020\/07\/Portada-publi-15-Conservacio\u0301-quadrada-768x768.jpg 768w, https:\/\/www.estudidelmoble.com\/wp-content\/uploads\/2020\/07\/Portada-publi-15-Conservacio\u0301-quadrada.jpg 1181w\" sizes=\"(max-width: 300px) 100vw, 300px\" \/><h2 class=\"woocommerce-loop-product__title\">Conservaci\u00f3 Restauraci\u00f3 del Moble i de la Fusta. L&#8217;experi\u00e8ncia dels Experts<\/h2>\n\t<span class=\"price\"><span class='ywcrbp_regular_price'>Precio Normal <span class=\"woocommerce-Price-amount amount\"><bdi>15,00&nbsp;<span class=\"woocommerce-Price-currencySymbol\">&euro;<\/span><\/bdi><\/span> <small class=\"woocommerce-price-suffix\">incl.VAT<\/small> <span aria-hidden=\"true\">-<\/span> <span class=\"woocommerce-Price-amount amount\"><bdi>18,00&nbsp;<span class=\"woocommerce-Price-currencySymbol\">&euro;<\/span><\/bdi><\/span> <small class=\"woocommerce-price-suffix\">incl.VAT<\/small><span class=\"screen-reader-text\">Rango de precios: desde Precio Normal 15,00&nbsp;&euro; incl.VAT hasta 18,00&nbsp;&euro; incl.VAT<\/span><\/span><\/span>\n<\/a><a href=\"https:\/\/www.estudidelmoble.com\/es\/producto\/publicacion-15-2020\/\" aria-describedby=\"woocommerce_loop_add_to_cart_link_describedby_18144\" data-quantity=\"1\" class=\"button product_type_variable add_to_cart_button\" data-product_id=\"18144\" data-product_sku=\"PUB2020\" aria-label=\"Elige las opciones para &ldquo;Conservaci\u00f3 Restauraci\u00f3 del Moble i de la Fusta. L&#039;experi\u00e8ncia dels Experts&rdquo;\" rel=\"nofollow\">Seleccionar opciones<\/a>\t<span id=\"woocommerce_loop_add_to_cart_link_describedby_18144\" class=\"screen-reader-text\">\n\t\tEste producto tiene m\u00faltiples variantes. Las opciones se pueden elegir en la p\u00e1gina de producto\t<\/span>\n<\/li>\n<li class=\"product type-product post-18149 status-publish last instock product_cat-publicaciones has-post-thumbnail taxable shipping-taxable purchasable product-type-variable\">\n\t<a href=\"https:\/\/www.estudidelmoble.com\/es\/producto\/publicacion-14-2019\/\" class=\"woocommerce-LoopProduct-link woocommerce-loop-product__link\"><img loading=\"lazy\" decoding=\"async\" width=\"300\" height=\"300\" src=\"https:\/\/www.estudidelmoble.com\/wp-content\/uploads\/2020\/09\/Portada-publi-14-Virtuosisme-Modernista-quadrada-300x300.jpg\" class=\"attachment-woocommerce_thumbnail size-woocommerce_thumbnail\" alt=\"Publicaci\u00f3 Virtuosisme Modernista T\u00e8cniques del moble\" srcset=\"https:\/\/www.estudidelmoble.com\/wp-content\/uploads\/2020\/09\/Portada-publi-14-Virtuosisme-Modernista-quadrada-300x300.jpg 300w, https:\/\/www.estudidelmoble.com\/wp-content\/uploads\/2020\/09\/Portada-publi-14-Virtuosisme-Modernista-quadrada-100x100.jpg 100w, https:\/\/www.estudidelmoble.com\/wp-content\/uploads\/2020\/09\/Portada-publi-14-Virtuosisme-Modernista-quadrada-600x600.jpg 600w, https:\/\/www.estudidelmoble.com\/wp-content\/uploads\/2020\/09\/Portada-publi-14-Virtuosisme-Modernista-quadrada-1024x1024.jpg 1024w, https:\/\/www.estudidelmoble.com\/wp-content\/uploads\/2020\/09\/Portada-publi-14-Virtuosisme-Modernista-quadrada-150x150.jpg 150w, https:\/\/www.estudidelmoble.com\/wp-content\/uploads\/2020\/09\/Portada-publi-14-Virtuosisme-Modernista-quadrada-768x768.jpg 768w, https:\/\/www.estudidelmoble.com\/wp-content\/uploads\/2020\/09\/Portada-publi-14-Virtuosisme-Modernista-quadrada.jpg 1181w\" sizes=\"(max-width: 300px) 100vw, 300px\" \/><h2 class=\"woocommerce-loop-product__title\">Virtuosisme Modernista. T\u00e8cniques del moble<\/h2>\n\t<span class=\"price\"><span class='ywcrbp_regular_price'>Precio Normal <span class=\"woocommerce-Price-amount amount\"><bdi>15,00&nbsp;<span class=\"woocommerce-Price-currencySymbol\">&euro;<\/span><\/bdi><\/span> <small class=\"woocommerce-price-suffix\">incl.VAT<\/small> <span aria-hidden=\"true\">-<\/span> <span class=\"woocommerce-Price-amount amount\"><bdi>18,00&nbsp;<span class=\"woocommerce-Price-currencySymbol\">&euro;<\/span><\/bdi><\/span> <small class=\"woocommerce-price-suffix\">incl.VAT<\/small><span class=\"screen-reader-text\">Rango de precios: desde Precio Normal 15,00&nbsp;&euro; incl.VAT hasta 18,00&nbsp;&euro; incl.VAT<\/span><\/span><\/span>\n<\/a><a href=\"https:\/\/www.estudidelmoble.com\/es\/producto\/publicacion-14-2019\/\" aria-describedby=\"woocommerce_loop_add_to_cart_link_describedby_18149\" data-quantity=\"1\" class=\"button product_type_variable add_to_cart_button\" data-product_id=\"18149\" data-product_sku=\"PUB2019\" aria-label=\"Elige las opciones para &ldquo;Virtuosisme Modernista. T\u00e8cniques del moble&rdquo;\" rel=\"nofollow\">Seleccionar opciones<\/a>\t<span id=\"woocommerce_loop_add_to_cart_link_describedby_18149\" class=\"screen-reader-text\">\n\t\tEste producto tiene m\u00faltiples variantes. Las opciones se pueden elegir en la p\u00e1gina de producto\t<\/span>\n<\/li>\n<li class=\"product type-product post-18153 status-publish first instock product_cat-publicaciones has-post-thumbnail taxable shipping-taxable purchasable product-type-variable\">\n\t<a href=\"https:\/\/www.estudidelmoble.com\/es\/producto\/publicacion-13-2018\/\" class=\"woocommerce-LoopProduct-link woocommerce-loop-product__link\"><img loading=\"lazy\" decoding=\"async\" width=\"300\" height=\"300\" src=\"https:\/\/www.estudidelmoble.com\/wp-content\/uploads\/2020\/09\/Portada-publi-13-Art-De\u0301co-quadrada-300x300.jpg\" class=\"attachment-woocommerce_thumbnail size-woocommerce_thumbnail\" alt=\"Publicaci\u00f3 Art D\u00e9co. Hist\u00f2ria, materials i t\u00e8cniques\" srcset=\"https:\/\/www.estudidelmoble.com\/wp-content\/uploads\/2020\/09\/Portada-publi-13-Art-De\u0301co-quadrada-300x300.jpg 300w, https:\/\/www.estudidelmoble.com\/wp-content\/uploads\/2020\/09\/Portada-publi-13-Art-De\u0301co-quadrada-100x100.jpg 100w, https:\/\/www.estudidelmoble.com\/wp-content\/uploads\/2020\/09\/Portada-publi-13-Art-De\u0301co-quadrada-600x600.jpg 600w, https:\/\/www.estudidelmoble.com\/wp-content\/uploads\/2020\/09\/Portada-publi-13-Art-De\u0301co-quadrada-1024x1024.jpg 1024w, https:\/\/www.estudidelmoble.com\/wp-content\/uploads\/2020\/09\/Portada-publi-13-Art-De\u0301co-quadrada-150x150.jpg 150w, https:\/\/www.estudidelmoble.com\/wp-content\/uploads\/2020\/09\/Portada-publi-13-Art-De\u0301co-quadrada-768x768.jpg 768w, https:\/\/www.estudidelmoble.com\/wp-content\/uploads\/2020\/09\/Portada-publi-13-Art-De\u0301co-quadrada.jpg 1181w\" sizes=\"(max-width: 300px) 100vw, 300px\" \/><h2 class=\"woocommerce-loop-product__title\">Art D\u00e9co. Hist\u00f2ria, materials i t\u00e8cniques<\/h2>\n\t<span class=\"price\"><span class='ywcrbp_regular_price'>Precio Normal <span class=\"woocommerce-Price-amount amount\"><bdi>15,00&nbsp;<span class=\"woocommerce-Price-currencySymbol\">&euro;<\/span><\/bdi><\/span> <small class=\"woocommerce-price-suffix\">incl.VAT<\/small> <span aria-hidden=\"true\">-<\/span> <span class=\"woocommerce-Price-amount amount\"><bdi>18,00&nbsp;<span class=\"woocommerce-Price-currencySymbol\">&euro;<\/span><\/bdi><\/span> <small class=\"woocommerce-price-suffix\">incl.VAT<\/small><span class=\"screen-reader-text\">Rango de precios: desde Precio Normal 15,00&nbsp;&euro; incl.VAT hasta 18,00&nbsp;&euro; incl.VAT<\/span><\/span><\/span>\n<\/a><a href=\"https:\/\/www.estudidelmoble.com\/es\/producto\/publicacion-13-2018\/\" aria-describedby=\"woocommerce_loop_add_to_cart_link_describedby_18153\" data-quantity=\"1\" class=\"button product_type_variable add_to_cart_button\" data-product_id=\"18153\" data-product_sku=\"PUB2018\" aria-label=\"Elige las opciones para &ldquo;Art D\u00e9co. Hist\u00f2ria, materials i t\u00e8cniques&rdquo;\" rel=\"nofollow\">Seleccionar opciones<\/a>\t<span id=\"woocommerce_loop_add_to_cart_link_describedby_18153\" class=\"screen-reader-text\">\n\t\tEste producto tiene m\u00faltiples variantes. Las opciones se pueden elegir en la p\u00e1gina de producto\t<\/span>\n<\/li>\n<li class=\"product type-product post-18158 status-publish instock product_cat-publicaciones has-post-thumbnail taxable shipping-taxable purchasable product-type-variable\">\n\t<a href=\"https:\/\/www.estudidelmoble.com\/es\/producto\/publicacion-12-2017\/\" class=\"woocommerce-LoopProduct-link woocommerce-loop-product__link\"><img loading=\"lazy\" decoding=\"async\" width=\"300\" height=\"300\" src=\"https:\/\/www.estudidelmoble.com\/wp-content\/uploads\/2020\/09\/Portada-publi-12-Marqueteries-quadrada-300x300.jpg\" class=\"attachment-woocommerce_thumbnail size-woocommerce_thumbnail\" alt=\"Publicacaci\u00f3: Marqueteries a la conca del Mediterrani:\" srcset=\"https:\/\/www.estudidelmoble.com\/wp-content\/uploads\/2020\/09\/Portada-publi-12-Marqueteries-quadrada-300x300.jpg 300w, https:\/\/www.estudidelmoble.com\/wp-content\/uploads\/2020\/09\/Portada-publi-12-Marqueteries-quadrada-100x100.jpg 100w, https:\/\/www.estudidelmoble.com\/wp-content\/uploads\/2020\/09\/Portada-publi-12-Marqueteries-quadrada-600x600.jpg 600w, https:\/\/www.estudidelmoble.com\/wp-content\/uploads\/2020\/09\/Portada-publi-12-Marqueteries-quadrada-1024x1024.jpg 1024w, https:\/\/www.estudidelmoble.com\/wp-content\/uploads\/2020\/09\/Portada-publi-12-Marqueteries-quadrada-150x150.jpg 150w, https:\/\/www.estudidelmoble.com\/wp-content\/uploads\/2020\/09\/Portada-publi-12-Marqueteries-quadrada-768x768.jpg 768w, https:\/\/www.estudidelmoble.com\/wp-content\/uploads\/2020\/09\/Portada-publi-12-Marqueteries-quadrada.jpg 1181w\" sizes=\"(max-width: 300px) 100vw, 300px\" \/><h2 class=\"woocommerce-loop-product__title\">PUBLICACI\u00d3N 12<\/h2>\n\t<span class=\"price\"><span class='ywcrbp_regular_price'>Precio Normal <span class=\"woocommerce-Price-amount amount\"><bdi>15,00&nbsp;<span class=\"woocommerce-Price-currencySymbol\">&euro;<\/span><\/bdi><\/span> <small class=\"woocommerce-price-suffix\">incl.VAT<\/small> <span aria-hidden=\"true\">-<\/span> <span class=\"woocommerce-Price-amount amount\"><bdi>18,00&nbsp;<span class=\"woocommerce-Price-currencySymbol\">&euro;<\/span><\/bdi><\/span> <small class=\"woocommerce-price-suffix\">incl.VAT<\/small><span class=\"screen-reader-text\">Rango de precios: desde Precio Normal 15,00&nbsp;&euro; incl.VAT hasta 18,00&nbsp;&euro; incl.VAT<\/span><\/span><\/span>\n<\/a><a href=\"https:\/\/www.estudidelmoble.com\/es\/producto\/publicacion-12-2017\/\" aria-describedby=\"woocommerce_loop_add_to_cart_link_describedby_18158\" data-quantity=\"1\" class=\"button product_type_variable add_to_cart_button\" data-product_id=\"18158\" data-product_sku=\"PUB2017\" aria-label=\"Elige las opciones para &ldquo;PUBLICACI\u00d3N 12&rdquo;\" rel=\"nofollow\">Seleccionar opciones<\/a>\t<span id=\"woocommerce_loop_add_to_cart_link_describedby_18158\" class=\"screen-reader-text\">\n\t\tEste producto tiene m\u00faltiples variantes. Las opciones se pueden elegir en la p\u00e1gina de producto\t<\/span>\n<\/li>\n<li class=\"product type-product post-19925 status-publish instock product_cat-publicaciones has-post-thumbnail taxable shipping-taxable purchasable product-type-variable\">\n\t<a href=\"https:\/\/www.estudidelmoble.com\/es\/producto\/publicacion-11-2016\/\" class=\"woocommerce-LoopProduct-link woocommerce-loop-product__link\"><img loading=\"lazy\" decoding=\"async\" width=\"300\" height=\"300\" src=\"https:\/\/www.estudidelmoble.com\/wp-content\/uploads\/2020\/09\/Portada-publi-11-Recuperacio\u0301-Interiors-historics-quadrada-300x300.jpg\" class=\"attachment-woocommerce_thumbnail size-woocommerce_thumbnail\" alt=\"Publicaci\u00f3 La recuperaci\u00f3 d\u2019interiors hist\u00f2rics\" srcset=\"https:\/\/www.estudidelmoble.com\/wp-content\/uploads\/2020\/09\/Portada-publi-11-Recuperacio\u0301-Interiors-historics-quadrada-300x300.jpg 300w, https:\/\/www.estudidelmoble.com\/wp-content\/uploads\/2020\/09\/Portada-publi-11-Recuperacio\u0301-Interiors-historics-quadrada-100x100.jpg 100w, https:\/\/www.estudidelmoble.com\/wp-content\/uploads\/2020\/09\/Portada-publi-11-Recuperacio\u0301-Interiors-historics-quadrada-600x600.jpg 600w, https:\/\/www.estudidelmoble.com\/wp-content\/uploads\/2020\/09\/Portada-publi-11-Recuperacio\u0301-Interiors-historics-quadrada-1024x1024.jpg 1024w, https:\/\/www.estudidelmoble.com\/wp-content\/uploads\/2020\/09\/Portada-publi-11-Recuperacio\u0301-Interiors-historics-quadrada-150x150.jpg 150w, https:\/\/www.estudidelmoble.com\/wp-content\/uploads\/2020\/09\/Portada-publi-11-Recuperacio\u0301-Interiors-historics-quadrada-768x768.jpg 768w, https:\/\/www.estudidelmoble.com\/wp-content\/uploads\/2020\/09\/Portada-publi-11-Recuperacio\u0301-Interiors-historics-quadrada.jpg 1181w\" sizes=\"(max-width: 300px) 100vw, 300px\" \/><h2 class=\"woocommerce-loop-product__title\">La recuperaci\u00f3 d\u2019interiors hist\u00f2rics<\/h2>\n\t<span class=\"price\"><span class='ywcrbp_regular_price'>Precio Normal <span class=\"woocommerce-Price-amount amount\"><bdi>15,00&nbsp;<span class=\"woocommerce-Price-currencySymbol\">&euro;<\/span><\/bdi><\/span> <small class=\"woocommerce-price-suffix\">incl.VAT<\/small> <span aria-hidden=\"true\">-<\/span> <span class=\"woocommerce-Price-amount amount\"><bdi>18,00&nbsp;<span class=\"woocommerce-Price-currencySymbol\">&euro;<\/span><\/bdi><\/span> <small class=\"woocommerce-price-suffix\">incl.VAT<\/small><span class=\"screen-reader-text\">Rango de precios: desde Precio Normal 15,00&nbsp;&euro; incl.VAT hasta 18,00&nbsp;&euro; incl.VAT<\/span><\/span><\/span>\n<\/a><a href=\"https:\/\/www.estudidelmoble.com\/es\/producto\/publicacion-11-2016\/\" aria-describedby=\"woocommerce_loop_add_to_cart_link_describedby_19925\" data-quantity=\"1\" class=\"button product_type_variable add_to_cart_button\" data-product_id=\"19925\" data-product_sku=\"PUB2016\" aria-label=\"Elige las opciones para &ldquo;La recuperaci\u00f3 d\u2019interiors hist\u00f2rics&rdquo;\" rel=\"nofollow\">Seleccionar opciones<\/a>\t<span id=\"woocommerce_loop_add_to_cart_link_describedby_19925\" class=\"screen-reader-text\">\n\t\tEste producto tiene m\u00faltiples variantes. Las opciones se pueden elegir en la p\u00e1gina de producto\t<\/span>\n<\/li>\n<li class=\"product type-product post-19918 status-publish instock product_cat-publicaciones has-post-thumbnail taxable shipping-taxable purchasable product-type-variable\">\n\t<a href=\"https:\/\/www.estudidelmoble.com\/es\/producto\/publicacion-10-2015\/\" class=\"woocommerce-LoopProduct-link woocommerce-loop-product__link\"><img loading=\"lazy\" decoding=\"async\" width=\"300\" height=\"300\" src=\"https:\/\/www.estudidelmoble.com\/wp-content\/uploads\/2020\/09\/Portada-publi-10-Eclecticisme-quadrada-300x300.jpg\" class=\"attachment-woocommerce_thumbnail size-woocommerce_thumbnail\" alt=\"Publicaci\u00f3 Eclecticisme l\u2019avantsala del modernisme: espais i mobiliari\" srcset=\"https:\/\/www.estudidelmoble.com\/wp-content\/uploads\/2020\/09\/Portada-publi-10-Eclecticisme-quadrada-300x300.jpg 300w, https:\/\/www.estudidelmoble.com\/wp-content\/uploads\/2020\/09\/Portada-publi-10-Eclecticisme-quadrada-100x100.jpg 100w, https:\/\/www.estudidelmoble.com\/wp-content\/uploads\/2020\/09\/Portada-publi-10-Eclecticisme-quadrada-600x600.jpg 600w, https:\/\/www.estudidelmoble.com\/wp-content\/uploads\/2020\/09\/Portada-publi-10-Eclecticisme-quadrada-1024x1024.jpg 1024w, https:\/\/www.estudidelmoble.com\/wp-content\/uploads\/2020\/09\/Portada-publi-10-Eclecticisme-quadrada-150x150.jpg 150w, https:\/\/www.estudidelmoble.com\/wp-content\/uploads\/2020\/09\/Portada-publi-10-Eclecticisme-quadrada-768x768.jpg 768w, https:\/\/www.estudidelmoble.com\/wp-content\/uploads\/2020\/09\/Portada-publi-10-Eclecticisme-quadrada.jpg 1181w\" sizes=\"(max-width: 300px) 100vw, 300px\" \/><h2 class=\"woocommerce-loop-product__title\">PUBLICACI\u00d3N 10<\/h2>\n\t<span class=\"price\"><span class='ywcrbp_regular_price'>Precio Normal <span class=\"woocommerce-Price-amount amount\"><bdi>15,00&nbsp;<span class=\"woocommerce-Price-currencySymbol\">&euro;<\/span><\/bdi><\/span> <small class=\"woocommerce-price-suffix\">incl.VAT<\/small> <span aria-hidden=\"true\">-<\/span> <span class=\"woocommerce-Price-amount amount\"><bdi>18,00&nbsp;<span class=\"woocommerce-Price-currencySymbol\">&euro;<\/span><\/bdi><\/span> <small class=\"woocommerce-price-suffix\">incl.VAT<\/small><span class=\"screen-reader-text\">Rango de precios: desde Precio Normal 15,00&nbsp;&euro; incl.VAT hasta 18,00&nbsp;&euro; incl.VAT<\/span><\/span><\/span>\n<\/a><a href=\"https:\/\/www.estudidelmoble.com\/es\/producto\/publicacion-10-2015\/\" aria-describedby=\"woocommerce_loop_add_to_cart_link_describedby_19918\" data-quantity=\"1\" class=\"button product_type_variable add_to_cart_button\" data-product_id=\"19918\" data-product_sku=\"PUB2015\" aria-label=\"Elige las opciones para &ldquo;PUBLICACI\u00d3N 10&rdquo;\" rel=\"nofollow\">Seleccionar opciones<\/a>\t<span id=\"woocommerce_loop_add_to_cart_link_describedby_19918\" class=\"screen-reader-text\">\n\t\tEste producto tiene m\u00faltiples variantes. Las opciones se pueden elegir en la p\u00e1gina de producto\t<\/span>\n<\/li>\n<li class=\"product type-product post-19910 status-publish instock product_cat-publicaciones has-post-thumbnail taxable shipping-taxable purchasable product-type-variable\">\n\t<a href=\"https:\/\/www.estudidelmoble.com\/es\/producto\/publicacion-9-2014\/\" class=\"woocommerce-LoopProduct-link woocommerce-loop-product__link\"><img loading=\"lazy\" decoding=\"async\" width=\"300\" height=\"300\" src=\"https:\/\/www.estudidelmoble.com\/wp-content\/uploads\/2020\/09\/Portada-publi-9-Historia-Ciencia-quadrada-300x300.jpg\" class=\"attachment-woocommerce_thumbnail size-woocommerce_thumbnail\" alt=\"Publicaci\u00f3 Hist\u00f2ria i ci\u00e8ncia al servei de l\u2019estudi del moble. Caixes policromades i altres mobles del segle XVI\" srcset=\"https:\/\/www.estudidelmoble.com\/wp-content\/uploads\/2020\/09\/Portada-publi-9-Historia-Ciencia-quadrada-300x300.jpg 300w, https:\/\/www.estudidelmoble.com\/wp-content\/uploads\/2020\/09\/Portada-publi-9-Historia-Ciencia-quadrada-100x100.jpg 100w, https:\/\/www.estudidelmoble.com\/wp-content\/uploads\/2020\/09\/Portada-publi-9-Historia-Ciencia-quadrada-600x600.jpg 600w, https:\/\/www.estudidelmoble.com\/wp-content\/uploads\/2020\/09\/Portada-publi-9-Historia-Ciencia-quadrada-1024x1024.jpg 1024w, https:\/\/www.estudidelmoble.com\/wp-content\/uploads\/2020\/09\/Portada-publi-9-Historia-Ciencia-quadrada-150x150.jpg 150w, https:\/\/www.estudidelmoble.com\/wp-content\/uploads\/2020\/09\/Portada-publi-9-Historia-Ciencia-quadrada-768x768.jpg 768w, https:\/\/www.estudidelmoble.com\/wp-content\/uploads\/2020\/09\/Portada-publi-9-Historia-Ciencia-quadrada.jpg 1181w\" sizes=\"(max-width: 300px) 100vw, 300px\" \/><h2 class=\"woocommerce-loop-product__title\">PUBLICACI\u00d3N 9<\/h2>\n\t<span class=\"price\"><span class='ywcrbp_regular_price'>Precio Normal <span class=\"woocommerce-Price-amount amount\"><bdi>15,00&nbsp;<span class=\"woocommerce-Price-currencySymbol\">&euro;<\/span><\/bdi><\/span> <small class=\"woocommerce-price-suffix\">incl.VAT<\/small> <span aria-hidden=\"true\">-<\/span> <span class=\"woocommerce-Price-amount amount\"><bdi>18,00&nbsp;<span class=\"woocommerce-Price-currencySymbol\">&euro;<\/span><\/bdi><\/span> <small class=\"woocommerce-price-suffix\">incl.VAT<\/small><span class=\"screen-reader-text\">Rango de precios: desde Precio Normal 15,00&nbsp;&euro; incl.VAT hasta 18,00&nbsp;&euro; incl.VAT<\/span><\/span><\/span>\n<\/a><a href=\"https:\/\/www.estudidelmoble.com\/es\/producto\/publicacion-9-2014\/\" aria-describedby=\"woocommerce_loop_add_to_cart_link_describedby_19910\" data-quantity=\"1\" class=\"button product_type_variable add_to_cart_button\" data-product_id=\"19910\" data-product_sku=\"PUB2014\" aria-label=\"Elige las opciones para &ldquo;PUBLICACI\u00d3N 9&rdquo;\" rel=\"nofollow\">Seleccionar opciones<\/a>\t<span id=\"woocommerce_loop_add_to_cart_link_describedby_19910\" class=\"screen-reader-text\">\n\t\tEste producto tiene m\u00faltiples variantes. Las opciones se pueden elegir en la p\u00e1gina de producto\t<\/span>\n<\/li>\n<li class=\"product type-product post-19903 status-publish last instock product_cat-publicaciones has-post-thumbnail taxable shipping-taxable purchasable product-type-variable\">\n\t<a href=\"https:\/\/www.estudidelmoble.com\/es\/producto\/publicacion-8-2013\/\" class=\"woocommerce-LoopProduct-link woocommerce-loop-product__link\"><img loading=\"lazy\" decoding=\"async\" width=\"300\" height=\"300\" src=\"https:\/\/www.estudidelmoble.com\/wp-content\/uploads\/2020\/09\/Portada-publi-8-Materials-singulars-aplicats-al-moble-quadrada-300x300.jpg\" class=\"attachment-woocommerce_thumbnail size-woocommerce_thumbnail\" alt=\"Publicaci\u00f3 Materials singulars aplicats al moble\" srcset=\"https:\/\/www.estudidelmoble.com\/wp-content\/uploads\/2020\/09\/Portada-publi-8-Materials-singulars-aplicats-al-moble-quadrada-300x300.jpg 300w, https:\/\/www.estudidelmoble.com\/wp-content\/uploads\/2020\/09\/Portada-publi-8-Materials-singulars-aplicats-al-moble-quadrada-100x100.jpg 100w, https:\/\/www.estudidelmoble.com\/wp-content\/uploads\/2020\/09\/Portada-publi-8-Materials-singulars-aplicats-al-moble-quadrada-600x600.jpg 600w, https:\/\/www.estudidelmoble.com\/wp-content\/uploads\/2020\/09\/Portada-publi-8-Materials-singulars-aplicats-al-moble-quadrada-1024x1024.jpg 1024w, https:\/\/www.estudidelmoble.com\/wp-content\/uploads\/2020\/09\/Portada-publi-8-Materials-singulars-aplicats-al-moble-quadrada-150x150.jpg 150w, https:\/\/www.estudidelmoble.com\/wp-content\/uploads\/2020\/09\/Portada-publi-8-Materials-singulars-aplicats-al-moble-quadrada-768x768.jpg 768w, https:\/\/www.estudidelmoble.com\/wp-content\/uploads\/2020\/09\/Portada-publi-8-Materials-singulars-aplicats-al-moble-quadrada.jpg 1181w\" sizes=\"(max-width: 300px) 100vw, 300px\" \/><h2 class=\"woocommerce-loop-product__title\">PUBLICACI\u00d3N 8<\/h2>\n\t<span class=\"price\"><span class='ywcrbp_regular_price'>Precio Normal <span class=\"woocommerce-Price-amount amount\"><bdi>15,00&nbsp;<span class=\"woocommerce-Price-currencySymbol\">&euro;<\/span><\/bdi><\/span> <small class=\"woocommerce-price-suffix\">incl.VAT<\/small> <span aria-hidden=\"true\">-<\/span> <span class=\"woocommerce-Price-amount amount\"><bdi>18,00&nbsp;<span class=\"woocommerce-Price-currencySymbol\">&euro;<\/span><\/bdi><\/span> <small class=\"woocommerce-price-suffix\">incl.VAT<\/small><span class=\"screen-reader-text\">Rango de precios: desde Precio Normal 15,00&nbsp;&euro; incl.VAT hasta 18,00&nbsp;&euro; incl.VAT<\/span><\/span><\/span>\n<\/a><a href=\"https:\/\/www.estudidelmoble.com\/es\/producto\/publicacion-8-2013\/\" aria-describedby=\"woocommerce_loop_add_to_cart_link_describedby_19903\" data-quantity=\"1\" class=\"button product_type_variable add_to_cart_button\" data-product_id=\"19903\" data-product_sku=\"PUB2013\" aria-label=\"Elige las opciones para &ldquo;PUBLICACI\u00d3N 8&rdquo;\" rel=\"nofollow\">Seleccionar opciones<\/a>\t<span id=\"woocommerce_loop_add_to_cart_link_describedby_19903\" class=\"screen-reader-text\">\n\t\tEste producto tiene m\u00faltiples variantes. Las opciones se pueden elegir en la p\u00e1gina de producto\t<\/span>\n<\/li>\n<li class=\"product type-product post-20773 status-publish first instock product_cat-publicaciones has-post-thumbnail taxable shipping-taxable purchasable product-type-variable\">\n\t<a href=\"https:\/\/www.estudidelmoble.com\/es\/producto\/publicacion-7-2012\/\" class=\"woocommerce-LoopProduct-link woocommerce-loop-product__link\"><img loading=\"lazy\" decoding=\"async\" width=\"300\" height=\"300\" src=\"https:\/\/www.estudidelmoble.com\/wp-content\/uploads\/2020\/09\/Portada-publi-7-El-moble-del-segle-XVI-moble-per-a-l_edat-moderna-quadrada-300x300.jpg\" class=\"attachment-woocommerce_thumbnail size-woocommerce_thumbnail\" alt=\"Publicaci\u00f3 El moble del segle XVI: moble per a l\u2019edat moderna\" srcset=\"https:\/\/www.estudidelmoble.com\/wp-content\/uploads\/2020\/09\/Portada-publi-7-El-moble-del-segle-XVI-moble-per-a-l_edat-moderna-quadrada-300x300.jpg 300w, https:\/\/www.estudidelmoble.com\/wp-content\/uploads\/2020\/09\/Portada-publi-7-El-moble-del-segle-XVI-moble-per-a-l_edat-moderna-quadrada-100x100.jpg 100w, https:\/\/www.estudidelmoble.com\/wp-content\/uploads\/2020\/09\/Portada-publi-7-El-moble-del-segle-XVI-moble-per-a-l_edat-moderna-quadrada-600x600.jpg 600w, https:\/\/www.estudidelmoble.com\/wp-content\/uploads\/2020\/09\/Portada-publi-7-El-moble-del-segle-XVI-moble-per-a-l_edat-moderna-quadrada-1024x1024.jpg 1024w, https:\/\/www.estudidelmoble.com\/wp-content\/uploads\/2020\/09\/Portada-publi-7-El-moble-del-segle-XVI-moble-per-a-l_edat-moderna-quadrada-150x150.jpg 150w, https:\/\/www.estudidelmoble.com\/wp-content\/uploads\/2020\/09\/Portada-publi-7-El-moble-del-segle-XVI-moble-per-a-l_edat-moderna-quadrada-768x768.jpg 768w, https:\/\/www.estudidelmoble.com\/wp-content\/uploads\/2020\/09\/Portada-publi-7-El-moble-del-segle-XVI-moble-per-a-l_edat-moderna-quadrada.jpg 1181w\" sizes=\"(max-width: 300px) 100vw, 300px\" \/><h2 class=\"woocommerce-loop-product__title\">PUBLICACI\u00d3N 7<\/h2>\n\t<span class=\"price\"><span class='ywcrbp_regular_price'>Precio Normal <span class=\"woocommerce-Price-amount amount\"><bdi>15,00&nbsp;<span class=\"woocommerce-Price-currencySymbol\">&euro;<\/span><\/bdi><\/span> <small class=\"woocommerce-price-suffix\">incl.VAT<\/small> <span aria-hidden=\"true\">-<\/span> <span class=\"woocommerce-Price-amount amount\"><bdi>18,00&nbsp;<span class=\"woocommerce-Price-currencySymbol\">&euro;<\/span><\/bdi><\/span> <small class=\"woocommerce-price-suffix\">incl.VAT<\/small><span class=\"screen-reader-text\">Rango de precios: desde Precio Normal 15,00&nbsp;&euro; incl.VAT hasta 18,00&nbsp;&euro; incl.VAT<\/span><\/span><\/span>\n<\/a><a href=\"https:\/\/www.estudidelmoble.com\/es\/producto\/publicacion-7-2012\/\" aria-describedby=\"woocommerce_loop_add_to_cart_link_describedby_20773\" data-quantity=\"1\" class=\"button product_type_variable add_to_cart_button\" data-product_id=\"20773\" data-product_sku=\"PUB2012\" aria-label=\"Elige las opciones para &ldquo;PUBLICACI\u00d3N 7&rdquo;\" rel=\"nofollow\">Seleccionar opciones<\/a>\t<span id=\"woocommerce_loop_add_to_cart_link_describedby_20773\" class=\"screen-reader-text\">\n\t\tEste producto tiene m\u00faltiples variantes. Las opciones se pueden elegir en la p\u00e1gina de producto\t<\/span>\n<\/li>\n<li class=\"product type-product post-20768 status-publish outofstock product_cat-publicaciones has-post-thumbnail taxable shipping-taxable purchasable product-type-variable\">\n\t<a href=\"https:\/\/www.estudidelmoble.com\/es\/producto\/publicacion-6-2011\/\" class=\"woocommerce-LoopProduct-link woocommerce-loop-product__link\"><img loading=\"lazy\" decoding=\"async\" width=\"300\" height=\"300\" src=\"https:\/\/www.estudidelmoble.com\/wp-content\/uploads\/2020\/09\/Portada-publi-6-El-mueble-y-los-interiores-desde-Carlos-IV-quadrada-300x300.jpg\" class=\"attachment-woocommerce_thumbnail size-woocommerce_thumbnail\" alt=\"Publicaci\u00f3 El mueble y los interiores desde Carlos IV a la \u00e9poca isabelina. Nuevos estudios\" srcset=\"https:\/\/www.estudidelmoble.com\/wp-content\/uploads\/2020\/09\/Portada-publi-6-El-mueble-y-los-interiores-desde-Carlos-IV-quadrada-300x300.jpg 300w, https:\/\/www.estudidelmoble.com\/wp-content\/uploads\/2020\/09\/Portada-publi-6-El-mueble-y-los-interiores-desde-Carlos-IV-quadrada-100x100.jpg 100w, https:\/\/www.estudidelmoble.com\/wp-content\/uploads\/2020\/09\/Portada-publi-6-El-mueble-y-los-interiores-desde-Carlos-IV-quadrada-600x600.jpg 600w, https:\/\/www.estudidelmoble.com\/wp-content\/uploads\/2020\/09\/Portada-publi-6-El-mueble-y-los-interiores-desde-Carlos-IV-quadrada-1024x1024.jpg 1024w, https:\/\/www.estudidelmoble.com\/wp-content\/uploads\/2020\/09\/Portada-publi-6-El-mueble-y-los-interiores-desde-Carlos-IV-quadrada-150x150.jpg 150w, https:\/\/www.estudidelmoble.com\/wp-content\/uploads\/2020\/09\/Portada-publi-6-El-mueble-y-los-interiores-desde-Carlos-IV-quadrada-768x768.jpg 768w, https:\/\/www.estudidelmoble.com\/wp-content\/uploads\/2020\/09\/Portada-publi-6-El-mueble-y-los-interiores-desde-Carlos-IV-quadrada.jpg 1181w\" sizes=\"(max-width: 300px) 100vw, 300px\" \/><h2 class=\"woocommerce-loop-product__title\">PUBLICACI\u00d3N 6<\/h2>\n\t<span class=\"price\"><span class='ywcrbp_regular_price'>Precio Normal <span class=\"woocommerce-Price-amount amount\"><bdi>15,00&nbsp;<span class=\"woocommerce-Price-currencySymbol\">&euro;<\/span><\/bdi><\/span> <small class=\"woocommerce-price-suffix\">incl.VAT<\/small> <span aria-hidden=\"true\">-<\/span> <span class=\"woocommerce-Price-amount amount\"><bdi>18,00&nbsp;<span class=\"woocommerce-Price-currencySymbol\">&euro;<\/span><\/bdi><\/span> <small class=\"woocommerce-price-suffix\">incl.VAT<\/small><span class=\"screen-reader-text\">Rango de precios: desde Precio Normal 15,00&nbsp;&euro; incl.VAT hasta 18,00&nbsp;&euro; incl.VAT<\/span><\/span><\/span>\n<\/a><a href=\"https:\/\/www.estudidelmoble.com\/es\/producto\/publicacion-6-2011\/\" aria-describedby=\"woocommerce_loop_add_to_cart_link_describedby_20768\" data-quantity=\"1\" class=\"button product_type_variable\" data-product_id=\"20768\" data-product_sku=\"PUB2011\" aria-label=\"Elige las opciones para &ldquo;PUBLICACI\u00d3N 6&rdquo;\" rel=\"nofollow\">Seleccionar opciones<\/a>\t<span id=\"woocommerce_loop_add_to_cart_link_describedby_20768\" class=\"screen-reader-text\">\n\t\tEste producto tiene m\u00faltiples variantes. Las opciones se pueden elegir en la p\u00e1gina de producto\t<\/span>\n<\/li>\n<li class=\"product type-product post-20761 status-publish instock product_cat-publicaciones has-post-thumbnail taxable shipping-taxable purchasable product-type-variable\">\n\t<a href=\"https:\/\/www.estudidelmoble.com\/es\/producto\/publicacion-5-2010\/\" class=\"woocommerce-LoopProduct-link woocommerce-loop-product__link\"><img loading=\"lazy\" decoding=\"async\" width=\"300\" height=\"300\" src=\"https:\/\/www.estudidelmoble.com\/wp-content\/uploads\/2020\/09\/Portada-publi-5-El-Culto-al-Objeto-quadrada-300x300.jpg\" class=\"attachment-woocommerce_thumbnail size-woocommerce_thumbnail\" alt=\"Publicaci\u00f3 El culto al objeto: de la vida cotidiana a la colecci\u00f3n\" srcset=\"https:\/\/www.estudidelmoble.com\/wp-content\/uploads\/2020\/09\/Portada-publi-5-El-Culto-al-Objeto-quadrada-300x300.jpg 300w, https:\/\/www.estudidelmoble.com\/wp-content\/uploads\/2020\/09\/Portada-publi-5-El-Culto-al-Objeto-quadrada-100x100.jpg 100w, https:\/\/www.estudidelmoble.com\/wp-content\/uploads\/2020\/09\/Portada-publi-5-El-Culto-al-Objeto-quadrada-600x600.jpg 600w, https:\/\/www.estudidelmoble.com\/wp-content\/uploads\/2020\/09\/Portada-publi-5-El-Culto-al-Objeto-quadrada-1024x1024.jpg 1024w, https:\/\/www.estudidelmoble.com\/wp-content\/uploads\/2020\/09\/Portada-publi-5-El-Culto-al-Objeto-quadrada-150x150.jpg 150w, https:\/\/www.estudidelmoble.com\/wp-content\/uploads\/2020\/09\/Portada-publi-5-El-Culto-al-Objeto-quadrada-768x768.jpg 768w, https:\/\/www.estudidelmoble.com\/wp-content\/uploads\/2020\/09\/Portada-publi-5-El-Culto-al-Objeto-quadrada.jpg 1181w\" sizes=\"(max-width: 300px) 100vw, 300px\" \/><h2 class=\"woocommerce-loop-product__title\">PUBLICACI\u00d3N 5<\/h2>\n\t<span class=\"price\"><span class='ywcrbp_regular_price'>Precio Normal <span class=\"woocommerce-Price-amount amount\"><bdi>15,00&nbsp;<span class=\"woocommerce-Price-currencySymbol\">&euro;<\/span><\/bdi><\/span> <small class=\"woocommerce-price-suffix\">incl.VAT<\/small> <span aria-hidden=\"true\">-<\/span> <span class=\"woocommerce-Price-amount amount\"><bdi>18,00&nbsp;<span class=\"woocommerce-Price-currencySymbol\">&euro;<\/span><\/bdi><\/span> <small class=\"woocommerce-price-suffix\">incl.VAT<\/small><span class=\"screen-reader-text\">Rango de precios: desde Precio Normal 15,00&nbsp;&euro; incl.VAT hasta 18,00&nbsp;&euro; incl.VAT<\/span><\/span><\/span>\n<\/a><a href=\"https:\/\/www.estudidelmoble.com\/es\/producto\/publicacion-5-2010\/\" aria-describedby=\"woocommerce_loop_add_to_cart_link_describedby_20761\" data-quantity=\"1\" class=\"button product_type_variable add_to_cart_button\" data-product_id=\"20761\" data-product_sku=\"PUB2010\" aria-label=\"Elige las opciones para &ldquo;PUBLICACI\u00d3N 5&rdquo;\" rel=\"nofollow\">Seleccionar opciones<\/a>\t<span id=\"woocommerce_loop_add_to_cart_link_describedby_20761\" class=\"screen-reader-text\">\n\t\tEste producto tiene m\u00faltiples variantes. Las opciones se pueden elegir en la p\u00e1gina de producto\t<\/span>\n<\/li>\n<li class=\"product type-product post-20752 status-publish instock product_cat-publicaciones has-post-thumbnail taxable shipping-taxable purchasable product-type-variable\">\n\t<a href=\"https:\/\/www.estudidelmoble.com\/es\/producto\/publicacion-4-2009\/\" class=\"woocommerce-LoopProduct-link woocommerce-loop-product__link\"><img loading=\"lazy\" decoding=\"async\" width=\"300\" height=\"300\" src=\"https:\/\/www.estudidelmoble.com\/wp-content\/uploads\/2020\/09\/Portada-publi-4-El-mueble-del-siglo-XVIII-2-quadrada-300x300.jpg\" class=\"attachment-woocommerce_thumbnail size-woocommerce_thumbnail\" alt=\"Publicaci\u00f3: El mueble del siglo XVIII: Nuevas aportaciones a su estudio\" srcset=\"https:\/\/www.estudidelmoble.com\/wp-content\/uploads\/2020\/09\/Portada-publi-4-El-mueble-del-siglo-XVIII-2-quadrada-300x300.jpg 300w, https:\/\/www.estudidelmoble.com\/wp-content\/uploads\/2020\/09\/Portada-publi-4-El-mueble-del-siglo-XVIII-2-quadrada-100x100.jpg 100w, https:\/\/www.estudidelmoble.com\/wp-content\/uploads\/2020\/09\/Portada-publi-4-El-mueble-del-siglo-XVIII-2-quadrada-600x600.jpg 600w, https:\/\/www.estudidelmoble.com\/wp-content\/uploads\/2020\/09\/Portada-publi-4-El-mueble-del-siglo-XVIII-2-quadrada-1024x1024.jpg 1024w, https:\/\/www.estudidelmoble.com\/wp-content\/uploads\/2020\/09\/Portada-publi-4-El-mueble-del-siglo-XVIII-2-quadrada-150x150.jpg 150w, https:\/\/www.estudidelmoble.com\/wp-content\/uploads\/2020\/09\/Portada-publi-4-El-mueble-del-siglo-XVIII-2-quadrada-768x768.jpg 768w, https:\/\/www.estudidelmoble.com\/wp-content\/uploads\/2020\/09\/Portada-publi-4-El-mueble-del-siglo-XVIII-2-quadrada.jpg 1181w\" sizes=\"(max-width: 300px) 100vw, 300px\" \/><h2 class=\"woocommerce-loop-product__title\">PUBLICACI\u00d3N 4<\/h2>\n\t<span class=\"price\"><span class='ywcrbp_regular_price'>Precio Normal <span class=\"woocommerce-Price-amount amount\"><bdi>15,00&nbsp;<span class=\"woocommerce-Price-currencySymbol\">&euro;<\/span><\/bdi><\/span> <small class=\"woocommerce-price-suffix\">incl.VAT<\/small> <span aria-hidden=\"true\">-<\/span> <span class=\"woocommerce-Price-amount amount\"><bdi>18,00&nbsp;<span class=\"woocommerce-Price-currencySymbol\">&euro;<\/span><\/bdi><\/span> <small class=\"woocommerce-price-suffix\">incl.VAT<\/small><span class=\"screen-reader-text\">Rango de precios: desde Precio Normal 15,00&nbsp;&euro; incl.VAT hasta 18,00&nbsp;&euro; incl.VAT<\/span><\/span><\/span>\n<\/a><a href=\"https:\/\/www.estudidelmoble.com\/es\/producto\/publicacion-4-2009\/\" aria-describedby=\"woocommerce_loop_add_to_cart_link_describedby_20752\" data-quantity=\"1\" class=\"button product_type_variable add_to_cart_button\" data-product_id=\"20752\" data-product_sku=\"PUB2009\" aria-label=\"Elige las opciones para &ldquo;PUBLICACI\u00d3N 4&rdquo;\" rel=\"nofollow\">Seleccionar opciones<\/a>\t<span id=\"woocommerce_loop_add_to_cart_link_describedby_20752\" class=\"screen-reader-text\">\n\t\tEste producto tiene m\u00faltiples variantes. Las opciones se pueden elegir en la p\u00e1gina de producto\t<\/span>\n<\/li>\n<li class=\"product type-product post-20725 status-publish instock product_cat-publicaciones has-post-thumbnail taxable shipping-taxable purchasable product-type-variable\">\n\t<a href=\"https:\/\/www.estudidelmoble.com\/es\/producto\/publicacion-3-2008\/\" class=\"woocommerce-LoopProduct-link woocommerce-loop-product__link\"><img loading=\"lazy\" decoding=\"async\" width=\"300\" height=\"300\" src=\"https:\/\/www.estudidelmoble.com\/wp-content\/uploads\/2020\/09\/Portada-publi-3-Primera-Jornada-Tecnica-quadrada-300x300.jpg\" class=\"attachment-woocommerce_thumbnail size-woocommerce_thumbnail\" alt=\"Publicaci\u00f3 Primera Jornada T\u00e8cnica sobre Criteris de Conservaci\u00f3 i Restauraci\u00f3 de Mobiliari\" srcset=\"https:\/\/www.estudidelmoble.com\/wp-content\/uploads\/2020\/09\/Portada-publi-3-Primera-Jornada-Tecnica-quadrada-300x300.jpg 300w, https:\/\/www.estudidelmoble.com\/wp-content\/uploads\/2020\/09\/Portada-publi-3-Primera-Jornada-Tecnica-quadrada-100x100.jpg 100w, https:\/\/www.estudidelmoble.com\/wp-content\/uploads\/2020\/09\/Portada-publi-3-Primera-Jornada-Tecnica-quadrada-600x600.jpg 600w, https:\/\/www.estudidelmoble.com\/wp-content\/uploads\/2020\/09\/Portada-publi-3-Primera-Jornada-Tecnica-quadrada-1024x1024.jpg 1024w, https:\/\/www.estudidelmoble.com\/wp-content\/uploads\/2020\/09\/Portada-publi-3-Primera-Jornada-Tecnica-quadrada-150x150.jpg 150w, https:\/\/www.estudidelmoble.com\/wp-content\/uploads\/2020\/09\/Portada-publi-3-Primera-Jornada-Tecnica-quadrada-768x768.jpg 768w, https:\/\/www.estudidelmoble.com\/wp-content\/uploads\/2020\/09\/Portada-publi-3-Primera-Jornada-Tecnica-quadrada.jpg 1181w\" sizes=\"(max-width: 300px) 100vw, 300px\" \/><h2 class=\"woocommerce-loop-product__title\">PUBLICACI\u00d3N 3<\/h2>\n\t<span class=\"price\"><span class='ywcrbp_regular_price'>Precio Normal <span class=\"woocommerce-Price-amount amount\"><bdi>15,00&nbsp;<span class=\"woocommerce-Price-currencySymbol\">&euro;<\/span><\/bdi><\/span> <small class=\"woocommerce-price-suffix\">incl.VAT<\/small> <span aria-hidden=\"true\">-<\/span> <span class=\"woocommerce-Price-amount amount\"><bdi>18,00&nbsp;<span class=\"woocommerce-Price-currencySymbol\">&euro;<\/span><\/bdi><\/span> <small class=\"woocommerce-price-suffix\">incl.VAT<\/small><span class=\"screen-reader-text\">Rango de precios: desde Precio Normal 15,00&nbsp;&euro; incl.VAT hasta 18,00&nbsp;&euro; incl.VAT<\/span><\/span><\/span>\n<\/a><a href=\"https:\/\/www.estudidelmoble.com\/es\/producto\/publicacion-3-2008\/\" aria-describedby=\"woocommerce_loop_add_to_cart_link_describedby_20725\" data-quantity=\"1\" class=\"button product_type_variable add_to_cart_button\" data-product_id=\"20725\" data-product_sku=\"PUB2008\" aria-label=\"Elige las opciones para &ldquo;PUBLICACI\u00d3N 3&rdquo;\" rel=\"nofollow\">Seleccionar opciones<\/a>\t<span id=\"woocommerce_loop_add_to_cart_link_describedby_20725\" class=\"screen-reader-text\">\n\t\tEste producto tiene m\u00faltiples variantes. Las opciones se pueden elegir en la p\u00e1gina de producto\t<\/span>\n<\/li>\n<li class=\"product type-product post-20720 status-publish last outofstock product_cat-publicaciones has-post-thumbnail taxable shipping-taxable purchasable product-type-variable\">\n\t<a href=\"https:\/\/www.estudidelmoble.com\/es\/producto\/publicacion-2-2007\/\" class=\"woocommerce-LoopProduct-link woocommerce-loop-product__link\"><img loading=\"lazy\" decoding=\"async\" width=\"300\" height=\"300\" src=\"https:\/\/www.estudidelmoble.com\/wp-content\/uploads\/2020\/09\/Portada-publi-2-El-moble-del-segle-XVII-quadrada-1-300x300.jpg\" class=\"attachment-woocommerce_thumbnail size-woocommerce_thumbnail\" alt=\"Publicaci\u00f3 El moble del segle XVII a Catalunya i la seva relaci\u00f3 amb altres centres europeus\" srcset=\"https:\/\/www.estudidelmoble.com\/wp-content\/uploads\/2020\/09\/Portada-publi-2-El-moble-del-segle-XVII-quadrada-1-300x300.jpg 300w, https:\/\/www.estudidelmoble.com\/wp-content\/uploads\/2020\/09\/Portada-publi-2-El-moble-del-segle-XVII-quadrada-1-100x100.jpg 100w, https:\/\/www.estudidelmoble.com\/wp-content\/uploads\/2020\/09\/Portada-publi-2-El-moble-del-segle-XVII-quadrada-1-600x600.jpg 600w, https:\/\/www.estudidelmoble.com\/wp-content\/uploads\/2020\/09\/Portada-publi-2-El-moble-del-segle-XVII-quadrada-1-1024x1024.jpg 1024w, https:\/\/www.estudidelmoble.com\/wp-content\/uploads\/2020\/09\/Portada-publi-2-El-moble-del-segle-XVII-quadrada-1-150x150.jpg 150w, https:\/\/www.estudidelmoble.com\/wp-content\/uploads\/2020\/09\/Portada-publi-2-El-moble-del-segle-XVII-quadrada-1-768x768.jpg 768w, https:\/\/www.estudidelmoble.com\/wp-content\/uploads\/2020\/09\/Portada-publi-2-El-moble-del-segle-XVII-quadrada-1.jpg 1181w\" sizes=\"(max-width: 300px) 100vw, 300px\" \/><h2 class=\"woocommerce-loop-product__title\">PUBLICACI\u00d3N 2<\/h2>\n\t<span class=\"price\"><span class='ywcrbp_regular_price'>Precio Normal <span class=\"woocommerce-Price-amount amount\"><bdi>15,00&nbsp;<span class=\"woocommerce-Price-currencySymbol\">&euro;<\/span><\/bdi><\/span> <small class=\"woocommerce-price-suffix\">incl.VAT<\/small> <span aria-hidden=\"true\">-<\/span> <span class=\"woocommerce-Price-amount amount\"><bdi>18,00&nbsp;<span class=\"woocommerce-Price-currencySymbol\">&euro;<\/span><\/bdi><\/span> <small class=\"woocommerce-price-suffix\">incl.VAT<\/small><span class=\"screen-reader-text\">Rango de precios: desde Precio Normal 15,00&nbsp;&euro; incl.VAT hasta 18,00&nbsp;&euro; incl.VAT<\/span><\/span><\/span>\n<\/a><a href=\"https:\/\/www.estudidelmoble.com\/es\/producto\/publicacion-2-2007\/\" aria-describedby=\"woocommerce_loop_add_to_cart_link_describedby_20720\" data-quantity=\"1\" class=\"button product_type_variable\" data-product_id=\"20720\" data-product_sku=\"PUB2007\" aria-label=\"Elige las opciones para &ldquo;PUBLICACI\u00d3N 2&rdquo;\" rel=\"nofollow\">Seleccionar opciones<\/a>\t<span id=\"woocommerce_loop_add_to_cart_link_describedby_20720\" class=\"screen-reader-text\">\n\t\tEste producto tiene m\u00faltiples variantes. Las opciones se pueden elegir en la p\u00e1gina de producto\t<\/span>\n<\/li>\n<\/ul>\n<nav class=\"woocommerce-pagination\" aria-label=\"Paginaci\u00f3n de producto\">\n\t<ul class='page-numbers'>\n\t<li><span aria-label=\"P\u00e1gina 1\" aria-current=\"page\" class=\"page-numbers current\">1<\/span><\/li>\n\t<li><a aria-label=\"P\u00e1gina 2\" class=\"page-numbers\" href=\"\/es\/wp-json\/wp\/v2\/pages\/38830?product-page=2\">2<\/a><\/li>\n\t<li><a class=\"next page-numbers\" href=\"\/es\/wp-json\/wp\/v2\/pages\/38830?product-page=2\">&rarr;<\/a><\/li>\n<\/ul>\n<\/nav>\n<\/div>\t\t\t\t<\/div>\n\t\t\t\t<\/div>\n\t\t\t\t\t<\/div>\n\t\t<\/div>\n\t\t\t\t\t<\/div>\n\t\t<\/section>\n\t\t\t\t<\/div>\n\t\t","protected":false},"excerpt":{"rendered":"<p>Publicaciones Desde el a\u00f1o 2005, la Asociaci\u00f3n para el Estudio del Mueble publica regularmente obras en colaboraci\u00f3n con el Museo de las Artes Decorativas de Barcelona (hasta el a\u00f1o 2014) y el Museo del Dise\u00f1o de Barcelona (desde el a\u00f1o 2015) \u00a0donde se transcriben las conferencias del curso que organizamos anualmente.Estas publicaciones recogen las \u00faltimas [&hellip;]<\/p>\n","protected":false},"author":1,"featured_media":0,"parent":4374,"menu_order":0,"comment_status":"closed","ping_status":"closed","template":"elementor_header_footer","meta":{"_acf_changed":false,"footnotes":""},"class_list":["post-38830","page","type-page","status-publish","hentry"],"acf":[],"_links":{"self":[{"href":"https:\/\/www.estudidelmoble.com\/es\/wp-json\/wp\/v2\/pages\/38830","targetHints":{"allow":["GET"]}}],"collection":[{"href":"https:\/\/www.estudidelmoble.com\/es\/wp-json\/wp\/v2\/pages"}],"about":[{"href":"https:\/\/www.estudidelmoble.com\/es\/wp-json\/wp\/v2\/types\/page"}],"author":[{"embeddable":true,"href":"https:\/\/www.estudidelmoble.com\/es\/wp-json\/wp\/v2\/users\/1"}],"replies":[{"embeddable":true,"href":"https:\/\/www.estudidelmoble.com\/es\/wp-json\/wp\/v2\/comments?post=38830"}],"version-history":[{"count":0,"href":"https:\/\/www.estudidelmoble.com\/es\/wp-json\/wp\/v2\/pages\/38830\/revisions"}],"up":[{"embeddable":true,"href":"https:\/\/www.estudidelmoble.com\/es\/wp-json\/wp\/v2\/pages\/4374"}],"wp:attachment":[{"href":"https:\/\/www.estudidelmoble.com\/es\/wp-json\/wp\/v2\/media?parent=38830"}],"curies":[{"name":"wp","href":"https:\/\/api.w.org\/{rel}","templated":true}]}}