{"id":38870,"date":"2019-07-04T13:19:57","date_gmt":"2019-07-04T11:19:57","guid":{"rendered":"https:\/\/www.estudidelmoble.com\/ediciones\/revista\/"},"modified":"2022-01-12T18:45:29","modified_gmt":"2022-01-12T16:45:29","slug":"revista","status":"publish","type":"page","link":"https:\/\/www.estudidelmoble.com\/es\/ediciones\/revista\/","title":{"rendered":"Revista"},"content":{"rendered":"\t\t<div data-elementor-type=\"wp-post\" data-elementor-id=\"38870\" class=\"elementor elementor-38870 elementor-1207\" data-elementor-post-type=\"page\">\n\t\t\t\t\t\t<section class=\"elementor-section elementor-top-section elementor-element elementor-element-b055d88 elementor-section-boxed elementor-section-height-default elementor-section-height-default\" data-id=\"b055d88\" data-element_type=\"section\" data-e-type=\"section\">\n\t\t\t\t\t\t<div class=\"elementor-container elementor-column-gap-default\">\n\t\t\t\t\t<div class=\"elementor-column elementor-col-100 elementor-top-column elementor-element elementor-element-3a254e9\" data-id=\"3a254e9\" data-element_type=\"column\" data-e-type=\"column\">\n\t\t\t<div class=\"elementor-widget-wrap elementor-element-populated\">\n\t\t\t\t\t\t<div class=\"elementor-element elementor-element-c701b3e elementor-hidden-mobile elementor-widget elementor-widget-spacer\" data-id=\"c701b3e\" data-element_type=\"widget\" data-e-type=\"widget\" data-widget_type=\"spacer.default\">\n\t\t\t\t\t\t\t<div class=\"elementor-spacer\">\n\t\t\t<div class=\"elementor-spacer-inner\"><\/div>\n\t\t<\/div>\n\t\t\t\t\t\t<\/div>\n\t\t\t\t<div class=\"elementor-element elementor-element-d5dff6a elementor-widget elementor-widget-heading\" data-id=\"d5dff6a\" data-element_type=\"widget\" data-e-type=\"widget\" data-widget_type=\"heading.default\">\n\t\t\t\t\t<h1 class=\"elementor-heading-title elementor-size-default\">Revista<\/h1>\t\t\t\t<\/div>\n\t\t\t\t<div class=\"elementor-element elementor-element-ff43533 elementor-hidden-mobile elementor-widget elementor-widget-spacer\" data-id=\"ff43533\" data-element_type=\"widget\" data-e-type=\"widget\" data-widget_type=\"spacer.default\">\n\t\t\t\t\t\t\t<div class=\"elementor-spacer\">\n\t\t\t<div class=\"elementor-spacer-inner\"><\/div>\n\t\t<\/div>\n\t\t\t\t\t\t<\/div>\n\t\t\t\t\t<\/div>\n\t\t<\/div>\n\t\t\t\t\t<\/div>\n\t\t<\/section>\n\t\t\t\t<section class=\"elementor-section elementor-top-section elementor-element elementor-element-b6294f9 elementor-section-boxed elementor-section-height-default elementor-section-height-default\" data-id=\"b6294f9\" data-element_type=\"section\" data-e-type=\"section\">\n\t\t\t\t\t\t<div class=\"elementor-container elementor-column-gap-default\">\n\t\t\t\t\t<div class=\"elementor-column elementor-col-100 elementor-top-column elementor-element elementor-element-d458c50\" data-id=\"d458c50\" data-element_type=\"column\" data-e-type=\"column\">\n\t\t\t<div class=\"elementor-widget-wrap elementor-element-populated\">\n\t\t\t\t\t\t<div class=\"elementor-element elementor-element-1b01c57 elementor-drop-cap-yes elementor-drop-cap-view-default elementor-widget elementor-widget-text-editor\" data-id=\"1b01c57\" data-element_type=\"widget\" data-e-type=\"widget\" data-settings=\"{&quot;drop_cap&quot;:&quot;yes&quot;}\" data-widget_type=\"text-editor.default\">\n\t\t\t\t\t\t\t\t\t<p>La revista del Estudio del Mueble est\u00e1 dedicada al mueble antiguo y contempor\u00e1neo. Esta publicaci\u00f3n es un medio de comunicaci\u00f3n para todos los profesionales y los interesados en este patrimonio hist\u00f3rico.<\/p>\n<p>Encontrar\u00e1s informaci\u00f3n sobre las actividades y los proyectos de la Asociaci\u00f3n, art\u00edculos de investigaci\u00f3n (hist\u00f3rico-art\u00edsticos, dise\u00f1o, conservaci\u00f3n-restauraci\u00f3n), entrevistas y estudios de catalogaci\u00f3n, etc&#8230;<\/p>\n\t\t\t\t\t\t\t\t<\/div>\n\t\t\t\t\t<\/div>\n\t\t<\/div>\n\t\t\t\t\t<\/div>\n\t\t<\/section>\n\t\t\t\t<section class=\"elementor-section elementor-top-section elementor-element elementor-element-0df6e5b elementor-section-boxed elementor-section-height-default elementor-section-height-default\" data-id=\"0df6e5b\" data-element_type=\"section\" data-e-type=\"section\">\n\t\t\t\t\t\t<div class=\"elementor-container elementor-column-gap-default\">\n\t\t\t\t\t<div class=\"elementor-column elementor-col-50 elementor-top-column elementor-element elementor-element-a99595b\" data-id=\"a99595b\" data-element_type=\"column\" data-e-type=\"column\">\n\t\t\t<div class=\"elementor-widget-wrap elementor-element-populated\">\n\t\t\t\t\t\t<div class=\"elementor-element elementor-element-59f846c elementor-widget elementor-widget-text-editor\" data-id=\"59f846c\" data-element_type=\"widget\" data-e-type=\"widget\" data-widget_type=\"text-editor.default\">\n\t\t\t\t\t\t\t\t\t<p style=\"text-align: right;\"><b>Directora: <\/b>Rosa Mar\u00eda Jim\u00e9nez<br \/><b>Comit\u00e9 editorial: <\/b>\u00c0ngels Creus, Joan G\u00fcell, Mar\u00eda Jos\u00e9 Balcells, N\u00faria Gil, M\u00f3nica Piera, N\u00faria Ruiz<br \/><strong> Coordinaci\u00f3n y publicidad: <\/strong>Ver\u00f3nica Rej\u00f3n<br \/><b>Dise\u00f1o y compaginaci\u00f3n: <\/b>Fons Gr\u00e0fic<br \/><b>Correcci\u00f3n ling\u00fc\u00edstica: <\/b>Merc\u00e8 Boll\u00f3<br \/><b>Impresi\u00f3n: <\/b>Arts Gr\u00e0fiques Alpres<br \/><strong>ISSN: <\/strong>1887-0511<br \/><strong>ISSN digital: <\/strong>2339-9325<br \/><strong>Dep\u00f3sito Legal:<\/strong> B-30424-2005<\/p>\n\t\t\t\t\t\t\t\t<\/div>\n\t\t\t\t\t<\/div>\n\t\t<\/div>\n\t\t\t\t<div class=\"elementor-column elementor-col-50 elementor-top-column elementor-element elementor-element-f6132f9\" data-id=\"f6132f9\" data-element_type=\"column\" data-e-type=\"column\">\n\t\t\t<div class=\"elementor-widget-wrap elementor-element-populated\">\n\t\t\t\t\t\t<div class=\"elementor-element elementor-element-a9805b5 elementor-widget elementor-widget-text-editor\" data-id=\"a9805b5\" data-element_type=\"widget\" data-e-type=\"widget\" data-widget_type=\"text-editor.default\">\n\t\t\t\t\t\t\t\t\t<p style=\"text-align: left;\"> ESTUDIO DEL MUEBLE es una publicaci\u00f3n semestral de la Asociaci\u00f3n para el Estudio del Mueble. La revista publica trabajos que tratan sobre cualquier \u00e1mbito relacionado con el mueble, los interiores o elementos relacionados con el mobiliario desde la vertiente hist\u00f3rico-art\u00edstica, de conservaci\u00f3n-restauraci\u00f3n, dise\u00f1o, gesti\u00f3n o cualquier otra.<\/p>\n<p><em>\u00a9 estudio del mueble no se identifica necesariamente con la opini\u00f3n de sus colaboradores.<\/em><\/p>\n\t\t\t\t\t\t\t\t<\/div>\n\t\t\t\t<div class=\"elementor-element elementor-element-3c7b05e elementor-widget elementor-widget-spacer\" data-id=\"3c7b05e\" data-element_type=\"widget\" data-e-type=\"widget\" data-widget_type=\"spacer.default\">\n\t\t\t\t\t\t\t<div class=\"elementor-spacer\">\n\t\t\t<div class=\"elementor-spacer-inner\"><\/div>\n\t\t<\/div>\n\t\t\t\t\t\t<\/div>\n\t\t\t\t\t<\/div>\n\t\t<\/div>\n\t\t\t\t\t<\/div>\n\t\t<\/section>\n\t\t\t\t<section class=\"elementor-section elementor-top-section elementor-element elementor-element-5e7de21 elementor-section-boxed elementor-section-height-default elementor-section-height-default\" data-id=\"5e7de21\" data-element_type=\"section\" data-e-type=\"section\">\n\t\t\t\t\t\t<div class=\"elementor-container elementor-column-gap-default\">\n\t\t\t\t\t<div class=\"elementor-column elementor-col-100 elementor-top-column elementor-element elementor-element-6be3c53\" data-id=\"6be3c53\" data-element_type=\"column\" data-e-type=\"column\">\n\t\t\t<div class=\"elementor-widget-wrap elementor-element-populated\">\n\t\t\t\t\t\t<div class=\"elementor-element elementor-element-3c1ae01 elementor-widget elementor-widget-spacer\" data-id=\"3c1ae01\" data-element_type=\"widget\" data-e-type=\"widget\" data-widget_type=\"spacer.default\">\n\t\t\t\t\t\t\t<div class=\"elementor-spacer\">\n\t\t\t<div class=\"elementor-spacer-inner\"><\/div>\n\t\t<\/div>\n\t\t\t\t\t\t<\/div>\n\t\t\t\t<div class=\"elementor-element elementor-element-cdf20e6 elementor-widget elementor-widget-text-editor\" data-id=\"cdf20e6\" data-element_type=\"widget\" data-e-type=\"widget\" data-widget_type=\"text-editor.default\">\n\t\t\t\t\t\t\t\t\t<p>Tienes todas las revistas a tu disposici\u00f3n en nuestra <a href=\"https:\/\/www.estudidelmoble.com\/es\/tienda\/categoria-revistas\/\" target=\"_blank\" rel=\"noopener\">e-tienda<\/a> y de consulta en nuestra <a href=\"https:\/\/www.estudidelmoble.com\/es\/biblio-xiloteca\/biblioteca\/\" target=\"_blank\" rel=\"noopener\">biblioteca<\/a>.<\/p>\t\t\t\t\t\t\t\t<\/div>\n\t\t\t\t\t<\/div>\n\t\t<\/div>\n\t\t\t\t\t<\/div>\n\t\t<\/section>\n\t\t\t\t<section class=\"elementor-section elementor-top-section elementor-element elementor-element-eb1ca2f elementor-section-boxed elementor-section-height-default elementor-section-height-default\" data-id=\"eb1ca2f\" data-element_type=\"section\" data-e-type=\"section\">\n\t\t\t\t\t\t<div class=\"elementor-container elementor-column-gap-default\">\n\t\t\t\t\t<div class=\"elementor-column elementor-col-100 elementor-top-column elementor-element elementor-element-4c00b31\" data-id=\"4c00b31\" data-element_type=\"column\" data-e-type=\"column\">\n\t\t\t<div class=\"elementor-widget-wrap elementor-element-populated\">\n\t\t\t\t\t\t<div class=\"elementor-element elementor-element-2d0534d elementor-widget elementor-widget-heading\" data-id=\"2d0534d\" data-element_type=\"widget\" data-e-type=\"widget\" data-widget_type=\"heading.default\">\n\t\t\t\t\t<h2 class=\"elementor-heading-title elementor-size-default\">Todas las revistas en la e-tienda:<\/h2>\t\t\t\t<\/div>\n\t\t\t\t<div class=\"elementor-element elementor-element-7de1c7e elementor-grid-6 elementor-product-loop-item--align-center elementor-grid-tablet-4 elementor-grid-mobile-1 elementor-products-grid elementor-wc-products elementor-show-pagination-border-yes elementor-widget elementor-widget-woocommerce-products\" data-id=\"7de1c7e\" data-element_type=\"widget\" data-e-type=\"widget\" data-widget_type=\"woocommerce-products.default\">\n\t\t\t\t<div class=\"elementor-widget-container\">\n\t\t\t\t\t<div class=\"woocommerce columns-6 \"><div class=\"woocommerce-notices-wrapper\"><\/div><ul class=\"products elementor-grid columns-6\">\n<li class=\"product type-product post-19981 status-publish first outofstock product_cat-revista-es has-post-thumbnail taxable shipping-taxable purchasable product-type-variable\">\n\t<a href=\"https:\/\/www.estudidelmoble.com\/es\/producto\/revista-n29-noviembre-2019\/\" class=\"woocommerce-LoopProduct-link woocommerce-loop-product__link\"><img fetchpriority=\"high\" decoding=\"async\" width=\"300\" height=\"300\" src=\"https:\/\/www.estudidelmoble.com\/wp-content\/uploads\/2020\/07\/Coberta29-quadrada--300x300.jpg\" class=\"attachment-woocommerce_thumbnail size-woocommerce_thumbnail\" alt=\"Revista N\u00ba29, nov. 2019\" srcset=\"https:\/\/www.estudidelmoble.com\/wp-content\/uploads\/2020\/07\/Coberta29-quadrada--300x300.jpg 300w, https:\/\/www.estudidelmoble.com\/wp-content\/uploads\/2020\/07\/Coberta29-quadrada--100x100.jpg 100w, https:\/\/www.estudidelmoble.com\/wp-content\/uploads\/2020\/07\/Coberta29-quadrada--600x600.jpg 600w, https:\/\/www.estudidelmoble.com\/wp-content\/uploads\/2020\/07\/Coberta29-quadrada--150x150.jpg 150w, https:\/\/www.estudidelmoble.com\/wp-content\/uploads\/2020\/07\/Coberta29-quadrada--768x768.jpg 768w, https:\/\/www.estudidelmoble.com\/wp-content\/uploads\/2020\/07\/Coberta29-quadrada-.jpg 848w\" sizes=\"(max-width: 300px) 100vw, 300px\" \/><h2 class=\"woocommerce-loop-product__title\">Revista N\u00ba29, nov. 2019<\/h2>\n\t<span class=\"price\"><span class='ywcrbp_regular_price'>Precio Normal <span class=\"woocommerce-Price-amount amount\"><bdi>6,00&nbsp;<span class=\"woocommerce-Price-currencySymbol\">&euro;<\/span><\/bdi><\/span> <small class=\"woocommerce-price-suffix\">incl.VAT<\/small> <span aria-hidden=\"true\">-<\/span> <span class=\"woocommerce-Price-amount amount\"><bdi>8,00&nbsp;<span class=\"woocommerce-Price-currencySymbol\">&euro;<\/span><\/bdi><\/span> <small class=\"woocommerce-price-suffix\">incl.VAT<\/small><span class=\"screen-reader-text\">Rango de precios: desde Precio Normal 6,00&nbsp;&euro; incl.VAT hasta 8,00&nbsp;&euro; incl.VAT<\/span><\/span><\/span>\n<\/a><a href=\"https:\/\/www.estudidelmoble.com\/es\/producto\/revista-n29-noviembre-2019\/\" aria-describedby=\"woocommerce_loop_add_to_cart_link_describedby_19981\" data-quantity=\"1\" class=\"button product_type_variable\" data-product_id=\"19981\" data-product_sku=\"REV0029\" aria-label=\"Elige las opciones para &ldquo;Revista N\u00ba29, nov. 2019&rdquo;\" rel=\"nofollow\">Seleccionar opciones<\/a>\t<span id=\"woocommerce_loop_add_to_cart_link_describedby_19981\" class=\"screen-reader-text\">\n\t\tEste producto tiene m\u00faltiples variantes. Las opciones se pueden elegir en la p\u00e1gina de producto\t<\/span>\n<\/li>\n<li class=\"product type-product post-20992 status-publish instock product_cat-revista-es has-post-thumbnail taxable shipping-taxable purchasable product-type-variable\">\n\t<a href=\"https:\/\/www.estudidelmoble.com\/es\/producto\/revista-n-28-my-2019\/\" class=\"woocommerce-LoopProduct-link woocommerce-loop-product__link\"><img decoding=\"async\" width=\"300\" height=\"300\" src=\"https:\/\/www.estudidelmoble.com\/wp-content\/uploads\/2020\/12\/portada-rev-28-quadrada-300x300.jpg\" class=\"attachment-woocommerce_thumbnail size-woocommerce_thumbnail\" alt=\"Revista N\u00ba28, my. 2019\" srcset=\"https:\/\/www.estudidelmoble.com\/wp-content\/uploads\/2020\/12\/portada-rev-28-quadrada-300x300.jpg 300w, https:\/\/www.estudidelmoble.com\/wp-content\/uploads\/2020\/12\/portada-rev-28-quadrada-100x100.jpg 100w, https:\/\/www.estudidelmoble.com\/wp-content\/uploads\/2020\/12\/portada-rev-28-quadrada-600x600.jpg 600w, https:\/\/www.estudidelmoble.com\/wp-content\/uploads\/2020\/12\/portada-rev-28-quadrada-1024x1024.jpg 1024w, https:\/\/www.estudidelmoble.com\/wp-content\/uploads\/2020\/12\/portada-rev-28-quadrada-150x150.jpg 150w, https:\/\/www.estudidelmoble.com\/wp-content\/uploads\/2020\/12\/portada-rev-28-quadrada-768x768.jpg 768w, https:\/\/www.estudidelmoble.com\/wp-content\/uploads\/2020\/12\/portada-rev-28-quadrada.jpg 1181w\" sizes=\"(max-width: 300px) 100vw, 300px\" \/><h2 class=\"woocommerce-loop-product__title\">Revista N\u00ba28, my. 2019<\/h2>\n\t<span class=\"price\"><span class='ywcrbp_regular_price'>Precio Normal <span class=\"woocommerce-Price-amount amount\"><bdi>6,00&nbsp;<span class=\"woocommerce-Price-currencySymbol\">&euro;<\/span><\/bdi><\/span> <small class=\"woocommerce-price-suffix\">incl.VAT<\/small> <span aria-hidden=\"true\">-<\/span> <span class=\"woocommerce-Price-amount amount\"><bdi>8,00&nbsp;<span class=\"woocommerce-Price-currencySymbol\">&euro;<\/span><\/bdi><\/span> <small class=\"woocommerce-price-suffix\">incl.VAT<\/small><span class=\"screen-reader-text\">Rango de precios: desde Precio Normal 6,00&nbsp;&euro; incl.VAT hasta 8,00&nbsp;&euro; incl.VAT<\/span><\/span><\/span>\n<\/a><a href=\"https:\/\/www.estudidelmoble.com\/es\/producto\/revista-n-28-my-2019\/\" aria-describedby=\"woocommerce_loop_add_to_cart_link_describedby_20992\" data-quantity=\"1\" class=\"button product_type_variable add_to_cart_button\" data-product_id=\"20992\" data-product_sku=\"REV0028\" aria-label=\"Elige las opciones para &ldquo;Revista N\u00ba28, my. 2019&rdquo;\" rel=\"nofollow\">Seleccionar opciones<\/a>\t<span id=\"woocommerce_loop_add_to_cart_link_describedby_20992\" class=\"screen-reader-text\">\n\t\tEste producto tiene m\u00faltiples variantes. Las opciones se pueden elegir en la p\u00e1gina de producto\t<\/span>\n<\/li>\n<li class=\"product type-product post-20974 status-publish instock product_cat-revista-es has-post-thumbnail taxable shipping-taxable purchasable product-type-variable\">\n\t<a href=\"https:\/\/www.estudidelmoble.com\/es\/producto\/revista-n-27-nov-2018\/\" class=\"woocommerce-LoopProduct-link woocommerce-loop-product__link\"><img decoding=\"async\" width=\"300\" height=\"300\" src=\"https:\/\/www.estudidelmoble.com\/wp-content\/uploads\/2020\/12\/portada-rev-27-quadrada-300x300.jpg\" class=\"attachment-woocommerce_thumbnail size-woocommerce_thumbnail\" alt=\"Revista N\u00ba27, nov. 2018\" srcset=\"https:\/\/www.estudidelmoble.com\/wp-content\/uploads\/2020\/12\/portada-rev-27-quadrada-300x300.jpg 300w, https:\/\/www.estudidelmoble.com\/wp-content\/uploads\/2020\/12\/portada-rev-27-quadrada-100x100.jpg 100w, https:\/\/www.estudidelmoble.com\/wp-content\/uploads\/2020\/12\/portada-rev-27-quadrada-600x600.jpg 600w, https:\/\/www.estudidelmoble.com\/wp-content\/uploads\/2020\/12\/portada-rev-27-quadrada-1024x1024.jpg 1024w, https:\/\/www.estudidelmoble.com\/wp-content\/uploads\/2020\/12\/portada-rev-27-quadrada-150x150.jpg 150w, https:\/\/www.estudidelmoble.com\/wp-content\/uploads\/2020\/12\/portada-rev-27-quadrada-768x768.jpg 768w, https:\/\/www.estudidelmoble.com\/wp-content\/uploads\/2020\/12\/portada-rev-27-quadrada.jpg 1181w\" sizes=\"(max-width: 300px) 100vw, 300px\" \/><h2 class=\"woocommerce-loop-product__title\">Revista N\u00ba27, nov. 2018<\/h2>\n\t<span class=\"price\"><span class='ywcrbp_regular_price'>Precio Normal <span class=\"woocommerce-Price-amount amount\"><bdi>6,00&nbsp;<span class=\"woocommerce-Price-currencySymbol\">&euro;<\/span><\/bdi><\/span> <small class=\"woocommerce-price-suffix\">incl.VAT<\/small> <span aria-hidden=\"true\">-<\/span> <span class=\"woocommerce-Price-amount amount\"><bdi>8,00&nbsp;<span class=\"woocommerce-Price-currencySymbol\">&euro;<\/span><\/bdi><\/span> <small class=\"woocommerce-price-suffix\">incl.VAT<\/small><span class=\"screen-reader-text\">Rango de precios: desde Precio Normal 6,00&nbsp;&euro; incl.VAT hasta 8,00&nbsp;&euro; incl.VAT<\/span><\/span><\/span>\n<\/a><a href=\"https:\/\/www.estudidelmoble.com\/es\/producto\/revista-n-27-nov-2018\/\" aria-describedby=\"woocommerce_loop_add_to_cart_link_describedby_20974\" data-quantity=\"1\" class=\"button product_type_variable add_to_cart_button\" data-product_id=\"20974\" data-product_sku=\"REV0027\" aria-label=\"Elige las opciones para &ldquo;Revista N\u00ba27, nov. 2018&rdquo;\" rel=\"nofollow\">Seleccionar opciones<\/a>\t<span id=\"woocommerce_loop_add_to_cart_link_describedby_20974\" class=\"screen-reader-text\">\n\t\tEste producto tiene m\u00faltiples variantes. Las opciones se pueden elegir en la p\u00e1gina de producto\t<\/span>\n<\/li>\n<li class=\"product type-product post-21004 status-publish instock product_cat-revista-es has-post-thumbnail taxable shipping-taxable purchasable product-type-variable\">\n\t<a href=\"https:\/\/www.estudidelmoble.com\/es\/producto\/revista-n-26-my-2018\/\" class=\"woocommerce-LoopProduct-link woocommerce-loop-product__link\"><img loading=\"lazy\" decoding=\"async\" width=\"300\" height=\"300\" src=\"https:\/\/www.estudidelmoble.com\/wp-content\/uploads\/2020\/12\/portada-rev-26_page-0001-quadrada-300x300.jpg\" class=\"attachment-woocommerce_thumbnail size-woocommerce_thumbnail\" alt=\"Revista N\u00ba26, my. 2018\" srcset=\"https:\/\/www.estudidelmoble.com\/wp-content\/uploads\/2020\/12\/portada-rev-26_page-0001-quadrada-300x300.jpg 300w, https:\/\/www.estudidelmoble.com\/wp-content\/uploads\/2020\/12\/portada-rev-26_page-0001-quadrada-100x100.jpg 100w, https:\/\/www.estudidelmoble.com\/wp-content\/uploads\/2020\/12\/portada-rev-26_page-0001-quadrada-600x600.jpg 600w, https:\/\/www.estudidelmoble.com\/wp-content\/uploads\/2020\/12\/portada-rev-26_page-0001-quadrada-1024x1024.jpg 1024w, https:\/\/www.estudidelmoble.com\/wp-content\/uploads\/2020\/12\/portada-rev-26_page-0001-quadrada-150x150.jpg 150w, https:\/\/www.estudidelmoble.com\/wp-content\/uploads\/2020\/12\/portada-rev-26_page-0001-quadrada-768x768.jpg 768w, https:\/\/www.estudidelmoble.com\/wp-content\/uploads\/2020\/12\/portada-rev-26_page-0001-quadrada.jpg 1181w\" sizes=\"(max-width: 300px) 100vw, 300px\" \/><h2 class=\"woocommerce-loop-product__title\">Revista N\u00ba26, my. 2018<\/h2>\n\t<span class=\"price\"><span class='ywcrbp_regular_price'>Precio Normal <span class=\"woocommerce-Price-amount amount\"><bdi>6,00&nbsp;<span class=\"woocommerce-Price-currencySymbol\">&euro;<\/span><\/bdi><\/span> <small class=\"woocommerce-price-suffix\">incl.VAT<\/small> <span aria-hidden=\"true\">-<\/span> <span class=\"woocommerce-Price-amount amount\"><bdi>8,00&nbsp;<span class=\"woocommerce-Price-currencySymbol\">&euro;<\/span><\/bdi><\/span> <small class=\"woocommerce-price-suffix\">incl.VAT<\/small><span class=\"screen-reader-text\">Rango de precios: desde Precio Normal 6,00&nbsp;&euro; incl.VAT hasta 8,00&nbsp;&euro; incl.VAT<\/span><\/span><\/span>\n<\/a><a href=\"https:\/\/www.estudidelmoble.com\/es\/producto\/revista-n-26-my-2018\/\" aria-describedby=\"woocommerce_loop_add_to_cart_link_describedby_21004\" data-quantity=\"1\" class=\"button product_type_variable add_to_cart_button\" data-product_id=\"21004\" data-product_sku=\"REV0026\" aria-label=\"Elige las opciones para &ldquo;Revista N\u00ba26, my. 2018&rdquo;\" rel=\"nofollow\">Seleccionar opciones<\/a>\t<span id=\"woocommerce_loop_add_to_cart_link_describedby_21004\" class=\"screen-reader-text\">\n\t\tEste producto tiene m\u00faltiples variantes. Las opciones se pueden elegir en la p\u00e1gina de producto\t<\/span>\n<\/li>\n<li class=\"product type-product post-21018 status-publish instock product_cat-revista-es has-post-thumbnail taxable shipping-taxable purchasable product-type-variable\">\n\t<a href=\"https:\/\/www.estudidelmoble.com\/es\/producto\/revista-n-25-nov-2017\/\" class=\"woocommerce-LoopProduct-link woocommerce-loop-product__link\"><img loading=\"lazy\" decoding=\"async\" width=\"300\" height=\"300\" src=\"https:\/\/www.estudidelmoble.com\/wp-content\/uploads\/2020\/12\/portada-rev-25_page-0001-quadrada-300x300.jpg\" class=\"attachment-woocommerce_thumbnail size-woocommerce_thumbnail\" alt=\"Revista N\u00ba25, nov. 2017\" srcset=\"https:\/\/www.estudidelmoble.com\/wp-content\/uploads\/2020\/12\/portada-rev-25_page-0001-quadrada-300x300.jpg 300w, https:\/\/www.estudidelmoble.com\/wp-content\/uploads\/2020\/12\/portada-rev-25_page-0001-quadrada-100x100.jpg 100w, https:\/\/www.estudidelmoble.com\/wp-content\/uploads\/2020\/12\/portada-rev-25_page-0001-quadrada-600x600.jpg 600w, https:\/\/www.estudidelmoble.com\/wp-content\/uploads\/2020\/12\/portada-rev-25_page-0001-quadrada-1024x1024.jpg 1024w, https:\/\/www.estudidelmoble.com\/wp-content\/uploads\/2020\/12\/portada-rev-25_page-0001-quadrada-150x150.jpg 150w, https:\/\/www.estudidelmoble.com\/wp-content\/uploads\/2020\/12\/portada-rev-25_page-0001-quadrada-768x768.jpg 768w, https:\/\/www.estudidelmoble.com\/wp-content\/uploads\/2020\/12\/portada-rev-25_page-0001-quadrada.jpg 1181w\" sizes=\"(max-width: 300px) 100vw, 300px\" \/><h2 class=\"woocommerce-loop-product__title\">Revista N\u00ba25, nov. 2017<\/h2>\n\t<span class=\"price\"><span class='ywcrbp_regular_price'>Precio Normal <span class=\"woocommerce-Price-amount amount\"><bdi>6,00&nbsp;<span class=\"woocommerce-Price-currencySymbol\">&euro;<\/span><\/bdi><\/span> <small class=\"woocommerce-price-suffix\">incl.VAT<\/small> <span aria-hidden=\"true\">-<\/span> <span class=\"woocommerce-Price-amount amount\"><bdi>8,00&nbsp;<span class=\"woocommerce-Price-currencySymbol\">&euro;<\/span><\/bdi><\/span> <small class=\"woocommerce-price-suffix\">incl.VAT<\/small><span class=\"screen-reader-text\">Rango de precios: desde Precio Normal 6,00&nbsp;&euro; incl.VAT hasta 8,00&nbsp;&euro; incl.VAT<\/span><\/span><\/span>\n<\/a><a href=\"https:\/\/www.estudidelmoble.com\/es\/producto\/revista-n-25-nov-2017\/\" aria-describedby=\"woocommerce_loop_add_to_cart_link_describedby_21018\" data-quantity=\"1\" class=\"button product_type_variable add_to_cart_button\" data-product_id=\"21018\" data-product_sku=\"REV0025\" aria-label=\"Elige las opciones para &ldquo;Revista N\u00ba25, nov. 2017&rdquo;\" rel=\"nofollow\">Seleccionar opciones<\/a>\t<span id=\"woocommerce_loop_add_to_cart_link_describedby_21018\" class=\"screen-reader-text\">\n\t\tEste producto tiene m\u00faltiples variantes. Las opciones se pueden elegir en la p\u00e1gina de producto\t<\/span>\n<\/li>\n<li class=\"product type-product post-21035 status-publish last instock product_cat-revista-es has-post-thumbnail taxable shipping-taxable purchasable product-type-variable\">\n\t<a href=\"https:\/\/www.estudidelmoble.com\/es\/producto\/revista-n-24-jun-2017\/\" class=\"woocommerce-LoopProduct-link woocommerce-loop-product__link\"><img loading=\"lazy\" decoding=\"async\" width=\"300\" height=\"300\" src=\"https:\/\/www.estudidelmoble.com\/wp-content\/uploads\/2020\/12\/portada-rev-24-quadrada-300x300.jpg\" class=\"attachment-woocommerce_thumbnail size-woocommerce_thumbnail\" alt=\"Revista N\u00ba24, jun. 2017\" srcset=\"https:\/\/www.estudidelmoble.com\/wp-content\/uploads\/2020\/12\/portada-rev-24-quadrada-300x300.jpg 300w, https:\/\/www.estudidelmoble.com\/wp-content\/uploads\/2020\/12\/portada-rev-24-quadrada-100x100.jpg 100w, https:\/\/www.estudidelmoble.com\/wp-content\/uploads\/2020\/12\/portada-rev-24-quadrada-600x600.jpg 600w, https:\/\/www.estudidelmoble.com\/wp-content\/uploads\/2020\/12\/portada-rev-24-quadrada-1024x1024.jpg 1024w, https:\/\/www.estudidelmoble.com\/wp-content\/uploads\/2020\/12\/portada-rev-24-quadrada-150x150.jpg 150w, https:\/\/www.estudidelmoble.com\/wp-content\/uploads\/2020\/12\/portada-rev-24-quadrada-768x768.jpg 768w, https:\/\/www.estudidelmoble.com\/wp-content\/uploads\/2020\/12\/portada-rev-24-quadrada.jpg 1181w\" sizes=\"(max-width: 300px) 100vw, 300px\" \/><h2 class=\"woocommerce-loop-product__title\">Revista N\u00ba24, jun. 2017<\/h2>\n\t<span class=\"price\"><span class='ywcrbp_regular_price'>Precio Normal <span class=\"woocommerce-Price-amount amount\"><bdi>6,00&nbsp;<span class=\"woocommerce-Price-currencySymbol\">&euro;<\/span><\/bdi><\/span> <small class=\"woocommerce-price-suffix\">incl.VAT<\/small> <span aria-hidden=\"true\">-<\/span> <span class=\"woocommerce-Price-amount amount\"><bdi>8,00&nbsp;<span class=\"woocommerce-Price-currencySymbol\">&euro;<\/span><\/bdi><\/span> <small class=\"woocommerce-price-suffix\">incl.VAT<\/small><span class=\"screen-reader-text\">Rango de precios: desde Precio Normal 6,00&nbsp;&euro; incl.VAT hasta 8,00&nbsp;&euro; incl.VAT<\/span><\/span><\/span>\n<\/a><a href=\"https:\/\/www.estudidelmoble.com\/es\/producto\/revista-n-24-jun-2017\/\" aria-describedby=\"woocommerce_loop_add_to_cart_link_describedby_21035\" data-quantity=\"1\" class=\"button product_type_variable add_to_cart_button\" data-product_id=\"21035\" data-product_sku=\"REV0024\" aria-label=\"Elige las opciones para &ldquo;Revista N\u00ba24, jun. 2017&rdquo;\" rel=\"nofollow\">Seleccionar opciones<\/a>\t<span id=\"woocommerce_loop_add_to_cart_link_describedby_21035\" class=\"screen-reader-text\">\n\t\tEste producto tiene m\u00faltiples variantes. Las opciones se pueden elegir en la p\u00e1gina de producto\t<\/span>\n<\/li>\n<li class=\"product type-product post-21049 status-publish first instock product_cat-revista-es has-post-thumbnail taxable shipping-taxable purchasable product-type-variable\">\n\t<a href=\"https:\/\/www.estudidelmoble.com\/es\/producto\/revista-n-23-dic-2016\/\" class=\"woocommerce-LoopProduct-link woocommerce-loop-product__link\"><img loading=\"lazy\" decoding=\"async\" width=\"300\" height=\"300\" src=\"https:\/\/www.estudidelmoble.com\/wp-content\/uploads\/2020\/12\/portada-rev-23-quadrada-300x300.jpg\" class=\"attachment-woocommerce_thumbnail size-woocommerce_thumbnail\" alt=\"Revista N\u00ba23, dic. 2016\" srcset=\"https:\/\/www.estudidelmoble.com\/wp-content\/uploads\/2020\/12\/portada-rev-23-quadrada-300x300.jpg 300w, https:\/\/www.estudidelmoble.com\/wp-content\/uploads\/2020\/12\/portada-rev-23-quadrada-100x100.jpg 100w, https:\/\/www.estudidelmoble.com\/wp-content\/uploads\/2020\/12\/portada-rev-23-quadrada-600x600.jpg 600w, https:\/\/www.estudidelmoble.com\/wp-content\/uploads\/2020\/12\/portada-rev-23-quadrada-1024x1024.jpg 1024w, https:\/\/www.estudidelmoble.com\/wp-content\/uploads\/2020\/12\/portada-rev-23-quadrada-150x150.jpg 150w, https:\/\/www.estudidelmoble.com\/wp-content\/uploads\/2020\/12\/portada-rev-23-quadrada-768x768.jpg 768w, https:\/\/www.estudidelmoble.com\/wp-content\/uploads\/2020\/12\/portada-rev-23-quadrada.jpg 1181w\" sizes=\"(max-width: 300px) 100vw, 300px\" \/><h2 class=\"woocommerce-loop-product__title\">Revista N\u00ba23, dic. 2016<\/h2>\n\t<span class=\"price\"><span class='ywcrbp_regular_price'>Precio Normal <span class=\"woocommerce-Price-amount amount\"><bdi>6,00&nbsp;<span class=\"woocommerce-Price-currencySymbol\">&euro;<\/span><\/bdi><\/span> <small class=\"woocommerce-price-suffix\">incl.VAT<\/small> <span aria-hidden=\"true\">-<\/span> <span class=\"woocommerce-Price-amount amount\"><bdi>8,00&nbsp;<span class=\"woocommerce-Price-currencySymbol\">&euro;<\/span><\/bdi><\/span> <small class=\"woocommerce-price-suffix\">incl.VAT<\/small><span class=\"screen-reader-text\">Rango de precios: desde Precio Normal 6,00&nbsp;&euro; incl.VAT hasta 8,00&nbsp;&euro; incl.VAT<\/span><\/span><\/span>\n<\/a><a href=\"https:\/\/www.estudidelmoble.com\/es\/producto\/revista-n-23-dic-2016\/\" aria-describedby=\"woocommerce_loop_add_to_cart_link_describedby_21049\" data-quantity=\"1\" class=\"button product_type_variable add_to_cart_button\" data-product_id=\"21049\" data-product_sku=\"REV0023\" aria-label=\"Elige las opciones para &ldquo;Revista N\u00ba23, dic. 2016&rdquo;\" rel=\"nofollow\">Seleccionar opciones<\/a>\t<span id=\"woocommerce_loop_add_to_cart_link_describedby_21049\" class=\"screen-reader-text\">\n\t\tEste producto tiene m\u00faltiples variantes. Las opciones se pueden elegir en la p\u00e1gina de producto\t<\/span>\n<\/li>\n<li class=\"product type-product post-21063 status-publish instock product_cat-revista-es has-post-thumbnail taxable shipping-taxable purchasable product-type-variable\">\n\t<a href=\"https:\/\/www.estudidelmoble.com\/es\/producto\/revista-n-22-my-2016\/\" class=\"woocommerce-LoopProduct-link woocommerce-loop-product__link\"><img loading=\"lazy\" decoding=\"async\" width=\"300\" height=\"300\" src=\"https:\/\/www.estudidelmoble.com\/wp-content\/uploads\/2020\/12\/portada-rev-22-quadrada-300x300.jpg\" class=\"attachment-woocommerce_thumbnail size-woocommerce_thumbnail\" alt=\"Revista N\u00ba22, my. 2016\" srcset=\"https:\/\/www.estudidelmoble.com\/wp-content\/uploads\/2020\/12\/portada-rev-22-quadrada-300x300.jpg 300w, https:\/\/www.estudidelmoble.com\/wp-content\/uploads\/2020\/12\/portada-rev-22-quadrada-100x100.jpg 100w, https:\/\/www.estudidelmoble.com\/wp-content\/uploads\/2020\/12\/portada-rev-22-quadrada-600x600.jpg 600w, https:\/\/www.estudidelmoble.com\/wp-content\/uploads\/2020\/12\/portada-rev-22-quadrada-1024x1024.jpg 1024w, https:\/\/www.estudidelmoble.com\/wp-content\/uploads\/2020\/12\/portada-rev-22-quadrada-150x150.jpg 150w, https:\/\/www.estudidelmoble.com\/wp-content\/uploads\/2020\/12\/portada-rev-22-quadrada-768x768.jpg 768w, https:\/\/www.estudidelmoble.com\/wp-content\/uploads\/2020\/12\/portada-rev-22-quadrada.jpg 1181w\" sizes=\"(max-width: 300px) 100vw, 300px\" \/><h2 class=\"woocommerce-loop-product__title\">Revista N\u00ba22, my. 2016<\/h2>\n\t<span class=\"price\"><span class='ywcrbp_regular_price'>Precio Normal <span class=\"woocommerce-Price-amount amount\"><bdi>6,00&nbsp;<span class=\"woocommerce-Price-currencySymbol\">&euro;<\/span><\/bdi><\/span> <small class=\"woocommerce-price-suffix\">incl.VAT<\/small> <span aria-hidden=\"true\">-<\/span> <span class=\"woocommerce-Price-amount amount\"><bdi>8,00&nbsp;<span class=\"woocommerce-Price-currencySymbol\">&euro;<\/span><\/bdi><\/span> <small class=\"woocommerce-price-suffix\">incl.VAT<\/small><span class=\"screen-reader-text\">Rango de precios: desde Precio Normal 6,00&nbsp;&euro; incl.VAT hasta 8,00&nbsp;&euro; incl.VAT<\/span><\/span><\/span>\n<\/a><a href=\"https:\/\/www.estudidelmoble.com\/es\/producto\/revista-n-22-my-2016\/\" aria-describedby=\"woocommerce_loop_add_to_cart_link_describedby_21063\" data-quantity=\"1\" class=\"button product_type_variable add_to_cart_button\" data-product_id=\"21063\" data-product_sku=\"REV0022\" aria-label=\"Elige las opciones para &ldquo;Revista N\u00ba22, my. 2016&rdquo;\" rel=\"nofollow\">Seleccionar opciones<\/a>\t<span id=\"woocommerce_loop_add_to_cart_link_describedby_21063\" class=\"screen-reader-text\">\n\t\tEste producto tiene m\u00faltiples variantes. Las opciones se pueden elegir en la p\u00e1gina de producto\t<\/span>\n<\/li>\n<li class=\"product type-product post-21077 status-publish instock product_cat-revista-es has-post-thumbnail taxable shipping-taxable purchasable product-type-variable\">\n\t<a href=\"https:\/\/www.estudidelmoble.com\/es\/producto\/revista-n-21-oct-2015\/\" class=\"woocommerce-LoopProduct-link woocommerce-loop-product__link\"><img loading=\"lazy\" decoding=\"async\" width=\"300\" height=\"300\" src=\"https:\/\/www.estudidelmoble.com\/wp-content\/uploads\/2020\/12\/portada-rev-21-quadrada-300x300.jpg\" class=\"attachment-woocommerce_thumbnail size-woocommerce_thumbnail\" alt=\"Revista N\u00ba21, oct. 2015\" srcset=\"https:\/\/www.estudidelmoble.com\/wp-content\/uploads\/2020\/12\/portada-rev-21-quadrada-300x300.jpg 300w, https:\/\/www.estudidelmoble.com\/wp-content\/uploads\/2020\/12\/portada-rev-21-quadrada-100x100.jpg 100w, https:\/\/www.estudidelmoble.com\/wp-content\/uploads\/2020\/12\/portada-rev-21-quadrada-600x600.jpg 600w, https:\/\/www.estudidelmoble.com\/wp-content\/uploads\/2020\/12\/portada-rev-21-quadrada-1024x1024.jpg 1024w, https:\/\/www.estudidelmoble.com\/wp-content\/uploads\/2020\/12\/portada-rev-21-quadrada-150x150.jpg 150w, https:\/\/www.estudidelmoble.com\/wp-content\/uploads\/2020\/12\/portada-rev-21-quadrada-768x768.jpg 768w, https:\/\/www.estudidelmoble.com\/wp-content\/uploads\/2020\/12\/portada-rev-21-quadrada.jpg 1181w\" sizes=\"(max-width: 300px) 100vw, 300px\" \/><h2 class=\"woocommerce-loop-product__title\">Revista N\u00ba21, oct. 2015<\/h2>\n\t<span class=\"price\"><span class='ywcrbp_regular_price'>Precio Normal <span class=\"woocommerce-Price-amount amount\"><bdi>6,00&nbsp;<span class=\"woocommerce-Price-currencySymbol\">&euro;<\/span><\/bdi><\/span> <small class=\"woocommerce-price-suffix\">incl.VAT<\/small> <span aria-hidden=\"true\">-<\/span> <span class=\"woocommerce-Price-amount amount\"><bdi>8,00&nbsp;<span class=\"woocommerce-Price-currencySymbol\">&euro;<\/span><\/bdi><\/span> <small class=\"woocommerce-price-suffix\">incl.VAT<\/small><span class=\"screen-reader-text\">Rango de precios: desde Precio Normal 6,00&nbsp;&euro; incl.VAT hasta 8,00&nbsp;&euro; incl.VAT<\/span><\/span><\/span>\n<\/a><a href=\"https:\/\/www.estudidelmoble.com\/es\/producto\/revista-n-21-oct-2015\/\" aria-describedby=\"woocommerce_loop_add_to_cart_link_describedby_21077\" data-quantity=\"1\" class=\"button product_type_variable add_to_cart_button\" data-product_id=\"21077\" data-product_sku=\"REV0021\" aria-label=\"Elige las opciones para &ldquo;Revista N\u00ba21, oct. 2015&rdquo;\" rel=\"nofollow\">Seleccionar opciones<\/a>\t<span id=\"woocommerce_loop_add_to_cart_link_describedby_21077\" class=\"screen-reader-text\">\n\t\tEste producto tiene m\u00faltiples variantes. Las opciones se pueden elegir en la p\u00e1gina de producto\t<\/span>\n<\/li>\n<li class=\"product type-product post-21091 status-publish instock product_cat-revista-es has-post-thumbnail taxable shipping-taxable purchasable product-type-variable\">\n\t<a href=\"https:\/\/www.estudidelmoble.com\/es\/producto\/revista-n-20-nov-2014\/\" class=\"woocommerce-LoopProduct-link woocommerce-loop-product__link\"><img loading=\"lazy\" decoding=\"async\" width=\"300\" height=\"300\" src=\"https:\/\/www.estudidelmoble.com\/wp-content\/uploads\/2020\/12\/portada-rev-20_page-0001-quadrada-300x300.jpg\" class=\"attachment-woocommerce_thumbnail size-woocommerce_thumbnail\" alt=\"Revista N\u00ba20, nov. 2014\" srcset=\"https:\/\/www.estudidelmoble.com\/wp-content\/uploads\/2020\/12\/portada-rev-20_page-0001-quadrada-300x300.jpg 300w, https:\/\/www.estudidelmoble.com\/wp-content\/uploads\/2020\/12\/portada-rev-20_page-0001-quadrada-100x100.jpg 100w, https:\/\/www.estudidelmoble.com\/wp-content\/uploads\/2020\/12\/portada-rev-20_page-0001-quadrada-600x600.jpg 600w, https:\/\/www.estudidelmoble.com\/wp-content\/uploads\/2020\/12\/portada-rev-20_page-0001-quadrada-1024x1024.jpg 1024w, https:\/\/www.estudidelmoble.com\/wp-content\/uploads\/2020\/12\/portada-rev-20_page-0001-quadrada-150x150.jpg 150w, https:\/\/www.estudidelmoble.com\/wp-content\/uploads\/2020\/12\/portada-rev-20_page-0001-quadrada-768x768.jpg 768w, https:\/\/www.estudidelmoble.com\/wp-content\/uploads\/2020\/12\/portada-rev-20_page-0001-quadrada.jpg 1181w\" sizes=\"(max-width: 300px) 100vw, 300px\" \/><h2 class=\"woocommerce-loop-product__title\">Revista N\u00ba20, nov. 2014<\/h2>\n\t<span class=\"price\"><span class='ywcrbp_regular_price'>Precio Normal <span class=\"woocommerce-Price-amount amount\"><bdi>6,00&nbsp;<span class=\"woocommerce-Price-currencySymbol\">&euro;<\/span><\/bdi><\/span> <small class=\"woocommerce-price-suffix\">incl.VAT<\/small> <span aria-hidden=\"true\">-<\/span> <span class=\"woocommerce-Price-amount amount\"><bdi>8,00&nbsp;<span class=\"woocommerce-Price-currencySymbol\">&euro;<\/span><\/bdi><\/span> <small class=\"woocommerce-price-suffix\">incl.VAT<\/small><span class=\"screen-reader-text\">Rango de precios: desde Precio Normal 6,00&nbsp;&euro; incl.VAT hasta 8,00&nbsp;&euro; incl.VAT<\/span><\/span><\/span>\n<\/a><a href=\"https:\/\/www.estudidelmoble.com\/es\/producto\/revista-n-20-nov-2014\/\" aria-describedby=\"woocommerce_loop_add_to_cart_link_describedby_21091\" data-quantity=\"1\" class=\"button product_type_variable add_to_cart_button\" data-product_id=\"21091\" data-product_sku=\"REV0020\" aria-label=\"Elige las opciones para &ldquo;Revista N\u00ba20, nov. 2014&rdquo;\" rel=\"nofollow\">Seleccionar opciones<\/a>\t<span id=\"woocommerce_loop_add_to_cart_link_describedby_21091\" class=\"screen-reader-text\">\n\t\tEste producto tiene m\u00faltiples variantes. Las opciones se pueden elegir en la p\u00e1gina de producto\t<\/span>\n<\/li>\n<li class=\"product type-product post-21114 status-publish instock product_cat-revista-es has-post-thumbnail taxable shipping-taxable purchasable product-type-variable\">\n\t<a href=\"https:\/\/www.estudidelmoble.com\/es\/producto\/revista-n-19-my-2014\/\" class=\"woocommerce-LoopProduct-link woocommerce-loop-product__link\"><img loading=\"lazy\" decoding=\"async\" width=\"300\" height=\"300\" src=\"https:\/\/www.estudidelmoble.com\/wp-content\/uploads\/2020\/12\/portada-rev-19-quadrada-300x300.jpg\" class=\"attachment-woocommerce_thumbnail size-woocommerce_thumbnail\" alt=\"Revista N\u00ba19, my. 2014\" srcset=\"https:\/\/www.estudidelmoble.com\/wp-content\/uploads\/2020\/12\/portada-rev-19-quadrada-300x300.jpg 300w, https:\/\/www.estudidelmoble.com\/wp-content\/uploads\/2020\/12\/portada-rev-19-quadrada-100x100.jpg 100w, https:\/\/www.estudidelmoble.com\/wp-content\/uploads\/2020\/12\/portada-rev-19-quadrada-600x600.jpg 600w, https:\/\/www.estudidelmoble.com\/wp-content\/uploads\/2020\/12\/portada-rev-19-quadrada-1024x1024.jpg 1024w, https:\/\/www.estudidelmoble.com\/wp-content\/uploads\/2020\/12\/portada-rev-19-quadrada-150x150.jpg 150w, https:\/\/www.estudidelmoble.com\/wp-content\/uploads\/2020\/12\/portada-rev-19-quadrada-768x768.jpg 768w, https:\/\/www.estudidelmoble.com\/wp-content\/uploads\/2020\/12\/portada-rev-19-quadrada.jpg 1181w\" sizes=\"(max-width: 300px) 100vw, 300px\" \/><h2 class=\"woocommerce-loop-product__title\">Revista N\u00ba19, my. 2014<\/h2>\n\t<span class=\"price\"><span class='ywcrbp_regular_price'>Precio Normal <span class=\"woocommerce-Price-amount amount\"><bdi>6,00&nbsp;<span class=\"woocommerce-Price-currencySymbol\">&euro;<\/span><\/bdi><\/span> <small class=\"woocommerce-price-suffix\">incl.VAT<\/small> <span aria-hidden=\"true\">-<\/span> <span class=\"woocommerce-Price-amount amount\"><bdi>8,00&nbsp;<span class=\"woocommerce-Price-currencySymbol\">&euro;<\/span><\/bdi><\/span> <small class=\"woocommerce-price-suffix\">incl.VAT<\/small><span class=\"screen-reader-text\">Rango de precios: desde Precio Normal 6,00&nbsp;&euro; incl.VAT hasta 8,00&nbsp;&euro; incl.VAT<\/span><\/span><\/span>\n<\/a><a href=\"https:\/\/www.estudidelmoble.com\/es\/producto\/revista-n-19-my-2014\/\" aria-describedby=\"woocommerce_loop_add_to_cart_link_describedby_21114\" data-quantity=\"1\" class=\"button product_type_variable add_to_cart_button\" data-product_id=\"21114\" data-product_sku=\"REV0019\" aria-label=\"Elige las opciones para &ldquo;Revista N\u00ba19, my. 2014&rdquo;\" rel=\"nofollow\">Seleccionar opciones<\/a>\t<span id=\"woocommerce_loop_add_to_cart_link_describedby_21114\" class=\"screen-reader-text\">\n\t\tEste producto tiene m\u00faltiples variantes. Las opciones se pueden elegir en la p\u00e1gina de producto\t<\/span>\n<\/li>\n<li class=\"product type-product post-21131 status-publish last instock product_cat-revista-es has-post-thumbnail taxable shipping-taxable purchasable product-type-variable\">\n\t<a href=\"https:\/\/www.estudidelmoble.com\/es\/producto\/revista-n-18-nov-2013\/\" class=\"woocommerce-LoopProduct-link woocommerce-loop-product__link\"><img loading=\"lazy\" decoding=\"async\" width=\"300\" height=\"300\" src=\"https:\/\/www.estudidelmoble.com\/wp-content\/uploads\/2020\/12\/portada-rev-18_page-0001-quadrada-300x300.jpg\" class=\"attachment-woocommerce_thumbnail size-woocommerce_thumbnail\" alt=\"Revista N\u00ba18, nov. 2013\" srcset=\"https:\/\/www.estudidelmoble.com\/wp-content\/uploads\/2020\/12\/portada-rev-18_page-0001-quadrada-300x300.jpg 300w, https:\/\/www.estudidelmoble.com\/wp-content\/uploads\/2020\/12\/portada-rev-18_page-0001-quadrada-100x100.jpg 100w, https:\/\/www.estudidelmoble.com\/wp-content\/uploads\/2020\/12\/portada-rev-18_page-0001-quadrada-600x600.jpg 600w, https:\/\/www.estudidelmoble.com\/wp-content\/uploads\/2020\/12\/portada-rev-18_page-0001-quadrada-1024x1024.jpg 1024w, https:\/\/www.estudidelmoble.com\/wp-content\/uploads\/2020\/12\/portada-rev-18_page-0001-quadrada-150x150.jpg 150w, https:\/\/www.estudidelmoble.com\/wp-content\/uploads\/2020\/12\/portada-rev-18_page-0001-quadrada-768x768.jpg 768w, https:\/\/www.estudidelmoble.com\/wp-content\/uploads\/2020\/12\/portada-rev-18_page-0001-quadrada.jpg 1181w\" sizes=\"(max-width: 300px) 100vw, 300px\" \/><h2 class=\"woocommerce-loop-product__title\">Revista N\u00ba18, nov. 2013<\/h2>\n\t<span class=\"price\"><span class='ywcrbp_regular_price'>Precio Normal <span class=\"woocommerce-Price-amount amount\"><bdi>6,00&nbsp;<span class=\"woocommerce-Price-currencySymbol\">&euro;<\/span><\/bdi><\/span> <small class=\"woocommerce-price-suffix\">incl.VAT<\/small> <span aria-hidden=\"true\">-<\/span> <span class=\"woocommerce-Price-amount amount\"><bdi>8,00&nbsp;<span class=\"woocommerce-Price-currencySymbol\">&euro;<\/span><\/bdi><\/span> <small class=\"woocommerce-price-suffix\">incl.VAT<\/small><span class=\"screen-reader-text\">Rango de precios: desde Precio Normal 6,00&nbsp;&euro; incl.VAT hasta 8,00&nbsp;&euro; incl.VAT<\/span><\/span><\/span>\n<\/a><a href=\"https:\/\/www.estudidelmoble.com\/es\/producto\/revista-n-18-nov-2013\/\" aria-describedby=\"woocommerce_loop_add_to_cart_link_describedby_21131\" data-quantity=\"1\" class=\"button product_type_variable add_to_cart_button\" data-product_id=\"21131\" data-product_sku=\"REV0018\" aria-label=\"Elige las opciones para &ldquo;Revista N\u00ba18, nov. 2013&rdquo;\" rel=\"nofollow\">Seleccionar opciones<\/a>\t<span id=\"woocommerce_loop_add_to_cart_link_describedby_21131\" class=\"screen-reader-text\">\n\t\tEste producto tiene m\u00faltiples variantes. Las opciones se pueden elegir en la p\u00e1gina de producto\t<\/span>\n<\/li>\n<li class=\"product type-product post-21147 status-publish first instock product_cat-revista-es has-post-thumbnail taxable shipping-taxable purchasable product-type-variable\">\n\t<a href=\"https:\/\/www.estudidelmoble.com\/es\/producto\/revista-n-17-my-2013\/\" class=\"woocommerce-LoopProduct-link woocommerce-loop-product__link\"><img loading=\"lazy\" decoding=\"async\" width=\"300\" height=\"300\" src=\"https:\/\/www.estudidelmoble.com\/wp-content\/uploads\/2020\/12\/portada-rev-17_page-0001-quadrada-300x300.jpg\" class=\"attachment-woocommerce_thumbnail size-woocommerce_thumbnail\" alt=\"Revista N\u00ba17, my. 2013\" srcset=\"https:\/\/www.estudidelmoble.com\/wp-content\/uploads\/2020\/12\/portada-rev-17_page-0001-quadrada-300x300.jpg 300w, https:\/\/www.estudidelmoble.com\/wp-content\/uploads\/2020\/12\/portada-rev-17_page-0001-quadrada-100x100.jpg 100w, https:\/\/www.estudidelmoble.com\/wp-content\/uploads\/2020\/12\/portada-rev-17_page-0001-quadrada-600x600.jpg 600w, https:\/\/www.estudidelmoble.com\/wp-content\/uploads\/2020\/12\/portada-rev-17_page-0001-quadrada-1024x1024.jpg 1024w, https:\/\/www.estudidelmoble.com\/wp-content\/uploads\/2020\/12\/portada-rev-17_page-0001-quadrada-150x150.jpg 150w, https:\/\/www.estudidelmoble.com\/wp-content\/uploads\/2020\/12\/portada-rev-17_page-0001-quadrada-768x768.jpg 768w, https:\/\/www.estudidelmoble.com\/wp-content\/uploads\/2020\/12\/portada-rev-17_page-0001-quadrada.jpg 1181w\" sizes=\"(max-width: 300px) 100vw, 300px\" \/><h2 class=\"woocommerce-loop-product__title\">Revista N\u00ba17, my. 2013<\/h2>\n\t<span class=\"price\"><span class='ywcrbp_regular_price'>Precio Normal <span class=\"woocommerce-Price-amount amount\"><bdi>6,00&nbsp;<span class=\"woocommerce-Price-currencySymbol\">&euro;<\/span><\/bdi><\/span> <small class=\"woocommerce-price-suffix\">incl.VAT<\/small> <span aria-hidden=\"true\">-<\/span> <span class=\"woocommerce-Price-amount amount\"><bdi>8,00&nbsp;<span class=\"woocommerce-Price-currencySymbol\">&euro;<\/span><\/bdi><\/span> <small class=\"woocommerce-price-suffix\">incl.VAT<\/small><span class=\"screen-reader-text\">Rango de precios: desde Precio Normal 6,00&nbsp;&euro; incl.VAT hasta 8,00&nbsp;&euro; incl.VAT<\/span><\/span><\/span>\n<\/a><a href=\"https:\/\/www.estudidelmoble.com\/es\/producto\/revista-n-17-my-2013\/\" aria-describedby=\"woocommerce_loop_add_to_cart_link_describedby_21147\" data-quantity=\"1\" class=\"button product_type_variable add_to_cart_button\" data-product_id=\"21147\" data-product_sku=\"REV0017\" aria-label=\"Elige las opciones para &ldquo;Revista N\u00ba17, my. 2013&rdquo;\" rel=\"nofollow\">Seleccionar opciones<\/a>\t<span id=\"woocommerce_loop_add_to_cart_link_describedby_21147\" class=\"screen-reader-text\">\n\t\tEste producto tiene m\u00faltiples variantes. Las opciones se pueden elegir en la p\u00e1gina de producto\t<\/span>\n<\/li>\n<li class=\"product type-product post-21161 status-publish instock product_cat-revista-es has-post-thumbnail taxable shipping-taxable purchasable product-type-variable\">\n\t<a href=\"https:\/\/www.estudidelmoble.com\/es\/producto\/revista-n-16-nov-2012\/\" class=\"woocommerce-LoopProduct-link woocommerce-loop-product__link\"><img loading=\"lazy\" decoding=\"async\" width=\"300\" height=\"300\" src=\"https:\/\/www.estudidelmoble.com\/wp-content\/uploads\/2020\/12\/portada-rev-16-quadrada-300x300.jpg\" class=\"attachment-woocommerce_thumbnail size-woocommerce_thumbnail\" alt=\"Revista N\u00ba16, nov. 2012\" srcset=\"https:\/\/www.estudidelmoble.com\/wp-content\/uploads\/2020\/12\/portada-rev-16-quadrada-300x300.jpg 300w, https:\/\/www.estudidelmoble.com\/wp-content\/uploads\/2020\/12\/portada-rev-16-quadrada-100x100.jpg 100w, https:\/\/www.estudidelmoble.com\/wp-content\/uploads\/2020\/12\/portada-rev-16-quadrada-600x600.jpg 600w, https:\/\/www.estudidelmoble.com\/wp-content\/uploads\/2020\/12\/portada-rev-16-quadrada-1024x1024.jpg 1024w, https:\/\/www.estudidelmoble.com\/wp-content\/uploads\/2020\/12\/portada-rev-16-quadrada-150x150.jpg 150w, https:\/\/www.estudidelmoble.com\/wp-content\/uploads\/2020\/12\/portada-rev-16-quadrada-768x768.jpg 768w, https:\/\/www.estudidelmoble.com\/wp-content\/uploads\/2020\/12\/portada-rev-16-quadrada.jpg 1181w\" sizes=\"(max-width: 300px) 100vw, 300px\" \/><h2 class=\"woocommerce-loop-product__title\">Revista N\u00ba16, nov. 2012<\/h2>\n\t<span class=\"price\"><span class='ywcrbp_regular_price'>Precio Normal <span class=\"woocommerce-Price-amount amount\"><bdi>4,00&nbsp;<span class=\"woocommerce-Price-currencySymbol\">&euro;<\/span><\/bdi><\/span> <small class=\"woocommerce-price-suffix\">incl.VAT<\/small> <span aria-hidden=\"true\">-<\/span> <span class=\"woocommerce-Price-amount amount\"><bdi>6,00&nbsp;<span class=\"woocommerce-Price-currencySymbol\">&euro;<\/span><\/bdi><\/span> <small class=\"woocommerce-price-suffix\">incl.VAT<\/small><span class=\"screen-reader-text\">Rango de precios: desde Precio Normal 4,00&nbsp;&euro; incl.VAT hasta 6,00&nbsp;&euro; incl.VAT<\/span><\/span><\/span>\n<\/a><a href=\"https:\/\/www.estudidelmoble.com\/es\/producto\/revista-n-16-nov-2012\/\" aria-describedby=\"woocommerce_loop_add_to_cart_link_describedby_21161\" data-quantity=\"1\" class=\"button product_type_variable add_to_cart_button\" data-product_id=\"21161\" data-product_sku=\"REV0016\" aria-label=\"Elige las opciones para &ldquo;Revista N\u00ba16, nov. 2012&rdquo;\" rel=\"nofollow\">Seleccionar opciones<\/a>\t<span id=\"woocommerce_loop_add_to_cart_link_describedby_21161\" class=\"screen-reader-text\">\n\t\tEste producto tiene m\u00faltiples variantes. Las opciones se pueden elegir en la p\u00e1gina de producto\t<\/span>\n<\/li>\n<li class=\"product type-product post-21175 status-publish instock product_cat-revista-es has-post-thumbnail taxable shipping-taxable purchasable product-type-variable\">\n\t<a href=\"https:\/\/www.estudidelmoble.com\/es\/producto\/revista-n-15-my-2012\/\" class=\"woocommerce-LoopProduct-link woocommerce-loop-product__link\"><img loading=\"lazy\" decoding=\"async\" width=\"300\" height=\"300\" src=\"https:\/\/www.estudidelmoble.com\/wp-content\/uploads\/2020\/12\/portada-rev-15_page-0001-quadrada-300x300.jpg\" class=\"attachment-woocommerce_thumbnail size-woocommerce_thumbnail\" alt=\"Revista N\u00ba15, my. 2012\" srcset=\"https:\/\/www.estudidelmoble.com\/wp-content\/uploads\/2020\/12\/portada-rev-15_page-0001-quadrada-300x300.jpg 300w, https:\/\/www.estudidelmoble.com\/wp-content\/uploads\/2020\/12\/portada-rev-15_page-0001-quadrada-100x100.jpg 100w, https:\/\/www.estudidelmoble.com\/wp-content\/uploads\/2020\/12\/portada-rev-15_page-0001-quadrada-600x600.jpg 600w, https:\/\/www.estudidelmoble.com\/wp-content\/uploads\/2020\/12\/portada-rev-15_page-0001-quadrada-1024x1024.jpg 1024w, https:\/\/www.estudidelmoble.com\/wp-content\/uploads\/2020\/12\/portada-rev-15_page-0001-quadrada-150x150.jpg 150w, https:\/\/www.estudidelmoble.com\/wp-content\/uploads\/2020\/12\/portada-rev-15_page-0001-quadrada-768x768.jpg 768w, https:\/\/www.estudidelmoble.com\/wp-content\/uploads\/2020\/12\/portada-rev-15_page-0001-quadrada.jpg 1181w\" sizes=\"(max-width: 300px) 100vw, 300px\" \/><h2 class=\"woocommerce-loop-product__title\">Revista N\u00ba15, my. 2012<\/h2>\n\t<span class=\"price\"><span class='ywcrbp_regular_price'>Precio Normal <span class=\"woocommerce-Price-amount amount\"><bdi>4,00&nbsp;<span class=\"woocommerce-Price-currencySymbol\">&euro;<\/span><\/bdi><\/span> <small class=\"woocommerce-price-suffix\">incl.VAT<\/small> <span aria-hidden=\"true\">-<\/span> <span class=\"woocommerce-Price-amount amount\"><bdi>6,00&nbsp;<span class=\"woocommerce-Price-currencySymbol\">&euro;<\/span><\/bdi><\/span> <small class=\"woocommerce-price-suffix\">incl.VAT<\/small><span class=\"screen-reader-text\">Rango de precios: desde Precio Normal 4,00&nbsp;&euro; incl.VAT hasta 6,00&nbsp;&euro; incl.VAT<\/span><\/span><\/span>\n<\/a><a href=\"https:\/\/www.estudidelmoble.com\/es\/producto\/revista-n-15-my-2012\/\" aria-describedby=\"woocommerce_loop_add_to_cart_link_describedby_21175\" data-quantity=\"1\" class=\"button product_type_variable add_to_cart_button\" data-product_id=\"21175\" data-product_sku=\"REV0015\" aria-label=\"Elige las opciones para &ldquo;Revista N\u00ba15, my. 2012&rdquo;\" rel=\"nofollow\">Seleccionar opciones<\/a>\t<span id=\"woocommerce_loop_add_to_cart_link_describedby_21175\" class=\"screen-reader-text\">\n\t\tEste producto tiene m\u00faltiples variantes. Las opciones se pueden elegir en la p\u00e1gina de producto\t<\/span>\n<\/li>\n<li class=\"product type-product post-21189 status-publish instock product_cat-revista-es has-post-thumbnail taxable shipping-taxable purchasable product-type-variable\">\n\t<a href=\"https:\/\/www.estudidelmoble.com\/es\/producto\/revista-n-14-nov-2011\/\" class=\"woocommerce-LoopProduct-link woocommerce-loop-product__link\"><img loading=\"lazy\" decoding=\"async\" width=\"300\" height=\"300\" src=\"https:\/\/www.estudidelmoble.com\/wp-content\/uploads\/2020\/12\/portada-rev-14_page-0001-quadrada-300x300.jpg\" class=\"attachment-woocommerce_thumbnail size-woocommerce_thumbnail\" alt=\"Revista N\u00ba14, nov. 2011\" srcset=\"https:\/\/www.estudidelmoble.com\/wp-content\/uploads\/2020\/12\/portada-rev-14_page-0001-quadrada-300x300.jpg 300w, https:\/\/www.estudidelmoble.com\/wp-content\/uploads\/2020\/12\/portada-rev-14_page-0001-quadrada-100x100.jpg 100w, https:\/\/www.estudidelmoble.com\/wp-content\/uploads\/2020\/12\/portada-rev-14_page-0001-quadrada-600x600.jpg 600w, https:\/\/www.estudidelmoble.com\/wp-content\/uploads\/2020\/12\/portada-rev-14_page-0001-quadrada-1024x1024.jpg 1024w, https:\/\/www.estudidelmoble.com\/wp-content\/uploads\/2020\/12\/portada-rev-14_page-0001-quadrada-150x150.jpg 150w, https:\/\/www.estudidelmoble.com\/wp-content\/uploads\/2020\/12\/portada-rev-14_page-0001-quadrada-768x768.jpg 768w, https:\/\/www.estudidelmoble.com\/wp-content\/uploads\/2020\/12\/portada-rev-14_page-0001-quadrada.jpg 1181w\" sizes=\"(max-width: 300px) 100vw, 300px\" \/><h2 class=\"woocommerce-loop-product__title\">Revista N\u00ba14, nov. 2011<\/h2>\n\t<span class=\"price\"><span class='ywcrbp_regular_price'>Precio Normal <span class=\"woocommerce-Price-amount amount\"><bdi>4,00&nbsp;<span class=\"woocommerce-Price-currencySymbol\">&euro;<\/span><\/bdi><\/span> <small class=\"woocommerce-price-suffix\">incl.VAT<\/small> <span aria-hidden=\"true\">-<\/span> <span class=\"woocommerce-Price-amount amount\"><bdi>6,00&nbsp;<span class=\"woocommerce-Price-currencySymbol\">&euro;<\/span><\/bdi><\/span> <small class=\"woocommerce-price-suffix\">incl.VAT<\/small><span class=\"screen-reader-text\">Rango de precios: desde Precio Normal 4,00&nbsp;&euro; incl.VAT hasta 6,00&nbsp;&euro; incl.VAT<\/span><\/span><\/span>\n<\/a><a href=\"https:\/\/www.estudidelmoble.com\/es\/producto\/revista-n-14-nov-2011\/\" aria-describedby=\"woocommerce_loop_add_to_cart_link_describedby_21189\" data-quantity=\"1\" class=\"button product_type_variable add_to_cart_button\" data-product_id=\"21189\" data-product_sku=\"REV0014\" aria-label=\"Elige las opciones para &ldquo;Revista N\u00ba14, nov. 2011&rdquo;\" rel=\"nofollow\">Seleccionar opciones<\/a>\t<span id=\"woocommerce_loop_add_to_cart_link_describedby_21189\" class=\"screen-reader-text\">\n\t\tEste producto tiene m\u00faltiples variantes. Las opciones se pueden elegir en la p\u00e1gina de producto\t<\/span>\n<\/li>\n<li class=\"product type-product post-21203 status-publish instock product_cat-revista-es has-post-thumbnail taxable shipping-taxable purchasable product-type-variable\">\n\t<a href=\"https:\/\/www.estudidelmoble.com\/es\/producto\/revista-n-13-my-2011\/\" class=\"woocommerce-LoopProduct-link woocommerce-loop-product__link\"><img loading=\"lazy\" decoding=\"async\" width=\"300\" height=\"300\" src=\"https:\/\/www.estudidelmoble.com\/wp-content\/uploads\/2020\/12\/portada-rev-13_page-0001-quadrada-300x300.jpg\" class=\"attachment-woocommerce_thumbnail size-woocommerce_thumbnail\" alt=\"Revista N\u00ba13, my. 2011\" srcset=\"https:\/\/www.estudidelmoble.com\/wp-content\/uploads\/2020\/12\/portada-rev-13_page-0001-quadrada-300x300.jpg 300w, https:\/\/www.estudidelmoble.com\/wp-content\/uploads\/2020\/12\/portada-rev-13_page-0001-quadrada-100x100.jpg 100w, https:\/\/www.estudidelmoble.com\/wp-content\/uploads\/2020\/12\/portada-rev-13_page-0001-quadrada-600x600.jpg 600w, https:\/\/www.estudidelmoble.com\/wp-content\/uploads\/2020\/12\/portada-rev-13_page-0001-quadrada-1024x1024.jpg 1024w, https:\/\/www.estudidelmoble.com\/wp-content\/uploads\/2020\/12\/portada-rev-13_page-0001-quadrada-150x150.jpg 150w, https:\/\/www.estudidelmoble.com\/wp-content\/uploads\/2020\/12\/portada-rev-13_page-0001-quadrada-768x768.jpg 768w, https:\/\/www.estudidelmoble.com\/wp-content\/uploads\/2020\/12\/portada-rev-13_page-0001-quadrada.jpg 1181w\" sizes=\"(max-width: 300px) 100vw, 300px\" \/><h2 class=\"woocommerce-loop-product__title\">Revista N\u00ba13, my. 2011<\/h2>\n\t<span class=\"price\"><span class='ywcrbp_regular_price'>Precio Normal <span class=\"woocommerce-Price-amount amount\"><bdi>4,00&nbsp;<span class=\"woocommerce-Price-currencySymbol\">&euro;<\/span><\/bdi><\/span> <small class=\"woocommerce-price-suffix\">incl.VAT<\/small> <span aria-hidden=\"true\">-<\/span> <span class=\"woocommerce-Price-amount amount\"><bdi>6,00&nbsp;<span class=\"woocommerce-Price-currencySymbol\">&euro;<\/span><\/bdi><\/span> <small class=\"woocommerce-price-suffix\">incl.VAT<\/small><span class=\"screen-reader-text\">Rango de precios: desde Precio Normal 4,00&nbsp;&euro; incl.VAT hasta 6,00&nbsp;&euro; incl.VAT<\/span><\/span><\/span>\n<\/a><a href=\"https:\/\/www.estudidelmoble.com\/es\/producto\/revista-n-13-my-2011\/\" aria-describedby=\"woocommerce_loop_add_to_cart_link_describedby_21203\" data-quantity=\"1\" class=\"button product_type_variable add_to_cart_button\" data-product_id=\"21203\" data-product_sku=\"REV0013\" aria-label=\"Elige las opciones para &ldquo;Revista N\u00ba13, my. 2011&rdquo;\" rel=\"nofollow\">Seleccionar opciones<\/a>\t<span id=\"woocommerce_loop_add_to_cart_link_describedby_21203\" class=\"screen-reader-text\">\n\t\tEste producto tiene m\u00faltiples variantes. Las opciones se pueden elegir en la p\u00e1gina de producto\t<\/span>\n<\/li>\n<li class=\"product type-product post-21217 status-publish last instock product_cat-revista-es has-post-thumbnail taxable shipping-taxable purchasable product-type-variable\">\n\t<a href=\"https:\/\/www.estudidelmoble.com\/es\/producto\/revista-n-12-catalan-nov-2010\/\" class=\"woocommerce-LoopProduct-link woocommerce-loop-product__link\"><img loading=\"lazy\" decoding=\"async\" width=\"300\" height=\"300\" src=\"https:\/\/www.estudidelmoble.com\/wp-content\/uploads\/2020\/12\/portada-rev-12_page-0001-quadrada-300x300.jpg\" class=\"attachment-woocommerce_thumbnail size-woocommerce_thumbnail\" alt=\"Revista N\u00ba12 catal\u00e1n, nov. 2010\" srcset=\"https:\/\/www.estudidelmoble.com\/wp-content\/uploads\/2020\/12\/portada-rev-12_page-0001-quadrada-300x300.jpg 300w, https:\/\/www.estudidelmoble.com\/wp-content\/uploads\/2020\/12\/portada-rev-12_page-0001-quadrada-100x100.jpg 100w, https:\/\/www.estudidelmoble.com\/wp-content\/uploads\/2020\/12\/portada-rev-12_page-0001-quadrada-600x600.jpg 600w, https:\/\/www.estudidelmoble.com\/wp-content\/uploads\/2020\/12\/portada-rev-12_page-0001-quadrada-1024x1024.jpg 1024w, https:\/\/www.estudidelmoble.com\/wp-content\/uploads\/2020\/12\/portada-rev-12_page-0001-quadrada-150x150.jpg 150w, https:\/\/www.estudidelmoble.com\/wp-content\/uploads\/2020\/12\/portada-rev-12_page-0001-quadrada-768x768.jpg 768w, https:\/\/www.estudidelmoble.com\/wp-content\/uploads\/2020\/12\/portada-rev-12_page-0001-quadrada.jpg 1181w\" sizes=\"(max-width: 300px) 100vw, 300px\" \/><h2 class=\"woocommerce-loop-product__title\">Revista N\u00ba12 catal\u00e1n, nov. 2010<\/h2>\n\t<span class=\"price\"><span class='ywcrbp_regular_price'>Precio Normal <span class=\"woocommerce-Price-amount amount\"><bdi>4,00&nbsp;<span class=\"woocommerce-Price-currencySymbol\">&euro;<\/span><\/bdi><\/span> <small class=\"woocommerce-price-suffix\">incl.VAT<\/small> <span aria-hidden=\"true\">-<\/span> <span class=\"woocommerce-Price-amount amount\"><bdi>6,00&nbsp;<span class=\"woocommerce-Price-currencySymbol\">&euro;<\/span><\/bdi><\/span> <small class=\"woocommerce-price-suffix\">incl.VAT<\/small><span class=\"screen-reader-text\">Rango de precios: desde Precio Normal 4,00&nbsp;&euro; incl.VAT hasta 6,00&nbsp;&euro; incl.VAT<\/span><\/span><\/span>\n<\/a><a href=\"https:\/\/www.estudidelmoble.com\/es\/producto\/revista-n-12-catalan-nov-2010\/\" aria-describedby=\"woocommerce_loop_add_to_cart_link_describedby_21217\" data-quantity=\"1\" class=\"button product_type_variable add_to_cart_button\" data-product_id=\"21217\" data-product_sku=\"REV0012\" aria-label=\"Elige las opciones para &ldquo;Revista N\u00ba12 catal\u00e1n, nov. 2010&rdquo;\" rel=\"nofollow\">Seleccionar opciones<\/a>\t<span id=\"woocommerce_loop_add_to_cart_link_describedby_21217\" class=\"screen-reader-text\">\n\t\tEste producto tiene m\u00faltiples variantes. Las opciones se pueden elegir en la p\u00e1gina de producto\t<\/span>\n<\/li>\n<\/ul>\n<nav class=\"woocommerce-pagination\" aria-label=\"Paginaci\u00f3n de producto\">\n\t<ul class='page-numbers'>\n\t<li><span aria-label=\"P\u00e1gina 1\" aria-current=\"page\" class=\"page-numbers current\">1<\/span><\/li>\n\t<li><a aria-label=\"P\u00e1gina 2\" class=\"page-numbers\" href=\"\/es\/wp-json\/wp\/v2\/pages\/38870?product-page=2\">2<\/a><\/li>\n\t<li><a aria-label=\"P\u00e1gina 3\" class=\"page-numbers\" href=\"\/es\/wp-json\/wp\/v2\/pages\/38870?product-page=3\">3<\/a><\/li>\n\t<li><a class=\"next page-numbers\" href=\"\/es\/wp-json\/wp\/v2\/pages\/38870?product-page=2\">&rarr;<\/a><\/li>\n<\/ul>\n<\/nav>\n<\/div>\t\t\t\t<\/div>\n\t\t\t\t<\/div>\n\t\t\t\t\t<\/div>\n\t\t<\/div>\n\t\t\t\t\t<\/div>\n\t\t<\/section>\n\t\t\t\t<\/div>\n\t\t","protected":false},"excerpt":{"rendered":"<p>Revista La revista del Estudio del Mueble est\u00e1 dedicada al mueble antiguo y contempor\u00e1neo. Esta publicaci\u00f3n es un medio de comunicaci\u00f3n para todos los profesionales y los interesados en este patrimonio hist\u00f3rico. Encontrar\u00e1s informaci\u00f3n sobre las actividades y los proyectos de la Asociaci\u00f3n, art\u00edculos de investigaci\u00f3n (hist\u00f3rico-art\u00edsticos, dise\u00f1o, conservaci\u00f3n-restauraci\u00f3n), entrevistas y estudios de catalogaci\u00f3n, etc&#8230; [&hellip;]<\/p>\n","protected":false},"author":1,"featured_media":0,"parent":4374,"menu_order":0,"comment_status":"closed","ping_status":"closed","template":"elementor_header_footer","meta":{"_acf_changed":false,"footnotes":""},"class_list":["post-38870","page","type-page","status-publish","hentry"],"acf":[],"_links":{"self":[{"href":"https:\/\/www.estudidelmoble.com\/es\/wp-json\/wp\/v2\/pages\/38870","targetHints":{"allow":["GET"]}}],"collection":[{"href":"https:\/\/www.estudidelmoble.com\/es\/wp-json\/wp\/v2\/pages"}],"about":[{"href":"https:\/\/www.estudidelmoble.com\/es\/wp-json\/wp\/v2\/types\/page"}],"author":[{"embeddable":true,"href":"https:\/\/www.estudidelmoble.com\/es\/wp-json\/wp\/v2\/users\/1"}],"replies":[{"embeddable":true,"href":"https:\/\/www.estudidelmoble.com\/es\/wp-json\/wp\/v2\/comments?post=38870"}],"version-history":[{"count":0,"href":"https:\/\/www.estudidelmoble.com\/es\/wp-json\/wp\/v2\/pages\/38870\/revisions"}],"up":[{"embeddable":true,"href":"https:\/\/www.estudidelmoble.com\/es\/wp-json\/wp\/v2\/pages\/4374"}],"wp:attachment":[{"href":"https:\/\/www.estudidelmoble.com\/es\/wp-json\/wp\/v2\/media?parent=38870"}],"curies":[{"name":"wp","href":"https:\/\/api.w.org\/{rel}","templated":true}]}}