{"id":43889,"date":"2022-02-14T14:30:54","date_gmt":"2022-02-14T12:30:54","guid":{"rendered":"https:\/\/www.estudidelmoble.com\/monta-y-desmonta-muebles-de-hoy-como-hacian-siglos-atras\/"},"modified":"2023-07-21T14:11:31","modified_gmt":"2023-07-21T12:11:31","slug":"monta-y-desmonta-muebles-de-hoy-como-hacian-siglos-atras","status":"publish","type":"page","link":"https:\/\/www.estudidelmoble.com\/es\/proyecto-madera-mueble-sostenibilidad\/segunda-fase-construccion-materiales-tecnicas-y-aplicaciones\/monta-y-desmonta-muebles-de-hoy-como-hacian-siglos-atras\/","title":{"rendered":"Monta y desmonta muebles de hoy como hac\u00edan siglos atr\u00e1s"},"content":{"rendered":"\t\t<div data-elementor-type=\"wp-page\" data-elementor-id=\"43889\" class=\"elementor elementor-43889 elementor-43163\" data-elementor-post-type=\"page\">\n\t\t\t\t\t\t<section class=\"elementor-section elementor-top-section elementor-element elementor-element-fe25e97 elementor-section-boxed elementor-section-height-default elementor-section-height-default\" data-id=\"fe25e97\" data-element_type=\"section\" data-e-type=\"section\" data-settings=\"{&quot;background_background&quot;:&quot;classic&quot;}\">\n\t\t\t\t\t\t<div class=\"elementor-container elementor-column-gap-default\">\n\t\t\t\t\t<div class=\"elementor-column elementor-col-100 elementor-top-column elementor-element elementor-element-2951eff\" data-id=\"2951eff\" data-element_type=\"column\" data-e-type=\"column\">\n\t\t\t<div class=\"elementor-widget-wrap elementor-element-populated\">\n\t\t\t\t\t\t<div class=\"elementor-element elementor-element-f9f103d elementor-widget elementor-widget-spacer\" data-id=\"f9f103d\" data-element_type=\"widget\" data-e-type=\"widget\" data-widget_type=\"spacer.default\">\n\t\t\t\t\t\t\t<div class=\"elementor-spacer\">\n\t\t\t<div class=\"elementor-spacer-inner\"><\/div>\n\t\t<\/div>\n\t\t\t\t\t\t<\/div>\n\t\t\t\t<div class=\"elementor-element elementor-element-179dc66 elementor-widget elementor-widget-image\" data-id=\"179dc66\" data-element_type=\"widget\" data-e-type=\"widget\" data-widget_type=\"image.default\">\n\t\t\t\t\t\t\t\t\t\t\t\t\t\t\t<img decoding=\"async\" src=\"https:\/\/www.estudidelmoble.com\/wp-content\/uploads\/2022\/02\/Logo-taula.jpg\" title=\"\" alt=\"\" loading=\"lazy\" \/>\t\t\t\t\t\t\t\t\t\t\t\t\t\t\t<\/div>\n\t\t\t\t<div class=\"elementor-element elementor-element-2403984 elementor-widget elementor-widget-spacer\" data-id=\"2403984\" data-element_type=\"widget\" data-e-type=\"widget\" data-widget_type=\"spacer.default\">\n\t\t\t\t\t\t\t<div class=\"elementor-spacer\">\n\t\t\t<div class=\"elementor-spacer-inner\"><\/div>\n\t\t<\/div>\n\t\t\t\t\t\t<\/div>\n\t\t\t\t\t<\/div>\n\t\t<\/div>\n\t\t\t\t\t<\/div>\n\t\t<\/section>\n\t\t\t\t<section class=\"elementor-section elementor-top-section elementor-element elementor-element-95be86b elementor-section-boxed elementor-section-height-default elementor-section-height-default\" data-id=\"95be86b\" data-element_type=\"section\" data-e-type=\"section\" data-settings=\"{&quot;background_background&quot;:&quot;classic&quot;}\">\n\t\t\t\t\t\t<div class=\"elementor-container elementor-column-gap-default\">\n\t\t\t\t\t<div class=\"elementor-column elementor-col-50 elementor-top-column elementor-element elementor-element-721381e\" data-id=\"721381e\" data-element_type=\"column\" data-e-type=\"column\">\n\t\t\t<div class=\"elementor-widget-wrap elementor-element-populated\">\n\t\t\t\t\t\t<div class=\"elementor-element elementor-element-31c01fd elementor-view-stacked elementor-shape-circle elementor-position-block-start elementor-mobile-position-block-start elementor-widget elementor-widget-icon-box\" data-id=\"31c01fd\" data-element_type=\"widget\" data-e-type=\"widget\" data-widget_type=\"icon-box.default\">\n\t\t\t\t\t\t\t<div class=\"elementor-icon-box-wrapper\">\n\n\t\t\t\t\t\t<div class=\"elementor-icon-box-icon\">\n\t\t\t\t<span  class=\"elementor-icon\">\n\t\t\t\t<svg aria-hidden=\"true\" class=\"e-font-icon-svg e-fas-hammer\" viewBox=\"0 0 576 512\" xmlns=\"http:\/\/www.w3.org\/2000\/svg\"><path d=\"M571.31 193.94l-22.63-22.63c-6.25-6.25-16.38-6.25-22.63 0l-11.31 11.31-28.9-28.9c5.63-21.31.36-44.9-16.35-61.61l-45.25-45.25c-62.48-62.48-163.79-62.48-226.28 0l90.51 45.25v18.75c0 16.97 6.74 33.25 18.75 45.25l49.14 49.14c16.71 16.71 40.3 21.98 61.61 16.35l28.9 28.9-11.31 11.31c-6.25 6.25-6.25 16.38 0 22.63l22.63 22.63c6.25 6.25 16.38 6.25 22.63 0l90.51-90.51c6.23-6.24 6.23-16.37-.02-22.62zm-286.72-15.2c-3.7-3.7-6.84-7.79-9.85-11.95L19.64 404.96c-25.57 23.88-26.26 64.19-1.53 88.93s65.05 24.05 88.93-1.53l238.13-255.07c-3.96-2.91-7.9-5.87-11.44-9.41l-49.14-49.14z\"><\/path><\/svg>\t\t\t\t<\/span>\n\t\t\t<\/div>\n\t\t\t\n\t\t\t\t\t\t<div class=\"elementor-icon-box-content\">\n\n\t\t\t\t\t\t\t\t\t<h2 class=\"elementor-icon-box-title\">\n\t\t\t\t\t\t<span  >\n\t\t\t\t\t\t\tTaller\t\t\t\t\t\t<\/span>\n\t\t\t\t\t<\/h2>\n\t\t\t\t\n\t\t\t\t\n\t\t\t<\/div>\n\t\t\t\n\t\t<\/div>\n\t\t\t\t\t\t<\/div>\n\t\t\t\t<div class=\"elementor-element elementor-element-c7092e0 elementor-widget elementor-widget-heading\" data-id=\"c7092e0\" data-element_type=\"widget\" data-e-type=\"widget\" data-widget_type=\"heading.default\">\n\t\t\t\t\t<h1 class=\"elementor-heading-title elementor-size-default\">Monta y desmonta muebles de hoy como hac\u00edan siglos atr\u00e1s<\/h1>\t\t\t\t<\/div>\n\t\t\t\t<div class=\"elementor-element elementor-element-4622df3 animated-slow elementor-invisible elementor-widget elementor-widget-heading\" data-id=\"4622df3\" data-element_type=\"widget\" data-e-type=\"widget\" data-settings=\"{&quot;_animation&quot;:&quot;fadeInRight&quot;,&quot;_animation_delay&quot;:200}\" data-widget_type=\"heading.default\">\n\t\t\t\t\t<p class=\"elementor-heading-title elementor-size-default\">Noviembre 2022- Enero 2023<\/p>\t\t\t\t<\/div>\n\t\t\t\t<div class=\"elementor-element elementor-element-803463f elementor-widget elementor-widget-spacer\" data-id=\"803463f\" data-element_type=\"widget\" data-e-type=\"widget\" data-widget_type=\"spacer.default\">\n\t\t\t\t\t\t\t<div class=\"elementor-spacer\">\n\t\t\t<div class=\"elementor-spacer-inner\"><\/div>\n\t\t<\/div>\n\t\t\t\t\t\t<\/div>\n\t\t\t\t<section class=\"elementor-section elementor-inner-section elementor-element elementor-element-9b090c2 elementor-hidden-mobile elementor-section-boxed elementor-section-height-default elementor-section-height-default\" data-id=\"9b090c2\" data-element_type=\"section\" data-e-type=\"section\">\n\t\t\t\t\t\t<div class=\"elementor-container elementor-column-gap-default\">\n\t\t\t\t\t<div class=\"elementor-column elementor-col-100 elementor-inner-column elementor-element elementor-element-f70f107\" data-id=\"f70f107\" data-element_type=\"column\" data-e-type=\"column\">\n\t\t\t<div class=\"elementor-widget-wrap elementor-element-populated\">\n\t\t\t\t\t\t<div class=\"elementor-element elementor-element-eec466b elementor-widget elementor-widget-text-editor\" data-id=\"eec466b\" data-element_type=\"widget\" data-e-type=\"widget\" data-widget_type=\"text-editor.default\">\n\t\t\t\t\t\t\t\t\t<p><strong>Con el apoyo de<\/strong><\/p>\t\t\t\t\t\t\t\t<\/div>\n\t\t\t\t<div class=\"elementor-element elementor-element-58c2ce3 elementor-widget elementor-widget-image\" data-id=\"58c2ce3\" data-element_type=\"widget\" data-e-type=\"widget\" data-widget_type=\"image.default\">\n\t\t\t\t\t\t\t\t\t\t\t\t\t\t\t<img fetchpriority=\"high\" decoding=\"async\" width=\"500\" height=\"500\" src=\"https:\/\/www.estudidelmoble.com\/wp-content\/uploads\/2019\/10\/logo-Museu-Disseny-Barcelona-3.jpg\" class=\"attachment-medium_large size-medium_large wp-image-14570\" alt=\"\" srcset=\"https:\/\/www.estudidelmoble.com\/wp-content\/uploads\/2019\/10\/logo-Museu-Disseny-Barcelona-3.jpg 500w, https:\/\/www.estudidelmoble.com\/wp-content\/uploads\/2019\/10\/logo-Museu-Disseny-Barcelona-3-300x300.jpg 300w, https:\/\/www.estudidelmoble.com\/wp-content\/uploads\/2019\/10\/logo-Museu-Disseny-Barcelona-3-100x100.jpg 100w, https:\/\/www.estudidelmoble.com\/wp-content\/uploads\/2019\/10\/logo-Museu-Disseny-Barcelona-3-150x150.jpg 150w, https:\/\/www.estudidelmoble.com\/wp-content\/uploads\/2019\/10\/logo-Museu-Disseny-Barcelona-3-350x350.jpg 350w\" sizes=\"(max-width: 500px) 100vw, 500px\" \/>\t\t\t\t\t\t\t\t\t\t\t\t\t\t\t<\/div>\n\t\t\t\t<div class=\"elementor-element elementor-element-ecab89b elementor-widget elementor-widget-image\" data-id=\"ecab89b\" data-element_type=\"widget\" data-e-type=\"widget\" data-widget_type=\"image.default\">\n\t\t\t\t\t\t\t\t\t\t\t\t\t\t\t\t<a href=\"https:\/\/www.gabarro.com\/es\" target=\"_blank\" rel=\"noopener\">\n\t\t\t\t\t\t\t<img decoding=\"async\" width=\"768\" height=\"326\" src=\"https:\/\/www.estudidelmoble.com\/wp-content\/uploads\/2022\/10\/Logo-Gabarro-actual-vectoritzat-negre-01-768x326.png\" class=\"attachment-medium_large size-medium_large wp-image-52145\" alt=\"\" srcset=\"https:\/\/www.estudidelmoble.com\/wp-content\/uploads\/2022\/10\/Logo-Gabarro-actual-vectoritzat-negre-01-768x326.png 768w, https:\/\/www.estudidelmoble.com\/wp-content\/uploads\/2022\/10\/Logo-Gabarro-actual-vectoritzat-negre-01-300x127.png 300w, https:\/\/www.estudidelmoble.com\/wp-content\/uploads\/2022\/10\/Logo-Gabarro-actual-vectoritzat-negre-01-1024x434.png 1024w, https:\/\/www.estudidelmoble.com\/wp-content\/uploads\/2022\/10\/Logo-Gabarro-actual-vectoritzat-negre-01-600x255.png 600w, https:\/\/www.estudidelmoble.com\/wp-content\/uploads\/2022\/10\/Logo-Gabarro-actual-vectoritzat-negre-01.png 1440w\" sizes=\"(max-width: 768px) 100vw, 768px\" \/>\t\t\t\t\t\t\t\t<\/a>\n\t\t\t\t\t\t\t\t\t\t\t\t\t\t\t<\/div>\n\t\t\t\t<div class=\"elementor-element elementor-element-7eca905 elementor-widget elementor-widget-text-editor\" data-id=\"7eca905\" data-element_type=\"widget\" data-e-type=\"widget\" data-widget_type=\"text-editor.default\">\n\t\t\t\t\t\t\t\t\t<p><strong>Con la colaboraci\u00f3n de<\/strong><\/p>\t\t\t\t\t\t\t\t<\/div>\n\t\t\t\t<div class=\"elementor-element elementor-element-0c7263b elementor-widget elementor-widget-image\" data-id=\"0c7263b\" data-element_type=\"widget\" data-e-type=\"widget\" data-widget_type=\"image.default\">\n\t\t\t\t\t\t\t\t\t\t\t\t\t\t\t\t<a href=\"https:\/\/lomobleantic.com\/es\/\" target=\"_blank\" rel=\"noopener\">\n\t\t\t\t\t\t\t<img decoding=\"async\" width=\"113\" height=\"100\" src=\"https:\/\/www.estudidelmoble.com\/wp-content\/uploads\/2022\/05\/restauracio_mobles_antics_restauracion_muebles_antiguos.png\" class=\"attachment-medium_large size-medium_large wp-image-47562\" alt=\"\" \/>\t\t\t\t\t\t\t\t<\/a>\n\t\t\t\t\t\t\t\t\t\t\t\t\t\t\t<\/div>\n\t\t\t\t<div class=\"elementor-element elementor-element-d33c57f elementor-widget elementor-widget-image\" data-id=\"d33c57f\" data-element_type=\"widget\" data-e-type=\"widget\" data-widget_type=\"image.default\">\n\t\t\t\t\t\t\t\t\t\t\t\t\t\t\t\t<a href=\"http:\/\/www.masfuster.com\/es\/\" target=\"_blank\" rel=\"noopener\">\n\t\t\t\t\t\t\t<img loading=\"lazy\" decoding=\"async\" width=\"112\" height=\"140\" src=\"https:\/\/www.estudidelmoble.com\/wp-content\/uploads\/2022\/05\/masfuster-logo.png\" class=\"attachment-medium_large size-medium_large wp-image-47558\" alt=\"\" \/>\t\t\t\t\t\t\t\t<\/a>\n\t\t\t\t\t\t\t\t\t\t\t\t\t\t\t<\/div>\n\t\t\t\t<div class=\"elementor-element elementor-element-9966e86 elementor-widget elementor-widget-image\" data-id=\"9966e86\" data-element_type=\"widget\" data-e-type=\"widget\" data-widget_type=\"image.default\">\n\t\t\t\t\t\t\t\t\t\t\t\t\t\t\t\t<a href=\"https:\/\/www.maxmadera.com\/experiencia-calidad-creatividad-en-madera\/\" target=\"_blank\" rel=\"noopener\">\n\t\t\t\t\t\t\t<img loading=\"lazy\" decoding=\"async\" width=\"513\" height=\"408\" src=\"https:\/\/www.estudidelmoble.com\/wp-content\/uploads\/2022\/05\/Logo-per-Max-Madera-1.png\" class=\"attachment-medium_large size-medium_large wp-image-47566\" alt=\"\" srcset=\"https:\/\/www.estudidelmoble.com\/wp-content\/uploads\/2022\/05\/Logo-per-Max-Madera-1.png 513w, https:\/\/www.estudidelmoble.com\/wp-content\/uploads\/2022\/05\/Logo-per-Max-Madera-1-300x239.png 300w\" sizes=\"(max-width: 513px) 100vw, 513px\" \/>\t\t\t\t\t\t\t\t<\/a>\n\t\t\t\t\t\t\t\t\t\t\t\t\t\t\t<\/div>\n\t\t\t\t\t<\/div>\n\t\t<\/div>\n\t\t\t\t\t<\/div>\n\t\t<\/section>\n\t\t\t\t\t<\/div>\n\t\t<\/div>\n\t\t\t\t<div class=\"elementor-column elementor-col-50 elementor-top-column elementor-element elementor-element-fca5ee2\" data-id=\"fca5ee2\" data-element_type=\"column\" data-e-type=\"column\">\n\t\t\t<div class=\"elementor-widget-wrap elementor-element-populated\">\n\t\t\t\t\t\t<div class=\"elementor-element elementor-element-220a45f elementor-widget elementor-widget-image\" data-id=\"220a45f\" data-element_type=\"widget\" data-e-type=\"widget\" data-widget_type=\"image.default\">\n\t\t\t\t\t\t\t\t\t\t\t\t\t\t\t<img loading=\"lazy\" decoding=\"async\" width=\"768\" height=\"768\" src=\"https:\/\/www.estudidelmoble.com\/wp-content\/uploads\/2022\/02\/9.-Taula-quadrada-768x768.png\" class=\"attachment-medium_large size-medium_large wp-image-42707\" alt=\"\" srcset=\"https:\/\/www.estudidelmoble.com\/wp-content\/uploads\/2022\/02\/9.-Taula-quadrada-768x768.png 768w, https:\/\/www.estudidelmoble.com\/wp-content\/uploads\/2022\/02\/9.-Taula-quadrada-300x300.png 300w, https:\/\/www.estudidelmoble.com\/wp-content\/uploads\/2022\/02\/9.-Taula-quadrada-150x150.png 150w, https:\/\/www.estudidelmoble.com\/wp-content\/uploads\/2022\/02\/9.-Taula-quadrada-600x600.png 600w, https:\/\/www.estudidelmoble.com\/wp-content\/uploads\/2022\/02\/9.-Taula-quadrada-100x100.png 100w, https:\/\/www.estudidelmoble.com\/wp-content\/uploads\/2022\/02\/9.-Taula-quadrada.png 818w\" sizes=\"(max-width: 768px) 100vw, 768px\" \/>\t\t\t\t\t\t\t\t\t\t\t\t\t\t\t<\/div>\n\t\t\t\t<div class=\"elementor-element elementor-element-2f5f631 elementor-widget elementor-widget-text-editor\" data-id=\"2f5f631\" data-element_type=\"widget\" data-e-type=\"widget\" data-widget_type=\"text-editor.default\">\n\t\t\t\t\t\t\t\t\t<p><em>Mesa bufet. Siglo XX<\/em><\/p>\t\t\t\t\t\t\t\t<\/div>\n\t\t\t\t<div class=\"elementor-element elementor-element-6365394 elementor-widget elementor-widget-text-editor\" data-id=\"6365394\" data-element_type=\"widget\" data-e-type=\"widget\" data-widget_type=\"text-editor.default\">\n\t\t\t\t\t\t\t\t\t<p>En la actividad <em>Monta y desmonta muebles de hoy como hac\u00edan siglos atr\u00e1s <\/em>presentamos tres redise\u00f1os de muebles hist\u00f3ricos para que puedas tocarlos y entender su construcci\u00f3n.<\/p><p>Se trata de un taller-exposici\u00f3n de piezas de madera realizadas por expertos en dise\u00f1o y construcci\u00f3n de muebles, en el marco de la actividad previa <a href=\"https:\/\/www.estudidelmoble.com\/es\/proyecto-madera-mueble-sostenibilidad\/primera-fase-identificacion-del-arbol-al-mueble\/workshop-en-talleres-de-carpinteros-vive-el-proceso-de-rediseno-de-tres-muebles\/\" target=\"_blank\" rel=\"noopener\">Workshop en talleres de carpinteros<\/a>.<\/p><p><strong>Ac\u00e9rcate a los muebles, t\u00f3calos y analiza las soluciones<\/strong> que han escogido los carpinteros actuales para montarlos.<\/p><p>Los muebles redise\u00f1ados son versiones actualizadas de tipolog\u00edas que se utilizaron durante largos periodos de tiempos porque estaban muy pensadas y los dise\u00f1os daban respondida a las necesidades de la \u00e9poca. En concreto:<\/p><ul><li><strong>El arca de paneles<\/strong>: el arca es el contenedor de uso m\u00e1s extendido en el tiempo y espacio. Ha servido a cultures bien diversas porqu\u00e9 su forma es ideal para los traslados. De los posibles m\u00e9todos para construir un arca destaca el de paneles, sistema infinito y que responde adecuadamente a las fluctuaciones de temperatura y humedad.<\/li><\/ul>\t\t\t\t\t\t\t\t<\/div>\n\t\t\t\t<div class=\"elementor-element elementor-element-5034596 elementor-blockquote--skin-border elementor-widget elementor-widget-blockquote\" data-id=\"5034596\" data-element_type=\"widget\" data-e-type=\"widget\" data-widget_type=\"blockquote.default\">\n\t\t\t\t\t\t\t<blockquote class=\"elementor-blockquote\">\n\t\t\t<p class=\"elementor-blockquote__content\">\n\t\t\t\tRepresentaci\u00f3n moderna y actualizada de los sistema de plafones y bastidores presentes entre nosotros desde el siglo XIV-XV. Sistema revolucionario que convirti\u00f3 las construcciones de madera en infinitas, estables a las dilataciones y mucho m\u00e1s aprovechables.\nLo que se demuestra con este mueble, que est\u00e1 compuesto de 6 bastidores independientes, encolados entre ellos, es que es un sistema totalmente vigente y adaptable a todo tipo de nuevos materiales modernos, en sus formas y composiciones. Un cl\u00e1sico que funciona.\t\t\t<\/p>\n\t\t\t\t\t\t\t<div class=\"e-q-footer\">\n\t\t\t\t\t\t\t\t\t\t\t<cite class=\"elementor-blockquote__author\">\u00c0lex Monlla\u00f3, Restaurador carpintero de Lo Moble Antic<\/cite>\n\t\t\t\t\t\t\t\t\t\t\t\t\t\t<\/div>\n\t\t\t\t\t<\/blockquote>\n\t\t\t\t\t\t<\/div>\n\t\t\t\t<div class=\"elementor-element elementor-element-c97fed3 elementor-widget elementor-widget-text-editor\" data-id=\"c97fed3\" data-element_type=\"widget\" data-e-type=\"widget\" data-widget_type=\"text-editor.default\">\n\t\t\t\t\t\t\t\t\t<ul><li><strong>La silla de estrado<\/strong>: es un asiento bajo de uso femenino que se utilizaba en los estrados de las casas acomodadas espa\u00f1olas y territorios de influencia durante los siglos XVI y XVII. De referencia isl\u00e1mica, en el estrado las mujeres se sentaban sobre alfombras, cojines y sillas bajas, estas especialmente en Catalu\u00f1a.<\/li><\/ul>\t\t\t\t\t\t\t\t<\/div>\n\t\t\t\t<div class=\"elementor-element elementor-element-8b539fd elementor-blockquote--skin-border elementor-widget elementor-widget-blockquote\" data-id=\"8b539fd\" data-element_type=\"widget\" data-e-type=\"widget\" data-widget_type=\"blockquote.default\">\n\t\t\t\t\t\t\t<blockquote class=\"elementor-blockquote\">\n\t\t\t<p class=\"elementor-blockquote__content\">\n\t\t\t\tPara reinterpretar este mueble cl\u00e1sico del siglo XVI he buscado mantener los aspectos b\u00e1sicos constructivos y conseguir un mueble f\u00e1cilmente desmontable pero con una est\u00e9tica contempor\u00e1nea. As\u00ed he mantenido la estructura de dos bastimentos unidos por largueros y el respaldo y asiento de cuero, pero he variado las dimensiones y suavizado el conjunto.\t\t\t<\/p>\n\t\t\t\t\t\t\t<div class=\"e-q-footer\">\n\t\t\t\t\t\t\t\t\t\t\t<cite class=\"elementor-blockquote__author\">Xavier Mas, Maestro ebanista de Mas Fuster<\/cite>\n\t\t\t\t\t\t\t\t\t\t\t\t\t\t<\/div>\n\t\t\t\t\t<\/blockquote>\n\t\t\t\t\t\t<\/div>\n\t\t\t\t<div class=\"elementor-element elementor-element-8b5bf92 elementor-widget elementor-widget-text-editor\" data-id=\"8b5bf92\" data-element_type=\"widget\" data-e-type=\"widget\" data-widget_type=\"text-editor.default\">\n\t\t\t\t\t\t\t\t\t<ul><li><strong>El bufetillo<\/strong>: es la versi\u00f3n peque\u00f1a y baja del bufete -mesa- que se utilizaba en los estrados femeninos espa\u00f1oles de la edad moderna. Su menor altura permite utilizarla sentados en silla de estrado o en el suelo. Los tirantes situados bajo el tablero traban las patas que, en ocasiones, se pueden doblar a partir de bisagras, igual que ocurre con las mesas de camping actuales.<\/li><\/ul>\t\t\t\t\t\t\t\t<\/div>\n\t\t\t\t<div class=\"elementor-element elementor-element-5986980 elementor-blockquote--skin-border elementor-widget elementor-widget-blockquote\" data-id=\"5986980\" data-element_type=\"widget\" data-e-type=\"widget\" data-widget_type=\"blockquote.default\">\n\t\t\t\t\t\t\t<blockquote class=\"elementor-blockquote\">\n\t\t\t<p class=\"elementor-blockquote__content\">\n\t\t\t\tLa reinterpretaci\u00f3n de la mesa original integra las proporciones y las medidas de un bufetillo de estrado; tambi\u00e9n las t\u00edpicas traviesas ensambladas en cola de milano al sobre para impedir su deformaci\u00f3n.\nPara la ocasi\u00f3n, se dise\u00f1\u00f3 la mesita integralmente con ensamblajes tradicionales de madera sin herrajes ni cola. Fabricada al 100% con roble, se puede montar y desmontar a mano sin el uso de ninguna herramienta, y todos los encajes est\u00e1n pensados para su robustez.\t\t\t<\/p>\n\t\t\t\t\t\t\t<div class=\"e-q-footer\">\n\t\t\t\t\t\t\t\t\t\t\t<cite class=\"elementor-blockquote__author\">Max Rutgers, Maestro artesano de Max Madera<\/cite>\n\t\t\t\t\t\t\t\t\t\t\t\t\t\t<\/div>\n\t\t\t\t\t<\/blockquote>\n\t\t\t\t\t\t<\/div>\n\t\t\t\t<div class=\"elementor-element elementor-element-75678ab elementor-widget elementor-widget-text-editor\" data-id=\"75678ab\" data-element_type=\"widget\" data-e-type=\"widget\" data-widget_type=\"text-editor.default\">\n\t\t\t\t\t\t\t\t\t<p>El taller forma parte de la exposici\u00f3n temporal <a href=\"https:\/\/ajuntament.barcelona.cat\/museudeldisseny\/es\/exposicion\/toquemos-madera-diseno-madera-y-sostenibilidad\" target=\"_blank\" rel=\"noopener\"><em>\u00a1Toquemos madera! Dise\u00f1o, madera y sostenibilidad<\/em><\/a> del Museu del Disseny de Barcelona (del 9 de noviembre al 22 de enero de 2023). Posteriormente la actividad se realizar\u00e1 en otros lugares culturales.<\/p>\t\t\t\t\t\t\t\t<\/div>\n\t\t\t\t<div class=\"elementor-element elementor-element-d0214c5 elementor-widget elementor-widget-spacer\" data-id=\"d0214c5\" data-element_type=\"widget\" data-e-type=\"widget\" data-widget_type=\"spacer.default\">\n\t\t\t\t\t\t\t<div class=\"elementor-spacer\">\n\t\t\t<div class=\"elementor-spacer-inner\"><\/div>\n\t\t<\/div>\n\t\t\t\t\t\t<\/div>\n\t\t\t\t<section class=\"elementor-section elementor-inner-section elementor-element elementor-element-50997ee elementor-hidden-desktop elementor-hidden-tablet elementor-section-boxed elementor-section-height-default elementor-section-height-default\" data-id=\"50997ee\" data-element_type=\"section\" data-e-type=\"section\">\n\t\t\t\t\t\t<div class=\"elementor-container elementor-column-gap-default\">\n\t\t\t\t\t<div class=\"elementor-column elementor-col-100 elementor-inner-column elementor-element elementor-element-fec04c5\" data-id=\"fec04c5\" data-element_type=\"column\" data-e-type=\"column\">\n\t\t\t<div class=\"elementor-widget-wrap elementor-element-populated\">\n\t\t\t\t\t\t<div class=\"elementor-element elementor-element-b725543 elementor-widget elementor-widget-text-editor\" data-id=\"b725543\" data-element_type=\"widget\" data-e-type=\"widget\" data-widget_type=\"text-editor.default\">\n\t\t\t\t\t\t\t\t\t<p><strong>Con el apoyo de<\/strong><\/p>\t\t\t\t\t\t\t\t<\/div>\n\t\t\t\t<div class=\"elementor-element elementor-element-4f20c80 elementor-widget elementor-widget-image\" data-id=\"4f20c80\" data-element_type=\"widget\" data-e-type=\"widget\" data-widget_type=\"image.default\">\n\t\t\t\t\t\t\t\t\t\t\t\t\t\t\t<img fetchpriority=\"high\" decoding=\"async\" width=\"500\" height=\"500\" src=\"https:\/\/www.estudidelmoble.com\/wp-content\/uploads\/2019\/10\/logo-Museu-Disseny-Barcelona-3.jpg\" class=\"attachment-medium_large size-medium_large wp-image-14570\" alt=\"\" srcset=\"https:\/\/www.estudidelmoble.com\/wp-content\/uploads\/2019\/10\/logo-Museu-Disseny-Barcelona-3.jpg 500w, https:\/\/www.estudidelmoble.com\/wp-content\/uploads\/2019\/10\/logo-Museu-Disseny-Barcelona-3-300x300.jpg 300w, https:\/\/www.estudidelmoble.com\/wp-content\/uploads\/2019\/10\/logo-Museu-Disseny-Barcelona-3-100x100.jpg 100w, https:\/\/www.estudidelmoble.com\/wp-content\/uploads\/2019\/10\/logo-Museu-Disseny-Barcelona-3-150x150.jpg 150w, https:\/\/www.estudidelmoble.com\/wp-content\/uploads\/2019\/10\/logo-Museu-Disseny-Barcelona-3-350x350.jpg 350w\" sizes=\"(max-width: 500px) 100vw, 500px\" \/>\t\t\t\t\t\t\t\t\t\t\t\t\t\t\t<\/div>\n\t\t\t\t<div class=\"elementor-element elementor-element-37c4779 elementor-widget elementor-widget-image\" data-id=\"37c4779\" data-element_type=\"widget\" data-e-type=\"widget\" data-widget_type=\"image.default\">\n\t\t\t\t\t\t\t\t\t\t\t\t\t\t\t\t<a href=\"https:\/\/www.gabarro.com\/es\" target=\"_blank\" rel=\"noopener\">\n\t\t\t\t\t\t\t<img decoding=\"async\" width=\"768\" height=\"326\" src=\"https:\/\/www.estudidelmoble.com\/wp-content\/uploads\/2022\/10\/Logo-Gabarro-actual-vectoritzat-negre-01-768x326.png\" class=\"attachment-medium_large size-medium_large wp-image-52145\" alt=\"\" srcset=\"https:\/\/www.estudidelmoble.com\/wp-content\/uploads\/2022\/10\/Logo-Gabarro-actual-vectoritzat-negre-01-768x326.png 768w, https:\/\/www.estudidelmoble.com\/wp-content\/uploads\/2022\/10\/Logo-Gabarro-actual-vectoritzat-negre-01-300x127.png 300w, https:\/\/www.estudidelmoble.com\/wp-content\/uploads\/2022\/10\/Logo-Gabarro-actual-vectoritzat-negre-01-1024x434.png 1024w, https:\/\/www.estudidelmoble.com\/wp-content\/uploads\/2022\/10\/Logo-Gabarro-actual-vectoritzat-negre-01-600x255.png 600w, https:\/\/www.estudidelmoble.com\/wp-content\/uploads\/2022\/10\/Logo-Gabarro-actual-vectoritzat-negre-01.png 1440w\" sizes=\"(max-width: 768px) 100vw, 768px\" \/>\t\t\t\t\t\t\t\t<\/a>\n\t\t\t\t\t\t\t\t\t\t\t\t\t\t\t<\/div>\n\t\t\t\t<div class=\"elementor-element elementor-element-c55d557 elementor-widget elementor-widget-text-editor\" data-id=\"c55d557\" data-element_type=\"widget\" data-e-type=\"widget\" data-widget_type=\"text-editor.default\">\n\t\t\t\t\t\t\t\t\t<p><strong>Con la colaboraci\u00f3n de<\/strong><\/p>\t\t\t\t\t\t\t\t<\/div>\n\t\t\t\t<div class=\"elementor-element elementor-element-db69965 elementor-widget elementor-widget-image\" data-id=\"db69965\" data-element_type=\"widget\" data-e-type=\"widget\" data-widget_type=\"image.default\">\n\t\t\t\t\t\t\t\t\t\t\t\t\t\t\t\t<a href=\"https:\/\/lomobleantic.com\/es\/\" target=\"_blank\" rel=\"noopener\">\n\t\t\t\t\t\t\t<img decoding=\"async\" width=\"113\" height=\"100\" src=\"https:\/\/www.estudidelmoble.com\/wp-content\/uploads\/2022\/05\/restauracio_mobles_antics_restauracion_muebles_antiguos.png\" class=\"attachment-medium_large size-medium_large wp-image-47562\" alt=\"\" \/>\t\t\t\t\t\t\t\t<\/a>\n\t\t\t\t\t\t\t\t\t\t\t\t\t\t\t<\/div>\n\t\t\t\t<div class=\"elementor-element elementor-element-52c7e49 elementor-widget elementor-widget-image\" data-id=\"52c7e49\" data-element_type=\"widget\" data-e-type=\"widget\" data-widget_type=\"image.default\">\n\t\t\t\t\t\t\t\t\t\t\t\t\t\t\t\t<a href=\"http:\/\/www.masfuster.com\/es\/\" target=\"_blank\" rel=\"noopener\">\n\t\t\t\t\t\t\t<img loading=\"lazy\" decoding=\"async\" width=\"112\" height=\"140\" src=\"https:\/\/www.estudidelmoble.com\/wp-content\/uploads\/2022\/05\/masfuster-logo.png\" class=\"attachment-medium_large size-medium_large wp-image-47558\" alt=\"\" \/>\t\t\t\t\t\t\t\t<\/a>\n\t\t\t\t\t\t\t\t\t\t\t\t\t\t\t<\/div>\n\t\t\t\t<div class=\"elementor-element elementor-element-5ad1eda elementor-widget elementor-widget-image\" data-id=\"5ad1eda\" data-element_type=\"widget\" data-e-type=\"widget\" data-widget_type=\"image.default\">\n\t\t\t\t\t\t\t\t\t\t\t\t\t\t\t\t<a href=\"https:\/\/www.maxmadera.com\/experiencia-calidad-creatividad-en-madera\/\" target=\"_blank\" rel=\"noopener\">\n\t\t\t\t\t\t\t<img loading=\"lazy\" decoding=\"async\" width=\"513\" height=\"408\" src=\"https:\/\/www.estudidelmoble.com\/wp-content\/uploads\/2022\/05\/Logo-per-Max-Madera-1.png\" class=\"attachment-medium_large size-medium_large wp-image-47566\" alt=\"\" srcset=\"https:\/\/www.estudidelmoble.com\/wp-content\/uploads\/2022\/05\/Logo-per-Max-Madera-1.png 513w, https:\/\/www.estudidelmoble.com\/wp-content\/uploads\/2022\/05\/Logo-per-Max-Madera-1-300x239.png 300w\" sizes=\"(max-width: 513px) 100vw, 513px\" \/>\t\t\t\t\t\t\t\t<\/a>\n\t\t\t\t\t\t\t\t\t\t\t\t\t\t\t<\/div>\n\t\t\t\t\t<\/div>\n\t\t<\/div>\n\t\t\t\t\t<\/div>\n\t\t<\/section>\n\t\t\t\t<section class=\"elementor-section elementor-inner-section elementor-element elementor-element-e115db7 elementor-section-boxed elementor-section-height-default elementor-section-height-default\" data-id=\"e115db7\" data-element_type=\"section\" data-e-type=\"section\">\n\t\t\t\t\t\t<div class=\"elementor-container elementor-column-gap-default\">\n\t\t\t\t\t<div class=\"elementor-column elementor-col-50 elementor-inner-column elementor-element elementor-element-7ea05ae\" data-id=\"7ea05ae\" data-element_type=\"column\" data-e-type=\"column\">\n\t\t\t<div class=\"elementor-widget-wrap\">\n\t\t\t\t\t\t\t<\/div>\n\t\t<\/div>\n\t\t\t\t<div class=\"elementor-column elementor-col-50 elementor-inner-column elementor-element elementor-element-203ea69\" data-id=\"203ea69\" data-element_type=\"column\" data-e-type=\"column\">\n\t\t\t<div class=\"elementor-widget-wrap elementor-element-populated\">\n\t\t\t\t\t\t<div class=\"elementor-element elementor-element-bf05643 elementor-mobile-align-center elementor-align-center elementor-widget elementor-widget-button\" data-id=\"bf05643\" data-element_type=\"widget\" data-e-type=\"widget\" data-widget_type=\"button.default\">\n\t\t\t\t\t\t\t\t\t\t<a class=\"elementor-button elementor-button-link elementor-size-sm elementor-animation-shrink\" href=\"https:\/\/www.estudidelmoble.com\/projecte-fusta-moble-sostenibilitat\/\">\n\t\t\t\t\t\t<span class=\"elementor-button-content-wrapper\">\n\t\t\t\t\t\t<span class=\"elementor-button-icon\">\n\t\t\t\t<svg aria-hidden=\"true\" class=\"e-font-icon-svg e-fas-arrow-circle-up\" viewBox=\"0 0 512 512\" xmlns=\"http:\/\/www.w3.org\/2000\/svg\"><path d=\"M8 256C8 119 119 8 256 8s248 111 248 248-111 248-248 248S8 393 8 256zm143.6 28.9l72.4-75.5V392c0 13.3 10.7 24 24 24h16c13.3 0 24-10.7 24-24V209.4l72.4 75.5c9.3 9.7 24.8 9.9 34.3.4l10.9-11c9.4-9.4 9.4-24.6 0-33.9L273 107.7c-9.4-9.4-24.6-9.4-33.9 0L106.3 240.4c-9.4 9.4-9.4 24.6 0 33.9l10.9 11c9.6 9.5 25.1 9.3 34.4-.4z\"><\/path><\/svg>\t\t\t<\/span>\n\t\t\t\t\t\t\t\t\t<span class=\"elementor-button-text\">Volver al \u00edndice F-M-S<\/span>\n\t\t\t\t\t<\/span>\n\t\t\t\t\t<\/a>\n\t\t\t\t\t\t\t\t<\/div>\n\t\t\t\t\t<\/div>\n\t\t<\/div>\n\t\t\t\t\t<\/div>\n\t\t<\/section>\n\t\t\t\t\t<\/div>\n\t\t<\/div>\n\t\t\t\t\t<\/div>\n\t\t<\/section>\n\t\t\t\t<section class=\"elementor-section elementor-top-section elementor-element elementor-element-d6fe3c6 elementor-section-full_width elementor-section-height-default elementor-section-height-default\" data-id=\"d6fe3c6\" data-element_type=\"section\" data-e-type=\"section\">\n\t\t\t\t\t\t<div class=\"elementor-container elementor-column-gap-default\">\n\t\t\t\t\t<div class=\"elementor-column elementor-col-100 elementor-top-column elementor-element elementor-element-d0c4222\" data-id=\"d0c4222\" data-element_type=\"column\" data-e-type=\"column\">\n\t\t\t<div class=\"elementor-widget-wrap elementor-element-populated\">\n\t\t\t\t\t\t<div class=\"elementor-element elementor-element-1a902b9 elementor-widget elementor-widget-spacer\" data-id=\"1a902b9\" data-element_type=\"widget\" data-e-type=\"widget\" data-widget_type=\"spacer.default\">\n\t\t\t\t\t\t\t<div class=\"elementor-spacer\">\n\t\t\t<div class=\"elementor-spacer-inner\"><\/div>\n\t\t<\/div>\n\t\t\t\t\t\t<\/div>\n\t\t\t\t<div class=\"elementor-element elementor-element-e3e533b elementor-widget-divider--view-line elementor-widget elementor-widget-divider\" data-id=\"e3e533b\" data-element_type=\"widget\" data-e-type=\"widget\" data-widget_type=\"divider.default\">\n\t\t\t\t\t\t\t<div class=\"elementor-divider\">\n\t\t\t<span class=\"elementor-divider-separator\">\n\t\t\t\t\t\t<\/span>\n\t\t<\/div>\n\t\t\t\t\t\t<\/div>\n\t\t\t\t<div class=\"elementor-element elementor-element-ec8b444 elementor-widget elementor-widget-text-editor\" data-id=\"ec8b444\" data-element_type=\"widget\" data-e-type=\"widget\" data-widget_type=\"text-editor.default\">\n\t\t\t\t\t\t\t\t\tCon el apoyo del Departamento de Cultura\t\t\t\t\t\t\t\t<\/div>\n\t\t\t\t\t<\/div>\n\t\t<\/div>\n\t\t\t\t\t<\/div>\n\t\t<\/section>\n\t\t\t\t<\/div>\n\t\t","protected":false},"excerpt":{"rendered":"<p>Monta y desmonta muebles de hoy como hac\u00edan siglos antes: taller exposici\u00f3n de piezas de mobiliario con redise\u00f1o de maestros carpinteros<\/p>\n","protected":false},"author":86,"featured_media":58520,"parent":43961,"menu_order":0,"comment_status":"closed","ping_status":"closed","template":"","meta":{"_acf_changed":false,"footnotes":""},"class_list":["post-43889","page","type-page","status-publish","has-post-thumbnail","hentry"],"acf":[],"_links":{"self":[{"href":"https:\/\/www.estudidelmoble.com\/es\/wp-json\/wp\/v2\/pages\/43889","targetHints":{"allow":["GET"]}}],"collection":[{"href":"https:\/\/www.estudidelmoble.com\/es\/wp-json\/wp\/v2\/pages"}],"about":[{"href":"https:\/\/www.estudidelmoble.com\/es\/wp-json\/wp\/v2\/types\/page"}],"author":[{"embeddable":true,"href":"https:\/\/www.estudidelmoble.com\/es\/wp-json\/wp\/v2\/users\/86"}],"replies":[{"embeddable":true,"href":"https:\/\/www.estudidelmoble.com\/es\/wp-json\/wp\/v2\/comments?post=43889"}],"version-history":[{"count":0,"href":"https:\/\/www.estudidelmoble.com\/es\/wp-json\/wp\/v2\/pages\/43889\/revisions"}],"up":[{"embeddable":true,"href":"https:\/\/www.estudidelmoble.com\/es\/wp-json\/wp\/v2\/pages\/43961"}],"wp:featuredmedia":[{"embeddable":true,"href":"https:\/\/www.estudidelmoble.com\/es\/wp-json\/wp\/v2\/media\/58520"}],"wp:attachment":[{"href":"https:\/\/www.estudidelmoble.com\/es\/wp-json\/wp\/v2\/media?parent=43889"}],"curies":[{"name":"wp","href":"https:\/\/api.w.org\/{rel}","templated":true}]}}