{"id":43899,"date":"2022-02-14T15:37:12","date_gmt":"2022-02-14T13:37:12","guid":{"rendered":"https:\/\/www.estudidelmoble.com\/curso-el-mueble-de-madera-las-maderas-del-mueble\/"},"modified":"2022-08-01T21:59:05","modified_gmt":"2022-08-01T19:59:05","slug":"curso-el-mueble-de-madera-las-maderas-del-mueble","status":"publish","type":"page","link":"https:\/\/www.estudidelmoble.com\/es\/proyecto-madera-mueble-sostenibilidad\/segunda-fase-construccion-materiales-tecnicas-y-aplicaciones\/curso-el-mueble-de-madera-las-maderas-del-mueble\/","title":{"rendered":"Curso El mueble de madera. Las maderas del mueble"},"content":{"rendered":"\t\t<div data-elementor-type=\"wp-page\" data-elementor-id=\"43899\" class=\"elementor elementor-43899 elementor-43202\" data-elementor-post-type=\"page\">\n\t\t\t\t\t\t<section class=\"elementor-section elementor-top-section elementor-element elementor-element-fe25e97 elementor-section-boxed elementor-section-height-default elementor-section-height-default\" data-id=\"fe25e97\" data-element_type=\"section\" data-e-type=\"section\" data-settings=\"{&quot;background_background&quot;:&quot;classic&quot;}\">\n\t\t\t\t\t\t<div class=\"elementor-container elementor-column-gap-default\">\n\t\t\t\t\t<div class=\"elementor-column elementor-col-100 elementor-top-column elementor-element elementor-element-2951eff\" data-id=\"2951eff\" data-element_type=\"column\" data-e-type=\"column\">\n\t\t\t<div class=\"elementor-widget-wrap elementor-element-populated\">\n\t\t\t\t\t\t<div class=\"elementor-element elementor-element-f9f103d elementor-widget elementor-widget-spacer\" data-id=\"f9f103d\" data-element_type=\"widget\" data-e-type=\"widget\" data-widget_type=\"spacer.default\">\n\t\t\t\t\t\t\t<div class=\"elementor-spacer\">\n\t\t\t<div class=\"elementor-spacer-inner\"><\/div>\n\t\t<\/div>\n\t\t\t\t\t\t<\/div>\n\t\t\t\t<div class=\"elementor-element elementor-element-179dc66 elementor-widget elementor-widget-image\" data-id=\"179dc66\" data-element_type=\"widget\" data-e-type=\"widget\" data-widget_type=\"image.default\">\n\t\t\t\t\t\t\t\t\t\t\t\t\t\t\t<img decoding=\"async\" src=\"https:\/\/www.estudidelmoble.com\/wp-content\/uploads\/2022\/02\/Logo-taula.jpg\" title=\"\" alt=\"\" loading=\"lazy\" \/>\t\t\t\t\t\t\t\t\t\t\t\t\t\t\t<\/div>\n\t\t\t\t<div class=\"elementor-element elementor-element-2403984 elementor-hidden-mobile elementor-widget elementor-widget-spacer\" data-id=\"2403984\" data-element_type=\"widget\" data-e-type=\"widget\" data-widget_type=\"spacer.default\">\n\t\t\t\t\t\t\t<div class=\"elementor-spacer\">\n\t\t\t<div class=\"elementor-spacer-inner\"><\/div>\n\t\t<\/div>\n\t\t\t\t\t\t<\/div>\n\t\t\t\t\t<\/div>\n\t\t<\/div>\n\t\t\t\t\t<\/div>\n\t\t<\/section>\n\t\t\t\t<section class=\"elementor-section elementor-top-section elementor-element elementor-element-95be86b elementor-section-boxed elementor-section-height-default elementor-section-height-default\" data-id=\"95be86b\" data-element_type=\"section\" data-e-type=\"section\" data-settings=\"{&quot;background_background&quot;:&quot;classic&quot;}\">\n\t\t\t\t\t\t<div class=\"elementor-container elementor-column-gap-default\">\n\t\t\t\t\t<div class=\"elementor-column elementor-col-50 elementor-top-column elementor-element elementor-element-721381e\" data-id=\"721381e\" data-element_type=\"column\" data-e-type=\"column\">\n\t\t\t<div class=\"elementor-widget-wrap elementor-element-populated\">\n\t\t\t\t\t\t<div class=\"elementor-element elementor-element-31c01fd elementor-view-stacked elementor-shape-circle elementor-position-block-start elementor-mobile-position-block-start elementor-widget elementor-widget-icon-box\" data-id=\"31c01fd\" data-element_type=\"widget\" data-e-type=\"widget\" data-widget_type=\"icon-box.default\">\n\t\t\t\t\t\t\t<div class=\"elementor-icon-box-wrapper\">\n\n\t\t\t\t\t\t<div class=\"elementor-icon-box-icon\">\n\t\t\t\t<span  class=\"elementor-icon\">\n\t\t\t\t<svg aria-hidden=\"true\" class=\"e-font-icon-svg e-fas-comment-dots\" viewBox=\"0 0 512 512\" xmlns=\"http:\/\/www.w3.org\/2000\/svg\"><path d=\"M256 32C114.6 32 0 125.1 0 240c0 49.6 21.4 95 57 130.7C44.5 421.1 2.7 466 2.2 466.5c-2.2 2.3-2.8 5.7-1.5 8.7S4.8 480 8 480c66.3 0 116-31.8 140.6-51.4 32.7 12.3 69 19.4 107.4 19.4 141.4 0 256-93.1 256-208S397.4 32 256 32zM128 272c-17.7 0-32-14.3-32-32s14.3-32 32-32 32 14.3 32 32-14.3 32-32 32zm128 0c-17.7 0-32-14.3-32-32s14.3-32 32-32 32 14.3 32 32-14.3 32-32 32zm128 0c-17.7 0-32-14.3-32-32s14.3-32 32-32 32 14.3 32 32-14.3 32-32 32z\"><\/path><\/svg>\t\t\t\t<\/span>\n\t\t\t<\/div>\n\t\t\t\n\t\t\t\t\t\t<div class=\"elementor-icon-box-content\">\n\n\t\t\t\t\t\t\t\t\t<h2 class=\"elementor-icon-box-title\">\n\t\t\t\t\t\t<span  >\n\t\t\t\t\t\t\tCurso-f\u00f3rum\t\t\t\t\t\t<\/span>\n\t\t\t\t\t<\/h2>\n\t\t\t\t\n\t\t\t\t\n\t\t\t<\/div>\n\t\t\t\n\t\t<\/div>\n\t\t\t\t\t\t<\/div>\n\t\t\t\t<div class=\"elementor-element elementor-element-c7092e0 elementor-widget elementor-widget-heading\" data-id=\"c7092e0\" data-element_type=\"widget\" data-e-type=\"widget\" data-widget_type=\"heading.default\">\n\t\t\t\t\t<h1 class=\"elementor-heading-title elementor-size-default\">El mueble de madera. <br>Las maderas del mueble<\/h1>\t\t\t\t<\/div>\n\t\t\t\t<div class=\"elementor-element elementor-element-fd6fd0b elementor-widget elementor-widget-heading\" data-id=\"fd6fd0b\" data-element_type=\"widget\" data-e-type=\"widget\" data-widget_type=\"heading.default\">\n\t\t\t\t\t<h3 class=\"elementor-heading-title elementor-size-default\">19-21 de mayo 2022<\/h3>\t\t\t\t<\/div>\n\t\t\t\t<div class=\"elementor-element elementor-element-974a0e6 elementor-widget elementor-widget-spacer\" data-id=\"974a0e6\" data-element_type=\"widget\" data-e-type=\"widget\" data-widget_type=\"spacer.default\">\n\t\t\t\t\t\t\t<div class=\"elementor-spacer\">\n\t\t\t<div class=\"elementor-spacer-inner\"><\/div>\n\t\t<\/div>\n\t\t\t\t\t\t<\/div>\n\t\t\t\t<div class=\"elementor-element elementor-element-64544dd elementor-widget elementor-widget-text-editor\" data-id=\"64544dd\" data-element_type=\"widget\" data-e-type=\"widget\" data-widget_type=\"text-editor.default\">\n\t\t\t\t\t\t\t\t\t<hr \/><p><a href=\"#CursoForum-metodologia\"><span style=\"color: #007196;\"><strong>Formato:<\/strong> <\/span><\/a>Presencial <br \/>(opci\u00f3n conferencias online) <strong><span style=\"color: #8e2900;\">\u2022<\/span><\/strong><\/p><hr \/><p><span style=\"color: #007196;\"><strong><span dir=\"ltr\" role=\"presentation\">Precios y condiciones:\u00a0<\/span><\/strong><\/span> Detalles al <a href=\"#CursForum-precios\">final del programa<\/a><\/p><hr style=\"background-color: #ffffff;\" \/><p><span style=\"font-weight: bolder; color: #007196;\"><span dir=\"ltr\" role=\"presentation\">Informaci\u00f3n y reserves:<\/span><\/span>\u00a0<br \/>info@estudidelmoble.com<br \/>93 256 67 85<br \/><a href=\"https:\/\/www.estudidelmoble.com\/es\/tienda\/categoria-cursos\/\" target=\"_blank\" rel=\"noopener\">tienda online<\/a><\/p><hr \/>\t\t\t\t\t\t\t\t<\/div>\n\t\t\t\t<div class=\"elementor-element elementor-element-b13a2d7 elementor-widget elementor-widget-spacer\" data-id=\"b13a2d7\" data-element_type=\"widget\" data-e-type=\"widget\" data-widget_type=\"spacer.default\">\n\t\t\t\t\t\t\t<div class=\"elementor-spacer\">\n\t\t\t<div class=\"elementor-spacer-inner\"><\/div>\n\t\t<\/div>\n\t\t\t\t\t\t<\/div>\n\t\t\t\t<div class=\"elementor-element elementor-element-c08d187 elementor-hidden-mobile elementor-widget elementor-widget-text-editor\" data-id=\"c08d187\" data-element_type=\"widget\" data-e-type=\"widget\" data-widget_type=\"text-editor.default\">\n\t\t\t\t\t\t\t\t\t<p>Con el apoyo de:<\/p>\t\t\t\t\t\t\t\t<\/div>\n\t\t\t\t<div class=\"elementor-element elementor-element-e1162af elementor-hidden-mobile elementor-widget elementor-widget-image\" data-id=\"e1162af\" data-element_type=\"widget\" data-e-type=\"widget\" data-widget_type=\"image.default\">\n\t\t\t\t\t\t\t\t\t\t\t\t\t\t\t<img fetchpriority=\"high\" decoding=\"async\" width=\"500\" height=\"500\" src=\"https:\/\/www.estudidelmoble.com\/wp-content\/uploads\/2019\/10\/logo-Museu-Disseny-Barcelona-1.jpg\" class=\"attachment-medium_large size-medium_large wp-image-14561\" alt=\"\" srcset=\"https:\/\/www.estudidelmoble.com\/wp-content\/uploads\/2019\/10\/logo-Museu-Disseny-Barcelona-1.jpg 500w, https:\/\/www.estudidelmoble.com\/wp-content\/uploads\/2019\/10\/logo-Museu-Disseny-Barcelona-1-300x300.jpg 300w, https:\/\/www.estudidelmoble.com\/wp-content\/uploads\/2019\/10\/logo-Museu-Disseny-Barcelona-1-100x100.jpg 100w, https:\/\/www.estudidelmoble.com\/wp-content\/uploads\/2019\/10\/logo-Museu-Disseny-Barcelona-1-150x150.jpg 150w, https:\/\/www.estudidelmoble.com\/wp-content\/uploads\/2019\/10\/logo-Museu-Disseny-Barcelona-1-350x350.jpg 350w\" sizes=\"(max-width: 500px) 100vw, 500px\" \/>\t\t\t\t\t\t\t\t\t\t\t\t\t\t\t<\/div>\n\t\t\t\t<div class=\"elementor-element elementor-element-024cb55 elementor-hidden-mobile elementor-widget elementor-widget-text-editor\" data-id=\"024cb55\" data-element_type=\"widget\" data-e-type=\"widget\" data-widget_type=\"text-editor.default\">\n\t\t\t\t\t\t\t\t\t<p>Con el apoyo del Departamento de Cultura:<\/p>\t\t\t\t\t\t\t\t<\/div>\n\t\t\t\t<div class=\"elementor-element elementor-element-3274038 elementor-widget elementor-widget-image\" data-id=\"3274038\" data-element_type=\"widget\" data-e-type=\"widget\" data-widget_type=\"image.default\">\n\t\t\t\t\t\t\t\t\t\t\t\t\t\t\t<img decoding=\"async\" width=\"512\" height=\"89\" src=\"https:\/\/www.estudidelmoble.com\/wp-content\/uploads\/2022\/02\/512px-Generalitat_de_Catalunya_-_Departament_de_Cultura.-transparent.png\" class=\"attachment-medium_large size-medium_large wp-image-42625\" alt=\"\" srcset=\"https:\/\/www.estudidelmoble.com\/wp-content\/uploads\/2022\/02\/512px-Generalitat_de_Catalunya_-_Departament_de_Cultura.-transparent.png 512w, https:\/\/www.estudidelmoble.com\/wp-content\/uploads\/2022\/02\/512px-Generalitat_de_Catalunya_-_Departament_de_Cultura.-transparent-300x52.png 300w\" sizes=\"(max-width: 512px) 100vw, 512px\" \/>\t\t\t\t\t\t\t\t\t\t\t\t\t\t\t<\/div>\n\t\t\t\t<div class=\"elementor-element elementor-element-daed8df elementor-widget elementor-widget-spacer\" data-id=\"daed8df\" data-element_type=\"widget\" data-e-type=\"widget\" data-widget_type=\"spacer.default\">\n\t\t\t\t\t\t\t<div class=\"elementor-spacer\">\n\t\t\t<div class=\"elementor-spacer-inner\"><\/div>\n\t\t<\/div>\n\t\t\t\t\t\t<\/div>\n\t\t\t\t<div class=\"elementor-element elementor-element-b287bb2 elementor-view-stacked elementor-position-inline-start elementor-shape-circle elementor-mobile-position-block-start elementor-widget elementor-widget-icon-box\" data-id=\"b287bb2\" data-element_type=\"widget\" data-e-type=\"widget\" data-widget_type=\"icon-box.default\">\n\t\t\t\t\t\t\t<div class=\"elementor-icon-box-wrapper\">\n\n\t\t\t\t\t\t<div class=\"elementor-icon-box-icon\">\n\t\t\t\t<span  class=\"elementor-icon\">\n\t\t\t\t<svg aria-hidden=\"true\" class=\"e-font-icon-svg e-fas-video\" viewBox=\"0 0 576 512\" xmlns=\"http:\/\/www.w3.org\/2000\/svg\"><path d=\"M336.2 64H47.8C21.4 64 0 85.4 0 111.8v288.4C0 426.6 21.4 448 47.8 448h288.4c26.4 0 47.8-21.4 47.8-47.8V111.8c0-26.4-21.4-47.8-47.8-47.8zm189.4 37.7L416 177.3v157.4l109.6 75.5c21.2 14.6 50.4-.3 50.4-25.8V127.5c0-25.4-29.1-40.4-50.4-25.8z\"><\/path><\/svg>\t\t\t\t<\/span>\n\t\t\t<\/div>\n\t\t\t\n\t\t\t\t\t\t<div class=\"elementor-icon-box-content\">\n\n\t\t\t\t\t\t\t\t\t<h2 class=\"elementor-icon-box-title\">\n\t\t\t\t\t\t<span  >\n\t\t\t\t\t\t\tVideo resumen\t\t\t\t\t\t<\/span>\n\t\t\t\t\t<\/h2>\n\t\t\t\t\n\t\t\t\t\n\t\t\t<\/div>\n\t\t\t\n\t\t<\/div>\n\t\t\t\t\t\t<\/div>\n\t\t\t\t<div class=\"elementor-element elementor-element-2b521ac elementor-widget elementor-widget-video\" data-id=\"2b521ac\" data-element_type=\"widget\" data-e-type=\"widget\" data-settings=\"{&quot;youtube_url&quot;:&quot;https:\\\/\\\/youtu.be\\\/JZat30jW3fk&quot;,&quot;show_image_overlay&quot;:&quot;yes&quot;,&quot;image_overlay&quot;:{&quot;url&quot;:&quot;https:\\\/\\\/www.estudidelmoble.com\\\/wp-content\\\/uploads\\\/2022\\\/08\\\/CP-3b.png&quot;,&quot;id&quot;:50404,&quot;size&quot;:&quot;&quot;,&quot;alt&quot;:&quot;&quot;,&quot;source&quot;:&quot;library&quot;},&quot;lightbox&quot;:&quot;yes&quot;,&quot;lightbox_content_animation&quot;:&quot;fadeIn&quot;,&quot;video_type&quot;:&quot;youtube&quot;,&quot;controls&quot;:&quot;yes&quot;}\" data-widget_type=\"video.default\">\n\t\t\t\t\t\t\t<div class=\"elementor-wrapper elementor-open-lightbox\">\n\t\t\t\t\t\t\t<div class=\"elementor-custom-embed-image-overlay\" data-elementor-open-lightbox=\"yes\" data-elementor-lightbox=\"{&quot;type&quot;:&quot;video&quot;,&quot;videoType&quot;:&quot;youtube&quot;,&quot;url&quot;:&quot;https:\\\/\\\/www.youtube.com\\\/embed\\\/JZat30jW3fk?feature=oembed&amp;start&amp;end&amp;wmode=opaque&amp;loop=0&amp;controls=1&amp;mute=0&amp;rel=0&amp;cc_load_policy=0&quot;,&quot;autoplay&quot;:&quot;&quot;,&quot;modalOptions&quot;:{&quot;id&quot;:&quot;elementor-lightbox-2b521ac&quot;,&quot;entranceAnimation&quot;:&quot;fadeIn&quot;,&quot;entranceAnimation_tablet&quot;:&quot;&quot;,&quot;entranceAnimation_mobile&quot;:&quot;&quot;,&quot;videoAspectRatio&quot;:&quot;169&quot;}}\" data-e-action-hash=\"#elementor-action%3Aaction%3Dlightbox%26settings%3DeyJ0eXBlIjoidmlkZW8iLCJ2aWRlb1R5cGUiOiJ5b3V0dWJlIiwidXJsIjoiaHR0cHM6XC9cL3d3dy55b3V0dWJlLmNvbVwvZW1iZWRcL0paYXQzMGpXM2ZrP2ZlYXR1cmU9b2VtYmVkJnN0YXJ0JmVuZCZ3bW9kZT1vcGFxdWUmbG9vcD0wJmNvbnRyb2xzPTEmbXV0ZT0wJnJlbD0wJmNjX2xvYWRfcG9saWN5PTAiLCJhdXRvcGxheSI6IiIsIm1vZGFsT3B0aW9ucyI6eyJpZCI6ImVsZW1lbnRvci1saWdodGJveC0yYjUyMWFjIiwiZW50cmFuY2VBbmltYXRpb24iOiJmYWRlSW4iLCJlbnRyYW5jZUFuaW1hdGlvbl90YWJsZXQiOiIiLCJlbnRyYW5jZUFuaW1hdGlvbl9tb2JpbGUiOiIiLCJ2aWRlb0FzcGVjdFJhdGlvIjoiMTY5In19\">\n\t\t\t\t\t\t\t\t\t\t\t<img decoding=\"async\" width=\"1620\" height=\"910\" src=\"https:\/\/www.estudidelmoble.com\/wp-content\/uploads\/2022\/08\/CP-3b.png\" class=\"attachment-full size-full wp-image-50404\" alt=\"\" srcset=\"https:\/\/www.estudidelmoble.com\/wp-content\/uploads\/2022\/08\/CP-3b.png 1620w, https:\/\/www.estudidelmoble.com\/wp-content\/uploads\/2022\/08\/CP-3b-300x169.png 300w, https:\/\/www.estudidelmoble.com\/wp-content\/uploads\/2022\/08\/CP-3b-1024x575.png 1024w, https:\/\/www.estudidelmoble.com\/wp-content\/uploads\/2022\/08\/CP-3b-768x431.png 768w, https:\/\/www.estudidelmoble.com\/wp-content\/uploads\/2022\/08\/CP-3b-1536x863.png 1536w, https:\/\/www.estudidelmoble.com\/wp-content\/uploads\/2022\/08\/CP-3b-600x337.png 600w\" sizes=\"(max-width: 1620px) 100vw, 1620px\" \/>\t\t\t\t\t\t\t\t\t\t\t\t\t\t\t\t<div class=\"elementor-custom-embed-play\" role=\"button\" aria-label=\"Reproducir v\u00eddeo\" tabindex=\"0\">\n\t\t\t\t\t\t\t<svg aria-hidden=\"true\" class=\"e-font-icon-svg e-eicon-play\" viewBox=\"0 0 1000 1000\" xmlns=\"http:\/\/www.w3.org\/2000\/svg\"><path d=\"M838 162C746 71 633 25 500 25 371 25 258 71 163 162 71 254 25 367 25 500 25 633 71 746 163 837 254 929 367 979 500 979 633 979 746 933 838 837 929 746 975 633 975 500 975 367 929 254 838 162M808 192C892 279 933 379 933 500 933 621 892 725 808 808 725 892 621 938 500 938 379 938 279 896 196 808 113 725 67 621 67 500 67 379 108 279 196 192 279 108 383 62 500 62 621 62 721 108 808 192M438 392V642L642 517 438 392Z\"><\/path><\/svg>\t\t\t\t\t\t<\/div>\n\t\t\t\t\t\t\t\t\t<\/div>\n\t\t\t\t\t<\/div>\n\t\t\t\t\t\t<\/div>\n\t\t\t\t<div class=\"elementor-element elementor-element-29dc6d0 elementor-widget elementor-widget-text-editor\" data-id=\"29dc6d0\" data-element_type=\"widget\" data-e-type=\"widget\" data-widget_type=\"text-editor.default\">\n\t\t\t\t\t\t\t\t\t<p>Video resumen del <i>Curso-F\u00f3rum: El mueble de madera. Las maderas del mueble <\/i>(VOS Espa\u00f1ol)<em><br \/><\/em><\/p>\t\t\t\t\t\t\t\t<\/div>\n\t\t\t\t<div class=\"elementor-element elementor-element-0844f72 elementor-widget elementor-widget-video\" data-id=\"0844f72\" data-element_type=\"widget\" data-e-type=\"widget\" data-settings=\"{&quot;youtube_url&quot;:&quot;https:\\\/\\\/youtu.be\\\/ljXPWK68mMQ&quot;,&quot;show_image_overlay&quot;:&quot;yes&quot;,&quot;image_overlay&quot;:{&quot;url&quot;:&quot;https:\\\/\\\/www.estudidelmoble.com\\\/wp-content\\\/uploads\\\/2022\\\/08\\\/CP-video3.png&quot;,&quot;id&quot;:50412,&quot;size&quot;:&quot;&quot;,&quot;alt&quot;:&quot;&quot;,&quot;source&quot;:&quot;library&quot;},&quot;lightbox&quot;:&quot;yes&quot;,&quot;lightbox_content_animation&quot;:&quot;fadeIn&quot;,&quot;video_type&quot;:&quot;youtube&quot;,&quot;controls&quot;:&quot;yes&quot;}\" data-widget_type=\"video.default\">\n\t\t\t\t\t\t\t<div class=\"elementor-wrapper elementor-open-lightbox\">\n\t\t\t\t\t\t\t<div class=\"elementor-custom-embed-image-overlay\" data-elementor-open-lightbox=\"yes\" data-elementor-lightbox=\"{&quot;type&quot;:&quot;video&quot;,&quot;videoType&quot;:&quot;youtube&quot;,&quot;url&quot;:&quot;https:\\\/\\\/www.youtube.com\\\/embed\\\/ljXPWK68mMQ?feature=oembed&amp;start&amp;end&amp;wmode=opaque&amp;loop=0&amp;controls=1&amp;mute=0&amp;rel=0&amp;cc_load_policy=0&quot;,&quot;autoplay&quot;:&quot;&quot;,&quot;modalOptions&quot;:{&quot;id&quot;:&quot;elementor-lightbox-0844f72&quot;,&quot;entranceAnimation&quot;:&quot;fadeIn&quot;,&quot;entranceAnimation_tablet&quot;:&quot;&quot;,&quot;entranceAnimation_mobile&quot;:&quot;&quot;,&quot;videoAspectRatio&quot;:&quot;169&quot;}}\" data-e-action-hash=\"#elementor-action%3Aaction%3Dlightbox%26settings%3DeyJ0eXBlIjoidmlkZW8iLCJ2aWRlb1R5cGUiOiJ5b3V0dWJlIiwidXJsIjoiaHR0cHM6XC9cL3d3dy55b3V0dWJlLmNvbVwvZW1iZWRcL2xqWFBXSzY4bU1RP2ZlYXR1cmU9b2VtYmVkJnN0YXJ0JmVuZCZ3bW9kZT1vcGFxdWUmbG9vcD0wJmNvbnRyb2xzPTEmbXV0ZT0wJnJlbD0wJmNjX2xvYWRfcG9saWN5PTAiLCJhdXRvcGxheSI6IiIsIm1vZGFsT3B0aW9ucyI6eyJpZCI6ImVsZW1lbnRvci1saWdodGJveC0wODQ0ZjcyIiwiZW50cmFuY2VBbmltYXRpb24iOiJmYWRlSW4iLCJlbnRyYW5jZUFuaW1hdGlvbl90YWJsZXQiOiIiLCJlbnRyYW5jZUFuaW1hdGlvbl9tb2JpbGUiOiIiLCJ2aWRlb0FzcGVjdFJhdGlvIjoiMTY5In19\">\n\t\t\t\t\t\t\t\t\t\t\t<img loading=\"lazy\" decoding=\"async\" width=\"1091\" height=\"613\" src=\"https:\/\/www.estudidelmoble.com\/wp-content\/uploads\/2022\/08\/CP-video3.png\" class=\"attachment-full size-full wp-image-50412\" alt=\"\" srcset=\"https:\/\/www.estudidelmoble.com\/wp-content\/uploads\/2022\/08\/CP-video3.png 1091w, https:\/\/www.estudidelmoble.com\/wp-content\/uploads\/2022\/08\/CP-video3-300x169.png 300w, https:\/\/www.estudidelmoble.com\/wp-content\/uploads\/2022\/08\/CP-video3-1024x575.png 1024w, https:\/\/www.estudidelmoble.com\/wp-content\/uploads\/2022\/08\/CP-video3-768x432.png 768w, https:\/\/www.estudidelmoble.com\/wp-content\/uploads\/2022\/08\/CP-video3-600x337.png 600w\" sizes=\"(max-width: 1091px) 100vw, 1091px\" \/>\t\t\t\t\t\t\t\t\t\t\t\t\t\t\t\t<div class=\"elementor-custom-embed-play\" role=\"button\" aria-label=\"Reproducir v\u00eddeo\" tabindex=\"0\">\n\t\t\t\t\t\t\t<svg aria-hidden=\"true\" class=\"e-font-icon-svg e-eicon-play\" viewBox=\"0 0 1000 1000\" xmlns=\"http:\/\/www.w3.org\/2000\/svg\"><path d=\"M838 162C746 71 633 25 500 25 371 25 258 71 163 162 71 254 25 367 25 500 25 633 71 746 163 837 254 929 367 979 500 979 633 979 746 933 838 837 929 746 975 633 975 500 975 367 929 254 838 162M808 192C892 279 933 379 933 500 933 621 892 725 808 808 725 892 621 938 500 938 379 938 279 896 196 808 113 725 67 621 67 500 67 379 108 279 196 192 279 108 383 62 500 62 621 62 721 108 808 192M438 392V642L642 517 438 392Z\"><\/path><\/svg>\t\t\t\t\t\t<\/div>\n\t\t\t\t\t\t\t\t\t<\/div>\n\t\t\t\t\t<\/div>\n\t\t\t\t\t\t<\/div>\n\t\t\t\t<div class=\"elementor-element elementor-element-ffdc957 elementor-widget elementor-widget-text-editor\" data-id=\"ffdc957\" data-element_type=\"widget\" data-e-type=\"widget\" data-widget_type=\"text-editor.default\">\n\t\t\t\t\t\t\t\t\t<p>V\u00eddeo resum del <em>Curs-F\u00f2rum: El moble de fusta. Les fustes del moble. <\/em>(VOS Catal\u00e0)<em><br \/><\/em><\/p>\t\t\t\t\t\t\t\t<\/div>\n\t\t\t\t<div class=\"elementor-element elementor-element-4f32363 elementor-widget elementor-widget-video\" data-id=\"4f32363\" data-element_type=\"widget\" data-e-type=\"widget\" data-settings=\"{&quot;youtube_url&quot;:&quot;https:\\\/\\\/youtu.be\\\/S-L5KtkmVPQ&quot;,&quot;show_image_overlay&quot;:&quot;yes&quot;,&quot;image_overlay&quot;:{&quot;url&quot;:&quot;https:\\\/\\\/www.estudidelmoble.com\\\/wp-content\\\/uploads\\\/2022\\\/08\\\/CP-video.png&quot;,&quot;id&quot;:50408,&quot;size&quot;:&quot;&quot;,&quot;alt&quot;:&quot;&quot;,&quot;source&quot;:&quot;library&quot;},&quot;lightbox&quot;:&quot;yes&quot;,&quot;lightbox_content_animation&quot;:&quot;fadeIn&quot;,&quot;video_type&quot;:&quot;youtube&quot;,&quot;controls&quot;:&quot;yes&quot;}\" data-widget_type=\"video.default\">\n\t\t\t\t\t\t\t<div class=\"elementor-wrapper elementor-open-lightbox\">\n\t\t\t\t\t\t\t<div class=\"elementor-custom-embed-image-overlay\" data-elementor-open-lightbox=\"yes\" data-elementor-lightbox=\"{&quot;type&quot;:&quot;video&quot;,&quot;videoType&quot;:&quot;youtube&quot;,&quot;url&quot;:&quot;https:\\\/\\\/www.youtube.com\\\/embed\\\/S-L5KtkmVPQ?feature=oembed&amp;start&amp;end&amp;wmode=opaque&amp;loop=0&amp;controls=1&amp;mute=0&amp;rel=0&amp;cc_load_policy=0&quot;,&quot;autoplay&quot;:&quot;&quot;,&quot;modalOptions&quot;:{&quot;id&quot;:&quot;elementor-lightbox-4f32363&quot;,&quot;entranceAnimation&quot;:&quot;fadeIn&quot;,&quot;entranceAnimation_tablet&quot;:&quot;&quot;,&quot;entranceAnimation_mobile&quot;:&quot;&quot;,&quot;videoAspectRatio&quot;:&quot;169&quot;}}\" data-e-action-hash=\"#elementor-action%3Aaction%3Dlightbox%26settings%3DeyJ0eXBlIjoidmlkZW8iLCJ2aWRlb1R5cGUiOiJ5b3V0dWJlIiwidXJsIjoiaHR0cHM6XC9cL3d3dy55b3V0dWJlLmNvbVwvZW1iZWRcL1MtTDVLdGttVlBRP2ZlYXR1cmU9b2VtYmVkJnN0YXJ0JmVuZCZ3bW9kZT1vcGFxdWUmbG9vcD0wJmNvbnRyb2xzPTEmbXV0ZT0wJnJlbD0wJmNjX2xvYWRfcG9saWN5PTAiLCJhdXRvcGxheSI6IiIsIm1vZGFsT3B0aW9ucyI6eyJpZCI6ImVsZW1lbnRvci1saWdodGJveC00ZjMyMzYzIiwiZW50cmFuY2VBbmltYXRpb24iOiJmYWRlSW4iLCJlbnRyYW5jZUFuaW1hdGlvbl90YWJsZXQiOiIiLCJlbnRyYW5jZUFuaW1hdGlvbl9tb2JpbGUiOiIiLCJ2aWRlb0FzcGVjdFJhdGlvIjoiMTY5In19\">\n\t\t\t\t\t\t\t\t\t\t\t<img loading=\"lazy\" decoding=\"async\" width=\"1546\" height=\"873\" src=\"https:\/\/www.estudidelmoble.com\/wp-content\/uploads\/2022\/08\/CP-video.png\" class=\"attachment-full size-full wp-image-50408\" alt=\"\" srcset=\"https:\/\/www.estudidelmoble.com\/wp-content\/uploads\/2022\/08\/CP-video.png 1546w, https:\/\/www.estudidelmoble.com\/wp-content\/uploads\/2022\/08\/CP-video-300x169.png 300w, https:\/\/www.estudidelmoble.com\/wp-content\/uploads\/2022\/08\/CP-video-1024x578.png 1024w, https:\/\/www.estudidelmoble.com\/wp-content\/uploads\/2022\/08\/CP-video-768x434.png 768w, https:\/\/www.estudidelmoble.com\/wp-content\/uploads\/2022\/08\/CP-video-1536x867.png 1536w, https:\/\/www.estudidelmoble.com\/wp-content\/uploads\/2022\/08\/CP-video-600x339.png 600w\" sizes=\"(max-width: 1546px) 100vw, 1546px\" \/>\t\t\t\t\t\t\t\t\t\t\t\t\t\t\t\t<div class=\"elementor-custom-embed-play\" role=\"button\" aria-label=\"Reproducir v\u00eddeo\" tabindex=\"0\">\n\t\t\t\t\t\t\t<svg aria-hidden=\"true\" class=\"e-font-icon-svg e-eicon-play\" viewBox=\"0 0 1000 1000\" xmlns=\"http:\/\/www.w3.org\/2000\/svg\"><path d=\"M838 162C746 71 633 25 500 25 371 25 258 71 163 162 71 254 25 367 25 500 25 633 71 746 163 837 254 929 367 979 500 979 633 979 746 933 838 837 929 746 975 633 975 500 975 367 929 254 838 162M808 192C892 279 933 379 933 500 933 621 892 725 808 808 725 892 621 938 500 938 379 938 279 896 196 808 113 725 67 621 67 500 67 379 108 279 196 192 279 108 383 62 500 62 621 62 721 108 808 192M438 392V642L642 517 438 392Z\"><\/path><\/svg>\t\t\t\t\t\t<\/div>\n\t\t\t\t\t\t\t\t\t<\/div>\n\t\t\t\t\t<\/div>\n\t\t\t\t\t\t<\/div>\n\t\t\t\t<div class=\"elementor-element elementor-element-b7ecdec elementor-widget elementor-widget-text-editor\" data-id=\"b7ecdec\" data-element_type=\"widget\" data-e-type=\"widget\" data-widget_type=\"text-editor.default\">\n\t\t\t\t\t\t\t\t\t<p>Summary video of the <i>Conference: The wooden furniture. The timbers of the furniture<\/i> (VOS Ingl\u00e9s)<em><br \/><\/em><\/p>\t\t\t\t\t\t\t\t<\/div>\n\t\t\t\t\t<\/div>\n\t\t<\/div>\n\t\t\t\t<div class=\"elementor-column elementor-col-50 elementor-top-column elementor-element elementor-element-fca5ee2\" data-id=\"fca5ee2\" data-element_type=\"column\" data-e-type=\"column\">\n\t\t\t<div class=\"elementor-widget-wrap elementor-element-populated\">\n\t\t\t\t\t\t<div class=\"elementor-element elementor-element-220a45f elementor-widget elementor-widget-image\" data-id=\"220a45f\" data-element_type=\"widget\" data-e-type=\"widget\" data-widget_type=\"image.default\">\n\t\t\t\t\t\t\t\t\t\t\t\t\t\t\t<img loading=\"lazy\" decoding=\"async\" width=\"500\" height=\"500\" src=\"https:\/\/www.estudidelmoble.com\/wp-content\/uploads\/2022\/04\/collage-a-500.png\" class=\"attachment-medium_large size-medium_large wp-image-47132\" alt=\"\" srcset=\"https:\/\/www.estudidelmoble.com\/wp-content\/uploads\/2022\/04\/collage-a-500.png 500w, https:\/\/www.estudidelmoble.com\/wp-content\/uploads\/2022\/04\/collage-a-500-300x300.png 300w, https:\/\/www.estudidelmoble.com\/wp-content\/uploads\/2022\/04\/collage-a-500-150x150.png 150w, https:\/\/www.estudidelmoble.com\/wp-content\/uploads\/2022\/04\/collage-a-500-100x100.png 100w\" sizes=\"(max-width: 500px) 100vw, 500px\" \/>\t\t\t\t\t\t\t\t\t\t\t\t\t\t\t<\/div>\n\t\t\t\t<div class=\"elementor-element elementor-element-3cb72f0 elementor-widget elementor-widget-text-editor\" data-id=\"3cb72f0\" data-element_type=\"widget\" data-e-type=\"widget\" data-widget_type=\"text-editor.default\">\n\t\t\t\t\t\t\t\t\t<p>Fotograf\u00edas: AEM, Merc\u00e8 Benavent, World Wood Future, Germ\u00e1n Peraire, Fundaci\u00f3 AMPANS, IAAC<\/p>\t\t\t\t\t\t\t\t<\/div>\n\t\t\t\t<div class=\"elementor-element elementor-element-b7a0c7a elementor-widget elementor-widget-spacer\" data-id=\"b7a0c7a\" data-element_type=\"widget\" data-e-type=\"widget\" data-widget_type=\"spacer.default\">\n\t\t\t\t\t\t\t<div class=\"elementor-spacer\">\n\t\t\t<div class=\"elementor-spacer-inner\"><\/div>\n\t\t<\/div>\n\t\t\t\t\t\t<\/div>\n\t\t\t\t<section class=\"elementor-section elementor-inner-section elementor-element elementor-element-c95daa8 elementor-section-boxed elementor-section-height-default elementor-section-height-default\" data-id=\"c95daa8\" data-element_type=\"section\" data-e-type=\"section\">\n\t\t\t\t\t\t<div class=\"elementor-container elementor-column-gap-default\">\n\t\t\t\t\t<div class=\"elementor-column elementor-col-33 elementor-inner-column elementor-element elementor-element-46ceea0\" data-id=\"46ceea0\" data-element_type=\"column\" data-e-type=\"column\">\n\t\t\t<div class=\"elementor-widget-wrap elementor-element-populated\">\n\t\t\t\t\t\t<div class=\"elementor-element elementor-element-f75db2f elementor-widget elementor-widget-text-editor\" data-id=\"f75db2f\" data-element_type=\"widget\" data-e-type=\"widget\" data-widget_type=\"text-editor.default\">\n\t\t\t\t\t\t\t\t\t<p><strong>Jueves, 19 de mayo<br \/><\/strong>09.30 h \u2013 18.50 h<br \/>Museo del Dise\u00f1o de Barcelona<\/p>\t\t\t\t\t\t\t\t<\/div>\n\t\t\t\t\t<\/div>\n\t\t<\/div>\n\t\t\t\t<div class=\"elementor-column elementor-col-33 elementor-inner-column elementor-element elementor-element-fc187e9\" data-id=\"fc187e9\" data-element_type=\"column\" data-e-type=\"column\">\n\t\t\t<div class=\"elementor-widget-wrap elementor-element-populated\">\n\t\t\t\t\t\t<div class=\"elementor-element elementor-element-6a8a30c elementor-widget elementor-widget-text-editor\" data-id=\"6a8a30c\" data-element_type=\"widget\" data-e-type=\"widget\" data-widget_type=\"text-editor.default\">\n\t\t\t\t\t\t\t\t\t<p><strong>Viernes, 20 de mayo<br \/><\/strong>10.00 h \u2013 18.00 h<br \/>Museo del Dise\u00f1o de Barcelona<\/p>\t\t\t\t\t\t\t\t<\/div>\n\t\t\t\t\t<\/div>\n\t\t<\/div>\n\t\t\t\t<div class=\"elementor-column elementor-col-33 elementor-inner-column elementor-element elementor-element-aae3c67\" data-id=\"aae3c67\" data-element_type=\"column\" data-e-type=\"column\">\n\t\t\t<div class=\"elementor-widget-wrap elementor-element-populated\">\n\t\t\t\t\t\t<div class=\"elementor-element elementor-element-7704bd6 elementor-widget elementor-widget-text-editor\" data-id=\"7704bd6\" data-element_type=\"widget\" data-e-type=\"widget\" data-widget_type=\"text-editor.default\">\n\t\t\t\t\t\t\t\t\t<p><strong>S\u00e1bado, 21 de mayo<br \/><\/strong>10.00 h \u2013 13.30 h<br \/>IAAC<\/p>\t\t\t\t\t\t\t\t<\/div>\n\t\t\t\t\t<\/div>\n\t\t<\/div>\n\t\t\t\t\t<\/div>\n\t\t<\/section>\n\t\t\t\t<div class=\"elementor-element elementor-element-11fb345 elementor-widget elementor-widget-spacer\" data-id=\"11fb345\" data-element_type=\"widget\" data-e-type=\"widget\" data-widget_type=\"spacer.default\">\n\t\t\t\t\t\t\t<div class=\"elementor-spacer\">\n\t\t\t<div class=\"elementor-spacer-inner\"><\/div>\n\t\t<\/div>\n\t\t\t\t\t\t<\/div>\n\t\t\t\t<div class=\"elementor-element elementor-element-1f507a3 elementor-widget elementor-widget-text-editor\" data-id=\"1f507a3\" data-element_type=\"widget\" data-e-type=\"widget\" data-widget_type=\"text-editor.default\">\n\t\t\t\t\t\t\t\t\t<hr \/><p><strong>Direcci\u00f3n:<\/strong> Salvador Ord\u00f3\u00f1ez, cofundador a World Wood Future<\/p><hr \/><p><strong><span dir=\"ltr\" role=\"presentation\">Coordinaci\u00f3n:<\/span><\/strong> Merc\u00e8 Benavent, vocal a la AEM<\/p><hr \/>\t\t\t\t\t\t\t\t<\/div>\n\t\t\t\t<div class=\"elementor-element elementor-element-0b5e10d elementor-widget elementor-widget-spacer\" data-id=\"0b5e10d\" data-element_type=\"widget\" data-e-type=\"widget\" data-widget_type=\"spacer.default\">\n\t\t\t\t\t\t\t<div class=\"elementor-spacer\">\n\t\t\t<div class=\"elementor-spacer-inner\"><\/div>\n\t\t<\/div>\n\t\t\t\t\t\t<\/div>\n\t\t\t\t<div class=\"elementor-element elementor-element-ca5f1bf elementor-widget elementor-widget-text-editor\" data-id=\"ca5f1bf\" data-element_type=\"widget\" data-e-type=\"widget\" data-widget_type=\"text-editor.default\">\n\t\t\t\t\t\t\t\t\t<p>El mueble de madera como respuesta clave a la emergencia clim\u00e1tica\u00a0<\/p>\t\t\t\t\t\t\t\t<\/div>\n\t\t\t\t<div class=\"elementor-element elementor-element-6365394 elementor-widget elementor-widget-text-editor\" data-id=\"6365394\" data-element_type=\"widget\" data-e-type=\"widget\" data-widget_type=\"text-editor.default\">\n\t\t\t\t\t\t\t\t\t<p style=\"text-align: left;\">Durante muchos a\u00f1os, las personas viv\u00edan aferradas a sus muebles; muchas veces eran objetos que les acompa\u00f1aban toda la vida, incluso la de sus ascendentes. Los valoraban y cuidaban, no s\u00f3lo por su valor est\u00e9tico, sentimental o econ\u00f3mico, sino tambi\u00e9n por la conciencia del esfuerzo que hab\u00eda significado obtener y preparar los materiales, dise\u00f1arlos y hacerlos, instalarlos en el sitio adecuado y disfrutarlos.<\/p><p style=\"text-align: left;\">Despu\u00e9s de una \u00e9poca caracterizada por usar y tirar en todos los \u00e1mbitos de la vida, parece que el sentido com\u00fan (y tal vez tambi\u00e9n la necesidad) nos lleva a redescubrir el valor intr\u00ednseco de un mueble y no tan s\u00f3lo su coste.<\/p><p>Te presentamos proyectos innovadores que permiten revertir la situaci\u00f3n. Trataremos la larga vida de un mueble, desde el origen del material hasta sus diversos destinos. De la mano de expertos descubriremos y comprenderemos que no hay madera sino maderas; que esta materia prima es inagotable si la sabemos gestionar bien; que es necesario escoger las especies adecuadamente seg\u00fan la funcionalidad prevista; que la mano y las herramientas expertas son los mejores embajadores para disfrutar de su presencia en nuestros espacios vitales, que las t\u00e9cnicas empleadas para conseguir formas y efectos maravillosos son hoy las mismas que eran siglos antes, aunque hayan cambiado los procedimientos mec\u00e1nicos de realizaci\u00f3n.<\/p><p>Te invitamos a comprender el valor del mueble de madera y de las maderas y sus oficios en los objetos de madera.<\/p>\t\t\t\t\t\t\t\t<\/div>\n\t\t\t\t<section class=\"elementor-section elementor-inner-section elementor-element elementor-element-08b3eae elementor-section-boxed elementor-section-height-default elementor-section-height-default\" data-id=\"08b3eae\" data-element_type=\"section\" data-e-type=\"section\">\n\t\t\t\t\t\t<div class=\"elementor-container elementor-column-gap-default\">\n\t\t\t\t\t<div class=\"elementor-column elementor-col-50 elementor-inner-column elementor-element elementor-element-1aec190\" data-id=\"1aec190\" data-element_type=\"column\" data-e-type=\"column\">\n\t\t\t<div class=\"elementor-widget-wrap elementor-element-populated\">\n\t\t\t\t\t\t<div class=\"elementor-element elementor-element-ee64f7f elementor-view-stacked elementor-shape-circle elementor-position-block-start elementor-mobile-position-block-start elementor-widget elementor-widget-icon-box\" data-id=\"ee64f7f\" data-element_type=\"widget\" data-e-type=\"widget\" data-widget_type=\"icon-box.default\">\n\t\t\t\t\t\t\t<div class=\"elementor-icon-box-wrapper\">\n\n\t\t\t\t\t\t<div class=\"elementor-icon-box-icon\">\n\t\t\t\t<span  class=\"elementor-icon\">\n\t\t\t\t<svg aria-hidden=\"true\" class=\"e-font-icon-svg e-fas-comment-dots\" viewBox=\"0 0 512 512\" xmlns=\"http:\/\/www.w3.org\/2000\/svg\"><path d=\"M256 32C114.6 32 0 125.1 0 240c0 49.6 21.4 95 57 130.7C44.5 421.1 2.7 466 2.2 466.5c-2.2 2.3-2.8 5.7-1.5 8.7S4.8 480 8 480c66.3 0 116-31.8 140.6-51.4 32.7 12.3 69 19.4 107.4 19.4 141.4 0 256-93.1 256-208S397.4 32 256 32zM128 272c-17.7 0-32-14.3-32-32s14.3-32 32-32 32 14.3 32 32-14.3 32-32 32zm128 0c-17.7 0-32-14.3-32-32s14.3-32 32-32 32 14.3 32 32-14.3 32-32 32zm128 0c-17.7 0-32-14.3-32-32s14.3-32 32-32 32 14.3 32 32-14.3 32-32 32z\"><\/path><\/svg>\t\t\t\t<\/span>\n\t\t\t<\/div>\n\t\t\t\n\t\t\t\n\t\t<\/div>\n\t\t\t\t\t\t<\/div>\n\t\t\t\t\t<\/div>\n\t\t<\/div>\n\t\t\t\t<div class=\"elementor-column elementor-col-50 elementor-inner-column elementor-element elementor-element-46001f6\" data-id=\"46001f6\" data-element_type=\"column\" data-e-type=\"column\">\n\t\t\t<div class=\"elementor-widget-wrap elementor-element-populated\">\n\t\t\t\t\t\t<div class=\"elementor-element elementor-element-bad7562 elementor-widget elementor-widget-text-editor\" data-id=\"bad7562\" data-element_type=\"widget\" data-e-type=\"widget\" data-widget_type=\"text-editor.default\">\n\t\t\t\t\t\t\t\t\t<p><span style=\"color: #b49b0d;\"><strong>Programa:<\/strong><\/span><\/p>\t\t\t\t\t\t\t\t<\/div>\n\t\t\t\t\t<\/div>\n\t\t<\/div>\n\t\t\t\t\t<\/div>\n\t\t<\/section>\n\t\t\t\t<div class=\"elementor-element elementor-element-088314e elementor-tabs-view-vertical elementor-widget elementor-widget-tabs\" data-id=\"088314e\" data-element_type=\"widget\" data-e-type=\"widget\" data-widget_type=\"tabs.default\">\n\t\t\t\t\t\t\t<div class=\"elementor-tabs\">\n\t\t\t<div class=\"elementor-tabs-wrapper\" role=\"tablist\" >\n\t\t\t\t\t\t\t\t\t<div id=\"elementor-tab-title-8921\" class=\"elementor-tab-title elementor-tab-desktop-title\" aria-selected=\"true\" data-tab=\"1\" role=\"tab\" tabindex=\"0\" aria-controls=\"elementor-tab-content-8921\" aria-expanded=\"false\">Jueves 19 ma\u00f1ana <br>Museo del Dise\u00f1o<\/div>\n\t\t\t\t\t\t\t\t\t<div id=\"elementor-tab-title-8922\" class=\"elementor-tab-title elementor-tab-desktop-title\" aria-selected=\"false\" data-tab=\"2\" role=\"tab\" tabindex=\"-1\" aria-controls=\"elementor-tab-content-8922\" aria-expanded=\"false\">Jueves 19 tarde<br>Museo del Dise\u00f1o<\/div>\n\t\t\t\t\t\t\t\t\t<div id=\"elementor-tab-title-8923\" class=\"elementor-tab-title elementor-tab-desktop-title\" aria-selected=\"false\" data-tab=\"3\" role=\"tab\" tabindex=\"-1\" aria-controls=\"elementor-tab-content-8923\" aria-expanded=\"false\">Viernes 20 ma\u00f1ana<br>Museo del Dise\u00f1o<\/div>\n\t\t\t\t\t\t\t\t\t<div id=\"elementor-tab-title-8924\" class=\"elementor-tab-title elementor-tab-desktop-title\" aria-selected=\"false\" data-tab=\"4\" role=\"tab\" tabindex=\"-1\" aria-controls=\"elementor-tab-content-8924\" aria-expanded=\"false\">Viernes 20 tarde<br>Museo del Dise\u00f1o<\/div>\n\t\t\t\t\t\t\t\t\t<div id=\"elementor-tab-title-8925\" class=\"elementor-tab-title elementor-tab-desktop-title\" aria-selected=\"false\" data-tab=\"5\" role=\"tab\" tabindex=\"-1\" aria-controls=\"elementor-tab-content-8925\" aria-expanded=\"false\">S\u00e1bado 21 <br>IAAC<\/div>\n\t\t\t\t\t\t\t<\/div>\n\t\t\t<div class=\"elementor-tabs-content-wrapper\" role=\"tablist\" aria-orientation=\"vertical\">\n\t\t\t\t\t\t\t\t\t<div class=\"elementor-tab-title elementor-tab-mobile-title\" aria-selected=\"true\" data-tab=\"1\" role=\"tab\" tabindex=\"0\" aria-controls=\"elementor-tab-content-8921\" aria-expanded=\"false\">Jueves 19 ma\u00f1ana <br>Museo del Dise\u00f1o<\/div>\n\t\t\t\t\t<div id=\"elementor-tab-content-8921\" class=\"elementor-tab-content elementor-clearfix\" data-tab=\"1\" role=\"tabpanel\" aria-labelledby=\"elementor-tab-title-8921\" tabindex=\"0\" hidden=\"false\"><p><span style=\"color: #b49b0d;\">1. RE-CONOCER LA MADERA<\/span><\/p><p><strong>09:30 h <span style=\"color: #8e2900;\">\u2022 <\/span>Presentaci\u00f3n de la jornada<\/strong> <br \/>M\u00f3nica Piera, presidenta de la Asociaci\u00f3n para el Estudio del Mueble (AEM)<br \/>Salvador Ord\u00f3\u00f1ez, director del curso-f\u00f3rum El mueble de madera. Las maderas del mueble. Cofundador de World Wood Future<br \/>Pilar V\u00e9lez, directora del Museo del Dise\u00f1o de Barcelona<br \/>S\u00f2nia Hern\u00e1ndez, directora general del Patrimoni Cultural. Departament de Cultura. Generalitat de Catalunya<\/p><p><strong>10:00 h <span style=\"color: #8e2900;\">\u2022 <\/span>\u00a1Toquemos madera! Dise\u00f1o, madera y sostenibilidad<\/strong> <br \/>Pilar V\u00e9lez, directora del Museo del Dise\u00f1o de Barcelona<\/p><p><strong>10:15 h \u00abLa Xiloteca\u00bb, un producto cultural de uso p\u00fablico para la difusi\u00f3n y estudio de la madera y su relaci\u00f3n con el mobiliario hist\u00f3rico<\/strong> <br \/>Albert D\u00edaz, jefe del Centro de Documentaci\u00f3n del Museo del Dise\u00f1o de Barcelona<\/p><p><strong>10:25 h <span style=\"color: #8e2900;\">\u2022 <\/span>Las fichas digitales de la Xiloteca de la AEM: usabilidad y pr\u00e1ctica<\/strong> <br \/>Ivette Vilalta y Laura Palacios, colaboradoras de la Asociaci\u00f3n para el Estudio del Mueble<\/p><p><strong>10:35 h <span style=\"color: #8e2900;\">\u2022<\/span> GO IMAI: app de identificaci\u00f3n de maderas<\/strong> (intervenci\u00f3n en l\u00ednea)<br \/>Paloma de Palacios, profesora titular de universidad. C\u00e1tedra de Tecnolog\u00eda de la Madera. E.T.S. Ingenier\u00eda de Montes, Forestal y del Medio Natural. Universidad Polit\u00e9cnica de Madrid<\/p><p><strong>10:45 h <span style=\"color: #8e2900;\">\u2022 <\/span>PREGUNTAS Y DEBATE<\/strong><\/p><p><span style=\"color: #007196;\">11:00 h Pausa &#8211; Coffee break<\/span><\/p><p><span style=\"color: #b49b0d;\">2. RE-GESTIONAR EL BOSQUE<\/span><\/p><p><strong>11:15 h <span style=\"color: #8e2900;\">\u2022<\/span> \u00a0\u00bfTenemos madera en Catalu\u00f1a?<\/strong> <br \/>Ignasi Castell\u00f3, coordinador de la Secci\u00f3n Forestal de la Instituci\u00f3 Catalana d\u2019Estudis Agraris (ICEA), filial del Institut d\u2019Estudis Catalans (IEC)<br \/><br \/><strong>11:35 h La gesti\u00f3n forestal activa, clave en la lucha contra el cambio clim\u00e1tico y la despoblaci\u00f3n <\/strong>(intervenci\u00f3n en l\u00ednea) <br \/>Eduardo Rojas, profesor de la Universitat Polit\u00e8cnica de Val\u00e8ncia. Decano del Colegio Oficial de Ingenieros de Montes y Presidente del Board of Directors de PEFC-International<br \/><br \/><strong>12:10 h <span style=\"color: #8e2900;\">\u2022<\/span> A la salud a trav\u00e9s del mueble<\/strong> <br \/>Carles Lab\u00e8rnia, arquitecto t\u00e9cnico. Especialista en medidas de par\u00e1metros de Bioconstrucci\u00f3n IBN-IEB. T\u00e9cnico asociado al CTFC<br \/><br \/><strong>12:30 h <span style=\"color: #8e2900;\">\u2022<\/span> PREGUNTAS Y DEBATE<\/strong> <\/p><p><span style=\"color: #007196;\">13:15 h Pausa &#8211; Comida<\/span><\/p><\/div>\n\t\t\t\t\t\t\t\t\t<div class=\"elementor-tab-title elementor-tab-mobile-title\" aria-selected=\"false\" data-tab=\"2\" role=\"tab\" tabindex=\"-1\" aria-controls=\"elementor-tab-content-8922\" aria-expanded=\"false\">Jueves 19 tarde<br>Museo del Dise\u00f1o<\/div>\n\t\t\t\t\t<div id=\"elementor-tab-content-8922\" class=\"elementor-tab-content elementor-clearfix\" data-tab=\"2\" role=\"tabpanel\" aria-labelledby=\"elementor-tab-title-8922\" tabindex=\"0\" hidden=\"hidden\"><p><span style=\"color: #b49b0d;\">3. RE-VISAR EL PASADO<br \/><\/span><br \/><strong>15:30 h <span style=\"color: #8e2900;\">\u2022 <\/span>\u00bfPor qu\u00e9 el mueble antiguo en el siglo XXI?<\/strong> <br \/>Joaqu\u00edn Guzm\u00e1n, historiador del arte por la UV, columnista en Valencia Plaza y Presidente de la Asociaci\u00f3n de Anticuarios de la Comunidad Valenciana<\/p><p><strong>15:50 h <span style=\"color: #8e2900;\">\u2022 <\/span> Identificaci\u00f3n de maderas en muebles hist\u00f3ricos<\/strong> <br \/>M\u00f3nica Piera, doctora en Historia del Arte<\/p><p><strong>16:05 h <span style=\"color: #8e2900;\">\u2022 <\/span>Reivindicar el pasado hoy<\/strong> <br \/>Jordi Ord\u00f3\u00f1ez, maestro artesano de la marqueter\u00eda<\/p><p><strong>16:15 h <span style=\"color: #8e2900;\">\u2022 <\/span>Antecedentes de pr\u00e1cticas de dise\u00f1o sostenible en el mueble de madera curvada<\/strong> <br \/>Julio Vives, investigador independiente en historia del arte y del dise\u00f1o. Especialista en mueble curvado de Viena y de Valencia<\/p><p><strong>16:30 h <span style=\"color: #8e2900;\">\u2022 <\/span>\u00bfHabr\u00e1 ebanistas el d\u00eda de ma\u00f1ana? \u00bfC\u00f3mo ser\u00e1n?<\/strong> <br \/>Jaume C\u00e1rceles, profesor de tecnolog\u00eda de madera. Institut Pere Martell (Tarragona)<\/p><p><strong>16:40 h <span style=\"color: #8e2900;\">\u2022 <\/span>PREGUNTAS Y DEBATE<\/strong><\/p><p><span style=\"color: #007196;\">17:00 h Pausa<br \/><\/span><br \/><span style=\"color: #b49b0d;\">4. TODO EST\u00c1 RE-CONECTADO<\/span><\/p><p><strong>17:05 h <span style=\"color: #8e2900;\">\u2022 <\/span>Todo est\u00e1 conectado<\/strong> <br \/>Mart\u00ed Boada, doctor en ciencias ambientales<\/p><p><strong>17:35 h <span style=\"color: #8e2900;\">\u2022 <\/span>PREGUNTAS Y DEBATE<\/strong><\/p><p><strong>17:45 h Sentir\u00e1s la madera. Experiencia con los cinco sentidos<\/strong> <br \/>Ivette Vilalta, colaboradora de la Asociaci\u00f3n para el Estudio del Mueble<\/p><p><span style=\"color: #b49b0d;\">5. RE-DISE\u00d1AR EL OBJETO<\/span><\/p><p><strong>18:00 h <span style=\"color: #8e2900;\">\u2022 <\/span>La madera en el dise\u00f1o del mueble: interrogarnos sobre el pasado para pensar el futuro<\/strong> <br \/>Paolo Sustersic, Dr. Arquitecto, profesor de Historia del Dise\u00f1o, Elisava, UVic-UCC. Director del curso \u00abHistoria del mueble del siglo XX y XXI\u00bb, AEM<\/p><p><strong>18:15 h <span style=\"color: #8e2900;\">\u2022 <\/span> La imaginaci\u00f3n hoy<\/strong> <br \/>Ignacio Ezcurra, cofundador de Sociedad 0<\/p><p><strong>18:25 h Materfad. Centro de materiales de Barcelona<\/strong> <br \/>Robert D. Thompson, director cient\u00edfico del Centro de materiales de Barcelona (Materfad)<\/p><p><span style=\"color: #007196;\">18:50 h Clausura de la jornada<\/span><\/p><\/div>\n\t\t\t\t\t\t\t\t\t<div class=\"elementor-tab-title elementor-tab-mobile-title\" aria-selected=\"false\" data-tab=\"3\" role=\"tab\" tabindex=\"-1\" aria-controls=\"elementor-tab-content-8923\" aria-expanded=\"false\">Viernes 20 ma\u00f1ana<br>Museo del Dise\u00f1o<\/div>\n\t\t\t\t\t<div id=\"elementor-tab-content-8923\" class=\"elementor-tab-content elementor-clearfix\" data-tab=\"3\" role=\"tabpanel\" aria-labelledby=\"elementor-tab-title-8923\" tabindex=\"0\" hidden=\"hidden\"><p><span style=\"color: #b49b0d;\">6. RE-DESCUBRIR EL OFICIO<\/span><\/p><p><strong>10:00 h <span style=\"color: #8e2900;\">\u2022 <\/span>Los ensamblajes de las maderas<\/strong><br \/>Xavier Viola, socio cofundador de Efcore Serveis Globals y antiguo alumno de les Escoles Professionals Salesianes de Sarri\u00e0<\/p><p><strong>10:15 h <span style=\"color: #8e2900;\">\u2022<\/span>El mueble del m\u00e1s all\u00e1<\/strong><br \/>Carles Civera, responsable t\u00e9cnico de servicios en funer.bcn duranet 28 a\u00f1os y, actualmente, docente de madera y mueble en la Escola Industrial de Sabadell<\/p><p><strong>10:20 h <span style=\"color: #8e2900;\">\u2022<\/span> Las mujeres carpinteras hoy<\/strong> <br \/>Anna Podgornaya, presidenta de la Asociaci\u00f3n de Mujeres Carpinteras<\/p><p><strong>10:30 h <span style=\"color: #8e2900;\">\u2022 <\/span>El Fustival: celebrando la nueva ebanister\u00eda artesanal<\/strong> <br \/>German Peraire, ebanista y formador. Fundador del Fustival<\/p><p><strong>10:40 h Tres muebles de antes, hoy<\/strong> <br \/>Xavier Mas, Max Rutgers, y \u00c0lex Monlla\u00f3, maestros carpinteros<\/p><p><span style=\"color: #007196;\">11:30 h Pausa &#8211; Coffee Break<\/span><\/p><p><span style=\"color: #b49b0d;\">7. RE-DEFINIR EL CONCEPTO<\/span><\/p><p><strong>12:00 h <span style=\"color: #8e2900;\">\u2022 <\/span>Madera para la vida<\/strong> <br \/>Miguel Acha, cofundador de Likenwood<\/p><p><strong>12:10 h <span style=\"color: #8e2900;\">\u2022 <\/span>Rescatando muebles, recuperando personas <\/strong><br \/>Guillermo Roca, educador especialista en ebanister\u00eda de AMPANS<\/p><p><strong>12:20 h <span style=\"color: #8e2900;\">\u2022 <\/span>Hacer las cosas diferentes<\/strong> <br \/>Francesc Juli\u00e0, CEO de Kave Home<\/p><p><strong>12:30 h <span style=\"color: #8e2900;\">\u2022<\/span> Recuperar, dise\u00f1ar y futuro<\/strong><br \/>Ferran Gesa, responsable del departament de Disseny a Dareels<\/p><p><strong>12:40 h <span style=\"color: #8e2900;\">\u2022 <\/span>PREGUNTAS Y DEBATE<\/strong><\/p><p><span style=\"color: #007196;\">13:30 h Pausa &#8211; Comida<\/span><\/p><\/div>\n\t\t\t\t\t\t\t\t\t<div class=\"elementor-tab-title elementor-tab-mobile-title\" aria-selected=\"false\" data-tab=\"4\" role=\"tab\" tabindex=\"-1\" aria-controls=\"elementor-tab-content-8924\" aria-expanded=\"false\">Viernes 20 tarde<br>Museo del Dise\u00f1o<\/div>\n\t\t\t\t\t<div id=\"elementor-tab-content-8924\" class=\"elementor-tab-content elementor-clearfix\" data-tab=\"4\" role=\"tabpanel\" aria-labelledby=\"elementor-tab-title-8924\" tabindex=\"0\" hidden=\"hidden\"><p><span style=\"color: #b49b0d;\">8. RE-PENSAR EL MUEBLE<\/span><\/p><p><strong>15:30 h Muebles con m\u00e1s de una vida<br \/><\/strong>Carolina Alegre, responsable de Marketing del mercado catal\u00e1n. Desarrollo de proyectos locales y estrategias comerciales sostenibles<\/p><p><strong>15:45 h <span style=\"color: #8e2900;\">\u2022 <\/span><span style=\"color: #8e2900;\"><span style=\"color: #000000;\">Dise\u00f1ar es buscar soluciones<\/span><\/span><\/strong><br \/>Luis Eslava, coordinador de l&#8217;\u00e0rea de Producte del Grau en Disseny d&#8217;Elisava<\/p><p><strong>15:55 h Cada pieza es \u00fanica<\/strong> <br \/>Javier de Z\u00e1rate, \u00e1rea Manager Espa\u00f1a y Portugal Carl Hansen &amp; Son<\/p><p><strong>16:15 h <span style=\"color: #8e2900;\">\u2022 <\/span>PREGUNTAS Y DEBATE<\/strong><\/p><p><strong>17:00 h Taller. Pasado, presente y futuro del mueble<\/strong> <br \/>Salvador Ord\u00f3\u00f1ez, cofundador de World Wood Future<\/p><p><span style=\"color: #007196;\">18:00 h Clausura de la jornada<\/span><\/p><\/div>\n\t\t\t\t\t\t\t\t\t<div class=\"elementor-tab-title elementor-tab-mobile-title\" aria-selected=\"false\" data-tab=\"5\" role=\"tab\" tabindex=\"-1\" aria-controls=\"elementor-tab-content-8925\" aria-expanded=\"false\">S\u00e1bado 21 <br>IAAC<\/div>\n\t\t\t\t\t<div id=\"elementor-tab-content-8925\" class=\"elementor-tab-content elementor-clearfix\" data-tab=\"5\" role=\"tabpanel\" aria-labelledby=\"elementor-tab-title-8925\" tabindex=\"0\" hidden=\"hidden\"><p><span style=\"color: #b49b0d;\">9. RE-INVENTAR EL FUTURO<\/span><br \/><br \/><strong>10:00 h Visita a Fab Lab Barcelona. El arte en el teclado<\/strong> <br \/>Shyam Zonca, director del Instituto de Arquitectura Avanzada de Catalu\u00f1a<br \/><br \/><strong>13:00 h Conclusiones<\/strong> <br \/>Salvador Ord\u00f3\u00f1ez, cofundador de World Wood Future<br \/>Merc\u00e8 Benavent, diplomada en conservaci\u00f3n y restauraci\u00f3n de mueble antiguo en EPSAR y vocal de la Asociaci\u00f3n para el Estudio del Mueble<br \/><br \/><span style=\"color: #007196;\">13:30 h Clausura del curso &#8211; f\u00f3rum<\/span><\/p><\/div>\n\t\t\t\t\t\t\t<\/div>\n\t\t<\/div>\n\t\t\t\t\t\t<\/div>\n\t\t\t\t<div class=\"elementor-element elementor-element-2ad832a elementor-widget elementor-widget-menu-anchor\" data-id=\"2ad832a\" data-element_type=\"widget\" data-e-type=\"widget\" data-widget_type=\"menu-anchor.default\">\n\t\t\t\t\t\t\t<div class=\"elementor-menu-anchor\" id=\"CursoForum-metodologia\"><\/div>\n\t\t\t\t\t\t<\/div>\n\t\t\t\t<div class=\"elementor-element elementor-element-9b5ae16 elementor-widget elementor-widget-text-editor\" data-id=\"9b5ae16\" data-element_type=\"widget\" data-e-type=\"widget\" data-widget_type=\"text-editor.default\">\n\t\t\t\t\t\t\t\t\t<p><span style=\"color: #007196;\"><strong>Metodolog\u00eda:<\/strong><\/span><\/p><p>Las conferencias del jueves 19 y del viernes 20 se realizar\u00e1n en formato presencial y, algunas de ellas, con intervenci\u00f3n en l\u00ednea. <br \/><strong><span style=\"color: #8e2900;\">\u00a0\u2022 <\/span><\/strong>La asistencia a las conferencias de dichos d\u00edas tambi\u00e9n puede ser online, visualiz\u00e1ndolas v\u00eda streaming (no incluye la visualizaci\u00f3n de ninguna intervenci\u00f3n con formato distinto a conferencia + proyecci\u00f3n de en pantalla de la presentaci\u00f3n del conferenciante. Por ejemplo: talleres o muestras in situ de materiales expuestos en la sala).<br \/><br \/>La jornada del s\u00e1bado 21 se realizar\u00e1 solamente en formato presencial. El idioma del curso-f\u00f3rum ser\u00e1 el castellano.<\/p>\t\t\t\t\t\t\t\t<\/div>\n\t\t\t\t<div class=\"elementor-element elementor-element-4a7b779 elementor-widget elementor-widget-menu-anchor\" data-id=\"4a7b779\" data-element_type=\"widget\" data-e-type=\"widget\" data-widget_type=\"menu-anchor.default\">\n\t\t\t\t\t\t\t<div class=\"elementor-menu-anchor\" id=\"CursForum-precios\"><\/div>\n\t\t\t\t\t\t<\/div>\n\t\t\t\t<div class=\"elementor-element elementor-element-b367ec3 elementor-widget elementor-widget-text-editor\" data-id=\"b367ec3\" data-element_type=\"widget\" data-e-type=\"widget\" data-widget_type=\"text-editor.default\">\n\t\t\t\t\t\t\t\t\t<p><span style=\"color: #007196;\"><strong>Precios:<\/strong><\/span><\/p><p>* El precio incluye la asistencia al curso-f\u00f3rum y la publicaci\u00f3n de un volumen monogr\u00e1fico impreso<br \/>con los art\u00edculos de las jornadas, coeditado con el Museo del Dise\u00f1o de Barcelona. Tambi\u00e9n, el coffee-break del jueves 19 y del viernes 20.<\/p><p><span style=\"color: #007196;\">Asistencia PRESENCIAL (19, 20 y 21)<br \/><\/span><strong>Precio socio:<\/strong> 110 euros<br \/><strong>PVP:<\/strong> 220 euros<br \/><strong>Precio especial:<\/strong> 110 euros (estudiantes y desempleados)<br \/><strong>Precio reducido:<\/strong> 165 euros (socios de entidades colaboradoras). Usuarios del Carnet del Centre de Documentaci\u00f3n, Elisava, FHD,\u00a0 Gracmon y FAD<br \/><strong>Precio especial<\/strong> usuarios del Carnet de Biblioteques de Barcelona: 187 euros<\/p><p><span style=\"color: #007196;\"><strong><span style=\"color: #8e2900;\">\u00a0\u2022\u00a0 <\/span><\/strong>Asistencia ONLINE (19 y 20)(s\u00f3lo conferencias marcadas con un punto rojo en el programa)<br \/><\/span><strong>Precio socio:<\/strong> 110 euros<br \/><strong>PVP:<\/strong> 220 euros<br \/><strong>Precio especial:<\/strong> 110 euros (estudiantes y desempleados)<br \/><strong>Precio reducido:<\/strong> 165 euros (socios de entidades colaboradoras). Usuarios del Carnet del Centre de Documentaci\u00f3n, Elisava, FHD, Gracmon y FAD<br \/><strong>Precio especial<\/strong> usuarios del Carnet de Biblioteques de Barcelona: 187 eur<\/p><p>*Becas para asistentes: consulta las condiciones llamando o escribiendo a la Asociaci\u00f3n.<\/p>\t\t\t\t\t\t\t\t<\/div>\n\t\t\t\t<div class=\"elementor-element elementor-element-d0214c5 elementor-widget elementor-widget-spacer\" data-id=\"d0214c5\" data-element_type=\"widget\" data-e-type=\"widget\" data-widget_type=\"spacer.default\">\n\t\t\t\t\t\t\t<div class=\"elementor-spacer\">\n\t\t\t<div class=\"elementor-spacer-inner\"><\/div>\n\t\t<\/div>\n\t\t\t\t\t\t<\/div>\n\t\t\t\t<section class=\"elementor-section elementor-inner-section elementor-element elementor-element-e4af03f elementor-section-boxed elementor-section-height-default elementor-section-height-default\" data-id=\"e4af03f\" data-element_type=\"section\" data-e-type=\"section\">\n\t\t\t\t\t\t<div class=\"elementor-container elementor-column-gap-default\">\n\t\t\t\t\t<div class=\"elementor-column elementor-col-100 elementor-inner-column elementor-element elementor-element-4ba69ee\" data-id=\"4ba69ee\" data-element_type=\"column\" data-e-type=\"column\" data-settings=\"{&quot;background_background&quot;:&quot;classic&quot;}\">\n\t\t\t<div class=\"elementor-widget-wrap elementor-element-populated\">\n\t\t\t\t\t\t<div class=\"elementor-element elementor-element-f49f2ab elementor-view-framed elementor-position-inline-start elementor-shape-circle elementor-mobile-position-block-start elementor-widget elementor-widget-icon-box\" data-id=\"f49f2ab\" data-element_type=\"widget\" data-e-type=\"widget\" data-widget_type=\"icon-box.default\">\n\t\t\t\t\t\t\t<div class=\"elementor-icon-box-wrapper\">\n\n\t\t\t\t\t\t<div class=\"elementor-icon-box-icon\">\n\t\t\t\t<a href=\"https:\/\/www.estudidelmoble.com\/wp-content\/uploads\/2022\/05\/Curs-Forum_El-moble-de-fusta.-Les-fustes-del-moble-5.pdf\" target=\"_blank\" class=\"elementor-icon\" tabindex=\"-1\" aria-label=\"Descarrega programa catal\u00e0  (PDF)\">\n\t\t\t\t<svg aria-hidden=\"true\" class=\"e-font-icon-svg e-fas-file-download\" viewBox=\"0 0 384 512\" xmlns=\"http:\/\/www.w3.org\/2000\/svg\"><path d=\"M224 136V0H24C10.7 0 0 10.7 0 24v464c0 13.3 10.7 24 24 24h336c13.3 0 24-10.7 24-24V160H248c-13.2 0-24-10.8-24-24zm76.45 211.36l-96.42 95.7c-6.65 6.61-17.39 6.61-24.04 0l-96.42-95.7C73.42 337.29 80.54 320 94.82 320H160v-80c0-8.84 7.16-16 16-16h32c8.84 0 16 7.16 16 16v80h65.18c14.28 0 21.4 17.29 11.27 27.36zM377 105L279.1 7c-4.5-4.5-10.6-7-17-7H256v128h128v-6.1c0-6.3-2.5-12.4-7-16.9z\"><\/path><\/svg>\t\t\t\t<\/a>\n\t\t\t<\/div>\n\t\t\t\n\t\t\t\t\t\t<div class=\"elementor-icon-box-content\">\n\n\t\t\t\t\t\t\t\t\t<p class=\"elementor-icon-box-title\">\n\t\t\t\t\t\t<a href=\"https:\/\/www.estudidelmoble.com\/wp-content\/uploads\/2022\/05\/Curs-Forum_El-moble-de-fusta.-Les-fustes-del-moble-5.pdf\" target=\"_blank\" >\n\t\t\t\t\t\t\tDescarrega programa catal\u00e0  (PDF)\t\t\t\t\t\t<\/a>\n\t\t\t\t\t<\/p>\n\t\t\t\t\n\t\t\t\t\n\t\t\t<\/div>\n\t\t\t\n\t\t<\/div>\n\t\t\t\t\t\t<\/div>\n\t\t\t\t<div class=\"elementor-element elementor-element-07bed97 elementor-view-framed elementor-position-inline-start elementor-shape-circle elementor-mobile-position-block-start elementor-widget elementor-widget-icon-box\" data-id=\"07bed97\" data-element_type=\"widget\" data-e-type=\"widget\" data-widget_type=\"icon-box.default\">\n\t\t\t\t\t\t\t<div class=\"elementor-icon-box-wrapper\">\n\n\t\t\t\t\t\t<div class=\"elementor-icon-box-icon\">\n\t\t\t\t<a href=\"https:\/\/www.estudidelmoble.com\/wp-content\/uploads\/2022\/05\/Curso-Forum_El-mueble-de-madera.-Las-maderas-del-mueble-5.pdf\" target=\"_blank\" class=\"elementor-icon\" tabindex=\"-1\" aria-label=\"Descarga programa castellano  (PDF)\">\n\t\t\t\t<svg aria-hidden=\"true\" class=\"e-font-icon-svg e-fas-file-download\" viewBox=\"0 0 384 512\" xmlns=\"http:\/\/www.w3.org\/2000\/svg\"><path d=\"M224 136V0H24C10.7 0 0 10.7 0 24v464c0 13.3 10.7 24 24 24h336c13.3 0 24-10.7 24-24V160H248c-13.2 0-24-10.8-24-24zm76.45 211.36l-96.42 95.7c-6.65 6.61-17.39 6.61-24.04 0l-96.42-95.7C73.42 337.29 80.54 320 94.82 320H160v-80c0-8.84 7.16-16 16-16h32c8.84 0 16 7.16 16 16v80h65.18c14.28 0 21.4 17.29 11.27 27.36zM377 105L279.1 7c-4.5-4.5-10.6-7-17-7H256v128h128v-6.1c0-6.3-2.5-12.4-7-16.9z\"><\/path><\/svg>\t\t\t\t<\/a>\n\t\t\t<\/div>\n\t\t\t\n\t\t\t\t\t\t<div class=\"elementor-icon-box-content\">\n\n\t\t\t\t\t\t\t\t\t<p class=\"elementor-icon-box-title\">\n\t\t\t\t\t\t<a href=\"https:\/\/www.estudidelmoble.com\/wp-content\/uploads\/2022\/05\/Curso-Forum_El-mueble-de-madera.-Las-maderas-del-mueble-5.pdf\" target=\"_blank\" >\n\t\t\t\t\t\t\tDescarga programa castellano  (PDF)\t\t\t\t\t\t<\/a>\n\t\t\t\t\t<\/p>\n\t\t\t\t\n\t\t\t\t\n\t\t\t<\/div>\n\t\t\t\n\t\t<\/div>\n\t\t\t\t\t\t<\/div>\n\t\t\t\t\t<\/div>\n\t\t<\/div>\n\t\t\t\t\t<\/div>\n\t\t<\/section>\n\t\t\t\t<div class=\"elementor-element elementor-element-635d959 elementor-widget elementor-widget-spacer\" data-id=\"635d959\" data-element_type=\"widget\" data-e-type=\"widget\" data-widget_type=\"spacer.default\">\n\t\t\t\t\t\t\t<div class=\"elementor-spacer\">\n\t\t\t<div class=\"elementor-spacer-inner\"><\/div>\n\t\t<\/div>\n\t\t\t\t\t\t<\/div>\n\t\t\t\t<div class=\"elementor-element elementor-element-9b5ddc9 elementor-widget elementor-widget-text-editor\" data-id=\"9b5ddc9\" data-element_type=\"widget\" data-e-type=\"widget\" data-widget_type=\"text-editor.default\">\n\t\t\t\t\t\t\t\t\t<p>Con la colaboraci\u00f3n de:\u00a0<\/p>\t\t\t\t\t\t\t\t<\/div>\n\t\t\t\t<section class=\"elementor-section elementor-inner-section elementor-element elementor-element-d2661fc elementor-section-boxed elementor-section-height-default elementor-section-height-default\" data-id=\"d2661fc\" data-element_type=\"section\" data-e-type=\"section\">\n\t\t\t\t\t\t<div class=\"elementor-container elementor-column-gap-default\">\n\t\t\t\t\t<div class=\"elementor-column elementor-col-20 elementor-inner-column elementor-element elementor-element-ddab185\" data-id=\"ddab185\" data-element_type=\"column\" data-e-type=\"column\">\n\t\t\t<div class=\"elementor-widget-wrap elementor-element-populated\">\n\t\t\t\t\t\t<div class=\"elementor-element elementor-element-681476c elementor-widget elementor-widget-image\" data-id=\"681476c\" data-element_type=\"widget\" data-e-type=\"widget\" data-widget_type=\"image.default\">\n\t\t\t\t\t\t\t\t\t\t\t\t\t\t\t<img loading=\"lazy\" decoding=\"async\" width=\"523\" height=\"415\" src=\"https:\/\/www.estudidelmoble.com\/wp-content\/uploads\/2022\/04\/Logo-GO-IMAI-con-proyecto-1-1.png\" class=\"attachment-medium_large size-medium_large wp-image-46842\" alt=\"\" srcset=\"https:\/\/www.estudidelmoble.com\/wp-content\/uploads\/2022\/04\/Logo-GO-IMAI-con-proyecto-1-1.png 523w, https:\/\/www.estudidelmoble.com\/wp-content\/uploads\/2022\/04\/Logo-GO-IMAI-con-proyecto-1-1-300x238.png 300w\" sizes=\"(max-width: 523px) 100vw, 523px\" \/>\t\t\t\t\t\t\t\t\t\t\t\t\t\t\t<\/div>\n\t\t\t\t\t<\/div>\n\t\t<\/div>\n\t\t\t\t<div class=\"elementor-column elementor-col-20 elementor-inner-column elementor-element elementor-element-dc30b0d\" data-id=\"dc30b0d\" data-element_type=\"column\" data-e-type=\"column\">\n\t\t\t<div class=\"elementor-widget-wrap elementor-element-populated\">\n\t\t\t\t\t\t<div class=\"elementor-element elementor-element-9f10365 elementor-widget elementor-widget-image\" data-id=\"9f10365\" data-element_type=\"widget\" data-e-type=\"widget\" data-widget_type=\"image.default\">\n\t\t\t\t\t\t\t\t\t\t\t\t\t\t\t<img loading=\"lazy\" decoding=\"async\" width=\"300\" height=\"300\" src=\"https:\/\/www.estudidelmoble.com\/wp-content\/uploads\/2022\/04\/LOGO-FUSTIVAL-300X300.png\" class=\"attachment-medium_large size-medium_large wp-image-47049\" alt=\"\" srcset=\"https:\/\/www.estudidelmoble.com\/wp-content\/uploads\/2022\/04\/LOGO-FUSTIVAL-300X300.png 300w, https:\/\/www.estudidelmoble.com\/wp-content\/uploads\/2022\/04\/LOGO-FUSTIVAL-300X300-150x150.png 150w, https:\/\/www.estudidelmoble.com\/wp-content\/uploads\/2022\/04\/LOGO-FUSTIVAL-300X300-100x100.png 100w\" sizes=\"(max-width: 300px) 100vw, 300px\" \/>\t\t\t\t\t\t\t\t\t\t\t\t\t\t\t<\/div>\n\t\t\t\t\t<\/div>\n\t\t<\/div>\n\t\t\t\t<div class=\"elementor-column elementor-col-20 elementor-inner-column elementor-element elementor-element-97ab43a\" data-id=\"97ab43a\" data-element_type=\"column\" data-e-type=\"column\">\n\t\t\t<div class=\"elementor-widget-wrap elementor-element-populated\">\n\t\t\t\t\t\t<div class=\"elementor-element elementor-element-6e15f6c elementor-widget elementor-widget-image\" data-id=\"6e15f6c\" data-element_type=\"widget\" data-e-type=\"widget\" data-widget_type=\"image.default\">\n\t\t\t\t\t\t\t\t\t\t\t\t\t\t\t<img loading=\"lazy\" decoding=\"async\" width=\"768\" height=\"768\" src=\"https:\/\/www.estudidelmoble.com\/wp-content\/uploads\/2022\/05\/SAULEDA-LOGO_rojo1-768x768.png\" class=\"attachment-medium_large size-medium_large wp-image-47271\" alt=\"\" srcset=\"https:\/\/www.estudidelmoble.com\/wp-content\/uploads\/2022\/05\/SAULEDA-LOGO_rojo1-768x768.png 768w, https:\/\/www.estudidelmoble.com\/wp-content\/uploads\/2022\/05\/SAULEDA-LOGO_rojo1-300x300.png 300w, https:\/\/www.estudidelmoble.com\/wp-content\/uploads\/2022\/05\/SAULEDA-LOGO_rojo1-1024x1024.png 1024w, https:\/\/www.estudidelmoble.com\/wp-content\/uploads\/2022\/05\/SAULEDA-LOGO_rojo1-150x150.png 150w, https:\/\/www.estudidelmoble.com\/wp-content\/uploads\/2022\/05\/SAULEDA-LOGO_rojo1-600x600.png 600w, https:\/\/www.estudidelmoble.com\/wp-content\/uploads\/2022\/05\/SAULEDA-LOGO_rojo1-100x100.png 100w, https:\/\/www.estudidelmoble.com\/wp-content\/uploads\/2022\/05\/SAULEDA-LOGO_rojo1.png 1537w\" sizes=\"(max-width: 768px) 100vw, 768px\" \/>\t\t\t\t\t\t\t\t\t\t\t\t\t\t\t<\/div>\n\t\t\t\t\t<\/div>\n\t\t<\/div>\n\t\t\t\t<div class=\"elementor-column elementor-col-20 elementor-inner-column elementor-element elementor-element-b8903c8\" data-id=\"b8903c8\" data-element_type=\"column\" data-e-type=\"column\">\n\t\t\t<div class=\"elementor-widget-wrap elementor-element-populated\">\n\t\t\t\t\t\t<div class=\"elementor-element elementor-element-c5969c2 elementor-widget elementor-widget-image\" data-id=\"c5969c2\" data-element_type=\"widget\" data-e-type=\"widget\" data-widget_type=\"image.default\">\n\t\t\t\t\t\t\t\t\t\t\t\t\t\t\t<img loading=\"lazy\" decoding=\"async\" width=\"261\" height=\"75\" src=\"https:\/\/www.estudidelmoble.com\/wp-content\/uploads\/2022\/05\/Biblioteques-de-Barcelona.png\" class=\"attachment-medium_large size-medium_large wp-image-47275\" alt=\"\" \/>\t\t\t\t\t\t\t\t\t\t\t\t\t\t\t<\/div>\n\t\t\t\t\t<\/div>\n\t\t<\/div>\n\t\t\t\t<div class=\"elementor-column elementor-col-20 elementor-inner-column elementor-element elementor-element-6df9802\" data-id=\"6df9802\" data-element_type=\"column\" data-e-type=\"column\">\n\t\t\t<div class=\"elementor-widget-wrap elementor-element-populated\">\n\t\t\t\t\t\t<div class=\"elementor-element elementor-element-468951d elementor-widget elementor-widget-image\" data-id=\"468951d\" data-element_type=\"widget\" data-e-type=\"widget\" data-widget_type=\"image.default\">\n\t\t\t\t\t\t\t\t\t\t\t\t\t\t\t<img loading=\"lazy\" decoding=\"async\" width=\"768\" height=\"156\" src=\"https:\/\/www.estudidelmoble.com\/wp-content\/uploads\/2022\/05\/logo_dareels_BLACK_300-768x156.png\" class=\"attachment-medium_large size-medium_large wp-image-47434\" alt=\"\" srcset=\"https:\/\/www.estudidelmoble.com\/wp-content\/uploads\/2022\/05\/logo_dareels_BLACK_300-768x156.png 768w, https:\/\/www.estudidelmoble.com\/wp-content\/uploads\/2022\/05\/logo_dareels_BLACK_300-300x61.png 300w, https:\/\/www.estudidelmoble.com\/wp-content\/uploads\/2022\/05\/logo_dareels_BLACK_300-1024x207.png 1024w, https:\/\/www.estudidelmoble.com\/wp-content\/uploads\/2022\/05\/logo_dareels_BLACK_300-1536x311.png 1536w, https:\/\/www.estudidelmoble.com\/wp-content\/uploads\/2022\/05\/logo_dareels_BLACK_300-2048x415.png 2048w, https:\/\/www.estudidelmoble.com\/wp-content\/uploads\/2022\/05\/logo_dareels_BLACK_300-600x122.png 600w\" sizes=\"(max-width: 768px) 100vw, 768px\" \/>\t\t\t\t\t\t\t\t\t\t\t\t\t\t\t<\/div>\n\t\t\t\t\t<\/div>\n\t\t<\/div>\n\t\t\t\t\t<\/div>\n\t\t<\/section>\n\t\t\t\t<section class=\"elementor-section elementor-inner-section elementor-element elementor-element-c12251b elementor-section-boxed elementor-section-height-default elementor-section-height-default\" data-id=\"c12251b\" data-element_type=\"section\" data-e-type=\"section\">\n\t\t\t\t\t\t<div class=\"elementor-container elementor-column-gap-default\">\n\t\t\t\t\t<div class=\"elementor-column elementor-col-20 elementor-inner-column elementor-element elementor-element-1c515c8\" data-id=\"1c515c8\" data-element_type=\"column\" data-e-type=\"column\">\n\t\t\t<div class=\"elementor-widget-wrap elementor-element-populated\">\n\t\t\t\t\t\t<div class=\"elementor-element elementor-element-0e069ba elementor-widget elementor-widget-image\" data-id=\"0e069ba\" data-element_type=\"widget\" data-e-type=\"widget\" data-widget_type=\"image.default\">\n\t\t\t\t\t\t\t\t\t\t\t\t\t\t\t<img loading=\"lazy\" decoding=\"async\" width=\"667\" height=\"167\" src=\"https:\/\/www.estudidelmoble.com\/wp-content\/uploads\/2021\/07\/Logo-Elisava-UVic-UCC-negro.png\" class=\"attachment-medium_large size-medium_large wp-image-32294\" alt=\"\" srcset=\"https:\/\/www.estudidelmoble.com\/wp-content\/uploads\/2021\/07\/Logo-Elisava-UVic-UCC-negro.png 667w, https:\/\/www.estudidelmoble.com\/wp-content\/uploads\/2021\/07\/Logo-Elisava-UVic-UCC-negro-600x150.png 600w, https:\/\/www.estudidelmoble.com\/wp-content\/uploads\/2021\/07\/Logo-Elisava-UVic-UCC-negro-300x75.png 300w\" sizes=\"(max-width: 667px) 100vw, 667px\" \/>\t\t\t\t\t\t\t\t\t\t\t\t\t\t\t<\/div>\n\t\t\t\t\t<\/div>\n\t\t<\/div>\n\t\t\t\t<div class=\"elementor-column elementor-col-20 elementor-inner-column elementor-element elementor-element-f14353c\" data-id=\"f14353c\" data-element_type=\"column\" data-e-type=\"column\">\n\t\t\t<div class=\"elementor-widget-wrap elementor-element-populated\">\n\t\t\t\t\t\t<div class=\"elementor-element elementor-element-04eec7f elementor-widget elementor-widget-image\" data-id=\"04eec7f\" data-element_type=\"widget\" data-e-type=\"widget\" data-widget_type=\"image.default\">\n\t\t\t\t\t\t\t\t\t\t\t\t\t\t\t<img loading=\"lazy\" decoding=\"async\" width=\"180\" height=\"30\" src=\"https:\/\/www.estudidelmoble.com\/wp-content\/uploads\/2019\/12\/Gracmon-logo-congreso-.png\" class=\"attachment-medium_large size-medium_large wp-image-7177\" alt=\"\" \/>\t\t\t\t\t\t\t\t\t\t\t\t\t\t\t<\/div>\n\t\t\t\t\t<\/div>\n\t\t<\/div>\n\t\t\t\t<div class=\"elementor-column elementor-col-20 elementor-inner-column elementor-element elementor-element-cc9c227\" data-id=\"cc9c227\" data-element_type=\"column\" data-e-type=\"column\">\n\t\t\t<div class=\"elementor-widget-wrap elementor-element-populated\">\n\t\t\t\t\t\t<div class=\"elementor-element elementor-element-8c4cda8 elementor-widget elementor-widget-image\" data-id=\"8c4cda8\" data-element_type=\"widget\" data-e-type=\"widget\" data-widget_type=\"image.default\">\n\t\t\t\t\t\t\t\t\t\t\t\t\t\t\t<img loading=\"lazy\" decoding=\"async\" width=\"280\" height=\"277\" src=\"https:\/\/www.estudidelmoble.com\/wp-content\/uploads\/2019\/10\/FHD-2.jpg\" class=\"attachment-medium_large size-medium_large wp-image-57875\" alt=\"\" srcset=\"https:\/\/www.estudidelmoble.com\/wp-content\/uploads\/2019\/10\/FHD-2.jpg 280w, https:\/\/www.estudidelmoble.com\/wp-content\/uploads\/2019\/10\/FHD-2-100x100.jpg 100w\" sizes=\"(max-width: 280px) 100vw, 280px\" \/>\t\t\t\t\t\t\t\t\t\t\t\t\t\t\t<\/div>\n\t\t\t\t\t<\/div>\n\t\t<\/div>\n\t\t\t\t<div class=\"elementor-column elementor-col-20 elementor-inner-column elementor-element elementor-element-5510782\" data-id=\"5510782\" data-element_type=\"column\" data-e-type=\"column\">\n\t\t\t<div class=\"elementor-widget-wrap elementor-element-populated\">\n\t\t\t\t\t\t<div class=\"elementor-element elementor-element-82b0bcb elementor-widget elementor-widget-image\" data-id=\"82b0bcb\" data-element_type=\"widget\" data-e-type=\"widget\" data-widget_type=\"image.default\">\n\t\t\t\t\t\t\t\t\t\t\t\t\t\t\t<img loading=\"lazy\" decoding=\"async\" width=\"466\" height=\"194\" src=\"https:\/\/www.estudidelmoble.com\/wp-content\/uploads\/2020\/10\/A12-B1_FAD-CAT.png\" class=\"attachment-large size-large wp-image-18374\" alt=\"\" srcset=\"https:\/\/www.estudidelmoble.com\/wp-content\/uploads\/2020\/10\/A12-B1_FAD-CAT.png 466w, https:\/\/www.estudidelmoble.com\/wp-content\/uploads\/2020\/10\/A12-B1_FAD-CAT-300x125.png 300w, https:\/\/www.estudidelmoble.com\/wp-content\/uploads\/2020\/10\/A12-B1_FAD-CAT-350x146.png 350w\" sizes=\"(max-width: 466px) 100vw, 466px\" \/>\t\t\t\t\t\t\t\t\t\t\t\t\t\t\t<\/div>\n\t\t\t\t\t<\/div>\n\t\t<\/div>\n\t\t\t\t<div class=\"elementor-column elementor-col-20 elementor-inner-column elementor-element elementor-element-243831e\" data-id=\"243831e\" data-element_type=\"column\" data-e-type=\"column\">\n\t\t\t<div class=\"elementor-widget-wrap elementor-element-populated\">\n\t\t\t\t\t\t<div class=\"elementor-element elementor-element-156e736 elementor-widget elementor-widget-image\" data-id=\"156e736\" data-element_type=\"widget\" data-e-type=\"widget\" data-widget_type=\"image.default\">\n\t\t\t\t\t\t\t\t\t\t\t\t\t\t\t<img loading=\"lazy\" decoding=\"async\" width=\"800\" height=\"405\" src=\"https:\/\/www.estudidelmoble.com\/wp-content\/uploads\/2022\/05\/IKEA-logo-nuevo-1024x519.png\" class=\"attachment-large size-large wp-image-47975\" alt=\"\" srcset=\"https:\/\/www.estudidelmoble.com\/wp-content\/uploads\/2022\/05\/IKEA-logo-nuevo-1024x519.png 1024w, https:\/\/www.estudidelmoble.com\/wp-content\/uploads\/2022\/05\/IKEA-logo-nuevo-300x152.png 300w, https:\/\/www.estudidelmoble.com\/wp-content\/uploads\/2022\/05\/IKEA-logo-nuevo-768x389.png 768w, https:\/\/www.estudidelmoble.com\/wp-content\/uploads\/2022\/05\/IKEA-logo-nuevo-1536x778.png 1536w, https:\/\/www.estudidelmoble.com\/wp-content\/uploads\/2022\/05\/IKEA-logo-nuevo-600x304.png 600w, https:\/\/www.estudidelmoble.com\/wp-content\/uploads\/2022\/05\/IKEA-logo-nuevo.png 1749w\" sizes=\"(max-width: 800px) 100vw, 800px\" \/>\t\t\t\t\t\t\t\t\t\t\t\t\t\t\t<\/div>\n\t\t\t\t\t<\/div>\n\t\t<\/div>\n\t\t\t\t\t<\/div>\n\t\t<\/section>\n\t\t\t\t<section class=\"elementor-section elementor-inner-section elementor-element elementor-element-799b92f elementor-hidden-desktop elementor-hidden-tablet elementor-section-boxed elementor-section-height-default elementor-section-height-default\" data-id=\"799b92f\" data-element_type=\"section\" data-e-type=\"section\">\n\t\t\t\t\t\t<div class=\"elementor-container elementor-column-gap-default\">\n\t\t\t\t\t<div class=\"elementor-column elementor-col-50 elementor-inner-column elementor-element elementor-element-030b250\" data-id=\"030b250\" data-element_type=\"column\" data-e-type=\"column\">\n\t\t\t<div class=\"elementor-widget-wrap\">\n\t\t\t\t\t\t\t<\/div>\n\t\t<\/div>\n\t\t\t\t<div class=\"elementor-column elementor-col-50 elementor-inner-column elementor-element elementor-element-d1a78d5\" data-id=\"d1a78d5\" data-element_type=\"column\" data-e-type=\"column\">\n\t\t\t<div class=\"elementor-widget-wrap elementor-element-populated\">\n\t\t\t\t\t\t<div class=\"elementor-element elementor-element-912c188 elementor-widget elementor-widget-image\" data-id=\"912c188\" data-element_type=\"widget\" data-e-type=\"widget\" data-widget_type=\"image.default\">\n\t\t\t\t\t\t\t\t\t\t\t\t\t\t\t<img loading=\"lazy\" decoding=\"async\" width=\"300\" height=\"180\" src=\"https:\/\/www.estudidelmoble.com\/wp-content\/uploads\/2019\/12\/Museu-Disseny-logo-congreso-.jpg\" class=\"attachment-medium_large size-medium_large wp-image-7201\" alt=\"\" \/>\t\t\t\t\t\t\t\t\t\t\t\t\t\t\t<\/div>\n\t\t\t\t\t<\/div>\n\t\t<\/div>\n\t\t\t\t\t<\/div>\n\t\t<\/section>\n\t\t\t\t<div class=\"elementor-element elementor-element-d9480e2 elementor-hidden-desktop elementor-hidden-tablet elementor-widget elementor-widget-text-editor\" data-id=\"d9480e2\" data-element_type=\"widget\" data-e-type=\"widget\" data-widget_type=\"text-editor.default\">\n\t\t\t\t\t\t\t\t\t<p>Con el apoyo de:\u00a0<\/p>\t\t\t\t\t\t\t\t<\/div>\n\t\t\t\t<div class=\"elementor-element elementor-element-921ac44 elementor-hidden-desktop elementor-hidden-tablet elementor-widget elementor-widget-text-editor\" data-id=\"921ac44\" data-element_type=\"widget\" data-e-type=\"widget\" data-widget_type=\"text-editor.default\">\n\t\t\t\t\t\t\t\t\t<p>Con el apoyo del Departamento de Cultura:\u00a0<\/p>\t\t\t\t\t\t\t\t<\/div>\n\t\t\t\t<div class=\"elementor-element elementor-element-663a316 elementor-hidden-desktop elementor-hidden-tablet elementor-widget elementor-widget-image\" data-id=\"663a316\" data-element_type=\"widget\" data-e-type=\"widget\" data-widget_type=\"image.default\">\n\t\t\t\t\t\t\t\t\t\t\t\t\t\t\t<img decoding=\"async\" width=\"512\" height=\"89\" src=\"https:\/\/www.estudidelmoble.com\/wp-content\/uploads\/2022\/02\/512px-Generalitat_de_Catalunya_-_Departament_de_Cultura.-transparent.png\" class=\"attachment-medium_large size-medium_large wp-image-42625\" alt=\"\" srcset=\"https:\/\/www.estudidelmoble.com\/wp-content\/uploads\/2022\/02\/512px-Generalitat_de_Catalunya_-_Departament_de_Cultura.-transparent.png 512w, https:\/\/www.estudidelmoble.com\/wp-content\/uploads\/2022\/02\/512px-Generalitat_de_Catalunya_-_Departament_de_Cultura.-transparent-300x52.png 300w\" sizes=\"(max-width: 512px) 100vw, 512px\" \/>\t\t\t\t\t\t\t\t\t\t\t\t\t\t\t<\/div>\n\t\t\t\t<div class=\"elementor-element elementor-element-17fb13f elementor-widget elementor-widget-spacer\" data-id=\"17fb13f\" data-element_type=\"widget\" data-e-type=\"widget\" data-widget_type=\"spacer.default\">\n\t\t\t\t\t\t\t<div class=\"elementor-spacer\">\n\t\t\t<div class=\"elementor-spacer-inner\"><\/div>\n\t\t<\/div>\n\t\t\t\t\t\t<\/div>\n\t\t\t\t<section class=\"elementor-section elementor-inner-section elementor-element elementor-element-7634d68 elementor-section-boxed elementor-section-height-default elementor-section-height-default\" data-id=\"7634d68\" data-element_type=\"section\" data-e-type=\"section\">\n\t\t\t\t\t\t<div class=\"elementor-container elementor-column-gap-default\">\n\t\t\t\t\t<div class=\"elementor-column elementor-col-50 elementor-inner-column elementor-element elementor-element-3353775\" data-id=\"3353775\" data-element_type=\"column\" data-e-type=\"column\">\n\t\t\t<div class=\"elementor-widget-wrap elementor-element-populated\">\n\t\t\t\t\t\t<div class=\"elementor-element elementor-element-770a3b2 elementor-mobile-align-center elementor-align-center elementor-widget elementor-widget-button\" data-id=\"770a3b2\" data-element_type=\"widget\" data-e-type=\"widget\" data-widget_type=\"button.default\">\n\t\t\t\t\t\t\t\t\t\t<a class=\"elementor-button elementor-button-link elementor-size-xs elementor-animation-shrink\" href=\"https:\/\/www.estudidelmoble.com\/es\/tienda\/categoria-cursos\/\">\n\t\t\t\t\t\t<span class=\"elementor-button-content-wrapper\">\n\t\t\t\t\t\t<span class=\"elementor-button-icon\">\n\t\t\t\t<svg aria-hidden=\"true\" class=\"e-font-icon-svg e-fas-ticket-alt\" viewBox=\"0 0 576 512\" xmlns=\"http:\/\/www.w3.org\/2000\/svg\"><path d=\"M128 160h320v192H128V160zm400 96c0 26.51 21.49 48 48 48v96c0 26.51-21.49 48-48 48H48c-26.51 0-48-21.49-48-48v-96c26.51 0 48-21.49 48-48s-21.49-48-48-48v-96c0-26.51 21.49-48 48-48h480c26.51 0 48 21.49 48 48v96c-26.51 0-48 21.49-48 48zm-48-104c0-13.255-10.745-24-24-24H120c-13.255 0-24 10.745-24 24v208c0 13.255 10.745 24 24 24h336c13.255 0 24-10.745 24-24V152z\"><\/path><\/svg>\t\t\t<\/span>\n\t\t\t\t\t\t\t\t\t<span class=\"elementor-button-text\">Reserva tu plaza <\/span>\n\t\t\t\t\t<\/span>\n\t\t\t\t\t<\/a>\n\t\t\t\t\t\t\t\t<\/div>\n\t\t\t\t\t<\/div>\n\t\t<\/div>\n\t\t\t\t<div class=\"elementor-column elementor-col-50 elementor-inner-column elementor-element elementor-element-167e419\" data-id=\"167e419\" data-element_type=\"column\" data-e-type=\"column\">\n\t\t\t<div class=\"elementor-widget-wrap elementor-element-populated\">\n\t\t\t\t\t\t<div class=\"elementor-element elementor-element-accccd1 elementor-mobile-align-center elementor-align-center elementor-widget elementor-widget-button\" data-id=\"accccd1\" data-element_type=\"widget\" data-e-type=\"widget\" data-widget_type=\"button.default\">\n\t\t\t\t\t\t\t\t\t\t<a class=\"elementor-button elementor-button-link elementor-size-sm elementor-animation-shrink\" href=\"https:\/\/www.estudidelmoble.com\/projecte-fusta-moble-sostenibilitat\/\">\n\t\t\t\t\t\t<span class=\"elementor-button-content-wrapper\">\n\t\t\t\t\t\t<span class=\"elementor-button-icon\">\n\t\t\t\t<svg aria-hidden=\"true\" class=\"e-font-icon-svg e-fas-arrow-circle-up\" viewBox=\"0 0 512 512\" xmlns=\"http:\/\/www.w3.org\/2000\/svg\"><path d=\"M8 256C8 119 119 8 256 8s248 111 248 248-111 248-248 248S8 393 8 256zm143.6 28.9l72.4-75.5V392c0 13.3 10.7 24 24 24h16c13.3 0 24-10.7 24-24V209.4l72.4 75.5c9.3 9.7 24.8 9.9 34.3.4l10.9-11c9.4-9.4 9.4-24.6 0-33.9L273 107.7c-9.4-9.4-24.6-9.4-33.9 0L106.3 240.4c-9.4 9.4-9.4 24.6 0 33.9l10.9 11c9.6 9.5 25.1 9.3 34.4-.4z\"><\/path><\/svg>\t\t\t<\/span>\n\t\t\t\t\t\t\t\t\t<span class=\"elementor-button-text\">Volver al \u00edndice F-M-S<\/span>\n\t\t\t\t\t<\/span>\n\t\t\t\t\t<\/a>\n\t\t\t\t\t\t\t\t<\/div>\n\t\t\t\t\t<\/div>\n\t\t<\/div>\n\t\t\t\t\t<\/div>\n\t\t<\/section>\n\t\t\t\t\t<\/div>\n\t\t<\/div>\n\t\t\t\t\t<\/div>\n\t\t<\/section>\n\t\t\t\t<\/div>\n\t\t","protected":false},"excerpt":{"rendered":"<p>Curso-f\u00f3rum El mueble de madera. Las maderas del mueble 19-21 de mayo 2022 Formato: Presencial (opci\u00f3n conferencias online) \u2022 Precios y condiciones:\u00a0 Detalles al final del programa Informaci\u00f3n y reserves:\u00a0info@estudidelmoble.com93 256 67 85tienda online Con el apoyo de: Con el apoyo del Departamento de Cultura: Video resumen https:\/\/youtu.be\/JZat30jW3fk Video resumen del Curso-F\u00f3rum: El mueble de [&hellip;]<\/p>\n","protected":false},"author":86,"featured_media":47720,"parent":43961,"menu_order":0,"comment_status":"closed","ping_status":"closed","template":"","meta":{"_acf_changed":false,"footnotes":""},"class_list":["post-43899","page","type-page","status-publish","has-post-thumbnail","hentry"],"acf":[],"_links":{"self":[{"href":"https:\/\/www.estudidelmoble.com\/es\/wp-json\/wp\/v2\/pages\/43899","targetHints":{"allow":["GET"]}}],"collection":[{"href":"https:\/\/www.estudidelmoble.com\/es\/wp-json\/wp\/v2\/pages"}],"about":[{"href":"https:\/\/www.estudidelmoble.com\/es\/wp-json\/wp\/v2\/types\/page"}],"author":[{"embeddable":true,"href":"https:\/\/www.estudidelmoble.com\/es\/wp-json\/wp\/v2\/users\/86"}],"replies":[{"embeddable":true,"href":"https:\/\/www.estudidelmoble.com\/es\/wp-json\/wp\/v2\/comments?post=43899"}],"version-history":[{"count":0,"href":"https:\/\/www.estudidelmoble.com\/es\/wp-json\/wp\/v2\/pages\/43899\/revisions"}],"up":[{"embeddable":true,"href":"https:\/\/www.estudidelmoble.com\/es\/wp-json\/wp\/v2\/pages\/43961"}],"wp:featuredmedia":[{"embeddable":true,"href":"https:\/\/www.estudidelmoble.com\/es\/wp-json\/wp\/v2\/media\/47720"}],"wp:attachment":[{"href":"https:\/\/www.estudidelmoble.com\/es\/wp-json\/wp\/v2\/media?parent=43899"}],"curies":[{"name":"wp","href":"https:\/\/api.w.org\/{rel}","templated":true}]}}