{"id":43921,"date":"2022-02-15T15:16:54","date_gmt":"2022-02-15T13:16:54","guid":{"rendered":"https:\/\/www.estudidelmoble.com\/exposicion-joan-llor-carpintero-natural-de-olot\/"},"modified":"2023-07-12T11:35:38","modified_gmt":"2023-07-12T09:35:38","slug":"exposicion-joan-llor-carpintero-natural-de-olot","status":"publish","type":"page","link":"https:\/\/www.estudidelmoble.com\/es\/proyecto-madera-mueble-sostenibilidad\/tercera-fase-reflexiones-reutilizacion-diseno-presente-y-futuro\/exposicion-joan-llor-carpintero-natural-de-olot\/","title":{"rendered":"Exposici\u00f3n: Joan Llor, maestro carpintero de Olot"},"content":{"rendered":"\t\t<div data-elementor-type=\"wp-page\" data-elementor-id=\"43921\" class=\"elementor elementor-43921 elementor-43387\" data-elementor-post-type=\"page\">\n\t\t\t\t\t\t<section class=\"elementor-section elementor-top-section elementor-element elementor-element-fe25e97 elementor-section-boxed elementor-section-height-default elementor-section-height-default\" data-id=\"fe25e97\" data-element_type=\"section\" data-e-type=\"section\" data-settings=\"{&quot;background_background&quot;:&quot;classic&quot;}\">\n\t\t\t\t\t\t<div class=\"elementor-container elementor-column-gap-default\">\n\t\t\t\t\t<div class=\"elementor-column elementor-col-100 elementor-top-column elementor-element elementor-element-2951eff\" data-id=\"2951eff\" data-element_type=\"column\" data-e-type=\"column\">\n\t\t\t<div class=\"elementor-widget-wrap elementor-element-populated\">\n\t\t\t\t\t\t<div class=\"elementor-element elementor-element-f9f103d elementor-widget elementor-widget-spacer\" data-id=\"f9f103d\" data-element_type=\"widget\" data-e-type=\"widget\" data-widget_type=\"spacer.default\">\n\t\t\t\t\t\t\t<div class=\"elementor-spacer\">\n\t\t\t<div class=\"elementor-spacer-inner\"><\/div>\n\t\t<\/div>\n\t\t\t\t\t\t<\/div>\n\t\t\t\t<div class=\"elementor-element elementor-element-179dc66 elementor-widget elementor-widget-image\" data-id=\"179dc66\" data-element_type=\"widget\" data-e-type=\"widget\" data-widget_type=\"image.default\">\n\t\t\t\t\t\t\t\t\t\t\t\t\t\t\t<img decoding=\"async\" src=\"https:\/\/www.estudidelmoble.com\/wp-content\/uploads\/2022\/02\/Logo-taula.jpg\" title=\"\" alt=\"\" loading=\"lazy\" \/>\t\t\t\t\t\t\t\t\t\t\t\t\t\t\t<\/div>\n\t\t\t\t<div class=\"elementor-element elementor-element-2403984 elementor-widget elementor-widget-spacer\" data-id=\"2403984\" data-element_type=\"widget\" data-e-type=\"widget\" data-widget_type=\"spacer.default\">\n\t\t\t\t\t\t\t<div class=\"elementor-spacer\">\n\t\t\t<div class=\"elementor-spacer-inner\"><\/div>\n\t\t<\/div>\n\t\t\t\t\t\t<\/div>\n\t\t\t\t\t<\/div>\n\t\t<\/div>\n\t\t\t\t\t<\/div>\n\t\t<\/section>\n\t\t\t\t<section class=\"elementor-section elementor-top-section elementor-element elementor-element-95be86b elementor-section-boxed elementor-section-height-default elementor-section-height-default\" data-id=\"95be86b\" data-element_type=\"section\" data-e-type=\"section\" data-settings=\"{&quot;background_background&quot;:&quot;classic&quot;}\">\n\t\t\t\t\t\t<div class=\"elementor-container elementor-column-gap-default\">\n\t\t\t\t\t<div class=\"elementor-column elementor-col-50 elementor-top-column elementor-element elementor-element-721381e\" data-id=\"721381e\" data-element_type=\"column\" data-e-type=\"column\">\n\t\t\t<div class=\"elementor-widget-wrap elementor-element-populated\">\n\t\t\t\t\t\t<div class=\"elementor-element elementor-element-1f59f26 elementor-view-stacked elementor-shape-circle elementor-position-block-start elementor-mobile-position-block-start elementor-widget elementor-widget-icon-box\" data-id=\"1f59f26\" data-element_type=\"widget\" data-e-type=\"widget\" data-widget_type=\"icon-box.default\">\n\t\t\t\t\t\t\t<div class=\"elementor-icon-box-wrapper\">\n\n\t\t\t\t\t\t<div class=\"elementor-icon-box-icon\">\n\t\t\t\t<span  class=\"elementor-icon\">\n\t\t\t\t<svg xmlns=\"http:\/\/www.w3.org\/2000\/svg\" xmlns:xlink=\"http:\/\/www.w3.org\/1999\/xlink\" id=\"Layer_1\" x=\"0px\" y=\"0px\" width=\"42.52px\" height=\"42.52px\" viewBox=\"0 0 42.52 42.52\" xml:space=\"preserve\"><g>\t<path fill=\"#8A2E24\" d=\"M21.26,39.426c10.031,0,18.164-8.133,18.164-18.166S31.292,3.094,21.26,3.094  c-10.032,0-18.165,8.133-18.165,18.166S11.228,39.426,21.26,39.426\"><\/path>\t<path fill=\"none\" stroke=\"#FFFFFF\" stroke-linecap=\"round\" stroke-miterlimit=\"10\" d=\"M21.26,14.594  c4.477,0,8.536,2.416,11.524,6.318c0.088,0.117,0.088,0.291,0,0.41c-2.988,3.9-7.05,6.318-11.524,6.318  c-4.476,0-8.537-2.418-11.525-6.318c-0.088-0.119-0.088-0.293,0-0.41C12.723,17.01,16.782,14.594,21.26,14.594z M17.522,21.117  c0,2.021,1.676,3.664,3.738,3.664c2.061,0,3.737-1.643,3.737-3.664c0-2.02-1.677-3.664-3.737-3.664  C19.198,17.453,17.522,19.098,17.522,21.117z M27.154,11.18l-0.919,2.297 M15.263,11.225l1.026,2.242 M21.25,10.014v2.752\"><\/path><\/g><\/svg>\t\t\t\t<\/span>\n\t\t\t<\/div>\n\t\t\t\n\t\t\t\t\t\t<div class=\"elementor-icon-box-content\">\n\n\t\t\t\t\t\t\t\t\t<h2 class=\"elementor-icon-box-title\">\n\t\t\t\t\t\t<span  >\n\t\t\t\t\t\t\tExposici\u00f3n\t\t\t\t\t\t<\/span>\n\t\t\t\t\t<\/h2>\n\t\t\t\t\n\t\t\t\t\n\t\t\t<\/div>\n\t\t\t\n\t\t<\/div>\n\t\t\t\t\t\t<\/div>\n\t\t\t\t<div class=\"elementor-element elementor-element-c7092e0 elementor-widget elementor-widget-heading\" data-id=\"c7092e0\" data-element_type=\"widget\" data-e-type=\"widget\" data-widget_type=\"heading.default\">\n\t\t\t\t\t<h1 class=\"elementor-heading-title elementor-size-default\">Joan Llor. Maestro carpintero de Olot (1742-1805)<\/h1>\t\t\t\t<\/div>\n\t\t\t\t<div class=\"elementor-element elementor-element-b6f9eeb elementor-widget elementor-widget-heading\" data-id=\"b6f9eeb\" data-element_type=\"widget\" data-e-type=\"widget\" data-widget_type=\"heading.default\">\n\t\t\t\t\t<span class=\"elementor-heading-title elementor-size-large\">Comisariada por M\u00f3nica Piera<\/span>\t\t\t\t<\/div>\n\t\t\t\t<div class=\"elementor-element elementor-element-a5e98a1 elementor-widget elementor-widget-heading\" data-id=\"a5e98a1\" data-element_type=\"widget\" data-e-type=\"widget\" data-widget_type=\"heading.default\">\n\t\t\t\t\t<span class=\"elementor-heading-title elementor-size-medium\">4 de marzo - 13 de agosto 2023<\/span>\t\t\t\t<\/div>\n\t\t\t\t<div class=\"elementor-element elementor-element-197edd2 elementor-widget elementor-widget-spacer\" data-id=\"197edd2\" data-element_type=\"widget\" data-e-type=\"widget\" data-widget_type=\"spacer.default\">\n\t\t\t\t\t\t\t<div class=\"elementor-spacer\">\n\t\t\t<div class=\"elementor-spacer-inner\"><\/div>\n\t\t<\/div>\n\t\t\t\t\t\t<\/div>\n\t\t\t\t<div class=\"elementor-element elementor-element-7389f1c elementor-widget elementor-widget-text-editor\" data-id=\"7389f1c\" data-element_type=\"widget\" data-e-type=\"widget\" data-widget_type=\"text-editor.default\">\n\t\t\t\t\t\t\t\t\t<hr \/>\r\n\r\n<span style=\"color: #007196;\"><strong>Ubicaci\u00f3n:\u00a0<\/strong><\/span>\r\nSala Oberta del Museo de la Garrotxa\r\n\r\n<hr \/>\r\n\r\n<span style=\"color: #007196;\"><strong><span dir=\"ltr\" role=\"presentation\">Horarios:\u00a0<\/span><\/strong><\/span>\r\nLaborables: De 10 a 13 h y de 17 a 20 h\r\nS\u00e1bados y festivos: De 11 h a 14 h\r\ny de 17 h a 20 h\r\nLunes cerrado\r\n\r\nEntrada gratuita\t\t\t\t\t\t\t\t<\/div>\n\t\t\t\t<div class=\"elementor-element elementor-element-682bab1 elementor-widget elementor-widget-image\" data-id=\"682bab1\" data-element_type=\"widget\" data-e-type=\"widget\" data-widget_type=\"image.default\">\n\t\t\t\t\t\t\t\t\t\t\t\t\t\t\t\t<a href=\"https:\/\/www.estudidelmoble.com\/wp-content\/uploads\/2023\/02\/Triptic-Exposicio-Joan-Llor-Mestre-Fuster-Olot.pdf\" target=\"_blank\">\n\t\t\t\t\t\t\t<img fetchpriority=\"high\" decoding=\"async\" width=\"488\" height=\"1024\" src=\"https:\/\/www.estudidelmoble.com\/wp-content\/uploads\/2023\/02\/Exposicio-Joan-Llor-Olot-Informacio-Triptic-488x1024.jpg\" class=\"attachment-large size-large wp-image-56829\" alt=\"\" srcset=\"https:\/\/www.estudidelmoble.com\/wp-content\/uploads\/2023\/02\/Exposicio-Joan-Llor-Olot-Informacio-Triptic-488x1024.jpg 488w, https:\/\/www.estudidelmoble.com\/wp-content\/uploads\/2023\/02\/Exposicio-Joan-Llor-Olot-Informacio-Triptic-143x300.jpg 143w, https:\/\/www.estudidelmoble.com\/wp-content\/uploads\/2023\/02\/Exposicio-Joan-Llor-Olot-Informacio-Triptic-768x1613.jpg 768w, https:\/\/www.estudidelmoble.com\/wp-content\/uploads\/2023\/02\/Exposicio-Joan-Llor-Olot-Informacio-Triptic-731x1536.jpg 731w, https:\/\/www.estudidelmoble.com\/wp-content\/uploads\/2023\/02\/Exposicio-Joan-Llor-Olot-Informacio-Triptic-975x2048.jpg 975w, https:\/\/www.estudidelmoble.com\/wp-content\/uploads\/2023\/02\/Exposicio-Joan-Llor-Olot-Informacio-Triptic-600x1260.jpg 600w, https:\/\/www.estudidelmoble.com\/wp-content\/uploads\/2023\/02\/Exposicio-Joan-Llor-Olot-Informacio-Triptic.jpg 1181w\" sizes=\"(max-width: 488px) 100vw, 488px\" \/>\t\t\t\t\t\t\t\t<\/a>\n\t\t\t\t\t\t\t\t\t\t\t\t\t\t\t<\/div>\n\t\t\t\t<div class=\"elementor-element elementor-element-803463f elementor-widget elementor-widget-spacer\" data-id=\"803463f\" data-element_type=\"widget\" data-e-type=\"widget\" data-widget_type=\"spacer.default\">\n\t\t\t\t\t\t\t<div class=\"elementor-spacer\">\n\t\t\t<div class=\"elementor-spacer-inner\"><\/div>\n\t\t<\/div>\n\t\t\t\t\t\t<\/div>\n\t\t\t\t<section class=\"elementor-section elementor-inner-section elementor-element elementor-element-7064f79 elementor-hidden-mobile elementor-section-boxed elementor-section-height-default elementor-section-height-default\" data-id=\"7064f79\" data-element_type=\"section\" data-e-type=\"section\">\n\t\t\t\t\t\t<div class=\"elementor-container elementor-column-gap-default\">\n\t\t\t\t\t<div class=\"elementor-column elementor-col-100 elementor-inner-column elementor-element elementor-element-f319b68\" data-id=\"f319b68\" data-element_type=\"column\" data-e-type=\"column\">\n\t\t\t<div class=\"elementor-widget-wrap elementor-element-populated\">\n\t\t\t\t\t\t<div class=\"elementor-element elementor-element-cb25329 elementor-widget elementor-widget-image\" data-id=\"cb25329\" data-element_type=\"widget\" data-e-type=\"widget\" data-widget_type=\"image.default\">\n\t\t\t\t\t\t\t\t\t\t\t\t\t\t\t<img decoding=\"async\" width=\"663\" height=\"151\" src=\"https:\/\/www.estudidelmoble.com\/wp-content\/uploads\/2023\/02\/Logo-Museu-de-la-Garrotxa-DOlot.png\" class=\"attachment-medium_large size-medium_large wp-image-56689\" alt=\"\" srcset=\"https:\/\/www.estudidelmoble.com\/wp-content\/uploads\/2023\/02\/Logo-Museu-de-la-Garrotxa-DOlot.png 663w, https:\/\/www.estudidelmoble.com\/wp-content\/uploads\/2023\/02\/Logo-Museu-de-la-Garrotxa-DOlot-300x68.png 300w, https:\/\/www.estudidelmoble.com\/wp-content\/uploads\/2023\/02\/Logo-Museu-de-la-Garrotxa-DOlot-600x137.png 600w\" sizes=\"(max-width: 663px) 100vw, 663px\" \/>\t\t\t\t\t\t\t\t\t\t\t\t\t\t\t<\/div>\n\t\t\t\t<div class=\"elementor-element elementor-element-1166d89 elementor-widget elementor-widget-spacer\" data-id=\"1166d89\" data-element_type=\"widget\" data-e-type=\"widget\" data-widget_type=\"spacer.default\">\n\t\t\t\t\t\t\t<div class=\"elementor-spacer\">\n\t\t\t<div class=\"elementor-spacer-inner\"><\/div>\n\t\t<\/div>\n\t\t\t\t\t\t<\/div>\n\t\t\t\t<div class=\"elementor-element elementor-element-1adc1b2 elementor-widget elementor-widget-image\" data-id=\"1adc1b2\" data-element_type=\"widget\" data-e-type=\"widget\" data-widget_type=\"image.default\">\n\t\t\t\t\t\t\t\t\t\t\t\t\t\t\t\t<a href=\"https:\/\/www.olotcultura.cat\/\" target=\"_blank\" rel=\"noopener\">\n\t\t\t\t\t\t\t<img decoding=\"async\" width=\"768\" height=\"267\" src=\"https:\/\/www.estudidelmoble.com\/wp-content\/uploads\/2022\/10\/ajuntament-cultura-i-educacio-768x267.png\" class=\"attachment-medium_large size-medium_large wp-image-52225\" alt=\"\" srcset=\"https:\/\/www.estudidelmoble.com\/wp-content\/uploads\/2022\/10\/ajuntament-cultura-i-educacio-768x267.png 768w, https:\/\/www.estudidelmoble.com\/wp-content\/uploads\/2022\/10\/ajuntament-cultura-i-educacio-300x104.png 300w, https:\/\/www.estudidelmoble.com\/wp-content\/uploads\/2022\/10\/ajuntament-cultura-i-educacio-1024x356.png 1024w, https:\/\/www.estudidelmoble.com\/wp-content\/uploads\/2022\/10\/ajuntament-cultura-i-educacio-1536x534.png 1536w, https:\/\/www.estudidelmoble.com\/wp-content\/uploads\/2022\/10\/ajuntament-cultura-i-educacio-600x208.png 600w, https:\/\/www.estudidelmoble.com\/wp-content\/uploads\/2022\/10\/ajuntament-cultura-i-educacio.png 1658w\" sizes=\"(max-width: 768px) 100vw, 768px\" \/>\t\t\t\t\t\t\t\t<\/a>\n\t\t\t\t\t\t\t\t\t\t\t\t\t\t\t<\/div>\n\t\t\t\t\t<\/div>\n\t\t<\/div>\n\t\t\t\t\t<\/div>\n\t\t<\/section>\n\t\t\t\t\t<\/div>\n\t\t<\/div>\n\t\t\t\t<div class=\"elementor-column elementor-col-50 elementor-top-column elementor-element elementor-element-fca5ee2\" data-id=\"fca5ee2\" data-element_type=\"column\" data-e-type=\"column\">\n\t\t\t<div class=\"elementor-widget-wrap elementor-element-populated\">\n\t\t\t\t\t\t<div class=\"elementor-element elementor-element-220a45f elementor-widget elementor-widget-image\" data-id=\"220a45f\" data-element_type=\"widget\" data-e-type=\"widget\" data-widget_type=\"image.default\">\n\t\t\t\t\t\t\t\t\t\t\t\t\t\t\t<img loading=\"lazy\" decoding=\"async\" width=\"768\" height=\"768\" src=\"https:\/\/www.estudidelmoble.com\/wp-content\/uploads\/2023\/03\/Joan-Llor-Mestre-Fuster-Olot-exposicion-768x768.png\" class=\"attachment-medium_large size-medium_large wp-image-57049\" alt=\"Joan Llor Mestre Fuster d&#039;Olot exposici\u00f3n\" srcset=\"https:\/\/www.estudidelmoble.com\/wp-content\/uploads\/2023\/03\/Joan-Llor-Mestre-Fuster-Olot-exposicion-768x768.png 768w, https:\/\/www.estudidelmoble.com\/wp-content\/uploads\/2023\/03\/Joan-Llor-Mestre-Fuster-Olot-exposicion-300x300.png 300w, https:\/\/www.estudidelmoble.com\/wp-content\/uploads\/2023\/03\/Joan-Llor-Mestre-Fuster-Olot-exposicion-1024x1024.png 1024w, https:\/\/www.estudidelmoble.com\/wp-content\/uploads\/2023\/03\/Joan-Llor-Mestre-Fuster-Olot-exposicion-150x150.png 150w, https:\/\/www.estudidelmoble.com\/wp-content\/uploads\/2023\/03\/Joan-Llor-Mestre-Fuster-Olot-exposicion-600x600.png 600w, https:\/\/www.estudidelmoble.com\/wp-content\/uploads\/2023\/03\/Joan-Llor-Mestre-Fuster-Olot-exposicion-100x100.png 100w, https:\/\/www.estudidelmoble.com\/wp-content\/uploads\/2023\/03\/Joan-Llor-Mestre-Fuster-Olot-exposicion.png 1200w\" sizes=\"(max-width: 768px) 100vw, 768px\" \/>\t\t\t\t\t\t\t\t\t\t\t\t\t\t\t<\/div>\n\t\t\t\t<div class=\"elementor-element elementor-element-60847a3 elementor-widget elementor-widget-text-editor\" data-id=\"60847a3\" data-element_type=\"widget\" data-e-type=\"widget\" data-widget_type=\"text-editor.default\">\n\t\t\t\t\t\t\t\t\t<p style=\"text-align: right;\">Fotograf\u00eda: Mart\u00ed Albesa<\/p>\n\t\t\t\t\t\t\t\t<\/div>\n\t\t\t\t<div class=\"elementor-element elementor-element-9cb84d9 elementor-widget elementor-widget-text-editor\" data-id=\"9cb84d9\" data-element_type=\"widget\" data-e-type=\"widget\" data-widget_type=\"text-editor.default\">\n\t\t\t\t\t\t\t\t\t<p><em>Joan Llor. Maestro carpintero de Olot (1742-1805)<\/em> es la exposici\u00f3n que se podr\u00e1 visitar en el Museu de la Garrotxa de <a href=\"https:\/\/www.olotcultura.cat\/\" target=\"_blank\" rel=\"noopener\">Olot Cultura<\/a>. En este trabajo de reconocer dentro de las salas del museo la importancia de la producci\u00f3n mobiliaria de un extraordinario carpintero del siglo XVIII, <span style=\"font-family: 'Source Sans Pro', 'sans-serif'; font-size: 13pt; font-weight: var( --e-global-typography-text-font-weight );\">la AEM ha tenido un importante papel. M\u00f3nica Piera, presidenta de la Asociaci\u00f3n para el Estudio del Mueble, es la comisaria de la exposici\u00f3n. Merc\u00e8 Benavent, vocal de la junta, es la asistente de comisaria y coordinadora, adem\u00e1s de la conservadora-restauradora de las piezas expuestas<\/span><span style=\"font-family: 'Source Sans Pro', 'sans-serif'; font-size: 13pt; font-weight: var( --e-global-typography-text-font-weight );\">.<\/span><\/p>\n<h3>\u00bfPor qu\u00e9 es importante el carpintero Joan Llor?<\/h3>\n<p>Los carpinteros suelen quedar en el anonimato, pero Olot ha dejado un nombre: Joan Llor Benet. Se trataba de un carpintero que, durante la segunda mitad del siglo XVIII, trabaj\u00f3 al taller que ten\u00eda muy cerca de la iglesia de San Esteve. Su nombre ha trascendido porque firm\u00f3 un mueble imponente, un tocador, que decor\u00f3 con arabescos plateados. Ahora sabemos que el color y la brillantez de la plata que identifica sus muebles son, en realidad, una amalgama de mercurio y esta\u00f1o, metales poco estables y dif\u00edciles de conservar.<\/p>\n<p>La exposici\u00f3n <a href=\"https:\/\/www.olotcultura.cat\/agenda\/acte\/joan-llor-mestre-fuster-dolot-1742-1805\/\" target=\"_blank\" rel=\"noopener\"><em>Joan Llor. Maestro carpintero de Olot (1742-1805)<\/em><\/a> nos da a conocer su taller, donde las obras se constru\u00edan con maderas salidas de los bosques del territorio y se vend\u00edan a clientes de la misma Garrotxa y comarcas pr\u00f3ximas. Descubrimos como trabajaba y que utilizaba plantillas para hacer las c\u00f3modas, los escritorios y los guardarropas. La repetici\u00f3n le permit\u00eda ahorrar tiempo y a nosotros nos ayuda a reconocer su obra.<\/p>\n<p>Necesitados como estamos de recuperar todo aquello que nos es pr\u00f3ximo y natural, la exposici\u00f3n valora los muebles del pasado que se han sabido reutilizar y disfrutar. Adem\u00e1s, nos interpela sobre el uso que nosotros damos a los muebles de madera ya construidos, que son patrimonio cultural y dep\u00f3sitos de CO\u2082.<\/p>\n\t\t\t\t\t\t\t\t<\/div>\n\t\t\t\t<div class=\"elementor-element elementor-element-527df79 elementor-widget elementor-widget-text-editor\" data-id=\"527df79\" data-element_type=\"widget\" data-e-type=\"widget\" data-widget_type=\"text-editor.default\">\n\t\t\t\t\t\t\t\t\t<h3>Inauguraci\u00f3 de l&#8217;exposici\u00f3 de Joan Llor<\/h3>\n<p>La exposici\u00f3n se inaugura el s\u00e1bado 4 de marzo a las 17h. \u00a1Est\u00e1s invitado a asistir!<\/p>\n\t\t\t\t\t\t\t\t<\/div>\n\t\t\t\t<div class=\"elementor-element elementor-element-c6dc729 elementor-widget elementor-widget-text-editor\" data-id=\"c6dc729\" data-element_type=\"widget\" data-e-type=\"widget\" data-widget_type=\"text-editor.default\">\n\t\t\t\t\t\t\t\t\t<p>\u00bfQuieres conocer un poco m\u00e1s sobre la figura de Joan LLor y qu\u00e9 podr\u00e1s ver en la exposici\u00f3n? M\u00f3nica Piera, comisaria de la muestra, explica mucho m\u00e1s de este maestro carpintero en la <a href=\"https:\/\/www.estudidelmoble.com\/es\/entrevista-a-monica-piera-en-el-plafo\/\" target=\"_blank\" rel=\"noopener\">entrevista de El Plaf\u00f3<\/a>.<\/p>\n\t\t\t\t\t\t\t\t<\/div>\n\t\t\t\t<div class=\"elementor-element elementor-element-d47d67a elementor-widget elementor-widget-text-editor\" data-id=\"d47d67a\" data-element_type=\"widget\" data-e-type=\"widget\" data-widget_type=\"text-editor.default\">\n\t\t\t\t\t\t\t\t\t<h3>Actividades en torno a la exposici\u00f3n de Joan Llor<\/h3>\n<p>La Asociaci\u00f3n para el Estudio del Mueble estar\u00e1 muy presente en esta exposici\u00f3n de Joan Llor, maestro carpintero de Olot, y no s\u00f3lo en el comisariado de M\u00f3nica Piera y la participaci\u00f3n de Merc\u00e8 Benavent. Hay una serie de actividades que se dise\u00f1aron desde la AEM y que podr\u00e9is disfrutar en paralelo a la muestra.<\/p>\n<h3>Visitas guiadas<\/h3>\n<p>S\u00e1bado 18 de marzo, a les 12 h.<br \/>\nDescobre Joan LLor con M\u00f3nica Piera, comisaria de la exposici\u00f3n y presidenta de la Asociaci\u00f3n para el Estudio del Mueble.<\/p>\n<p>S\u00e1bado 22 de abril, a las 17 h<br \/>\nVisita la exposici\u00f3n con Joan Prat, maestro artesano ebanista<\/p>\n<p>S\u00e1bado 10 de junio, a las 17 h<br \/>\nPep Serra, coleccionista y Merc\u00e8 Benavent, conservadora y restauradora, guiar\u00e1n al p\u00fablico por la exposici\u00f3n de Joan LLor.<\/p>\n<h3>Conversaciones con<\/h3>\n<p><strong><em>\u00bfLa gesti\u00f3n forestal de hoy dar\u00e1 respuesta a los retos de ma\u00f1ana?<\/em><\/strong><br \/>\nS\u00e1bado 22 de abril, a las 18.30 h<br \/>\nIntervendr\u00e1n Jaume Hidalgo i Colomer, ingeniero forestal y coordinador de la ONG S\u00e8lvans, junto con Xavi Dot, formador en Paisajisme y Gesti\u00f3n Forestal.<br \/>\nSer\u00e1 a la Sala de actos del Hospici.<\/p>\n<p><em><strong>Muebles y trastos viejos<\/strong><\/em><em><strong>.\u00a0<\/strong><\/em><em><strong>C\u00f3mo el mueble antiguo y viejo puede recuperar <\/strong><strong>su lugar en la arquitectura actual<\/strong><\/em><br \/>\nViernes 26 de mayo, a las 19.30 h<br \/>\nEl catedr\u00e1tico de Proyectos Arquitect\u00f3nicos a la UPC, \u00a0Xavier Monteys, estar\u00e1 a cargo de esta conversaci\u00f3n en el COAC. Garrotxa \u2013 Ripoll\u00e8s.<\/p>\n<p><strong><em>Huella femenina a trav\u00e9s de la vivienda<\/em><\/strong><br \/>\nS\u00e1bado 10 de junio, a les 12 h<br \/>\nVisita a Can Trincheria, acompa\u00f1ados de la comisaria de la exposici\u00f3n,\u00a0 M\u00f3nica Piera, y Miquel Puig, historiador especialista en la vida de Olot y la Garrotxa en el siglo XVIII. La conversaci\u00f3n entre los dos nos ilustrar\u00e1 acerca del papel de la mujer en una casa hist\u00f3rica de la Garrotxa.<br \/>\nPara esta actividad en la Casa Museu Can Trincheria el aforo es limitado.<\/p>\n<h3>Talleres<\/h3>\n<p>S\u00e1bado, 1 de julio, 10:30h: Del \u00e1rbol al mueble. Del Parc Nou a la exposici\u00f3n.<\/p>\n<p>S\u00e1bado, 1 de julio, 17:00h: Sentir\u00e1s la madera. Experiencia con los cinco sentidos.<\/p>\n<p>Encontrar\u00e1s m\u00e1s actividades en el tr\u00edptico de la exposici\u00f3n.<\/p>\n\t\t\t\t\t\t\t\t<\/div>\n\t\t\t\t<div class=\"elementor-element elementor-element-d0214c5 elementor-widget elementor-widget-spacer\" data-id=\"d0214c5\" data-element_type=\"widget\" data-e-type=\"widget\" data-widget_type=\"spacer.default\">\n\t\t\t\t\t\t\t<div class=\"elementor-spacer\">\n\t\t\t<div class=\"elementor-spacer-inner\"><\/div>\n\t\t<\/div>\n\t\t\t\t\t\t<\/div>\n\t\t\t\t<section class=\"elementor-section elementor-inner-section elementor-element elementor-element-c85be7f elementor-section-boxed elementor-section-height-default elementor-section-height-default\" data-id=\"c85be7f\" data-element_type=\"section\" data-e-type=\"section\">\n\t\t\t\t\t\t<div class=\"elementor-container elementor-column-gap-default\">\n\t\t\t\t\t<div class=\"elementor-column elementor-col-100 elementor-inner-column elementor-element elementor-element-d3e9416\" data-id=\"d3e9416\" data-element_type=\"column\" data-e-type=\"column\" data-settings=\"{&quot;background_background&quot;:&quot;classic&quot;}\">\n\t\t\t<div class=\"elementor-widget-wrap elementor-element-populated\">\n\t\t\t\t\t\t<div class=\"elementor-element elementor-element-a07bf57 elementor-view-framed elementor-position-inline-start elementor-shape-circle elementor-mobile-position-block-start elementor-widget elementor-widget-icon-box\" data-id=\"a07bf57\" data-element_type=\"widget\" data-e-type=\"widget\" data-widget_type=\"icon-box.default\">\n\t\t\t\t\t\t\t<div class=\"elementor-icon-box-wrapper\">\n\n\t\t\t\t\t\t<div class=\"elementor-icon-box-icon\">\n\t\t\t\t<a href=\"https:\/\/www.estudidelmoble.com\/wp-content\/uploads\/2023\/02\/Triptic-Exposicio-Joan-Llor-Mestre-Fuster-Olot.pdf\" target=\"_blank\" class=\"elementor-icon\" tabindex=\"-1\" aria-label=\"Descarga el tr\u00edptico de la exposici\u00f3n\">\n\t\t\t\t<svg aria-hidden=\"true\" class=\"e-font-icon-svg e-fas-file-download\" viewBox=\"0 0 384 512\" xmlns=\"http:\/\/www.w3.org\/2000\/svg\"><path d=\"M224 136V0H24C10.7 0 0 10.7 0 24v464c0 13.3 10.7 24 24 24h336c13.3 0 24-10.7 24-24V160H248c-13.2 0-24-10.8-24-24zm76.45 211.36l-96.42 95.7c-6.65 6.61-17.39 6.61-24.04 0l-96.42-95.7C73.42 337.29 80.54 320 94.82 320H160v-80c0-8.84 7.16-16 16-16h32c8.84 0 16 7.16 16 16v80h65.18c14.28 0 21.4 17.29 11.27 27.36zM377 105L279.1 7c-4.5-4.5-10.6-7-17-7H256v128h128v-6.1c0-6.3-2.5-12.4-7-16.9z\"><\/path><\/svg>\t\t\t\t<\/a>\n\t\t\t<\/div>\n\t\t\t\n\t\t\t\t\t\t<div class=\"elementor-icon-box-content\">\n\n\t\t\t\t\t\t\t\t\t<p class=\"elementor-icon-box-title\">\n\t\t\t\t\t\t<a href=\"https:\/\/www.estudidelmoble.com\/wp-content\/uploads\/2023\/02\/Triptic-Exposicio-Joan-Llor-Mestre-Fuster-Olot.pdf\" target=\"_blank\">\n\t\t\t\t\t\t\tDescarga el tr\u00edptico de la exposici\u00f3n\t\t\t\t\t\t<\/a>\n\t\t\t\t\t<\/p>\n\t\t\t\t\n\t\t\t\t\n\t\t\t<\/div>\n\t\t\t\n\t\t<\/div>\n\t\t\t\t\t\t<\/div>\n\t\t\t\t\t<\/div>\n\t\t<\/div>\n\t\t\t\t\t<\/div>\n\t\t<\/section>\n\t\t\t\t<div class=\"elementor-element elementor-element-22a6985 elementor-widget elementor-widget-spacer\" data-id=\"22a6985\" data-element_type=\"widget\" data-e-type=\"widget\" data-widget_type=\"spacer.default\">\n\t\t\t\t\t\t\t<div class=\"elementor-spacer\">\n\t\t\t<div class=\"elementor-spacer-inner\"><\/div>\n\t\t<\/div>\n\t\t\t\t\t\t<\/div>\n\t\t\t\t<section class=\"elementor-section elementor-inner-section elementor-element elementor-element-e115db7 elementor-section-boxed elementor-section-height-default elementor-section-height-default\" data-id=\"e115db7\" data-element_type=\"section\" data-e-type=\"section\">\n\t\t\t\t\t\t<div class=\"elementor-container elementor-column-gap-default\">\n\t\t\t\t\t<div class=\"elementor-column elementor-col-33 elementor-inner-column elementor-element elementor-element-4028a84\" data-id=\"4028a84\" data-element_type=\"column\" data-e-type=\"column\">\n\t\t\t<div class=\"elementor-widget-wrap\">\n\t\t\t\t\t\t\t<\/div>\n\t\t<\/div>\n\t\t\t\t<div class=\"elementor-column elementor-col-33 elementor-inner-column elementor-element elementor-element-7ea05ae\" data-id=\"7ea05ae\" data-element_type=\"column\" data-e-type=\"column\">\n\t\t\t<div class=\"elementor-widget-wrap\">\n\t\t\t\t\t\t\t<\/div>\n\t\t<\/div>\n\t\t\t\t<div class=\"elementor-column elementor-col-33 elementor-inner-column elementor-element elementor-element-203ea69\" data-id=\"203ea69\" data-element_type=\"column\" data-e-type=\"column\">\n\t\t\t<div class=\"elementor-widget-wrap elementor-element-populated\">\n\t\t\t\t\t\t<div class=\"elementor-element elementor-element-bf05643 elementor-mobile-align-center elementor-align-center elementor-widget elementor-widget-button\" data-id=\"bf05643\" data-element_type=\"widget\" data-e-type=\"widget\" data-widget_type=\"button.default\">\n\t\t\t\t\t\t\t\t\t\t<a class=\"elementor-button elementor-button-link elementor-size-sm elementor-animation-shrink\" href=\"https:\/\/www.estudidelmoble.com\/es\/proyecto-madera-mueble-sostenibilidad\/\">\n\t\t\t\t\t\t<span class=\"elementor-button-content-wrapper\">\n\t\t\t\t\t\t<span class=\"elementor-button-icon\">\n\t\t\t\t<svg aria-hidden=\"true\" class=\"e-font-icon-svg e-fas-arrow-circle-up\" viewBox=\"0 0 512 512\" xmlns=\"http:\/\/www.w3.org\/2000\/svg\"><path d=\"M8 256C8 119 119 8 256 8s248 111 248 248-111 248-248 248S8 393 8 256zm143.6 28.9l72.4-75.5V392c0 13.3 10.7 24 24 24h16c13.3 0 24-10.7 24-24V209.4l72.4 75.5c9.3 9.7 24.8 9.9 34.3.4l10.9-11c9.4-9.4 9.4-24.6 0-33.9L273 107.7c-9.4-9.4-24.6-9.4-33.9 0L106.3 240.4c-9.4 9.4-9.4 24.6 0 33.9l10.9 11c9.6 9.5 25.1 9.3 34.4-.4z\"><\/path><\/svg>\t\t\t<\/span>\n\t\t\t\t\t\t\t\t\t<span class=\"elementor-button-text\">Volver al \u00edndice F-M-S<\/span>\n\t\t\t\t\t<\/span>\n\t\t\t\t\t<\/a>\n\t\t\t\t\t\t\t\t<\/div>\n\t\t\t\t\t<\/div>\n\t\t<\/div>\n\t\t\t\t\t<\/div>\n\t\t<\/section>\n\t\t\t\t<section class=\"elementor-section elementor-inner-section elementor-element elementor-element-d7b9fb9 elementor-hidden-desktop elementor-hidden-tablet elementor-section-boxed elementor-section-height-default elementor-section-height-default\" data-id=\"d7b9fb9\" data-element_type=\"section\" data-e-type=\"section\">\n\t\t\t\t\t\t<div class=\"elementor-container elementor-column-gap-default\">\n\t\t\t\t\t<div class=\"elementor-column elementor-col-50 elementor-inner-column elementor-element elementor-element-df100b0\" data-id=\"df100b0\" data-element_type=\"column\" data-e-type=\"column\">\n\t\t\t<div class=\"elementor-widget-wrap elementor-element-populated\">\n\t\t\t\t\t\t<div class=\"elementor-element elementor-element-f82f78f elementor-widget elementor-widget-image\" data-id=\"f82f78f\" data-element_type=\"widget\" data-e-type=\"widget\" data-widget_type=\"image.default\">\n\t\t\t\t\t\t\t\t\t\t\t\t\t\t\t<img decoding=\"async\" width=\"663\" height=\"151\" src=\"https:\/\/www.estudidelmoble.com\/wp-content\/uploads\/2023\/02\/Logo-Museu-de-la-Garrotxa-DOlot.png\" class=\"attachment-medium_large size-medium_large wp-image-56689\" alt=\"\" srcset=\"https:\/\/www.estudidelmoble.com\/wp-content\/uploads\/2023\/02\/Logo-Museu-de-la-Garrotxa-DOlot.png 663w, https:\/\/www.estudidelmoble.com\/wp-content\/uploads\/2023\/02\/Logo-Museu-de-la-Garrotxa-DOlot-300x68.png 300w, https:\/\/www.estudidelmoble.com\/wp-content\/uploads\/2023\/02\/Logo-Museu-de-la-Garrotxa-DOlot-600x137.png 600w\" sizes=\"(max-width: 663px) 100vw, 663px\" \/>\t\t\t\t\t\t\t\t\t\t\t\t\t\t\t<\/div>\n\t\t\t\t\t<\/div>\n\t\t<\/div>\n\t\t\t\t<div class=\"elementor-column elementor-col-50 elementor-inner-column elementor-element elementor-element-2403f85\" data-id=\"2403f85\" data-element_type=\"column\" data-e-type=\"column\">\n\t\t\t<div class=\"elementor-widget-wrap elementor-element-populated\">\n\t\t\t\t\t\t<div class=\"elementor-element elementor-element-e1ec8dc elementor-widget elementor-widget-image\" data-id=\"e1ec8dc\" data-element_type=\"widget\" data-e-type=\"widget\" data-widget_type=\"image.default\">\n\t\t\t\t\t\t\t\t\t\t\t\t\t\t\t\t<a href=\"https:\/\/www.olotcultura.cat\/\" target=\"_blank\" rel=\"noopener\">\n\t\t\t\t\t\t\t<img decoding=\"async\" width=\"768\" height=\"267\" src=\"https:\/\/www.estudidelmoble.com\/wp-content\/uploads\/2022\/10\/ajuntament-cultura-i-educacio-768x267.png\" class=\"attachment-medium_large size-medium_large wp-image-52225\" alt=\"\" srcset=\"https:\/\/www.estudidelmoble.com\/wp-content\/uploads\/2022\/10\/ajuntament-cultura-i-educacio-768x267.png 768w, https:\/\/www.estudidelmoble.com\/wp-content\/uploads\/2022\/10\/ajuntament-cultura-i-educacio-300x104.png 300w, https:\/\/www.estudidelmoble.com\/wp-content\/uploads\/2022\/10\/ajuntament-cultura-i-educacio-1024x356.png 1024w, https:\/\/www.estudidelmoble.com\/wp-content\/uploads\/2022\/10\/ajuntament-cultura-i-educacio-1536x534.png 1536w, https:\/\/www.estudidelmoble.com\/wp-content\/uploads\/2022\/10\/ajuntament-cultura-i-educacio-600x208.png 600w, https:\/\/www.estudidelmoble.com\/wp-content\/uploads\/2022\/10\/ajuntament-cultura-i-educacio.png 1658w\" sizes=\"(max-width: 768px) 100vw, 768px\" \/>\t\t\t\t\t\t\t\t<\/a>\n\t\t\t\t\t\t\t\t\t\t\t\t\t\t\t<\/div>\n\t\t\t\t\t<\/div>\n\t\t<\/div>\n\t\t\t\t\t<\/div>\n\t\t<\/section>\n\t\t\t\t\t<\/div>\n\t\t<\/div>\n\t\t\t\t\t<\/div>\n\t\t<\/section>\n\t\t\t\t<section class=\"elementor-section elementor-top-section elementor-element elementor-element-d6fe3c6 elementor-section-full_width elementor-section-height-default elementor-section-height-default\" data-id=\"d6fe3c6\" data-element_type=\"section\" data-e-type=\"section\">\n\t\t\t\t\t\t<div class=\"elementor-container elementor-column-gap-default\">\n\t\t\t\t\t<div class=\"elementor-column elementor-col-100 elementor-top-column elementor-element elementor-element-d0c4222\" data-id=\"d0c4222\" data-element_type=\"column\" data-e-type=\"column\">\n\t\t\t<div class=\"elementor-widget-wrap elementor-element-populated\">\n\t\t\t\t\t\t<div class=\"elementor-element elementor-element-1a902b9 elementor-widget elementor-widget-spacer\" data-id=\"1a902b9\" data-element_type=\"widget\" data-e-type=\"widget\" data-widget_type=\"spacer.default\">\n\t\t\t\t\t\t\t<div class=\"elementor-spacer\">\n\t\t\t<div class=\"elementor-spacer-inner\"><\/div>\n\t\t<\/div>\n\t\t\t\t\t\t<\/div>\n\t\t\t\t<div class=\"elementor-element elementor-element-e3e533b elementor-widget-divider--view-line elementor-widget elementor-widget-divider\" data-id=\"e3e533b\" data-element_type=\"widget\" data-e-type=\"widget\" data-widget_type=\"divider.default\">\n\t\t\t\t\t\t\t<div class=\"elementor-divider\">\n\t\t\t<span class=\"elementor-divider-separator\">\n\t\t\t\t\t\t<\/span>\n\t\t<\/div>\n\t\t\t\t\t\t<\/div>\n\t\t\t\t<div class=\"elementor-element elementor-element-ec8b444 elementor-widget elementor-widget-text-editor\" data-id=\"ec8b444\" data-element_type=\"widget\" data-e-type=\"widget\" data-widget_type=\"text-editor.default\">\n\t\t\t\t\t\t\t\t\t<p>Con el apoyo del Departamento de Cultura<\/p>\n\t\t\t\t\t\t\t\t<\/div>\n\t\t\t\t\t<\/div>\n\t\t<\/div>\n\t\t\t\t\t<\/div>\n\t\t<\/section>\n\t\t\t\t<\/div>\n\t\t","protected":false},"excerpt":{"rendered":"<p>Exposici\u00f3n: Joan Llor, maestro carpintero de Olot (1742-1805) en el Museo de la Garrotxa: muestra el extraordinario mobiliario firmado por el autor<\/p>\n","protected":false},"author":86,"featured_media":57049,"parent":43963,"menu_order":0,"comment_status":"closed","ping_status":"closed","template":"","meta":{"_acf_changed":false,"footnotes":""},"class_list":["post-43921","page","type-page","status-publish","has-post-thumbnail","hentry"],"acf":[],"_links":{"self":[{"href":"https:\/\/www.estudidelmoble.com\/es\/wp-json\/wp\/v2\/pages\/43921","targetHints":{"allow":["GET"]}}],"collection":[{"href":"https:\/\/www.estudidelmoble.com\/es\/wp-json\/wp\/v2\/pages"}],"about":[{"href":"https:\/\/www.estudidelmoble.com\/es\/wp-json\/wp\/v2\/types\/page"}],"author":[{"embeddable":true,"href":"https:\/\/www.estudidelmoble.com\/es\/wp-json\/wp\/v2\/users\/86"}],"replies":[{"embeddable":true,"href":"https:\/\/www.estudidelmoble.com\/es\/wp-json\/wp\/v2\/comments?post=43921"}],"version-history":[{"count":0,"href":"https:\/\/www.estudidelmoble.com\/es\/wp-json\/wp\/v2\/pages\/43921\/revisions"}],"up":[{"embeddable":true,"href":"https:\/\/www.estudidelmoble.com\/es\/wp-json\/wp\/v2\/pages\/43963"}],"wp:featuredmedia":[{"embeddable":true,"href":"https:\/\/www.estudidelmoble.com\/es\/wp-json\/wp\/v2\/media\/57049"}],"wp:attachment":[{"href":"https:\/\/www.estudidelmoble.com\/es\/wp-json\/wp\/v2\/media?parent=43921"}],"curies":[{"name":"wp","href":"https:\/\/api.w.org\/{rel}","templated":true}]}}