{"id":43929,"date":"2022-02-15T16:18:59","date_gmt":"2022-02-15T14:18:59","guid":{"rendered":"https:\/\/www.estudidelmoble.com\/labcadires-repensar-lo-cotidiano\/"},"modified":"2023-07-21T14:39:14","modified_gmt":"2023-07-21T12:39:14","slug":"labcadires-repensar-lo-cotidiano","status":"publish","type":"page","link":"https:\/\/www.estudidelmoble.com\/es\/proyecto-madera-mueble-sostenibilidad\/tercera-fase-reflexiones-reutilizacion-diseno-presente-y-futuro\/labcadires-repensar-lo-cotidiano\/","title":{"rendered":"Labcadires: repensar lo cotidiano"},"content":{"rendered":"\t\t<div data-elementor-type=\"wp-page\" data-elementor-id=\"43929\" class=\"elementor elementor-43929 elementor-43404\" data-elementor-post-type=\"page\">\n\t\t\t\t\t\t<section class=\"elementor-section elementor-top-section elementor-element elementor-element-fe25e97 elementor-section-boxed elementor-section-height-default elementor-section-height-default\" data-id=\"fe25e97\" data-element_type=\"section\" data-e-type=\"section\" data-settings=\"{&quot;background_background&quot;:&quot;classic&quot;}\">\n\t\t\t\t\t\t<div class=\"elementor-container elementor-column-gap-default\">\n\t\t\t\t\t<div class=\"elementor-column elementor-col-100 elementor-top-column elementor-element elementor-element-2951eff\" data-id=\"2951eff\" data-element_type=\"column\" data-e-type=\"column\">\n\t\t\t<div class=\"elementor-widget-wrap elementor-element-populated\">\n\t\t\t\t\t\t<div class=\"elementor-element elementor-element-f9f103d elementor-widget elementor-widget-spacer\" data-id=\"f9f103d\" data-element_type=\"widget\" data-e-type=\"widget\" data-widget_type=\"spacer.default\">\n\t\t\t\t\t\t\t<div class=\"elementor-spacer\">\n\t\t\t<div class=\"elementor-spacer-inner\"><\/div>\n\t\t<\/div>\n\t\t\t\t\t\t<\/div>\n\t\t\t\t<div class=\"elementor-element elementor-element-179dc66 elementor-widget elementor-widget-image\" data-id=\"179dc66\" data-element_type=\"widget\" data-e-type=\"widget\" data-widget_type=\"image.default\">\n\t\t\t\t\t\t\t\t\t\t\t\t\t\t\t<img decoding=\"async\" src=\"https:\/\/www.estudidelmoble.com\/wp-content\/uploads\/2022\/02\/Logo-taula.jpg\" title=\"\" alt=\"\" loading=\"lazy\" \/>\t\t\t\t\t\t\t\t\t\t\t\t\t\t\t<\/div>\n\t\t\t\t<div class=\"elementor-element elementor-element-2403984 elementor-widget elementor-widget-spacer\" data-id=\"2403984\" data-element_type=\"widget\" data-e-type=\"widget\" data-widget_type=\"spacer.default\">\n\t\t\t\t\t\t\t<div class=\"elementor-spacer\">\n\t\t\t<div class=\"elementor-spacer-inner\"><\/div>\n\t\t<\/div>\n\t\t\t\t\t\t<\/div>\n\t\t\t\t\t<\/div>\n\t\t<\/div>\n\t\t\t\t\t<\/div>\n\t\t<\/section>\n\t\t\t\t<section class=\"elementor-section elementor-top-section elementor-element elementor-element-95be86b elementor-section-boxed elementor-section-height-default elementor-section-height-default\" data-id=\"95be86b\" data-element_type=\"section\" data-e-type=\"section\" data-settings=\"{&quot;background_background&quot;:&quot;classic&quot;}\">\n\t\t\t\t\t\t<div class=\"elementor-container elementor-column-gap-default\">\n\t\t\t\t\t<div class=\"elementor-column elementor-col-50 elementor-top-column elementor-element elementor-element-721381e\" data-id=\"721381e\" data-element_type=\"column\" data-e-type=\"column\">\n\t\t\t<div class=\"elementor-widget-wrap elementor-element-populated\">\n\t\t\t\t\t\t<div class=\"elementor-element elementor-element-31c01fd elementor-view-stacked elementor-shape-circle elementor-position-block-start elementor-mobile-position-block-start elementor-widget elementor-widget-icon-box\" data-id=\"31c01fd\" data-element_type=\"widget\" data-e-type=\"widget\" data-widget_type=\"icon-box.default\">\n\t\t\t\t\t\t\t<div class=\"elementor-icon-box-wrapper\">\n\n\t\t\t\t\t\t<div class=\"elementor-icon-box-icon\">\n\t\t\t\t<span  class=\"elementor-icon\">\n\t\t\t\t<svg aria-hidden=\"true\" class=\"e-font-icon-svg e-fas-hammer\" viewBox=\"0 0 576 512\" xmlns=\"http:\/\/www.w3.org\/2000\/svg\"><path d=\"M571.31 193.94l-22.63-22.63c-6.25-6.25-16.38-6.25-22.63 0l-11.31 11.31-28.9-28.9c5.63-21.31.36-44.9-16.35-61.61l-45.25-45.25c-62.48-62.48-163.79-62.48-226.28 0l90.51 45.25v18.75c0 16.97 6.74 33.25 18.75 45.25l49.14 49.14c16.71 16.71 40.3 21.98 61.61 16.35l28.9 28.9-11.31 11.31c-6.25 6.25-6.25 16.38 0 22.63l22.63 22.63c6.25 6.25 16.38 6.25 22.63 0l90.51-90.51c6.23-6.24 6.23-16.37-.02-22.62zm-286.72-15.2c-3.7-3.7-6.84-7.79-9.85-11.95L19.64 404.96c-25.57 23.88-26.26 64.19-1.53 88.93s65.05 24.05 88.93-1.53l238.13-255.07c-3.96-2.91-7.9-5.87-11.44-9.41l-49.14-49.14z\"><\/path><\/svg>\t\t\t\t<\/span>\n\t\t\t<\/div>\n\t\t\t\n\t\t\t\t\t\t<div class=\"elementor-icon-box-content\">\n\n\t\t\t\t\t\t\t\t\t<h2 class=\"elementor-icon-box-title\">\n\t\t\t\t\t\t<span  >\n\t\t\t\t\t\t\tTaller\t\t\t\t\t\t<\/span>\n\t\t\t\t\t<\/h2>\n\t\t\t\t\n\t\t\t\t\n\t\t\t<\/div>\n\t\t\t\n\t\t<\/div>\n\t\t\t\t\t\t<\/div>\n\t\t\t\t<div class=\"elementor-element elementor-element-c7092e0 elementor-widget elementor-widget-heading\" data-id=\"c7092e0\" data-element_type=\"widget\" data-e-type=\"widget\" data-widget_type=\"heading.default\">\n\t\t\t\t\t<h1 class=\"elementor-heading-title elementor-size-default\">Labcadires: repensar lo cotidiano<\/h1>\t\t\t\t<\/div>\n\t\t\t\t<div class=\"elementor-element elementor-element-4622df3 animated-slow elementor-hidden-desktop elementor-hidden-tablet elementor-hidden-mobile elementor-invisible elementor-widget elementor-widget-heading\" data-id=\"4622df3\" data-element_type=\"widget\" data-e-type=\"widget\" data-settings=\"{&quot;_animation&quot;:&quot;fadeInRight&quot;,&quot;_animation_delay&quot;:200}\" data-widget_type=\"heading.default\">\n\t\t\t\t\t<p class=\"elementor-heading-title elementor-size-default\">Febrer 2023<\/p>\t\t\t\t<\/div>\n\t\t\t\t<div class=\"elementor-element elementor-element-6af3f22 elementor-hidden-mobile elementor-widget elementor-widget-text-editor\" data-id=\"6af3f22\" data-element_type=\"widget\" data-e-type=\"widget\" data-widget_type=\"text-editor.default\">\n\t\t\t\t\t\t\t\t\t<p><span style=\"color: #007196;\"><strong>Fechas:<\/strong><\/span><br \/>Mi\u00e9rcoles, 22 de febrero. 17:00 h &#8211; 19:30 h<\/p><hr \/><p><span style=\"color: #007196;\"><strong>Formato:<\/strong> <span style=\"color: #000000;\">Presencial<\/span><br \/><\/span><\/p><hr style=\"background-color: #ffffff;\" \/><p><span style=\"font-weight: bolder; color: #007196;\"><span dir=\"ltr\" role=\"presentation\">Idioma:<span style=\"color: #007196;\"><strong>\u00a0<\/strong><\/span><\/span><\/span>Catal\u00e1n y castellano<\/p><hr \/><p><span style=\"color: #007196;\"><strong><span dir=\"ltr\" role=\"presentation\">Ubicaci\u00f3n:\u00a0<\/span><\/strong><\/span><br \/>Museu del Disseny de Barcelona<\/p><hr \/><p><span style=\"color: #007196;\"><strong><span dir=\"ltr\" role=\"presentation\">Informaci\u00f3n y reservas:\u00a0<\/span><\/strong><\/span><br \/>info@estudidelmoble.com<br \/>932 566 785<\/p><p>Sesiones personalizadas para grupos<br \/>escolares: 375 euros + iva. Incluye la<br \/>entrega de un Dossier formativo para<br \/>el docente. (M\u00edn. 15 alumnos. Consultar<br \/>disponibilidad de fechas)<\/p>\t\t\t\t\t\t\t\t<\/div>\n\t\t\t\t<div class=\"elementor-element elementor-element-daed8df elementor-widget elementor-widget-spacer\" data-id=\"daed8df\" data-element_type=\"widget\" data-e-type=\"widget\" data-widget_type=\"spacer.default\">\n\t\t\t\t\t\t\t<div class=\"elementor-spacer\">\n\t\t\t<div class=\"elementor-spacer-inner\"><\/div>\n\t\t<\/div>\n\t\t\t\t\t\t<\/div>\n\t\t\t\t<div class=\"elementor-element elementor-element-7d8163e elementor-hidden-mobile elementor-widget elementor-widget-text-editor\" data-id=\"7d8163e\" data-element_type=\"widget\" data-e-type=\"widget\" data-widget_type=\"text-editor.default\">\n\t\t\t\t\t\t\t\t\t<p><strong>Con la colaboraci\u00f3n de<\/strong><\/p>\n\t\t\t\t\t\t\t\t<\/div>\n\t\t\t\t<div class=\"elementor-element elementor-element-751ab9a elementor-hidden-mobile elementor-widget elementor-widget-image\" data-id=\"751ab9a\" data-element_type=\"widget\" data-e-type=\"widget\" data-widget_type=\"image.default\">\n\t\t\t\t\t\t\t\t\t\t\t\t\t\t\t<img fetchpriority=\"high\" decoding=\"async\" width=\"500\" height=\"500\" src=\"https:\/\/www.estudidelmoble.com\/wp-content\/uploads\/2020\/01\/logo-Museu-Disseny-Barcelona.jpg\" class=\"attachment-large size-large wp-image-8254\" alt=\"\" srcset=\"https:\/\/www.estudidelmoble.com\/wp-content\/uploads\/2020\/01\/logo-Museu-Disseny-Barcelona.jpg 500w, https:\/\/www.estudidelmoble.com\/wp-content\/uploads\/2020\/01\/logo-Museu-Disseny-Barcelona-300x300.jpg 300w, https:\/\/www.estudidelmoble.com\/wp-content\/uploads\/2020\/01\/logo-Museu-Disseny-Barcelona-100x100.jpg 100w, https:\/\/www.estudidelmoble.com\/wp-content\/uploads\/2020\/01\/logo-Museu-Disseny-Barcelona-350x350.jpg 350w, https:\/\/www.estudidelmoble.com\/wp-content\/uploads\/2020\/01\/logo-Museu-Disseny-Barcelona-150x150.jpg 150w\" sizes=\"(max-width: 500px) 100vw, 500px\" \/>\t\t\t\t\t\t\t\t\t\t\t\t\t\t\t<\/div>\n\t\t\t\t\t<\/div>\n\t\t<\/div>\n\t\t\t\t<div class=\"elementor-column elementor-col-50 elementor-top-column elementor-element elementor-element-fca5ee2\" data-id=\"fca5ee2\" data-element_type=\"column\" data-e-type=\"column\">\n\t\t\t<div class=\"elementor-widget-wrap elementor-element-populated\">\n\t\t\t\t\t\t<div class=\"elementor-element elementor-element-220a45f elementor-widget elementor-widget-image\" data-id=\"220a45f\" data-element_type=\"widget\" data-e-type=\"widget\" data-widget_type=\"image.default\">\n\t\t\t\t\t\t\t\t\t\t\t\t\t\t\t<img decoding=\"async\" width=\"768\" height=\"768\" src=\"https:\/\/www.estudidelmoble.com\/wp-content\/uploads\/2023\/01\/LabCadires-reflexio-sobre-el-moble-768x768.jpg\" class=\"attachment-medium_large size-medium_large wp-image-54952\" alt=\"\" srcset=\"https:\/\/www.estudidelmoble.com\/wp-content\/uploads\/2023\/01\/LabCadires-reflexio-sobre-el-moble-768x768.jpg 768w, https:\/\/www.estudidelmoble.com\/wp-content\/uploads\/2023\/01\/LabCadires-reflexio-sobre-el-moble-300x300.jpg 300w, https:\/\/www.estudidelmoble.com\/wp-content\/uploads\/2023\/01\/LabCadires-reflexio-sobre-el-moble-150x150.jpg 150w, https:\/\/www.estudidelmoble.com\/wp-content\/uploads\/2023\/01\/LabCadires-reflexio-sobre-el-moble-600x600.jpg 600w, https:\/\/www.estudidelmoble.com\/wp-content\/uploads\/2023\/01\/LabCadires-reflexio-sobre-el-moble-100x100.jpg 100w, https:\/\/www.estudidelmoble.com\/wp-content\/uploads\/2023\/01\/LabCadires-reflexio-sobre-el-moble.jpg 1000w\" sizes=\"(max-width: 768px) 100vw, 768px\" \/>\t\t\t\t\t\t\t\t\t\t\t\t\t\t\t<\/div>\n\t\t\t\t<div class=\"elementor-element elementor-element-b1d34a3 elementor-widget elementor-widget-spacer\" data-id=\"b1d34a3\" data-element_type=\"widget\" data-e-type=\"widget\" data-widget_type=\"spacer.default\">\n\t\t\t\t\t\t\t<div class=\"elementor-spacer\">\n\t\t\t<div class=\"elementor-spacer-inner\"><\/div>\n\t\t<\/div>\n\t\t\t\t\t\t<\/div>\n\t\t\t\t<div class=\"elementor-element elementor-element-6365394 elementor-widget elementor-widget-text-editor\" data-id=\"6365394\" data-element_type=\"widget\" data-e-type=\"widget\" data-widget_type=\"text-editor.default\">\n\t\t\t\t\t\t\t\t\t<p>\u00bfTe has parado a pensar alguna vez en una silla? \u00bfC\u00f3mo la<br \/>\ndefinir\u00edas? Un mueble, un objeto, un producto\u2026 Sus materiales,<br \/>\nformas, or\u00edgenes y estructuras nos plantean preguntas, nos sugieren<br \/>\nrelatos y nos motivan a experimentar emociones y actitudes.<\/p>\n<p>Te proponemos participar en una actividad que gira en torno<br \/>\na varios asientos relevantes en la historia de ayer y hoy para<br \/>\nreflexionar sobre nuestro entorno m\u00e1s cercano e incitar a mejorarlo.<\/p>\n<p><strong>LabCadires es una din\u00e1mica cultural<\/strong> que ofrece la oportunidad<br \/>\nde repensar lo que usamos, compramos, dise\u00f1amos y utilizamos a<br \/>\ndiario.<\/p>\n<p>El taller te\u00f3rico-pr\u00e1ctico nos lleva a considerar el bienestar<br \/>\nemocional en clave individual y colectiva, incita a la creatividad y<br \/>\npone sobre la mesa nuestras inquietudes.<\/p>\n<p>Se trata de una actividad que parte de las aportaciones de los<br \/>\npropios participantes, quienes la hacen evolucionar, y se nutre<br \/>\nde las aportaciones de las dinamizadoras del taller, expertas en<br \/>\ndiferentes \u00e1mbitos de mobiliario. Las conclusiones nos har\u00e1n releer<br \/>\neste objeto y convertir en relevante lo que parece cotidiano<\/p>\n<p><b>Coordina<\/b>: Merc\u00e8 Benavent, Laura Palacios y N\u00faria Usl\u00e9<\/p>\n\t\t\t\t\t\t\t\t<\/div>\n\t\t\t\t<div class=\"elementor-element elementor-element-5e2bb56 elementor-widget elementor-widget-spacer\" data-id=\"5e2bb56\" data-element_type=\"widget\" data-e-type=\"widget\" data-widget_type=\"spacer.default\">\n\t\t\t\t\t\t\t<div class=\"elementor-spacer\">\n\t\t\t<div class=\"elementor-spacer-inner\"><\/div>\n\t\t<\/div>\n\t\t\t\t\t\t<\/div>\n\t\t\t\t<section class=\"elementor-section elementor-inner-section elementor-element elementor-element-188a48f elementor-section-boxed elementor-section-height-default elementor-section-height-default\" data-id=\"188a48f\" data-element_type=\"section\" data-e-type=\"section\">\n\t\t\t\t\t\t<div class=\"elementor-container elementor-column-gap-default\">\n\t\t\t\t\t<div class=\"elementor-column elementor-col-100 elementor-inner-column elementor-element elementor-element-573925c\" data-id=\"573925c\" data-element_type=\"column\" data-e-type=\"column\">\n\t\t\t<div class=\"elementor-widget-wrap elementor-element-populated\">\n\t\t\t\t\t\t<div class=\"elementor-element elementor-element-b9cba4a elementor-arrows-position-inside elementor-pagination-position-outside elementor-widget elementor-widget-image-carousel\" data-id=\"b9cba4a\" data-element_type=\"widget\" data-e-type=\"widget\" data-settings=\"{&quot;slides_to_show&quot;:&quot;3&quot;,&quot;navigation&quot;:&quot;both&quot;,&quot;autoplay&quot;:&quot;yes&quot;,&quot;pause_on_hover&quot;:&quot;yes&quot;,&quot;pause_on_interaction&quot;:&quot;yes&quot;,&quot;autoplay_speed&quot;:5000,&quot;infinite&quot;:&quot;yes&quot;,&quot;speed&quot;:500,&quot;image_spacing_custom&quot;:{&quot;unit&quot;:&quot;px&quot;,&quot;size&quot;:20,&quot;sizes&quot;:[]},&quot;image_spacing_custom_tablet&quot;:{&quot;unit&quot;:&quot;px&quot;,&quot;size&quot;:&quot;&quot;,&quot;sizes&quot;:[]},&quot;image_spacing_custom_mobile&quot;:{&quot;unit&quot;:&quot;px&quot;,&quot;size&quot;:&quot;&quot;,&quot;sizes&quot;:[]}}\" data-widget_type=\"image-carousel.default\">\n\t\t\t\t\t\t\t<div class=\"elementor-image-carousel-wrapper swiper\" role=\"region\" aria-roledescription=\"carousel\" aria-label=\"Carrusel de im\u00e1genes\" dir=\"ltr\">\n\t\t\t<div class=\"elementor-image-carousel swiper-wrapper\" aria-live=\"off\">\n\t\t\t\t\t\t\t\t<div class=\"swiper-slide\" role=\"group\" aria-roledescription=\"slide\" aria-label=\"1 de 10\"><figure class=\"swiper-slide-inner\"><img decoding=\"async\" class=\"swiper-slide-image\" src=\"https:\/\/www.estudidelmoble.com\/wp-content\/uploads\/2023\/01\/LabCadires-reflexio-sobre-el-moble-768x768.jpg\" alt=\"LabCadires reflexi\u00f3 sobre el moble\" \/><\/figure><\/div><div class=\"swiper-slide\" role=\"group\" aria-roledescription=\"slide\" aria-label=\"2 de 10\"><figure class=\"swiper-slide-inner\"><img decoding=\"async\" class=\"swiper-slide-image\" src=\"https:\/\/www.estudidelmoble.com\/wp-content\/uploads\/2023\/02\/Taller-FMS-Labcadires-768x768.jpg\" alt=\"Taller FMS Labcadires\" \/><\/figure><\/div><div class=\"swiper-slide\" role=\"group\" aria-roledescription=\"slide\" aria-label=\"3 de 10\"><figure class=\"swiper-slide-inner\"><img decoding=\"async\" class=\"swiper-slide-image\" src=\"https:\/\/www.estudidelmoble.com\/wp-content\/uploads\/2023\/01\/LabCadires-Que-es-ua-cadira-768x768.jpg\" alt=\"LabCadires Que es una cadira\" \/><\/figure><\/div><div class=\"swiper-slide\" role=\"group\" aria-roledescription=\"slide\" aria-label=\"4 de 10\"><figure class=\"swiper-slide-inner\"><img decoding=\"async\" class=\"swiper-slide-image\" src=\"https:\/\/www.estudidelmoble.com\/wp-content\/uploads\/2023\/02\/Taller-LabCadires-Experimentar-el-moble.jpg\" alt=\"Taller LabCadires Experimentar el moble\" \/><\/figure><\/div><div class=\"swiper-slide\" role=\"group\" aria-roledescription=\"slide\" aria-label=\"5 de 10\"><figure class=\"swiper-slide-inner\"><img decoding=\"async\" class=\"swiper-slide-image\" src=\"https:\/\/www.estudidelmoble.com\/wp-content\/uploads\/2023\/01\/LabCadires-Reflexio-sobre-mobles-768x768.jpg\" alt=\"LabCadires Reflexio sobre mobles\" \/><\/figure><\/div><div class=\"swiper-slide\" role=\"group\" aria-roledescription=\"slide\" aria-label=\"6 de 10\"><figure class=\"swiper-slide-inner\"><img decoding=\"async\" class=\"swiper-slide-image\" src=\"https:\/\/www.estudidelmoble.com\/wp-content\/uploads\/2023\/01\/Estudio-del-Mueble-LabCadires.jpg\" alt=\"Estudio del Mueble LabCadires\" \/><\/figure><\/div><div class=\"swiper-slide\" role=\"group\" aria-roledescription=\"slide\" aria-label=\"7 de 10\"><figure class=\"swiper-slide-inner\"><img decoding=\"async\" class=\"swiper-slide-image\" src=\"https:\/\/www.estudidelmoble.com\/wp-content\/uploads\/2023\/02\/LabCadires-Repensar-el-moble-768x768.jpg\" alt=\"LabCadires Repensar el moble\" \/><\/figure><\/div><div class=\"swiper-slide\" role=\"group\" aria-roledescription=\"slide\" aria-label=\"8 de 10\"><figure class=\"swiper-slide-inner\"><img decoding=\"async\" class=\"swiper-slide-image\" src=\"https:\/\/www.estudidelmoble.com\/wp-content\/uploads\/2023\/01\/Reflexion-sobre-la-silla-LabCadires-768x768.jpg\" alt=\"Reflexi\u00f3n sobre la silla LabCadires\" \/><\/figure><\/div><div class=\"swiper-slide\" role=\"group\" aria-roledescription=\"slide\" aria-label=\"9 de 10\"><figure class=\"swiper-slide-inner\"><img decoding=\"async\" class=\"swiper-slide-image\" src=\"https:\/\/www.estudidelmoble.com\/wp-content\/uploads\/2023\/01\/LabCadires-Experimentar-sobre-las-sillas-768x768.jpg\" alt=\"LabCadires Experimentar sobre las sillas\" \/><\/figure><\/div><div class=\"swiper-slide\" role=\"group\" aria-roledescription=\"slide\" aria-label=\"10 de 10\"><figure class=\"swiper-slide-inner\"><img decoding=\"async\" class=\"swiper-slide-image\" src=\"https:\/\/www.estudidelmoble.com\/wp-content\/uploads\/2023\/02\/Silla-LabCadires-FMS-768x768.jpg\" alt=\"Silla LabCadires FMS\" \/><\/figure><\/div>\t\t\t<\/div>\n\t\t\t\t\t\t\t\t\t\t\t\t<div class=\"elementor-swiper-button elementor-swiper-button-prev\" role=\"button\" tabindex=\"0\">\n\t\t\t\t\t\t<svg aria-hidden=\"true\" class=\"e-font-icon-svg e-eicon-chevron-left\" viewBox=\"0 0 1000 1000\" xmlns=\"http:\/\/www.w3.org\/2000\/svg\"><path d=\"M646 125C629 125 613 133 604 142L308 442C296 454 292 471 292 487 292 504 296 521 308 533L604 854C617 867 629 875 646 875 663 875 679 871 692 858 704 846 713 829 713 812 713 796 708 779 692 767L438 487 692 225C700 217 708 204 708 187 708 171 704 154 692 142 675 129 663 125 646 125Z\"><\/path><\/svg>\t\t\t\t\t<\/div>\n\t\t\t\t\t<div class=\"elementor-swiper-button elementor-swiper-button-next\" role=\"button\" tabindex=\"0\">\n\t\t\t\t\t\t<svg aria-hidden=\"true\" class=\"e-font-icon-svg e-eicon-chevron-right\" viewBox=\"0 0 1000 1000\" xmlns=\"http:\/\/www.w3.org\/2000\/svg\"><path d=\"M696 533C708 521 713 504 713 487 713 471 708 454 696 446L400 146C388 133 375 125 354 125 338 125 325 129 313 142 300 154 292 171 292 187 292 204 296 221 308 233L563 492 304 771C292 783 288 800 288 817 288 833 296 850 308 863 321 871 338 875 354 875 371 875 388 867 400 854L696 533Z\"><\/path><\/svg>\t\t\t\t\t<\/div>\n\t\t\t\t\n\t\t\t\t\t\t\t\t\t<div class=\"swiper-pagination\"><\/div>\n\t\t\t\t\t\t\t\t\t<\/div>\n\t\t\t\t\t\t<\/div>\n\t\t\t\t\t<\/div>\n\t\t<\/div>\n\t\t\t\t\t<\/div>\n\t\t<\/section>\n\t\t\t\t<section class=\"elementor-section elementor-inner-section elementor-element elementor-element-7bc3f13 elementor-section-boxed elementor-section-height-default elementor-section-height-default\" data-id=\"7bc3f13\" data-element_type=\"section\" data-e-type=\"section\">\n\t\t\t\t\t\t<div class=\"elementor-container elementor-column-gap-default\">\n\t\t\t\t\t<div class=\"elementor-column elementor-col-100 elementor-inner-column elementor-element elementor-element-5c5a13f\" data-id=\"5c5a13f\" data-element_type=\"column\" data-e-type=\"column\" data-settings=\"{&quot;background_background&quot;:&quot;classic&quot;}\">\n\t\t\t<div class=\"elementor-widget-wrap elementor-element-populated\">\n\t\t\t\t\t\t<div class=\"elementor-element elementor-element-6d62949 elementor-view-framed elementor-position-inline-start elementor-shape-circle elementor-mobile-position-block-start elementor-widget elementor-widget-icon-box\" data-id=\"6d62949\" data-element_type=\"widget\" data-e-type=\"widget\" data-widget_type=\"icon-box.default\">\n\t\t\t\t\t\t\t<div class=\"elementor-icon-box-wrapper\">\n\n\t\t\t\t\t\t<div class=\"elementor-icon-box-icon\">\n\t\t\t\t<a href=\"https:\/\/www.estudidelmoble.com\/wp-content\/uploads\/2023\/02\/Labcadires_repensar-el-quotidia.pdf\" target=\"_blank\" class=\"elementor-icon\" tabindex=\"-1\" aria-label=\"Descarrega programa catal\u00e0  (PDF)\">\n\t\t\t\t<svg aria-hidden=\"true\" class=\"e-font-icon-svg e-fas-file-download\" viewBox=\"0 0 384 512\" xmlns=\"http:\/\/www.w3.org\/2000\/svg\"><path d=\"M224 136V0H24C10.7 0 0 10.7 0 24v464c0 13.3 10.7 24 24 24h336c13.3 0 24-10.7 24-24V160H248c-13.2 0-24-10.8-24-24zm76.45 211.36l-96.42 95.7c-6.65 6.61-17.39 6.61-24.04 0l-96.42-95.7C73.42 337.29 80.54 320 94.82 320H160v-80c0-8.84 7.16-16 16-16h32c8.84 0 16 7.16 16 16v80h65.18c14.28 0 21.4 17.29 11.27 27.36zM377 105L279.1 7c-4.5-4.5-10.6-7-17-7H256v128h128v-6.1c0-6.3-2.5-12.4-7-16.9z\"><\/path><\/svg>\t\t\t\t<\/a>\n\t\t\t<\/div>\n\t\t\t\n\t\t\t\t\t\t<div class=\"elementor-icon-box-content\">\n\n\t\t\t\t\t\t\t\t\t<p class=\"elementor-icon-box-title\">\n\t\t\t\t\t\t<a href=\"https:\/\/www.estudidelmoble.com\/wp-content\/uploads\/2023\/02\/Labcadires_repensar-el-quotidia.pdf\" target=\"_blank\" >\n\t\t\t\t\t\t\tDescarrega programa catal\u00e0  (PDF)\t\t\t\t\t\t<\/a>\n\t\t\t\t\t<\/p>\n\t\t\t\t\n\t\t\t\t\n\t\t\t<\/div>\n\t\t\t\n\t\t<\/div>\n\t\t\t\t\t\t<\/div>\n\t\t\t\t<div class=\"elementor-element elementor-element-768bae8 elementor-view-framed elementor-position-inline-start elementor-shape-circle elementor-mobile-position-block-start elementor-widget elementor-widget-icon-box\" data-id=\"768bae8\" data-element_type=\"widget\" data-e-type=\"widget\" data-widget_type=\"icon-box.default\">\n\t\t\t\t\t\t\t<div class=\"elementor-icon-box-wrapper\">\n\n\t\t\t\t\t\t<div class=\"elementor-icon-box-icon\">\n\t\t\t\t<a href=\"https:\/\/www.estudidelmoble.com\/wp-content\/uploads\/2023\/02\/Labcadires_repensar-lo-cotidiano.pdf\" target=\"_blank\" class=\"elementor-icon\" tabindex=\"-1\" aria-label=\"Descarga programa castellano  (PDF)\">\n\t\t\t\t<svg aria-hidden=\"true\" class=\"e-font-icon-svg e-fas-file-download\" viewBox=\"0 0 384 512\" xmlns=\"http:\/\/www.w3.org\/2000\/svg\"><path d=\"M224 136V0H24C10.7 0 0 10.7 0 24v464c0 13.3 10.7 24 24 24h336c13.3 0 24-10.7 24-24V160H248c-13.2 0-24-10.8-24-24zm76.45 211.36l-96.42 95.7c-6.65 6.61-17.39 6.61-24.04 0l-96.42-95.7C73.42 337.29 80.54 320 94.82 320H160v-80c0-8.84 7.16-16 16-16h32c8.84 0 16 7.16 16 16v80h65.18c14.28 0 21.4 17.29 11.27 27.36zM377 105L279.1 7c-4.5-4.5-10.6-7-17-7H256v128h128v-6.1c0-6.3-2.5-12.4-7-16.9z\"><\/path><\/svg>\t\t\t\t<\/a>\n\t\t\t<\/div>\n\t\t\t\n\t\t\t\t\t\t<div class=\"elementor-icon-box-content\">\n\n\t\t\t\t\t\t\t\t\t<p class=\"elementor-icon-box-title\">\n\t\t\t\t\t\t<a href=\"https:\/\/www.estudidelmoble.com\/wp-content\/uploads\/2023\/02\/Labcadires_repensar-lo-cotidiano.pdf\" target=\"_blank\" >\n\t\t\t\t\t\t\tDescarga programa castellano  (PDF)\t\t\t\t\t\t<\/a>\n\t\t\t\t\t<\/p>\n\t\t\t\t\n\t\t\t\t\n\t\t\t<\/div>\n\t\t\t\n\t\t<\/div>\n\t\t\t\t\t\t<\/div>\n\t\t\t\t\t<\/div>\n\t\t<\/div>\n\t\t\t\t\t<\/div>\n\t\t<\/section>\n\t\t\t\t<div class=\"elementor-element elementor-element-d0214c5 elementor-widget elementor-widget-spacer\" data-id=\"d0214c5\" data-element_type=\"widget\" data-e-type=\"widget\" data-widget_type=\"spacer.default\">\n\t\t\t\t\t\t\t<div class=\"elementor-spacer\">\n\t\t\t<div class=\"elementor-spacer-inner\"><\/div>\n\t\t<\/div>\n\t\t\t\t\t\t<\/div>\n\t\t\t\t<section class=\"elementor-section elementor-inner-section elementor-element elementor-element-e115db7 elementor-section-boxed elementor-section-height-default elementor-section-height-default\" data-id=\"e115db7\" data-element_type=\"section\" data-e-type=\"section\">\n\t\t\t\t\t\t<div class=\"elementor-container elementor-column-gap-default\">\n\t\t\t\t\t<div class=\"elementor-column elementor-col-33 elementor-inner-column elementor-element elementor-element-4028a84\" data-id=\"4028a84\" data-element_type=\"column\" data-e-type=\"column\">\n\t\t\t<div class=\"elementor-widget-wrap\">\n\t\t\t\t\t\t\t<\/div>\n\t\t<\/div>\n\t\t\t\t<div class=\"elementor-column elementor-col-33 elementor-inner-column elementor-element elementor-element-7ea05ae\" data-id=\"7ea05ae\" data-element_type=\"column\" data-e-type=\"column\">\n\t\t\t<div class=\"elementor-widget-wrap\">\n\t\t\t\t\t\t\t<\/div>\n\t\t<\/div>\n\t\t\t\t<div class=\"elementor-column elementor-col-33 elementor-inner-column elementor-element elementor-element-203ea69\" data-id=\"203ea69\" data-element_type=\"column\" data-e-type=\"column\">\n\t\t\t<div class=\"elementor-widget-wrap elementor-element-populated\">\n\t\t\t\t\t\t<div class=\"elementor-element elementor-element-bf05643 elementor-mobile-align-center elementor-align-center elementor-widget elementor-widget-button\" data-id=\"bf05643\" data-element_type=\"widget\" data-e-type=\"widget\" data-widget_type=\"button.default\">\n\t\t\t\t\t\t\t\t\t\t<a class=\"elementor-button elementor-button-link elementor-size-sm elementor-animation-shrink\" href=\"https:\/\/www.estudidelmoble.com\/es\/proyecto-madera-mueble-sostenibilidad\/\">\n\t\t\t\t\t\t<span class=\"elementor-button-content-wrapper\">\n\t\t\t\t\t\t<span class=\"elementor-button-icon\">\n\t\t\t\t<svg aria-hidden=\"true\" class=\"e-font-icon-svg e-fas-arrow-circle-up\" viewBox=\"0 0 512 512\" xmlns=\"http:\/\/www.w3.org\/2000\/svg\"><path d=\"M8 256C8 119 119 8 256 8s248 111 248 248-111 248-248 248S8 393 8 256zm143.6 28.9l72.4-75.5V392c0 13.3 10.7 24 24 24h16c13.3 0 24-10.7 24-24V209.4l72.4 75.5c9.3 9.7 24.8 9.9 34.3.4l10.9-11c9.4-9.4 9.4-24.6 0-33.9L273 107.7c-9.4-9.4-24.6-9.4-33.9 0L106.3 240.4c-9.4 9.4-9.4 24.6 0 33.9l10.9 11c9.6 9.5 25.1 9.3 34.4-.4z\"><\/path><\/svg>\t\t\t<\/span>\n\t\t\t\t\t\t\t\t\t<span class=\"elementor-button-text\">Volver al \u00edndice F-M-S<\/span>\n\t\t\t\t\t<\/span>\n\t\t\t\t\t<\/a>\n\t\t\t\t\t\t\t\t<\/div>\n\t\t\t\t\t<\/div>\n\t\t<\/div>\n\t\t\t\t\t<\/div>\n\t\t<\/section>\n\t\t\t\t<div class=\"elementor-element elementor-element-a25cb1f elementor-hidden-desktop elementor-hidden-tablet elementor-widget elementor-widget-text-editor\" data-id=\"a25cb1f\" data-element_type=\"widget\" data-e-type=\"widget\" data-widget_type=\"text-editor.default\">\n\t\t\t\t\t\t\t\t\t<p><span style=\"color: #007196;\"><strong>Fechas:<\/strong><\/span><br \/>\nMi\u00e9rcoles, 8 de febrero. 17:00 h &#8211; 19:30 h<\/p>\n<hr \/>\n<p><span style=\"color: #007196;\"><strong>Formato:<\/strong> <span style=\"color: #000000;\">Presencial<\/span><br \/>\n<\/span><\/p>\n<hr style=\"background-color: #ffffff;\" \/>\n<p><span style=\"font-weight: bolder; color: #007196;\"><span dir=\"ltr\" role=\"presentation\">Idioma:<span style=\"color: #007196;\"><strong>\u00a0<\/strong><\/span><\/span><\/span>Catal\u00e1n y castellano<\/p>\n<hr \/>\n<p><span style=\"color: #007196;\"><strong><span dir=\"ltr\" role=\"presentation\">Ubicaci\u00f3n:\u00a0<\/span><\/strong><\/span><br \/>\nMuseu del Disseny de Barcelona<\/p>\n<hr \/>\n<p><span style=\"color: #007196;\"><strong><span dir=\"ltr\" role=\"presentation\">Informaci\u00f3n y reservas:\u00a0<\/span><\/strong><\/span><br \/>\ninfo@estudidelmoble.com<br \/>\n932 566 785<\/p>\n\t\t\t\t\t\t\t\t<\/div>\n\t\t\t\t<div class=\"elementor-element elementor-element-bd0a47d elementor-hidden-desktop elementor-hidden-tablet elementor-widget elementor-widget-text-editor\" data-id=\"bd0a47d\" data-element_type=\"widget\" data-e-type=\"widget\" data-widget_type=\"text-editor.default\">\n\t\t\t\t\t\t\t\t\t<p><strong>Con la colaboraci\u00f3n de<\/strong><\/p>\n\t\t\t\t\t\t\t\t<\/div>\n\t\t\t\t<div class=\"elementor-element elementor-element-836b7af elementor-hidden-desktop elementor-hidden-tablet elementor-widget elementor-widget-image\" data-id=\"836b7af\" data-element_type=\"widget\" data-e-type=\"widget\" data-widget_type=\"image.default\">\n\t\t\t\t\t\t\t\t\t\t\t\t\t\t\t<img decoding=\"async\" width=\"150\" height=\"150\" src=\"https:\/\/www.estudidelmoble.com\/wp-content\/uploads\/2020\/01\/logo-Museu-Disseny-Barcelona-150x150.jpg\" class=\"attachment-thumbnail size-thumbnail wp-image-8254\" alt=\"\" srcset=\"https:\/\/www.estudidelmoble.com\/wp-content\/uploads\/2020\/01\/logo-Museu-Disseny-Barcelona-150x150.jpg 150w, https:\/\/www.estudidelmoble.com\/wp-content\/uploads\/2020\/01\/logo-Museu-Disseny-Barcelona-300x300.jpg 300w, https:\/\/www.estudidelmoble.com\/wp-content\/uploads\/2020\/01\/logo-Museu-Disseny-Barcelona-100x100.jpg 100w, https:\/\/www.estudidelmoble.com\/wp-content\/uploads\/2020\/01\/logo-Museu-Disseny-Barcelona-350x350.jpg 350w, https:\/\/www.estudidelmoble.com\/wp-content\/uploads\/2020\/01\/logo-Museu-Disseny-Barcelona.jpg 500w\" sizes=\"(max-width: 150px) 100vw, 150px\" \/>\t\t\t\t\t\t\t\t\t\t\t\t\t\t\t<\/div>\n\t\t\t\t\t<\/div>\n\t\t<\/div>\n\t\t\t\t\t<\/div>\n\t\t<\/section>\n\t\t\t\t<section class=\"elementor-section elementor-top-section elementor-element elementor-element-d6fe3c6 elementor-section-full_width elementor-section-height-default elementor-section-height-default\" data-id=\"d6fe3c6\" data-element_type=\"section\" data-e-type=\"section\">\n\t\t\t\t\t\t<div class=\"elementor-container elementor-column-gap-default\">\n\t\t\t\t\t<div class=\"elementor-column elementor-col-100 elementor-top-column elementor-element elementor-element-d0c4222\" data-id=\"d0c4222\" data-element_type=\"column\" data-e-type=\"column\">\n\t\t\t<div class=\"elementor-widget-wrap elementor-element-populated\">\n\t\t\t\t\t\t<div class=\"elementor-element elementor-element-1a902b9 elementor-widget elementor-widget-spacer\" data-id=\"1a902b9\" data-element_type=\"widget\" data-e-type=\"widget\" data-widget_type=\"spacer.default\">\n\t\t\t\t\t\t\t<div class=\"elementor-spacer\">\n\t\t\t<div class=\"elementor-spacer-inner\"><\/div>\n\t\t<\/div>\n\t\t\t\t\t\t<\/div>\n\t\t\t\t<div class=\"elementor-element elementor-element-e3e533b elementor-widget-divider--view-line elementor-widget elementor-widget-divider\" data-id=\"e3e533b\" data-element_type=\"widget\" data-e-type=\"widget\" data-widget_type=\"divider.default\">\n\t\t\t\t\t\t\t<div class=\"elementor-divider\">\n\t\t\t<span class=\"elementor-divider-separator\">\n\t\t\t\t\t\t<\/span>\n\t\t<\/div>\n\t\t\t\t\t\t<\/div>\n\t\t\t\t<div class=\"elementor-element elementor-element-ec8b444 elementor-widget elementor-widget-text-editor\" data-id=\"ec8b444\" data-element_type=\"widget\" data-e-type=\"widget\" data-widget_type=\"text-editor.default\">\n\t\t\t\t\t\t\t\t\t<p>Con el apoyo del Departamento de Cultura:<\/p>\n\t\t\t\t\t\t\t\t<\/div>\n\t\t\t\t\t<\/div>\n\t\t<\/div>\n\t\t\t\t\t<\/div>\n\t\t<\/section>\n\t\t\t\t<\/div>\n\t\t","protected":false},"excerpt":{"rendered":"<p>LabCadires es una din\u00e1mica cultural participativa con sillar para repensar y reflexionar sobre un mueble que se usa a diario, que se compra y dise\u00f1a<\/p>\n","protected":false},"author":86,"featured_media":54952,"parent":43963,"menu_order":0,"comment_status":"closed","ping_status":"closed","template":"","meta":{"_acf_changed":false,"footnotes":""},"class_list":["post-43929","page","type-page","status-publish","has-post-thumbnail","hentry"],"acf":[],"_links":{"self":[{"href":"https:\/\/www.estudidelmoble.com\/es\/wp-json\/wp\/v2\/pages\/43929","targetHints":{"allow":["GET"]}}],"collection":[{"href":"https:\/\/www.estudidelmoble.com\/es\/wp-json\/wp\/v2\/pages"}],"about":[{"href":"https:\/\/www.estudidelmoble.com\/es\/wp-json\/wp\/v2\/types\/page"}],"author":[{"embeddable":true,"href":"https:\/\/www.estudidelmoble.com\/es\/wp-json\/wp\/v2\/users\/86"}],"replies":[{"embeddable":true,"href":"https:\/\/www.estudidelmoble.com\/es\/wp-json\/wp\/v2\/comments?post=43929"}],"version-history":[{"count":0,"href":"https:\/\/www.estudidelmoble.com\/es\/wp-json\/wp\/v2\/pages\/43929\/revisions"}],"up":[{"embeddable":true,"href":"https:\/\/www.estudidelmoble.com\/es\/wp-json\/wp\/v2\/pages\/43963"}],"wp:featuredmedia":[{"embeddable":true,"href":"https:\/\/www.estudidelmoble.com\/es\/wp-json\/wp\/v2\/media\/54952"}],"wp:attachment":[{"href":"https:\/\/www.estudidelmoble.com\/es\/wp-json\/wp\/v2\/media?parent=43929"}],"curies":[{"name":"wp","href":"https:\/\/api.w.org\/{rel}","templated":true}]}}