{"id":4571,"date":"2019-07-02T14:55:13","date_gmt":"2019-07-02T12:55:13","guid":{"rendered":"https:\/\/www.estudidelmoble.com\/servicios\/"},"modified":"2025-01-14T14:26:46","modified_gmt":"2025-01-14T12:26:46","slug":"servicios","status":"publish","type":"page","link":"https:\/\/www.estudidelmoble.com\/es\/servicios\/","title":{"rendered":"Servicios"},"content":{"rendered":"\t\t<div data-elementor-type=\"wp-page\" data-elementor-id=\"4571\" class=\"elementor elementor-4571 elementor-1089\" data-elementor-post-type=\"page\">\n\t\t\t\t\t\t<section class=\"elementor-section elementor-top-section elementor-element elementor-element-ec1dcea elementor-section-boxed elementor-section-height-default elementor-section-height-default\" data-id=\"ec1dcea\" data-element_type=\"section\" data-e-type=\"section\">\n\t\t\t\t\t\t<div class=\"elementor-container elementor-column-gap-default\">\n\t\t\t\t\t<div class=\"elementor-column elementor-col-100 elementor-top-column elementor-element elementor-element-ce82f93\" data-id=\"ce82f93\" data-element_type=\"column\" data-e-type=\"column\">\n\t\t\t<div class=\"elementor-widget-wrap\">\n\t\t\t\t\t\t\t<\/div>\n\t\t<\/div>\n\t\t\t\t\t<\/div>\n\t\t<\/section>\n\t\t\t\t<section class=\"elementor-section elementor-top-section elementor-element elementor-element-55a93a8 elementor-section-boxed elementor-section-height-default elementor-section-height-default\" data-id=\"55a93a8\" data-element_type=\"section\" data-e-type=\"section\">\n\t\t\t\t\t\t<div class=\"elementor-container elementor-column-gap-default\">\n\t\t\t\t\t<div class=\"elementor-column elementor-col-100 elementor-top-column elementor-element elementor-element-55d12f6\" data-id=\"55d12f6\" data-element_type=\"column\" data-e-type=\"column\">\n\t\t\t<div class=\"elementor-widget-wrap elementor-element-populated\">\n\t\t\t\t\t\t<div class=\"elementor-element elementor-element-72fa8ce elementor-drop-cap-yes elementor-drop-cap-view-default elementor-widget elementor-widget-text-editor\" data-id=\"72fa8ce\" data-element_type=\"widget\" data-e-type=\"widget\" data-settings=\"{&quot;drop_cap&quot;:&quot;yes&quot;}\" data-widget_type=\"text-editor.default\">\n\t\t\t\t\t\t\t\t\t<p>La Asociaci\u00f3n para el Estudio del Mueble apoya y asesor\u00eda a entidades p\u00fablicas y privadas \u2013instituciones, museos, casas-museo, colecciones\u2013 con mobiliario.<\/p>\n<p>A continuaci\u00f3n, algunos ejemplos de actuaciones realizadas:<\/p>\n\t\t\t\t\t\t\t\t<\/div>\n\t\t\t\t\t<\/div>\n\t\t<\/div>\n\t\t\t\t\t<\/div>\n\t\t<\/section>\n\t\t\t\t<section class=\"elementor-section elementor-top-section elementor-element elementor-element-e6ed745 elementor-section-boxed elementor-section-height-default elementor-section-height-default\" data-id=\"e6ed745\" data-element_type=\"section\" data-e-type=\"section\">\n\t\t\t\t\t\t<div class=\"elementor-container elementor-column-gap-default\">\n\t\t\t\t\t<div class=\"elementor-column elementor-col-33 elementor-top-column elementor-element elementor-element-5369759\" data-id=\"5369759\" data-element_type=\"column\" data-e-type=\"column\">\n\t\t\t<div class=\"elementor-widget-wrap elementor-element-populated\">\n\t\t\t\t\t\t<div class=\"elementor-element elementor-element-b9abab7 elementor-position-top elementor-widget elementor-widget-image-box\" data-id=\"b9abab7\" data-element_type=\"widget\" data-e-type=\"widget\" data-widget_type=\"image-box.default\">\n\t\t\t\t\t<div class=\"elementor-image-box-wrapper\"><figure class=\"elementor-image-box-img\"><a href=\"https:\/\/www.estudidelmoble.com\/es\/servicios\/asesoria-y-conservacion\/\" tabindex=\"-1\"><img fetchpriority=\"high\" decoding=\"async\" width=\"1024\" height=\"1024\" src=\"https:\/\/www.estudidelmoble.com\/wp-content\/uploads\/2020\/01\/Asesoria.jpg\" class=\"attachment-full size-full wp-image-8535\" alt=\"Asesoria y conservaci\u00f3n\" srcset=\"https:\/\/www.estudidelmoble.com\/wp-content\/uploads\/2020\/01\/Asesoria.jpg 1024w, https:\/\/www.estudidelmoble.com\/wp-content\/uploads\/2020\/01\/Asesoria-300x300.jpg 300w, https:\/\/www.estudidelmoble.com\/wp-content\/uploads\/2020\/01\/Asesoria-100x100.jpg 100w, https:\/\/www.estudidelmoble.com\/wp-content\/uploads\/2020\/01\/Asesoria-600x600.jpg 600w, https:\/\/www.estudidelmoble.com\/wp-content\/uploads\/2020\/01\/Asesoria-150x150.jpg 150w, https:\/\/www.estudidelmoble.com\/wp-content\/uploads\/2020\/01\/Asesoria-768x768.jpg 768w, https:\/\/www.estudidelmoble.com\/wp-content\/uploads\/2020\/01\/Asesoria-20x20.jpg 20w\" sizes=\"(max-width: 1024px) 100vw, 1024px\" \/><\/a><\/figure><div class=\"elementor-image-box-content\"><h3 class=\"elementor-image-box-title\"><a href=\"https:\/\/www.estudidelmoble.com\/es\/servicios\/asesoria-y-conservacion\/\">Assesor\u00eda y Conservaci\u00f3n<\/a><\/h3><\/div><\/div>\t\t\t\t<\/div>\n\t\t\t\t\t<\/div>\n\t\t<\/div>\n\t\t\t\t<div class=\"elementor-column elementor-col-33 elementor-top-column elementor-element elementor-element-8d7ff67\" data-id=\"8d7ff67\" data-element_type=\"column\" data-e-type=\"column\">\n\t\t\t<div class=\"elementor-widget-wrap elementor-element-populated\">\n\t\t\t\t\t\t<div class=\"elementor-element elementor-element-103b6dc elementor-position-top elementor-widget elementor-widget-image-box\" data-id=\"103b6dc\" data-element_type=\"widget\" data-e-type=\"widget\" data-widget_type=\"image-box.default\">\n\t\t\t\t\t<div class=\"elementor-image-box-wrapper\"><figure class=\"elementor-image-box-img\"><a href=\"https:\/\/www.estudidelmoble.com\/es\/servicios\/catalogaciones\/\" tabindex=\"-1\"><img decoding=\"async\" width=\"489\" height=\"490\" src=\"https:\/\/www.estudidelmoble.com\/wp-content\/uploads\/2019\/10\/Palau-guell-catalogaci\u00f3-2.jpg\" class=\"attachment-full size-full wp-image-4576\" alt=\"Catalogaci\u00f3 de moble\" srcset=\"https:\/\/www.estudidelmoble.com\/wp-content\/uploads\/2019\/10\/Palau-guell-catalogaci\u00f3-2.jpg 489w, https:\/\/www.estudidelmoble.com\/wp-content\/uploads\/2019\/10\/Palau-guell-catalogaci\u00f3-2-300x300.jpg 300w, https:\/\/www.estudidelmoble.com\/wp-content\/uploads\/2019\/10\/Palau-guell-catalogaci\u00f3-2-100x100.jpg 100w, https:\/\/www.estudidelmoble.com\/wp-content\/uploads\/2019\/10\/Palau-guell-catalogaci\u00f3-2-350x351.jpg 350w, https:\/\/www.estudidelmoble.com\/wp-content\/uploads\/2019\/10\/Palau-guell-catalogaci\u00f3-2-150x150.jpg 150w, https:\/\/www.estudidelmoble.com\/wp-content\/uploads\/2019\/10\/Palau-guell-catalogaci\u00f3-2-20x20.jpg 20w\" sizes=\"(max-width: 489px) 100vw, 489px\" \/><\/a><\/figure><div class=\"elementor-image-box-content\"><h3 class=\"elementor-image-box-title\"><a href=\"https:\/\/www.estudidelmoble.com\/es\/servicios\/catalogaciones\/\">Catalogaciones<\/a><\/h3><\/div><\/div>\t\t\t\t<\/div>\n\t\t\t\t\t<\/div>\n\t\t<\/div>\n\t\t\t\t<div class=\"elementor-column elementor-col-33 elementor-top-column elementor-element elementor-element-69d1d40\" data-id=\"69d1d40\" data-element_type=\"column\" data-e-type=\"column\">\n\t\t\t<div class=\"elementor-widget-wrap elementor-element-populated\">\n\t\t\t\t\t\t<div class=\"elementor-element elementor-element-bfa228b elementor-position-top elementor-widget elementor-widget-image-box\" data-id=\"bfa228b\" data-element_type=\"widget\" data-e-type=\"widget\" data-widget_type=\"image-box.default\">\n\t\t\t\t\t<div class=\"elementor-image-box-wrapper\"><figure class=\"elementor-image-box-img\"><a href=\"https:\/\/www.estudidelmoble.com\/es\/servicios\/tasaciones\/\" tabindex=\"-1\"><img decoding=\"async\" width=\"961\" height=\"961\" src=\"https:\/\/www.estudidelmoble.com\/wp-content\/uploads\/2019\/09\/Sant-vicen\u00e7-dels-Horts-Can-Costa-3.jpg\" class=\"attachment-full size-full wp-image-4573\" alt=\"\" srcset=\"https:\/\/www.estudidelmoble.com\/wp-content\/uploads\/2019\/09\/Sant-vicen\u00e7-dels-Horts-Can-Costa-3.jpg 961w, https:\/\/www.estudidelmoble.com\/wp-content\/uploads\/2019\/09\/Sant-vicen\u00e7-dels-Horts-Can-Costa-3-300x300.jpg 300w, https:\/\/www.estudidelmoble.com\/wp-content\/uploads\/2019\/09\/Sant-vicen\u00e7-dels-Horts-Can-Costa-3-100x100.jpg 100w, https:\/\/www.estudidelmoble.com\/wp-content\/uploads\/2019\/09\/Sant-vicen\u00e7-dels-Horts-Can-Costa-3-600x600.jpg 600w, https:\/\/www.estudidelmoble.com\/wp-content\/uploads\/2019\/09\/Sant-vicen\u00e7-dels-Horts-Can-Costa-3-150x150.jpg 150w, https:\/\/www.estudidelmoble.com\/wp-content\/uploads\/2019\/09\/Sant-vicen\u00e7-dels-Horts-Can-Costa-3-768x768.jpg 768w, https:\/\/www.estudidelmoble.com\/wp-content\/uploads\/2019\/09\/Sant-vicen\u00e7-dels-Horts-Can-Costa-3-20x20.jpg 20w\" sizes=\"(max-width: 961px) 100vw, 961px\" \/><\/a><\/figure><div class=\"elementor-image-box-content\"><h3 class=\"elementor-image-box-title\"><a href=\"https:\/\/www.estudidelmoble.com\/es\/servicios\/tasaciones\/\">Taxaciones<\/a><\/h3><\/div><\/div>\t\t\t\t<\/div>\n\t\t\t\t\t<\/div>\n\t\t<\/div>\n\t\t\t\t\t<\/div>\n\t\t<\/section>\n\t\t\t\t<section class=\"elementor-section elementor-top-section elementor-element elementor-element-3a84b27 elementor-section-boxed elementor-section-height-default elementor-section-height-default\" data-id=\"3a84b27\" data-element_type=\"section\" data-e-type=\"section\">\n\t\t\t\t\t\t<div class=\"elementor-container elementor-column-gap-default\">\n\t\t\t\t\t<div class=\"elementor-column elementor-col-25 elementor-top-column elementor-element elementor-element-e4eedcb\" data-id=\"e4eedcb\" data-element_type=\"column\" data-e-type=\"column\">\n\t\t\t<div class=\"elementor-widget-wrap\">\n\t\t\t\t\t\t\t<\/div>\n\t\t<\/div>\n\t\t\t\t<div class=\"elementor-column elementor-col-25 elementor-top-column elementor-element elementor-element-689be95\" data-id=\"689be95\" data-element_type=\"column\" data-e-type=\"column\">\n\t\t\t<div class=\"elementor-widget-wrap elementor-element-populated\">\n\t\t\t\t\t\t<div class=\"elementor-element elementor-element-3a6221d elementor-position-top elementor-widget elementor-widget-image-box\" data-id=\"3a6221d\" data-element_type=\"widget\" data-e-type=\"widget\" data-widget_type=\"image-box.default\">\n\t\t\t\t\t<div class=\"elementor-image-box-wrapper\"><figure class=\"elementor-image-box-img\"><a href=\"https:\/\/www.estudidelmoble.com\/es\/servicios\/estudios\/\" tabindex=\"-1\"><img loading=\"lazy\" decoding=\"async\" width=\"1024\" height=\"1024\" src=\"https:\/\/www.estudidelmoble.com\/wp-content\/uploads\/2019\/09\/FundPla-2.jpg\" class=\"attachment-full size-full wp-image-4575\" alt=\"Serveis de l&#039;Associaci\u00f3 per a l&#039;Estudi del Moble\" srcset=\"https:\/\/www.estudidelmoble.com\/wp-content\/uploads\/2019\/09\/FundPla-2.jpg 1024w, https:\/\/www.estudidelmoble.com\/wp-content\/uploads\/2019\/09\/FundPla-2-300x300.jpg 300w, https:\/\/www.estudidelmoble.com\/wp-content\/uploads\/2019\/09\/FundPla-2-100x100.jpg 100w, https:\/\/www.estudidelmoble.com\/wp-content\/uploads\/2019\/09\/FundPla-2-600x600.jpg 600w, https:\/\/www.estudidelmoble.com\/wp-content\/uploads\/2019\/09\/FundPla-2-150x150.jpg 150w, https:\/\/www.estudidelmoble.com\/wp-content\/uploads\/2019\/09\/FundPla-2-768x768.jpg 768w, https:\/\/www.estudidelmoble.com\/wp-content\/uploads\/2019\/09\/FundPla-2-20x20.jpg 20w\" sizes=\"(max-width: 1024px) 100vw, 1024px\" \/><\/a><\/figure><div class=\"elementor-image-box-content\"><h3 class=\"elementor-image-box-title\"><a href=\"https:\/\/www.estudidelmoble.com\/es\/servicios\/estudios\/\">Estudios<\/a><\/h3><\/div><\/div>\t\t\t\t<\/div>\n\t\t\t\t\t<\/div>\n\t\t<\/div>\n\t\t\t\t<div class=\"elementor-column elementor-col-25 elementor-top-column elementor-element elementor-element-3e49de6\" data-id=\"3e49de6\" data-element_type=\"column\" data-e-type=\"column\">\n\t\t\t<div class=\"elementor-widget-wrap elementor-element-populated\">\n\t\t\t\t\t\t<div class=\"elementor-element elementor-element-978cc9b elementor-position-top elementor-widget elementor-widget-image-box\" data-id=\"978cc9b\" data-element_type=\"widget\" data-e-type=\"widget\" data-widget_type=\"image-box.default\">\n\t\t\t\t\t<div class=\"elementor-image-box-wrapper\"><figure class=\"elementor-image-box-img\"><a href=\"https:\/\/www.estudidelmoble.com\/es\/servicios\/proyectos\/\" tabindex=\"-1\"><img loading=\"lazy\" decoding=\"async\" width=\"767\" height=\"767\" src=\"https:\/\/www.estudidelmoble.com\/wp-content\/uploads\/2019\/09\/Mobles-ARGENT-OLOT-2.jpg\" class=\"attachment-full size-full wp-image-4574\" alt=\"\" srcset=\"https:\/\/www.estudidelmoble.com\/wp-content\/uploads\/2019\/09\/Mobles-ARGENT-OLOT-2.jpg 767w, https:\/\/www.estudidelmoble.com\/wp-content\/uploads\/2019\/09\/Mobles-ARGENT-OLOT-2-300x300.jpg 300w, https:\/\/www.estudidelmoble.com\/wp-content\/uploads\/2019\/09\/Mobles-ARGENT-OLOT-2-100x100.jpg 100w, https:\/\/www.estudidelmoble.com\/wp-content\/uploads\/2019\/09\/Mobles-ARGENT-OLOT-2-600x600.jpg 600w, https:\/\/www.estudidelmoble.com\/wp-content\/uploads\/2019\/09\/Mobles-ARGENT-OLOT-2-150x150.jpg 150w, https:\/\/www.estudidelmoble.com\/wp-content\/uploads\/2019\/09\/Mobles-ARGENT-OLOT-2-20x20.jpg 20w\" sizes=\"(max-width: 767px) 100vw, 767px\" \/><\/a><\/figure><div class=\"elementor-image-box-content\"><h3 class=\"elementor-image-box-title\"><a href=\"https:\/\/www.estudidelmoble.com\/es\/servicios\/proyectos\/\">Proyectos<\/a><\/h3><\/div><\/div>\t\t\t\t<\/div>\n\t\t\t\t\t<\/div>\n\t\t<\/div>\n\t\t\t\t<div class=\"elementor-column elementor-col-25 elementor-top-column elementor-element elementor-element-73b7971\" data-id=\"73b7971\" data-element_type=\"column\" data-e-type=\"column\">\n\t\t\t<div class=\"elementor-widget-wrap\">\n\t\t\t\t\t\t\t<\/div>\n\t\t<\/div>\n\t\t\t\t\t<\/div>\n\t\t<\/section>\n\t\t\t\t<\/div>\n\t\t","protected":false},"excerpt":{"rendered":"<p>La Asociaci\u00f3n para el Estudio del Mueble apoya y asesor\u00eda a entidades p\u00fablicas y privadas \u2013instituciones, museos, casas-museo, colecciones\u2013 con mobiliario. A continuaci\u00f3n, algunos ejemplos de actuaciones realizadas: Assesor\u00eda y Conservaci\u00f3n Catalogaciones Taxaciones Estudios Proyectos<\/p>\n","protected":false},"author":1,"featured_media":4575,"parent":0,"menu_order":0,"comment_status":"closed","ping_status":"closed","template":"elementor_header_footer","meta":{"_acf_changed":false,"footnotes":""},"class_list":["post-4571","page","type-page","status-publish","has-post-thumbnail","hentry"],"acf":[],"_links":{"self":[{"href":"https:\/\/www.estudidelmoble.com\/es\/wp-json\/wp\/v2\/pages\/4571","targetHints":{"allow":["GET"]}}],"collection":[{"href":"https:\/\/www.estudidelmoble.com\/es\/wp-json\/wp\/v2\/pages"}],"about":[{"href":"https:\/\/www.estudidelmoble.com\/es\/wp-json\/wp\/v2\/types\/page"}],"author":[{"embeddable":true,"href":"https:\/\/www.estudidelmoble.com\/es\/wp-json\/wp\/v2\/users\/1"}],"replies":[{"embeddable":true,"href":"https:\/\/www.estudidelmoble.com\/es\/wp-json\/wp\/v2\/comments?post=4571"}],"version-history":[{"count":0,"href":"https:\/\/www.estudidelmoble.com\/es\/wp-json\/wp\/v2\/pages\/4571\/revisions"}],"wp:featuredmedia":[{"embeddable":true,"href":"https:\/\/www.estudidelmoble.com\/es\/wp-json\/wp\/v2\/media\/4575"}],"wp:attachment":[{"href":"https:\/\/www.estudidelmoble.com\/es\/wp-json\/wp\/v2\/media?parent=4571"}],"curies":[{"name":"wp","href":"https:\/\/api.w.org\/{rel}","templated":true}]}}