{"id":58000,"date":"2023-04-18T10:21:00","date_gmt":"2023-04-18T08:21:00","guid":{"rendered":"https:\/\/www.estudidelmoble.com\/proyecto-madera-mueble-sostenibilidad\/tercera-fase-reflexiones-reutilizacion-diseno-presente-y-futuro\/visita-taller-german-peraire-y-coleccion-de-mueble-y-ceramica\/"},"modified":"2023-04-18T10:21:00","modified_gmt":"2023-04-18T08:21:00","slug":"visita-taller-german-peraire-y-coleccion-de-mueble-y-ceramica","status":"publish","type":"page","link":"https:\/\/www.estudidelmoble.com\/es\/proyecto-madera-mueble-sostenibilidad\/tercera-fase-reflexiones-reutilizacion-diseno-presente-y-futuro\/visita-taller-german-peraire-y-coleccion-de-mueble-y-ceramica\/","title":{"rendered":"Visita Taller Germ\u00e1n Peraire y colecci\u00f3n de mueble y cer\u00e1mica"},"content":{"rendered":"\t\t<div data-elementor-type=\"wp-page\" data-elementor-id=\"58000\" class=\"elementor elementor-58000 elementor-57628\" data-elementor-post-type=\"page\">\n\t\t\t\t\t\t<section class=\"elementor-section elementor-top-section elementor-element elementor-element-fe25e97 elementor-section-boxed elementor-section-height-default elementor-section-height-default\" data-id=\"fe25e97\" data-element_type=\"section\" data-e-type=\"section\" data-settings=\"{&quot;background_background&quot;:&quot;classic&quot;}\">\n\t\t\t\t\t\t<div class=\"elementor-container elementor-column-gap-default\">\n\t\t\t\t\t<div class=\"elementor-column elementor-col-100 elementor-top-column elementor-element elementor-element-2951eff\" data-id=\"2951eff\" data-element_type=\"column\" data-e-type=\"column\">\n\t\t\t<div class=\"elementor-widget-wrap elementor-element-populated\">\n\t\t\t\t\t\t<div class=\"elementor-element elementor-element-f9f103d elementor-widget elementor-widget-spacer\" data-id=\"f9f103d\" data-element_type=\"widget\" data-e-type=\"widget\" data-widget_type=\"spacer.default\">\n\t\t\t\t\t\t\t<div class=\"elementor-spacer\">\n\t\t\t<div class=\"elementor-spacer-inner\"><\/div>\n\t\t<\/div>\n\t\t\t\t\t\t<\/div>\n\t\t\t\t<div class=\"elementor-element elementor-element-179dc66 elementor-widget elementor-widget-image\" data-id=\"179dc66\" data-element_type=\"widget\" data-e-type=\"widget\" data-widget_type=\"image.default\">\n\t\t\t\t\t\t\t\t\t\t\t\t\t\t\t<img decoding=\"async\" src=\"https:\/\/www.estudidelmoble.com\/wp-content\/uploads\/2022\/02\/Logo-taula.jpg\" title=\"\" alt=\"\" loading=\"lazy\" \/>\t\t\t\t\t\t\t\t\t\t\t\t\t\t\t<\/div>\n\t\t\t\t<div class=\"elementor-element elementor-element-2403984 elementor-widget elementor-widget-spacer\" data-id=\"2403984\" data-element_type=\"widget\" data-e-type=\"widget\" data-widget_type=\"spacer.default\">\n\t\t\t\t\t\t\t<div class=\"elementor-spacer\">\n\t\t\t<div class=\"elementor-spacer-inner\"><\/div>\n\t\t<\/div>\n\t\t\t\t\t\t<\/div>\n\t\t\t\t\t<\/div>\n\t\t<\/div>\n\t\t\t\t\t<\/div>\n\t\t<\/section>\n\t\t\t\t<section class=\"elementor-section elementor-top-section elementor-element elementor-element-95be86b elementor-section-boxed elementor-section-height-default elementor-section-height-default\" data-id=\"95be86b\" data-element_type=\"section\" data-e-type=\"section\" data-settings=\"{&quot;background_background&quot;:&quot;classic&quot;}\">\n\t\t\t\t\t\t<div class=\"elementor-container elementor-column-gap-default\">\n\t\t\t\t\t<div class=\"elementor-column elementor-col-50 elementor-top-column elementor-element elementor-element-721381e\" data-id=\"721381e\" data-element_type=\"column\" data-e-type=\"column\">\n\t\t\t<div class=\"elementor-widget-wrap elementor-element-populated\">\n\t\t\t\t\t\t<div class=\"elementor-element elementor-element-932fa12 elementor-view-stacked elementor-shape-circle elementor-position-block-start elementor-mobile-position-block-start elementor-widget elementor-widget-icon-box\" data-id=\"932fa12\" data-element_type=\"widget\" data-e-type=\"widget\" data-widget_type=\"icon-box.default\">\n\t\t\t\t\t\t\t<div class=\"elementor-icon-box-wrapper\">\n\n\t\t\t\t\t\t<div class=\"elementor-icon-box-icon\">\n\t\t\t\t<span  class=\"elementor-icon\">\n\t\t\t\t<svg xmlns=\"http:\/\/www.w3.org\/2000\/svg\" xmlns:xlink=\"http:\/\/www.w3.org\/1999\/xlink\" id=\"Layer_1\" x=\"0px\" y=\"0px\" width=\"42.52px\" height=\"42.52px\" viewBox=\"0 0 42.52 42.52\" xml:space=\"preserve\"><g>\t<path fill=\"#8A2E24\" d=\"M21.26,39.426c10.031,0,18.164-8.133,18.164-18.166S31.292,3.094,21.26,3.094  c-10.032,0-18.165,8.133-18.165,18.166S11.228,39.426,21.26,39.426\"><\/path>\t<path fill=\"none\" stroke=\"#FFFFFF\" stroke-linecap=\"round\" stroke-miterlimit=\"10\" d=\"M21.26,14.594  c4.477,0,8.536,2.416,11.524,6.318c0.088,0.117,0.088,0.291,0,0.41c-2.988,3.9-7.05,6.318-11.524,6.318  c-4.476,0-8.537-2.418-11.525-6.318c-0.088-0.119-0.088-0.293,0-0.41C12.723,17.01,16.782,14.594,21.26,14.594z M17.522,21.117  c0,2.021,1.676,3.664,3.738,3.664c2.061,0,3.737-1.643,3.737-3.664c0-2.02-1.677-3.664-3.737-3.664  C19.198,17.453,17.522,19.098,17.522,21.117z M27.154,11.18l-0.919,2.297 M15.263,11.225l1.026,2.242 M21.25,10.014v2.752\"><\/path><\/g><\/svg>\t\t\t\t<\/span>\n\t\t\t<\/div>\n\t\t\t\n\t\t\t\t\t\t<div class=\"elementor-icon-box-content\">\n\n\t\t\t\t\t\t\t\t\t<h2 class=\"elementor-icon-box-title\">\n\t\t\t\t\t\t<span  >\n\t\t\t\t\t\t\tVisita\t\t\t\t\t\t<\/span>\n\t\t\t\t\t<\/h2>\n\t\t\t\t\n\t\t\t\t\n\t\t\t<\/div>\n\t\t\t\n\t\t<\/div>\n\t\t\t\t\t\t<\/div>\n\t\t\t\t<div class=\"elementor-element elementor-element-c7092e0 elementor-widget elementor-widget-heading\" data-id=\"c7092e0\" data-element_type=\"widget\" data-e-type=\"widget\" data-widget_type=\"heading.default\">\n\t\t\t\t\t<h1 class=\"elementor-heading-title elementor-size-default\">Taller Germ\u00e1n Peraire<br>i col\u00b7lecci\u00f3 moble<br> i cer\u00e0mica<\/h1>\t\t\t\t<\/div>\n\t\t\t\t<div class=\"elementor-element elementor-element-3929ca2 elementor-hidden-mobile elementor-widget elementor-widget-text-editor\" data-id=\"3929ca2\" data-element_type=\"widget\" data-e-type=\"widget\" data-widget_type=\"text-editor.default\">\n\t\t\t\t\t\t\t\t\t<p><span style=\"color: #007196;\"><strong>Dates:<\/strong><\/span><br \/>Dilluns, 15 de maig 10:30 h (taller) i 15:30h (col\u00b7lecci\u00f3)<\/p><hr \/><p><span style=\"color: #007196;\"><strong>Format:<\/strong> <span style=\"color: #000000;\">Presencial<\/span><br \/><\/span><\/p><hr style=\"background-color: #ffffff;\" \/><p><span style=\"font-weight: bolder; color: #007196;\"><span dir=\"ltr\" role=\"presentation\">Idioma:<span style=\"color: #007196;\"><strong>\u00a0<\/strong><\/span><\/span><\/span>Catal\u00e0<\/p><hr \/><p><span style=\"color: #007196;\"><strong><span dir=\"ltr\" role=\"presentation\">Ubicaci\u00f3:\u00a0<\/span><\/strong><\/span><\/p><p><span style=\"font-weight: 400;\">Taller de Germ\u00e1n Peraire, Castellgal\u00ed\u00a0 C<\/span><span style=\"font-weight: 400;\">ol\u00b7lecci\u00f3 particular, Sant Fruit\u00f3s del Bages<\/span><\/p><hr \/><p><span dir=\"ltr\" role=\"presentation\"><span style=\"color: #007196;\"><strong>Preus:\u00a0<\/strong><\/span><br \/><\/span>Socis: 25 \u20ac<br \/>No socis: 35 \u20ac<br \/>Els preus inclouen el dinar en grup<\/p><hr \/><p><span style=\"color: #007196;\"><strong><span dir=\"ltr\" role=\"presentation\">Informaci\u00f3 i reserves:\u00a0<\/span><\/strong><\/span><br \/>info@estudidelmoble.com<br \/>932 566 785(<\/p>\t\t\t\t\t\t\t\t<\/div>\n\t\t\t\t<div class=\"elementor-element elementor-element-94c25fd elementor-widget elementor-widget-spacer\" data-id=\"94c25fd\" data-element_type=\"widget\" data-e-type=\"widget\" data-widget_type=\"spacer.default\">\n\t\t\t\t\t\t\t<div class=\"elementor-spacer\">\n\t\t\t<div class=\"elementor-spacer-inner\"><\/div>\n\t\t<\/div>\n\t\t\t\t\t\t<\/div>\n\t\t\t\t<div class=\"elementor-element elementor-element-9f3657f elementor-hidden-mobile elementor-widget elementor-widget-text-editor\" data-id=\"9f3657f\" data-element_type=\"widget\" data-e-type=\"widget\" data-widget_type=\"text-editor.default\">\n\t\t\t\t\t\t\t\t\t<p><strong>Amb la col\u00b7laboraci\u00f3 de:<\/strong><\/p>\t\t\t\t\t\t\t\t<\/div>\n\t\t\t\t<div class=\"elementor-element elementor-element-4492402 elementor-hidden-mobile elementor-widget elementor-widget-image\" data-id=\"4492402\" data-element_type=\"widget\" data-e-type=\"widget\" data-widget_type=\"image.default\">\n\t\t\t\t\t\t\t\t\t\t\t\t\t\t\t<img fetchpriority=\"high\" decoding=\"async\" width=\"800\" height=\"349\" src=\"https:\/\/www.estudidelmoble.com\/wp-content\/uploads\/2023\/06\/Logo-German-Peraire-Ebanisteria.png\" class=\"attachment-large size-large wp-image-57635\" alt=\"\" srcset=\"https:\/\/www.estudidelmoble.com\/wp-content\/uploads\/2023\/06\/Logo-German-Peraire-Ebanisteria.png 1000w, https:\/\/www.estudidelmoble.com\/wp-content\/uploads\/2023\/06\/Logo-German-Peraire-Ebanisteria-300x131.png 300w, https:\/\/www.estudidelmoble.com\/wp-content\/uploads\/2023\/06\/Logo-German-Peraire-Ebanisteria-768x335.png 768w, https:\/\/www.estudidelmoble.com\/wp-content\/uploads\/2023\/06\/Logo-German-Peraire-Ebanisteria-600x262.png 600w\" sizes=\"(max-width: 800px) 100vw, 800px\" \/>\t\t\t\t\t\t\t\t\t\t\t\t\t\t\t<\/div>\n\t\t\t\t\t<\/div>\n\t\t<\/div>\n\t\t\t\t<div class=\"elementor-column elementor-col-50 elementor-top-column elementor-element elementor-element-fca5ee2\" data-id=\"fca5ee2\" data-element_type=\"column\" data-e-type=\"column\">\n\t\t\t<div class=\"elementor-widget-wrap elementor-element-populated\">\n\t\t\t\t\t\t<div class=\"elementor-element elementor-element-220a45f elementor-widget elementor-widget-image\" data-id=\"220a45f\" data-element_type=\"widget\" data-e-type=\"widget\" data-widget_type=\"image.default\">\n\t\t\t\t\t\t\t\t\t\t\t\t\t\t\t<img decoding=\"async\" width=\"768\" height=\"512\" src=\"https:\/\/www.estudidelmoble.com\/wp-content\/uploads\/2023\/06\/Taller-Ebenisteria-German-Peraire-768x512.jpg\" class=\"attachment-medium_large size-medium_large wp-image-57639\" alt=\"\" srcset=\"https:\/\/www.estudidelmoble.com\/wp-content\/uploads\/2023\/06\/Taller-Ebenisteria-German-Peraire-768x512.jpg 768w, https:\/\/www.estudidelmoble.com\/wp-content\/uploads\/2023\/06\/Taller-Ebenisteria-German-Peraire-300x200.jpg 300w, https:\/\/www.estudidelmoble.com\/wp-content\/uploads\/2023\/06\/Taller-Ebenisteria-German-Peraire-1024x683.jpg 1024w, https:\/\/www.estudidelmoble.com\/wp-content\/uploads\/2023\/06\/Taller-Ebenisteria-German-Peraire-600x400.jpg 600w, https:\/\/www.estudidelmoble.com\/wp-content\/uploads\/2023\/06\/Taller-Ebenisteria-German-Peraire.jpg 1200w\" sizes=\"(max-width: 768px) 100vw, 768px\" \/>\t\t\t\t\t\t\t\t\t\t\t\t\t\t\t<\/div>\n\t\t\t\t<div class=\"elementor-element elementor-element-c969195 elementor-widget elementor-widget-spacer\" data-id=\"c969195\" data-element_type=\"widget\" data-e-type=\"widget\" data-widget_type=\"spacer.default\">\n\t\t\t\t\t\t\t<div class=\"elementor-spacer\">\n\t\t\t<div class=\"elementor-spacer-inner\"><\/div>\n\t\t<\/div>\n\t\t\t\t\t\t<\/div>\n\t\t\t\t<div class=\"elementor-element elementor-element-6365394 elementor-widget elementor-widget-text-editor\" data-id=\"6365394\" data-element_type=\"widget\" data-e-type=\"widget\" data-widget_type=\"text-editor.default\">\n\t\t\t\t\t\t\t\t\t<h3>Visita al taller de Germ\u00e1n Peraire, ebenisteria d&#8217;autor<\/h3><p><span style=\"color: #007196;\">Visites guiades amb:<\/span><\/p><p><span style=\"font-weight: 400;\">Germ\u00e1n Peraire i Beatriz Zuazo, Taller de Germ\u00e1n Peraire<\/span><\/p><h3>Un ebenista, un moble, un repte enmig de la natura<\/h3><p><span style=\"font-weight: 400;\">Germ\u00e1n Peraire, un dels joves ebenistes del pa\u00eds, ens obrir\u00e0 les portes del seu taller situat al bell mig de la naturalesa de manera fidel a la seva concepci\u00f3 de treball. Les seves obres neixen d\u2019una relaci\u00f3 \u00edntima amb la fusta, de comprensi\u00f3 i respecte, i s\u00f3n el resultat d\u2019una feina completament artesanal, de qualitat i sostenibilitat.<\/span><\/p><p><span style=\"font-weight: 400;\">Al taller tindrem la oportunitat de presenciar la construcci\u00f3 d\u2019un moble singular i \u00fanic, una reinterpretaci\u00f3 en fusta massissa m\u00e9s sostenible i artesanal de l\u2019arxivador amb porta de persiana tant com\u00fa a principis de segle XX a Fran\u00e7a. Amb solucions constructives tradicionals i decoracions en marqueteria i daurats inspirada en l&#8217;obra de Gaspar Homar, \u00e9s un repte t\u00e8cnic que X\u00e8ia Garrof\u00e9, Beatriz Zuazo i el Germ\u00e1n Peraire est\u00e0n explorant.<\/span><\/p><h3>Visita a la col\u00b7lecci\u00f3 particular de Josep Iglesias de les Brucardes<\/h3><p><span style=\"color: #007196;\">Visites guiades<\/span> <span style=\"color: #007196;\">amb:<\/span><\/p><p><span style=\"font-weight: 400;\">Josep Iglesias de les Brucardes, col\u00b7leccionista<\/span><\/p><h3>Moble i cer\u00e0mica catalans<\/h3><p><span style=\"font-weight: 400;\">Tindrem l&#8217;oportunitat de con\u00e8ixer la col\u00b7lecci\u00f3 particular de Josep Iglesias. Ens rebr\u00e0 personalment per mostrar-nos una selecci\u00f3 molt escollida de cer\u00e0mica i mobles catalans, especialment dels segles XVII i XVIII.<\/span><\/p><p><span style=\"font-weight: 400;\">Els assistents tindran l\u2019oportunitat de participar i preguntar<\/span><\/p><p style=\"text-align: right;\">\u00a0<\/p>\t\t\t\t\t\t\t\t<\/div>\n\t\t\t\t<div class=\"elementor-element elementor-element-d0214c5 elementor-widget elementor-widget-spacer\" data-id=\"d0214c5\" data-element_type=\"widget\" data-e-type=\"widget\" data-widget_type=\"spacer.default\">\n\t\t\t\t\t\t\t<div class=\"elementor-spacer\">\n\t\t\t<div class=\"elementor-spacer-inner\"><\/div>\n\t\t<\/div>\n\t\t\t\t\t\t<\/div>\n\t\t\t\t<section class=\"elementor-section elementor-inner-section elementor-element elementor-element-264e14d elementor-hidden-desktop elementor-hidden-tablet elementor-hidden-mobile elementor-section-boxed elementor-section-height-default elementor-section-height-default\" data-id=\"264e14d\" data-element_type=\"section\" data-e-type=\"section\">\n\t\t\t\t\t\t<div class=\"elementor-container elementor-column-gap-default\">\n\t\t\t\t\t<div class=\"elementor-column elementor-col-100 elementor-inner-column elementor-element elementor-element-d117ae1\" data-id=\"d117ae1\" data-element_type=\"column\" data-e-type=\"column\" data-settings=\"{&quot;background_background&quot;:&quot;classic&quot;}\">\n\t\t\t<div class=\"elementor-widget-wrap elementor-element-populated\">\n\t\t\t\t\t\t<div class=\"elementor-element elementor-element-058223e elementor-view-framed elementor-position-inline-start elementor-shape-circle elementor-mobile-position-block-start elementor-widget elementor-widget-icon-box\" data-id=\"058223e\" data-element_type=\"widget\" data-e-type=\"widget\" data-widget_type=\"icon-box.default\">\n\t\t\t\t\t\t\t<div class=\"elementor-icon-box-wrapper\">\n\n\t\t\t\t\t\t<div class=\"elementor-icon-box-icon\">\n\t\t\t\t<a href=\"https:\/\/www.estudidelmoble.com\/wp-content\/uploads\/2023\/06\/Programa-Visita-Mas-Cabanyes-Santa-Cole-FMS-Cat-1.pdf\" target=\"_blank\" class=\"elementor-icon\" tabindex=\"-1\" aria-label=\"Descarrega programa catal\u00e0  (PDF)\">\n\t\t\t\t<svg aria-hidden=\"true\" class=\"e-font-icon-svg e-fas-file-download\" viewBox=\"0 0 384 512\" xmlns=\"http:\/\/www.w3.org\/2000\/svg\"><path d=\"M224 136V0H24C10.7 0 0 10.7 0 24v464c0 13.3 10.7 24 24 24h336c13.3 0 24-10.7 24-24V160H248c-13.2 0-24-10.8-24-24zm76.45 211.36l-96.42 95.7c-6.65 6.61-17.39 6.61-24.04 0l-96.42-95.7C73.42 337.29 80.54 320 94.82 320H160v-80c0-8.84 7.16-16 16-16h32c8.84 0 16 7.16 16 16v80h65.18c14.28 0 21.4 17.29 11.27 27.36zM377 105L279.1 7c-4.5-4.5-10.6-7-17-7H256v128h128v-6.1c0-6.3-2.5-12.4-7-16.9z\"><\/path><\/svg>\t\t\t\t<\/a>\n\t\t\t<\/div>\n\t\t\t\n\t\t\t\t\t\t<div class=\"elementor-icon-box-content\">\n\n\t\t\t\t\t\t\t\t\t<p class=\"elementor-icon-box-title\">\n\t\t\t\t\t\t<a href=\"https:\/\/www.estudidelmoble.com\/wp-content\/uploads\/2023\/06\/Programa-Visita-Mas-Cabanyes-Santa-Cole-FMS-Cat-1.pdf\" target=\"_blank\" >\n\t\t\t\t\t\t\tDescarrega programa catal\u00e0  (PDF)\t\t\t\t\t\t<\/a>\n\t\t\t\t\t<\/p>\n\t\t\t\t\n\t\t\t\t\n\t\t\t<\/div>\n\t\t\t\n\t\t<\/div>\n\t\t\t\t\t\t<\/div>\n\t\t\t\t<div class=\"elementor-element elementor-element-ce6e543 elementor-view-framed elementor-position-inline-start elementor-shape-circle elementor-mobile-position-block-start elementor-widget elementor-widget-icon-box\" data-id=\"ce6e543\" data-element_type=\"widget\" data-e-type=\"widget\" data-widget_type=\"icon-box.default\">\n\t\t\t\t\t\t\t<div class=\"elementor-icon-box-wrapper\">\n\n\t\t\t\t\t\t<div class=\"elementor-icon-box-icon\">\n\t\t\t\t<a href=\"https:\/\/www.estudidelmoble.com\/wp-content\/uploads\/2023\/06\/Programa-Visita-Mas-Cabanyes-Santa-Cole-FMS-Cast-1.pdf\" target=\"_blank\" class=\"elementor-icon\" tabindex=\"-1\" aria-label=\"Descarga programa castellano  (PDF)\">\n\t\t\t\t<svg aria-hidden=\"true\" class=\"e-font-icon-svg e-fas-file-download\" viewBox=\"0 0 384 512\" xmlns=\"http:\/\/www.w3.org\/2000\/svg\"><path d=\"M224 136V0H24C10.7 0 0 10.7 0 24v464c0 13.3 10.7 24 24 24h336c13.3 0 24-10.7 24-24V160H248c-13.2 0-24-10.8-24-24zm76.45 211.36l-96.42 95.7c-6.65 6.61-17.39 6.61-24.04 0l-96.42-95.7C73.42 337.29 80.54 320 94.82 320H160v-80c0-8.84 7.16-16 16-16h32c8.84 0 16 7.16 16 16v80h65.18c14.28 0 21.4 17.29 11.27 27.36zM377 105L279.1 7c-4.5-4.5-10.6-7-17-7H256v128h128v-6.1c0-6.3-2.5-12.4-7-16.9z\"><\/path><\/svg>\t\t\t\t<\/a>\n\t\t\t<\/div>\n\t\t\t\n\t\t\t\t\t\t<div class=\"elementor-icon-box-content\">\n\n\t\t\t\t\t\t\t\t\t<p class=\"elementor-icon-box-title\">\n\t\t\t\t\t\t<a href=\"https:\/\/www.estudidelmoble.com\/wp-content\/uploads\/2023\/06\/Programa-Visita-Mas-Cabanyes-Santa-Cole-FMS-Cast-1.pdf\" target=\"_blank\" >\n\t\t\t\t\t\t\tDescarga programa castellano  (PDF)\t\t\t\t\t\t<\/a>\n\t\t\t\t\t<\/p>\n\t\t\t\t\n\t\t\t\t\n\t\t\t<\/div>\n\t\t\t\n\t\t<\/div>\n\t\t\t\t\t\t<\/div>\n\t\t\t\t\t<\/div>\n\t\t<\/div>\n\t\t\t\t\t<\/div>\n\t\t<\/section>\n\t\t\t\t<div class=\"elementor-element elementor-element-bc265aa elementor-hidden-desktop elementor-hidden-tablet elementor-widget elementor-widget-text-editor\" data-id=\"bc265aa\" data-element_type=\"widget\" data-e-type=\"widget\" data-widget_type=\"text-editor.default\">\n\t\t\t\t\t\t\t\t\t<p><span style=\"color: #007196;\"><strong>Dates:<\/strong><\/span><br \/>Dilluns, 15 de maig 10:30 h (taller) i 15:30h (col\u00b7lecci\u00f3)<\/p><hr \/><p><span style=\"color: #007196;\"><strong>Format:<\/strong> <span style=\"color: #000000;\">Presencial<\/span><br \/><\/span><\/p><hr style=\"background-color: #ffffff;\" \/><p><span style=\"font-weight: bolder; color: #007196;\"><span dir=\"ltr\" role=\"presentation\">Idioma:<span style=\"color: #007196;\"><strong>\u00a0<\/strong><\/span><\/span><\/span>Catal\u00e0<\/p><hr \/><p><span style=\"color: #007196;\"><strong><span dir=\"ltr\" role=\"presentation\">Ubicaci\u00f3:\u00a0<\/span><\/strong><\/span><\/p><p><span style=\"font-weight: 400;\">Taller de Germ\u00e1n Peraire, Castellgal\u00ed\u00a0 C<\/span><span style=\"font-weight: 400;\">ol\u00b7lecci\u00f3 particular, Sant Fruit\u00f3s del Bages<\/span><\/p><hr \/><p><span dir=\"ltr\" role=\"presentation\"><span style=\"color: #007196;\"><strong>Preus:\u00a0<\/strong><\/span><br \/><\/span>Socis: 25 \u20ac<br \/>No socis: 35 \u20ac<br \/>Els preus inclouen el dinar en grup<\/p><hr \/><p><span style=\"color: #007196;\"><strong><span dir=\"ltr\" role=\"presentation\">Informaci\u00f3 i reserves:\u00a0<\/span><\/strong><\/span><br \/>info@estudidelmoble.com<br \/>932 566 785(<\/p>\t\t\t\t\t\t\t\t<\/div>\n\t\t\t\t<div class=\"elementor-element elementor-element-9d386ee elementor-hidden-desktop elementor-hidden-tablet elementor-widget elementor-widget-text-editor\" data-id=\"9d386ee\" data-element_type=\"widget\" data-e-type=\"widget\" data-widget_type=\"text-editor.default\">\n\t\t\t\t\t\t\t\t\t<p><strong>Amb la col\u00b7laboraci\u00f3 de:<\/strong><\/p>\t\t\t\t\t\t\t\t<\/div>\n\t\t\t\t<div class=\"elementor-element elementor-element-2edb455 elementor-hidden-desktop elementor-hidden-tablet elementor-widget elementor-widget-image\" data-id=\"2edb455\" data-element_type=\"widget\" data-e-type=\"widget\" data-widget_type=\"image.default\">\n\t\t\t\t\t\t\t\t\t\t\t\t\t\t\t<img fetchpriority=\"high\" decoding=\"async\" width=\"800\" height=\"349\" src=\"https:\/\/www.estudidelmoble.com\/wp-content\/uploads\/2023\/06\/Logo-German-Peraire-Ebanisteria.png\" class=\"attachment-large size-large wp-image-57635\" alt=\"\" srcset=\"https:\/\/www.estudidelmoble.com\/wp-content\/uploads\/2023\/06\/Logo-German-Peraire-Ebanisteria.png 1000w, https:\/\/www.estudidelmoble.com\/wp-content\/uploads\/2023\/06\/Logo-German-Peraire-Ebanisteria-300x131.png 300w, https:\/\/www.estudidelmoble.com\/wp-content\/uploads\/2023\/06\/Logo-German-Peraire-Ebanisteria-768x335.png 768w, https:\/\/www.estudidelmoble.com\/wp-content\/uploads\/2023\/06\/Logo-German-Peraire-Ebanisteria-600x262.png 600w\" sizes=\"(max-width: 800px) 100vw, 800px\" \/>\t\t\t\t\t\t\t\t\t\t\t\t\t\t\t<\/div>\n\t\t\t\t<section class=\"elementor-section elementor-inner-section elementor-element elementor-element-e115db7 elementor-section-boxed elementor-section-height-default elementor-section-height-default\" data-id=\"e115db7\" data-element_type=\"section\" data-e-type=\"section\">\n\t\t\t\t\t\t<div class=\"elementor-container elementor-column-gap-default\">\n\t\t\t\t\t<div class=\"elementor-column elementor-col-33 elementor-inner-column elementor-element elementor-element-4028a84\" data-id=\"4028a84\" data-element_type=\"column\" data-e-type=\"column\">\n\t\t\t<div class=\"elementor-widget-wrap\">\n\t\t\t\t\t\t\t<\/div>\n\t\t<\/div>\n\t\t\t\t<div class=\"elementor-column elementor-col-33 elementor-inner-column elementor-element elementor-element-7ea05ae\" data-id=\"7ea05ae\" data-element_type=\"column\" data-e-type=\"column\">\n\t\t\t<div class=\"elementor-widget-wrap\">\n\t\t\t\t\t\t\t<\/div>\n\t\t<\/div>\n\t\t\t\t<div class=\"elementor-column elementor-col-33 elementor-inner-column elementor-element elementor-element-203ea69\" data-id=\"203ea69\" data-element_type=\"column\" data-e-type=\"column\">\n\t\t\t<div class=\"elementor-widget-wrap elementor-element-populated\">\n\t\t\t\t\t\t<div class=\"elementor-element elementor-element-bf05643 elementor-mobile-align-center elementor-align-center elementor-widget elementor-widget-button\" data-id=\"bf05643\" data-element_type=\"widget\" data-e-type=\"widget\" data-widget_type=\"button.default\">\n\t\t\t\t\t\t\t\t\t\t<a class=\"elementor-button elementor-button-link elementor-size-sm elementor-animation-shrink\" href=\"https:\/\/www.estudidelmoble.com\/projecte-fusta-moble-sostenibilitat\/\">\n\t\t\t\t\t\t<span class=\"elementor-button-content-wrapper\">\n\t\t\t\t\t\t<span class=\"elementor-button-icon\">\n\t\t\t\t<svg aria-hidden=\"true\" class=\"e-font-icon-svg e-fas-arrow-circle-up\" viewBox=\"0 0 512 512\" xmlns=\"http:\/\/www.w3.org\/2000\/svg\"><path d=\"M8 256C8 119 119 8 256 8s248 111 248 248-111 248-248 248S8 393 8 256zm143.6 28.9l72.4-75.5V392c0 13.3 10.7 24 24 24h16c13.3 0 24-10.7 24-24V209.4l72.4 75.5c9.3 9.7 24.8 9.9 34.3.4l10.9-11c9.4-9.4 9.4-24.6 0-33.9L273 107.7c-9.4-9.4-24.6-9.4-33.9 0L106.3 240.4c-9.4 9.4-9.4 24.6 0 33.9l10.9 11c9.6 9.5 25.1 9.3 34.4-.4z\"><\/path><\/svg>\t\t\t<\/span>\n\t\t\t\t\t\t\t\t\t<span class=\"elementor-button-text\">Tornar a l'\u00edndex F-M-S<\/span>\n\t\t\t\t\t<\/span>\n\t\t\t\t\t<\/a>\n\t\t\t\t\t\t\t\t<\/div>\n\t\t\t\t\t<\/div>\n\t\t<\/div>\n\t\t\t\t\t<\/div>\n\t\t<\/section>\n\t\t\t\t\t<\/div>\n\t\t<\/div>\n\t\t\t\t\t<\/div>\n\t\t<\/section>\n\t\t\t\t<section class=\"elementor-section elementor-top-section elementor-element elementor-element-d6fe3c6 elementor-section-full_width elementor-section-height-default elementor-section-height-default\" data-id=\"d6fe3c6\" data-element_type=\"section\" data-e-type=\"section\">\n\t\t\t\t\t\t<div class=\"elementor-container elementor-column-gap-default\">\n\t\t\t\t\t<div class=\"elementor-column elementor-col-100 elementor-top-column elementor-element elementor-element-d0c4222\" data-id=\"d0c4222\" data-element_type=\"column\" data-e-type=\"column\">\n\t\t\t<div class=\"elementor-widget-wrap elementor-element-populated\">\n\t\t\t\t\t\t<div class=\"elementor-element elementor-element-1a902b9 elementor-widget elementor-widget-spacer\" data-id=\"1a902b9\" data-element_type=\"widget\" data-e-type=\"widget\" data-widget_type=\"spacer.default\">\n\t\t\t\t\t\t\t<div class=\"elementor-spacer\">\n\t\t\t<div class=\"elementor-spacer-inner\"><\/div>\n\t\t<\/div>\n\t\t\t\t\t\t<\/div>\n\t\t\t\t<div class=\"elementor-element elementor-element-e3e533b elementor-widget-divider--view-line elementor-widget elementor-widget-divider\" data-id=\"e3e533b\" data-element_type=\"widget\" data-e-type=\"widget\" data-widget_type=\"divider.default\">\n\t\t\t\t\t\t\t<div class=\"elementor-divider\">\n\t\t\t<span class=\"elementor-divider-separator\">\n\t\t\t\t\t\t<\/span>\n\t\t<\/div>\n\t\t\t\t\t\t<\/div>\n\t\t\t\t<div class=\"elementor-element elementor-element-ec8b444 elementor-widget elementor-widget-text-editor\" data-id=\"ec8b444\" data-element_type=\"widget\" data-e-type=\"widget\" data-widget_type=\"text-editor.default\">\n\t\t\t\t\t\t\t\t\t<p>Amb el suport del Departament de Cultura:<\/p>\t\t\t\t\t\t\t\t<\/div>\n\t\t\t\t\t<\/div>\n\t\t<\/div>\n\t\t\t\t\t<\/div>\n\t\t<\/section>\n\t\t\t\t<\/div>\n\t\t","protected":false},"excerpt":{"rendered":"<p>Visita Taller Germ\u00e1n Peraire y colecci\u00f3n mueble y cer\u00e1mica Fechas: Lunes, 15 de mayo 10:30 h (taller) y 15:30h (colecci\u00f3n) Formato: Presencial Idioma:\u00a0Catal\u00e1n Ubicaci\u00f3n:\u00a0 Taller de Germ\u00e1n Peraire, Castellgal\u00ed\u00a0 Colecci\u00f3n particular, Sant Fruit\u00f3s del Bages Precios:\u00a0 Socios: 25 \u20ac No socios: 35 \u20ac Los precios incluyen la comida en grupo Informaci\u00f3n y reservas:\u00a0 info@estudidelmoble.com 932 [&hellip;]<\/p>\n","protected":false},"author":86,"featured_media":57533,"parent":43963,"menu_order":0,"comment_status":"closed","ping_status":"closed","template":"","meta":{"_acf_changed":false,"footnotes":""},"class_list":["post-58000","page","type-page","status-publish","has-post-thumbnail","hentry"],"acf":[],"_links":{"self":[{"href":"https:\/\/www.estudidelmoble.com\/es\/wp-json\/wp\/v2\/pages\/58000","targetHints":{"allow":["GET"]}}],"collection":[{"href":"https:\/\/www.estudidelmoble.com\/es\/wp-json\/wp\/v2\/pages"}],"about":[{"href":"https:\/\/www.estudidelmoble.com\/es\/wp-json\/wp\/v2\/types\/page"}],"author":[{"embeddable":true,"href":"https:\/\/www.estudidelmoble.com\/es\/wp-json\/wp\/v2\/users\/86"}],"replies":[{"embeddable":true,"href":"https:\/\/www.estudidelmoble.com\/es\/wp-json\/wp\/v2\/comments?post=58000"}],"version-history":[{"count":0,"href":"https:\/\/www.estudidelmoble.com\/es\/wp-json\/wp\/v2\/pages\/58000\/revisions"}],"up":[{"embeddable":true,"href":"https:\/\/www.estudidelmoble.com\/es\/wp-json\/wp\/v2\/pages\/43963"}],"wp:featuredmedia":[{"embeddable":true,"href":"https:\/\/www.estudidelmoble.com\/es\/wp-json\/wp\/v2\/media\/57533"}],"wp:attachment":[{"href":"https:\/\/www.estudidelmoble.com\/es\/wp-json\/wp\/v2\/media?parent=58000"}],"curies":[{"name":"wp","href":"https:\/\/api.w.org\/{rel}","templated":true}]}}