{"id":63249,"date":"2023-11-24T13:30:12","date_gmt":"2023-11-24T11:30:12","guid":{"rendered":"https:\/\/www.estudidelmoble.com\/ediciones\/publicaciones\/el-mueble-de-madera-las-maderas-del-mueble\/"},"modified":"2024-09-27T10:36:17","modified_gmt":"2024-09-27T08:36:17","slug":"el-mueble-de-madera-las-maderas-del-mueble","status":"publish","type":"page","link":"https:\/\/www.estudidelmoble.com\/es\/ediciones\/publicaciones\/el-mueble-de-madera-las-maderas-del-mueble\/","title":{"rendered":"El mueble de madera. Las maderas del mueble"},"content":{"rendered":"\t\t<div data-elementor-type=\"wp-post\" data-elementor-id=\"63249\" class=\"elementor elementor-63249 elementor-59890\" data-elementor-post-type=\"page\">\n\t\t\t\t\t\t<section class=\"elementor-section elementor-top-section elementor-element elementor-element-6870339 elementor-section-boxed elementor-section-height-default elementor-section-height-default\" data-id=\"6870339\" data-element_type=\"section\" data-e-type=\"section\">\n\t\t\t\t\t\t<div class=\"elementor-container elementor-column-gap-default\">\n\t\t\t\t\t<div class=\"elementor-column elementor-col-100 elementor-top-column elementor-element elementor-element-72e61fa\" data-id=\"72e61fa\" data-element_type=\"column\" data-e-type=\"column\">\n\t\t\t<div class=\"elementor-widget-wrap elementor-element-populated\">\n\t\t\t\t\t\t<div class=\"elementor-element elementor-element-33ff668 elementor-hidden-mobile elementor-widget elementor-widget-spacer\" data-id=\"33ff668\" data-element_type=\"widget\" data-e-type=\"widget\" data-widget_type=\"spacer.default\">\n\t\t\t\t\t\t\t<div class=\"elementor-spacer\">\n\t\t\t<div class=\"elementor-spacer-inner\"><\/div>\n\t\t<\/div>\n\t\t\t\t\t\t<\/div>\n\t\t\t\t<div class=\"elementor-element elementor-element-6fab06d elementor-widget elementor-widget-heading\" data-id=\"6fab06d\" data-element_type=\"widget\" data-e-type=\"widget\" data-widget_type=\"heading.default\">\n\t\t\t\t\t<h3 class=\"elementor-heading-title elementor-size-default\">Publicaci\u00f3n 18<\/h3>\t\t\t\t<\/div>\n\t\t\t\t<div class=\"elementor-element elementor-element-f8b9fac elementor-widget elementor-widget-heading\" data-id=\"f8b9fac\" data-element_type=\"widget\" data-e-type=\"widget\" data-widget_type=\"heading.default\">\n\t\t\t\t\t<h1 class=\"elementor-heading-title elementor-size-default\"><header style=\"font-size: 17px\"><h1 style=\"display: var(--page-title-display);width: 1140px\">El mueble de madera. Las maderas del mueble<\/h1><\/header><\/h1>\t\t\t\t<\/div>\n\t\t\t\t<div class=\"elementor-element elementor-element-ecc9668 elementor-hidden-mobile elementor-widget elementor-widget-spacer\" data-id=\"ecc9668\" data-element_type=\"widget\" data-e-type=\"widget\" data-widget_type=\"spacer.default\">\n\t\t\t\t\t\t\t<div class=\"elementor-spacer\">\n\t\t\t<div class=\"elementor-spacer-inner\"><\/div>\n\t\t<\/div>\n\t\t\t\t\t\t<\/div>\n\t\t\t\t\t<\/div>\n\t\t<\/div>\n\t\t\t\t\t<\/div>\n\t\t<\/section>\n\t\t\t\t<section class=\"elementor-section elementor-top-section elementor-element elementor-element-1aa448b elementor-section-boxed elementor-section-height-default elementor-section-height-default\" data-id=\"1aa448b\" data-element_type=\"section\" data-e-type=\"section\">\n\t\t\t\t\t\t<div class=\"elementor-container elementor-column-gap-default\">\n\t\t\t\t\t<div class=\"elementor-column elementor-col-50 elementor-top-column elementor-element elementor-element-355a22c\" data-id=\"355a22c\" data-element_type=\"column\" data-e-type=\"column\">\n\t\t\t<div class=\"elementor-widget-wrap elementor-element-populated\">\n\t\t\t\t\t\t<div class=\"elementor-element elementor-element-9bdc8e3 elementor-widget elementor-widget-image\" data-id=\"9bdc8e3\" data-element_type=\"widget\" data-e-type=\"widget\" data-widget_type=\"image.default\">\n\t\t\t\t\t\t\t\t\t\t\t\t\t\t\t<img fetchpriority=\"high\" decoding=\"async\" width=\"768\" height=\"768\" src=\"https:\/\/www.estudidelmoble.com\/wp-content\/uploads\/2023\/11\/El-moble-de-fusta.-Les-fustes-del-moble.-Publicacion-18-1-768x768.jpg\" class=\"attachment-medium_large size-medium_large wp-image-59970\" alt=\"\" srcset=\"https:\/\/www.estudidelmoble.com\/wp-content\/uploads\/2023\/11\/El-moble-de-fusta.-Les-fustes-del-moble.-Publicacion-18-1-768x768.jpg 768w, https:\/\/www.estudidelmoble.com\/wp-content\/uploads\/2023\/11\/El-moble-de-fusta.-Les-fustes-del-moble.-Publicacion-18-1-300x300.jpg 300w, https:\/\/www.estudidelmoble.com\/wp-content\/uploads\/2023\/11\/El-moble-de-fusta.-Les-fustes-del-moble.-Publicacion-18-1-1024x1024.jpg 1024w, https:\/\/www.estudidelmoble.com\/wp-content\/uploads\/2023\/11\/El-moble-de-fusta.-Les-fustes-del-moble.-Publicacion-18-1-150x150.jpg 150w, https:\/\/www.estudidelmoble.com\/wp-content\/uploads\/2023\/11\/El-moble-de-fusta.-Les-fustes-del-moble.-Publicacion-18-1-1536x1536.jpg 1536w, https:\/\/www.estudidelmoble.com\/wp-content\/uploads\/2023\/11\/El-moble-de-fusta.-Les-fustes-del-moble.-Publicacion-18-1-600x600.jpg 600w, https:\/\/www.estudidelmoble.com\/wp-content\/uploads\/2023\/11\/El-moble-de-fusta.-Les-fustes-del-moble.-Publicacion-18-1-100x100.jpg 100w, https:\/\/www.estudidelmoble.com\/wp-content\/uploads\/2023\/11\/El-moble-de-fusta.-Les-fustes-del-moble.-Publicacion-18-1.jpg 1765w\" sizes=\"(max-width: 768px) 100vw, 768px\" \/>\t\t\t\t\t\t\t\t\t\t\t\t\t\t\t<\/div>\n\t\t\t\t<div class=\"elementor-element elementor-element-922ff30 elementor-widget elementor-widget-text-editor\" data-id=\"922ff30\" data-element_type=\"widget\" data-e-type=\"widget\" data-widget_type=\"text-editor.default\">\n\t\t\t\t\t\t\t\t\t<p>Portada Publicaci\u00f3n<\/p>\n\t\t\t\t\t\t\t\t<\/div>\n\t\t\t\t\t<\/div>\n\t\t<\/div>\n\t\t\t\t<div class=\"elementor-column elementor-col-50 elementor-top-column elementor-element elementor-element-8a07ae7\" data-id=\"8a07ae7\" data-element_type=\"column\" data-e-type=\"column\">\n\t\t\t<div class=\"elementor-widget-wrap elementor-element-populated\">\n\t\t\t\t\t\t<div class=\"elementor-element elementor-element-ca04e9a elementor-widget elementor-widget-text-editor\" data-id=\"ca04e9a\" data-element_type=\"widget\" data-e-type=\"widget\" data-widget_type=\"text-editor.default\">\n\t\t\t\t\t\t\t\t\t<p><em>El mueble de madera. Las maderas del mueble<\/em> es la publicaci\u00f3n 18 editada por la Asociaci\u00f3n para el Estudio del Mueble. Esta edici\u00f3n se inscribe en el proyecto\u00a0<a href=\"https:\/\/www.estudidelmoble.com\/es\/proyecto-madera-mueble-sostenibilidad\/\" target=\"_blank\" rel=\"noopener\">FMS\u00a0(Madera &#8211; Mueble &#8211; Sostenibilidad)<\/a> que ha llevado a cabo la Asociaci\u00f3n para el Estudio del Mueble desde el a\u00f1o 2021 hasta el 2023 y en el cual se ha implicado de manera intensiva todo el equipo.<\/p>\n<h3>El mueble y los objetivos de desarrollo sostenible<\/h3>\n<p>Para entender la relaci\u00f3n entre la publicaci\u00f3n <em>El mueble de madera. Las maderas del mueble<\/em> y el proyecto\u00a0FMS\u00a0tenemos que hablar de la Agenda 2030. Este indicador plantea una serie de objetivos de desarrollo sostenible (ODS)\u00a0para trabajar por un futuro mejor. En cuanto al mueble, nuestra asociaci\u00f3n decidi\u00f3 seleccionar los objetivos donde pod\u00eda aportar iniciativas desde su experiencia y conocimiento. El n\u00famero 12 de los objetivos de desarrollo sostenible es lo m\u00e1s destacado: \u00abConsumo y producci\u00f3n responsables\u00bb.<\/p>\n<p>Cuando nos referimos al mueble, \u00abconsumo y producci\u00f3n responsables\u00bb significa apostar por las obras construidas de madera o materiales naturales, y tambi\u00e9n para mantener y reutilizar los muebles ya existentes. Aprovechar el que hay disponible en vez de construir de nuevo ayuda a reducir el consumo de energ\u00eda y materias primas. Y, si se imprescindible fabricar un nuevo mueble, tendr\u00edamos que analizar de primero qu\u00e9 piezas dejan menos huella.<\/p>\n<h3>Acciones para difundir el mueble de madera<\/h3>\n<p>El Mueble de Madera, las Maderas del Mueble es el t\u00edtulo del seminario del mes de mayo del 2022, la actividad cient\u00edfica anual m\u00e1s importante de la asociaci\u00f3n. Salvador Ord\u00f3\u00f1ez fue el coordinador y dise\u00f1ador del programa de este curso-foro. Durante las jornadas conocimos profesionales especialistas en cada uno de los procesos de producci\u00f3n, as\u00ed como expertos en consumo de muebles, que expusieron propuestas para avanzar en responsabilidad ambiental y debatieron sobre la situaci\u00f3n actual en Catalu\u00f1a respecto a otros territorios.<\/p>\n<p>Por otro lado, hay que recordar que el proyecto\u00a0FMS\u00a0es una compilaci\u00f3n de acciones y actividades para difundir el mueble de madera y las t\u00e9cnicas, tanto tradicionales como de \u00faltima generaci\u00f3n, utilizadas para su construcci\u00f3n. Las actividades para acercarnos a los muebles de todas \u00e9pocas y lugares de producci\u00f3n han estado en forma de talleres, videos, visitas, exposiciones y conferencias. Partimos del bosque y de los \u00e1rboles, disfrutamos de la materia prima de la madera con los cinco sentidos y observamos el recorrido de la madera desde el tronco de un \u00e1rbol hasta que se convierte en un mueble \u00fatil.<\/p>\n<h3>Una publicaci\u00f3n que re\u00fane las ideas alrededor del mueble de madera<\/h3>\n<p>La publicaci\u00f3n El Mueble de Madera, las Maderas del Mueble re\u00fane las principales ideas extra\u00eddas del seminario y a\u00f1ade la mirada otros profesionales que complementan las anteriores desde el proyecto Madera &#8211; Mueble &#8211; Sostenibilidad. Los textos ofrecen estudios, proyectos, ideas y reflexiones que inciden en la producci\u00f3n y el consumo responsables de los muebles.<\/p>\n<p>En las p\u00e1ginas de este libro encontrar\u00e1s como unos expertos explican el papel que la madera ha tenido en la configuraci\u00f3n de la historia del mueble del pasado, y otros nos recuerdan que la madera forma parte tanto del patrimonio natural como del cultural. El hecho de comprender y valorar la situaci\u00f3n de los bosques y su explotaci\u00f3n, el conocimiento de las t\u00e9cnicas, las herramientas y la maquinaria, el criterio en la hora de comprar y utilizar, y el dise\u00f1o a partir de obras recuperadas son algunas de las miradas tratadas en la presente obra.<\/p>\n<p>Conocer que la madera maciza es un dep\u00f3sito de CO\u2082 permite poner en valor unos muebles que hasta entonces mir\u00e1bamos principalmente con criterios est\u00e9ticos o econ\u00f3micos. Pensar bajo el precepto de la sostenibilidad ambiental, sin duda cambia nuestras prioridades y nos obliga a tener una nueva visi\u00f3n del mueble, que pueden usarlo y disfrutar. Esperamos que con los art\u00edculos del mueble de madera. Las maderas del mueble podamos contribuir a esta nueva aproximaci\u00f3n al mueble de madera.<\/p>\n\t\t\t\t\t\t\t\t<\/div>\n\t\t\t\t<div class=\"elementor-element elementor-element-9112e5c elementor-align-center elementor-widget elementor-widget-button\" data-id=\"9112e5c\" data-element_type=\"widget\" data-e-type=\"widget\" data-widget_type=\"button.default\">\n\t\t\t\t\t\t\t\t\t\t<a class=\"elementor-button elementor-button-link elementor-size-sm\" href=\"https:\/\/www.estudidelmoble.com\/producto\/publicacio-18-2023\/\">\n\t\t\t\t\t\t<span class=\"elementor-button-content-wrapper\">\n\t\t\t\t\t\t<span class=\"elementor-button-icon\">\n\t\t\t\t<svg aria-hidden=\"true\" class=\"e-font-icon-svg e-fas-shopping-basket\" viewBox=\"0 0 576 512\" xmlns=\"http:\/\/www.w3.org\/2000\/svg\"><path d=\"M576 216v16c0 13.255-10.745 24-24 24h-8l-26.113 182.788C514.509 462.435 494.257 480 470.37 480H105.63c-23.887 0-44.139-17.565-47.518-41.212L32 256h-8c-13.255 0-24-10.745-24-24v-16c0-13.255 10.745-24 24-24h67.341l106.78-146.821c10.395-14.292 30.407-17.453 44.701-7.058 14.293 10.395 17.453 30.408 7.058 44.701L170.477 192h235.046L326.12 82.821c-10.395-14.292-7.234-34.306 7.059-44.701 14.291-10.395 34.306-7.235 44.701 7.058L484.659 192H552c13.255 0 24 10.745 24 24zM312 392V280c0-13.255-10.745-24-24-24s-24 10.745-24 24v112c0 13.255 10.745 24 24 24s24-10.745 24-24zm112 0V280c0-13.255-10.745-24-24-24s-24 10.745-24 24v112c0 13.255 10.745 24 24 24s24-10.745 24-24zm-224 0V280c0-13.255-10.745-24-24-24s-24 10.745-24 24v112c0 13.255 10.745 24 24 24s24-10.745 24-24z\"><\/path><\/svg>\t\t\t<\/span>\n\t\t\t\t\t\t\t\t\t<span class=\"elementor-button-text\">Comprar<\/span>\n\t\t\t\t\t<\/span>\n\t\t\t\t\t<\/a>\n\t\t\t\t\t\t\t\t<\/div>\n\t\t\t\t\t<\/div>\n\t\t<\/div>\n\t\t\t\t\t<\/div>\n\t\t<\/section>\n\t\t\t\t<section class=\"elementor-section elementor-top-section elementor-element elementor-element-c0cdbf4 elementor-section-boxed elementor-section-height-default elementor-section-height-default\" data-id=\"c0cdbf4\" data-element_type=\"section\" data-e-type=\"section\">\n\t\t\t\t\t\t<div class=\"elementor-container elementor-column-gap-default\">\n\t\t\t\t\t<div class=\"elementor-column elementor-col-100 elementor-top-column elementor-element elementor-element-7b9b879\" data-id=\"7b9b879\" data-element_type=\"column\" data-e-type=\"column\">\n\t\t\t<div class=\"elementor-widget-wrap elementor-element-populated\">\n\t\t\t\t\t\t<div class=\"elementor-element elementor-element-1af35fa elementor-widget elementor-widget-spacer\" data-id=\"1af35fa\" data-element_type=\"widget\" data-e-type=\"widget\" data-widget_type=\"spacer.default\">\n\t\t\t\t\t\t\t<div class=\"elementor-spacer\">\n\t\t\t<div class=\"elementor-spacer-inner\"><\/div>\n\t\t<\/div>\n\t\t\t\t\t\t<\/div>\n\t\t\t\t\t<\/div>\n\t\t<\/div>\n\t\t\t\t\t<\/div>\n\t\t<\/section>\n\t\t\t\t<section class=\"elementor-section elementor-top-section elementor-element elementor-element-8d7b2f9 elementor-section-boxed elementor-section-height-default elementor-section-height-default\" data-id=\"8d7b2f9\" data-element_type=\"section\" data-e-type=\"section\" data-settings=\"{&quot;background_background&quot;:&quot;classic&quot;}\">\n\t\t\t\t\t\t<div class=\"elementor-container elementor-column-gap-default\">\n\t\t\t\t\t<div class=\"elementor-column elementor-col-50 elementor-top-column elementor-element elementor-element-383fe6b\" data-id=\"383fe6b\" data-element_type=\"column\" data-e-type=\"column\">\n\t\t\t<div class=\"elementor-widget-wrap elementor-element-populated\">\n\t\t\t\t\t\t<div class=\"elementor-element elementor-element-2997693 elementor-arrows-position-outside elementor-pagination-position-outside elementor-widget elementor-widget-image-carousel\" data-id=\"2997693\" data-element_type=\"widget\" data-e-type=\"widget\" data-settings=\"{&quot;slides_to_show&quot;:&quot;5&quot;,&quot;image_spacing_custom&quot;:{&quot;unit&quot;:&quot;px&quot;,&quot;size&quot;:5,&quot;sizes&quot;:[]},&quot;navigation&quot;:&quot;both&quot;,&quot;autoplay&quot;:&quot;yes&quot;,&quot;pause_on_hover&quot;:&quot;yes&quot;,&quot;pause_on_interaction&quot;:&quot;yes&quot;,&quot;autoplay_speed&quot;:5000,&quot;infinite&quot;:&quot;yes&quot;,&quot;speed&quot;:500,&quot;image_spacing_custom_tablet&quot;:{&quot;unit&quot;:&quot;px&quot;,&quot;size&quot;:&quot;&quot;,&quot;sizes&quot;:[]},&quot;image_spacing_custom_mobile&quot;:{&quot;unit&quot;:&quot;px&quot;,&quot;size&quot;:&quot;&quot;,&quot;sizes&quot;:[]}}\" data-widget_type=\"image-carousel.default\">\n\t\t\t\t\t\t\t<div class=\"elementor-image-carousel-wrapper swiper\" role=\"region\" aria-roledescription=\"carousel\" aria-label=\"Carrusel de im\u00e1genes\" dir=\"ltr\">\n\t\t\t<div class=\"elementor-image-carousel swiper-wrapper\" aria-live=\"off\">\n\t\t\t\t\t\t\t\t<div class=\"swiper-slide\" role=\"group\" aria-roledescription=\"slide\" aria-label=\"1 de 9\"><a data-elementor-open-lightbox=\"yes\" data-elementor-lightbox-slideshow=\"2997693\" data-elementor-lightbox-title=\"El moble de fusta. Les fustes del moble. M\u00f3nica Piera\" data-e-action-hash=\"#elementor-action%3Aaction%3Dlightbox%26settings%3DeyJpZCI6NTk5NzIsInVybCI6Imh0dHBzOlwvXC93d3cuZXN0dWRpZGVsbW9ibGUuY29tXC93cC1jb250ZW50XC91cGxvYWRzXC8yMDIzXC8xMVwvRWwtbW9ibGUtZGUtZnVzdGEuLUxlcy1mdXN0ZXMtZGVsLW1vYmxlLi1Nb25pY2EtUGllcmEuanBnIiwic2xpZGVzaG93IjoiMjk5NzY5MyJ9\" href=\"https:\/\/www.estudidelmoble.com\/wp-content\/uploads\/2023\/11\/El-moble-de-fusta.-Les-fustes-del-moble.-Monica-Piera.jpg\"><figure class=\"swiper-slide-inner\"><img decoding=\"async\" class=\"swiper-slide-image\" src=\"https:\/\/www.estudidelmoble.com\/wp-content\/uploads\/2023\/11\/El-moble-de-fusta.-Les-fustes-del-moble.-Monica-Piera-768x543.jpg\" alt=\"El moble de fusta. Les fustes del moble. M\u00f3nica Piera\" \/><\/figure><\/a><\/div><div class=\"swiper-slide\" role=\"group\" aria-roledescription=\"slide\" aria-label=\"2 de 9\"><a data-elementor-open-lightbox=\"yes\" data-elementor-lightbox-slideshow=\"2997693\" data-elementor-lightbox-title=\"El moble de fusta. Les fustes del moble. Pep Serra\" data-e-action-hash=\"#elementor-action%3Aaction%3Dlightbox%26settings%3DeyJpZCI6NTk5NzQsInVybCI6Imh0dHBzOlwvXC93d3cuZXN0dWRpZGVsbW9ibGUuY29tXC93cC1jb250ZW50XC91cGxvYWRzXC8yMDIzXC8xMVwvRWwtbW9ibGUtZGUtZnVzdGEuLUxlcy1mdXN0ZXMtZGVsLW1vYmxlLi1QZXAtU2VycmEuanBnIiwic2xpZGVzaG93IjoiMjk5NzY5MyJ9\" href=\"https:\/\/www.estudidelmoble.com\/wp-content\/uploads\/2023\/11\/El-moble-de-fusta.-Les-fustes-del-moble.-Pep-Serra.jpg\"><figure class=\"swiper-slide-inner\"><img decoding=\"async\" class=\"swiper-slide-image\" src=\"https:\/\/www.estudidelmoble.com\/wp-content\/uploads\/2023\/11\/El-moble-de-fusta.-Les-fustes-del-moble.-Pep-Serra-768x543.jpg\" alt=\"El moble de fusta. Les fustes del moble. Pep Serra\" \/><\/figure><\/a><\/div><div class=\"swiper-slide\" role=\"group\" aria-roledescription=\"slide\" aria-label=\"3 de 9\"><a data-elementor-open-lightbox=\"yes\" data-elementor-lightbox-slideshow=\"2997693\" data-elementor-lightbox-title=\"El moble de fusta. Les fustes del moble. Sustersic Linacisoro Guida\" data-e-action-hash=\"#elementor-action%3Aaction%3Dlightbox%26settings%3DeyJpZCI6NTk5NzgsInVybCI6Imh0dHBzOlwvXC93d3cuZXN0dWRpZGVsbW9ibGUuY29tXC93cC1jb250ZW50XC91cGxvYWRzXC8yMDIzXC8xMVwvRWwtbW9ibGUtZGUtZnVzdGEuLUxlcy1mdXN0ZXMtZGVsLW1vYmxlLi1TdXN0ZXJzaWMtTGluYWNpc29yby1HdWlkYS5qcGciLCJzbGlkZXNob3ciOiIyOTk3NjkzIn0%3D\" href=\"https:\/\/www.estudidelmoble.com\/wp-content\/uploads\/2023\/11\/El-moble-de-fusta.-Les-fustes-del-moble.-Sustersic-Linacisoro-Guida.jpg\"><figure class=\"swiper-slide-inner\"><img decoding=\"async\" class=\"swiper-slide-image\" src=\"https:\/\/www.estudidelmoble.com\/wp-content\/uploads\/2023\/11\/El-moble-de-fusta.-Les-fustes-del-moble.-Sustersic-Linacisoro-Guida-768x543.jpg\" alt=\"El moble de fusta. Les fustes del moble. Sustersic Linacisoro Guida\" \/><\/figure><\/a><\/div><div class=\"swiper-slide\" role=\"group\" aria-roledescription=\"slide\" aria-label=\"4 de 9\"><a data-elementor-open-lightbox=\"yes\" data-elementor-lightbox-slideshow=\"2997693\" data-elementor-lightbox-title=\"El moble de fusta. Les fustes del moble. Vilalta Palacios\" data-e-action-hash=\"#elementor-action%3Aaction%3Dlightbox%26settings%3DeyJpZCI6NTk5ODAsInVybCI6Imh0dHBzOlwvXC93d3cuZXN0dWRpZGVsbW9ibGUuY29tXC93cC1jb250ZW50XC91cGxvYWRzXC8yMDIzXC8xMVwvRWwtbW9ibGUtZGUtZnVzdGEuLUxlcy1mdXN0ZXMtZGVsLW1vYmxlLi1WaWxhbHRhLVBhbGFjaW9zLmpwZyIsInNsaWRlc2hvdyI6IjI5OTc2OTMifQ%3D%3D\" href=\"https:\/\/www.estudidelmoble.com\/wp-content\/uploads\/2023\/11\/El-moble-de-fusta.-Les-fustes-del-moble.-Vilalta-Palacios.jpg\"><figure class=\"swiper-slide-inner\"><img decoding=\"async\" class=\"swiper-slide-image\" src=\"https:\/\/www.estudidelmoble.com\/wp-content\/uploads\/2023\/11\/El-moble-de-fusta.-Les-fustes-del-moble.-Vilalta-Palacios-768x543.jpg\" alt=\"El moble de fusta. Les fustes del moble. Vilalta Palacios\" \/><\/figure><\/a><\/div><div class=\"swiper-slide\" role=\"group\" aria-roledescription=\"slide\" aria-label=\"5 de 9\"><a data-elementor-open-lightbox=\"yes\" data-elementor-lightbox-slideshow=\"2997693\" data-elementor-lightbox-title=\"El moble de fusta. Les fustes del moble. Eduardo Rojas\" data-e-action-hash=\"#elementor-action%3Aaction%3Dlightbox%26settings%3DeyJpZCI6NTk5ODQsInVybCI6Imh0dHBzOlwvXC93d3cuZXN0dWRpZGVsbW9ibGUuY29tXC93cC1jb250ZW50XC91cGxvYWRzXC8yMDIzXC8xMVwvRWwtbW9ibGUtZGUtZnVzdGEuLUxlcy1mdXN0ZXMtZGVsLW1vYmxlLi1FZHVhcmRvLVJvamFzLmpwZyIsInNsaWRlc2hvdyI6IjI5OTc2OTMifQ%3D%3D\" href=\"https:\/\/www.estudidelmoble.com\/wp-content\/uploads\/2023\/11\/El-moble-de-fusta.-Les-fustes-del-moble.-Eduardo-Rojas.jpg\"><figure class=\"swiper-slide-inner\"><img decoding=\"async\" class=\"swiper-slide-image\" src=\"https:\/\/www.estudidelmoble.com\/wp-content\/uploads\/2023\/11\/El-moble-de-fusta.-Les-fustes-del-moble.-Eduardo-Rojas-768x543.jpg\" alt=\"El moble de fusta. Les fustes del moble. Eduardo Rojas\" \/><\/figure><\/a><\/div><div class=\"swiper-slide\" role=\"group\" aria-roledescription=\"slide\" aria-label=\"6 de 9\"><a data-elementor-open-lightbox=\"yes\" data-elementor-lightbox-slideshow=\"2997693\" data-elementor-lightbox-title=\"El moble de fusta. Les fustes del moble. Ferran Gesa\" data-e-action-hash=\"#elementor-action%3Aaction%3Dlightbox%26settings%3DeyJpZCI6NTk5ODYsInVybCI6Imh0dHBzOlwvXC93d3cuZXN0dWRpZGVsbW9ibGUuY29tXC93cC1jb250ZW50XC91cGxvYWRzXC8yMDIzXC8xMVwvRWwtbW9ibGUtZGUtZnVzdGEuLUxlcy1mdXN0ZXMtZGVsLW1vYmxlLi1GZXJyYW4tR2VzYS5qcGciLCJzbGlkZXNob3ciOiIyOTk3NjkzIn0%3D\" href=\"https:\/\/www.estudidelmoble.com\/wp-content\/uploads\/2023\/11\/El-moble-de-fusta.-Les-fustes-del-moble.-Ferran-Gesa.jpg\"><figure class=\"swiper-slide-inner\"><img decoding=\"async\" class=\"swiper-slide-image\" src=\"https:\/\/www.estudidelmoble.com\/wp-content\/uploads\/2023\/11\/El-moble-de-fusta.-Les-fustes-del-moble.-Ferran-Gesa-768x543.jpg\" alt=\"El moble de fusta. Les fustes del moble. Ferran Gesa\" \/><\/figure><\/a><\/div><div class=\"swiper-slide\" role=\"group\" aria-roledescription=\"slide\" aria-label=\"7 de 9\"><a data-elementor-open-lightbox=\"yes\" data-elementor-lightbox-slideshow=\"2997693\" data-elementor-lightbox-title=\"El moble de fusta. Les fustes del moble. Germ\u00e1n Peraire\" data-e-action-hash=\"#elementor-action%3Aaction%3Dlightbox%26settings%3DeyJpZCI6NTk5ODgsInVybCI6Imh0dHBzOlwvXC93d3cuZXN0dWRpZGVsbW9ibGUuY29tXC93cC1jb250ZW50XC91cGxvYWRzXC8yMDIzXC8xMVwvRWwtbW9ibGUtZGUtZnVzdGEuLUxlcy1mdXN0ZXMtZGVsLW1vYmxlLi1HZXJtYW4tUGVyYWlyZS5qcGciLCJzbGlkZXNob3ciOiIyOTk3NjkzIn0%3D\" href=\"https:\/\/www.estudidelmoble.com\/wp-content\/uploads\/2023\/11\/El-moble-de-fusta.-Les-fustes-del-moble.-German-Peraire.jpg\"><figure class=\"swiper-slide-inner\"><img decoding=\"async\" class=\"swiper-slide-image\" src=\"https:\/\/www.estudidelmoble.com\/wp-content\/uploads\/2023\/11\/El-moble-de-fusta.-Les-fustes-del-moble.-German-Peraire-768x543.jpg\" alt=\"El moble de fusta. Les fustes del moble. Germ\u00e1n Peraire\" \/><\/figure><\/a><\/div><div class=\"swiper-slide\" role=\"group\" aria-roledescription=\"slide\" aria-label=\"8 de 9\"><a data-elementor-open-lightbox=\"yes\" data-elementor-lightbox-slideshow=\"2997693\" data-elementor-lightbox-title=\"El moble de fusta. Les fustes del moble. Jordi Ordo\u00f1ez\" data-e-action-hash=\"#elementor-action%3Aaction%3Dlightbox%26settings%3DeyJpZCI6NTk5OTAsInVybCI6Imh0dHBzOlwvXC93d3cuZXN0dWRpZGVsbW9ibGUuY29tXC93cC1jb250ZW50XC91cGxvYWRzXC8yMDIzXC8xMVwvRWwtbW9ibGUtZGUtZnVzdGEuLUxlcy1mdXN0ZXMtZGVsLW1vYmxlLi1Kb3JkaS1PcmRvbmV6LmpwZyIsInNsaWRlc2hvdyI6IjI5OTc2OTMifQ%3D%3D\" href=\"https:\/\/www.estudidelmoble.com\/wp-content\/uploads\/2023\/11\/El-moble-de-fusta.-Les-fustes-del-moble.-Jordi-Ordonez.jpg\"><figure class=\"swiper-slide-inner\"><img decoding=\"async\" class=\"swiper-slide-image\" src=\"https:\/\/www.estudidelmoble.com\/wp-content\/uploads\/2023\/11\/El-moble-de-fusta.-Les-fustes-del-moble.-Jordi-Ordonez-768x543.jpg\" alt=\"El moble de fusta. Les fustes del moble. Jordi Ordo\u00f1ez\" \/><\/figure><\/a><\/div><div class=\"swiper-slide\" role=\"group\" aria-roledescription=\"slide\" aria-label=\"9 de 9\"><a data-elementor-open-lightbox=\"yes\" data-elementor-lightbox-slideshow=\"2997693\" data-elementor-lightbox-title=\"El moble de fusta. Les fustes del moble. Mart\u00ed Boada\" data-e-action-hash=\"#elementor-action%3Aaction%3Dlightbox%26settings%3DeyJpZCI6NTk5OTIsInVybCI6Imh0dHBzOlwvXC93d3cuZXN0dWRpZGVsbW9ibGUuY29tXC93cC1jb250ZW50XC91cGxvYWRzXC8yMDIzXC8xMVwvRWwtbW9ibGUtZGUtZnVzdGEuLUxlcy1mdXN0ZXMtZGVsLW1vYmxlLi1NYXJ0aS1Cb2FkYS5qcGciLCJzbGlkZXNob3ciOiIyOTk3NjkzIn0%3D\" href=\"https:\/\/www.estudidelmoble.com\/wp-content\/uploads\/2023\/11\/El-moble-de-fusta.-Les-fustes-del-moble.-Marti-Boada.jpg\"><figure class=\"swiper-slide-inner\"><img decoding=\"async\" class=\"swiper-slide-image\" src=\"https:\/\/www.estudidelmoble.com\/wp-content\/uploads\/2023\/11\/El-moble-de-fusta.-Les-fustes-del-moble.-Marti-Boada-768x543.jpg\" alt=\"El moble de fusta. Les fustes del moble. Mart\u00ed Boada\" \/><\/figure><\/a><\/div>\t\t\t<\/div>\n\t\t\t\t\t\t\t\t\t\t\t\t<div class=\"elementor-swiper-button elementor-swiper-button-prev\" role=\"button\" tabindex=\"0\">\n\t\t\t\t\t\t<svg aria-hidden=\"true\" class=\"e-font-icon-svg e-eicon-chevron-left\" viewBox=\"0 0 1000 1000\" xmlns=\"http:\/\/www.w3.org\/2000\/svg\"><path d=\"M646 125C629 125 613 133 604 142L308 442C296 454 292 471 292 487 292 504 296 521 308 533L604 854C617 867 629 875 646 875 663 875 679 871 692 858 704 846 713 829 713 812 713 796 708 779 692 767L438 487 692 225C700 217 708 204 708 187 708 171 704 154 692 142 675 129 663 125 646 125Z\"><\/path><\/svg>\t\t\t\t\t<\/div>\n\t\t\t\t\t<div class=\"elementor-swiper-button elementor-swiper-button-next\" role=\"button\" tabindex=\"0\">\n\t\t\t\t\t\t<svg aria-hidden=\"true\" class=\"e-font-icon-svg e-eicon-chevron-right\" viewBox=\"0 0 1000 1000\" xmlns=\"http:\/\/www.w3.org\/2000\/svg\"><path d=\"M696 533C708 521 713 504 713 487 713 471 708 454 696 446L400 146C388 133 375 125 354 125 338 125 325 129 313 142 300 154 292 171 292 187 292 204 296 221 308 233L563 492 304 771C292 783 288 800 288 817 288 833 296 850 308 863 321 871 338 875 354 875 371 875 388 867 400 854L696 533Z\"><\/path><\/svg>\t\t\t\t\t<\/div>\n\t\t\t\t\n\t\t\t\t\t\t\t\t\t<div class=\"swiper-pagination\"><\/div>\n\t\t\t\t\t\t\t\t\t<\/div>\n\t\t\t\t\t\t<\/div>\n\t\t\t\t\t<\/div>\n\t\t<\/div>\n\t\t\t\t<div class=\"elementor-column elementor-col-50 elementor-top-column elementor-element elementor-element-5ee33c9\" data-id=\"5ee33c9\" data-element_type=\"column\" data-e-type=\"column\">\n\t\t\t<div class=\"elementor-widget-wrap elementor-element-populated\">\n\t\t\t\t\t\t<div class=\"elementor-element elementor-element-562b4a4 elementor-widget elementor-widget-spacer\" data-id=\"562b4a4\" data-element_type=\"widget\" data-e-type=\"widget\" data-widget_type=\"spacer.default\">\n\t\t\t\t\t\t\t<div class=\"elementor-spacer\">\n\t\t\t<div class=\"elementor-spacer-inner\"><\/div>\n\t\t<\/div>\n\t\t\t\t\t\t<\/div>\n\t\t\t\t<div class=\"elementor-element elementor-element-9ce86be elementor-align-right elementor-widget elementor-widget-button\" data-id=\"9ce86be\" data-element_type=\"widget\" data-e-type=\"widget\" data-widget_type=\"button.default\">\n\t\t\t\t\t\t\t\t\t\t<a class=\"elementor-button elementor-button-link elementor-size-sm\" href=\"https:\/\/www.estudidelmoble.com\/producto\/publicacio-18-2023\/\">\n\t\t\t\t\t\t<span class=\"elementor-button-content-wrapper\">\n\t\t\t\t\t\t<span class=\"elementor-button-icon\">\n\t\t\t\t<svg aria-hidden=\"true\" class=\"e-font-icon-svg e-fas-shopping-basket\" viewBox=\"0 0 576 512\" xmlns=\"http:\/\/www.w3.org\/2000\/svg\"><path d=\"M576 216v16c0 13.255-10.745 24-24 24h-8l-26.113 182.788C514.509 462.435 494.257 480 470.37 480H105.63c-23.887 0-44.139-17.565-47.518-41.212L32 256h-8c-13.255 0-24-10.745-24-24v-16c0-13.255 10.745-24 24-24h67.341l106.78-146.821c10.395-14.292 30.407-17.453 44.701-7.058 14.293 10.395 17.453 30.408 7.058 44.701L170.477 192h235.046L326.12 82.821c-10.395-14.292-7.234-34.306 7.059-44.701 14.291-10.395 34.306-7.235 44.701 7.058L484.659 192H552c13.255 0 24 10.745 24 24zM312 392V280c0-13.255-10.745-24-24-24s-24 10.745-24 24v112c0 13.255 10.745 24 24 24s24-10.745 24-24zm112 0V280c0-13.255-10.745-24-24-24s-24 10.745-24 24v112c0 13.255 10.745 24 24 24s24-10.745 24-24zm-224 0V280c0-13.255-10.745-24-24-24s-24 10.745-24 24v112c0 13.255 10.745 24 24 24s24-10.745 24-24z\"><\/path><\/svg>\t\t\t<\/span>\n\t\t\t\t\t\t\t\t\t<span class=\"elementor-button-text\">Comprar<\/span>\n\t\t\t\t\t<\/span>\n\t\t\t\t\t<\/a>\n\t\t\t\t\t\t\t\t<\/div>\n\t\t\t\t\t<\/div>\n\t\t<\/div>\n\t\t\t\t\t<\/div>\n\t\t<\/section>\n\t\t\t\t<section class=\"elementor-section elementor-top-section elementor-element elementor-element-26559e3 elementor-section-boxed elementor-section-height-default elementor-section-height-default\" data-id=\"26559e3\" data-element_type=\"section\" data-e-type=\"section\">\n\t\t\t\t\t\t<div class=\"elementor-container elementor-column-gap-default\">\n\t\t\t\t\t<div class=\"elementor-column elementor-col-100 elementor-top-column elementor-element elementor-element-7dc6713\" data-id=\"7dc6713\" data-element_type=\"column\" data-e-type=\"column\">\n\t\t\t<div class=\"elementor-widget-wrap\">\n\t\t\t\t\t\t\t<\/div>\n\t\t<\/div>\n\t\t\t\t\t<\/div>\n\t\t<\/section>\n\t\t\t\t<section class=\"elementor-section elementor-top-section elementor-element elementor-element-dc9cf3f elementor-section-boxed elementor-section-height-default elementor-section-height-default\" data-id=\"dc9cf3f\" data-element_type=\"section\" data-e-type=\"section\">\n\t\t\t\t\t\t<div class=\"elementor-container elementor-column-gap-default\">\n\t\t\t\t\t<div class=\"elementor-column elementor-col-100 elementor-top-column elementor-element elementor-element-05e2f1b\" data-id=\"05e2f1b\" data-element_type=\"column\" data-e-type=\"column\">\n\t\t\t<div class=\"elementor-widget-wrap elementor-element-populated\">\n\t\t\t\t\t\t<div class=\"elementor-element elementor-element-57d1c6b elementor-widget elementor-widget-heading\" data-id=\"57d1c6b\" data-element_type=\"widget\" data-e-type=\"widget\" data-widget_type=\"heading.default\">\n\t\t\t\t\t<h2 class=\"elementor-heading-title elementor-size-default\">\u00cdndice (edici\u00f3n en castellano i catal\u00e1n)<\/h2>\t\t\t\t<\/div>\n\t\t\t\t\t<\/div>\n\t\t<\/div>\n\t\t\t\t\t<\/div>\n\t\t<\/section>\n\t\t\t\t<section class=\"elementor-section elementor-top-section elementor-element elementor-element-a1f6ee7 elementor-section-boxed elementor-section-height-default elementor-section-height-default\" data-id=\"a1f6ee7\" data-element_type=\"section\" data-e-type=\"section\">\n\t\t\t\t\t\t<div class=\"elementor-container elementor-column-gap-default\">\n\t\t\t\t\t<div class=\"elementor-column elementor-col-100 elementor-top-column elementor-element elementor-element-3a46595\" data-id=\"3a46595\" data-element_type=\"column\" data-e-type=\"column\">\n\t\t\t<div class=\"elementor-widget-wrap elementor-element-populated\">\n\t\t\t\t\t\t<section class=\"elementor-section elementor-inner-section elementor-element elementor-element-dc961e8 elementor-section-boxed elementor-section-height-default elementor-section-height-default\" data-id=\"dc961e8\" data-element_type=\"section\" data-e-type=\"section\" data-settings=\"{&quot;background_background&quot;:&quot;classic&quot;}\">\n\t\t\t\t\t\t<div class=\"elementor-container elementor-column-gap-default\">\n\t\t\t\t\t<div class=\"elementor-column elementor-col-100 elementor-inner-column elementor-element elementor-element-9a380cf\" data-id=\"9a380cf\" data-element_type=\"column\" data-e-type=\"column\">\n\t\t\t<div class=\"elementor-widget-wrap elementor-element-populated\">\n\t\t\t\t\t\t<div class=\"elementor-element elementor-element-cbfaed1 elementor-widget elementor-widget-text-editor\" data-id=\"cbfaed1\" data-element_type=\"widget\" data-e-type=\"widget\" data-widget_type=\"text-editor.default\">\n\t\t\t\t\t\t\t\t\t<p><strong>Presentacions \/ Presentaciones <\/strong>&#8230;&#8230;&#8230;&#8230;&#8230;&#8230;&#8230;&#8230;&#8230;&#8230;&#8230;&#8230;&#8230;&#8230;&#8230;&#8230;&#8230;&#8230;&#8230;&#8230;&#8230;&#8230;&#8230;&#8230;&#8230;&#8230;&#8230;&#8230;&#8230;&#8230;&#8230;&#8230;&#8230;.. 5<strong><br \/><\/strong><\/p>\n<p><strong>Pr\u00f2leg \/ Pr\u00f3logo\u00a0<\/strong>&#8230;&#8230;&#8230;&#8230;&#8230;&#8230;&#8230;&#8230;&#8230;&#8230;&#8230;&#8230;&#8230;&#8230;&#8230;&#8230;&#8230;&#8230;&#8230;&#8230;&#8230;&#8230;&#8230;&#8230;&#8230;&#8230;&#8230;&#8230;&#8230;&#8230;&#8230;&#8230;&#8230;&#8230;&#8230;&#8230;&#8230;&#8230;&#8230;&#8230;&#8230;&#8230;.. 8<\/p>\n<p><strong>Introducci\u00f3n\u00a0<\/strong><\/p>\n<p><strong>Compromiso de la Asociaci\u00f3n para el Estudio del Mueble (AEM) con los Objetivos de Desarrollo Sostenible (ODS)<br \/><\/strong><span style=\"color: #000000;\">Asociaci\u00f3n para el Estudio del Mueble&#8230;&#8230;&#8230;&#8230;&#8230;&#8230;&#8230;&#8230;&#8230;&#8230;&#8230;&#8230;&#8230;&#8230;&#8230;&#8230;&#8230;&#8230;&#8230;&#8230;&#8230;&#8230;&#8230;&#8230;&#8230;&#8230;&#8230;&#8230;&#8230;&#8230;&#8230;&#8230;&#8230;.. 11<\/span><\/p>\n<p><span style=\"font-weight: bolder;\">\u00a1Toquemos madera! Dise\u00f1o, madera y sostenibilidad\u00a0<br \/><\/span><span style=\"color: #000000;\">Pilar V\u00e9lez&#8230;&#8230;&#8230;&#8230;&#8230;&#8230;&#8230;&#8230;&#8230;&#8230;&#8230;&#8230;&#8230;&#8230;&#8230;&#8230;&#8230;&#8230;&#8230;&#8230;&#8230;&#8230;&#8230;&#8230;&#8230;&#8230;&#8230;&#8230;&#8230;&#8230;&#8230;&#8230;&#8230;.. 15<\/span><\/p>\n<p><span style=\"font-weight: bolder;\">Bosque, \u00e1rboles, maderas <\/span><\/p>\n<p><span style=\"font-weight: bolder;\">La gesti\u00f3n forestal activa y la bioeconom\u00eda como pilares estrat\u00e9gicos de la lucha contra el cambio clim\u00e1tico y la despoblaci\u00f3n en el contexto de una sociedad urbana<br \/><\/span><span style=\"color: #000000;\">Eduardo Rojas Briales &#8230;&#8230;&#8230;&#8230;&#8230;&#8230;&#8230;&#8230;&#8230;&#8230;&#8230;&#8230;&#8230;&#8230;&#8230;&#8230;&#8230;&#8230;&#8230;&#8230;&#8230;&#8230;&#8230;&#8230;&#8230;&#8230;&#8230;&#8230;&#8230;&#8230;&#8230;&#8230;&#8230;.. 19<\/span><\/p>\n<p><span style=\"font-weight: bolder;\">Dendrocultura: Imaginario social, cultura y bosques\u00a0<br \/><\/span><span style=\"color: #000000;\">Mart\u00ed Boada &#8230;&#8230;&#8230;&#8230;&#8230;&#8230;&#8230;&#8230;&#8230;&#8230;&#8230;&#8230;&#8230;&#8230;&#8230;&#8230;&#8230;&#8230;&#8230;&#8230;&#8230;&#8230;&#8230;&#8230;&#8230;&#8230;&#8230;&#8230;&#8230;&#8230;&#8230;&#8230;&#8230;.. 27<\/span><\/p>\n<p><span style=\"font-weight: bolder;\">Las fichas digitales de la xiloteca<br \/><\/span><span style=\"color: #000000;\">Ivette A. Vilalta Chueca y Laura Palacios Gonzalo &#8230;&#8230;&#8230;&#8230;&#8230;&#8230;&#8230;&#8230;&#8230;&#8230;&#8230;&#8230;&#8230;&#8230;&#8230;&#8230;&#8230;&#8230;&#8230;&#8230;&#8230;&#8230;&#8230;&#8230;&#8230;&#8230;&#8230;&#8230;&#8230;&#8230;&#8230;&#8230;&#8230;.. 43<\/span><\/p>\n<p><span style=\"font-weight: bolder;\">\u00bfTenemos madera en Catalu\u00f1a?\u00a0<br \/><\/span><span style=\"color: #000000;\">Joan Ignasi Castell\u00f3 Vidal &#8230;&#8230;&#8230;&#8230;&#8230;&#8230;&#8230;&#8230;&#8230;&#8230;&#8230;&#8230;&#8230;&#8230;&#8230;&#8230;&#8230;&#8230;&#8230;&#8230;&#8230;&#8230;&#8230;&#8230;&#8230;&#8230;&#8230;&#8230;&#8230;&#8230;&#8230;&#8230;&#8230;.. 49<\/span><\/p>\n<p><span style=\"font-weight: bolder;\">La producci\u00f3n de muebles antes de la era industrial <\/span><\/p>\n<p><span style=\"font-weight: bolder;\">Joan Llor. Construir muebles en Olot en el siglo xviii\u00a0<br \/><\/span><span style=\"color: #000000;\">M\u00f3nica Piera Miquel &#8230;&#8230;&#8230;&#8230;&#8230;&#8230;&#8230;&#8230;&#8230;&#8230;&#8230;&#8230;&#8230;&#8230;&#8230;&#8230;&#8230;&#8230;&#8230;&#8230;&#8230;&#8230;&#8230;&#8230;&#8230;&#8230;&#8230;&#8230;&#8230;&#8230;&#8230;&#8230;&#8230;.. 55<\/span><\/p>\n<p><span style=\"font-weight: bolder;\">Aproximaci\u00f3n al mueble de la Garrotxa: tipolog\u00edas y rasgos distintivos <br \/><\/span><span style=\"color: #000000;\">Pep Serra &#8230;&#8230;&#8230;&#8230;&#8230;&#8230;&#8230;&#8230;&#8230;&#8230;&#8230;&#8230;&#8230;&#8230;&#8230;&#8230;&#8230;&#8230;&#8230;&#8230;&#8230;&#8230;&#8230;&#8230;&#8230;&#8230;&#8230;&#8230;&#8230;&#8230;&#8230;&#8230;&#8230;.. 63<\/span><\/p>\n<p><span style=\"font-weight: bolder;\">Dise\u00f1ar muebles con madera en el siglo xxi <\/span><\/p>\n<p><span style=\"font-weight: bolder;\">La madera en el dise\u00f1o del mueble: interrogarnos sobre el pasado para pensar el futuro\u00a0<br \/><\/span><span style=\"color: #000000;\">Paolo Sustersic &#8230;&#8230;&#8230;&#8230;&#8230;&#8230;&#8230;&#8230;&#8230;&#8230;&#8230;&#8230;&#8230;&#8230;&#8230;&#8230;&#8230;&#8230;&#8230;&#8230;&#8230;&#8230;&#8230;&#8230;&#8230;&#8230;&#8230;&#8230;&#8230;&#8230;&#8230;&#8230;&#8230;.. 87<\/span><\/p>\n<p><span style=\"font-weight: bolder;\">El valor del deshecho como objet trouv\u00e9. Recuperaci\u00f3n, reutilizaci\u00f3n y redise\u00f1o como estrategias para repensar el mueble actual<br \/><\/span><span style=\"color: #000000;\">Paolo Sustersic, Joshua Linacisoro, Matteo Guida &#8230;&#8230;&#8230;&#8230;&#8230;&#8230;&#8230;&#8230;&#8230;&#8230;&#8230;&#8230;&#8230;&#8230;&#8230;&#8230;&#8230;&#8230;&#8230;&#8230;&#8230;&#8230;&#8230;&#8230;&#8230;&#8230;&#8230;&#8230;&#8230;&#8230;&#8230;&#8230;&#8230;.. 91<\/span><\/p>\n<p><span style=\"font-weight: bolder;\">Algunos casos y reflexiones <\/span><\/p>\n<p><span style=\"font-weight: bolder;\">\u00bfPor qu\u00e9 reivindicar el mueble antiguo en el siglo xxi?\u00a0<br \/><\/span><span style=\"color: #000000;\">Joaqu\u00edn Guzm\u00e1n\u00a0 &#8230;&#8230;&#8230;&#8230;&#8230;&#8230;&#8230;&#8230;&#8230;&#8230;&#8230;&#8230;&#8230;&#8230;&#8230;&#8230;&#8230;&#8230;&#8230;&#8230;&#8230;&#8230;&#8230;&#8230;&#8230;&#8230;&#8230;&#8230;&#8230;&#8230;&#8230;&#8230;&#8230;.. 107<\/span><\/p>\n<p><span style=\"font-weight: bolder;\">La nueva ebanister\u00eda artesanal. Recuperando el saber para mirar al futuro\u00a0<br \/><\/span><span style=\"color: #000000;\">Germ\u00e1n Peraire Vivas &#8230;&#8230;&#8230;&#8230;&#8230;&#8230;&#8230;&#8230;&#8230;&#8230;&#8230;&#8230;&#8230;&#8230;&#8230;&#8230;&#8230;&#8230;&#8230;&#8230;&#8230;&#8230;&#8230;&#8230;&#8230;&#8230;&#8230;&#8230;&#8230;&#8230;&#8230;&#8230;&#8230;.. 111<\/span><\/p>\n<p><span style=\"font-weight: bolder;\">Recuperar, dise\u00f1ar y futuro\u00a0<br \/><\/span><span style=\"color: #000000;\">Ferran Gesa Zaragoza &#8230;&#8230;&#8230;&#8230;&#8230;&#8230;&#8230;&#8230;&#8230;&#8230;&#8230;&#8230;&#8230;&#8230;&#8230;&#8230;&#8230;&#8230;&#8230;&#8230;&#8230;&#8230;&#8230;&#8230;&#8230;&#8230;&#8230;&#8230;&#8230;&#8230;&#8230;&#8230;&#8230;.. 115<\/span><\/p>\n<p><span style=\"font-weight: bolder;\">\u00bfHabr\u00e1 ebanistas el d\u00eda de ma\u00f1ana? \u00bfC\u00f3mo ser\u00e1n?\u00a0<br \/><\/span><span style=\"color: #000000;\">Jaume C\u00e1rceles i Pruj\u00e0 &#8230;&#8230;&#8230;&#8230;&#8230;&#8230;&#8230;&#8230;&#8230;&#8230;&#8230;&#8230;&#8230;&#8230;&#8230;&#8230;&#8230;&#8230;&#8230;&#8230;&#8230;&#8230;&#8230;&#8230;&#8230;&#8230;&#8230;&#8230;&#8230;&#8230;&#8230;&#8230;&#8230;.. 119<\/span><\/p>\n<p><span style=\"font-weight: bolder;\">La marqueter\u00eda, del pasado a hoy\u00a0<br \/><\/span><span style=\"color: #000000;\">Jordi Ord\u00f3\u00f1ez Batlle &#8230;&#8230;&#8230;&#8230;&#8230;&#8230;&#8230;&#8230;&#8230;&#8230;&#8230;&#8230;&#8230;&#8230;&#8230;&#8230;&#8230;&#8230;&#8230;&#8230;&#8230;&#8230;&#8230;&#8230;&#8230;&#8230;&#8230;&#8230;&#8230;&#8230;&#8230;&#8230;&#8230;.. 123<\/span><\/p>\n\t\t\t\t\t\t\t\t<\/div>\n\t\t\t\t\t<\/div>\n\t\t<\/div>\n\t\t\t\t\t<\/div>\n\t\t<\/section>\n\t\t\t\t\t<\/div>\n\t\t<\/div>\n\t\t\t\t\t<\/div>\n\t\t<\/section>\n\t\t\t\t<section class=\"elementor-section elementor-top-section elementor-element elementor-element-10069e8 elementor-section-boxed elementor-section-height-default elementor-section-height-default\" data-id=\"10069e8\" data-element_type=\"section\" data-e-type=\"section\">\n\t\t\t\t\t\t<div class=\"elementor-container elementor-column-gap-default\">\n\t\t\t\t\t<div class=\"elementor-column elementor-col-100 elementor-top-column elementor-element elementor-element-47affb8\" data-id=\"47affb8\" data-element_type=\"column\" data-e-type=\"column\">\n\t\t\t<div class=\"elementor-widget-wrap elementor-element-populated\">\n\t\t\t\t\t\t<div class=\"elementor-element elementor-element-3edb18f elementor-widget elementor-widget-spacer\" data-id=\"3edb18f\" data-element_type=\"widget\" data-e-type=\"widget\" data-widget_type=\"spacer.default\">\n\t\t\t\t\t\t\t<div class=\"elementor-spacer\">\n\t\t\t<div class=\"elementor-spacer-inner\"><\/div>\n\t\t<\/div>\n\t\t\t\t\t\t<\/div>\n\t\t\t\t<div class=\"elementor-element elementor-element-429372b elementor-widget-divider--view-line elementor-widget elementor-widget-divider\" data-id=\"429372b\" data-element_type=\"widget\" data-e-type=\"widget\" data-widget_type=\"divider.default\">\n\t\t\t\t\t\t\t<div class=\"elementor-divider\">\n\t\t\t<span class=\"elementor-divider-separator\">\n\t\t\t\t\t\t<\/span>\n\t\t<\/div>\n\t\t\t\t\t\t<\/div>\n\t\t\t\t\t<\/div>\n\t\t<\/div>\n\t\t\t\t\t<\/div>\n\t\t<\/section>\n\t\t\t\t<section class=\"elementor-section elementor-top-section elementor-element elementor-element-3698270 elementor-section-boxed elementor-section-height-default elementor-section-height-default\" data-id=\"3698270\" data-element_type=\"section\" data-e-type=\"section\">\n\t\t\t\t\t\t<div class=\"elementor-container elementor-column-gap-default\">\n\t\t\t\t\t<div class=\"elementor-column elementor-col-50 elementor-top-column elementor-element elementor-element-25826cd\" data-id=\"25826cd\" data-element_type=\"column\" data-e-type=\"column\">\n\t\t\t<div class=\"elementor-widget-wrap elementor-element-populated\">\n\t\t\t\t\t\t<div class=\"elementor-element elementor-element-50feecb elementor-widget elementor-widget-text-editor\" data-id=\"50feecb\" data-element_type=\"widget\" data-e-type=\"widget\" data-widget_type=\"text-editor.default\">\n\t\t\t\t\t\t\t\t\t<p><span style=\"color: #8e2920;\">Editado por la Associaci\u00f3 per a l&#8217;Estudi del Moble<\/span><\/p>\n<p><strong>Direcci\u00f3n:<\/strong>\u00a0M\u00f3nica Piera<br \/>\n<i>Edici\u00f3n alterna art\u00edculos en catal\u00e1n y castellano<\/i><br \/>\n<strong>ISBN<\/strong>:\u00a0<em>978 -84-122155-3-3<\/em><br \/>\n<strong>N\u00fam. P\u00e1gines:<\/strong>\u00a0<i>128<\/i><\/p>\n<p>Medidas: <i>21 x 29.7 x 1.2 cm<\/i><strong><br \/>\n<\/strong>Peso: 400 g<\/p>\n<p>Fecha publicaci\u00f3n: noviembre 2023<strong><br \/>\n<\/strong><\/p>\n<p><strong>Precio env\u00edo: 5\u201995\u20ac<\/strong><\/p>\n\t\t\t\t\t\t\t\t<\/div>\n\t\t\t\t\t<\/div>\n\t\t<\/div>\n\t\t\t\t<div class=\"elementor-column elementor-col-50 elementor-top-column elementor-element elementor-element-6f95ec5\" data-id=\"6f95ec5\" data-element_type=\"column\" data-e-type=\"column\">\n\t\t\t<div class=\"elementor-widget-wrap elementor-element-populated\">\n\t\t\t\t\t\t<div class=\"elementor-element elementor-element-0fcea29 elementor-widget elementor-widget-image\" data-id=\"0fcea29\" data-element_type=\"widget\" data-e-type=\"widget\" data-widget_type=\"image.default\">\n\t\t\t\t\t\t\t\t\t\t\t\t\t\t\t<img fetchpriority=\"high\" decoding=\"async\" width=\"768\" height=\"768\" src=\"https:\/\/www.estudidelmoble.com\/wp-content\/uploads\/2023\/11\/El-moble-de-fusta.-Les-fustes-del-moble.-Publicacion-18-1-768x768.jpg\" class=\"attachment-medium_large size-medium_large wp-image-59970\" alt=\"\" srcset=\"https:\/\/www.estudidelmoble.com\/wp-content\/uploads\/2023\/11\/El-moble-de-fusta.-Les-fustes-del-moble.-Publicacion-18-1-768x768.jpg 768w, https:\/\/www.estudidelmoble.com\/wp-content\/uploads\/2023\/11\/El-moble-de-fusta.-Les-fustes-del-moble.-Publicacion-18-1-300x300.jpg 300w, https:\/\/www.estudidelmoble.com\/wp-content\/uploads\/2023\/11\/El-moble-de-fusta.-Les-fustes-del-moble.-Publicacion-18-1-1024x1024.jpg 1024w, https:\/\/www.estudidelmoble.com\/wp-content\/uploads\/2023\/11\/El-moble-de-fusta.-Les-fustes-del-moble.-Publicacion-18-1-150x150.jpg 150w, https:\/\/www.estudidelmoble.com\/wp-content\/uploads\/2023\/11\/El-moble-de-fusta.-Les-fustes-del-moble.-Publicacion-18-1-1536x1536.jpg 1536w, https:\/\/www.estudidelmoble.com\/wp-content\/uploads\/2023\/11\/El-moble-de-fusta.-Les-fustes-del-moble.-Publicacion-18-1-600x600.jpg 600w, https:\/\/www.estudidelmoble.com\/wp-content\/uploads\/2023\/11\/El-moble-de-fusta.-Les-fustes-del-moble.-Publicacion-18-1-100x100.jpg 100w, https:\/\/www.estudidelmoble.com\/wp-content\/uploads\/2023\/11\/El-moble-de-fusta.-Les-fustes-del-moble.-Publicacion-18-1.jpg 1765w\" sizes=\"(max-width: 768px) 100vw, 768px\" \/>\t\t\t\t\t\t\t\t\t\t\t\t\t\t\t<\/div>\n\t\t\t\t\t<\/div>\n\t\t<\/div>\n\t\t\t\t\t<\/div>\n\t\t<\/section>\n\t\t\t\t<section class=\"elementor-section elementor-top-section elementor-element elementor-element-e1ce3fb elementor-section-boxed elementor-section-height-default elementor-section-height-default\" data-id=\"e1ce3fb\" data-element_type=\"section\" data-e-type=\"section\">\n\t\t\t\t\t\t<div class=\"elementor-container elementor-column-gap-default\">\n\t\t\t\t\t<div class=\"elementor-column elementor-col-100 elementor-top-column elementor-element elementor-element-fe9a75c\" data-id=\"fe9a75c\" data-element_type=\"column\" data-e-type=\"column\">\n\t\t\t<div class=\"elementor-widget-wrap elementor-element-populated\">\n\t\t\t\t\t\t<div class=\"elementor-element elementor-element-fdb9f66 elementor-widget elementor-widget-spacer\" data-id=\"fdb9f66\" data-element_type=\"widget\" data-e-type=\"widget\" data-widget_type=\"spacer.default\">\n\t\t\t\t\t\t\t<div class=\"elementor-spacer\">\n\t\t\t<div class=\"elementor-spacer-inner\"><\/div>\n\t\t<\/div>\n\t\t\t\t\t\t<\/div>\n\t\t\t\t<div class=\"elementor-element elementor-element-56bba14 elementor-widget elementor-widget-text-editor\" data-id=\"56bba14\" data-element_type=\"widget\" data-e-type=\"widget\" data-widget_type=\"text-editor.default\">\n\t\t\t\t\t\t\t\t\t<p>Con el apoyo de:<\/p>\n\t\t\t\t\t\t\t\t<\/div>\n\t\t\t\t\t<\/div>\n\t\t<\/div>\n\t\t\t\t\t<\/div>\n\t\t<\/section>\n\t\t\t\t<section class=\"elementor-section elementor-top-section elementor-element elementor-element-64a0ef0 elementor-section-boxed elementor-section-height-default elementor-section-height-default\" data-id=\"64a0ef0\" data-element_type=\"section\" data-e-type=\"section\">\n\t\t\t\t\t\t<div class=\"elementor-container elementor-column-gap-default\">\n\t\t\t\t\t<div class=\"elementor-column elementor-col-25 elementor-top-column elementor-element elementor-element-1c61a74\" data-id=\"1c61a74\" data-element_type=\"column\" data-e-type=\"column\">\n\t\t\t<div class=\"elementor-widget-wrap\">\n\t\t\t\t\t\t\t<\/div>\n\t\t<\/div>\n\t\t\t\t<div class=\"elementor-column elementor-col-25 elementor-top-column elementor-element elementor-element-35e9ee9\" data-id=\"35e9ee9\" data-element_type=\"column\" data-e-type=\"column\">\n\t\t\t<div class=\"elementor-widget-wrap elementor-element-populated\">\n\t\t\t\t\t\t<div class=\"elementor-element elementor-element-fe2879a elementor-widget elementor-widget-spacer\" data-id=\"fe2879a\" data-element_type=\"widget\" data-e-type=\"widget\" data-widget_type=\"spacer.default\">\n\t\t\t\t\t\t\t<div class=\"elementor-spacer\">\n\t\t\t<div class=\"elementor-spacer-inner\"><\/div>\n\t\t<\/div>\n\t\t\t\t\t\t<\/div>\n\t\t\t\t<div class=\"elementor-element elementor-element-6d25394 elementor-widget elementor-widget-image\" data-id=\"6d25394\" data-element_type=\"widget\" data-e-type=\"widget\" data-widget_type=\"image.default\">\n\t\t\t\t\t\t\t\t\t\t\t\t\t\t\t<img decoding=\"async\" width=\"630\" height=\"320\" src=\"https:\/\/www.estudidelmoble.com\/wp-content\/uploads\/2019\/07\/ayuntamiento-barcelona-color.jpg\" class=\"attachment-medium_large size-medium_large wp-image-4792\" alt=\"\" srcset=\"https:\/\/www.estudidelmoble.com\/wp-content\/uploads\/2019\/07\/ayuntamiento-barcelona-color.jpg 630w, https:\/\/www.estudidelmoble.com\/wp-content\/uploads\/2019\/07\/ayuntamiento-barcelona-color-600x305.jpg 600w, https:\/\/www.estudidelmoble.com\/wp-content\/uploads\/2019\/07\/ayuntamiento-barcelona-color-300x152.jpg 300w\" sizes=\"(max-width: 630px) 100vw, 630px\" \/>\t\t\t\t\t\t\t\t\t\t\t\t\t\t\t<\/div>\n\t\t\t\t\t<\/div>\n\t\t<\/div>\n\t\t\t\t<div class=\"elementor-column elementor-col-25 elementor-top-column elementor-element elementor-element-d95cde9\" data-id=\"d95cde9\" data-element_type=\"column\" data-e-type=\"column\">\n\t\t\t<div class=\"elementor-widget-wrap elementor-element-populated\">\n\t\t\t\t\t\t<div class=\"elementor-element elementor-element-ee988eb elementor-widget elementor-widget-spacer\" data-id=\"ee988eb\" data-element_type=\"widget\" data-e-type=\"widget\" data-widget_type=\"spacer.default\">\n\t\t\t\t\t\t\t<div class=\"elementor-spacer\">\n\t\t\t<div class=\"elementor-spacer-inner\"><\/div>\n\t\t<\/div>\n\t\t\t\t\t\t<\/div>\n\t\t\t\t<div class=\"elementor-element elementor-element-7a48809 elementor-widget elementor-widget-image\" data-id=\"7a48809\" data-element_type=\"widget\" data-e-type=\"widget\" data-widget_type=\"image.default\">\n\t\t\t\t\t\t\t\t\t\t\t\t\t\t\t<img decoding=\"async\" width=\"800\" height=\"199\" src=\"https:\/\/www.estudidelmoble.com\/wp-content\/uploads\/2023\/06\/DHub-logo-1024x255.jpg\" class=\"attachment-large size-large wp-image-59410\" alt=\"\" srcset=\"https:\/\/www.estudidelmoble.com\/wp-content\/uploads\/2023\/06\/DHub-logo-1024x255.jpg 1024w, https:\/\/www.estudidelmoble.com\/wp-content\/uploads\/2023\/06\/DHub-logo-300x75.jpg 300w, https:\/\/www.estudidelmoble.com\/wp-content\/uploads\/2023\/06\/DHub-logo-768x192.jpg 768w, https:\/\/www.estudidelmoble.com\/wp-content\/uploads\/2023\/06\/DHub-logo-1536x383.jpg 1536w, https:\/\/www.estudidelmoble.com\/wp-content\/uploads\/2023\/06\/DHub-logo-2048x511.jpg 2048w, https:\/\/www.estudidelmoble.com\/wp-content\/uploads\/2023\/06\/DHub-logo-600x150.jpg 600w\" sizes=\"(max-width: 800px) 100vw, 800px\" \/>\t\t\t\t\t\t\t\t\t\t\t\t\t\t\t<\/div>\n\t\t\t\t\t<\/div>\n\t\t<\/div>\n\t\t\t\t<div class=\"elementor-column elementor-col-25 elementor-top-column elementor-element elementor-element-bec6ba5\" data-id=\"bec6ba5\" data-element_type=\"column\" data-e-type=\"column\">\n\t\t\t<div class=\"elementor-widget-wrap elementor-element-populated\">\n\t\t\t\t\t\t<div class=\"elementor-element elementor-element-70f4536 elementor-widget elementor-widget-spacer\" data-id=\"70f4536\" data-element_type=\"widget\" data-e-type=\"widget\" data-widget_type=\"spacer.default\">\n\t\t\t\t\t\t\t<div class=\"elementor-spacer\">\n\t\t\t<div class=\"elementor-spacer-inner\"><\/div>\n\t\t<\/div>\n\t\t\t\t\t\t<\/div>\n\t\t\t\t\t<\/div>\n\t\t<\/div>\n\t\t\t\t\t<\/div>\n\t\t<\/section>\n\t\t\t\t<\/div>\n\t\t","protected":false},"excerpt":{"rendered":"<p>El mueble de madera. Las maderas del mueble, publicaci\u00f3n 18 con art\u00edculos sobre sostenibilidad, materias primas y recuperaci\u00f3n de mobiliario<\/p>\n","protected":false},"author":458,"featured_media":0,"parent":38830,"menu_order":0,"comment_status":"closed","ping_status":"closed","template":"","meta":{"_acf_changed":false,"footnotes":""},"class_list":["post-63249","page","type-page","status-publish","hentry"],"acf":[],"_links":{"self":[{"href":"https:\/\/www.estudidelmoble.com\/es\/wp-json\/wp\/v2\/pages\/63249","targetHints":{"allow":["GET"]}}],"collection":[{"href":"https:\/\/www.estudidelmoble.com\/es\/wp-json\/wp\/v2\/pages"}],"about":[{"href":"https:\/\/www.estudidelmoble.com\/es\/wp-json\/wp\/v2\/types\/page"}],"author":[{"embeddable":true,"href":"https:\/\/www.estudidelmoble.com\/es\/wp-json\/wp\/v2\/users\/458"}],"replies":[{"embeddable":true,"href":"https:\/\/www.estudidelmoble.com\/es\/wp-json\/wp\/v2\/comments?post=63249"}],"version-history":[{"count":0,"href":"https:\/\/www.estudidelmoble.com\/es\/wp-json\/wp\/v2\/pages\/63249\/revisions"}],"up":[{"embeddable":true,"href":"https:\/\/www.estudidelmoble.com\/es\/wp-json\/wp\/v2\/pages\/38830"}],"wp:attachment":[{"href":"https:\/\/www.estudidelmoble.com\/es\/wp-json\/wp\/v2\/media?parent=63249"}],"curies":[{"name":"wp","href":"https:\/\/api.w.org\/{rel}","templated":true}]}}