{"id":66013,"date":"2024-12-10T18:53:19","date_gmt":"2024-12-10T16:53:19","guid":{"rendered":"https:\/\/www.estudidelmoble.com\/prensa\/"},"modified":"2026-03-18T13:46:59","modified_gmt":"2026-03-18T11:46:59","slug":"prensa","status":"publish","type":"page","link":"https:\/\/www.estudidelmoble.com\/es\/prensa\/","title":{"rendered":"Prensa"},"content":{"rendered":"\t\t<div data-elementor-type=\"wp-page\" data-elementor-id=\"66013\" class=\"elementor elementor-66013 elementor-65754\" data-elementor-post-type=\"page\">\n\t\t\t\t\t\t<section class=\"elementor-section elementor-top-section elementor-element elementor-element-f275b3f elementor-section-boxed elementor-section-height-default elementor-section-height-default\" data-id=\"f275b3f\" data-element_type=\"section\" data-e-type=\"section\">\n\t\t\t\t\t\t<div class=\"elementor-container elementor-column-gap-default\">\n\t\t\t\t\t<div class=\"elementor-column elementor-col-100 elementor-top-column elementor-element elementor-element-129c1c6\" data-id=\"129c1c6\" data-element_type=\"column\" data-e-type=\"column\">\n\t\t\t<div class=\"elementor-widget-wrap elementor-element-populated\">\n\t\t\t\t\t\t<div class=\"elementor-element elementor-element-b5317aa elementor-widget elementor-widget-heading\" data-id=\"b5317aa\" data-element_type=\"widget\" data-e-type=\"widget\" data-widget_type=\"heading.default\">\n\t\t\t\t\t<h2 class=\"elementor-heading-title elementor-size-default\">Prensa<\/h2>\t\t\t\t<\/div>\n\t\t\t\t\t<\/div>\n\t\t<\/div>\n\t\t\t\t\t<\/div>\n\t\t<\/section>\n\t\t\t\t<section class=\"elementor-section elementor-top-section elementor-element elementor-element-71d4094 elementor-section-boxed elementor-section-height-default elementor-section-height-default\" data-id=\"71d4094\" data-element_type=\"section\" data-e-type=\"section\">\n\t\t\t\t\t\t<div class=\"elementor-container elementor-column-gap-default\">\n\t\t\t\t\t<div class=\"elementor-column elementor-col-100 elementor-top-column elementor-element elementor-element-a555b84\" data-id=\"a555b84\" data-element_type=\"column\" data-e-type=\"column\">\n\t\t\t<div class=\"elementor-widget-wrap elementor-element-populated\">\n\t\t\t\t\t\t<div class=\"elementor-element elementor-element-4559b759 elementor-widget elementor-widget-icon-box\" data-id=\"4559b759\" data-element_type=\"widget\" data-e-type=\"widget\" data-widget_type=\"icon-box.default\">\n\t\t\t\t\t\t\t<div class=\"elementor-icon-box-wrapper\">\n\n\t\t\t\n\t\t\t\t\t\t<div class=\"elementor-icon-box-content\">\n\n\t\t\t\t\t\t\t\t\t<h3 class=\"elementor-icon-box-title\">\n\t\t\t\t\t\t<span  >\n\t\t\t\t\t\t\tAqu\u00ed encontrar\u00e1s publicaciones sobre nuestro proyecto.\t\t\t\t\t\t<\/span>\n\t\t\t\t\t<\/h3>\n\t\t\t\t\n\t\t\t\t\n\t\t\t<\/div>\n\t\t\t\n\t\t<\/div>\n\t\t\t\t\t\t<\/div>\n\t\t\t\t\t<\/div>\n\t\t<\/div>\n\t\t\t\t\t<\/div>\n\t\t<\/section>\n\t\t\t\t<section class=\"elementor-section elementor-top-section elementor-element elementor-element-f8e56ea elementor-section-boxed elementor-section-height-default elementor-section-height-default\" data-id=\"f8e56ea\" data-element_type=\"section\" data-e-type=\"section\">\n\t\t\t\t\t\t<div class=\"elementor-container elementor-column-gap-default\">\n\t\t\t\t\t<div class=\"elementor-column elementor-col-100 elementor-top-column elementor-element elementor-element-50d7b64\" data-id=\"50d7b64\" data-element_type=\"column\" data-e-type=\"column\">\n\t\t\t<div class=\"elementor-widget-wrap elementor-element-populated\">\n\t\t\t\t\t\t<div class=\"elementor-element elementor-element-79c80ad elementor-widget elementor-widget-facebook-embed\" data-id=\"79c80ad\" data-element_type=\"widget\" data-e-type=\"widget\" data-widget_type=\"facebook-embed.default\">\n\t\t\t\t\t<div style=\"min-height: 1px\" class=\"elementor-facebook-widget fb-post\" data-href=\"https:\/\/www.dissenyhub.barcelona\/ca\/activitat\/presentacio-del-teu-bagul-la-nostra-historia\" data-show-text=\"false\"><\/div>\t\t\t\t<\/div>\n\t\t\t\t\t<\/div>\n\t\t<\/div>\n\t\t\t\t\t<\/div>\n\t\t<\/section>\n\t\t\t\t<section class=\"elementor-section elementor-top-section elementor-element elementor-element-3699841 elementor-section-content-middle elementor-section-boxed elementor-section-height-default elementor-section-height-default\" data-id=\"3699841\" data-element_type=\"section\" data-e-type=\"section\">\n\t\t\t\t\t\t<div class=\"elementor-container elementor-column-gap-no\">\n\t\t\t\t\t<div class=\"elementor-column elementor-col-33 elementor-top-column elementor-element elementor-element-973c5df\" data-id=\"973c5df\" data-element_type=\"column\" data-e-type=\"column\">\n\t\t\t<div class=\"elementor-widget-wrap elementor-element-populated\">\n\t\t\t\t\t\t<div class=\"elementor-element elementor-element-03147b4 elementor-widget__width-initial elementor-widget elementor-widget-image\" data-id=\"03147b4\" data-element_type=\"widget\" data-e-type=\"widget\" data-widget_type=\"image.default\">\n\t\t\t\t\t\t\t\t\t\t\t\t\t\t\t<img decoding=\"async\" width=\"300\" height=\"88\" src=\"https:\/\/www.estudidelmoble.com\/wp-content\/uploads\/2026\/03\/Captura-de-pantalla-2026-03-18-123818-300x88.png\" class=\"attachment-medium size-medium wp-image-74418\" alt=\"\" srcset=\"https:\/\/www.estudidelmoble.com\/wp-content\/uploads\/2026\/03\/Captura-de-pantalla-2026-03-18-123818-300x88.png 300w, https:\/\/www.estudidelmoble.com\/wp-content\/uploads\/2026\/03\/Captura-de-pantalla-2026-03-18-123818.png 386w\" sizes=\"(max-width: 300px) 100vw, 300px\" \/>\t\t\t\t\t\t\t\t\t\t\t\t\t\t\t<\/div>\n\t\t\t\t\t<\/div>\n\t\t<\/div>\n\t\t\t\t<div class=\"elementor-column elementor-col-66 elementor-top-column elementor-element elementor-element-9dc4ea1\" data-id=\"9dc4ea1\" data-element_type=\"column\" data-e-type=\"column\">\n\t\t\t<div class=\"elementor-widget-wrap elementor-element-populated\">\n\t\t\t\t\t\t<div class=\"elementor-element elementor-element-74e871d elementor-widget__width-initial elementor-widget elementor-widget-text-editor\" data-id=\"74e871d\" data-element_type=\"widget\" data-e-type=\"widget\" data-widget_type=\"text-editor.default\">\n\t\t\t\t\t\t\t\t\t<p>\u201cDia Cr\u00edtic. Caixes, baguls i cofres: tot un m\u00f3n per a descobrir!\u00bb. R\u00e0dio Montblanc, 18 de marzo de 2026. <a href=\"https:\/\/www.radiomontblanc.cat\/podcasts\/dia-critic\/radiomontblanc_podcast_3511\/\" target=\"_blank\" rel=\"noopener\">https:\/\/www.radiomontblanc.cat\/podcasts\/dia-critic\/radiomontblanc_podcast_3511\/<\/a><\/p>\n\t\t\t\t\t\t\t\t<\/div>\n\t\t\t\t\t<\/div>\n\t\t<\/div>\n\t\t\t\t\t<\/div>\n\t\t<\/section>\n\t\t\t\t<section class=\"elementor-section elementor-top-section elementor-element elementor-element-70cf259 elementor-section-content-middle elementor-section-boxed elementor-section-height-default elementor-section-height-default\" data-id=\"70cf259\" data-element_type=\"section\" data-e-type=\"section\">\n\t\t\t\t\t\t<div class=\"elementor-container elementor-column-gap-no\">\n\t\t\t\t\t<div class=\"elementor-column elementor-col-33 elementor-top-column elementor-element elementor-element-ad89963\" data-id=\"ad89963\" data-element_type=\"column\" data-e-type=\"column\">\n\t\t\t<div class=\"elementor-widget-wrap elementor-element-populated\">\n\t\t\t\t\t\t<div class=\"elementor-element elementor-element-0fd8f1a elementor-widget__width-initial elementor-widget elementor-widget-image\" data-id=\"0fd8f1a\" data-element_type=\"widget\" data-e-type=\"widget\" data-widget_type=\"image.default\">\n\t\t\t\t\t\t\t\t\t\t\t\t\t\t\t<img decoding=\"async\" width=\"300\" height=\"112\" src=\"https:\/\/www.estudidelmoble.com\/wp-content\/uploads\/2026\/02\/logo_web-300x112.png\" class=\"attachment-medium size-medium wp-image-73988\" alt=\"\" srcset=\"https:\/\/www.estudidelmoble.com\/wp-content\/uploads\/2026\/02\/logo_web-300x112.png 300w, https:\/\/www.estudidelmoble.com\/wp-content\/uploads\/2026\/02\/logo_web.png 527w\" sizes=\"(max-width: 300px) 100vw, 300px\" \/>\t\t\t\t\t\t\t\t\t\t\t\t\t\t\t<\/div>\n\t\t\t\t\t<\/div>\n\t\t<\/div>\n\t\t\t\t<div class=\"elementor-column elementor-col-66 elementor-top-column elementor-element elementor-element-15e10ed\" data-id=\"15e10ed\" data-element_type=\"column\" data-e-type=\"column\">\n\t\t\t<div class=\"elementor-widget-wrap elementor-element-populated\">\n\t\t\t\t\t\t<div class=\"elementor-element elementor-element-dee22e3 elementor-widget__width-initial elementor-widget elementor-widget-text-editor\" data-id=\"dee22e3\" data-element_type=\"widget\" data-e-type=\"widget\" data-widget_type=\"text-editor.default\">\n\t\t\t\t\t\t\t\t\t<p>\u201cEntrevista a la N\u00faria Usl\u00e9 conservadora i restauradora de Pintura i de Moble Hist\u00f2ric-ambaixadora del Baix Llobregat en el projecte El teu Bagul\u00bb. rtv10.cat , 9 de febrero de 2026.<br data-start=\"179\" data-end=\"182\" \/><a href=\"https:\/\/www.rtv10.cat\/programs\/fq-lentrevista-local\/radiosantesteve_podcast_5708?ref=wa\" target=\"_blank\" rel=\"noopener\">https:\/\/www.rtv10.cat\/programs\/fq-lentrevista-local\/radiosantesteve_podcast_5708?ref=wa<\/a><\/p>\n\t\t\t\t\t\t\t\t<\/div>\n\t\t\t\t\t<\/div>\n\t\t<\/div>\n\t\t\t\t\t<\/div>\n\t\t<\/section>\n\t\t\t\t<section class=\"elementor-section elementor-top-section elementor-element elementor-element-21f94b2 elementor-section-content-middle elementor-section-boxed elementor-section-height-default elementor-section-height-default\" data-id=\"21f94b2\" data-element_type=\"section\" data-e-type=\"section\">\n\t\t\t\t\t\t<div class=\"elementor-container elementor-column-gap-no\">\n\t\t\t\t\t<div class=\"elementor-column elementor-col-33 elementor-top-column elementor-element elementor-element-2c8ad39\" data-id=\"2c8ad39\" data-element_type=\"column\" data-e-type=\"column\">\n\t\t\t<div class=\"elementor-widget-wrap elementor-element-populated\">\n\t\t\t\t\t\t<div class=\"elementor-element elementor-element-a3a28d3 elementor-widget__width-initial elementor-widget elementor-widget-image\" data-id=\"a3a28d3\" data-element_type=\"widget\" data-e-type=\"widget\" data-widget_type=\"image.default\">\n\t\t\t\t\t\t\t\t\t\t\t\t\t\t\t<img fetchpriority=\"high\" decoding=\"async\" width=\"268\" height=\"188\" src=\"https:\/\/www.estudidelmoble.com\/wp-content\/uploads\/2026\/01\/descarga.png\" class=\"attachment-medium size-medium wp-image-73333\" alt=\"\" \/>\t\t\t\t\t\t\t\t\t\t\t\t\t\t\t<\/div>\n\t\t\t\t\t<\/div>\n\t\t<\/div>\n\t\t\t\t<div class=\"elementor-column elementor-col-66 elementor-top-column elementor-element elementor-element-04c318f\" data-id=\"04c318f\" data-element_type=\"column\" data-e-type=\"column\">\n\t\t\t<div class=\"elementor-widget-wrap elementor-element-populated\">\n\t\t\t\t\t\t<div class=\"elementor-element elementor-element-930eb79 elementor-widget__width-initial elementor-widget elementor-widget-text-editor\" data-id=\"930eb79\" data-element_type=\"widget\" data-e-type=\"widget\" data-widget_type=\"text-editor.default\">\n\t\t\t\t\t\t\t\t\t<p>\u201cUna iniciativa pionera digital cataloga arcas, ba\u00fales y cofres antiguos\u201d. El obrero, 12 de enero de 2026.<br data-start=\"179\" data-end=\"182\" \/><a href=\"https:\/\/elobrero.es\/component\/k2\/177888-una-iniciativa-pionera-digital-cataloga-desde-barcelona-arcas-baules-y-cofres-antiguos.html\" target=\"_blank\" rel=\"noopener\">https:\/\/elobrero.es\/component\/k2\/177888-una-iniciativa-pionera-digital-cataloga-desde-barcelona-arcas-baules-y-cofres-antiguos.html<\/a><\/p>\n\t\t\t\t\t\t\t\t<\/div>\n\t\t\t\t\t<\/div>\n\t\t<\/div>\n\t\t\t\t\t<\/div>\n\t\t<\/section>\n\t\t\t\t<section class=\"elementor-section elementor-top-section elementor-element elementor-element-1726c39 elementor-section-content-middle elementor-section-boxed elementor-section-height-default elementor-section-height-default\" data-id=\"1726c39\" data-element_type=\"section\" data-e-type=\"section\">\n\t\t\t\t\t\t<div class=\"elementor-container elementor-column-gap-no\">\n\t\t\t\t\t<div class=\"elementor-column elementor-col-33 elementor-top-column elementor-element elementor-element-e6b4e04\" data-id=\"e6b4e04\" data-element_type=\"column\" data-e-type=\"column\">\n\t\t\t<div class=\"elementor-widget-wrap elementor-element-populated\">\n\t\t\t\t\t\t<div class=\"elementor-element elementor-element-ba91289 elementor-widget__width-initial elementor-widget elementor-widget-image\" data-id=\"ba91289\" data-element_type=\"widget\" data-e-type=\"widget\" data-widget_type=\"image.default\">\n\t\t\t\t\t\t\t\t\t\t\t\t\t\t\t<img loading=\"lazy\" decoding=\"async\" width=\"300\" height=\"180\" src=\"https:\/\/www.estudidelmoble.com\/wp-content\/uploads\/2026\/01\/nuevo-logo-oficial-prueba-web-1200x720-1-300x180.jpeg\" class=\"attachment-medium size-medium wp-image-73334\" alt=\"\" srcset=\"https:\/\/www.estudidelmoble.com\/wp-content\/uploads\/2026\/01\/nuevo-logo-oficial-prueba-web-1200x720-1-300x180.jpeg 300w, https:\/\/www.estudidelmoble.com\/wp-content\/uploads\/2026\/01\/nuevo-logo-oficial-prueba-web-1200x720-1-1024x614.jpeg 1024w, https:\/\/www.estudidelmoble.com\/wp-content\/uploads\/2026\/01\/nuevo-logo-oficial-prueba-web-1200x720-1-768x461.jpeg 768w, https:\/\/www.estudidelmoble.com\/wp-content\/uploads\/2026\/01\/nuevo-logo-oficial-prueba-web-1200x720-1-600x360.jpeg 600w, https:\/\/www.estudidelmoble.com\/wp-content\/uploads\/2026\/01\/nuevo-logo-oficial-prueba-web-1200x720-1.jpeg 1200w\" sizes=\"(max-width: 300px) 100vw, 300px\" \/>\t\t\t\t\t\t\t\t\t\t\t\t\t\t\t<\/div>\n\t\t\t\t\t<\/div>\n\t\t<\/div>\n\t\t\t\t<div class=\"elementor-column elementor-col-66 elementor-top-column elementor-element elementor-element-724eae5\" data-id=\"724eae5\" data-element_type=\"column\" data-e-type=\"column\">\n\t\t\t<div class=\"elementor-widget-wrap elementor-element-populated\">\n\t\t\t\t\t\t<div class=\"elementor-element elementor-element-186047b elementor-widget__width-initial elementor-widget elementor-widget-text-editor\" data-id=\"186047b\" data-element_type=\"widget\" data-e-type=\"widget\" data-widget_type=\"text-editor.default\">\n\t\t\t\t\t\t\t\t\t<p>\u201cUna iniciativa pionera digital cataloga arcas, ba\u00fales y cofres antiguos\u201d. EFE.com, 11 de enero de 2026.<br data-start=\"179\" data-end=\"182\" \/><a class=\"decorated-link\" href=\"https:\/\/efe.com\/cataluna\/2026-01-11\/catalogo-arcas-baules-cofres-antiguos-mobiliario\/\" target=\"_new\" rel=\"noopener\" data-start=\"182\" data-end=\"267\" data-is-last-node=\"\">https:\/\/efe.com\/cataluna\/2026-01-11\/catalogo-arcas-baules-cofres-antiguos-mobiliario\/<\/a><\/p>\n\t\t\t\t\t\t\t\t<\/div>\n\t\t\t\t\t<\/div>\n\t\t<\/div>\n\t\t\t\t\t<\/div>\n\t\t<\/section>\n\t\t\t\t<section class=\"elementor-section elementor-top-section elementor-element elementor-element-59f7302 elementor-section-content-middle elementor-section-boxed elementor-section-height-default elementor-section-height-default\" data-id=\"59f7302\" data-element_type=\"section\" data-e-type=\"section\">\n\t\t\t\t\t\t<div class=\"elementor-container elementor-column-gap-no\">\n\t\t\t\t\t<div class=\"elementor-column elementor-col-33 elementor-top-column elementor-element elementor-element-08be867\" data-id=\"08be867\" data-element_type=\"column\" data-e-type=\"column\">\n\t\t\t<div class=\"elementor-widget-wrap elementor-element-populated\">\n\t\t\t\t\t\t<div class=\"elementor-element elementor-element-6dabee7 elementor-widget__width-initial elementor-widget elementor-widget-image\" data-id=\"6dabee7\" data-element_type=\"widget\" data-e-type=\"widget\" data-widget_type=\"image.default\">\n\t\t\t\t\t\t\t\t\t\t\t\t\t\t\t<img loading=\"lazy\" decoding=\"async\" width=\"300\" height=\"169\" src=\"https:\/\/www.estudidelmoble.com\/wp-content\/uploads\/2026\/01\/1003742712574_15469751_1920x1080-300x169.jpg\" class=\"attachment-medium size-medium wp-image-73335\" alt=\"\" srcset=\"https:\/\/www.estudidelmoble.com\/wp-content\/uploads\/2026\/01\/1003742712574_15469751_1920x1080-300x169.jpg 300w, https:\/\/www.estudidelmoble.com\/wp-content\/uploads\/2026\/01\/1003742712574_15469751_1920x1080-1024x576.jpg 1024w, https:\/\/www.estudidelmoble.com\/wp-content\/uploads\/2026\/01\/1003742712574_15469751_1920x1080-768x432.jpg 768w, https:\/\/www.estudidelmoble.com\/wp-content\/uploads\/2026\/01\/1003742712574_15469751_1920x1080-1536x864.jpg 1536w, https:\/\/www.estudidelmoble.com\/wp-content\/uploads\/2026\/01\/1003742712574_15469751_1920x1080-600x338.jpg 600w, https:\/\/www.estudidelmoble.com\/wp-content\/uploads\/2026\/01\/1003742712574_15469751_1920x1080.jpg 1920w\" sizes=\"(max-width: 300px) 100vw, 300px\" \/>\t\t\t\t\t\t\t\t\t\t\t\t\t\t\t<\/div>\n\t\t\t\t\t<\/div>\n\t\t<\/div>\n\t\t\t\t<div class=\"elementor-column elementor-col-66 elementor-top-column elementor-element elementor-element-8bcaf7d\" data-id=\"8bcaf7d\" data-element_type=\"column\" data-e-type=\"column\">\n\t\t\t<div class=\"elementor-widget-wrap elementor-element-populated\">\n\t\t\t\t\t\t<div class=\"elementor-element elementor-element-e5ffc40 elementor-widget__width-initial elementor-widget elementor-widget-text-editor\" data-id=\"e5ffc40\" data-element_type=\"widget\" data-e-type=\"widget\" data-widget_type=\"text-editor.default\">\n\t\t\t\t\t\t\t\t\t<p>\u201cUna iniciativa digital pionera cataloga arcas, ba\u00fales y cofres catalanes antiguos\u201d. Cr\u00f3nica Global, 10 de enero de 2026.<br data-start=\"251\" data-end=\"254\" \/><a class=\"decorated-link\" href=\"https:\/\/cronicaglobal.elespanol.com\/vida\/20260110\/iniciativa-digital-pionera-cataloga-baules-catalanes-antiguos\/1003742722225_0.html?utm_source=chatgpt.com\" target=\"_new\" rel=\"noopener\" data-start=\"254\" data-end=\"386\" data-is-last-node=\"\">https:\/\/cronicaglobal.elespanol.com\/vida\/20260110\/iniciativa-digital-pionera-cataloga-baules-catalanes-antiguos\/1003742722225_0.html<\/a><\/p>\n\t\t\t\t\t\t\t\t<\/div>\n\t\t\t\t\t<\/div>\n\t\t<\/div>\n\t\t\t\t\t<\/div>\n\t\t<\/section>\n\t\t\t\t<section class=\"elementor-section elementor-top-section elementor-element elementor-element-4e2746a elementor-section-content-middle elementor-section-boxed elementor-section-height-default elementor-section-height-default\" data-id=\"4e2746a\" data-element_type=\"section\" data-e-type=\"section\">\n\t\t\t\t\t\t<div class=\"elementor-container elementor-column-gap-no\">\n\t\t\t\t\t<div class=\"elementor-column elementor-col-33 elementor-top-column elementor-element elementor-element-07fd011\" data-id=\"07fd011\" data-element_type=\"column\" data-e-type=\"column\">\n\t\t\t<div class=\"elementor-widget-wrap elementor-element-populated\">\n\t\t\t\t\t\t<div class=\"elementor-element elementor-element-13fd1ab elementor-widget__width-initial elementor-widget elementor-widget-image\" data-id=\"13fd1ab\" data-element_type=\"widget\" data-e-type=\"widget\" data-widget_type=\"image.default\">\n\t\t\t\t\t\t\t\t\t\t\t\t\t\t\t<img loading=\"lazy\" decoding=\"async\" width=\"300\" height=\"171\" src=\"https:\/\/www.estudidelmoble.com\/wp-content\/uploads\/2025\/12\/Logo-Ara-Ok-300x171.png\" class=\"attachment-medium size-medium wp-image-72989\" alt=\"\" srcset=\"https:\/\/www.estudidelmoble.com\/wp-content\/uploads\/2025\/12\/Logo-Ara-Ok-300x171.png 300w, https:\/\/www.estudidelmoble.com\/wp-content\/uploads\/2025\/12\/Logo-Ara-Ok-768x437.png 768w, https:\/\/www.estudidelmoble.com\/wp-content\/uploads\/2025\/12\/Logo-Ara-Ok-600x341.png 600w, https:\/\/www.estudidelmoble.com\/wp-content\/uploads\/2025\/12\/Logo-Ara-Ok.png 788w\" sizes=\"(max-width: 300px) 100vw, 300px\" \/>\t\t\t\t\t\t\t\t\t\t\t\t\t\t\t<\/div>\n\t\t\t\t\t<\/div>\n\t\t<\/div>\n\t\t\t\t<div class=\"elementor-column elementor-col-66 elementor-top-column elementor-element elementor-element-bbe8e75\" data-id=\"bbe8e75\" data-element_type=\"column\" data-e-type=\"column\">\n\t\t\t<div class=\"elementor-widget-wrap elementor-element-populated\">\n\t\t\t\t\t\t<div class=\"elementor-element elementor-element-440149d elementor-widget__width-initial elementor-widget elementor-widget-text-editor\" data-id=\"440149d\" data-element_type=\"widget\" data-e-type=\"widget\" data-widget_type=\"text-editor.default\">\n\t\t\t\t\t\t\t\t\t<p>\u00abInventari digital participatiu: El teu bagul, la nostra hist\u00f2ria\u00bb. Diari ARA, 7 de noviembre de 2025. <a href=\"https:\/\/www.estudidelmoble.com\/wp-content\/uploads\/2025\/12\/DiariAra7Novembre2025.pdf\">https:\/\/www.estudidelmoble.com\/wp-content\/uploads\/2025\/12\/DiariAra7Novembre2025.pdf<\/a><\/p>\n\t\t\t\t\t\t\t\t<\/div>\n\t\t\t\t\t<\/div>\n\t\t<\/div>\n\t\t\t\t\t<\/div>\n\t\t<\/section>\n\t\t\t\t<section class=\"elementor-section elementor-top-section elementor-element elementor-element-f111969 elementor-section-content-middle elementor-section-boxed elementor-section-height-default elementor-section-height-default\" data-id=\"f111969\" data-element_type=\"section\" data-e-type=\"section\">\n\t\t\t\t\t\t<div class=\"elementor-container elementor-column-gap-no\">\n\t\t\t\t\t<div class=\"elementor-column elementor-col-33 elementor-top-column elementor-element elementor-element-d68f5e5\" data-id=\"d68f5e5\" data-element_type=\"column\" data-e-type=\"column\">\n\t\t\t<div class=\"elementor-widget-wrap elementor-element-populated\">\n\t\t\t\t\t\t<div class=\"elementor-element elementor-element-0fcee45 elementor-widget__width-initial elementor-widget elementor-widget-image\" data-id=\"0fcee45\" data-element_type=\"widget\" data-e-type=\"widget\" data-widget_type=\"image.default\">\n\t\t\t\t\t\t\t\t\t\t\t\t\t\t\t<img loading=\"lazy\" decoding=\"async\" width=\"300\" height=\"141\" src=\"https:\/\/www.estudidelmoble.com\/wp-content\/uploads\/2026\/01\/radio-arenys-imagotip-color_z9Obihv-300x141.png\" class=\"attachment-medium size-medium wp-image-73336\" alt=\"\" srcset=\"https:\/\/www.estudidelmoble.com\/wp-content\/uploads\/2026\/01\/radio-arenys-imagotip-color_z9Obihv-300x141.png 300w, https:\/\/www.estudidelmoble.com\/wp-content\/uploads\/2026\/01\/radio-arenys-imagotip-color_z9Obihv-1024x480.png 1024w, https:\/\/www.estudidelmoble.com\/wp-content\/uploads\/2026\/01\/radio-arenys-imagotip-color_z9Obihv-768x360.png 768w, https:\/\/www.estudidelmoble.com\/wp-content\/uploads\/2026\/01\/radio-arenys-imagotip-color_z9Obihv-600x281.png 600w, https:\/\/www.estudidelmoble.com\/wp-content\/uploads\/2026\/01\/radio-arenys-imagotip-color_z9Obihv.png 1280w\" sizes=\"(max-width: 300px) 100vw, 300px\" \/>\t\t\t\t\t\t\t\t\t\t\t\t\t\t\t<\/div>\n\t\t\t\t\t<\/div>\n\t\t<\/div>\n\t\t\t\t<div class=\"elementor-column elementor-col-66 elementor-top-column elementor-element elementor-element-a6664cf\" data-id=\"a6664cf\" data-element_type=\"column\" data-e-type=\"column\">\n\t\t\t<div class=\"elementor-widget-wrap elementor-element-populated\">\n\t\t\t\t\t\t<div class=\"elementor-element elementor-element-b2b2c43 elementor-widget__width-initial elementor-widget elementor-widget-text-editor\" data-id=\"b2b2c43\" data-element_type=\"widget\" data-e-type=\"widget\" data-widget_type=\"text-editor.default\">\n\t\t\t\t\t\t\t\t\t<p>\u00abL\u2019Associaci\u00f3 del Moble presenta el projecte \u2018El teu bagul, la nostra hist\u00f2ria\u2019 a Arenys de Mar\u00bb. R\u00e0dio Arenys, 19 de noviembre de 2025. <a href=\"https:\/\/www.radioarenys.cat\/news\/id\/radioarenysdemar_news_20472\" target=\"_blank\" rel=\"noopener\">https:\/\/www.radioarenys.cat\/news\/id\/radioarenysdemar_news_20472\u00a0<\/a><\/p>\n\t\t\t\t\t\t\t\t<\/div>\n\t\t\t\t\t<\/div>\n\t\t<\/div>\n\t\t\t\t\t<\/div>\n\t\t<\/section>\n\t\t\t\t<section class=\"elementor-section elementor-top-section elementor-element elementor-element-7c06745 elementor-section-content-middle elementor-section-boxed elementor-section-height-default elementor-section-height-default\" data-id=\"7c06745\" data-element_type=\"section\" data-e-type=\"section\">\n\t\t\t\t\t\t<div class=\"elementor-container elementor-column-gap-no\">\n\t\t\t\t\t<div class=\"elementor-column elementor-col-33 elementor-top-column elementor-element elementor-element-09e66fd\" data-id=\"09e66fd\" data-element_type=\"column\" data-e-type=\"column\">\n\t\t\t<div class=\"elementor-widget-wrap elementor-element-populated\">\n\t\t\t\t\t\t<div class=\"elementor-element elementor-element-14c8cd2 elementor-widget__width-initial elementor-widget elementor-widget-image\" data-id=\"14c8cd2\" data-element_type=\"widget\" data-e-type=\"widget\" data-widget_type=\"image.default\">\n\t\t\t\t\t\t\t\t\t\t\t\t\t\t\t<img loading=\"lazy\" decoding=\"async\" width=\"300\" height=\"114\" src=\"https:\/\/www.estudidelmoble.com\/wp-content\/uploads\/2025\/10\/logo-diari-segre-web-300x114.png\" class=\"attachment-medium size-medium wp-image-72018\" alt=\"\" srcset=\"https:\/\/www.estudidelmoble.com\/wp-content\/uploads\/2025\/10\/logo-diari-segre-web-300x114.png 300w, https:\/\/www.estudidelmoble.com\/wp-content\/uploads\/2025\/10\/logo-diari-segre-web-600x228.png 600w, https:\/\/www.estudidelmoble.com\/wp-content\/uploads\/2025\/10\/logo-diari-segre-web.png 750w\" sizes=\"(max-width: 300px) 100vw, 300px\" \/>\t\t\t\t\t\t\t\t\t\t\t\t\t\t\t<\/div>\n\t\t\t\t\t<\/div>\n\t\t<\/div>\n\t\t\t\t<div class=\"elementor-column elementor-col-66 elementor-top-column elementor-element elementor-element-9780cd9\" data-id=\"9780cd9\" data-element_type=\"column\" data-e-type=\"column\">\n\t\t\t<div class=\"elementor-widget-wrap elementor-element-populated\">\n\t\t\t\t\t\t<div class=\"elementor-element elementor-element-eac624d elementor-widget__width-initial elementor-widget elementor-widget-text-editor\" data-id=\"eac624d\" data-element_type=\"widget\" data-e-type=\"widget\" data-widget_type=\"text-editor.default\">\n\t\t\t\t\t\t\t\t\t<p>\u00abInventari digital de les \u2018caixes de Lleida\u2019 per documentar-ne el valor hist\u00f2ric\u00bb. Segre.com\/guia , 29 de octubre de 2025. En papel. <a href=\"https:\/\/www.estudidelmoble.com\/wp-content\/uploads\/2025\/12\/WhatsApp-Image-2025-10-29-at-09.12.21.jpeg\">https:\/\/www.estudidelmoble.com\/wp-content\/uploads\/2025\/12\/WhatsApp-Image-2025-10-29-at-09.12.21.jpeg<\/a><\/p>\n\t\t\t\t\t\t\t\t<\/div>\n\t\t\t\t\t<\/div>\n\t\t<\/div>\n\t\t\t\t\t<\/div>\n\t\t<\/section>\n\t\t\t\t<section class=\"elementor-section elementor-top-section elementor-element elementor-element-f643601 elementor-section-content-middle elementor-section-boxed elementor-section-height-default elementor-section-height-default\" data-id=\"f643601\" data-element_type=\"section\" data-e-type=\"section\">\n\t\t\t\t\t\t<div class=\"elementor-container elementor-column-gap-no\">\n\t\t\t\t\t<div class=\"elementor-column elementor-col-33 elementor-top-column elementor-element elementor-element-9317831\" data-id=\"9317831\" data-element_type=\"column\" data-e-type=\"column\">\n\t\t\t<div class=\"elementor-widget-wrap elementor-element-populated\">\n\t\t\t\t\t\t<div class=\"elementor-element elementor-element-0f8f8ed elementor-widget__width-initial elementor-widget elementor-widget-image\" data-id=\"0f8f8ed\" data-element_type=\"widget\" data-e-type=\"widget\" data-widget_type=\"image.default\">\n\t\t\t\t\t\t\t\t\t\t\t\t\t\t\t<img loading=\"lazy\" decoding=\"async\" width=\"300\" height=\"114\" src=\"https:\/\/www.estudidelmoble.com\/wp-content\/uploads\/2025\/10\/logo-diari-segre-web-300x114.png\" class=\"attachment-medium size-medium wp-image-72018\" alt=\"\" srcset=\"https:\/\/www.estudidelmoble.com\/wp-content\/uploads\/2025\/10\/logo-diari-segre-web-300x114.png 300w, https:\/\/www.estudidelmoble.com\/wp-content\/uploads\/2025\/10\/logo-diari-segre-web-600x228.png 600w, https:\/\/www.estudidelmoble.com\/wp-content\/uploads\/2025\/10\/logo-diari-segre-web.png 750w\" sizes=\"(max-width: 300px) 100vw, 300px\" \/>\t\t\t\t\t\t\t\t\t\t\t\t\t\t\t<\/div>\n\t\t\t\t\t<\/div>\n\t\t<\/div>\n\t\t\t\t<div class=\"elementor-column elementor-col-66 elementor-top-column elementor-element elementor-element-b6c5a65\" data-id=\"b6c5a65\" data-element_type=\"column\" data-e-type=\"column\">\n\t\t\t<div class=\"elementor-widget-wrap elementor-element-populated\">\n\t\t\t\t\t\t<div class=\"elementor-element elementor-element-a820b82 elementor-widget__width-initial elementor-widget elementor-widget-text-editor\" data-id=\"a820b82\" data-element_type=\"widget\" data-e-type=\"widget\" data-widget_type=\"text-editor.default\">\n\t\t\t\t\t\t\t\t\t<p>\u00abInventari digital de les \u2018caixes de Lleida\u2019 per documentar-ne el valor hist\u00f2ric\u00bb. Segre.com, 29 de octubre de 2025. <a href=\"https:\/\/www.segre.com\/ca\/societat\/251029\/inventari-digital-les-caixes-lleida-per-documentar-ne-valor-historic_1001670.html\" target=\"_blank\" rel=\"noopener\">https:\/\/www.segre.com\/ca\/societat\/251029\/inventari-digital-les-caixes-lleida-per-documentar-ne-valor-historic_1001670.html<\/a><\/p>\n\t\t\t\t\t\t\t\t<\/div>\n\t\t\t\t\t<\/div>\n\t\t<\/div>\n\t\t\t\t\t<\/div>\n\t\t<\/section>\n\t\t\t\t<section class=\"elementor-section elementor-top-section elementor-element elementor-element-c25a8b8 elementor-section-content-middle elementor-section-boxed elementor-section-height-default elementor-section-height-default\" data-id=\"c25a8b8\" data-element_type=\"section\" data-e-type=\"section\">\n\t\t\t\t\t\t<div class=\"elementor-container elementor-column-gap-no\">\n\t\t\t\t\t<div class=\"elementor-column elementor-col-33 elementor-top-column elementor-element elementor-element-1b55ea2\" data-id=\"1b55ea2\" data-element_type=\"column\" data-e-type=\"column\">\n\t\t\t<div class=\"elementor-widget-wrap elementor-element-populated\">\n\t\t\t\t\t\t<div class=\"elementor-element elementor-element-c231663 elementor-widget__width-initial elementor-widget elementor-widget-image\" data-id=\"c231663\" data-element_type=\"widget\" data-e-type=\"widget\" data-widget_type=\"image.default\">\n\t\t\t\t\t\t\t\t\t\t\t\t\t\t\t<img loading=\"lazy\" decoding=\"async\" width=\"300\" height=\"66\" src=\"https:\/\/www.estudidelmoble.com\/wp-content\/uploads\/2025\/09\/Logo_Cronica_Global.svg-300x66.png\" class=\"attachment-medium size-medium wp-image-70658\" alt=\"\" srcset=\"https:\/\/www.estudidelmoble.com\/wp-content\/uploads\/2025\/09\/Logo_Cronica_Global.svg-300x66.png 300w, https:\/\/www.estudidelmoble.com\/wp-content\/uploads\/2025\/09\/Logo_Cronica_Global.svg-1024x226.png 1024w, https:\/\/www.estudidelmoble.com\/wp-content\/uploads\/2025\/09\/Logo_Cronica_Global.svg-768x169.png 768w, https:\/\/www.estudidelmoble.com\/wp-content\/uploads\/2025\/09\/Logo_Cronica_Global.svg-1536x338.png 1536w, https:\/\/www.estudidelmoble.com\/wp-content\/uploads\/2025\/09\/Logo_Cronica_Global.svg-2048x451.png 2048w, https:\/\/www.estudidelmoble.com\/wp-content\/uploads\/2025\/09\/Logo_Cronica_Global.svg-600x132.png 600w\" sizes=\"(max-width: 300px) 100vw, 300px\" \/>\t\t\t\t\t\t\t\t\t\t\t\t\t\t\t<\/div>\n\t\t\t\t\t<\/div>\n\t\t<\/div>\n\t\t\t\t<div class=\"elementor-column elementor-col-66 elementor-top-column elementor-element elementor-element-86f47cb\" data-id=\"86f47cb\" data-element_type=\"column\" data-e-type=\"column\">\n\t\t\t<div class=\"elementor-widget-wrap elementor-element-populated\">\n\t\t\t\t\t\t<div class=\"elementor-element elementor-element-3902f2f elementor-widget__width-initial elementor-widget elementor-widget-text-editor\" data-id=\"3902f2f\" data-element_type=\"widget\" data-e-type=\"widget\" data-widget_type=\"text-editor.default\">\n\t\t\t\t\t\t\t\t\t<p>\u00abBa\u00fales con memoria: el inventario que rescata cajas antiguas de los hogares catalanes\u00bb. Cronicaglobal.elespanol.com, 18 de agosto de 2025. <a href=\"https:\/\/cronicaglobal.elespanol.com\/vida\/20250817\/baules-memoria-inventario-rescata-antiguas-hogares-catalanes\/1003742682006_0.html\" target=\"_blank\" rel=\"noopener\">https:\/\/cronicaglobal.elespanol.com\/vida\/20250817\/baules-memoria-inventario-rescata-antiguas-hogares-catalanes\/1003742682006_0.html\u00a0<\/a><\/p>\n\t\t\t\t\t\t\t\t<\/div>\n\t\t\t\t\t<\/div>\n\t\t<\/div>\n\t\t\t\t\t<\/div>\n\t\t<\/section>\n\t\t\t\t<section class=\"elementor-section elementor-top-section elementor-element elementor-element-f2284bb elementor-section-content-middle elementor-section-boxed elementor-section-height-default elementor-section-height-default\" data-id=\"f2284bb\" data-element_type=\"section\" data-e-type=\"section\">\n\t\t\t\t\t\t<div class=\"elementor-container elementor-column-gap-no\">\n\t\t\t\t\t<div class=\"elementor-column elementor-col-33 elementor-top-column elementor-element elementor-element-c27c149\" data-id=\"c27c149\" data-element_type=\"column\" data-e-type=\"column\">\n\t\t\t<div class=\"elementor-widget-wrap elementor-element-populated\">\n\t\t\t\t\t\t<div class=\"elementor-element elementor-element-23687e2 elementor-widget__width-initial elementor-widget elementor-widget-image\" data-id=\"23687e2\" data-element_type=\"widget\" data-e-type=\"widget\" data-widget_type=\"image.default\">\n\t\t\t\t\t\t\t\t\t\t\t\t\t\t\t<img loading=\"lazy\" decoding=\"async\" width=\"300\" height=\"169\" src=\"https:\/\/www.estudidelmoble.com\/wp-content\/uploads\/2025\/07\/maxresdefault-300x169.jpg\" class=\"attachment-medium size-medium wp-image-70192\" alt=\"\" srcset=\"https:\/\/www.estudidelmoble.com\/wp-content\/uploads\/2025\/07\/maxresdefault-300x169.jpg 300w, https:\/\/www.estudidelmoble.com\/wp-content\/uploads\/2025\/07\/maxresdefault-1024x576.jpg 1024w, https:\/\/www.estudidelmoble.com\/wp-content\/uploads\/2025\/07\/maxresdefault-768x432.jpg 768w, https:\/\/www.estudidelmoble.com\/wp-content\/uploads\/2025\/07\/maxresdefault-600x338.jpg 600w, https:\/\/www.estudidelmoble.com\/wp-content\/uploads\/2025\/07\/maxresdefault.jpg 1280w\" sizes=\"(max-width: 300px) 100vw, 300px\" \/>\t\t\t\t\t\t\t\t\t\t\t\t\t\t\t<\/div>\n\t\t\t\t\t<\/div>\n\t\t<\/div>\n\t\t\t\t<div class=\"elementor-column elementor-col-66 elementor-top-column elementor-element elementor-element-fc72f03\" data-id=\"fc72f03\" data-element_type=\"column\" data-e-type=\"column\">\n\t\t\t<div class=\"elementor-widget-wrap elementor-element-populated\">\n\t\t\t\t\t\t<div class=\"elementor-element elementor-element-5b01470 elementor-widget__width-initial elementor-widget elementor-widget-text-editor\" data-id=\"5b01470\" data-element_type=\"widget\" data-e-type=\"widget\" data-widget_type=\"text-editor.default\">\n\t\t\t\t\t\t\t\t\t<p>\u00abTu ba\u00fal, nuestra historia&#8217;, el inventario digital para catalogar las cajas antiguas en Catalu\u00f1a: \u00abSon testigo de vivencias\u201d. Telecinco.es, 27 de julio de 2025.\u00a0 <a href=\"https:\/\/www.telecinco.es\/noticias\/catalunya\/20250727\/crean-inventario-digital-catalogar-baul-cajas-antiguas_18_016198109.html\" target=\"_blank\" rel=\"noopener\">https:\/\/www.telecinco.es\/noticias\/catalunya\/20250727\/crean-inventario-digital-catalogar-baul-cajas-antiguas_18_016198109.html<\/a><\/p>\n\t\t\t\t\t\t\t\t<\/div>\n\t\t\t\t\t<\/div>\n\t\t<\/div>\n\t\t\t\t\t<\/div>\n\t\t<\/section>\n\t\t\t\t<section class=\"elementor-section elementor-top-section elementor-element elementor-element-de496b7 elementor-section-content-middle elementor-section-boxed elementor-section-height-default elementor-section-height-default\" data-id=\"de496b7\" data-element_type=\"section\" data-e-type=\"section\">\n\t\t\t\t\t\t<div class=\"elementor-container elementor-column-gap-no\">\n\t\t\t\t\t<div class=\"elementor-column elementor-col-33 elementor-top-column elementor-element elementor-element-c5ddaff\" data-id=\"c5ddaff\" data-element_type=\"column\" data-e-type=\"column\">\n\t\t\t<div class=\"elementor-widget-wrap elementor-element-populated\">\n\t\t\t\t\t\t<div class=\"elementor-element elementor-element-e5d9e5f elementor-widget__width-initial elementor-widget elementor-widget-image\" data-id=\"e5d9e5f\" data-element_type=\"widget\" data-e-type=\"widget\" data-widget_type=\"image.default\">\n\t\t\t\t\t\t\t\t\t\t\t\t\t\t\t<img loading=\"lazy\" decoding=\"async\" width=\"300\" height=\"88\" src=\"https:\/\/www.estudidelmoble.com\/wp-content\/uploads\/2025\/07\/Logotip_de_3Cat.svg-300x88.png\" class=\"attachment-medium size-medium wp-image-69950\" alt=\"\" srcset=\"https:\/\/www.estudidelmoble.com\/wp-content\/uploads\/2025\/07\/Logotip_de_3Cat.svg-300x88.png 300w, https:\/\/www.estudidelmoble.com\/wp-content\/uploads\/2025\/07\/Logotip_de_3Cat.svg-1024x302.png 1024w, https:\/\/www.estudidelmoble.com\/wp-content\/uploads\/2025\/07\/Logotip_de_3Cat.svg-768x227.png 768w, https:\/\/www.estudidelmoble.com\/wp-content\/uploads\/2025\/07\/Logotip_de_3Cat.svg-1536x453.png 1536w, https:\/\/www.estudidelmoble.com\/wp-content\/uploads\/2025\/07\/Logotip_de_3Cat.svg-2048x604.png 2048w, https:\/\/www.estudidelmoble.com\/wp-content\/uploads\/2025\/07\/Logotip_de_3Cat.svg-600x177.png 600w\" sizes=\"(max-width: 300px) 100vw, 300px\" \/>\t\t\t\t\t\t\t\t\t\t\t\t\t\t\t<\/div>\n\t\t\t\t\t<\/div>\n\t\t<\/div>\n\t\t\t\t<div class=\"elementor-column elementor-col-66 elementor-top-column elementor-element elementor-element-7c95ceb\" data-id=\"7c95ceb\" data-element_type=\"column\" data-e-type=\"column\">\n\t\t\t<div class=\"elementor-widget-wrap elementor-element-populated\">\n\t\t\t\t\t\t<div class=\"elementor-element elementor-element-1c79d90 elementor-widget__width-initial elementor-widget elementor-widget-text-editor\" data-id=\"1c79d90\" data-element_type=\"widget\" data-e-type=\"widget\" data-widget_type=\"text-editor.default\">\n\t\t\t\t\t\t\t\t\t<p>\u00abEl teu bagul, la nostra hist\u00f2ria: crida per fotografiar les caixes antigues que tingueu a casa\u201d. 3cat.cat, 21 de julio de 2025. <a href=\"https:\/\/www.3cat.cat\/324\/el-teu-bagul-la-nostra-historia-crida-per-fotografiar-les-caixes-antigues-que-tingueu-a-casa\/noticia\/3362851\/\" target=\"_blank\" rel=\"noopener\">https:\/\/www.3cat.cat\/324\/el-teu-bagul-la-nostra-historia-crida-per-fotografiar-les-caixes-antigues-que-tingueu-a-casa\/noticia\/3362851\/<\/a><\/p>\n\t\t\t\t\t\t\t\t<\/div>\n\t\t\t\t\t<\/div>\n\t\t<\/div>\n\t\t\t\t\t<\/div>\n\t\t<\/section>\n\t\t\t\t<section class=\"elementor-section elementor-top-section elementor-element elementor-element-34d8000 elementor-section-content-middle elementor-section-boxed elementor-section-height-default elementor-section-height-default\" data-id=\"34d8000\" data-element_type=\"section\" data-e-type=\"section\">\n\t\t\t\t\t\t<div class=\"elementor-container elementor-column-gap-no\">\n\t\t\t\t\t<div class=\"elementor-column elementor-col-33 elementor-top-column elementor-element elementor-element-d6e6e98\" data-id=\"d6e6e98\" data-element_type=\"column\" data-e-type=\"column\">\n\t\t\t<div class=\"elementor-widget-wrap elementor-element-populated\">\n\t\t\t\t\t\t<div class=\"elementor-element elementor-element-6e2c368 elementor-widget__width-initial elementor-widget elementor-widget-image\" data-id=\"6e2c368\" data-element_type=\"widget\" data-e-type=\"widget\" data-widget_type=\"image.default\">\n\t\t\t\t\t\t\t\t\t\t\t\t\t\t\t<img loading=\"lazy\" decoding=\"async\" width=\"300\" height=\"119\" src=\"https:\/\/www.estudidelmoble.com\/wp-content\/uploads\/2025\/07\/324_CCMA_logo.svg-300x119.png\" class=\"attachment-medium size-medium wp-image-69962\" alt=\"\" srcset=\"https:\/\/www.estudidelmoble.com\/wp-content\/uploads\/2025\/07\/324_CCMA_logo.svg-300x119.png 300w, https:\/\/www.estudidelmoble.com\/wp-content\/uploads\/2025\/07\/324_CCMA_logo.svg-1024x405.png 1024w, https:\/\/www.estudidelmoble.com\/wp-content\/uploads\/2025\/07\/324_CCMA_logo.svg-768x304.png 768w, https:\/\/www.estudidelmoble.com\/wp-content\/uploads\/2025\/07\/324_CCMA_logo.svg-600x238.png 600w, https:\/\/www.estudidelmoble.com\/wp-content\/uploads\/2025\/07\/324_CCMA_logo.svg.png 1200w\" sizes=\"(max-width: 300px) 100vw, 300px\" \/>\t\t\t\t\t\t\t\t\t\t\t\t\t\t\t<\/div>\n\t\t\t\t\t<\/div>\n\t\t<\/div>\n\t\t\t\t<div class=\"elementor-column elementor-col-66 elementor-top-column elementor-element elementor-element-f70f822\" data-id=\"f70f822\" data-element_type=\"column\" data-e-type=\"column\">\n\t\t\t<div class=\"elementor-widget-wrap elementor-element-populated\">\n\t\t\t\t\t\t<div class=\"elementor-element elementor-element-0eecef9 elementor-widget__width-initial elementor-widget elementor-widget-text-editor\" data-id=\"0eecef9\" data-element_type=\"widget\" data-e-type=\"widget\" data-widget_type=\"text-editor.default\">\n\t\t\t\t\t\t\t\t\t<p>\u00ab\u00bbEl teu bagul, la nostra hist\u00f2ria\u00bb, un inventari per con\u00e8ixer m\u00e9s les caixes catalanes\u00bb. 3cat.cat, 21<span class=\"cap-2023-data\"> de julio de 2025. <a href=\"https:\/\/www.3cat.cat\/3cat\/el-teu-bagul-la-nostra-historia-un-inventari-per-coneixer-mes-les-caixes-catalanes\/video\/6351619\/\" target=\"_blank\" rel=\"noopener\">https:\/\/www.3cat.cat\/3cat\/el-teu-bagul-la-nostra-historia-un-inventari-per-coneixer-mes-les-caixes-catalanes\/video\/6351619\/<\/a><\/span><\/p>\n\t\t\t\t\t\t\t\t<\/div>\n\t\t\t\t\t<\/div>\n\t\t<\/div>\n\t\t\t\t\t<\/div>\n\t\t<\/section>\n\t\t\t\t<section class=\"elementor-section elementor-top-section elementor-element elementor-element-6580b95 elementor-section-content-middle elementor-section-boxed elementor-section-height-default elementor-section-height-default\" data-id=\"6580b95\" data-element_type=\"section\" data-e-type=\"section\">\n\t\t\t\t\t\t<div class=\"elementor-container elementor-column-gap-no\">\n\t\t\t\t\t<div class=\"elementor-column elementor-col-33 elementor-top-column elementor-element elementor-element-6e29682\" data-id=\"6e29682\" data-element_type=\"column\" data-e-type=\"column\">\n\t\t\t<div class=\"elementor-widget-wrap elementor-element-populated\">\n\t\t\t\t\t\t<div class=\"elementor-element elementor-element-314dda7 elementor-widget__width-initial elementor-widget elementor-widget-image\" data-id=\"314dda7\" data-element_type=\"widget\" data-e-type=\"widget\" data-widget_type=\"image.default\">\n\t\t\t\t\t\t\t\t\t\t\t\t\t\t\t<img loading=\"lazy\" decoding=\"async\" width=\"300\" height=\"171\" src=\"https:\/\/www.estudidelmoble.com\/wp-content\/uploads\/2025\/12\/Logo-Ara-Ok-300x171.png\" class=\"attachment-medium size-medium wp-image-72989\" alt=\"\" srcset=\"https:\/\/www.estudidelmoble.com\/wp-content\/uploads\/2025\/12\/Logo-Ara-Ok-300x171.png 300w, https:\/\/www.estudidelmoble.com\/wp-content\/uploads\/2025\/12\/Logo-Ara-Ok-768x437.png 768w, https:\/\/www.estudidelmoble.com\/wp-content\/uploads\/2025\/12\/Logo-Ara-Ok-600x341.png 600w, https:\/\/www.estudidelmoble.com\/wp-content\/uploads\/2025\/12\/Logo-Ara-Ok.png 788w\" sizes=\"(max-width: 300px) 100vw, 300px\" \/>\t\t\t\t\t\t\t\t\t\t\t\t\t\t\t<\/div>\n\t\t\t\t\t<\/div>\n\t\t<\/div>\n\t\t\t\t<div class=\"elementor-column elementor-col-66 elementor-top-column elementor-element elementor-element-d49dcd1\" data-id=\"d49dcd1\" data-element_type=\"column\" data-e-type=\"column\">\n\t\t\t<div class=\"elementor-widget-wrap elementor-element-populated\">\n\t\t\t\t\t\t<div class=\"elementor-element elementor-element-171f6de elementor-widget__width-initial elementor-widget elementor-widget-text-editor\" data-id=\"171f6de\" data-element_type=\"widget\" data-e-type=\"widget\" data-widget_type=\"text-editor.default\">\n\t\t\t\t\t\t\t\t\t<p>\u00abInventari digital participatiu: El teu bagul, la nostra hist\u00f2ria\u00bb. Diari ARA, 20 de julio de 2025. <a href=\"https:\/\/www.estudidelmoble.com\/wp-content\/uploads\/2025\/12\/Elteubagul_20072025-1.pdf\">https:\/\/www.estudidelmoble.com\/wp-content\/uploads\/2025\/12\/Elteubagul_20072025-1.pdf<\/a><\/p>\n\t\t\t\t\t\t\t\t<\/div>\n\t\t\t\t\t<\/div>\n\t\t<\/div>\n\t\t\t\t\t<\/div>\n\t\t<\/section>\n\t\t\t\t<section class=\"elementor-section elementor-top-section elementor-element elementor-element-4c4cb68 elementor-section-content-middle elementor-section-boxed elementor-section-height-default elementor-section-height-default\" data-id=\"4c4cb68\" data-element_type=\"section\" data-e-type=\"section\">\n\t\t\t\t\t\t<div class=\"elementor-container elementor-column-gap-no\">\n\t\t\t\t\t<div class=\"elementor-column elementor-col-33 elementor-top-column elementor-element elementor-element-9cbf1ed\" data-id=\"9cbf1ed\" data-element_type=\"column\" data-e-type=\"column\">\n\t\t\t<div class=\"elementor-widget-wrap elementor-element-populated\">\n\t\t\t\t\t\t<div class=\"elementor-element elementor-element-2aee0ff elementor-widget__width-initial elementor-widget elementor-widget-image\" data-id=\"2aee0ff\" data-element_type=\"widget\" data-e-type=\"widget\" data-widget_type=\"image.default\">\n\t\t\t\t\t\t\t\t\t\t\t\t\t\t\t<img loading=\"lazy\" decoding=\"async\" width=\"300\" height=\"43\" src=\"https:\/\/www.estudidelmoble.com\/wp-content\/uploads\/2025\/06\/Captura-de-pantalla-2025-06-17-130144-300x43.png\" class=\"attachment-medium size-medium wp-image-69361\" alt=\"\" srcset=\"https:\/\/www.estudidelmoble.com\/wp-content\/uploads\/2025\/06\/Captura-de-pantalla-2025-06-17-130144-300x43.png 300w, https:\/\/www.estudidelmoble.com\/wp-content\/uploads\/2025\/06\/Captura-de-pantalla-2025-06-17-130144.png 441w\" sizes=\"(max-width: 300px) 100vw, 300px\" \/>\t\t\t\t\t\t\t\t\t\t\t\t\t\t\t<\/div>\n\t\t\t\t\t<\/div>\n\t\t<\/div>\n\t\t\t\t<div class=\"elementor-column elementor-col-66 elementor-top-column elementor-element elementor-element-dfd306d\" data-id=\"dfd306d\" data-element_type=\"column\" data-e-type=\"column\">\n\t\t\t<div class=\"elementor-widget-wrap elementor-element-populated\">\n\t\t\t\t\t\t<div class=\"elementor-element elementor-element-0490b3e elementor-widget__width-initial elementor-widget elementor-widget-text-editor\" data-id=\"0490b3e\" data-element_type=\"widget\" data-e-type=\"widget\" data-widget_type=\"text-editor.default\">\n\t\t\t\t\t\t\t\t\t<p>\u00abEl projecte \u201cEl teu bagul, la nostra hist\u00f2ria\u201d identifica els trets distintius de les caixes del Pallars\u201d. Viurealspirineus.cat, <span class=\"cap-2023-data\">11 de julio de 2025. <a href=\"https:\/\/www.viurealspirineus.cat\/articulo\/pallars-sobira\/projecte-teu-bagul-nostra-historia-identifica-els-trets-distintius-caixes-pallars\/20250711182811058317.html\" target=\"_blank\" rel=\"noopener\">https:\/\/www.viurealspirineus.cat\/articulo\/pallars-sobira\/projecte-teu-bagul-nostra-historia-identifica-els-trets-distintius-caixes-pallars\/20250711182811058317.html\u00a0<\/a><\/span><\/p>\n\t\t\t\t\t\t\t\t<\/div>\n\t\t\t\t\t<\/div>\n\t\t<\/div>\n\t\t\t\t\t<\/div>\n\t\t<\/section>\n\t\t\t\t<section class=\"elementor-section elementor-top-section elementor-element elementor-element-5c298d3 elementor-section-content-middle elementor-section-boxed elementor-section-height-default elementor-section-height-default\" data-id=\"5c298d3\" data-element_type=\"section\" data-e-type=\"section\">\n\t\t\t\t\t\t<div class=\"elementor-container elementor-column-gap-no\">\n\t\t\t\t\t<div class=\"elementor-column elementor-col-33 elementor-top-column elementor-element elementor-element-c3376a4\" data-id=\"c3376a4\" data-element_type=\"column\" data-e-type=\"column\">\n\t\t\t<div class=\"elementor-widget-wrap elementor-element-populated\">\n\t\t\t\t\t\t<div class=\"elementor-element elementor-element-b5c2f25 elementor-widget__width-initial elementor-widget elementor-widget-image\" data-id=\"b5c2f25\" data-element_type=\"widget\" data-e-type=\"widget\" data-widget_type=\"image.default\">\n\t\t\t\t\t\t\t\t\t\t\t\t\t\t\t<img loading=\"lazy\" decoding=\"async\" width=\"300\" height=\"129\" src=\"https:\/\/www.estudidelmoble.com\/wp-content\/uploads\/2025\/07\/Captura-de-pantalla-2025-07-10-115858-300x129.png\" class=\"attachment-medium size-medium wp-image-69575\" alt=\"\" srcset=\"https:\/\/www.estudidelmoble.com\/wp-content\/uploads\/2025\/07\/Captura-de-pantalla-2025-07-10-115858-300x129.png 300w, https:\/\/www.estudidelmoble.com\/wp-content\/uploads\/2025\/07\/Captura-de-pantalla-2025-07-10-115858.png 468w\" sizes=\"(max-width: 300px) 100vw, 300px\" \/>\t\t\t\t\t\t\t\t\t\t\t\t\t\t\t<\/div>\n\t\t\t\t\t<\/div>\n\t\t<\/div>\n\t\t\t\t<div class=\"elementor-column elementor-col-66 elementor-top-column elementor-element elementor-element-c4e0316\" data-id=\"c4e0316\" data-element_type=\"column\" data-e-type=\"column\">\n\t\t\t<div class=\"elementor-widget-wrap elementor-element-populated\">\n\t\t\t\t\t\t<div class=\"elementor-element elementor-element-ceac117 elementor-widget__width-initial elementor-widget elementor-widget-text-editor\" data-id=\"ceac117\" data-element_type=\"widget\" data-e-type=\"widget\" data-widget_type=\"text-editor.default\">\n\t\t\t\t\t\t\t\t\t<p>\u00abUna iniciativa pionera busca al Pallars baguls, caixes i cofres per inventariar\u201d. Pallarsdigital.cat, <span class=\"cap-2023-data\">10 de julio de 2025. <\/span><a href=\"https:\/\/www.pallarsdigital.cat\/cultura\/21752-una-iniciativa-busca-pallars-baguls-caixes-cofres-inventariar\" target=\"_blank\" rel=\"noopener\">https:\/\/www.pallarsdigital.cat\/cultura\/21752-una-iniciativa-busca-pallars-baguls-caixes-cofres-inventariar<\/a><\/p>\n\t\t\t\t\t\t\t\t<\/div>\n\t\t\t\t\t<\/div>\n\t\t<\/div>\n\t\t\t\t\t<\/div>\n\t\t<\/section>\n\t\t\t\t<section class=\"elementor-section elementor-top-section elementor-element elementor-element-58eb932 elementor-section-content-middle elementor-section-boxed elementor-section-height-default elementor-section-height-default\" data-id=\"58eb932\" data-element_type=\"section\" data-e-type=\"section\">\n\t\t\t\t\t\t<div class=\"elementor-container elementor-column-gap-no\">\n\t\t\t\t\t<div class=\"elementor-column elementor-col-33 elementor-top-column elementor-element elementor-element-e2a9383\" data-id=\"e2a9383\" data-element_type=\"column\" data-e-type=\"column\">\n\t\t\t<div class=\"elementor-widget-wrap elementor-element-populated\">\n\t\t\t\t\t\t<div class=\"elementor-element elementor-element-c9c790e elementor-widget__width-initial elementor-widget elementor-widget-image\" data-id=\"c9c790e\" data-element_type=\"widget\" data-e-type=\"widget\" data-widget_type=\"image.default\">\n\t\t\t\t\t\t\t\t\t\t\t\t\t\t\t<img loading=\"lazy\" decoding=\"async\" width=\"300\" height=\"43\" src=\"https:\/\/www.estudidelmoble.com\/wp-content\/uploads\/2025\/06\/Captura-de-pantalla-2025-06-17-130144-300x43.png\" class=\"attachment-medium size-medium wp-image-69361\" alt=\"\" srcset=\"https:\/\/www.estudidelmoble.com\/wp-content\/uploads\/2025\/06\/Captura-de-pantalla-2025-06-17-130144-300x43.png 300w, https:\/\/www.estudidelmoble.com\/wp-content\/uploads\/2025\/06\/Captura-de-pantalla-2025-06-17-130144.png 441w\" sizes=\"(max-width: 300px) 100vw, 300px\" \/>\t\t\t\t\t\t\t\t\t\t\t\t\t\t\t<\/div>\n\t\t\t\t\t<\/div>\n\t\t<\/div>\n\t\t\t\t<div class=\"elementor-column elementor-col-66 elementor-top-column elementor-element elementor-element-9bf4776\" data-id=\"9bf4776\" data-element_type=\"column\" data-e-type=\"column\">\n\t\t\t<div class=\"elementor-widget-wrap elementor-element-populated\">\n\t\t\t\t\t\t<div class=\"elementor-element elementor-element-367782c elementor-widget__width-initial elementor-widget elementor-widget-text-editor\" data-id=\"367782c\" data-element_type=\"widget\" data-e-type=\"widget\" data-widget_type=\"text-editor.default\">\n\t\t\t\t\t\t\t\t\t<p>\u00abL\u2019Ecomuseu de les Valls d\u2019\u00c0neu acull la presentaci\u00f3 del projecte &#8216;El teu bagul, la nostra hist\u00f2ria&#8217;\u201d. Viurealspirineus.cat, 17 de junio de 2025. <a href=\"https:\/\/www.viurealspirineus.cat\/articulo\/pallars-sobira\/l-ecomuseu-valls-d-aneu-acull-presentacio-projecte-teu-bagul-nostra-historia\/20250617114914057821.html\" target=\"_blank\" rel=\"noopener\">https:\/\/www.viurealspirineus.cat\/articulo\/pallars-sobira\/l-ecomuseu-valls-d-aneu-acull-presentacio-projecte-teu-bagul-nostra-historia\/20250617114914057821.html<\/a><\/p>\n\t\t\t\t\t\t\t\t<\/div>\n\t\t\t\t\t<\/div>\n\t\t<\/div>\n\t\t\t\t\t<\/div>\n\t\t<\/section>\n\t\t\t\t<section class=\"elementor-section elementor-top-section elementor-element elementor-element-65b9053 elementor-section-content-middle elementor-section-boxed elementor-section-height-default elementor-section-height-default\" data-id=\"65b9053\" data-element_type=\"section\" data-e-type=\"section\">\n\t\t\t\t\t\t<div class=\"elementor-container elementor-column-gap-no\">\n\t\t\t\t\t<div class=\"elementor-column elementor-col-33 elementor-top-column elementor-element elementor-element-dddff2a\" data-id=\"dddff2a\" data-element_type=\"column\" data-e-type=\"column\">\n\t\t\t<div class=\"elementor-widget-wrap elementor-element-populated\">\n\t\t\t\t\t\t<div class=\"elementor-element elementor-element-7a852d8 elementor-widget__width-initial elementor-widget elementor-widget-image\" data-id=\"7a852d8\" data-element_type=\"widget\" data-e-type=\"widget\" data-widget_type=\"image.default\">\n\t\t\t\t\t\t\t\t\t\t\t\t\t\t\t<img loading=\"lazy\" decoding=\"async\" width=\"300\" height=\"66\" src=\"https:\/\/www.estudidelmoble.com\/wp-content\/uploads\/2025\/05\/logo-Chgod3rs-300x66.jpg\" class=\"attachment-medium size-medium wp-image-68945\" alt=\"\" srcset=\"https:\/\/www.estudidelmoble.com\/wp-content\/uploads\/2025\/05\/logo-Chgod3rs-300x66.jpg 300w, https:\/\/www.estudidelmoble.com\/wp-content\/uploads\/2025\/05\/logo-Chgod3rs-768x168.jpg 768w, https:\/\/www.estudidelmoble.com\/wp-content\/uploads\/2025\/05\/logo-Chgod3rs-600x131.jpg 600w, https:\/\/www.estudidelmoble.com\/wp-content\/uploads\/2025\/05\/logo-Chgod3rs.jpg 905w\" sizes=\"(max-width: 300px) 100vw, 300px\" \/>\t\t\t\t\t\t\t\t\t\t\t\t\t\t\t<\/div>\n\t\t\t\t\t<\/div>\n\t\t<\/div>\n\t\t\t\t<div class=\"elementor-column elementor-col-66 elementor-top-column elementor-element elementor-element-55bc6be\" data-id=\"55bc6be\" data-element_type=\"column\" data-e-type=\"column\">\n\t\t\t<div class=\"elementor-widget-wrap elementor-element-populated\">\n\t\t\t\t\t\t<div class=\"elementor-element elementor-element-ebc3078 elementor-widget elementor-widget-text-editor\" data-id=\"ebc3078\" data-element_type=\"widget\" data-e-type=\"widget\" data-widget_type=\"text-editor.default\">\n\t\t\t\t\t\t\t\t\t<p>\u00abPreg\u00f3 des d&#8217;un balc\u00f3 del 6\u00e8 pis (I)\u201c. Bondia.ad, 7 de mayo de 2025.<br \/><a href=\"https:\/\/www.bondia.ad\/opinio\/prego-des-d-un-balco-del-6e-pis-i\" target=\"_blank\" rel=\"noopener\">https:\/\/www.bondia.ad\/opinio\/prego-des-d-un-balco-del-6e-pis-i<\/a><\/p>\n\t\t\t\t\t\t\t\t<\/div>\n\t\t\t\t\t<\/div>\n\t\t<\/div>\n\t\t\t\t\t<\/div>\n\t\t<\/section>\n\t\t\t\t<section class=\"elementor-section elementor-top-section elementor-element elementor-element-7c2706f elementor-section-content-middle elementor-section-boxed elementor-section-height-default elementor-section-height-default\" data-id=\"7c2706f\" data-element_type=\"section\" data-e-type=\"section\">\n\t\t\t\t\t\t<div class=\"elementor-container elementor-column-gap-no\">\n\t\t\t\t\t<div class=\"elementor-column elementor-col-33 elementor-top-column elementor-element elementor-element-80a40b9\" data-id=\"80a40b9\" data-element_type=\"column\" data-e-type=\"column\">\n\t\t\t<div class=\"elementor-widget-wrap elementor-element-populated\">\n\t\t\t\t\t\t<div class=\"elementor-element elementor-element-e769243 elementor-widget__width-initial elementor-widget elementor-widget-image\" data-id=\"e769243\" data-element_type=\"widget\" data-e-type=\"widget\" data-widget_type=\"image.default\">\n\t\t\t\t\t\t\t\t\t\t\t\t\t\t\t<img loading=\"lazy\" decoding=\"async\" width=\"280\" height=\"120\" src=\"https:\/\/www.estudidelmoble.com\/wp-content\/uploads\/2025\/02\/Logotip_ESCRBCC.png\" class=\"attachment-medium size-medium wp-image-66939\" alt=\"\" \/>\t\t\t\t\t\t\t\t\t\t\t\t\t\t\t<\/div>\n\t\t\t\t\t<\/div>\n\t\t<\/div>\n\t\t\t\t<div class=\"elementor-column elementor-col-66 elementor-top-column elementor-element elementor-element-592f847\" data-id=\"592f847\" data-element_type=\"column\" data-e-type=\"column\">\n\t\t\t<div class=\"elementor-widget-wrap elementor-element-populated\">\n\t\t\t\t\t\t<div class=\"elementor-element elementor-element-3c365f0 elementor-widget elementor-widget-text-editor\" data-id=\"3c365f0\" data-element_type=\"widget\" data-e-type=\"widget\" data-widget_type=\"text-editor.default\">\n\t\t\t\t\t\t\t\t\t<p>\u00abPresentaci\u00f3 de \u201cL\u2019enigma de la n\u00favia i el moro\u201d de Miquel Mirambell dins del projecte \u201cEl teu bagul, la nostra hist\u00f2ria\u201d. Escrbcc.cat, 4 de abril de 2025.<br \/><a href=\"https:\/\/www.escrbcc.cat\/presentacio-de-lenigma-de-la-nuvia-i-el-moro-de-miquel-mirambell-dins-del-projecte-el-teu-bagul-la-nostra-historia\/\" target=\"_blank\" rel=\"noopener\">https:\/\/www.escrbcc.cat\/presentacio-de-lenigma-de-la-nuvia-i-el-moro-de-miquel-mirambell-dins-del-projecte-el-teu-bagul-la-nostra-historia\/<\/a><\/p>\n\t\t\t\t\t\t\t\t<\/div>\n\t\t\t\t\t<\/div>\n\t\t<\/div>\n\t\t\t\t\t<\/div>\n\t\t<\/section>\n\t\t\t\t<section class=\"elementor-section elementor-top-section elementor-element elementor-element-7d9caa8 elementor-section-content-middle elementor-section-boxed elementor-section-height-default elementor-section-height-default\" data-id=\"7d9caa8\" data-element_type=\"section\" data-e-type=\"section\">\n\t\t\t\t\t\t<div class=\"elementor-container elementor-column-gap-no\">\n\t\t\t\t\t<div class=\"elementor-column elementor-col-33 elementor-top-column elementor-element elementor-element-5c26748\" data-id=\"5c26748\" data-element_type=\"column\" data-e-type=\"column\">\n\t\t\t<div class=\"elementor-widget-wrap elementor-element-populated\">\n\t\t\t\t\t\t<div class=\"elementor-element elementor-element-f38777a elementor-widget__width-initial elementor-widget elementor-widget-image\" data-id=\"f38777a\" data-element_type=\"widget\" data-e-type=\"widget\" data-widget_type=\"image.default\">\n\t\t\t\t\t\t\t\t\t\t\t\t\t\t\t<img loading=\"lazy\" decoding=\"async\" width=\"300\" height=\"107\" src=\"https:\/\/www.estudidelmoble.com\/wp-content\/uploads\/2025\/04\/Captura-de-pantalla-2025-04-07-114321-300x107.png\" class=\"attachment-medium size-medium wp-image-68213\" alt=\"\" srcset=\"https:\/\/www.estudidelmoble.com\/wp-content\/uploads\/2025\/04\/Captura-de-pantalla-2025-04-07-114321-300x107.png 300w, https:\/\/www.estudidelmoble.com\/wp-content\/uploads\/2025\/04\/Captura-de-pantalla-2025-04-07-114321.png 336w\" sizes=\"(max-width: 300px) 100vw, 300px\" \/>\t\t\t\t\t\t\t\t\t\t\t\t\t\t\t<\/div>\n\t\t\t\t\t<\/div>\n\t\t<\/div>\n\t\t\t\t<div class=\"elementor-column elementor-col-66 elementor-top-column elementor-element elementor-element-e7ef209\" data-id=\"e7ef209\" data-element_type=\"column\" data-e-type=\"column\">\n\t\t\t<div class=\"elementor-widget-wrap elementor-element-populated\">\n\t\t\t\t\t\t<div class=\"elementor-element elementor-element-396dba5 elementor-widget elementor-widget-text-editor\" data-id=\"396dba5\" data-element_type=\"widget\" data-e-type=\"widget\" data-widget_type=\"text-editor.default\">\n\t\t\t\t\t\t\t\t\t<p>\u00abLa caixa amb misteri\u00bb. El 9 Nou, 4 de abril de 2025. <a href=\"https:\/\/www.estudidelmoble.com\/wp-content\/uploads\/2026\/01\/o_52a53_040425_353_b.pdf\">https:\/\/www.estudidelmoble.com\/wp-content\/uploads\/2026\/01\/o_52a53_040425_353_b.pdf\u00a0\u00a0<\/a><\/p>\n\t\t\t\t\t\t\t\t<\/div>\n\t\t\t\t\t<\/div>\n\t\t<\/div>\n\t\t\t\t\t<\/div>\n\t\t<\/section>\n\t\t\t\t<section class=\"elementor-section elementor-top-section elementor-element elementor-element-5308c3e elementor-section-content-middle elementor-section-boxed elementor-section-height-default elementor-section-height-default\" data-id=\"5308c3e\" data-element_type=\"section\" data-e-type=\"section\">\n\t\t\t\t\t\t<div class=\"elementor-container elementor-column-gap-no\">\n\t\t\t\t\t<div class=\"elementor-column elementor-col-33 elementor-top-column elementor-element elementor-element-126d8ce\" data-id=\"126d8ce\" data-element_type=\"column\" data-e-type=\"column\">\n\t\t\t<div class=\"elementor-widget-wrap elementor-element-populated\">\n\t\t\t\t\t\t<div class=\"elementor-element elementor-element-4ac3e21 elementor-widget__width-initial elementor-widget elementor-widget-image\" data-id=\"4ac3e21\" data-element_type=\"widget\" data-e-type=\"widget\" data-widget_type=\"image.default\">\n\t\t\t\t\t\t\t\t\t\t\t\t\t\t\t<img loading=\"lazy\" decoding=\"async\" width=\"300\" height=\"107\" src=\"https:\/\/www.estudidelmoble.com\/wp-content\/uploads\/2025\/04\/Captura-de-pantalla-2025-04-07-114321-300x107.png\" class=\"attachment-medium size-medium wp-image-68213\" alt=\"\" srcset=\"https:\/\/www.estudidelmoble.com\/wp-content\/uploads\/2025\/04\/Captura-de-pantalla-2025-04-07-114321-300x107.png 300w, https:\/\/www.estudidelmoble.com\/wp-content\/uploads\/2025\/04\/Captura-de-pantalla-2025-04-07-114321.png 336w\" sizes=\"(max-width: 300px) 100vw, 300px\" \/>\t\t\t\t\t\t\t\t\t\t\t\t\t\t\t<\/div>\n\t\t\t\t\t<\/div>\n\t\t<\/div>\n\t\t\t\t<div class=\"elementor-column elementor-col-66 elementor-top-column elementor-element elementor-element-d1c4071\" data-id=\"d1c4071\" data-element_type=\"column\" data-e-type=\"column\">\n\t\t\t<div class=\"elementor-widget-wrap elementor-element-populated\">\n\t\t\t\t\t\t<div class=\"elementor-element elementor-element-f0324cd elementor-widget elementor-widget-text-editor\" data-id=\"f0324cd\" data-element_type=\"widget\" data-e-type=\"widget\" data-widget_type=\"text-editor.default\">\n\t\t\t\t\t\t\t\t\t<p>\u00abBaguls amb hist\u00f2ria(es)\u00bb. Mes9.cat, 3 de abril de 2025. <a style=\"background-color: #ffffff;\" href=\"https:\/\/mes9.cat\/baguls-amb-historiaes\/\" target=\"_blank\" rel=\"noopener\">https:\/\/mes9.cat\/baguls-amb-historiaes\/<\/a><\/p>\n\t\t\t\t\t\t\t\t<\/div>\n\t\t\t\t\t<\/div>\n\t\t<\/div>\n\t\t\t\t\t<\/div>\n\t\t<\/section>\n\t\t\t\t<section class=\"elementor-section elementor-top-section elementor-element elementor-element-8e75dea elementor-section-content-middle elementor-section-boxed elementor-section-height-default elementor-section-height-default\" data-id=\"8e75dea\" data-element_type=\"section\" data-e-type=\"section\">\n\t\t\t\t\t\t<div class=\"elementor-container elementor-column-gap-no\">\n\t\t\t\t\t<div class=\"elementor-column elementor-col-33 elementor-top-column elementor-element elementor-element-3ad4496\" data-id=\"3ad4496\" data-element_type=\"column\" data-e-type=\"column\">\n\t\t\t<div class=\"elementor-widget-wrap elementor-element-populated\">\n\t\t\t\t\t\t<div class=\"elementor-element elementor-element-ef743cb elementor-widget__width-initial elementor-widget elementor-widget-image\" data-id=\"ef743cb\" data-element_type=\"widget\" data-e-type=\"widget\" data-widget_type=\"image.default\">\n\t\t\t\t\t\t\t\t\t\t\t\t\t\t\t<img loading=\"lazy\" decoding=\"async\" width=\"300\" height=\"62\" src=\"https:\/\/www.estudidelmoble.com\/wp-content\/uploads\/2025\/04\/inici-300x62.png\" class=\"attachment-medium size-medium wp-image-68225\" alt=\"\" srcset=\"https:\/\/www.estudidelmoble.com\/wp-content\/uploads\/2025\/04\/inici-300x62.png 300w, https:\/\/www.estudidelmoble.com\/wp-content\/uploads\/2025\/04\/inici.png 428w\" sizes=\"(max-width: 300px) 100vw, 300px\" \/>\t\t\t\t\t\t\t\t\t\t\t\t\t\t\t<\/div>\n\t\t\t\t\t<\/div>\n\t\t<\/div>\n\t\t\t\t<div class=\"elementor-column elementor-col-66 elementor-top-column elementor-element elementor-element-3f184bd\" data-id=\"3f184bd\" data-element_type=\"column\" data-e-type=\"column\">\n\t\t\t<div class=\"elementor-widget-wrap elementor-element-populated\">\n\t\t\t\t\t\t<div class=\"elementor-element elementor-element-40c9252 elementor-widget elementor-widget-text-editor\" data-id=\"40c9252\" data-element_type=\"widget\" data-e-type=\"widget\" data-widget_type=\"text-editor.default\">\n\t\t\t\t\t\t\t\t\t<p>\u00abEl Museu d\u2019Hist\u00f2ria de Catalunya participa en el projecte \u2018El teu bagul, la nostra hist\u00f2ria\u2019\u00bb. Mhcat.cat, 27 de marzo de 2025. <a href=\"https:\/\/www.mhcat.cat\/esmhc\/noticias2\/noticias_agenda\/actualidad\/el_museu_d_historia_de_catalunya_participa_en_el_projecte_el_teu_bagul_la_nostra_historia\" target=\"_blank\" rel=\"noopener\">https:\/\/www.mhcat.cat\/esmhc\/noticias2\/noticias_agenda\/actualidad\/el_museu_d_historia_de_catalunya_participa_en_el_projecte_el_teu_bagul_la_nostra_historia<\/a><\/p>\n\t\t\t\t\t\t\t\t<\/div>\n\t\t\t\t\t<\/div>\n\t\t<\/div>\n\t\t\t\t\t<\/div>\n\t\t<\/section>\n\t\t\t\t<section class=\"elementor-section elementor-top-section elementor-element elementor-element-b653a2c elementor-section-content-middle elementor-section-boxed elementor-section-height-default elementor-section-height-default\" data-id=\"b653a2c\" data-element_type=\"section\" data-e-type=\"section\">\n\t\t\t\t\t\t<div class=\"elementor-container elementor-column-gap-no\">\n\t\t\t\t\t<div class=\"elementor-column elementor-col-33 elementor-top-column elementor-element elementor-element-78d134a\" data-id=\"78d134a\" data-element_type=\"column\" data-e-type=\"column\">\n\t\t\t<div class=\"elementor-widget-wrap elementor-element-populated\">\n\t\t\t\t\t\t<div class=\"elementor-element elementor-element-48f8130 elementor-widget__width-initial elementor-widget elementor-widget-image\" data-id=\"48f8130\" data-element_type=\"widget\" data-e-type=\"widget\" data-widget_type=\"image.default\">\n\t\t\t\t\t\t\t\t\t\t\t\t\t\t\t<img loading=\"lazy\" decoding=\"async\" width=\"300\" height=\"169\" src=\"https:\/\/www.estudidelmoble.com\/wp-content\/uploads\/2025\/03\/GcSQffqXcAAd-uu-300x169.png\" class=\"attachment-medium size-medium wp-image-68122\" alt=\"\" srcset=\"https:\/\/www.estudidelmoble.com\/wp-content\/uploads\/2025\/03\/GcSQffqXcAAd-uu-300x169.png 300w, https:\/\/www.estudidelmoble.com\/wp-content\/uploads\/2025\/03\/GcSQffqXcAAd-uu-768x432.png 768w, https:\/\/www.estudidelmoble.com\/wp-content\/uploads\/2025\/03\/GcSQffqXcAAd-uu-600x338.png 600w, https:\/\/www.estudidelmoble.com\/wp-content\/uploads\/2025\/03\/GcSQffqXcAAd-uu.png 800w\" sizes=\"(max-width: 300px) 100vw, 300px\" \/>\t\t\t\t\t\t\t\t\t\t\t\t\t\t\t<\/div>\n\t\t\t\t\t<\/div>\n\t\t<\/div>\n\t\t\t\t<div class=\"elementor-column elementor-col-66 elementor-top-column elementor-element elementor-element-d8065bd\" data-id=\"d8065bd\" data-element_type=\"column\" data-e-type=\"column\">\n\t\t\t<div class=\"elementor-widget-wrap elementor-element-populated\">\n\t\t\t\t\t\t<div class=\"elementor-element elementor-element-f465a8c elementor-widget elementor-widget-text-editor\" data-id=\"f465a8c\" data-element_type=\"widget\" data-e-type=\"widget\" data-widget_type=\"text-editor.default\">\n\t\t\t\t\t\t\t\t\t<p>\u00abEntrevista a M\u00f3nica Piera al programa Via 15\u00bb, Laxarxa.cat, 24 de marzo de 2025. <a href=\"https:\/\/www.youtube.com\/watch?v=UWHIFtY6u-g&amp;t=9s\" target=\"_blank\" rel=\"noopener\">https:\/\/www.youtube.com\/watch?v=UWHIFtY6u-g&amp;t=9s\u00a0<\/a><\/p>\n\t\t\t\t\t\t\t\t<\/div>\n\t\t\t\t\t<\/div>\n\t\t<\/div>\n\t\t\t\t\t<\/div>\n\t\t<\/section>\n\t\t\t\t<section class=\"elementor-section elementor-top-section elementor-element elementor-element-48dfe96 elementor-section-content-middle elementor-section-boxed elementor-section-height-default elementor-section-height-default\" data-id=\"48dfe96\" data-element_type=\"section\" data-e-type=\"section\">\n\t\t\t\t\t\t<div class=\"elementor-container elementor-column-gap-no\">\n\t\t\t\t\t<div class=\"elementor-column elementor-col-33 elementor-top-column elementor-element elementor-element-ec8922f\" data-id=\"ec8922f\" data-element_type=\"column\" data-e-type=\"column\">\n\t\t\t<div class=\"elementor-widget-wrap elementor-element-populated\">\n\t\t\t\t\t\t<div class=\"elementor-element elementor-element-9083f46 elementor-widget__width-initial elementor-widget elementor-widget-image\" data-id=\"9083f46\" data-element_type=\"widget\" data-e-type=\"widget\" data-widget_type=\"image.default\">\n\t\t\t\t\t\t\t\t\t\t\t\t\t\t\t<img loading=\"lazy\" decoding=\"async\" width=\"300\" height=\"70\" src=\"https:\/\/www.estudidelmoble.com\/wp-content\/uploads\/2025\/03\/images-300x70.png\" class=\"attachment-medium size-medium wp-image-68135\" alt=\"\" srcset=\"https:\/\/www.estudidelmoble.com\/wp-content\/uploads\/2025\/03\/images-300x70.png 300w, https:\/\/www.estudidelmoble.com\/wp-content\/uploads\/2025\/03\/images.png 464w\" sizes=\"(max-width: 300px) 100vw, 300px\" \/>\t\t\t\t\t\t\t\t\t\t\t\t\t\t\t<\/div>\n\t\t\t\t\t<\/div>\n\t\t<\/div>\n\t\t\t\t<div class=\"elementor-column elementor-col-66 elementor-top-column elementor-element elementor-element-61c66a3\" data-id=\"61c66a3\" data-element_type=\"column\" data-e-type=\"column\">\n\t\t\t<div class=\"elementor-widget-wrap elementor-element-populated\">\n\t\t\t\t\t\t<div class=\"elementor-element elementor-element-80cc7ee elementor-widget elementor-widget-text-editor\" data-id=\"80cc7ee\" data-element_type=\"widget\" data-e-type=\"widget\" data-widget_type=\"text-editor.default\">\n\t\t\t\t\t\t\t\t\t<p>\u00abA la recerca de caixes, cofres i baguls\u00bb. Canaltaronja.cat, 22 de marzo de 2025. <a href=\"https:\/\/www.canaltaronja.cat\/osona\/a-la-recerca-de-caixes-cofres-i-baguls\/\" target=\"_blank\" rel=\"noopener\">https:\/\/www.canaltaronja.cat\/osona\/a-la-recerca-de-caixes-cofres-i-baguls\/<\/a><\/p>\n\t\t\t\t\t\t\t\t<\/div>\n\t\t\t\t\t<\/div>\n\t\t<\/div>\n\t\t\t\t\t<\/div>\n\t\t<\/section>\n\t\t\t\t<section class=\"elementor-section elementor-top-section elementor-element elementor-element-d262209 elementor-section-content-middle elementor-section-boxed elementor-section-height-default elementor-section-height-default\" data-id=\"d262209\" data-element_type=\"section\" data-e-type=\"section\">\n\t\t\t\t\t\t<div class=\"elementor-container elementor-column-gap-no\">\n\t\t\t\t\t<div class=\"elementor-column elementor-col-33 elementor-top-column elementor-element elementor-element-f63014b\" data-id=\"f63014b\" data-element_type=\"column\" data-e-type=\"column\">\n\t\t\t<div class=\"elementor-widget-wrap elementor-element-populated\">\n\t\t\t\t\t\t<div class=\"elementor-element elementor-element-d07909e elementor-widget__width-initial elementor-widget elementor-widget-image\" data-id=\"d07909e\" data-element_type=\"widget\" data-e-type=\"widget\" data-widget_type=\"image.default\">\n\t\t\t\t\t\t\t\t\t\t\t\t\t\t\t<img loading=\"lazy\" decoding=\"async\" width=\"300\" height=\"109\" src=\"https:\/\/www.estudidelmoble.com\/wp-content\/uploads\/2025\/04\/ajuntament-canet-300x109.png\" class=\"attachment-medium size-medium wp-image-68366\" alt=\"\" srcset=\"https:\/\/www.estudidelmoble.com\/wp-content\/uploads\/2025\/04\/ajuntament-canet-300x109.png 300w, https:\/\/www.estudidelmoble.com\/wp-content\/uploads\/2025\/04\/ajuntament-canet.png 373w\" sizes=\"(max-width: 300px) 100vw, 300px\" \/>\t\t\t\t\t\t\t\t\t\t\t\t\t\t\t<\/div>\n\t\t\t\t\t<\/div>\n\t\t<\/div>\n\t\t\t\t<div class=\"elementor-column elementor-col-66 elementor-top-column elementor-element elementor-element-6f74829\" data-id=\"6f74829\" data-element_type=\"column\" data-e-type=\"column\">\n\t\t\t<div class=\"elementor-widget-wrap elementor-element-populated\">\n\t\t\t\t\t\t<div class=\"elementor-element elementor-element-82571e7 elementor-widget elementor-widget-text-editor\" data-id=\"82571e7\" data-element_type=\"widget\" data-e-type=\"widget\" data-widget_type=\"text-editor.default\">\n\t\t\t\t\t\t\t\t\t<p>\u00abEns conviden a participar en la preservaci\u00f3 del patrimoni cultural de Catalunya\u00bb. Canetdemar.cat, 21 de marzo de 2025. <a href=\"https:\/\/www.canetdemar.cat\/document.php?id=27167\" target=\"_blank\" rel=\"noopener\">https:\/\/www.canetdemar.cat\/document.php?id=27167<\/a><\/p>\n\t\t\t\t\t\t\t\t<\/div>\n\t\t\t\t\t<\/div>\n\t\t<\/div>\n\t\t\t\t\t<\/div>\n\t\t<\/section>\n\t\t\t\t<section class=\"elementor-section elementor-top-section elementor-element elementor-element-16f8795 elementor-section-content-middle elementor-section-boxed elementor-section-height-default elementor-section-height-default\" data-id=\"16f8795\" data-element_type=\"section\" data-e-type=\"section\">\n\t\t\t\t\t\t<div class=\"elementor-container elementor-column-gap-no\">\n\t\t\t\t\t<div class=\"elementor-column elementor-col-33 elementor-top-column elementor-element elementor-element-4d8fda8\" data-id=\"4d8fda8\" data-element_type=\"column\" data-e-type=\"column\">\n\t\t\t<div class=\"elementor-widget-wrap elementor-element-populated\">\n\t\t\t\t\t\t<div class=\"elementor-element elementor-element-1ef1368 elementor-widget__width-initial elementor-widget elementor-widget-image\" data-id=\"1ef1368\" data-element_type=\"widget\" data-e-type=\"widget\" data-widget_type=\"image.default\">\n\t\t\t\t\t\t\t\t\t\t\t\t\t\t\t<img loading=\"lazy\" decoding=\"async\" width=\"300\" height=\"127\" src=\"https:\/\/www.estudidelmoble.com\/wp-content\/uploads\/2025\/03\/Captura-de-pantalla-2025-03-17-123314-300x127.png\" class=\"attachment-medium size-medium wp-image-67827\" alt=\"\" srcset=\"https:\/\/www.estudidelmoble.com\/wp-content\/uploads\/2025\/03\/Captura-de-pantalla-2025-03-17-123314-300x127.png 300w, https:\/\/www.estudidelmoble.com\/wp-content\/uploads\/2025\/03\/Captura-de-pantalla-2025-03-17-123314.png 482w\" sizes=\"(max-width: 300px) 100vw, 300px\" \/>\t\t\t\t\t\t\t\t\t\t\t\t\t\t\t<\/div>\n\t\t\t\t\t<\/div>\n\t\t<\/div>\n\t\t\t\t<div class=\"elementor-column elementor-col-66 elementor-top-column elementor-element elementor-element-64c8d86\" data-id=\"64c8d86\" data-element_type=\"column\" data-e-type=\"column\">\n\t\t\t<div class=\"elementor-widget-wrap elementor-element-populated\">\n\t\t\t\t\t\t<div class=\"elementor-element elementor-element-a99e55a elementor-widget elementor-widget-text-editor\" data-id=\"a99e55a\" data-element_type=\"widget\" data-e-type=\"widget\" data-widget_type=\"text-editor.default\">\n\t\t\t\t\t\t\t\t\t<p>\u00abPresentaci\u00f3 a Vic del projecte \u201cEl teu bagul, la nostra hist\u00f2ria\u201d\u00bb. Etnologia.blog.gencat.cat, 17 de marzo de 2025. <a href=\"https:\/\/etnologia.blog.gencat.cat\/2025\/03\/17\/presentacio-a-vic-del-projecte-el-teu-bagul-la-nostra-historia\/\" target=\"_blank\" rel=\"noopener\">https:\/\/etnologia.blog.gencat.cat\/2025\/03\/17\/presentacio-a-vic-del-projecte-el-teu-bagul-la-nostra-historia\/<\/a><\/p>\n\t\t\t\t\t\t\t\t<\/div>\n\t\t\t\t\t<\/div>\n\t\t<\/div>\n\t\t\t\t\t<\/div>\n\t\t<\/section>\n\t\t\t\t<section class=\"elementor-section elementor-top-section elementor-element elementor-element-f89bb98 elementor-section-content-middle elementor-section-boxed elementor-section-height-default elementor-section-height-default\" data-id=\"f89bb98\" data-element_type=\"section\" data-e-type=\"section\">\n\t\t\t\t\t\t<div class=\"elementor-container elementor-column-gap-no\">\n\t\t\t\t\t<div class=\"elementor-column elementor-col-33 elementor-top-column elementor-element elementor-element-7d1fd28\" data-id=\"7d1fd28\" data-element_type=\"column\" data-e-type=\"column\">\n\t\t\t<div class=\"elementor-widget-wrap elementor-element-populated\">\n\t\t\t\t\t\t<div class=\"elementor-element elementor-element-d7b480a elementor-widget__width-initial elementor-widget elementor-widget-image\" data-id=\"d7b480a\" data-element_type=\"widget\" data-e-type=\"widget\" data-widget_type=\"image.default\">\n\t\t\t\t\t\t\t\t\t\t\t\t\t\t\t<img loading=\"lazy\" decoding=\"async\" width=\"300\" height=\"122\" src=\"https:\/\/www.estudidelmoble.com\/wp-content\/uploads\/2025\/03\/Captura-de-pantalla-2025-03-17-122355-300x122.png\" class=\"attachment-medium size-medium wp-image-67819\" alt=\"\" srcset=\"https:\/\/www.estudidelmoble.com\/wp-content\/uploads\/2025\/03\/Captura-de-pantalla-2025-03-17-122355-300x122.png 300w, https:\/\/www.estudidelmoble.com\/wp-content\/uploads\/2025\/03\/Captura-de-pantalla-2025-03-17-122355.png 411w\" sizes=\"(max-width: 300px) 100vw, 300px\" \/>\t\t\t\t\t\t\t\t\t\t\t\t\t\t\t<\/div>\n\t\t\t\t\t<\/div>\n\t\t<\/div>\n\t\t\t\t<div class=\"elementor-column elementor-col-66 elementor-top-column elementor-element elementor-element-b723783\" data-id=\"b723783\" data-element_type=\"column\" data-e-type=\"column\">\n\t\t\t<div class=\"elementor-widget-wrap elementor-element-populated\">\n\t\t\t\t\t\t<div class=\"elementor-element elementor-element-b3a1cfa elementor-widget elementor-widget-text-editor\" data-id=\"b3a1cfa\" data-element_type=\"widget\" data-e-type=\"widget\" data-widget_type=\"text-editor.default\">\n\t\t\t\t\t\t\t\t\t<p>\u00abEls Indiana Jones d\u2019un moble \u00fanic al m\u00f3n: la caixa catalana. Elpuntavui.cat, 16 de marzo de 2025. <a href=\"https:\/\/www.elpuntavui.cat\/cultura\/article\/19-cultura\/2517837-els-indiana-jones-d-un-moble-unic-al-mon-la-caixa-catalana.html\" target=\"_blank\" rel=\"noopener\">https:\/\/www.elpuntavui.cat\/cultura\/article\/19-cultura\/2517837-els-indiana-jones-d-un-moble-unic-al-mon-la-caixa-catalana.html<\/a><\/p>\n\t\t\t\t\t\t\t\t<\/div>\n\t\t\t\t\t<\/div>\n\t\t<\/div>\n\t\t\t\t\t<\/div>\n\t\t<\/section>\n\t\t\t\t<section class=\"elementor-section elementor-top-section elementor-element elementor-element-7d1fafa elementor-section-content-middle elementor-section-boxed elementor-section-height-default elementor-section-height-default\" data-id=\"7d1fafa\" data-element_type=\"section\" data-e-type=\"section\">\n\t\t\t\t\t\t<div class=\"elementor-container elementor-column-gap-no\">\n\t\t\t\t\t<div class=\"elementor-column elementor-col-33 elementor-top-column elementor-element elementor-element-13efb3a\" data-id=\"13efb3a\" data-element_type=\"column\" data-e-type=\"column\">\n\t\t\t<div class=\"elementor-widget-wrap elementor-element-populated\">\n\t\t\t\t\t\t<div class=\"elementor-element elementor-element-916679f elementor-widget__width-initial elementor-widget elementor-widget-image\" data-id=\"916679f\" data-element_type=\"widget\" data-e-type=\"widget\" data-widget_type=\"image.default\">\n\t\t\t\t\t\t\t\t\t\t\t\t\t\t\t<img loading=\"lazy\" decoding=\"async\" width=\"300\" height=\"225\" src=\"https:\/\/www.estudidelmoble.com\/wp-content\/uploads\/2025\/02\/logo-300x225.png\" class=\"attachment-medium size-medium wp-image-66963\" alt=\"\" srcset=\"https:\/\/www.estudidelmoble.com\/wp-content\/uploads\/2025\/02\/logo-300x225.png 300w, https:\/\/www.estudidelmoble.com\/wp-content\/uploads\/2025\/02\/logo.png 320w\" sizes=\"(max-width: 300px) 100vw, 300px\" \/>\t\t\t\t\t\t\t\t\t\t\t\t\t\t\t<\/div>\n\t\t\t\t\t<\/div>\n\t\t<\/div>\n\t\t\t\t<div class=\"elementor-column elementor-col-66 elementor-top-column elementor-element elementor-element-76babde\" data-id=\"76babde\" data-element_type=\"column\" data-e-type=\"column\">\n\t\t\t<div class=\"elementor-widget-wrap elementor-element-populated\">\n\t\t\t\t\t\t<div class=\"elementor-element elementor-element-7523fd2 elementor-widget elementor-widget-text-editor\" data-id=\"7523fd2\" data-element_type=\"widget\" data-e-type=\"widget\" data-widget_type=\"text-editor.default\">\n\t\t\t\t\t\t\t\t\t<p>\u00abPrograma 780, edici\u00f3 2569 (14\/02\/2025). El projecte &#8216;El teu bagul, la nostra hist\u00f2ria&#8217; al Fes Ta Festa. Festafesta.cat, 14 de febrero de 2025. <a href=\"https:\/\/festafesta.cat\/bqgul\/#more-44268\" target=\"_blank\" rel=\"noopener\">https:\/\/festafesta.cat\/bqgul\/#more-44268<\/a><\/p>\n\t\t\t\t\t\t\t\t<\/div>\n\t\t\t\t\t<\/div>\n\t\t<\/div>\n\t\t\t\t\t<\/div>\n\t\t<\/section>\n\t\t\t\t<section class=\"elementor-section elementor-top-section elementor-element elementor-element-f175075 elementor-section-content-middle elementor-section-boxed elementor-section-height-default elementor-section-height-default\" data-id=\"f175075\" data-element_type=\"section\" data-e-type=\"section\">\n\t\t\t\t\t\t<div class=\"elementor-container elementor-column-gap-no\">\n\t\t\t\t\t<div class=\"elementor-column elementor-col-33 elementor-top-column elementor-element elementor-element-c73c90d\" data-id=\"c73c90d\" data-element_type=\"column\" data-e-type=\"column\">\n\t\t\t<div class=\"elementor-widget-wrap elementor-element-populated\">\n\t\t\t\t\t\t<div class=\"elementor-element elementor-element-4fecc4f elementor-widget__width-initial elementor-widget elementor-widget-image\" data-id=\"4fecc4f\" data-element_type=\"widget\" data-e-type=\"widget\" data-widget_type=\"image.default\">\n\t\t\t\t\t\t\t\t\t\t\t\t\t\t\t<img loading=\"lazy\" decoding=\"async\" width=\"300\" height=\"83\" src=\"https:\/\/www.estudidelmoble.com\/wp-content\/uploads\/2025\/04\/576_640_480-300x83.jpg\" class=\"attachment-medium size-medium wp-image-68350\" alt=\"\" srcset=\"https:\/\/www.estudidelmoble.com\/wp-content\/uploads\/2025\/04\/576_640_480-300x83.jpg 300w, https:\/\/www.estudidelmoble.com\/wp-content\/uploads\/2025\/04\/576_640_480-600x167.jpg 600w, https:\/\/www.estudidelmoble.com\/wp-content\/uploads\/2025\/04\/576_640_480.jpg 640w\" sizes=\"(max-width: 300px) 100vw, 300px\" \/>\t\t\t\t\t\t\t\t\t\t\t\t\t\t\t<\/div>\n\t\t\t\t\t<\/div>\n\t\t<\/div>\n\t\t\t\t<div class=\"elementor-column elementor-col-66 elementor-top-column elementor-element elementor-element-68b8b5c\" data-id=\"68b8b5c\" data-element_type=\"column\" data-e-type=\"column\">\n\t\t\t<div class=\"elementor-widget-wrap elementor-element-populated\">\n\t\t\t\t\t\t<div class=\"elementor-element elementor-element-b045b92 elementor-widget elementor-widget-text-editor\" data-id=\"b045b92\" data-element_type=\"widget\" data-e-type=\"widget\" data-widget_type=\"text-editor.default\">\n\t\t\t\t\t\t\t\t\t<p>\u00abL\u2019Associaci\u00f3 per a l\u2019Estudi del Moble engega el projecte \u2018El teu bagul, la nostra hist\u00f2ria\u00bb. Ateneus.cat, 13 de enero de 2025. <a href=\"https:\/\/ateneus.cat\/2025\/01\/13\/lassociacio-per-a-lestudi-del-moble-engega-el-projecte-el-teu-bagul-la-nostra-historia\/\" target=\"_blank\" rel=\"noopener\">https:\/\/ateneus.cat\/2025\/01\/13\/lassociacio-per-a-lestudi-del-moble-engega-el-projecte-el-teu-bagul-la-nostra-historia\/<\/a>.<\/p>\n\t\t\t\t\t\t\t\t<\/div>\n\t\t\t\t\t<\/div>\n\t\t<\/div>\n\t\t\t\t\t<\/div>\n\t\t<\/section>\n\t\t\t\t<section class=\"elementor-section elementor-top-section elementor-element elementor-element-956a47e elementor-section-content-middle elementor-section-boxed elementor-section-height-default elementor-section-height-default\" data-id=\"956a47e\" data-element_type=\"section\" data-e-type=\"section\">\n\t\t\t\t\t\t<div class=\"elementor-container elementor-column-gap-no\">\n\t\t\t\t\t<div class=\"elementor-column elementor-col-33 elementor-top-column elementor-element elementor-element-1e31ac5\" data-id=\"1e31ac5\" data-element_type=\"column\" data-e-type=\"column\">\n\t\t\t<div class=\"elementor-widget-wrap elementor-element-populated\">\n\t\t\t\t\t\t<div class=\"elementor-element elementor-element-14edbb3 elementor-widget__width-initial elementor-widget elementor-widget-image\" data-id=\"14edbb3\" data-element_type=\"widget\" data-e-type=\"widget\" data-widget_type=\"image.default\">\n\t\t\t\t\t\t\t\t\t\t\t\t\t\t\t<img loading=\"lazy\" decoding=\"async\" width=\"300\" height=\"152\" src=\"https:\/\/www.estudidelmoble.com\/wp-content\/uploads\/2025\/01\/Cadena_Ser_logo.svg-300x152.png\" class=\"attachment-medium size-medium wp-image-66213\" alt=\"\" srcset=\"https:\/\/www.estudidelmoble.com\/wp-content\/uploads\/2025\/01\/Cadena_Ser_logo.svg-300x152.png 300w, https:\/\/www.estudidelmoble.com\/wp-content\/uploads\/2025\/01\/Cadena_Ser_logo.svg-1024x518.png 1024w, https:\/\/www.estudidelmoble.com\/wp-content\/uploads\/2025\/01\/Cadena_Ser_logo.svg-768x389.png 768w, https:\/\/www.estudidelmoble.com\/wp-content\/uploads\/2025\/01\/Cadena_Ser_logo.svg-600x304.png 600w, https:\/\/www.estudidelmoble.com\/wp-content\/uploads\/2025\/01\/Cadena_Ser_logo.svg.png 1280w\" sizes=\"(max-width: 300px) 100vw, 300px\" \/>\t\t\t\t\t\t\t\t\t\t\t\t\t\t\t<\/div>\n\t\t\t\t\t<\/div>\n\t\t<\/div>\n\t\t\t\t<div class=\"elementor-column elementor-col-66 elementor-top-column elementor-element elementor-element-8215571\" data-id=\"8215571\" data-element_type=\"column\" data-e-type=\"column\">\n\t\t\t<div class=\"elementor-widget-wrap elementor-element-populated\">\n\t\t\t\t\t\t<div class=\"elementor-element elementor-element-0740812 elementor-widget elementor-widget-text-editor\" data-id=\"0740812\" data-element_type=\"widget\" data-e-type=\"widget\" data-widget_type=\"text-editor.default\">\n\t\t\t\t\t\t\t\t\t<p>\u00abTot \u00e9s com\u00e8dia: ENTREVISTA. \u00c0ngels Par\u00e9s\u00bb. Cadena SER, 12 de enero de 2025. <a href=\"https:\/\/cadenaser.com\/audio\/1736687021970\/\" target=\"_blank\" rel=\"noopener\">https:\/\/cadenaser.com\/audio\/1736687021970\/<\/a>.<\/p>\n\t\t\t\t\t\t\t\t<\/div>\n\t\t\t\t\t<\/div>\n\t\t<\/div>\n\t\t\t\t\t<\/div>\n\t\t<\/section>\n\t\t\t\t<section class=\"elementor-section elementor-top-section elementor-element elementor-element-d287474 elementor-section-content-middle elementor-section-boxed elementor-section-height-default elementor-section-height-default\" data-id=\"d287474\" data-element_type=\"section\" data-e-type=\"section\">\n\t\t\t\t\t\t<div class=\"elementor-container elementor-column-gap-no\">\n\t\t\t\t\t<div class=\"elementor-column elementor-col-33 elementor-top-column elementor-element elementor-element-71ae744\" data-id=\"71ae744\" data-element_type=\"column\" data-e-type=\"column\">\n\t\t\t<div class=\"elementor-widget-wrap elementor-element-populated\">\n\t\t\t\t\t\t<div class=\"elementor-element elementor-element-de44ccf elementor-widget__width-initial elementor-widget elementor-widget-image\" data-id=\"de44ccf\" data-element_type=\"widget\" data-e-type=\"widget\" data-widget_type=\"image.default\">\n\t\t\t\t\t\t\t\t\t\t\t\t\t\t\t<img loading=\"lazy\" decoding=\"async\" width=\"293\" height=\"117\" src=\"https:\/\/www.estudidelmoble.com\/wp-content\/uploads\/2025\/01\/Captura-de-pantalla-2025-01-09-124521.png\" class=\"attachment-medium size-medium wp-image-66175\" alt=\"\" \/>\t\t\t\t\t\t\t\t\t\t\t\t\t\t\t<\/div>\n\t\t\t\t\t<\/div>\n\t\t<\/div>\n\t\t\t\t<div class=\"elementor-column elementor-col-66 elementor-top-column elementor-element elementor-element-b552ba3\" data-id=\"b552ba3\" data-element_type=\"column\" data-e-type=\"column\">\n\t\t\t<div class=\"elementor-widget-wrap elementor-element-populated\">\n\t\t\t\t\t\t<div class=\"elementor-element elementor-element-db87756 elementor-widget elementor-widget-text-editor\" data-id=\"db87756\" data-element_type=\"widget\" data-e-type=\"widget\" data-widget_type=\"text-editor.default\">\n\t\t\t\t\t\t\t\t\t<p>\u00abCatalunya desada en una caixa. L&#8217;Associaci\u00f3 per a l&#8217;Estudi del Moble crea el primer inventari digital participatiu de caixes, baguls i cofres\u00bb. Nuvol.com, 18 de diciembre de 2024. <a href=\"https:\/\/www.nuvol.com\/art\/catalunya-desada-en-una-caixa-409178\" target=\"_blank\" rel=\"noopener\">https:\/\/www.nuvol.com\/art\/catalunya-desada-en-una-caixa-409178<\/a>.<\/p>\n\t\t\t\t\t\t\t\t<\/div>\n\t\t\t\t\t<\/div>\n\t\t<\/div>\n\t\t\t\t\t<\/div>\n\t\t<\/section>\n\t\t\t\t<section class=\"elementor-section elementor-top-section elementor-element elementor-element-76fa409 elementor-section-content-middle elementor-section-boxed elementor-section-height-default elementor-section-height-default\" data-id=\"76fa409\" data-element_type=\"section\" data-e-type=\"section\">\n\t\t\t\t\t\t<div class=\"elementor-container elementor-column-gap-no\">\n\t\t\t\t\t<div class=\"elementor-column elementor-col-33 elementor-top-column elementor-element elementor-element-bfb5e0f\" data-id=\"bfb5e0f\" data-element_type=\"column\" data-e-type=\"column\">\n\t\t\t<div class=\"elementor-widget-wrap elementor-element-populated\">\n\t\t\t\t\t\t<div class=\"elementor-element elementor-element-921956b elementor-widget__width-initial elementor-widget elementor-widget-image\" data-id=\"921956b\" data-element_type=\"widget\" data-e-type=\"widget\" data-widget_type=\"image.default\">\n\t\t\t\t\t\t\t\t\t\t\t\t\t\t\t<img loading=\"lazy\" decoding=\"async\" width=\"285\" height=\"76\" src=\"https:\/\/www.estudidelmoble.com\/wp-content\/uploads\/2025\/01\/logo_ESCRBBC.jpg\" class=\"attachment-medium size-medium wp-image-66237\" alt=\"\" \/>\t\t\t\t\t\t\t\t\t\t\t\t\t\t\t<\/div>\n\t\t\t\t\t<\/div>\n\t\t<\/div>\n\t\t\t\t<div class=\"elementor-column elementor-col-66 elementor-top-column elementor-element elementor-element-5178a0f\" data-id=\"5178a0f\" data-element_type=\"column\" data-e-type=\"column\">\n\t\t\t<div class=\"elementor-widget-wrap elementor-element-populated\">\n\t\t\t\t\t\t<div class=\"elementor-element elementor-element-46232b0 elementor-widget elementor-widget-text-editor\" data-id=\"46232b0\" data-element_type=\"widget\" data-e-type=\"widget\" data-widget_type=\"text-editor.default\">\n\t\t\t\t\t\t\t\t\t<p>\u00abMiquel Mirambell \u00e9s membre del comit\u00e8 cient\u00edfic del projecte \u201cEl teu bagul, la nostra hist\u00f2ria\u201d.\u00a0 Escrbcc.cat, 15 de diciembre de 2024. <a href=\"https:\/\/www.escrbcc.cat\/miquel-mirambell-es-membre-del-comite-cientific-del-projecte-el-teu-bagul-la-nostra-historia\/\" target=\"_blank\" rel=\"noopener\">https:\/\/www.escrbcc.cat\/miquel-mirambell-es-membre-del-comite-cientific-del-projecte-el-teu-bagul-la-nostra-historia\/<\/a>.<\/p>\n\t\t\t\t\t\t\t\t<\/div>\n\t\t\t\t\t<\/div>\n\t\t<\/div>\n\t\t\t\t\t<\/div>\n\t\t<\/section>\n\t\t\t\t<section class=\"elementor-section elementor-top-section elementor-element elementor-element-4df41d2 elementor-section-content-middle elementor-section-boxed elementor-section-height-default elementor-section-height-default\" data-id=\"4df41d2\" data-element_type=\"section\" data-e-type=\"section\">\n\t\t\t\t\t\t<div class=\"elementor-container elementor-column-gap-no\">\n\t\t\t\t\t<div class=\"elementor-column elementor-col-33 elementor-top-column elementor-element elementor-element-d4def58\" data-id=\"d4def58\" data-element_type=\"column\" data-e-type=\"column\">\n\t\t\t<div class=\"elementor-widget-wrap elementor-element-populated\">\n\t\t\t\t\t\t<div class=\"elementor-element elementor-element-22dcad7 elementor-widget__width-initial elementor-widget elementor-widget-image\" data-id=\"22dcad7\" data-element_type=\"widget\" data-e-type=\"widget\" data-widget_type=\"image.default\">\n\t\t\t\t\t\t\t\t\t\t\t\t\t\t\t<img loading=\"lazy\" decoding=\"async\" width=\"300\" height=\"96\" src=\"https:\/\/www.estudidelmoble.com\/wp-content\/uploads\/2025\/01\/I_REC_logo.jpg_764435892-300x96.webp\" class=\"attachment-medium size-medium wp-image-66229\" alt=\"\" srcset=\"https:\/\/www.estudidelmoble.com\/wp-content\/uploads\/2025\/01\/I_REC_logo.jpg_764435892-300x96.webp 300w, https:\/\/www.estudidelmoble.com\/wp-content\/uploads\/2025\/01\/I_REC_logo.jpg_764435892.webp 402w\" sizes=\"(max-width: 300px) 100vw, 300px\" \/>\t\t\t\t\t\t\t\t\t\t\t\t\t\t\t<\/div>\n\t\t\t\t\t<\/div>\n\t\t<\/div>\n\t\t\t\t<div class=\"elementor-column elementor-col-66 elementor-top-column elementor-element elementor-element-b54d148\" data-id=\"b54d148\" data-element_type=\"column\" data-e-type=\"column\">\n\t\t\t<div class=\"elementor-widget-wrap elementor-element-populated\">\n\t\t\t\t\t\t<div class=\"elementor-element elementor-element-480bebb elementor-widget elementor-widget-text-editor\" data-id=\"480bebb\" data-element_type=\"widget\" data-e-type=\"widget\" data-widget_type=\"text-editor.default\">\n\t\t\t\t\t\t\t\t\t<p>\u00abL\u2019Associaci\u00f3 per a l\u2019Estudi del Moble (AEM) posa en marxa el primer inventari digital participatiu de caixes, baguls i cofres\u00bb. Etnologia.blog.gencat.cat,\u00a0<span style=\"font-family: var( --e-global-typography-442fd4e-font-family ), Sans-serif; font-weight: var( --e-global-typography-442fd4e-font-weight ); background-color: var( --e-global-color-9896240 );\">13 de diciembre de 2024.<\/span><span style=\"font-family: var( --e-global-typography-442fd4e-font-family ), Sans-serif; font-weight: var( --e-global-typography-442fd4e-font-weight ); background-color: var( --e-global-color-9896240 );\">\u00a0<\/span><span style=\"font-family: var( --e-global-typography-442fd4e-font-family ), Sans-serif; font-weight: var( --e-global-typography-442fd4e-font-weight ); background-color: var( --e-global-color-9896240 );\"><a href=\"https:\/\/etnologia.blog.gencat.cat\/2024\/12\/13\/lassociacio-per-a-lestudi-del-moble-aem-posa-en-marxa-el-primer-inventari-digital-participatiu-de-caixes-baguls-i-cofres\/\" target=\"_blank\" rel=\"noopener\">https:\/\/etnologia.blog.gencat.cat\/2024\/12\/13\/lassociacio-per-a-lestudi-del-moble-aem-posa-en-marxa-el-primer-inventari-digital-participatiu-de-caixes-baguls-i-cofres\/<\/a>.<\/span><\/p>\n\t\t\t\t\t\t\t\t<\/div>\n\t\t\t\t\t<\/div>\n\t\t<\/div>\n\t\t\t\t\t<\/div>\n\t\t<\/section>\n\t\t\t\t<section class=\"elementor-section elementor-top-section elementor-element elementor-element-9dd7588 elementor-section-content-middle elementor-section-boxed elementor-section-height-default elementor-section-height-default\" data-id=\"9dd7588\" data-element_type=\"section\" data-e-type=\"section\">\n\t\t\t\t\t\t<div class=\"elementor-container elementor-column-gap-no\">\n\t\t\t\t\t<div class=\"elementor-column elementor-col-33 elementor-top-column elementor-element elementor-element-046afaa\" data-id=\"046afaa\" data-element_type=\"column\" data-e-type=\"column\">\n\t\t\t<div class=\"elementor-widget-wrap elementor-element-populated\">\n\t\t\t\t\t\t<div class=\"elementor-element elementor-element-e99ecee elementor-widget__width-initial elementor-widget elementor-widget-image\" data-id=\"e99ecee\" data-element_type=\"widget\" data-e-type=\"widget\" data-widget_type=\"image.default\">\n\t\t\t\t\t\t\t\t\t\t\t\t\t\t\t<img loading=\"lazy\" decoding=\"async\" width=\"300\" height=\"100\" src=\"https:\/\/www.estudidelmoble.com\/wp-content\/uploads\/2025\/01\/web-museu-de-lescala-02-300x100.jpg\" class=\"attachment-medium size-medium wp-image-66223\" alt=\"\" srcset=\"https:\/\/www.estudidelmoble.com\/wp-content\/uploads\/2025\/01\/web-museu-de-lescala-02-300x100.jpg 300w, https:\/\/www.estudidelmoble.com\/wp-content\/uploads\/2025\/01\/web-museu-de-lescala-02.jpg 314w\" sizes=\"(max-width: 300px) 100vw, 300px\" \/>\t\t\t\t\t\t\t\t\t\t\t\t\t\t\t<\/div>\n\t\t\t\t\t<\/div>\n\t\t<\/div>\n\t\t\t\t<div class=\"elementor-column elementor-col-66 elementor-top-column elementor-element elementor-element-c659805\" data-id=\"c659805\" data-element_type=\"column\" data-e-type=\"column\">\n\t\t\t<div class=\"elementor-widget-wrap elementor-element-populated\">\n\t\t\t\t\t\t<div class=\"elementor-element elementor-element-5946d2e elementor-widget elementor-widget-text-editor\" data-id=\"5946d2e\" data-element_type=\"widget\" data-e-type=\"widget\" data-widget_type=\"text-editor.default\">\n\t\t\t\t\t\t\t\t\t<p>\u00abEl Museu de l\u2019Escala participa en el primer inventari digital participatiu de caixes, baguls i cofres\u00bb.\u00a0 13 de diciembre de 2024. <a href=\"https:\/\/museudelescala.com\/el-museu-de-lescala-participa-en-el-primer-inventari-digital-participatiu-de-caixes-baguls-i-cofres\/\" target=\"_blank\" rel=\"noopener\">https:\/\/museudelescala.com\/el-museu-de-lescala-participa-en-el-primer-inventari-digital-participatiu-de-caixes-baguls-i-cofres\/<\/a>.<\/p>\n\t\t\t\t\t\t\t\t<\/div>\n\t\t\t\t\t<\/div>\n\t\t<\/div>\n\t\t\t\t\t<\/div>\n\t\t<\/section>\n\t\t\t\t<section class=\"elementor-section elementor-top-section elementor-element elementor-element-eabf5e6 elementor-section-content-middle elementor-section-boxed elementor-section-height-default elementor-section-height-default\" data-id=\"eabf5e6\" data-element_type=\"section\" data-e-type=\"section\">\n\t\t\t\t\t\t<div class=\"elementor-container elementor-column-gap-no\">\n\t\t\t\t\t<div class=\"elementor-column elementor-col-33 elementor-top-column elementor-element elementor-element-dd7f624\" data-id=\"dd7f624\" data-element_type=\"column\" data-e-type=\"column\">\n\t\t\t<div class=\"elementor-widget-wrap elementor-element-populated\">\n\t\t\t\t\t\t<div class=\"elementor-element elementor-element-8d31977 elementor-widget elementor-widget-image\" data-id=\"8d31977\" data-element_type=\"widget\" data-e-type=\"widget\" data-widget_type=\"image.default\">\n\t\t\t\t\t\t\t\t\t\t\t\t\t\t\t<img loading=\"lazy\" decoding=\"async\" width=\"297\" height=\"170\" src=\"https:\/\/www.estudidelmoble.com\/wp-content\/uploads\/2025\/01\/images.png\" class=\"attachment-medium size-medium wp-image-66246\" alt=\"\" \/>\t\t\t\t\t\t\t\t\t\t\t\t\t\t\t<\/div>\n\t\t\t\t\t<\/div>\n\t\t<\/div>\n\t\t\t\t<div class=\"elementor-column elementor-col-66 elementor-top-column elementor-element elementor-element-413aa82\" data-id=\"413aa82\" data-element_type=\"column\" data-e-type=\"column\">\n\t\t\t<div class=\"elementor-widget-wrap elementor-element-populated\">\n\t\t\t\t\t\t<div class=\"elementor-element elementor-element-7901996 elementor-widget elementor-widget-text-editor\" data-id=\"7901996\" data-element_type=\"widget\" data-e-type=\"widget\" data-widget_type=\"text-editor.default\">\n\t\t\t\t\t\t\t\t\t<p>\u00abAgenda informativa de Europa Press de Catalunya para el 12 de diciembre\u00bb.\u00a0 Europa Press,\u00a0<span style=\"font-family: var( --e-global-typography-442fd4e-font-family ), Sans-serif; font-weight: var( --e-global-typography-442fd4e-font-weight ); background-color: var( --e-global-color-9896240 );\">12 de diciembre de 2024<\/span><span style=\"font-family: var( --e-global-typography-442fd4e-font-family ), Sans-serif; font-weight: var( --e-global-typography-442fd4e-font-weight ); background-color: var( --e-global-color-9896240 );\">\u00a0\u00a0<\/span><a style=\"font-weight: var( --e-global-typography-442fd4e-font-weight );\" href=\"https:\/\/www.lavanguardia.com\/economia\/20241212\/10193470\/agenda-informativa-europa-press-catalunya-12-diciembre-ep-agenciaslv20241212.html\" target=\"_blank\" rel=\"noopener\">https:\/\/www.lavanguardia.com\/economia\/20241212\/10193470\/agenda-informativa-europa-press-catalunya-12-diciembre-ep-agenciaslv20241212.html<\/a><span style=\"font-family: var( --e-global-typography-442fd4e-font-family ), Sans-serif; font-weight: var( --e-global-typography-442fd4e-font-weight ); background-color: var( --e-global-color-9896240 );\">.<\/span><\/p>\n\t\t\t\t\t\t\t\t<\/div>\n\t\t\t\t\t<\/div>\n\t\t<\/div>\n\t\t\t\t\t<\/div>\n\t\t<\/section>\n\t\t\t\t<section class=\"elementor-section elementor-top-section elementor-element elementor-element-da5d108 elementor-section-content-middle elementor-section-boxed elementor-section-height-default elementor-section-height-default\" data-id=\"da5d108\" data-element_type=\"section\" data-e-type=\"section\">\n\t\t\t\t\t\t<div class=\"elementor-container elementor-column-gap-no\">\n\t\t\t\t\t<div class=\"elementor-column elementor-col-33 elementor-top-column elementor-element elementor-element-5101ba5\" data-id=\"5101ba5\" data-element_type=\"column\" data-e-type=\"column\">\n\t\t\t<div class=\"elementor-widget-wrap elementor-element-populated\">\n\t\t\t\t\t\t<div class=\"elementor-element elementor-element-817b9d5 elementor-widget elementor-widget-image\" data-id=\"817b9d5\" data-element_type=\"widget\" data-e-type=\"widget\" data-widget_type=\"image.default\">\n\t\t\t\t\t\t\t\t\t\t\t\t\t\t\t<img loading=\"lazy\" decoding=\"async\" width=\"300\" height=\"112\" src=\"https:\/\/www.estudidelmoble.com\/wp-content\/uploads\/2025\/01\/images-1-300x112.png\" class=\"attachment-medium size-medium wp-image-66267\" alt=\"\" srcset=\"https:\/\/www.estudidelmoble.com\/wp-content\/uploads\/2025\/01\/images-1-300x112.png 300w, https:\/\/www.estudidelmoble.com\/wp-content\/uploads\/2025\/01\/images-1.png 367w\" sizes=\"(max-width: 300px) 100vw, 300px\" \/>\t\t\t\t\t\t\t\t\t\t\t\t\t\t\t<\/div>\n\t\t\t\t\t<\/div>\n\t\t<\/div>\n\t\t\t\t<div class=\"elementor-column elementor-col-66 elementor-top-column elementor-element elementor-element-1b573ea\" data-id=\"1b573ea\" data-element_type=\"column\" data-e-type=\"column\">\n\t\t\t<div class=\"elementor-widget-wrap elementor-element-populated\">\n\t\t\t\t\t\t<div class=\"elementor-element elementor-element-4f8ff49 elementor-widget elementor-widget-text-editor\" data-id=\"4f8ff49\" data-element_type=\"widget\" data-e-type=\"widget\" data-widget_type=\"text-editor.default\">\n\t\t\t\t\t\t\t\t\t<p>\u00abPresentaci\u00f3 d&#8217;El teu bagul, la nostra hist\u00f2ria\u00bb. Disseny Hub Barcelona. Dissenyhub.barcelona, 12 de diciembre de 2024. <a href=\"https:\/\/www.dissenyhub.barcelona\/ca\/activitat\/presentacio-del-teu-bagul-la-nostra-historia\" target=\"_blank\" rel=\"noopener\">https:\/\/www.dissenyhub.barcelona\/ca\/activitat\/presentacio-del-teu-bagul-la-nostra-historia<\/a>.<\/p>\n\t\t\t\t\t\t\t\t<\/div>\n\t\t\t\t\t<\/div>\n\t\t<\/div>\n\t\t\t\t\t<\/div>\n\t\t<\/section>\n\t\t\t\t<section class=\"elementor-section elementor-top-section elementor-element elementor-element-87e7336 elementor-section-content-middle elementor-section-boxed elementor-section-height-default elementor-section-height-default\" data-id=\"87e7336\" data-element_type=\"section\" data-e-type=\"section\">\n\t\t\t\t\t\t<div class=\"elementor-container elementor-column-gap-no\">\n\t\t\t\t\t<div class=\"elementor-column elementor-col-33 elementor-top-column elementor-element elementor-element-790858f\" data-id=\"790858f\" data-element_type=\"column\" data-e-type=\"column\">\n\t\t\t<div class=\"elementor-widget-wrap elementor-element-populated\">\n\t\t\t\t\t\t<div class=\"elementor-element elementor-element-3ca8998 elementor-widget elementor-widget-image\" data-id=\"3ca8998\" data-element_type=\"widget\" data-e-type=\"widget\" data-widget_type=\"image.default\">\n\t\t\t\t\t\t\t\t\t\t\t\t\t\t\t<img loading=\"lazy\" decoding=\"async\" width=\"300\" height=\"97\" src=\"https:\/\/www.estudidelmoble.com\/wp-content\/uploads\/2024\/12\/LOGO_vermell-300x97.png\" class=\"attachment-medium size-medium wp-image-65761\" alt=\"\" srcset=\"https:\/\/www.estudidelmoble.com\/wp-content\/uploads\/2024\/12\/LOGO_vermell-300x97.png 300w, https:\/\/www.estudidelmoble.com\/wp-content\/uploads\/2024\/12\/LOGO_vermell-1024x330.png 1024w, https:\/\/www.estudidelmoble.com\/wp-content\/uploads\/2024\/12\/LOGO_vermell-768x247.png 768w, https:\/\/www.estudidelmoble.com\/wp-content\/uploads\/2024\/12\/LOGO_vermell-1536x495.png 1536w, https:\/\/www.estudidelmoble.com\/wp-content\/uploads\/2024\/12\/LOGO_vermell-600x193.png 600w, https:\/\/www.estudidelmoble.com\/wp-content\/uploads\/2024\/12\/LOGO_vermell.png 1587w\" sizes=\"(max-width: 300px) 100vw, 300px\" \/>\t\t\t\t\t\t\t\t\t\t\t\t\t\t\t<\/div>\n\t\t\t\t\t<\/div>\n\t\t<\/div>\n\t\t\t\t<div class=\"elementor-column elementor-col-66 elementor-top-column elementor-element elementor-element-f38bf16\" data-id=\"f38bf16\" data-element_type=\"column\" data-e-type=\"column\">\n\t\t\t<div class=\"elementor-widget-wrap elementor-element-populated\">\n\t\t\t\t\t\t<div class=\"elementor-element elementor-element-13ffffb elementor-widget elementor-widget-text-editor\" data-id=\"13ffffb\" data-element_type=\"widget\" data-e-type=\"widget\" data-widget_type=\"text-editor.default\">\n\t\t\t\t\t\t\t\t\t<p>\u00abPresentaci\u00f3 del projecte: El teu bagul, la nostra hist\u00f2ria\u00bb. Agenda Cultural. Gencat.cat, 12 de diciembre de 2024. <a href=\"https:\/\/agenda.cultura.gencat.cat\/content\/agenda\/ca\/article.html?article=20241210014\" target=\"_blank\" rel=\"noopener\">https:\/\/agenda.cultura.gencat.cat\/content\/agenda\/ca\/article.html?article=20241210014<\/a>.<\/p>\n\t\t\t\t\t\t\t\t<\/div>\n\t\t\t\t\t<\/div>\n\t\t<\/div>\n\t\t\t\t\t<\/div>\n\t\t<\/section>\n\t\t\t\t<section class=\"elementor-section elementor-top-section elementor-element elementor-element-01eb56a elementor-section-content-middle elementor-section-boxed elementor-section-height-default elementor-section-height-default\" data-id=\"01eb56a\" data-element_type=\"section\" data-e-type=\"section\">\n\t\t\t\t\t\t<div class=\"elementor-container elementor-column-gap-no\">\n\t\t\t\t\t<div class=\"elementor-column elementor-col-33 elementor-top-column elementor-element elementor-element-2ae52c0\" data-id=\"2ae52c0\" data-element_type=\"column\" data-e-type=\"column\">\n\t\t\t<div class=\"elementor-widget-wrap elementor-element-populated\">\n\t\t\t\t\t\t<div class=\"elementor-element elementor-element-1fcd512 elementor-widget elementor-widget-image\" data-id=\"1fcd512\" data-element_type=\"widget\" data-e-type=\"widget\" data-widget_type=\"image.default\">\n\t\t\t\t\t\t\t\t\t\t\t\t\t\t\t<img loading=\"lazy\" decoding=\"async\" width=\"280\" height=\"60\" src=\"https:\/\/www.estudidelmoble.com\/wp-content\/uploads\/2024\/12\/logo.jpg\" class=\"attachment-medium size-medium wp-image-65763\" alt=\"\" \/>\t\t\t\t\t\t\t\t\t\t\t\t\t\t\t<\/div>\n\t\t\t\t\t<\/div>\n\t\t<\/div>\n\t\t\t\t<div class=\"elementor-column elementor-col-66 elementor-top-column elementor-element elementor-element-4d8c2dc\" data-id=\"4d8c2dc\" data-element_type=\"column\" data-e-type=\"column\">\n\t\t\t<div class=\"elementor-widget-wrap elementor-element-populated\">\n\t\t\t\t\t\t<div class=\"elementor-element elementor-element-e3f7545 elementor-widget elementor-widget-text-editor\" data-id=\"e3f7545\" data-element_type=\"widget\" data-e-type=\"widget\" data-widget_type=\"text-editor.default\">\n\t\t\t\t\t\t\t\t\t<p>\u00abPresentaci\u00f3 d&#8217;El teu bagul, la nostra hist\u00f2ria\u00bb. Disseny Hub Barcelona. Dissenyhub.barcelona, 12 de diciembre de 2024. <a href=\"https:\/\/www.dissenyhub.barcelona\/ca\/activitat\/presentacio-del-teu-bagul-la-nostra-historia\" target=\"_blank\" rel=\"noopener\">https:\/\/www.dissenyhub.barcelona\/ca\/activitat\/presentacio-del-teu-bagul-la-nostra-historia<\/a>.<\/p>\n\t\t\t\t\t\t\t\t<\/div>\n\t\t\t\t\t<\/div>\n\t\t<\/div>\n\t\t\t\t\t<\/div>\n\t\t<\/section>\n\t\t\t\t<section class=\"elementor-section elementor-top-section elementor-element elementor-element-f8d2b2c elementor-section-content-middle elementor-section-boxed elementor-section-height-default elementor-section-height-default\" data-id=\"f8d2b2c\" data-element_type=\"section\" data-e-type=\"section\">\n\t\t\t\t\t\t<div class=\"elementor-container elementor-column-gap-no\">\n\t\t\t\t\t<div class=\"elementor-column elementor-col-33 elementor-top-column elementor-element elementor-element-794d759\" data-id=\"794d759\" data-element_type=\"column\" data-e-type=\"column\">\n\t\t\t<div class=\"elementor-widget-wrap elementor-element-populated\">\n\t\t\t\t\t\t<div class=\"elementor-element elementor-element-e5b7b4c elementor-widget elementor-widget-image\" data-id=\"e5b7b4c\" data-element_type=\"widget\" data-e-type=\"widget\" data-widget_type=\"image.default\">\n\t\t\t\t\t\t\t\t\t\t\t\t\t\t\t<img loading=\"lazy\" decoding=\"async\" width=\"300\" height=\"138\" src=\"https:\/\/www.estudidelmoble.com\/wp-content\/uploads\/2024\/12\/QuedequePresentacio_NEWS-300x138.jpg\" class=\"attachment-medium size-medium wp-image-65759\" alt=\"\" srcset=\"https:\/\/www.estudidelmoble.com\/wp-content\/uploads\/2024\/12\/QuedequePresentacio_NEWS-300x138.jpg 300w, https:\/\/www.estudidelmoble.com\/wp-content\/uploads\/2024\/12\/QuedequePresentacio_NEWS-768x353.jpg 768w, https:\/\/www.estudidelmoble.com\/wp-content\/uploads\/2024\/12\/QuedequePresentacio_NEWS-600x276.jpg 600w, https:\/\/www.estudidelmoble.com\/wp-content\/uploads\/2024\/12\/QuedequePresentacio_NEWS.jpg 1000w\" sizes=\"(max-width: 300px) 100vw, 300px\" \/>\t\t\t\t\t\t\t\t\t\t\t\t\t\t\t<\/div>\n\t\t\t\t\t<\/div>\n\t\t<\/div>\n\t\t\t\t<div class=\"elementor-column elementor-col-66 elementor-top-column elementor-element elementor-element-363ed15\" data-id=\"363ed15\" data-element_type=\"column\" data-e-type=\"column\">\n\t\t\t<div class=\"elementor-widget-wrap elementor-element-populated\">\n\t\t\t\t\t\t<div class=\"elementor-element elementor-element-f1bb6e4 elementor-widget elementor-widget-text-editor\" data-id=\"f1bb6e4\" data-element_type=\"widget\" data-e-type=\"widget\" data-widget_type=\"text-editor.default\">\n\t\t\t\t\t\t\t\t\t<p>\u00abEl teu bagul, la nostra hist\u00f2ria: Associaci\u00f3 per a l&#8217;Estudi del Moble | Qu\u00e8dequ\u00e8\u00bb. Qu\u00e8dequ\u00e8 | L\u2019agenda de Barcelona. Quedeque.barcelona, 12 de diciembre de 2024. <a href=\"https:\/\/quedeque.barcelona\/agenda\/el-teu-bagul-la-nostra-historia\" target=\"_blank\" rel=\"noopener\">https:\/\/quedeque.barcelona\/agenda\/el-teu-bagul-la-nostra-historia<\/a>.<\/p>\n\t\t\t\t\t\t\t\t<\/div>\n\t\t\t\t\t<\/div>\n\t\t<\/div>\n\t\t\t\t\t<\/div>\n\t\t<\/section>\n\t\t\t\t<section class=\"elementor-section elementor-top-section elementor-element elementor-element-30b8099b elementor-section-content-middle elementor-section-boxed elementor-section-height-default elementor-section-height-default\" data-id=\"30b8099b\" data-element_type=\"section\" data-e-type=\"section\">\n\t\t\t\t\t\t<div class=\"elementor-container elementor-column-gap-no\">\n\t\t\t\t\t<div class=\"elementor-column elementor-col-33 elementor-top-column elementor-element elementor-element-6a9b991b\" data-id=\"6a9b991b\" data-element_type=\"column\" data-e-type=\"column\">\n\t\t\t<div class=\"elementor-widget-wrap elementor-element-populated\">\n\t\t\t\t\t\t<div class=\"elementor-element elementor-element-10a67e2 elementor-widget elementor-widget-image\" data-id=\"10a67e2\" data-element_type=\"widget\" data-e-type=\"widget\" data-widget_type=\"image.default\">\n\t\t\t\t\t\t\t\t\t\t\t\t\t\t\t<img loading=\"lazy\" decoding=\"async\" width=\"300\" height=\"95\" src=\"https:\/\/www.estudidelmoble.com\/wp-content\/uploads\/2024\/12\/ara-300x95.png\" class=\"attachment-medium size-medium wp-image-65757\" alt=\"\" srcset=\"https:\/\/www.estudidelmoble.com\/wp-content\/uploads\/2024\/12\/ara-300x95.png 300w, https:\/\/www.estudidelmoble.com\/wp-content\/uploads\/2024\/12\/ara.png 538w\" sizes=\"(max-width: 300px) 100vw, 300px\" \/>\t\t\t\t\t\t\t\t\t\t\t\t\t\t\t<\/div>\n\t\t\t\t\t<\/div>\n\t\t<\/div>\n\t\t\t\t<div class=\"elementor-column elementor-col-66 elementor-top-column elementor-element elementor-element-79b4ef5c\" data-id=\"79b4ef5c\" data-element_type=\"column\" data-e-type=\"column\">\n\t\t\t<div class=\"elementor-widget-wrap elementor-element-populated\">\n\t\t\t\t\t\t<div class=\"elementor-element elementor-element-7b46d64d elementor-widget elementor-widget-text-editor\" data-id=\"7b46d64d\" data-element_type=\"widget\" data-e-type=\"widget\" data-widget_type=\"text-editor.default\">\n\t\t\t\t\t\t\t\t\t<p>\u00abL&#8217;Associaci\u00f3 per a l&#8217;Estudi del Moble llan\u00e7a el primer inventari digital participatiu de caixes, baguls i cofres\u00bb. Ara.cat, 9 de diciembre de 2024. <a href=\"https:\/\/www.ara.cat\/cultura\/patrimoni\/l-associacio-l-estudi-moble-llanca-inventari-digital-participatiu-caixes-baguls-cofres_25_5225435.html\" target=\"_blank\" rel=\"noopener\">https:\/\/www.ara.cat\/cultura\/patrimoni\/l-associacio-l-estudi-moble-llanca-inventari-digital-participatiu-caixes-baguls-cofres_25_5225435.html<\/a>.<\/p>\n\t\t\t\t\t\t\t\t<\/div>\n\t\t\t\t\t<\/div>\n\t\t<\/div>\n\t\t\t\t\t<\/div>\n\t\t<\/section>\n\t\t\t\t<section class=\"elementor-section elementor-top-section elementor-element elementor-element-f53197c elementor-section-boxed elementor-section-height-default elementor-section-height-default\" data-id=\"f53197c\" data-element_type=\"section\" data-e-type=\"section\">\n\t\t\t\t\t\t<div class=\"elementor-container elementor-column-gap-default\">\n\t\t\t\t\t<div class=\"elementor-column elementor-col-50 elementor-top-column elementor-element elementor-element-796f657\" data-id=\"796f657\" data-element_type=\"column\" data-e-type=\"column\">\n\t\t\t<div class=\"elementor-widget-wrap elementor-element-populated\">\n\t\t\t\t\t\t<div class=\"elementor-element elementor-element-7ba8be7 elementor-widget elementor-widget-image-box\" data-id=\"7ba8be7\" data-element_type=\"widget\" data-e-type=\"widget\" data-widget_type=\"image-box.default\">\n\t\t\t\t\t<div class=\"elementor-image-box-wrapper\"><div class=\"elementor-image-box-content\"><h3 class=\"elementor-image-box-title\">\u00bfQuieres m\u00e1s informaci\u00f3n?<\/h3><p class=\"elementor-image-box-description\">Cont\u00e1ctanos a<b> info@elteubagul.com<\/b> o descarga la s\u00edntesis del proyecto.<\/p><\/div><\/div>\t\t\t\t<\/div>\n\t\t\t\t<div class=\"elementor-element elementor-element-609db30 elementor-align-center elementor-widget elementor-widget-button\" data-id=\"609db30\" data-element_type=\"widget\" data-e-type=\"widget\" data-widget_type=\"button.default\">\n\t\t\t\t\t\t\t\t\t\t<a class=\"elementor-button elementor-button-link elementor-size-sm\" href=\"https:\/\/drive.google.com\/drive\/folders\/1W-muzv_ikbnhU3ofDJoX8I6v3SyYvvks?usp=sharing\" target=\"_blank\" rel=\"noopener\">\n\t\t\t\t\t\t<span class=\"elementor-button-content-wrapper\">\n\t\t\t\t\t\t\t\t\t<span class=\"elementor-button-text\">Descarga la s\u00edntesis del proyecto<\/span>\n\t\t\t\t\t<\/span>\n\t\t\t\t\t<\/a>\n\t\t\t\t\t\t\t\t<\/div>\n\t\t\t\t\t<\/div>\n\t\t<\/div>\n\t\t\t\t<div class=\"elementor-column elementor-col-50 elementor-top-column elementor-element elementor-element-ae6c9ba\" data-id=\"ae6c9ba\" data-element_type=\"column\" data-e-type=\"column\">\n\t\t\t<div class=\"elementor-widget-wrap elementor-element-populated\">\n\t\t\t\t\t\t<div class=\"elementor-element elementor-element-64e4ae88 elementor-widget elementor-widget-image-box\" data-id=\"64e4ae88\" data-element_type=\"widget\" data-e-type=\"widget\" data-widget_type=\"image-box.default\">\n\t\t\t\t\t<div class=\"elementor-image-box-wrapper\"><div class=\"elementor-image-box-content\"><h3 class=\"elementor-image-box-title\">\u00bfQuieres participar?<\/h3><p class=\"elementor-image-box-description\">\u00a1Env\u00edanos las fotograf\u00edas de tu arca, ba\u00fal o cofre!<\/p><\/div><\/div>\t\t\t\t<\/div>\n\t\t\t\t<div class=\"elementor-element elementor-element-b44460d elementor-align-center elementor-widget elementor-widget-button\" data-id=\"b44460d\" data-element_type=\"widget\" data-e-type=\"widget\" data-widget_type=\"button.default\">\n\t\t\t\t\t\t\t\t\t\t<a class=\"elementor-button elementor-button-link elementor-size-sm\" href=\"#\">\n\t\t\t\t\t\t<span class=\"elementor-button-content-wrapper\">\n\t\t\t\t\t\t\t\t\t<span class=\"elementor-button-text\">Participa<\/span>\n\t\t\t\t\t<\/span>\n\t\t\t\t\t<\/a>\n\t\t\t\t\t\t\t\t<\/div>\n\t\t\t\t\t<\/div>\n\t\t<\/div>\n\t\t\t\t\t<\/div>\n\t\t<\/section>\n\t\t\t\t<\/div>\n\t\t","protected":false},"excerpt":{"rendered":"<p>Prensa Aqu\u00ed encontrar\u00e1s publicaciones sobre nuestro proyecto. \u201cDia Cr\u00edtic. Caixes, baguls i cofres: tot un m\u00f3n per a descobrir!\u00bb. R\u00e0dio Montblanc, 18 de marzo de 2026. https:\/\/www.radiomontblanc.cat\/podcasts\/dia-critic\/radiomontblanc_podcast_3511\/ \u201cEntrevista a la N\u00faria Usl\u00e9 conservadora i restauradora de Pintura i de Moble Hist\u00f2ric-ambaixadora del Baix Llobregat en el projecte El teu Bagul\u00bb. rtv10.cat , 9 de febrero [&hellip;]<\/p>\n","protected":false},"author":917,"featured_media":0,"parent":0,"menu_order":0,"comment_status":"closed","ping_status":"closed","template":"","meta":{"_acf_changed":false,"footnotes":""},"class_list":["post-66013","page","type-page","status-publish","hentry"],"acf":[],"_links":{"self":[{"href":"https:\/\/www.estudidelmoble.com\/es\/wp-json\/wp\/v2\/pages\/66013","targetHints":{"allow":["GET"]}}],"collection":[{"href":"https:\/\/www.estudidelmoble.com\/es\/wp-json\/wp\/v2\/pages"}],"about":[{"href":"https:\/\/www.estudidelmoble.com\/es\/wp-json\/wp\/v2\/types\/page"}],"author":[{"embeddable":true,"href":"https:\/\/www.estudidelmoble.com\/es\/wp-json\/wp\/v2\/users\/917"}],"replies":[{"embeddable":true,"href":"https:\/\/www.estudidelmoble.com\/es\/wp-json\/wp\/v2\/comments?post=66013"}],"version-history":[{"count":0,"href":"https:\/\/www.estudidelmoble.com\/es\/wp-json\/wp\/v2\/pages\/66013\/revisions"}],"wp:attachment":[{"href":"https:\/\/www.estudidelmoble.com\/es\/wp-json\/wp\/v2\/media?parent=66013"}],"curies":[{"name":"wp","href":"https:\/\/api.w.org\/{rel}","templated":true}]}}