{"id":66016,"date":"2024-12-09T18:05:29","date_gmt":"2024-12-09T16:05:29","guid":{"rendered":"https:\/\/www.estudidelmoble.com\/quienes-somos-2\/"},"modified":"2026-03-02T13:31:39","modified_gmt":"2026-03-02T11:31:39","slug":"quienes-somos-2","status":"publish","type":"page","link":"https:\/\/www.estudidelmoble.com\/es\/quienes-somos-2\/","title":{"rendered":"\u00bfQui\u00e9nes somos?"},"content":{"rendered":"\t\t<div data-elementor-type=\"wp-page\" data-elementor-id=\"66016\" class=\"elementor elementor-66016 elementor-65313\" data-elementor-post-type=\"page\">\n\t\t\t\t\t\t<section class=\"elementor-section elementor-top-section elementor-element elementor-element-f275b3f elementor-section-boxed elementor-section-height-default elementor-section-height-default\" data-id=\"f275b3f\" data-element_type=\"section\" data-e-type=\"section\">\n\t\t\t\t\t\t<div class=\"elementor-container elementor-column-gap-default\">\n\t\t\t\t\t<div class=\"elementor-column elementor-col-100 elementor-top-column elementor-element elementor-element-129c1c6\" data-id=\"129c1c6\" data-element_type=\"column\" data-e-type=\"column\">\n\t\t\t<div class=\"elementor-widget-wrap elementor-element-populated\">\n\t\t\t\t\t\t<div class=\"elementor-element elementor-element-b5317aa elementor-widget elementor-widget-heading\" data-id=\"b5317aa\" data-element_type=\"widget\" data-e-type=\"widget\" data-widget_type=\"heading.default\">\n\t\t\t\t\t<h2 class=\"elementor-heading-title elementor-size-default\">\u00bfQui\u00e9nes somos?<\/h2>\t\t\t\t<\/div>\n\t\t\t\t\t<\/div>\n\t\t<\/div>\n\t\t\t\t\t<\/div>\n\t\t<\/section>\n\t\t\t\t<section class=\"elementor-section elementor-top-section elementor-element elementor-element-71d4094 elementor-section-boxed elementor-section-height-default elementor-section-height-default\" data-id=\"71d4094\" data-element_type=\"section\" data-e-type=\"section\">\n\t\t\t\t\t\t<div class=\"elementor-container elementor-column-gap-default\">\n\t\t\t\t\t<div class=\"elementor-column elementor-col-100 elementor-top-column elementor-element elementor-element-a555b84\" data-id=\"a555b84\" data-element_type=\"column\" data-e-type=\"column\">\n\t\t\t<div class=\"elementor-widget-wrap elementor-element-populated\">\n\t\t\t\t\t\t<div class=\"elementor-element elementor-element-62ad2e59 elementor-widget elementor-widget-icon-box\" data-id=\"62ad2e59\" data-element_type=\"widget\" data-e-type=\"widget\" data-widget_type=\"icon-box.default\">\n\t\t\t\t\t\t\t<div class=\"elementor-icon-box-wrapper\">\n\n\t\t\t\n\t\t\t\t\t\t<div class=\"elementor-icon-box-content\">\n\n\t\t\t\t\t\t\t\t\t<h3 class=\"elementor-icon-box-title\">\n\t\t\t\t\t\t<span  >\n\t\t\t\t\t\t\tAssociaci\u00f3 per a l\u2019Estudi del Moble\t\t\t\t\t\t<\/span>\n\t\t\t\t\t<\/h3>\n\t\t\t\t\n\t\t\t\t\t\t\t\t\t<p class=\"elementor-icon-box-description\">\n\t\t\t\t\t\tLa Asociaci\u00f3n para el Estudio del Mueble (AEM) es una entidad sin \u00e1nimo de lucro que estudia y difunde el conocimiento y buena conservaci\u00f3n del mueble antiguo y contempor\u00e1neo, especialmente el catal\u00e1n. En sus veinte a\u00f1os de vida ha llevado a cabo m\u00faltiples acciones, actividades y ha editado numerosas publicaciones que han permitido conocer y valorar mucho mejor el patrimonio de muebles, as\u00ed como explicarlo, conservarlo y restaurarlo.\t\t\t\t\t<\/p>\n\t\t\t\t\n\t\t\t<\/div>\n\t\t\t\n\t\t<\/div>\n\t\t\t\t\t\t<\/div>\n\t\t\t\t<div class=\"elementor-element elementor-element-15683024 elementor-widget elementor-widget-image\" data-id=\"15683024\" data-element_type=\"widget\" data-e-type=\"widget\" data-widget_type=\"image.default\">\n\t\t\t\t\t\t\t\t\t\t\t\t\t\t\t\t<a href=\"https:\/\/www.estudidelmoble.com\/es\/\">\n\t\t\t\t\t\t\t<img decoding=\"async\" width=\"300\" height=\"127\" src=\"https:\/\/www.estudidelmoble.com\/wp-content\/uploads\/2024\/12\/logo-Estudi_Moble-300x127.jpg\" class=\"attachment-medium size-medium wp-image-64806\" alt=\"\" srcset=\"https:\/\/www.estudidelmoble.com\/wp-content\/uploads\/2024\/12\/logo-Estudi_Moble-300x127.jpg 300w, https:\/\/www.estudidelmoble.com\/wp-content\/uploads\/2024\/12\/logo-Estudi_Moble-1024x433.jpg 1024w, https:\/\/www.estudidelmoble.com\/wp-content\/uploads\/2024\/12\/logo-Estudi_Moble-768x325.jpg 768w, https:\/\/www.estudidelmoble.com\/wp-content\/uploads\/2024\/12\/logo-Estudi_Moble-1536x649.jpg 1536w, https:\/\/www.estudidelmoble.com\/wp-content\/uploads\/2024\/12\/logo-Estudi_Moble-600x254.jpg 600w, https:\/\/www.estudidelmoble.com\/wp-content\/uploads\/2024\/12\/logo-Estudi_Moble.jpg 1760w\" sizes=\"(max-width: 300px) 100vw, 300px\" \/>\t\t\t\t\t\t\t\t<\/a>\n\t\t\t\t\t\t\t\t\t\t\t\t\t\t\t<\/div>\n\t\t\t\t\t<\/div>\n\t\t<\/div>\n\t\t\t\t\t<\/div>\n\t\t<\/section>\n\t\t\t\t<section class=\"elementor-section elementor-top-section elementor-element elementor-element-46b8fc7 elementor-section-boxed elementor-section-height-default elementor-section-height-default\" data-id=\"46b8fc7\" data-element_type=\"section\" data-e-type=\"section\">\n\t\t\t\t\t\t<div class=\"elementor-container elementor-column-gap-default\">\n\t\t\t\t\t<div class=\"elementor-column elementor-col-100 elementor-top-column elementor-element elementor-element-77321c6\" data-id=\"77321c6\" data-element_type=\"column\" data-e-type=\"column\">\n\t\t\t<div class=\"elementor-widget-wrap elementor-element-populated\">\n\t\t\t\t\t\t<div class=\"elementor-element elementor-element-4559b759 elementor-widget elementor-widget-icon-box\" data-id=\"4559b759\" data-element_type=\"widget\" data-e-type=\"widget\" data-widget_type=\"icon-box.default\">\n\t\t\t\t\t\t\t<div class=\"elementor-icon-box-wrapper\">\n\n\t\t\t\n\t\t\t\t\t\t<div class=\"elementor-icon-box-content\">\n\n\t\t\t\t\t\t\t\t\t<h3 class=\"elementor-icon-box-title\">\n\t\t\t\t\t\t<span  >\n\t\t\t\t\t\t\tPaula Rodr\u00edguez D\u00edaz\t\t\t\t\t\t<\/span>\n\t\t\t\t\t<\/h3>\n\t\t\t\t\n\t\t\t\t\t\t\t\t\t<p class=\"elementor-icon-box-description\">\n\t\t\t\t\t\tDirectora del proyecto El teu bagul, la nostra hist\u00f2ria. \r\n\r\nHistoriadora del Arte (UCR) y m\u00e1ster en An\u00e1lisis y Gesti\u00f3n del Patrimonio Art\u00edstico (UAB). Ha trabajado en el Departamento de Archivos del Museo de Arte Costarricense y en el proyecto Repositorio Centroamericano de Patrimonio Cultural (IIArte). Ha realizado formaci\u00f3n especializada en el MNAC, ha realizado pr\u00e1cticas con la Asociaci\u00f3n para el Estudio del Mueble y ha colaborado en la catalogaci\u00f3n de piezas del proyecto El teu bagul: la nostra hist\u00f2ria.\t\t\t\t\t<\/p>\n\t\t\t\t\n\t\t\t<\/div>\n\t\t\t\n\t\t<\/div>\n\t\t\t\t\t\t<\/div>\n\t\t\t\t<div class=\"elementor-element elementor-element-2a7ef43 elementor-widget elementor-widget-heading\" data-id=\"2a7ef43\" data-element_type=\"widget\" data-e-type=\"widget\" data-widget_type=\"heading.default\">\n\t\t\t\t\t<h2 class=\"elementor-heading-title elementor-size-default\">Comit\u00e9 cient\u00edfico<\/h2>\t\t\t\t<\/div>\n\t\t\t\t\t<\/div>\n\t\t<\/div>\n\t\t\t\t\t<\/div>\n\t\t<\/section>\n\t\t\t\t<section class=\"elementor-section elementor-top-section elementor-element elementor-element-43e2ef3 elementor-section-boxed elementor-section-height-default elementor-section-height-default\" data-id=\"43e2ef3\" data-element_type=\"section\" data-e-type=\"section\">\n\t\t\t\t\t\t<div class=\"elementor-container elementor-column-gap-default\">\n\t\t\t\t\t<div class=\"elementor-column elementor-col-100 elementor-top-column elementor-element elementor-element-af8dd9d\" data-id=\"af8dd9d\" data-element_type=\"column\" data-e-type=\"column\">\n\t\t\t<div class=\"elementor-widget-wrap elementor-element-populated\">\n\t\t\t\t\t\t<div class=\"elementor-element elementor-element-5ea4d76 elementor-widget elementor-widget-toggle\" data-id=\"5ea4d76\" data-element_type=\"widget\" data-e-type=\"widget\" data-widget_type=\"toggle.default\">\n\t\t\t\t\t\t\t<div class=\"elementor-toggle\">\n\t\t\t\t\t\t\t<div class=\"elementor-toggle-item\">\n\t\t\t\t\t<div id=\"elementor-tab-title-9921\" class=\"elementor-tab-title\" data-tab=\"1\" role=\"button\" aria-controls=\"elementor-tab-content-9921\" aria-expanded=\"false\">\n\t\t\t\t\t\t\t\t\t\t\t\t<span class=\"elementor-toggle-icon elementor-toggle-icon-left\" aria-hidden=\"true\">\n\t\t\t\t\t\t\t\t\t\t\t\t\t\t\t<span class=\"elementor-toggle-icon-closed\"><svg class=\"e-font-icon-svg e-fas-caret-down\" viewBox=\"0 0 320 512\" xmlns=\"http:\/\/www.w3.org\/2000\/svg\"><path d=\"M31.3 192h257.3c17.8 0 26.7 21.5 14.1 34.1L174.1 354.8c-7.8 7.8-20.5 7.8-28.3 0L17.2 226.1C4.6 213.5 13.5 192 31.3 192z\"><\/path><\/svg><\/span>\n\t\t\t\t\t\t\t\t<span class=\"elementor-toggle-icon-opened\"><svg class=\"elementor-toggle-icon-opened e-font-icon-svg e-fas-caret-up\" viewBox=\"0 0 320 512\" xmlns=\"http:\/\/www.w3.org\/2000\/svg\"><path d=\"M288.662 352H31.338c-17.818 0-26.741-21.543-14.142-34.142l128.662-128.662c7.81-7.81 20.474-7.81 28.284 0l128.662 128.662c12.6 12.599 3.676 34.142-14.142 34.142z\"><\/path><\/svg><\/span>\n\t\t\t\t\t\t\t\t\t\t\t\t\t<\/span>\n\t\t\t\t\t\t\t\t\t\t\t\t<a class=\"elementor-toggle-title\" tabindex=\"0\">M. del Agua Cort\u00e9s Elia<\/a>\n\t\t\t\t\t<\/div>\n\n\t\t\t\t\t<div id=\"elementor-tab-content-9921\" class=\"elementor-tab-content elementor-clearfix\" data-tab=\"1\" role=\"region\" aria-labelledby=\"elementor-tab-title-9921\"><p class=\"tw-data-text tw-text-large tw-ta\" dir=\"ltr\" data-placeholder=\"Traducci\u00f3n\" data-ved=\"2ahUKEwjfxO_Jn_KKAxV9VaQEHTS5MBgQ3ewLegQIChAU\" aria-label=\"Texto traducido: T\u00e9cnica de Patrimonio Cultural de la Diputaci\u00f3n de Barcelona. Doctora en arqueolog\u00eda por la Universidad Aut\u00f3noma de Barcelona y por la Universidad de Cantabria; cuenta con un M\u00e1ster en Gesti\u00f3n de Patrimonio Histoicoarqueol\u00f3gico y un M\u00e1ster en Museolog\u00eda y Gesti\u00f3n de Patrimonio por la Universidad de Barcelona. Restauradora y conservadora de patrimonio formada en la Escuela de Artes y Oficios de la Diputaci\u00f3n de Barcelona, \u200b\u200bse ha dedicado durante muchos a\u00f1os a la restauraci\u00f3n de mobiliario en taller propio.\"><span class=\"Y2IQFc\" lang=\"es\">T\u00e9cnica de Patrimonio Cultural de la Diputaci\u00f3n de Barcelona.<\/span><\/p>\n<p><\/p>\n<p class=\"tw-data-text tw-text-large tw-ta\" dir=\"ltr\" data-placeholder=\"Traducci\u00f3n\" data-ved=\"2ahUKEwjfxO_Jn_KKAxV9VaQEHTS5MBgQ3ewLegQIChAU\" aria-label=\"Texto traducido: T\u00e9cnica de Patrimonio Cultural de la Diputaci\u00f3n de Barcelona. Doctora en arqueolog\u00eda por la Universidad Aut\u00f3noma de Barcelona y por la Universidad de Cantabria; cuenta con un M\u00e1ster en Gesti\u00f3n de Patrimonio Histoicoarqueol\u00f3gico y un M\u00e1ster en Museolog\u00eda y Gesti\u00f3n de Patrimonio por la Universidad de Barcelona. Restauradora y conservadora de patrimonio formada en la Escuela de Artes y Oficios de la Diputaci\u00f3n de Barcelona, \u200b\u200bse ha dedicado durante muchos a\u00f1os a la restauraci\u00f3n de mobiliario en taller propio.\"><span class=\"Y2IQFc\" lang=\"es\">Doctora en arqueolog\u00eda por la Universidad Aut\u00f3noma de Barcelona y por la Universidad de Cantabria; cuenta con un M\u00e1ster en Gesti\u00f3n de Patrimonio Histoicoarqueol\u00f3gico y un M\u00e1ster en Museolog\u00eda y Gesti\u00f3n de Patrimonio por la Universidad de Barcelona. Restauradora y conservadora de patrimonio formada en la Escuela de Artes y Oficios de la Diputaci\u00f3n de Barcelona, \u200b\u200bse ha dedicado durante muchos a\u00f1os a la restauraci\u00f3n de mobiliario en taller propio.<\/span><\/p>\n<\/div>\n\t\t\t\t<\/div>\n\t\t\t\t\t\t\t<div class=\"elementor-toggle-item\">\n\t\t\t\t\t<div id=\"elementor-tab-title-9922\" class=\"elementor-tab-title\" data-tab=\"2\" role=\"button\" aria-controls=\"elementor-tab-content-9922\" aria-expanded=\"false\">\n\t\t\t\t\t\t\t\t\t\t\t\t<span class=\"elementor-toggle-icon elementor-toggle-icon-left\" aria-hidden=\"true\">\n\t\t\t\t\t\t\t\t\t\t\t\t\t\t\t<span class=\"elementor-toggle-icon-closed\"><svg class=\"e-font-icon-svg e-fas-caret-down\" viewBox=\"0 0 320 512\" xmlns=\"http:\/\/www.w3.org\/2000\/svg\"><path d=\"M31.3 192h257.3c17.8 0 26.7 21.5 14.1 34.1L174.1 354.8c-7.8 7.8-20.5 7.8-28.3 0L17.2 226.1C4.6 213.5 13.5 192 31.3 192z\"><\/path><\/svg><\/span>\n\t\t\t\t\t\t\t\t<span class=\"elementor-toggle-icon-opened\"><svg class=\"elementor-toggle-icon-opened e-font-icon-svg e-fas-caret-up\" viewBox=\"0 0 320 512\" xmlns=\"http:\/\/www.w3.org\/2000\/svg\"><path d=\"M288.662 352H31.338c-17.818 0-26.741-21.543-14.142-34.142l128.662-128.662c7.81-7.81 20.474-7.81 28.284 0l128.662 128.662c12.6 12.599 3.676 34.142-14.142 34.142z\"><\/path><\/svg><\/span>\n\t\t\t\t\t\t\t\t\t\t\t\t\t<\/span>\n\t\t\t\t\t\t\t\t\t\t\t\t<a class=\"elementor-toggle-title\" tabindex=\"0\">Mariona Font Batlle<\/a>\n\t\t\t\t\t<\/div>\n\n\t\t\t\t\t<div id=\"elementor-tab-content-9922\" class=\"elementor-tab-content elementor-clearfix\" data-tab=\"2\" role=\"region\" aria-labelledby=\"elementor-tab-title-9922\"><p>Directora del Museu de l&#8217;Anxova i de la Sal i de l&#8217;Arxiu de l&#8217;Escala.<\/p>\n<p><span class=\"Y2IQFc\" lang=\"es\">Licenciada en Historia del Arte en la Universidad de Barcelona. Es autora de varios art\u00edculos y se ha especializado en la historia e iconograf\u00eda de las cajas de marineros.<\/span><\/p>\n<\/div>\n\t\t\t\t<\/div>\n\t\t\t\t\t\t\t<div class=\"elementor-toggle-item\">\n\t\t\t\t\t<div id=\"elementor-tab-title-9923\" class=\"elementor-tab-title\" data-tab=\"3\" role=\"button\" aria-controls=\"elementor-tab-content-9923\" aria-expanded=\"false\">\n\t\t\t\t\t\t\t\t\t\t\t\t<span class=\"elementor-toggle-icon elementor-toggle-icon-left\" aria-hidden=\"true\">\n\t\t\t\t\t\t\t\t\t\t\t\t\t\t\t<span class=\"elementor-toggle-icon-closed\"><svg class=\"e-font-icon-svg e-fas-caret-down\" viewBox=\"0 0 320 512\" xmlns=\"http:\/\/www.w3.org\/2000\/svg\"><path d=\"M31.3 192h257.3c17.8 0 26.7 21.5 14.1 34.1L174.1 354.8c-7.8 7.8-20.5 7.8-28.3 0L17.2 226.1C4.6 213.5 13.5 192 31.3 192z\"><\/path><\/svg><\/span>\n\t\t\t\t\t\t\t\t<span class=\"elementor-toggle-icon-opened\"><svg class=\"elementor-toggle-icon-opened e-font-icon-svg e-fas-caret-up\" viewBox=\"0 0 320 512\" xmlns=\"http:\/\/www.w3.org\/2000\/svg\"><path d=\"M288.662 352H31.338c-17.818 0-26.741-21.543-14.142-34.142l128.662-128.662c7.81-7.81 20.474-7.81 28.284 0l128.662 128.662c12.6 12.599 3.676 34.142-14.142 34.142z\"><\/path><\/svg><\/span>\n\t\t\t\t\t\t\t\t\t\t\t\t\t<\/span>\n\t\t\t\t\t\t\t\t\t\t\t\t<a class=\"elementor-toggle-title\" tabindex=\"0\">Marta Lloret Blackburn<\/a>\n\t\t\t\t\t<\/div>\n\n\t\t\t\t\t<div id=\"elementor-tab-content-9923\" class=\"elementor-tab-content elementor-clearfix\" data-tab=\"3\" role=\"region\" aria-labelledby=\"elementor-tab-title-9923\"><p>Directora de la Fundaci\u00f3 Mas i Terra.<\/p>\n<p>Licenciada de Humanidades en la Universidad Pompeu Fabra, tiene tambi\u00e9n un m\u00e1ster en Gesti\u00f3n del Patrimonio Cultural en la Universidad de Girona. Compagina la direcci\u00f3n de la Fundaci\u00f3n Mas i Terra con el trabajo de t\u00e9cnica de patrimonio cultural en la empresa de arqueolog\u00eda Antequem. Desde el a\u00f1o 2019 comparte fotograf\u00edas de las mas\u00edas que documenta en las redes sociales, bajo el nombre de la Cazadora de Masies. Es autora del libro &#8216;La cazadora de mas\u00edas: las casas de pay\u00e9s&#8217;, el legado de nuestro pa\u00eds&#8217; y del recientemente publicado (2024) &#8216;La mas\u00eda desaparecida, la vida a pay\u00e9s&#8217;. Tambi\u00e9n, ha iniciado el proyecto \u00abMasiaire\u00bb; por recuperar mas\u00edas deshabitadas en peligro de desaparici\u00f3n. S\u00edguela en Instagram <a href=\"https:\/\/www.instagram.com\/lloret.m.b\/?hl=es\" data-mce-href=\"https:\/\/www.instagram.com\/lloret.m.b\/?hl=es\" data-mce- target=\"_blank\" rel=\"noopener\">@lloret.m.b<\/a><\/p>\n<\/div>\n\t\t\t\t<\/div>\n\t\t\t\t\t\t\t<div class=\"elementor-toggle-item\">\n\t\t\t\t\t<div id=\"elementor-tab-title-9924\" class=\"elementor-tab-title\" data-tab=\"4\" role=\"button\" aria-controls=\"elementor-tab-content-9924\" aria-expanded=\"false\">\n\t\t\t\t\t\t\t\t\t\t\t\t<span class=\"elementor-toggle-icon elementor-toggle-icon-left\" aria-hidden=\"true\">\n\t\t\t\t\t\t\t\t\t\t\t\t\t\t\t<span class=\"elementor-toggle-icon-closed\"><svg class=\"e-font-icon-svg e-fas-caret-down\" viewBox=\"0 0 320 512\" xmlns=\"http:\/\/www.w3.org\/2000\/svg\"><path d=\"M31.3 192h257.3c17.8 0 26.7 21.5 14.1 34.1L174.1 354.8c-7.8 7.8-20.5 7.8-28.3 0L17.2 226.1C4.6 213.5 13.5 192 31.3 192z\"><\/path><\/svg><\/span>\n\t\t\t\t\t\t\t\t<span class=\"elementor-toggle-icon-opened\"><svg class=\"elementor-toggle-icon-opened e-font-icon-svg e-fas-caret-up\" viewBox=\"0 0 320 512\" xmlns=\"http:\/\/www.w3.org\/2000\/svg\"><path d=\"M288.662 352H31.338c-17.818 0-26.741-21.543-14.142-34.142l128.662-128.662c7.81-7.81 20.474-7.81 28.284 0l128.662 128.662c12.6 12.599 3.676 34.142-14.142 34.142z\"><\/path><\/svg><\/span>\n\t\t\t\t\t\t\t\t\t\t\t\t\t<\/span>\n\t\t\t\t\t\t\t\t\t\t\t\t<a class=\"elementor-toggle-title\" tabindex=\"0\">Miquel Mirambell Abanc\u00f3<\/a>\n\t\t\t\t\t<\/div>\n\n\t\t\t\t\t<div id=\"elementor-tab-content-9924\" class=\"elementor-tab-content elementor-clearfix\" data-tab=\"4\" role=\"region\" aria-labelledby=\"elementor-tab-title-9924\"><p>Jefe de \u00c1rea de M\u00e1steres e Investigaci\u00f3n de la Escuela Superior de Conservaci\u00f3n y Restauraci\u00f3n de Bienes Culturales de Catalu\u00f1a (ESCRBCC), centro que dirigi\u00f3 entre 2009 y 2025.<\/p>\n<p data-start=\"224\" data-end=\"797\" data-is-last-node=\"\" data-is-only-node=\"\">Doctor en Historia del Arte por la UB y desde 2008 catedr\u00e1tico de artes pl\u00e1sticas y dise\u00f1o. Ha colaborado como docente en el M\u00e1ster de Patrimonio Art\u00edstico y Cooperaci\u00f3n Cultural de la URV (2012-2015). Desde 2018 colabora en el Grado de Artes de la UOC y en el M\u00e1ster interuniversitario de Gesti\u00f3n Cultural (UOC, UdG). Como investigador, se ha especializado en el arte catal\u00e1n de los siglos XVI-XVIII y en la historia de la conservaci\u00f3n y restauraci\u00f3n de bienes culturales. Desde junio de 2024 es acad\u00e9mico correspondiente de la Real Academia de Bellas Artes de Sant Jordi.<\/p>\n<\/div>\n\t\t\t\t<\/div>\n\t\t\t\t\t\t\t<div class=\"elementor-toggle-item\">\n\t\t\t\t\t<div id=\"elementor-tab-title-9925\" class=\"elementor-tab-title\" data-tab=\"5\" role=\"button\" aria-controls=\"elementor-tab-content-9925\" aria-expanded=\"false\">\n\t\t\t\t\t\t\t\t\t\t\t\t<span class=\"elementor-toggle-icon elementor-toggle-icon-left\" aria-hidden=\"true\">\n\t\t\t\t\t\t\t\t\t\t\t\t\t\t\t<span class=\"elementor-toggle-icon-closed\"><svg class=\"e-font-icon-svg e-fas-caret-down\" viewBox=\"0 0 320 512\" xmlns=\"http:\/\/www.w3.org\/2000\/svg\"><path d=\"M31.3 192h257.3c17.8 0 26.7 21.5 14.1 34.1L174.1 354.8c-7.8 7.8-20.5 7.8-28.3 0L17.2 226.1C4.6 213.5 13.5 192 31.3 192z\"><\/path><\/svg><\/span>\n\t\t\t\t\t\t\t\t<span class=\"elementor-toggle-icon-opened\"><svg class=\"elementor-toggle-icon-opened e-font-icon-svg e-fas-caret-up\" viewBox=\"0 0 320 512\" xmlns=\"http:\/\/www.w3.org\/2000\/svg\"><path d=\"M288.662 352H31.338c-17.818 0-26.741-21.543-14.142-34.142l128.662-128.662c7.81-7.81 20.474-7.81 28.284 0l128.662 128.662c12.6 12.599 3.676 34.142-14.142 34.142z\"><\/path><\/svg><\/span>\n\t\t\t\t\t\t\t\t\t\t\t\t\t<\/span>\n\t\t\t\t\t\t\t\t\t\t\t\t<a class=\"elementor-toggle-title\" tabindex=\"0\">Eva Pascual Mir\u00f3<\/a>\n\t\t\t\t\t<\/div>\n\n\t\t\t\t\t<div id=\"elementor-tab-content-9925\" class=\"elementor-tab-content elementor-clearfix\" data-tab=\"5\" role=\"region\" aria-labelledby=\"elementor-tab-title-9925\"><p id=\"tw-target-text\" class=\"tw-data-text tw-text-large tw-ta\" dir=\"ltr\" data-placeholder=\"Traducci\u00f3n\" data-ved=\"2ahUKEwjfxO_Jn_KKAxV9VaQEHTS5MBgQ3ewLegQIChAU\" aria-label=\"Texto traducido: Historiadora del arte, especializada en acondicionamiento y conservaci\u00f3n preventiva de museos, as\u00ed como en gesti\u00f3n y direcci\u00f3n de proyectos y equipamientos patrimoniales y museos. Sus trabajos de investigaci\u00f3n se han centrado, principalmente, en el mobiliario medieval y del siglo XVI, concretamente los cofres y arquetas y cajas. Ha establecido la clasificaci\u00f3n de los cofres fritos en Catalu\u00f1a y la evoluci\u00f3n de la tipolog\u00eda de la caja desde el siglo XV hasta el siglo XVIII, entre otros. Autora de unos sesenta art\u00edculos para diferentes revistas y publicaciones de museos, fue redactora del volumen&nbsp;Las Artes del Objeto&nbsp;en la obra&nbsp;El Arte G\u00f3tico en Catalu\u00f1a, Enciclop\u00e8dia Catalana, 2008. Su trayectoria profesional se ha desarrollado en el sector editorial, publicando veinte libros traducidos a 10 idiomas sobre t\u00e9cnicas art\u00edsticas y restauraci\u00f3n de mobiliario y pintura, as\u00ed como en el \u00e1mbito de los museos en el \u00e1rea de colecciones de distintos museos de Catalu\u00f1a. Actualmente, es la conservadora del Museo del Juguete de Catalunya.\"><span class=\"Y2IQFc\" lang=\"es\">Historiadora del arte, especializada en acondicionamiento y conservaci\u00f3n preventiva de museos, as\u00ed como en gesti\u00f3n y direcci\u00f3n de proyectos y equipamientos patrimoniales y museos. <\/span><\/p>\n<p class=\"tw-data-text tw-text-large tw-ta\" dir=\"ltr\" data-placeholder=\"Traducci\u00f3n\" data-ved=\"2ahUKEwjfxO_Jn_KKAxV9VaQEHTS5MBgQ3ewLegQIChAU\" aria-label=\"Texto traducido: Historiadora del arte, especializada en acondicionamiento y conservaci\u00f3n preventiva de museos, as\u00ed como en gesti\u00f3n y direcci\u00f3n de proyectos y equipamientos patrimoniales y museos. Sus trabajos de investigaci\u00f3n se han centrado, principalmente, en el mobiliario medieval y del siglo XVI, concretamente los cofres y arquetas y cajas. Ha establecido la clasificaci\u00f3n de los cofres fritos en Catalu\u00f1a y la evoluci\u00f3n de la tipolog\u00eda de la caja desde el siglo XV hasta el siglo XVIII, entre otros. Autora de unos sesenta art\u00edculos para diferentes revistas y publicaciones de museos, fue redactora del volumen&nbsp;Las Artes del Objeto&nbsp;en la obra&nbsp;El Arte G\u00f3tico en Catalu\u00f1a, Enciclop\u00e8dia Catalana, 2008. Su trayectoria profesional se ha desarrollado en el sector editorial, publicando veinte libros traducidos a 10 idiomas sobre t\u00e9cnicas art\u00edsticas y restauraci\u00f3n de mobiliario y pintura, as\u00ed como en el \u00e1mbito de los museos en el \u00e1rea de colecciones de distintos museos de Catalu\u00f1a. Actualmente, es la conservadora del Museo del Juguete de Catalunya.\"><span class=\"Y2IQFc\" lang=\"es\">Sus trabajos de investigaci\u00f3n se han centrado, principalmente, en el mobiliario medieval y del siglo XVI, concretamente los cofres y arquetas y cajas. Ha establecido la clasificaci\u00f3n de los cofres fritos en Catalu\u00f1a y la evoluci\u00f3n de la tipolog\u00eda de la caja desde el siglo XV hasta el siglo XVIII, entre otros. Autora de unos sesenta art\u00edculos para diferentes revistas y publicaciones de museos, fue redactora del volumen Las Artes del Objeto en la obra El Arte G\u00f3tico en Catalu\u00f1a, Enciclop\u00e8dia Catalana, 2008. Su trayectoria profesional se ha desarrollado en el sector editorial, publicando veinte libros traducidos a 10 idiomas sobre t\u00e9cnicas art\u00edsticas y restauraci\u00f3n de mobiliario y pintura, as\u00ed como en el \u00e1mbito de los museos en el \u00e1rea de colecciones de distintos museos de Catalu\u00f1a. Actualmente, es Gestora Cultural del Ayuntamiento de Argentona.<\/span><\/p>\n<\/div>\n\t\t\t\t<\/div>\n\t\t\t\t\t\t\t<div class=\"elementor-toggle-item\">\n\t\t\t\t\t<div id=\"elementor-tab-title-9926\" class=\"elementor-tab-title\" data-tab=\"6\" role=\"button\" aria-controls=\"elementor-tab-content-9926\" aria-expanded=\"false\">\n\t\t\t\t\t\t\t\t\t\t\t\t<span class=\"elementor-toggle-icon elementor-toggle-icon-left\" aria-hidden=\"true\">\n\t\t\t\t\t\t\t\t\t\t\t\t\t\t\t<span class=\"elementor-toggle-icon-closed\"><svg class=\"e-font-icon-svg e-fas-caret-down\" viewBox=\"0 0 320 512\" xmlns=\"http:\/\/www.w3.org\/2000\/svg\"><path d=\"M31.3 192h257.3c17.8 0 26.7 21.5 14.1 34.1L174.1 354.8c-7.8 7.8-20.5 7.8-28.3 0L17.2 226.1C4.6 213.5 13.5 192 31.3 192z\"><\/path><\/svg><\/span>\n\t\t\t\t\t\t\t\t<span class=\"elementor-toggle-icon-opened\"><svg class=\"elementor-toggle-icon-opened e-font-icon-svg e-fas-caret-up\" viewBox=\"0 0 320 512\" xmlns=\"http:\/\/www.w3.org\/2000\/svg\"><path d=\"M288.662 352H31.338c-17.818 0-26.741-21.543-14.142-34.142l128.662-128.662c7.81-7.81 20.474-7.81 28.284 0l128.662 128.662c12.6 12.599 3.676 34.142-14.142 34.142z\"><\/path><\/svg><\/span>\n\t\t\t\t\t\t\t\t\t\t\t\t\t<\/span>\n\t\t\t\t\t\t\t\t\t\t\t\t<a class=\"elementor-toggle-title\" tabindex=\"0\">M\u00f3nica Piera Miquel<\/a>\n\t\t\t\t\t<\/div>\n\n\t\t\t\t\t<div id=\"elementor-tab-content-9926\" class=\"elementor-tab-content elementor-clearfix\" data-tab=\"6\" role=\"region\" aria-labelledby=\"elementor-tab-title-9926\"><p id=\"tw-target-text\" class=\"tw-data-text tw-text-large tw-ta\" dir=\"ltr\" data-placeholder=\"Traducci\u00f3n\" data-ved=\"2ahUKEwjfxO_Jn_KKAxV9VaQEHTS5MBgQ3ewLegQIChAU\" aria-label=\"Texto traducido: Presidenta de la AEM. M\u00f3nica Piera es doctora en historia del arte y acad\u00e9mica de la RABASJ. Se dedica al estudio del mueble, especialmente el mueble espa\u00f1ol y catal\u00e1n. En las investigaciones le interesa especialmente entender el mueble en el contexto para el que fue creado. Publica textos, comisar\u00eda exposiciones, asesora colecciones, redacta catalogaciones, imparte cursos y conferencias, y dirige grupos de investigaci\u00f3n.\"><span class=\"Y2IQFc\" lang=\"es\">Presidenta de la AEM. <\/span><\/p>\n<p class=\"tw-data-text tw-text-large tw-ta\" dir=\"ltr\" data-placeholder=\"Traducci\u00f3n\" data-ved=\"2ahUKEwjfxO_Jn_KKAxV9VaQEHTS5MBgQ3ewLegQIChAU\" aria-label=\"Texto traducido: Presidenta de la AEM. M\u00f3nica Piera es doctora en historia del arte y acad\u00e9mica de la RABASJ. Se dedica al estudio del mueble, especialmente el mueble espa\u00f1ol y catal\u00e1n. En las investigaciones le interesa especialmente entender el mueble en el contexto para el que fue creado. Publica textos, comisar\u00eda exposiciones, asesora colecciones, redacta catalogaciones, imparte cursos y conferencias, y dirige grupos de investigaci\u00f3n.\"><span class=\"Y2IQFc\" lang=\"es\">M\u00f3nica Piera es doctora en historia del arte y acad\u00e9mica de la RABASJ. Se dedica al estudio del mueble, especialmente el mueble espa\u00f1ol y catal\u00e1n. En las investigaciones le interesa especialmente entender el mueble en el contexto para el que fue creado. Publica textos, comisar\u00eda exposiciones, asesora colecciones, redacta catalogaciones, imparte cursos y conferencias, y dirige grupos de investigaci\u00f3n.<\/span><\/p>\n<\/div>\n\t\t\t\t<\/div>\n\t\t\t\t\t\t\t\t<\/div>\n\t\t\t\t\t\t<\/div>\n\t\t\t\t<div class=\"elementor-element elementor-element-66793d5 elementor-widget__width-initial elementor-widget elementor-widget-icon-box\" data-id=\"66793d5\" data-element_type=\"widget\" data-e-type=\"widget\" data-widget_type=\"icon-box.default\">\n\t\t\t\t\t\t\t<div class=\"elementor-icon-box-wrapper\">\n\n\t\t\t\n\t\t\t\t\t\t<div class=\"elementor-icon-box-content\">\n\n\t\t\t\t\n\t\t\t\t\t\t\t\t\t<p class=\"elementor-icon-box-description\">\n\t\t\t\t\t\tSecretaria: <b>Juana Garc\u00eda Garc\u00eda<\/b>. M\u00e1ster en An\u00e1lisis y Gesti\u00f3n del Patrimonio Art\u00edstico. Universitat Aut\u00f2noma de Barcelona.\r\n\t\t\t\t\t<\/p>\n\t\t\t\t\n\t\t\t<\/div>\n\t\t\t\n\t\t<\/div>\n\t\t\t\t\t\t<\/div>\n\t\t\t\t\t<\/div>\n\t\t<\/div>\n\t\t\t\t\t<\/div>\n\t\t<\/section>\n\t\t\t\t<section class=\"elementor-section elementor-top-section elementor-element elementor-element-f53197c elementor-reverse-mobile elementor-section-boxed elementor-section-height-default elementor-section-height-default\" data-id=\"f53197c\" data-element_type=\"section\" data-e-type=\"section\">\n\t\t\t\t\t\t<div class=\"elementor-container elementor-column-gap-default\">\n\t\t\t\t\t<div class=\"elementor-column elementor-col-50 elementor-top-column elementor-element elementor-element-6fca904\" data-id=\"6fca904\" data-element_type=\"column\" data-e-type=\"column\">\n\t\t\t<div class=\"elementor-widget-wrap elementor-element-populated\">\n\t\t\t\t\t\t<div class=\"elementor-element elementor-element-d50f746 elementor-widget__width-initial elementor-widget elementor-widget-video\" data-id=\"d50f746\" data-element_type=\"widget\" data-e-type=\"widget\" data-settings=\"{&quot;youtube_url&quot;:&quot;https:\\\/\\\/www.youtube.com\\\/watch?v=wuZwXsKE2K4&amp;t=6s&quot;,&quot;video_type&quot;:&quot;youtube&quot;,&quot;controls&quot;:&quot;yes&quot;}\" data-widget_type=\"video.default\">\n\t\t\t\t\t\t\t<div class=\"elementor-wrapper elementor-open-inline\">\n\t\t\t<div class=\"elementor-video\"><\/div>\t\t<\/div>\n\t\t\t\t\t\t<\/div>\n\t\t\t\t<div class=\"elementor-element elementor-element-c39e507 elementor-widget elementor-widget-spacer\" data-id=\"c39e507\" data-element_type=\"widget\" data-e-type=\"widget\" data-widget_type=\"spacer.default\">\n\t\t\t\t\t\t\t<div class=\"elementor-spacer\">\n\t\t\t<div class=\"elementor-spacer-inner\"><\/div>\n\t\t<\/div>\n\t\t\t\t\t\t<\/div>\n\t\t\t\t<div class=\"elementor-element elementor-element-566619ab elementor-widget elementor-widget-image-box\" data-id=\"566619ab\" data-element_type=\"widget\" data-e-type=\"widget\" data-widget_type=\"image-box.default\">\n\t\t\t\t\t<div class=\"elementor-image-box-wrapper\"><div class=\"elementor-image-box-content\"><h3 class=\"elementor-image-box-title\">\u00bfNecesitas m\u00e1s informaci\u00f3n?<\/h3><p class=\"elementor-image-box-description\">Cont\u00e1ctanos a info@elteubagul.com<\/p><\/div><\/div>\t\t\t\t<\/div>\n\t\t\t\t<div class=\"elementor-element elementor-element-991ba4e elementor-align-center elementor-widget elementor-widget-button\" data-id=\"991ba4e\" data-element_type=\"widget\" data-e-type=\"widget\" data-widget_type=\"button.default\">\n\t\t\t\t\t\t\t\t\t\t<a class=\"elementor-button elementor-button-link elementor-size-sm\" href=\"https:\/\/drive.google.com\/drive\/folders\/1VuG5GiSGyjctjSzs_Tk0TbYdhS8XIkWH\" target=\"_blank\" rel=\"noopener\">\n\t\t\t\t\t\t<span class=\"elementor-button-content-wrapper\">\n\t\t\t\t\t\t\t\t\t<span class=\"elementor-button-text\">\u00a1S\u00e9 embajador del proyecto!<\/span>\n\t\t\t\t\t<\/span>\n\t\t\t\t\t<\/a>\n\t\t\t\t\t\t\t\t<\/div>\n\t\t\t\t\t<\/div>\n\t\t<\/div>\n\t\t\t\t<div class=\"elementor-column elementor-col-50 elementor-top-column elementor-element elementor-element-ae6c9ba\" data-id=\"ae6c9ba\" data-element_type=\"column\" data-e-type=\"column\">\n\t\t\t<div class=\"elementor-widget-wrap elementor-element-populated\">\n\t\t\t\t\t\t<div class=\"elementor-element elementor-element-40d9fc8 elementor-widget__width-initial elementor-widget elementor-widget-image\" data-id=\"40d9fc8\" data-element_type=\"widget\" data-e-type=\"widget\" data-widget_type=\"image.default\">\n\t\t\t\t\t\t\t\t\t\t\t\t\t\t\t<img fetchpriority=\"high\" decoding=\"async\" width=\"800\" height=\"463\" src=\"https:\/\/www.estudidelmoble.com\/wp-content\/uploads\/2024\/12\/ELTEUBAGUL-1-1024x593.png\" class=\"attachment-large size-large wp-image-65785\" alt=\"\" srcset=\"https:\/\/www.estudidelmoble.com\/wp-content\/uploads\/2024\/12\/ELTEUBAGUL-1-1024x593.png 1024w, https:\/\/www.estudidelmoble.com\/wp-content\/uploads\/2024\/12\/ELTEUBAGUL-1-300x174.png 300w, https:\/\/www.estudidelmoble.com\/wp-content\/uploads\/2024\/12\/ELTEUBAGUL-1-768x445.png 768w, https:\/\/www.estudidelmoble.com\/wp-content\/uploads\/2024\/12\/ELTEUBAGUL-1-600x348.png 600w, https:\/\/www.estudidelmoble.com\/wp-content\/uploads\/2024\/12\/ELTEUBAGUL-1.png 1155w\" sizes=\"(max-width: 800px) 100vw, 800px\" \/>\t\t\t\t\t\t\t\t\t\t\t\t\t\t\t<\/div>\n\t\t\t\t<div class=\"elementor-element elementor-element-c6211f3 elementor-widget elementor-widget-spacer\" data-id=\"c6211f3\" data-element_type=\"widget\" data-e-type=\"widget\" data-widget_type=\"spacer.default\">\n\t\t\t\t\t\t\t<div class=\"elementor-spacer\">\n\t\t\t<div class=\"elementor-spacer-inner\"><\/div>\n\t\t<\/div>\n\t\t\t\t\t\t<\/div>\n\t\t\t\t<div class=\"elementor-element elementor-element-64e4ae88 elementor-widget elementor-widget-image-box\" data-id=\"64e4ae88\" data-element_type=\"widget\" data-e-type=\"widget\" data-widget_type=\"image-box.default\">\n\t\t\t\t\t<div class=\"elementor-image-box-wrapper\"><div class=\"elementor-image-box-content\"><h3 class=\"elementor-image-box-title\">\u00bfQuieres participar?<\/h3><p class=\"elementor-image-box-description\">\u00a1Env\u00edanos las fotograf\u00edas de tu arca, ba\u00fal o cofre!<\/p><\/div><\/div>\t\t\t\t<\/div>\n\t\t\t\t<div class=\"elementor-element elementor-element-b44460d elementor-align-center elementor-widget elementor-widget-button\" data-id=\"b44460d\" data-element_type=\"widget\" data-e-type=\"widget\" data-widget_type=\"button.default\">\n\t\t\t\t\t\t\t\t\t\t<a class=\"elementor-button elementor-button-link elementor-size-sm\" href=\"https:\/\/www.estudidelmoble.com\/es\/participa\/\">\n\t\t\t\t\t\t<span class=\"elementor-button-content-wrapper\">\n\t\t\t\t\t\t\t\t\t<span class=\"elementor-button-text\">Participa<\/span>\n\t\t\t\t\t<\/span>\n\t\t\t\t\t<\/a>\n\t\t\t\t\t\t\t\t<\/div>\n\t\t\t\t\t<\/div>\n\t\t<\/div>\n\t\t\t\t\t<\/div>\n\t\t<\/section>\n\t\t\t\t<section class=\"elementor-section elementor-top-section elementor-element elementor-element-28c4d83 elementor-section-boxed elementor-section-height-default elementor-section-height-default\" data-id=\"28c4d83\" data-element_type=\"section\" data-e-type=\"section\">\n\t\t\t\t\t\t<div class=\"elementor-container elementor-column-gap-default\">\n\t\t\t\t\t<div class=\"elementor-column elementor-col-100 elementor-top-column elementor-element elementor-element-a416be2\" data-id=\"a416be2\" data-element_type=\"column\" data-e-type=\"column\">\n\t\t\t<div class=\"elementor-widget-wrap\">\n\t\t\t\t\t\t\t<\/div>\n\t\t<\/div>\n\t\t\t\t\t<\/div>\n\t\t<\/section>\n\t\t\t\t<\/div>\n\t\t","protected":false},"excerpt":{"rendered":"<p>\u00bfQui\u00e9nes somos? Associaci\u00f3 per a l\u2019Estudi del Moble La Asociaci\u00f3n para el Estudio del Mueble (AEM) es una entidad sin \u00e1nimo de lucro que estudia y difunde el conocimiento y buena conservaci\u00f3n del mueble antiguo y contempor\u00e1neo, especialmente el catal\u00e1n. En sus veinte a\u00f1os de vida ha llevado a cabo m\u00faltiples acciones, actividades y ha [&hellip;]<\/p>\n","protected":false},"author":917,"featured_media":0,"parent":0,"menu_order":0,"comment_status":"closed","ping_status":"closed","template":"","meta":{"_acf_changed":false,"footnotes":""},"class_list":["post-66016","page","type-page","status-publish","hentry"],"acf":[],"_links":{"self":[{"href":"https:\/\/www.estudidelmoble.com\/es\/wp-json\/wp\/v2\/pages\/66016","targetHints":{"allow":["GET"]}}],"collection":[{"href":"https:\/\/www.estudidelmoble.com\/es\/wp-json\/wp\/v2\/pages"}],"about":[{"href":"https:\/\/www.estudidelmoble.com\/es\/wp-json\/wp\/v2\/types\/page"}],"author":[{"embeddable":true,"href":"https:\/\/www.estudidelmoble.com\/es\/wp-json\/wp\/v2\/users\/917"}],"replies":[{"embeddable":true,"href":"https:\/\/www.estudidelmoble.com\/es\/wp-json\/wp\/v2\/comments?post=66016"}],"version-history":[{"count":0,"href":"https:\/\/www.estudidelmoble.com\/es\/wp-json\/wp\/v2\/pages\/66016\/revisions"}],"wp:attachment":[{"href":"https:\/\/www.estudidelmoble.com\/es\/wp-json\/wp\/v2\/media?parent=66016"}],"curies":[{"name":"wp","href":"https:\/\/api.w.org\/{rel}","templated":true}]}}