{"id":18153,"date":"2018-09-14T10:57:17","date_gmt":"2018-09-14T08:57:17","guid":{"rendered":"https:\/\/www.estudidelmoble.com\/?post_type=product&#038;p=18153"},"modified":"2025-12-07T16:59:32","modified_gmt":"2025-12-07T14:59:32","slug":"publicacion-13-2018","status":"publish","type":"product","link":"https:\/\/www.estudidelmoble.com\/es\/producto\/publicacion-13-2018\/","title":{"rendered":"Art D\u00e9co. Hist\u00f2ria, materials i t\u00e8cniques"},"content":{"rendered":"<p><span style=\"font-weight: 400;\">Art D\u00e9co. Historia, materiales y t\u00e9cnicas os ofrece una recopilaci\u00f3n de art\u00edculos que tratan este sugestivo estilo art\u00edstico desde diferentes \u00e1ngulos. El Art D\u00e9co ha sido considerado el \u00faltimo estilo decorativo de alcance internacional del siglo XX. Sin duda, el gran protagonista de este movimiento es el mobiliario y la decoraci\u00f3n de interiores donde juega un papel clave.<\/span><\/p>\n<p><span style=\"font-weight: 400;\">El sue\u00f1o de ser protagonista de la modernidad domin\u00f3 toda una generaci\u00f3n; se actuaba con paso seguro hacia un siglo xx que deb\u00eda contar con ingredientes como lo cosmopolita, la calidad, la elegancia y el positivismo. Se cre\u00eda fielmente en las <\/span><span style=\"font-weight: 400;\">oportunidades que ofrec\u00eda el progreso y se aprovecharon para dibujar un mundo feliz, alegre y sofisticado que ayudar\u00e1 a superar el dolor de la primera guerra mundial. Estas ideas se comentan en diferentes escritos que presentamos.<\/span><\/p>\n","protected":false},"excerpt":{"rendered":"<p><strong>PUBLICACI\u00d3N 13<\/strong><\/p>\n<p><span style=\"color: #7f2629;\"><strong><b>Art D\u00e9co. Hist\u00f2ria, materials i t\u00e8cniques<\/b><\/strong><\/span><\/p>\n<p class=\"p1\">Edici\u00f3n biling\u00fce, alterna art\u00edculos en castellano y catal\u00e1n<\/p>\n<p><strong>PVP: 18\u20ac<br \/>\n<\/strong><strong>Precio SOCIOS: 15\u20ac<\/strong><\/p>\n","protected":false},"featured_media":19936,"template":"","meta":{"_acf_changed":false},"product_brand":[],"product_cat":[833],"product_tag":[],"class_list":{"0":"post-18153","1":"product","2":"type-product","3":"status-publish","4":"has-post-thumbnail","6":"product_cat-publicaciones","7":"product_shipping_class-envio-2","9":"first","10":"instock","11":"taxable","12":"shipping-taxable","13":"purchasable","14":"product-type-variable"},"acf":[],"_links":{"self":[{"href":"https:\/\/www.estudidelmoble.com\/es\/wp-json\/wp\/v2\/product\/18153","targetHints":{"allow":["GET"]}}],"collection":[{"href":"https:\/\/www.estudidelmoble.com\/es\/wp-json\/wp\/v2\/product"}],"about":[{"href":"https:\/\/www.estudidelmoble.com\/es\/wp-json\/wp\/v2\/types\/product"}],"version-history":[{"count":0,"href":"https:\/\/www.estudidelmoble.com\/es\/wp-json\/wp\/v2\/product\/18153\/revisions"}],"wp:featuredmedia":[{"embeddable":true,"href":"https:\/\/www.estudidelmoble.com\/es\/wp-json\/wp\/v2\/media\/19936"}],"wp:attachment":[{"href":"https:\/\/www.estudidelmoble.com\/es\/wp-json\/wp\/v2\/media?parent=18153"}],"wp:term":[{"taxonomy":"product_brand","embeddable":true,"href":"https:\/\/www.estudidelmoble.com\/es\/wp-json\/wp\/v2\/product_brand?post=18153"},{"taxonomy":"product_cat","embeddable":true,"href":"https:\/\/www.estudidelmoble.com\/es\/wp-json\/wp\/v2\/product_cat?post=18153"},{"taxonomy":"product_tag","embeddable":true,"href":"https:\/\/www.estudidelmoble.com\/es\/wp-json\/wp\/v2\/product_tag?post=18153"}],"curies":[{"name":"wp","href":"https:\/\/api.w.org\/{rel}","templated":true}]}}